{"id":14,"date":"2025-12-22T16:08:22","date_gmt":"2025-12-22T19:08:22","guid":{"rendered":"https:\/\/exposicoes.abc.org.br\/100anos\/?page_id=14"},"modified":"2026-01-29T10:03:40","modified_gmt":"2026-01-29T13:03:40","slug":"academicos","status":"publish","type":"page","link":"https:\/\/exposicoes.abc.org.br\/100anos\/academicos\/","title":{"rendered":"Acad\u00eamicos que fizeram hist\u00f3ria"},"content":{"rendered":"\n<p>Uma lista que tente resumir 100 anos de hist\u00f3ria em poucos personagens ser\u00e1 sempre incompleta. A hist\u00f3ria da ci\u00eancia no Brasil \u2013 e mesmo a hist\u00f3ria da Academia Brasileira de Ci\u00eancias \u2013 tem, felizmente, nomes para preencher uma publica\u00e7\u00e3o muito maior do que esta. Para fazer parte deste livro, selecionamos 40 cientistas que fizeram diferen\u00e7a em suas \u00e1reas de atua\u00e7\u00e3o e que contribu\u00edram, cada um a seu modo, para o desenvolvimento e a consolida\u00e7\u00e3o da ci\u00eancia nacional, bem como para o seu reconhecimento e visibilidade internacionais.<\/p>\n","protected":false},"excerpt":{"rendered":"<p>Uma lista que tente resumir 100 anos de hist\u00f3ria em poucos personagens ser\u00e1 sempre incompleta. A hist\u00f3ria da ci\u00eancia no Brasil \u2013 e mesmo a hist\u00f3ria da Academia Brasileira de Ci\u00eancias \u2013 tem, felizmente, nomes para preencher uma publica\u00e7\u00e3o muito maior do que esta. Para fazer parte deste livro, selecionamos 40 cientistas que fizeram diferen\u00e7a&#8230;<\/p>\n","protected":false},"author":1,"featured_media":0,"parent":0,"menu_order":0,"comment_status":"closed","ping_status":"closed","template":"page-academicos.php","meta":{"_acf_changed":false,"footnotes":""},"class_list":["post-14","page","type-page","status-publish","hentry"],"acf":[],"yoast_head":"<!-- This site is optimized with the Yoast SEO plugin v26.8 - https:\/\/yoast.com\/product\/yoast-seo-wordpress\/ -->\n<title>Acad\u00eamicos que fizeram hist\u00f3ria | Cem Anos de Ci\u00eancia<\/title>\n<meta name=\"robots\" content=\"index, follow, max-snippet:-1, max-image-preview:large, max-video-preview:-1\" \/>\n<link rel=\"canonical\" href=\"https:\/\/exposicoes.abc.org.br\/100anos\/academicos\/\" \/>\n<meta property=\"og:locale\" content=\"pt_BR\" \/>\n<meta property=\"og:type\" content=\"article\" \/>\n<meta property=\"og:title\" content=\"Acad\u00eamicos que fizeram hist\u00f3ria | Cem Anos de Ci\u00eancia\" \/>\n<meta property=\"og:description\" content=\"Uma lista que tente resumir 100 anos de hist\u00f3ria em poucos personagens ser\u00e1 sempre incompleta. A hist\u00f3ria da ci\u00eancia no Brasil \u2013 e mesmo a hist\u00f3ria da Academia Brasileira de Ci\u00eancias \u2013 tem, felizmente, nomes para preencher uma publica\u00e7\u00e3o muito maior do que esta. Para fazer parte deste livro, selecionamos 40 cientistas que fizeram diferen\u00e7a...\" \/>\n<meta property=\"og:url\" content=\"https:\/\/exposicoes.abc.org.br\/100anos\/academicos\/\" \/>\n<meta property=\"og:site_name\" content=\"Cem Anos de Ci\u00eancia\" \/>\n<meta property=\"article:modified_time\" content=\"2026-01-29T13:03:40+00:00\" \/>\n<meta property=\"og:image\" content=\"https:\/\/exposicoes.abc.org.br\/100anos\/wp-content\/uploads\/2025\/12\/share.png\" \/>\n\t<meta property=\"og:image:width\" content=\"1200\" \/>\n\t<meta property=\"og:image:height\" content=\"630\" \/>\n\t<meta property=\"og:image:type\" content=\"image\/png\" \/>\n<meta name=\"twitter:card\" content=\"summary_large_image\" \/>\n<meta name=\"twitter:label1\" content=\"Est. tempo de leitura\" \/>\n\t<meta name=\"twitter:data1\" content=\"1 minuto\" \/>\n<script type=\"application\/ld+json\" class=\"yoast-schema-graph\">{\"@context\":\"https:\/\/schema.org\",\"@graph\":[{\"@type\":\"WebPage\",\"@id\":\"https:\/\/exposicoes.abc.org.br\/100anos\/academicos\/\",\"url\":\"https:\/\/exposicoes.abc.org.br\/100anos\/academicos\/\",\"name\":\"Acad\u00eamicos que fizeram hist\u00f3ria | Cem Anos de Ci\u00eancia\",\"isPartOf\":{\"@id\":\"https:\/\/exposicoes.abc.org.br\/100anos\/#website\"},\"datePublished\":\"2025-12-22T19:08:22+00:00\",\"dateModified\":\"2026-01-29T13:03:40+00:00\",\"breadcrumb\":{\"@id\":\"https:\/\/exposicoes.abc.org.br\/100anos\/academicos\/#breadcrumb\"},\"inLanguage\":\"pt-BR\",\"potentialAction\":[{\"@type\":\"ReadAction\",\"target\":[\"https:\/\/exposicoes.abc.org.br\/100anos\/academicos\/\"]}]},{\"@type\":\"BreadcrumbList\",\"@id\":\"https:\/\/exposicoes.abc.org.br\/100anos\/academicos\/#breadcrumb\",\"itemListElement\":[{\"@type\":\"ListItem\",\"position\":1,\"name\":\"In\u00edcio\",\"item\":\"https:\/\/exposicoes.abc.org.br\/100anos\/\"},{\"@type\":\"ListItem\",\"position\":2,\"name\":\"Acad\u00eamicos que fizeram hist\u00f3ria\"}]},{\"@type\":\"WebSite\",\"@id\":\"https:\/\/exposicoes.abc.org.br\/100anos\/#website\",\"url\":\"https:\/\/exposicoes.abc.org.br\/100anos\/\",\"name\":\"Cem Anos de Ci\u00eancia\",\"description\":\"\",\"publisher\":{\"@id\":\"https:\/\/exposicoes.abc.org.br\/100anos\/#organization\"},\"potentialAction\":[{\"@type\":\"SearchAction\",\"target\":{\"@type\":\"EntryPoint\",\"urlTemplate\":\"https:\/\/exposicoes.abc.org.br\/100anos\/?s={search_term_string}\"},\"query-input\":{\"@type\":\"PropertyValueSpecification\",\"valueRequired\":true,\"valueName\":\"search_term_string\"}}],\"inLanguage\":\"pt-BR\"},{\"@type\":\"Organization\",\"@id\":\"https:\/\/exposicoes.abc.org.br\/100anos\/#organization\",\"name\":\"Academia Brasileira de Ci\u00eancias\",\"url\":\"https:\/\/exposicoes.abc.org.br\/100anos\/\",\"logo\":{\"@type\":\"ImageObject\",\"inLanguage\":\"pt-BR\",\"@id\":\"https:\/\/exposicoes.abc.org.br\/100anos\/#\/schema\/logo\/image\/\",\"url\":\"https:\/\/exposicoes.abc.org.br\/100anos\/wp-content\/uploads\/2025\/12\/logo-100-abc.png\",\"contentUrl\":\"https:\/\/exposicoes.abc.org.br\/100anos\/wp-content\/uploads\/2025\/12\/logo-100-abc.png\",\"width\":511,\"height\":116,\"caption\":\"Academia Brasileira de Ci\u00eancias\"},\"image\":{\"@id\":\"https:\/\/exposicoes.abc.org.br\/100anos\/#\/schema\/logo\/image\/\"}}]}<\/script>\n<!-- \/ Yoast SEO plugin. -->","yoast_head_json":{"title":"Acad\u00eamicos que fizeram hist\u00f3ria | Cem Anos de Ci\u00eancia","robots":{"index":"index","follow":"follow","max-snippet":"max-snippet:-1","max-image-preview":"max-image-preview:large","max-video-preview":"max-video-preview:-1"},"canonical":"https:\/\/exposicoes.abc.org.br\/100anos\/academicos\/","og_locale":"pt_BR","og_type":"article","og_title":"Acad\u00eamicos que fizeram hist\u00f3ria | Cem Anos de Ci\u00eancia","og_description":"Uma lista que tente resumir 100 anos de hist\u00f3ria em poucos personagens ser\u00e1 sempre incompleta. A hist\u00f3ria da ci\u00eancia no Brasil \u2013 e mesmo a hist\u00f3ria da Academia Brasileira de Ci\u00eancias \u2013 tem, felizmente, nomes para preencher uma publica\u00e7\u00e3o muito maior do que esta. Para fazer parte deste livro, selecionamos 40 cientistas que fizeram diferen\u00e7a...","og_url":"https:\/\/exposicoes.abc.org.br\/100anos\/academicos\/","og_site_name":"Cem Anos de Ci\u00eancia","article_modified_time":"2026-01-29T13:03:40+00:00","og_image":[{"width":1200,"height":630,"url":"https:\/\/exposicoes.abc.org.br\/100anos\/wp-content\/uploads\/2025\/12\/share.png","type":"image\/png"}],"twitter_card":"summary_large_image","twitter_misc":{"Est. tempo de leitura":"1 minuto"},"schema":{"@context":"https:\/\/schema.org","@graph":[{"@type":"WebPage","@id":"https:\/\/exposicoes.abc.org.br\/100anos\/academicos\/","url":"https:\/\/exposicoes.abc.org.br\/100anos\/academicos\/","name":"Acad\u00eamicos que fizeram hist\u00f3ria | Cem Anos de Ci\u00eancia","isPartOf":{"@id":"https:\/\/exposicoes.abc.org.br\/100anos\/#website"},"datePublished":"2025-12-22T19:08:22+00:00","dateModified":"2026-01-29T13:03:40+00:00","breadcrumb":{"@id":"https:\/\/exposicoes.abc.org.br\/100anos\/academicos\/#breadcrumb"},"inLanguage":"pt-BR","potentialAction":[{"@type":"ReadAction","target":["https:\/\/exposicoes.abc.org.br\/100anos\/academicos\/"]}]},{"@type":"BreadcrumbList","@id":"https:\/\/exposicoes.abc.org.br\/100anos\/academicos\/#breadcrumb","itemListElement":[{"@type":"ListItem","position":1,"name":"In\u00edcio","item":"https:\/\/exposicoes.abc.org.br\/100anos\/"},{"@type":"ListItem","position":2,"name":"Acad\u00eamicos que fizeram hist\u00f3ria"}]},{"@type":"WebSite","@id":"https:\/\/exposicoes.abc.org.br\/100anos\/#website","url":"https:\/\/exposicoes.abc.org.br\/100anos\/","name":"Cem Anos de Ci\u00eancia","description":"","publisher":{"@id":"https:\/\/exposicoes.abc.org.br\/100anos\/#organization"},"potentialAction":[{"@type":"SearchAction","target":{"@type":"EntryPoint","urlTemplate":"https:\/\/exposicoes.abc.org.br\/100anos\/?s={search_term_string}"},"query-input":{"@type":"PropertyValueSpecification","valueRequired":true,"valueName":"search_term_string"}}],"inLanguage":"pt-BR"},{"@type":"Organization","@id":"https:\/\/exposicoes.abc.org.br\/100anos\/#organization","name":"Academia Brasileira de Ci\u00eancias","url":"https:\/\/exposicoes.abc.org.br\/100anos\/","logo":{"@type":"ImageObject","inLanguage":"pt-BR","@id":"https:\/\/exposicoes.abc.org.br\/100anos\/#\/schema\/logo\/image\/","url":"https:\/\/exposicoes.abc.org.br\/100anos\/wp-content\/uploads\/2025\/12\/logo-100-abc.png","contentUrl":"https:\/\/exposicoes.abc.org.br\/100anos\/wp-content\/uploads\/2025\/12\/logo-100-abc.png","width":511,"height":116,"caption":"Academia Brasileira de Ci\u00eancias"},"image":{"@id":"https:\/\/exposicoes.abc.org.br\/100anos\/#\/schema\/logo\/image\/"}}]}},"_links":{"self":[{"href":"https:\/\/exposicoes.abc.org.br\/100anos\/wp-json\/wp\/v2\/pages\/14","targetHints":{"allow":["GET"]}}],"collection":[{"href":"https:\/\/exposicoes.abc.org.br\/100anos\/wp-json\/wp\/v2\/pages"}],"about":[{"href":"https:\/\/exposicoes.abc.org.br\/100anos\/wp-json\/wp\/v2\/types\/page"}],"author":[{"embeddable":true,"href":"https:\/\/exposicoes.abc.org.br\/100anos\/wp-json\/wp\/v2\/users\/1"}],"replies":[{"embeddable":true,"href":"https:\/\/exposicoes.abc.org.br\/100anos\/wp-json\/wp\/v2\/comments?post=14"}],"version-history":[{"count":3,"href":"https:\/\/exposicoes.abc.org.br\/100anos\/wp-json\/wp\/v2\/pages\/14\/revisions"}],"predecessor-version":[{"id":770,"href":"https:\/\/exposicoes.abc.org.br\/100anos\/wp-json\/wp\/v2\/pages\/14\/revisions\/770"}],"wp:attachment":[{"href":"https:\/\/exposicoes.abc.org.br\/100anos\/wp-json\/wp\/v2\/media?parent=14"}],"curies":[{"name":"wp","href":"https:\/\/api.w.org\/{rel}","templated":true}]}}