{"id":935,"date":"2026-03-10T17:20:08","date_gmt":"2026-03-10T20:20:08","guid":{"rendered":"https:\/\/exposicoes.abc.org.br\/100anos\/?post_type=academico&#038;p=935"},"modified":"2026-03-10T19:18:49","modified_gmt":"2026-03-10T22:18:49","slug":"antonio-pacheco-leao-1872-1931","status":"publish","type":"academico","link":"https:\/\/exposicoes.abc.org.br\/100anos\/academico\/antonio-pacheco-leao-1872-1931\/","title":{"rendered":"Ant\u00f4nio Pacheco Le\u00e3o"},"content":{"rendered":"\n<p>Antonio Pacheco Le\u00e3o nasceu no Rio de Janeiro, ent\u00e3o capital do imp\u00e9rio. Estudou no&nbsp;Gin\u00e1sio Nacional,&nbsp;ingressando em seguida na&nbsp;Faculdade de Medicina do Rio de Janeiro e concluindo o curso de ci\u00eancias m\u00e9dico-cir\u00fargicas em 1897. Durante a faculdade, atuou como professor em col\u00e9gios particulares, onde lecionou as disciplinas de hist\u00f3ria natural, matem\u00e1tica, franc\u00eas e literatura.<\/p>\n\n\n\n<p>Combateu no batalh\u00e3o Acad\u00eamico contra os insurgentes da Revolta da Armada (1893-1894), rebeli\u00e3o de altos oficiais da Marinha contra o governo de&nbsp;Floriano Peixoto&nbsp;(1891-1894).<\/p>\n\n\n\n<p>Em 1904, foi nomeado inspetor do Servi\u00e7o de Profilaxia da Febre Amarela por Oswaldo Cruz, atuando na Diretoria-Geral de Sa\u00fade P\u00fablica durante o governo de Rodrigues Alves, marcado por reformas urbanas e a\u00e7\u00f5es de saneamento no Rio de Janeiro. Participou de importantes campanhas sanit\u00e1rias contra a peste bub\u00f4nica, a mal\u00e1ria e o berib\u00e9ri. Em 1912, integrou, a convite da Superintend\u00eancia de Defesa da Borracha, uma comiss\u00e3o coordenada pelo Instituto Oswaldo Cruz para estudar as condi\u00e7\u00f5es sanit\u00e1rias da bacia amaz\u00f4nica, ao lado de Carlos Chagas e Jo\u00e3o Pedroso. A expedi\u00e7\u00e3o percorreu diversos rios da regi\u00e3o e resultou no <em>Relat\u00f3rio sobre as condi\u00e7\u00f5es m\u00e9dico-sanit\u00e1rias do vale do Amazonas<\/em>, entregue em 1913 e assinado por Oswaldo Cruz.<\/p>\n\n\n\n<p>Tornou-se professor substituto de Hist\u00f3ria Natural e Parasitologia em 1912, sendo efetivado em 1925. Em 1915 assumiu a dire\u00e7\u00e3o do Jardim Bot\u00e2nico, cargo que exerceu at\u00e9 1931. Sua gest\u00e3o destacou-se pelo forte incentivo \u00e0 pesquisa cient\u00edfica, pela promo\u00e7\u00e3o do interc\u00e2mbio internacional e pela contrata\u00e7\u00e3o de importantes bot\u00e2nicos. Estimulou expedi\u00e7\u00f5es para coleta e identifica\u00e7\u00e3o de esp\u00e9cies, ampliou o herb\u00e1rio e o arboreto, promoveu a permuta de publica\u00e7\u00f5es e materiais bot\u00e2nicos e criou, em 1915, o peri\u00f3dico <em>Arquivos do Jardim Bot\u00e2nico<\/em>. Tamb\u00e9m impulsionou a elabora\u00e7\u00e3o de um invent\u00e1rio da flora nacional e a cria\u00e7\u00e3o de uma reserva florestal que daria origem \u00e0 Esta\u00e7\u00e3o Biol\u00f3gica de Itatiaia. Foi membro da Sociedade Nacional de Agricultura, cuja diretoria integrou em 1910, como terceiro vice-presidente, e membro honor\u00e1rio da Academia Nacional de Medicina. Era tio de Aristides Azevedo Pacheco Le\u00e3o, presidente da ABC de 1967 a 1981. Morreu em 1931.<br><br><br><\/p>\n","protected":false},"excerpt":{"rendered":"<p>Antonio Pacheco Le\u00e3o nasceu no Rio de Janeiro, ent\u00e3o capital do imp\u00e9rio. Estudou no&nbsp;Gin\u00e1sio Nacional,&nbsp;ingressando em seguida na&nbsp;Faculdade de Medicina do Rio de Janeiro e concluindo o curso de ci\u00eancias m\u00e9dico-cir\u00fargicas em 1897. Durante a faculdade, atuou como professor em col\u00e9gios particulares, onde lecionou as disciplinas de hist\u00f3ria natural, matem\u00e1tica, franc\u00eas e literatura. Combateu no&#8230;<\/p>\n","protected":false},"featured_media":937,"parent":0,"template":"","meta":{"_acf_changed":false,"footnotes":""},"periodo-de-presidencia":[],"periodo-de-vida":[],"tipo-de-academico":[],"class_list":["post-935","academico","type-academico","status-publish","has-post-thumbnail","hentry"],"acf":[],"yoast_head":"<!-- This site is optimized with the Yoast SEO plugin v26.8 - https:\/\/yoast.com\/product\/yoast-seo-wordpress\/ -->\n<title>Ant\u00f4nio Pacheco Le\u00e3o | Cem Anos de Ci\u00eancia<\/title>\n<meta name=\"robots\" content=\"index, follow, max-snippet:-1, max-image-preview:large, max-video-preview:-1\" \/>\n<link rel=\"canonical\" href=\"https:\/\/exposicoes.abc.org.br\/100anos\/academico\/antonio-pacheco-leao-1872-1931\/\" \/>\n<meta property=\"og:locale\" content=\"pt_BR\" \/>\n<meta property=\"og:type\" content=\"article\" \/>\n<meta property=\"og:title\" content=\"Ant\u00f4nio Pacheco Le\u00e3o | Cem Anos de Ci\u00eancia\" \/>\n<meta property=\"og:description\" content=\"Antonio Pacheco Le\u00e3o nasceu no Rio de Janeiro, ent\u00e3o capital do imp\u00e9rio. Estudou no&nbsp;Gin\u00e1sio Nacional,&nbsp;ingressando em seguida na&nbsp;Faculdade de Medicina do Rio de Janeiro e concluindo o curso de ci\u00eancias m\u00e9dico-cir\u00fargicas em 1897. Durante a faculdade, atuou como professor em col\u00e9gios particulares, onde lecionou as disciplinas de hist\u00f3ria natural, matem\u00e1tica, franc\u00eas e literatura. Combateu no...\" \/>\n<meta property=\"og:url\" content=\"https:\/\/exposicoes.abc.org.br\/100anos\/academico\/antonio-pacheco-leao-1872-1931\/\" \/>\n<meta property=\"og:site_name\" content=\"Cem Anos de Ci\u00eancia\" \/>\n<meta property=\"article:modified_time\" content=\"2026-03-10T22:18:49+00:00\" \/>\n<meta property=\"og:image\" content=\"https:\/\/exposicoes.abc.org.br\/100anos\/wp-content\/uploads\/2026\/03\/antonio-pacheco-leao-com-IA.png\" \/>\n\t<meta property=\"og:image:width\" content=\"803\" \/>\n\t<meta property=\"og:image:height\" content=\"1082\" \/>\n\t<meta property=\"og:image:type\" content=\"image\/png\" \/>\n<meta name=\"twitter:card\" content=\"summary_large_image\" \/>\n<meta name=\"twitter:label1\" content=\"Est. tempo de leitura\" \/>\n\t<meta name=\"twitter:data1\" content=\"3 minutos\" \/>\n<script type=\"application\/ld+json\" class=\"yoast-schema-graph\">{\"@context\":\"https:\/\/schema.org\",\"@graph\":[{\"@type\":\"WebPage\",\"@id\":\"https:\/\/exposicoes.abc.org.br\/100anos\/academico\/antonio-pacheco-leao-1872-1931\/\",\"url\":\"https:\/\/exposicoes.abc.org.br\/100anos\/academico\/antonio-pacheco-leao-1872-1931\/\",\"name\":\"Ant\u00f4nio Pacheco Le\u00e3o | Cem Anos de Ci\u00eancia\",\"isPartOf\":{\"@id\":\"https:\/\/exposicoes.abc.org.br\/100anos\/#website\"},\"primaryImageOfPage\":{\"@id\":\"https:\/\/exposicoes.abc.org.br\/100anos\/academico\/antonio-pacheco-leao-1872-1931\/#primaryimage\"},\"image\":{\"@id\":\"https:\/\/exposicoes.abc.org.br\/100anos\/academico\/antonio-pacheco-leao-1872-1931\/#primaryimage\"},\"thumbnailUrl\":\"https:\/\/exposicoes.abc.org.br\/100anos\/wp-content\/uploads\/2026\/03\/antonio-pacheco-leao-com-IA.png\",\"datePublished\":\"2026-03-10T20:20:08+00:00\",\"dateModified\":\"2026-03-10T22:18:49+00:00\",\"breadcrumb\":{\"@id\":\"https:\/\/exposicoes.abc.org.br\/100anos\/academico\/antonio-pacheco-leao-1872-1931\/#breadcrumb\"},\"inLanguage\":\"pt-BR\",\"potentialAction\":[{\"@type\":\"ReadAction\",\"target\":[\"https:\/\/exposicoes.abc.org.br\/100anos\/academico\/antonio-pacheco-leao-1872-1931\/\"]}]},{\"@type\":\"ImageObject\",\"inLanguage\":\"pt-BR\",\"@id\":\"https:\/\/exposicoes.abc.org.br\/100anos\/academico\/antonio-pacheco-leao-1872-1931\/#primaryimage\",\"url\":\"https:\/\/exposicoes.abc.org.br\/100anos\/wp-content\/uploads\/2026\/03\/antonio-pacheco-leao-com-IA.png\",\"contentUrl\":\"https:\/\/exposicoes.abc.org.br\/100anos\/wp-content\/uploads\/2026\/03\/antonio-pacheco-leao-com-IA.png\",\"width\":803,\"height\":1082},{\"@type\":\"BreadcrumbList\",\"@id\":\"https:\/\/exposicoes.abc.org.br\/100anos\/academico\/antonio-pacheco-leao-1872-1931\/#breadcrumb\",\"itemListElement\":[{\"@type\":\"ListItem\",\"position\":1,\"name\":\"In\u00edcio\",\"item\":\"https:\/\/exposicoes.abc.org.br\/100anos\/\"},{\"@type\":\"ListItem\",\"position\":2,\"name\":\"Ant\u00f4nio Pacheco Le\u00e3o\"}]},{\"@type\":\"WebSite\",\"@id\":\"https:\/\/exposicoes.abc.org.br\/100anos\/#website\",\"url\":\"https:\/\/exposicoes.abc.org.br\/100anos\/\",\"name\":\"Cem Anos de Ci\u00eancia\",\"description\":\"\",\"publisher\":{\"@id\":\"https:\/\/exposicoes.abc.org.br\/100anos\/#organization\"},\"potentialAction\":[{\"@type\":\"SearchAction\",\"target\":{\"@type\":\"EntryPoint\",\"urlTemplate\":\"https:\/\/exposicoes.abc.org.br\/100anos\/?s={search_term_string}\"},\"query-input\":{\"@type\":\"PropertyValueSpecification\",\"valueRequired\":true,\"valueName\":\"search_term_string\"}}],\"inLanguage\":\"pt-BR\"},{\"@type\":\"Organization\",\"@id\":\"https:\/\/exposicoes.abc.org.br\/100anos\/#organization\",\"name\":\"Academia Brasileira de Ci\u00eancias\",\"url\":\"https:\/\/exposicoes.abc.org.br\/100anos\/\",\"logo\":{\"@type\":\"ImageObject\",\"inLanguage\":\"pt-BR\",\"@id\":\"https:\/\/exposicoes.abc.org.br\/100anos\/#\/schema\/logo\/image\/\",\"url\":\"https:\/\/exposicoes.abc.org.br\/100anos\/wp-content\/uploads\/2025\/12\/logo-100-abc.png\",\"contentUrl\":\"https:\/\/exposicoes.abc.org.br\/100anos\/wp-content\/uploads\/2025\/12\/logo-100-abc.png\",\"width\":511,\"height\":116,\"caption\":\"Academia Brasileira de Ci\u00eancias\"},\"image\":{\"@id\":\"https:\/\/exposicoes.abc.org.br\/100anos\/#\/schema\/logo\/image\/\"}}]}<\/script>\n<!-- \/ Yoast SEO plugin. -->","yoast_head_json":{"title":"Ant\u00f4nio Pacheco Le\u00e3o | Cem Anos de Ci\u00eancia","robots":{"index":"index","follow":"follow","max-snippet":"max-snippet:-1","max-image-preview":"max-image-preview:large","max-video-preview":"max-video-preview:-1"},"canonical":"https:\/\/exposicoes.abc.org.br\/100anos\/academico\/antonio-pacheco-leao-1872-1931\/","og_locale":"pt_BR","og_type":"article","og_title":"Ant\u00f4nio Pacheco Le\u00e3o | Cem Anos de Ci\u00eancia","og_description":"Antonio Pacheco Le\u00e3o nasceu no Rio de Janeiro, ent\u00e3o capital do imp\u00e9rio. Estudou no&nbsp;Gin\u00e1sio Nacional,&nbsp;ingressando em seguida na&nbsp;Faculdade de Medicina do Rio de Janeiro e concluindo o curso de ci\u00eancias m\u00e9dico-cir\u00fargicas em 1897. Durante a faculdade, atuou como professor em col\u00e9gios particulares, onde lecionou as disciplinas de hist\u00f3ria natural, matem\u00e1tica, franc\u00eas e literatura. Combateu no...","og_url":"https:\/\/exposicoes.abc.org.br\/100anos\/academico\/antonio-pacheco-leao-1872-1931\/","og_site_name":"Cem Anos de Ci\u00eancia","article_modified_time":"2026-03-10T22:18:49+00:00","og_image":[{"width":803,"height":1082,"url":"https:\/\/exposicoes.abc.org.br\/100anos\/wp-content\/uploads\/2026\/03\/antonio-pacheco-leao-com-IA.png","type":"image\/png"}],"twitter_card":"summary_large_image","twitter_misc":{"Est. tempo de leitura":"3 minutos"},"schema":{"@context":"https:\/\/schema.org","@graph":[{"@type":"WebPage","@id":"https:\/\/exposicoes.abc.org.br\/100anos\/academico\/antonio-pacheco-leao-1872-1931\/","url":"https:\/\/exposicoes.abc.org.br\/100anos\/academico\/antonio-pacheco-leao-1872-1931\/","name":"Ant\u00f4nio Pacheco Le\u00e3o | Cem Anos de Ci\u00eancia","isPartOf":{"@id":"https:\/\/exposicoes.abc.org.br\/100anos\/#website"},"primaryImageOfPage":{"@id":"https:\/\/exposicoes.abc.org.br\/100anos\/academico\/antonio-pacheco-leao-1872-1931\/#primaryimage"},"image":{"@id":"https:\/\/exposicoes.abc.org.br\/100anos\/academico\/antonio-pacheco-leao-1872-1931\/#primaryimage"},"thumbnailUrl":"https:\/\/exposicoes.abc.org.br\/100anos\/wp-content\/uploads\/2026\/03\/antonio-pacheco-leao-com-IA.png","datePublished":"2026-03-10T20:20:08+00:00","dateModified":"2026-03-10T22:18:49+00:00","breadcrumb":{"@id":"https:\/\/exposicoes.abc.org.br\/100anos\/academico\/antonio-pacheco-leao-1872-1931\/#breadcrumb"},"inLanguage":"pt-BR","potentialAction":[{"@type":"ReadAction","target":["https:\/\/exposicoes.abc.org.br\/100anos\/academico\/antonio-pacheco-leao-1872-1931\/"]}]},{"@type":"ImageObject","inLanguage":"pt-BR","@id":"https:\/\/exposicoes.abc.org.br\/100anos\/academico\/antonio-pacheco-leao-1872-1931\/#primaryimage","url":"https:\/\/exposicoes.abc.org.br\/100anos\/wp-content\/uploads\/2026\/03\/antonio-pacheco-leao-com-IA.png","contentUrl":"https:\/\/exposicoes.abc.org.br\/100anos\/wp-content\/uploads\/2026\/03\/antonio-pacheco-leao-com-IA.png","width":803,"height":1082},{"@type":"BreadcrumbList","@id":"https:\/\/exposicoes.abc.org.br\/100anos\/academico\/antonio-pacheco-leao-1872-1931\/#breadcrumb","itemListElement":[{"@type":"ListItem","position":1,"name":"In\u00edcio","item":"https:\/\/exposicoes.abc.org.br\/100anos\/"},{"@type":"ListItem","position":2,"name":"Ant\u00f4nio Pacheco Le\u00e3o"}]},{"@type":"WebSite","@id":"https:\/\/exposicoes.abc.org.br\/100anos\/#website","url":"https:\/\/exposicoes.abc.org.br\/100anos\/","name":"Cem Anos de Ci\u00eancia","description":"","publisher":{"@id":"https:\/\/exposicoes.abc.org.br\/100anos\/#organization"},"potentialAction":[{"@type":"SearchAction","target":{"@type":"EntryPoint","urlTemplate":"https:\/\/exposicoes.abc.org.br\/100anos\/?s={search_term_string}"},"query-input":{"@type":"PropertyValueSpecification","valueRequired":true,"valueName":"search_term_string"}}],"inLanguage":"pt-BR"},{"@type":"Organization","@id":"https:\/\/exposicoes.abc.org.br\/100anos\/#organization","name":"Academia Brasileira de Ci\u00eancias","url":"https:\/\/exposicoes.abc.org.br\/100anos\/","logo":{"@type":"ImageObject","inLanguage":"pt-BR","@id":"https:\/\/exposicoes.abc.org.br\/100anos\/#\/schema\/logo\/image\/","url":"https:\/\/exposicoes.abc.org.br\/100anos\/wp-content\/uploads\/2025\/12\/logo-100-abc.png","contentUrl":"https:\/\/exposicoes.abc.org.br\/100anos\/wp-content\/uploads\/2025\/12\/logo-100-abc.png","width":511,"height":116,"caption":"Academia Brasileira de Ci\u00eancias"},"image":{"@id":"https:\/\/exposicoes.abc.org.br\/100anos\/#\/schema\/logo\/image\/"}}]}},"_links":{"self":[{"href":"https:\/\/exposicoes.abc.org.br\/100anos\/wp-json\/wp\/v2\/academico\/935","targetHints":{"allow":["GET"]}}],"collection":[{"href":"https:\/\/exposicoes.abc.org.br\/100anos\/wp-json\/wp\/v2\/academico"}],"about":[{"href":"https:\/\/exposicoes.abc.org.br\/100anos\/wp-json\/wp\/v2\/types\/academico"}],"version-history":[{"count":3,"href":"https:\/\/exposicoes.abc.org.br\/100anos\/wp-json\/wp\/v2\/academico\/935\/revisions"}],"predecessor-version":[{"id":941,"href":"https:\/\/exposicoes.abc.org.br\/100anos\/wp-json\/wp\/v2\/academico\/935\/revisions\/941"}],"wp:featuredmedia":[{"embeddable":true,"href":"https:\/\/exposicoes.abc.org.br\/100anos\/wp-json\/wp\/v2\/media\/937"}],"wp:attachment":[{"href":"https:\/\/exposicoes.abc.org.br\/100anos\/wp-json\/wp\/v2\/media?parent=935"}],"wp:term":[{"taxonomy":"periodo-de-presidencia","embeddable":true,"href":"https:\/\/exposicoes.abc.org.br\/100anos\/wp-json\/wp\/v2\/periodo-de-presidencia?post=935"},{"taxonomy":"periodo-de-vida","embeddable":true,"href":"https:\/\/exposicoes.abc.org.br\/100anos\/wp-json\/wp\/v2\/periodo-de-vida?post=935"},{"taxonomy":"tipo-de-academico","embeddable":true,"href":"https:\/\/exposicoes.abc.org.br\/100anos\/wp-json\/wp\/v2\/tipo-de-academico?post=935"}],"curies":[{"name":"wp","href":"https:\/\/api.w.org\/{rel}","templated":true}]}}