{"id":923,"date":"2026-03-10T17:00:12","date_gmt":"2026-03-10T20:00:12","guid":{"rendered":"https:\/\/exposicoes.abc.org.br\/100anos\/?post_type=academico&#038;p=923"},"modified":"2026-03-10T19:21:47","modified_gmt":"2026-03-10T22:21:47","slug":"joao-fulgencio-de-lima-mindello-1867-1953","status":"publish","type":"academico","link":"https:\/\/exposicoes.abc.org.br\/100anos\/academico\/joao-fulgencio-de-lima-mindello-1867-1953\/","title":{"rendered":"Jo\u00e3o Fulg\u00eancio de Lima Mindello"},"content":{"rendered":"\n<p>Jo\u00e3o Fulg\u00eancio de Lima Mindello (1867-1953) nasceu em Jo\u00e3o Pessoa (PB) e destacou-se como militar, engenheiro e professor. Formado pela Escola Militar, ent\u00e3o centro de excel\u00eancia t\u00e9cnico-cient\u00edfica do Ex\u00e9rcito, construiu carreira docente nessa institui\u00e7\u00e3o, contribuindo para a forma\u00e7\u00e3o de quadros t\u00e9cnicos com forte base em matem\u00e1tica aplicada, engenharia e fortifica\u00e7\u00e3o \u2014 \u00e1reas centrais no curr\u00edculo militar da \u00e9poca.<\/p>\n\n\n\n<p>Sua trajet\u00f3ria combinou ensino, produ\u00e7\u00e3o t\u00e9cnica e atua\u00e7\u00e3o institucional. Foi diretor da Sociedade Nacional de Agricultura, entidade criada no Imp\u00e9rio e relevante na Primeira Rep\u00fablica por articular moderniza\u00e7\u00e3o agr\u00edcola, difus\u00e3o tecnol\u00f3gica e debates sobre infraestrutura, cr\u00e9dito e organiza\u00e7\u00e3o produtiva. Essa passagem indica seu tr\u00e2nsito entre os meios militar, t\u00e9cnico e civil, t\u00edpico de engenheiros-oficiais que atuavam tamb\u00e9m em pol\u00edticas p\u00fablicas. Foi um dos primeiros membros da Academia Brasileira de Ci\u00eancias.<\/p>\n\n\n\n<p>No campo da hist\u00f3ria militar e da engenharia de defesa, seu nome ficou particularmente associado a um epis\u00f3dio decisivo da hist\u00f3ria militar brasileira: a Defesa Minada do Porto de Santos, durante a Revolta da Armada (1893\u20131894). Sob sua dire\u00e7\u00e3o, o porto foi minado para impedir a entrada dos navios rebeldes, em uma opera\u00e7\u00e3o que combinou conhecimento t\u00e9cnico, planejamento estrat\u00e9gico e mobiliza\u00e7\u00e3o coletiva. A chamada \u201cdefesa minada\u201d envolveu n\u00e3o apenas militares, mas tamb\u00e9m engenheiros, oper\u00e1rios, qu\u00edmicos, estudantes e a pr\u00f3pria popula\u00e7\u00e3o santista, que colaboraram na constru\u00e7\u00e3o de baterias de artilharia e na prepara\u00e7\u00e3o das barreiras subaqu\u00e1ticas.<\/p>\n\n\n\n<p>D\u00e9cadas depois, sistematizou essa experi\u00eancia no estudo <strong><em>Defesa Minada do Porto de Santos (Revolta de 1893)<\/em><\/strong>, sobre o qual proferiu confer\u00eancia no Clube Militar, em sess\u00e3o solene do Instituto de Geografia e Hist\u00f3ria Militar, em 3 de agosto de 1939.<\/p>\n","protected":false},"excerpt":{"rendered":"<p>Jo\u00e3o Fulg\u00eancio de Lima Mindello (1867-1953) nasceu em Jo\u00e3o Pessoa (PB) e destacou-se como militar, engenheiro e professor. Formado pela Escola Militar, ent\u00e3o centro de excel\u00eancia t\u00e9cnico-cient\u00edfica do Ex\u00e9rcito, construiu carreira docente nessa institui\u00e7\u00e3o, contribuindo para a forma\u00e7\u00e3o de quadros t\u00e9cnicos com forte base em matem\u00e1tica aplicada, engenharia e fortifica\u00e7\u00e3o \u2014 \u00e1reas centrais no curr\u00edculo&#8230;<\/p>\n","protected":false},"featured_media":924,"parent":0,"template":"","meta":{"_acf_changed":false,"footnotes":""},"periodo-de-presidencia":[],"periodo-de-vida":[],"tipo-de-academico":[105],"class_list":["post-923","academico","type-academico","status-publish","has-post-thumbnail","hentry","tipo-de-academico-primeiros-membros"],"acf":[],"yoast_head":"<!-- This site is optimized with the Yoast SEO plugin v26.8 - https:\/\/yoast.com\/product\/yoast-seo-wordpress\/ -->\n<title>Jo\u00e3o Fulg\u00eancio de Lima Mindello | Cem Anos de Ci\u00eancia<\/title>\n<meta name=\"robots\" content=\"index, follow, max-snippet:-1, max-image-preview:large, max-video-preview:-1\" \/>\n<link rel=\"canonical\" href=\"https:\/\/exposicoes.abc.org.br\/100anos\/academico\/joao-fulgencio-de-lima-mindello-1867-1953\/\" \/>\n<meta property=\"og:locale\" content=\"pt_BR\" \/>\n<meta property=\"og:type\" content=\"article\" \/>\n<meta property=\"og:title\" content=\"Jo\u00e3o Fulg\u00eancio de Lima Mindello | Cem Anos de Ci\u00eancia\" \/>\n<meta property=\"og:description\" content=\"Jo\u00e3o Fulg\u00eancio de Lima Mindello (1867-1953) nasceu em Jo\u00e3o Pessoa (PB) e destacou-se como militar, engenheiro e professor. Formado pela Escola Militar, ent\u00e3o centro de excel\u00eancia t\u00e9cnico-cient\u00edfica do Ex\u00e9rcito, construiu carreira docente nessa institui\u00e7\u00e3o, contribuindo para a forma\u00e7\u00e3o de quadros t\u00e9cnicos com forte base em matem\u00e1tica aplicada, engenharia e fortifica\u00e7\u00e3o \u2014 \u00e1reas centrais no curr\u00edculo...\" \/>\n<meta property=\"og:url\" content=\"https:\/\/exposicoes.abc.org.br\/100anos\/academico\/joao-fulgencio-de-lima-mindello-1867-1953\/\" \/>\n<meta property=\"og:site_name\" content=\"Cem Anos de Ci\u00eancia\" \/>\n<meta property=\"article:modified_time\" content=\"2026-03-10T22:21:47+00:00\" \/>\n<meta property=\"og:image\" content=\"https:\/\/exposicoes.abc.org.br\/100anos\/wp-content\/uploads\/2026\/03\/joao-fulgencio-de-lima-mindello-2.png\" \/>\n\t<meta property=\"og:image:width\" content=\"370\" \/>\n\t<meta property=\"og:image:height\" content=\"460\" \/>\n\t<meta property=\"og:image:type\" content=\"image\/png\" \/>\n<meta name=\"twitter:card\" content=\"summary_large_image\" \/>\n<meta name=\"twitter:label1\" content=\"Est. tempo de leitura\" \/>\n\t<meta name=\"twitter:data1\" content=\"2 minutos\" \/>\n<script type=\"application\/ld+json\" class=\"yoast-schema-graph\">{\"@context\":\"https:\/\/schema.org\",\"@graph\":[{\"@type\":\"WebPage\",\"@id\":\"https:\/\/exposicoes.abc.org.br\/100anos\/academico\/joao-fulgencio-de-lima-mindello-1867-1953\/\",\"url\":\"https:\/\/exposicoes.abc.org.br\/100anos\/academico\/joao-fulgencio-de-lima-mindello-1867-1953\/\",\"name\":\"Jo\u00e3o Fulg\u00eancio de Lima Mindello | Cem Anos de Ci\u00eancia\",\"isPartOf\":{\"@id\":\"https:\/\/exposicoes.abc.org.br\/100anos\/#website\"},\"primaryImageOfPage\":{\"@id\":\"https:\/\/exposicoes.abc.org.br\/100anos\/academico\/joao-fulgencio-de-lima-mindello-1867-1953\/#primaryimage\"},\"image\":{\"@id\":\"https:\/\/exposicoes.abc.org.br\/100anos\/academico\/joao-fulgencio-de-lima-mindello-1867-1953\/#primaryimage\"},\"thumbnailUrl\":\"https:\/\/exposicoes.abc.org.br\/100anos\/wp-content\/uploads\/2026\/03\/joao-fulgencio-de-lima-mindello-2.png\",\"datePublished\":\"2026-03-10T20:00:12+00:00\",\"dateModified\":\"2026-03-10T22:21:47+00:00\",\"breadcrumb\":{\"@id\":\"https:\/\/exposicoes.abc.org.br\/100anos\/academico\/joao-fulgencio-de-lima-mindello-1867-1953\/#breadcrumb\"},\"inLanguage\":\"pt-BR\",\"potentialAction\":[{\"@type\":\"ReadAction\",\"target\":[\"https:\/\/exposicoes.abc.org.br\/100anos\/academico\/joao-fulgencio-de-lima-mindello-1867-1953\/\"]}]},{\"@type\":\"ImageObject\",\"inLanguage\":\"pt-BR\",\"@id\":\"https:\/\/exposicoes.abc.org.br\/100anos\/academico\/joao-fulgencio-de-lima-mindello-1867-1953\/#primaryimage\",\"url\":\"https:\/\/exposicoes.abc.org.br\/100anos\/wp-content\/uploads\/2026\/03\/joao-fulgencio-de-lima-mindello-2.png\",\"contentUrl\":\"https:\/\/exposicoes.abc.org.br\/100anos\/wp-content\/uploads\/2026\/03\/joao-fulgencio-de-lima-mindello-2.png\",\"width\":370,\"height\":460},{\"@type\":\"BreadcrumbList\",\"@id\":\"https:\/\/exposicoes.abc.org.br\/100anos\/academico\/joao-fulgencio-de-lima-mindello-1867-1953\/#breadcrumb\",\"itemListElement\":[{\"@type\":\"ListItem\",\"position\":1,\"name\":\"In\u00edcio\",\"item\":\"https:\/\/exposicoes.abc.org.br\/100anos\/\"},{\"@type\":\"ListItem\",\"position\":2,\"name\":\"Jo\u00e3o Fulg\u00eancio de Lima Mindello\"}]},{\"@type\":\"WebSite\",\"@id\":\"https:\/\/exposicoes.abc.org.br\/100anos\/#website\",\"url\":\"https:\/\/exposicoes.abc.org.br\/100anos\/\",\"name\":\"Cem Anos de Ci\u00eancia\",\"description\":\"\",\"publisher\":{\"@id\":\"https:\/\/exposicoes.abc.org.br\/100anos\/#organization\"},\"potentialAction\":[{\"@type\":\"SearchAction\",\"target\":{\"@type\":\"EntryPoint\",\"urlTemplate\":\"https:\/\/exposicoes.abc.org.br\/100anos\/?s={search_term_string}\"},\"query-input\":{\"@type\":\"PropertyValueSpecification\",\"valueRequired\":true,\"valueName\":\"search_term_string\"}}],\"inLanguage\":\"pt-BR\"},{\"@type\":\"Organization\",\"@id\":\"https:\/\/exposicoes.abc.org.br\/100anos\/#organization\",\"name\":\"Academia Brasileira de Ci\u00eancias\",\"url\":\"https:\/\/exposicoes.abc.org.br\/100anos\/\",\"logo\":{\"@type\":\"ImageObject\",\"inLanguage\":\"pt-BR\",\"@id\":\"https:\/\/exposicoes.abc.org.br\/100anos\/#\/schema\/logo\/image\/\",\"url\":\"https:\/\/exposicoes.abc.org.br\/100anos\/wp-content\/uploads\/2025\/12\/logo-100-abc.png\",\"contentUrl\":\"https:\/\/exposicoes.abc.org.br\/100anos\/wp-content\/uploads\/2025\/12\/logo-100-abc.png\",\"width\":511,\"height\":116,\"caption\":\"Academia Brasileira de Ci\u00eancias\"},\"image\":{\"@id\":\"https:\/\/exposicoes.abc.org.br\/100anos\/#\/schema\/logo\/image\/\"}}]}<\/script>\n<!-- \/ Yoast SEO plugin. -->","yoast_head_json":{"title":"Jo\u00e3o Fulg\u00eancio de Lima Mindello | Cem Anos de Ci\u00eancia","robots":{"index":"index","follow":"follow","max-snippet":"max-snippet:-1","max-image-preview":"max-image-preview:large","max-video-preview":"max-video-preview:-1"},"canonical":"https:\/\/exposicoes.abc.org.br\/100anos\/academico\/joao-fulgencio-de-lima-mindello-1867-1953\/","og_locale":"pt_BR","og_type":"article","og_title":"Jo\u00e3o Fulg\u00eancio de Lima Mindello | Cem Anos de Ci\u00eancia","og_description":"Jo\u00e3o Fulg\u00eancio de Lima Mindello (1867-1953) nasceu em Jo\u00e3o Pessoa (PB) e destacou-se como militar, engenheiro e professor. Formado pela Escola Militar, ent\u00e3o centro de excel\u00eancia t\u00e9cnico-cient\u00edfica do Ex\u00e9rcito, construiu carreira docente nessa institui\u00e7\u00e3o, contribuindo para a forma\u00e7\u00e3o de quadros t\u00e9cnicos com forte base em matem\u00e1tica aplicada, engenharia e fortifica\u00e7\u00e3o \u2014 \u00e1reas centrais no curr\u00edculo...","og_url":"https:\/\/exposicoes.abc.org.br\/100anos\/academico\/joao-fulgencio-de-lima-mindello-1867-1953\/","og_site_name":"Cem Anos de Ci\u00eancia","article_modified_time":"2026-03-10T22:21:47+00:00","og_image":[{"width":370,"height":460,"url":"https:\/\/exposicoes.abc.org.br\/100anos\/wp-content\/uploads\/2026\/03\/joao-fulgencio-de-lima-mindello-2.png","type":"image\/png"}],"twitter_card":"summary_large_image","twitter_misc":{"Est. tempo de leitura":"2 minutos"},"schema":{"@context":"https:\/\/schema.org","@graph":[{"@type":"WebPage","@id":"https:\/\/exposicoes.abc.org.br\/100anos\/academico\/joao-fulgencio-de-lima-mindello-1867-1953\/","url":"https:\/\/exposicoes.abc.org.br\/100anos\/academico\/joao-fulgencio-de-lima-mindello-1867-1953\/","name":"Jo\u00e3o Fulg\u00eancio de Lima Mindello | Cem Anos de Ci\u00eancia","isPartOf":{"@id":"https:\/\/exposicoes.abc.org.br\/100anos\/#website"},"primaryImageOfPage":{"@id":"https:\/\/exposicoes.abc.org.br\/100anos\/academico\/joao-fulgencio-de-lima-mindello-1867-1953\/#primaryimage"},"image":{"@id":"https:\/\/exposicoes.abc.org.br\/100anos\/academico\/joao-fulgencio-de-lima-mindello-1867-1953\/#primaryimage"},"thumbnailUrl":"https:\/\/exposicoes.abc.org.br\/100anos\/wp-content\/uploads\/2026\/03\/joao-fulgencio-de-lima-mindello-2.png","datePublished":"2026-03-10T20:00:12+00:00","dateModified":"2026-03-10T22:21:47+00:00","breadcrumb":{"@id":"https:\/\/exposicoes.abc.org.br\/100anos\/academico\/joao-fulgencio-de-lima-mindello-1867-1953\/#breadcrumb"},"inLanguage":"pt-BR","potentialAction":[{"@type":"ReadAction","target":["https:\/\/exposicoes.abc.org.br\/100anos\/academico\/joao-fulgencio-de-lima-mindello-1867-1953\/"]}]},{"@type":"ImageObject","inLanguage":"pt-BR","@id":"https:\/\/exposicoes.abc.org.br\/100anos\/academico\/joao-fulgencio-de-lima-mindello-1867-1953\/#primaryimage","url":"https:\/\/exposicoes.abc.org.br\/100anos\/wp-content\/uploads\/2026\/03\/joao-fulgencio-de-lima-mindello-2.png","contentUrl":"https:\/\/exposicoes.abc.org.br\/100anos\/wp-content\/uploads\/2026\/03\/joao-fulgencio-de-lima-mindello-2.png","width":370,"height":460},{"@type":"BreadcrumbList","@id":"https:\/\/exposicoes.abc.org.br\/100anos\/academico\/joao-fulgencio-de-lima-mindello-1867-1953\/#breadcrumb","itemListElement":[{"@type":"ListItem","position":1,"name":"In\u00edcio","item":"https:\/\/exposicoes.abc.org.br\/100anos\/"},{"@type":"ListItem","position":2,"name":"Jo\u00e3o Fulg\u00eancio de Lima Mindello"}]},{"@type":"WebSite","@id":"https:\/\/exposicoes.abc.org.br\/100anos\/#website","url":"https:\/\/exposicoes.abc.org.br\/100anos\/","name":"Cem Anos de Ci\u00eancia","description":"","publisher":{"@id":"https:\/\/exposicoes.abc.org.br\/100anos\/#organization"},"potentialAction":[{"@type":"SearchAction","target":{"@type":"EntryPoint","urlTemplate":"https:\/\/exposicoes.abc.org.br\/100anos\/?s={search_term_string}"},"query-input":{"@type":"PropertyValueSpecification","valueRequired":true,"valueName":"search_term_string"}}],"inLanguage":"pt-BR"},{"@type":"Organization","@id":"https:\/\/exposicoes.abc.org.br\/100anos\/#organization","name":"Academia Brasileira de Ci\u00eancias","url":"https:\/\/exposicoes.abc.org.br\/100anos\/","logo":{"@type":"ImageObject","inLanguage":"pt-BR","@id":"https:\/\/exposicoes.abc.org.br\/100anos\/#\/schema\/logo\/image\/","url":"https:\/\/exposicoes.abc.org.br\/100anos\/wp-content\/uploads\/2025\/12\/logo-100-abc.png","contentUrl":"https:\/\/exposicoes.abc.org.br\/100anos\/wp-content\/uploads\/2025\/12\/logo-100-abc.png","width":511,"height":116,"caption":"Academia Brasileira de Ci\u00eancias"},"image":{"@id":"https:\/\/exposicoes.abc.org.br\/100anos\/#\/schema\/logo\/image\/"}}]}},"_links":{"self":[{"href":"https:\/\/exposicoes.abc.org.br\/100anos\/wp-json\/wp\/v2\/academico\/923","targetHints":{"allow":["GET"]}}],"collection":[{"href":"https:\/\/exposicoes.abc.org.br\/100anos\/wp-json\/wp\/v2\/academico"}],"about":[{"href":"https:\/\/exposicoes.abc.org.br\/100anos\/wp-json\/wp\/v2\/types\/academico"}],"version-history":[{"count":2,"href":"https:\/\/exposicoes.abc.org.br\/100anos\/wp-json\/wp\/v2\/academico\/923\/revisions"}],"predecessor-version":[{"id":943,"href":"https:\/\/exposicoes.abc.org.br\/100anos\/wp-json\/wp\/v2\/academico\/923\/revisions\/943"}],"wp:featuredmedia":[{"embeddable":true,"href":"https:\/\/exposicoes.abc.org.br\/100anos\/wp-json\/wp\/v2\/media\/924"}],"wp:attachment":[{"href":"https:\/\/exposicoes.abc.org.br\/100anos\/wp-json\/wp\/v2\/media?parent=923"}],"wp:term":[{"taxonomy":"periodo-de-presidencia","embeddable":true,"href":"https:\/\/exposicoes.abc.org.br\/100anos\/wp-json\/wp\/v2\/periodo-de-presidencia?post=923"},{"taxonomy":"periodo-de-vida","embeddable":true,"href":"https:\/\/exposicoes.abc.org.br\/100anos\/wp-json\/wp\/v2\/periodo-de-vida?post=923"},{"taxonomy":"tipo-de-academico","embeddable":true,"href":"https:\/\/exposicoes.abc.org.br\/100anos\/wp-json\/wp\/v2\/tipo-de-academico?post=923"}],"curies":[{"name":"wp","href":"https:\/\/api.w.org\/{rel}","templated":true}]}}