{"id":915,"date":"2026-03-10T16:51:06","date_gmt":"2026-03-10T19:51:06","guid":{"rendered":"https:\/\/exposicoes.abc.org.br\/100anos\/?post_type=academico&#038;p=915"},"modified":"2026-03-10T19:20:09","modified_gmt":"2026-03-10T22:20:09","slug":"frederico-carlos-hoehne-1882-1959","status":"publish","type":"academico","link":"https:\/\/exposicoes.abc.org.br\/100anos\/academico\/frederico-carlos-hoehne-1882-1959\/","title":{"rendered":"Frederico Carlos Hoehne"},"content":{"rendered":"\n<p>Frederico Carlos Hoehne (1882\u20131959) foi um bot\u00e2nico brasileiro, nascido em Juiz de Fora, Minas Gerais, um dos oito filhos de um casal de imigrantes alem\u00e3es. Foi um dos primeiros cientistas brasileiros a empreender estudos sistem\u00e1ticos, abrangentes e de longa dura\u00e7\u00e3o sobre a flora nativa.<\/p>\n\n\n\n<p>Hoehne passou d\u00e9cadas estudando continuamente a flora brasileira, alternando viagens de campo com extensos per\u00edodos de trabalho de laborat\u00f3rio, herb\u00e1rio e pesquisa em institui\u00e7\u00f5es brasileiras. Formou cole\u00e7\u00f5es que permaneceram no pa\u00eds e serviram de base para os estudos de outros cientistas. Foi uma figura central da bot\u00e2nica no pa\u00eds no in\u00edcio do s\u00e9culo XX e um dos primeiros membros da Academia Brasileira de Ci\u00eancias, desde sua funda\u00e7\u00e3o em 1916.<\/p>\n\n\n\n<p>Numa fase de escassos investimentos na ci\u00eancia, fez carreira no servi\u00e7o p\u00fablico come\u00e7ando como jardineiro-chefe do Museu Nacional do Rio de Janeiro, passando por bot\u00e2nico da Expedi\u00e7\u00e3o Cient\u00edfica Roosevelt-Rondon, bot\u00e2nico do Horto Oswaldo Cruz, chefe da Se\u00e7\u00e3o de Bot\u00e2nica do Museu Paulista, chefe da Se\u00e7\u00e3o de Bot\u00e2nica e Agronomia do Instituto Biol\u00f3gico, diretor-superintendente do Departamento de Bot\u00e2nica do Estado e, por fim, diretor do Instituto de Bot\u00e2nica, institui\u00e7\u00e3o em cuja cria\u00e7\u00e3o teve papel decisivo. Em 1952, recebeu o t\u00edtulo de Servidor Em\u00e9rito do Estado de S\u00e3o Paulo.<\/p>\n\n\n\n<p>Atuou especialmente em sistem\u00e1tica vegetal, orquidologia e fitogeografia. Foi autor de estudos sobre ep\u00edfitas, cinchona, plantas t\u00f3xicas e medicinais, plantas aqu\u00e1ticas e mais de 50 artigos sobre a flora local de S\u00e3o PauloSua principal obra,&nbsp;<em>Flora Brasilica<\/em>, foi iniciada em 1940 e continuada ap\u00f3s sua morte por Alcides Ribeiro Teixeira. Defendeu a prote\u00e7\u00e3o da natureza durante toda a sua vida, sendo o pioneiro no tema entre os cientistas do pa\u00eds.<\/p>\n","protected":false},"excerpt":{"rendered":"<p>Frederico Carlos Hoehne (1882\u20131959) foi um bot\u00e2nico brasileiro, nascido em Juiz de Fora, Minas Gerais, um dos oito filhos de um casal de imigrantes alem\u00e3es. Foi um dos primeiros cientistas brasileiros a empreender estudos sistem\u00e1ticos, abrangentes e de longa dura\u00e7\u00e3o sobre a flora nativa. Hoehne passou d\u00e9cadas estudando continuamente a flora brasileira, alternando viagens de&#8230;<\/p>\n","protected":false},"featured_media":916,"parent":0,"template":"","meta":{"_acf_changed":false,"footnotes":""},"periodo-de-presidencia":[],"periodo-de-vida":[],"tipo-de-academico":[105],"class_list":["post-915","academico","type-academico","status-publish","has-post-thumbnail","hentry","tipo-de-academico-primeiros-membros"],"acf":[],"yoast_head":"<!-- This site is optimized with the Yoast SEO plugin v26.8 - https:\/\/yoast.com\/product\/yoast-seo-wordpress\/ -->\n<title>Frederico Carlos Hoehne | Cem Anos de Ci\u00eancia<\/title>\n<meta name=\"robots\" content=\"index, follow, max-snippet:-1, max-image-preview:large, max-video-preview:-1\" \/>\n<link rel=\"canonical\" href=\"https:\/\/exposicoes.abc.org.br\/100anos\/academico\/frederico-carlos-hoehne-1882-1959\/\" \/>\n<meta property=\"og:locale\" content=\"pt_BR\" \/>\n<meta property=\"og:type\" content=\"article\" \/>\n<meta property=\"og:title\" content=\"Frederico Carlos Hoehne | Cem Anos de Ci\u00eancia\" \/>\n<meta property=\"og:description\" content=\"Frederico Carlos Hoehne (1882\u20131959) foi um bot\u00e2nico brasileiro, nascido em Juiz de Fora, Minas Gerais, um dos oito filhos de um casal de imigrantes alem\u00e3es. Foi um dos primeiros cientistas brasileiros a empreender estudos sistem\u00e1ticos, abrangentes e de longa dura\u00e7\u00e3o sobre a flora nativa. Hoehne passou d\u00e9cadas estudando continuamente a flora brasileira, alternando viagens de...\" \/>\n<meta property=\"og:url\" content=\"https:\/\/exposicoes.abc.org.br\/100anos\/academico\/frederico-carlos-hoehne-1882-1959\/\" \/>\n<meta property=\"og:site_name\" content=\"Cem Anos de Ci\u00eancia\" \/>\n<meta property=\"article:modified_time\" content=\"2026-03-10T22:20:09+00:00\" \/>\n<meta property=\"og:image\" content=\"https:\/\/exposicoes.abc.org.br\/100anos\/wp-content\/uploads\/2026\/03\/Frederico-Carlos-Hoehne.png\" \/>\n\t<meta property=\"og:image:width\" content=\"370\" \/>\n\t<meta property=\"og:image:height\" content=\"460\" \/>\n\t<meta property=\"og:image:type\" content=\"image\/png\" \/>\n<meta name=\"twitter:card\" content=\"summary_large_image\" \/>\n<meta name=\"twitter:label1\" content=\"Est. tempo de leitura\" \/>\n\t<meta name=\"twitter:data1\" content=\"2 minutos\" \/>\n<script type=\"application\/ld+json\" class=\"yoast-schema-graph\">{\"@context\":\"https:\/\/schema.org\",\"@graph\":[{\"@type\":\"WebPage\",\"@id\":\"https:\/\/exposicoes.abc.org.br\/100anos\/academico\/frederico-carlos-hoehne-1882-1959\/\",\"url\":\"https:\/\/exposicoes.abc.org.br\/100anos\/academico\/frederico-carlos-hoehne-1882-1959\/\",\"name\":\"Frederico Carlos Hoehne | Cem Anos de Ci\u00eancia\",\"isPartOf\":{\"@id\":\"https:\/\/exposicoes.abc.org.br\/100anos\/#website\"},\"primaryImageOfPage\":{\"@id\":\"https:\/\/exposicoes.abc.org.br\/100anos\/academico\/frederico-carlos-hoehne-1882-1959\/#primaryimage\"},\"image\":{\"@id\":\"https:\/\/exposicoes.abc.org.br\/100anos\/academico\/frederico-carlos-hoehne-1882-1959\/#primaryimage\"},\"thumbnailUrl\":\"https:\/\/exposicoes.abc.org.br\/100anos\/wp-content\/uploads\/2026\/03\/Frederico-Carlos-Hoehne.png\",\"datePublished\":\"2026-03-10T19:51:06+00:00\",\"dateModified\":\"2026-03-10T22:20:09+00:00\",\"breadcrumb\":{\"@id\":\"https:\/\/exposicoes.abc.org.br\/100anos\/academico\/frederico-carlos-hoehne-1882-1959\/#breadcrumb\"},\"inLanguage\":\"pt-BR\",\"potentialAction\":[{\"@type\":\"ReadAction\",\"target\":[\"https:\/\/exposicoes.abc.org.br\/100anos\/academico\/frederico-carlos-hoehne-1882-1959\/\"]}]},{\"@type\":\"ImageObject\",\"inLanguage\":\"pt-BR\",\"@id\":\"https:\/\/exposicoes.abc.org.br\/100anos\/academico\/frederico-carlos-hoehne-1882-1959\/#primaryimage\",\"url\":\"https:\/\/exposicoes.abc.org.br\/100anos\/wp-content\/uploads\/2026\/03\/Frederico-Carlos-Hoehne.png\",\"contentUrl\":\"https:\/\/exposicoes.abc.org.br\/100anos\/wp-content\/uploads\/2026\/03\/Frederico-Carlos-Hoehne.png\",\"width\":370,\"height\":460},{\"@type\":\"BreadcrumbList\",\"@id\":\"https:\/\/exposicoes.abc.org.br\/100anos\/academico\/frederico-carlos-hoehne-1882-1959\/#breadcrumb\",\"itemListElement\":[{\"@type\":\"ListItem\",\"position\":1,\"name\":\"In\u00edcio\",\"item\":\"https:\/\/exposicoes.abc.org.br\/100anos\/\"},{\"@type\":\"ListItem\",\"position\":2,\"name\":\"Frederico Carlos Hoehne\"}]},{\"@type\":\"WebSite\",\"@id\":\"https:\/\/exposicoes.abc.org.br\/100anos\/#website\",\"url\":\"https:\/\/exposicoes.abc.org.br\/100anos\/\",\"name\":\"Cem Anos de Ci\u00eancia\",\"description\":\"\",\"publisher\":{\"@id\":\"https:\/\/exposicoes.abc.org.br\/100anos\/#organization\"},\"potentialAction\":[{\"@type\":\"SearchAction\",\"target\":{\"@type\":\"EntryPoint\",\"urlTemplate\":\"https:\/\/exposicoes.abc.org.br\/100anos\/?s={search_term_string}\"},\"query-input\":{\"@type\":\"PropertyValueSpecification\",\"valueRequired\":true,\"valueName\":\"search_term_string\"}}],\"inLanguage\":\"pt-BR\"},{\"@type\":\"Organization\",\"@id\":\"https:\/\/exposicoes.abc.org.br\/100anos\/#organization\",\"name\":\"Academia Brasileira de Ci\u00eancias\",\"url\":\"https:\/\/exposicoes.abc.org.br\/100anos\/\",\"logo\":{\"@type\":\"ImageObject\",\"inLanguage\":\"pt-BR\",\"@id\":\"https:\/\/exposicoes.abc.org.br\/100anos\/#\/schema\/logo\/image\/\",\"url\":\"https:\/\/exposicoes.abc.org.br\/100anos\/wp-content\/uploads\/2025\/12\/logo-100-abc.png\",\"contentUrl\":\"https:\/\/exposicoes.abc.org.br\/100anos\/wp-content\/uploads\/2025\/12\/logo-100-abc.png\",\"width\":511,\"height\":116,\"caption\":\"Academia Brasileira de Ci\u00eancias\"},\"image\":{\"@id\":\"https:\/\/exposicoes.abc.org.br\/100anos\/#\/schema\/logo\/image\/\"}}]}<\/script>\n<!-- \/ Yoast SEO plugin. -->","yoast_head_json":{"title":"Frederico Carlos Hoehne | Cem Anos de Ci\u00eancia","robots":{"index":"index","follow":"follow","max-snippet":"max-snippet:-1","max-image-preview":"max-image-preview:large","max-video-preview":"max-video-preview:-1"},"canonical":"https:\/\/exposicoes.abc.org.br\/100anos\/academico\/frederico-carlos-hoehne-1882-1959\/","og_locale":"pt_BR","og_type":"article","og_title":"Frederico Carlos Hoehne | Cem Anos de Ci\u00eancia","og_description":"Frederico Carlos Hoehne (1882\u20131959) foi um bot\u00e2nico brasileiro, nascido em Juiz de Fora, Minas Gerais, um dos oito filhos de um casal de imigrantes alem\u00e3es. Foi um dos primeiros cientistas brasileiros a empreender estudos sistem\u00e1ticos, abrangentes e de longa dura\u00e7\u00e3o sobre a flora nativa. Hoehne passou d\u00e9cadas estudando continuamente a flora brasileira, alternando viagens de...","og_url":"https:\/\/exposicoes.abc.org.br\/100anos\/academico\/frederico-carlos-hoehne-1882-1959\/","og_site_name":"Cem Anos de Ci\u00eancia","article_modified_time":"2026-03-10T22:20:09+00:00","og_image":[{"width":370,"height":460,"url":"https:\/\/exposicoes.abc.org.br\/100anos\/wp-content\/uploads\/2026\/03\/Frederico-Carlos-Hoehne.png","type":"image\/png"}],"twitter_card":"summary_large_image","twitter_misc":{"Est. tempo de leitura":"2 minutos"},"schema":{"@context":"https:\/\/schema.org","@graph":[{"@type":"WebPage","@id":"https:\/\/exposicoes.abc.org.br\/100anos\/academico\/frederico-carlos-hoehne-1882-1959\/","url":"https:\/\/exposicoes.abc.org.br\/100anos\/academico\/frederico-carlos-hoehne-1882-1959\/","name":"Frederico Carlos Hoehne | Cem Anos de Ci\u00eancia","isPartOf":{"@id":"https:\/\/exposicoes.abc.org.br\/100anos\/#website"},"primaryImageOfPage":{"@id":"https:\/\/exposicoes.abc.org.br\/100anos\/academico\/frederico-carlos-hoehne-1882-1959\/#primaryimage"},"image":{"@id":"https:\/\/exposicoes.abc.org.br\/100anos\/academico\/frederico-carlos-hoehne-1882-1959\/#primaryimage"},"thumbnailUrl":"https:\/\/exposicoes.abc.org.br\/100anos\/wp-content\/uploads\/2026\/03\/Frederico-Carlos-Hoehne.png","datePublished":"2026-03-10T19:51:06+00:00","dateModified":"2026-03-10T22:20:09+00:00","breadcrumb":{"@id":"https:\/\/exposicoes.abc.org.br\/100anos\/academico\/frederico-carlos-hoehne-1882-1959\/#breadcrumb"},"inLanguage":"pt-BR","potentialAction":[{"@type":"ReadAction","target":["https:\/\/exposicoes.abc.org.br\/100anos\/academico\/frederico-carlos-hoehne-1882-1959\/"]}]},{"@type":"ImageObject","inLanguage":"pt-BR","@id":"https:\/\/exposicoes.abc.org.br\/100anos\/academico\/frederico-carlos-hoehne-1882-1959\/#primaryimage","url":"https:\/\/exposicoes.abc.org.br\/100anos\/wp-content\/uploads\/2026\/03\/Frederico-Carlos-Hoehne.png","contentUrl":"https:\/\/exposicoes.abc.org.br\/100anos\/wp-content\/uploads\/2026\/03\/Frederico-Carlos-Hoehne.png","width":370,"height":460},{"@type":"BreadcrumbList","@id":"https:\/\/exposicoes.abc.org.br\/100anos\/academico\/frederico-carlos-hoehne-1882-1959\/#breadcrumb","itemListElement":[{"@type":"ListItem","position":1,"name":"In\u00edcio","item":"https:\/\/exposicoes.abc.org.br\/100anos\/"},{"@type":"ListItem","position":2,"name":"Frederico Carlos Hoehne"}]},{"@type":"WebSite","@id":"https:\/\/exposicoes.abc.org.br\/100anos\/#website","url":"https:\/\/exposicoes.abc.org.br\/100anos\/","name":"Cem Anos de Ci\u00eancia","description":"","publisher":{"@id":"https:\/\/exposicoes.abc.org.br\/100anos\/#organization"},"potentialAction":[{"@type":"SearchAction","target":{"@type":"EntryPoint","urlTemplate":"https:\/\/exposicoes.abc.org.br\/100anos\/?s={search_term_string}"},"query-input":{"@type":"PropertyValueSpecification","valueRequired":true,"valueName":"search_term_string"}}],"inLanguage":"pt-BR"},{"@type":"Organization","@id":"https:\/\/exposicoes.abc.org.br\/100anos\/#organization","name":"Academia Brasileira de Ci\u00eancias","url":"https:\/\/exposicoes.abc.org.br\/100anos\/","logo":{"@type":"ImageObject","inLanguage":"pt-BR","@id":"https:\/\/exposicoes.abc.org.br\/100anos\/#\/schema\/logo\/image\/","url":"https:\/\/exposicoes.abc.org.br\/100anos\/wp-content\/uploads\/2025\/12\/logo-100-abc.png","contentUrl":"https:\/\/exposicoes.abc.org.br\/100anos\/wp-content\/uploads\/2025\/12\/logo-100-abc.png","width":511,"height":116,"caption":"Academia Brasileira de Ci\u00eancias"},"image":{"@id":"https:\/\/exposicoes.abc.org.br\/100anos\/#\/schema\/logo\/image\/"}}]}},"_links":{"self":[{"href":"https:\/\/exposicoes.abc.org.br\/100anos\/wp-json\/wp\/v2\/academico\/915","targetHints":{"allow":["GET"]}}],"collection":[{"href":"https:\/\/exposicoes.abc.org.br\/100anos\/wp-json\/wp\/v2\/academico"}],"about":[{"href":"https:\/\/exposicoes.abc.org.br\/100anos\/wp-json\/wp\/v2\/types\/academico"}],"version-history":[{"count":2,"href":"https:\/\/exposicoes.abc.org.br\/100anos\/wp-json\/wp\/v2\/academico\/915\/revisions"}],"predecessor-version":[{"id":942,"href":"https:\/\/exposicoes.abc.org.br\/100anos\/wp-json\/wp\/v2\/academico\/915\/revisions\/942"}],"wp:featuredmedia":[{"embeddable":true,"href":"https:\/\/exposicoes.abc.org.br\/100anos\/wp-json\/wp\/v2\/media\/916"}],"wp:attachment":[{"href":"https:\/\/exposicoes.abc.org.br\/100anos\/wp-json\/wp\/v2\/media?parent=915"}],"wp:term":[{"taxonomy":"periodo-de-presidencia","embeddable":true,"href":"https:\/\/exposicoes.abc.org.br\/100anos\/wp-json\/wp\/v2\/periodo-de-presidencia?post=915"},{"taxonomy":"periodo-de-vida","embeddable":true,"href":"https:\/\/exposicoes.abc.org.br\/100anos\/wp-json\/wp\/v2\/periodo-de-vida?post=915"},{"taxonomy":"tipo-de-academico","embeddable":true,"href":"https:\/\/exposicoes.abc.org.br\/100anos\/wp-json\/wp\/v2\/tipo-de-academico?post=915"}],"curies":[{"name":"wp","href":"https:\/\/api.w.org\/{rel}","templated":true}]}}