{"id":85,"date":"2026-01-05T17:38:39","date_gmt":"2026-01-05T20:38:39","guid":{"rendered":"https:\/\/exposicoes.abc.org.br\/100anos\/?post_type=academico&#038;p=85"},"modified":"2026-01-28T12:56:10","modified_gmt":"2026-01-28T15:56:10","slug":"henri-henrique-charles-morize","status":"publish","type":"academico","link":"https:\/\/exposicoes.abc.org.br\/100anos\/academico\/henri-henrique-charles-morize\/","title":{"rendered":"Henri (Henrique) Charles Morize"},"content":{"rendered":"\n<div class=\"wp-block-columns is-layout-flex wp-container-core-columns-is-layout-9d6595d7 wp-block-columns-is-layout-flex\">\n<div class=\"wp-block-column is-layout-flow wp-block-column-is-layout-flow\">\n<h2 class=\"wp-block-heading\">Sobre o Presidente<\/h2>\n\n\n\n<p>Henrique Morize nasceu na Fran\u00e7a e veio para o Brasil aos 14 anos, acompanhando o pai e os irm\u00e3os. Nos primeiros anos no pa\u00eds, trabalhou como ajudante na livraria Garraux e como ajudante de telegrafista na estrada de ferro do estado de S\u00e3o Paulo.<\/p>\n\n\n\n<p>Em 1881, mudou-se para o Rio de Janeiro para ingressar na Escola Polit\u00e9cnica do Rio de Janeiro, onde cursou engenharia industrial. Em raz\u00e3o de problemas de sa\u00fade e de seu ingresso, em 1884, no ent\u00e3o Imperial Observat\u00f3rio do Rio de Janeiro como aluno astr\u00f4nomo, sua forma\u00e7\u00e3o estendeu-se por dez anos.<\/p>\n\n\n\n<p>Em 1891, tornou-se astr\u00f4nomo do Observat\u00f3rio e, cinco anos depois, ingressou como substituto na Escola Polit\u00e9cnica. Em 1898, foi aprovado por concurso como catedr\u00e1tico de f\u00edsica experimental e meteorologia. Entre suas contribui\u00e7\u00f5es mais relevantes destaca-se a difus\u00e3o do uso dos raios X no Brasil.<\/p>\n<\/div>\n\n\n\n<div class=\"wp-block-column is-layout-flow wp-block-column-is-layout-flow\">\n<figure class=\"wp-block-image size-full\"><img loading=\"lazy\" decoding=\"async\" width=\"546\" height=\"619\" src=\"https:\/\/exposicoes.abc.org.br\/100anos\/wp-content\/uploads\/2026\/01\/pres-hm-asset-01.png\" alt=\"\" class=\"wp-image-211\" srcset=\"https:\/\/exposicoes.abc.org.br\/100anos\/wp-content\/uploads\/2026\/01\/pres-hm-asset-01.png 546w, https:\/\/exposicoes.abc.org.br\/100anos\/wp-content\/uploads\/2026\/01\/pres-hm-asset-01-265x300.png 265w\" sizes=\"auto, (max-width: 546px) 100vw, 546px\" \/><figcaption class=\"wp-element-caption\">Henrique Morize e a mulher, Rosa Ribeiro dos Santos, em sua primeira resid\u00eancia em Salvador, Bahia (1919). (Acervo ABC).<\/figcaption><\/figure>\n<\/div>\n<\/div>\n\n\n\n<div style=\"height:100px\" aria-hidden=\"true\" class=\"wp-block-spacer\"><\/div>\n\n\n\n<h2 class=\"wp-block-heading\">Morize e o eclipse solar<\/h2>\n\n\n\n<p>Atuou tamb\u00e9m em \u00e1reas afins \u00e0 f\u00edsica e \u00e0 astronomia, sendo pioneiro nos estudos de sismologia no pa\u00eds. Em 1905, instalou no Observat\u00f3rio do Castelo instrumentos para o registro de sismos e teve papel fundamental na organiza\u00e7\u00e3o de uma rede nacional de esta\u00e7\u00f5es meteorol\u00f3gicas.<\/p>\n\n\n\n<p>Morize acreditava que a ci\u00eancia pura no Brasil era recebida com indiferen\u00e7a ou hostilidade, sobretudo por n\u00e3o gerar enriquecimento imediato. Defendia, ao lado de outros cientistas, que esse cen\u00e1rio s\u00f3 poderia ser transformado por meio da ampla divulga\u00e7\u00e3o do conhecimento cient\u00edfico junto ao p\u00fablico em geral.&nbsp;<\/p>\n\n\n\n<p>Sua experi\u00eancia como catedr\u00e1tico e diretor do Observat\u00f3rio Nacional levou-o \u00e0 convic\u00e7\u00e3o de que o fortalecimento da ci\u00eancia pura no Brasil dependia da uni\u00e3o dos cientistas em uma entidade que os representasse. Em reuni\u00f5es informais realizadas na Escola Polit\u00e9cnica, Morize e seus colegas discutiram a cria\u00e7\u00e3o dessa associa\u00e7\u00e3o. Em 1916, fundaram a atual Academia Brasileira de Ci\u00eancias, em reuni\u00e3o no Sal\u00e3o Nobre da Escola Polit\u00e9cnica, sendo ele eleito como primeiro presidente. Ficou estabelecido que a ABC teria at\u00e9 100 s\u00f3cios efetivos, eleitos entre brasileiros de not\u00e1vel saber cient\u00edfico, al\u00e9m de s\u00f3cios honor\u00e1rios e correspondentes.&nbsp;<\/p>\n\n\n\n<p>Em 1919, escolheu Sobral (CE) como local de observa\u00e7\u00e3o do eclipse solar total e a expedi\u00e7\u00e3o foi bem-sucedida. Em 1925, recebeu Albert Einstein na nova sede do Observat\u00f3rio Nacional, ocasi\u00e3o em que o f\u00edsico = reconheceu a import\u00e2ncia das pesquisas realizadas em Sobral.<\/p>\n\n\n\n<p>Henrique Morize dirigiu o Observat\u00f3rio Nacional por 20 anos e presidiu a Academia Brasileira de Ci\u00eancias por uma d\u00e9cada, incentivando a publica\u00e7\u00e3o cient\u00edfica e consolidando o princ\u00edpio, vigente at\u00e9 hoje, de eleger para a ABC os melhores cientistas brasileiros.<\/p>\n\n\n\n<p>Faleceu no Rio de Janeiro, aos 69 anos. Em sua homenagem, a Academia Brasileira de Ci\u00eancias instituiu, em 2014, a Medalha Henrique Morize, destinada a reconhecer contribui\u00e7\u00f5es expressivas \u00e0 ABC e ao desenvolvimento da ci\u00eancia no Brasil.<\/p>\n\n\n\n<div style=\"height:100px\" aria-hidden=\"true\" class=\"wp-block-spacer\"><\/div>\n\n\n\n<blockquote class=\"wp-block-quote is-layout-flow wp-block-quote-is-layout-flow\">\n<p>Sua extensa produ\u00e7\u00e3o, que inclui artigos, resenhas, livros e discursos, reflete a preocupa\u00e7\u00e3o em fortalecer o interesse pela ci\u00eancia no Brasil. Parte dela, sobretudo os escritos produzidos nas duas primeiras d\u00e9cadas do s\u00e9culo XX, aborda temas gerais da astronomia, descritos para o p\u00fablico n\u00e3o-especializado.&nbsp;<\/p>\n<\/blockquote>\n\n\n\n<div style=\"height:100px\" aria-hidden=\"true\" class=\"wp-block-spacer\"><\/div>\n\n\n\n<div class=\"wp-block-columns is-layout-flex wp-container-core-columns-is-layout-9d6595d7 wp-block-columns-is-layout-flex\">\n<div class=\"wp-block-column is-layout-flow wp-block-column-is-layout-flow\">\n<figure class=\"wp-block-image size-large\"><img loading=\"lazy\" decoding=\"async\" width=\"1024\" height=\"688\" src=\"https:\/\/exposicoes.abc.org.br\/100anos\/wp-content\/uploads\/2026\/01\/pres-hm-asset-02-1024x688.png\" alt=\"\" class=\"wp-image-212\" srcset=\"https:\/\/exposicoes.abc.org.br\/100anos\/wp-content\/uploads\/2026\/01\/pres-hm-asset-02-1024x688.png 1024w, https:\/\/exposicoes.abc.org.br\/100anos\/wp-content\/uploads\/2026\/01\/pres-hm-asset-02-300x202.png 300w, https:\/\/exposicoes.abc.org.br\/100anos\/wp-content\/uploads\/2026\/01\/pres-hm-asset-02-768x516.png 768w, https:\/\/exposicoes.abc.org.br\/100anos\/wp-content\/uploads\/2026\/01\/pres-hm-asset-02.png 1116w\" sizes=\"auto, (max-width: 1024px) 100vw, 1024px\" \/><figcaption class=\"wp-element-caption\"><br>Observat\u00f3rio Nacional, do qual Morize foi diretor (Carlos luis m. c. da cruz)<br>charge na capa de o malho (13\/10\/1923) homenageia o cientista. (acervo biblioteca nacional)<\/figcaption><\/figure>\n<\/div>\n<\/div>\n\n\n\n<div style=\"height:100px\" aria-hidden=\"true\" class=\"wp-block-spacer\"><\/div>\n","protected":false},"excerpt":{"rendered":"<p>Sobre o Presidente Henrique Morize nasceu na Fran\u00e7a e veio para o Brasil aos 14 anos, acompanhando o pai e os irm\u00e3os. Nos primeiros anos no pa\u00eds, trabalhou como ajudante na livraria Garraux e como ajudante de telegrafista na estrada de ferro do estado de S\u00e3o Paulo. Em 1881, mudou-se para o Rio de Janeiro&#8230;<\/p>\n","protected":false},"featured_media":48,"parent":0,"template":"","meta":{"_acf_changed":false,"footnotes":""},"periodo-de-presidencia":[17],"periodo-de-vida":[18],"tipo-de-academico":[6,3],"class_list":["post-85","academico","type-academico","status-publish","has-post-thumbnail","hentry","periodo-de-presidencia-1916-1926","periodo-de-vida-1860-1930","tipo-de-academico-membros-fundadores","tipo-de-academico-presidentes-da-abc"],"acf":[],"yoast_head":"<!-- This site is optimized with the Yoast SEO plugin v26.8 - https:\/\/yoast.com\/product\/yoast-seo-wordpress\/ -->\n<title>Henri (Henrique) Charles Morize | Cem Anos de Ci\u00eancia<\/title>\n<meta name=\"robots\" content=\"index, follow, max-snippet:-1, max-image-preview:large, max-video-preview:-1\" \/>\n<link rel=\"canonical\" href=\"https:\/\/exposicoes.abc.org.br\/100anos\/academico\/henri-henrique-charles-morize\/\" \/>\n<meta property=\"og:locale\" content=\"pt_BR\" \/>\n<meta property=\"og:type\" content=\"article\" \/>\n<meta property=\"og:title\" content=\"Henri (Henrique) Charles Morize | Cem Anos de Ci\u00eancia\" \/>\n<meta property=\"og:description\" content=\"Sobre o Presidente Henrique Morize nasceu na Fran\u00e7a e veio para o Brasil aos 14 anos, acompanhando o pai e os irm\u00e3os. Nos primeiros anos no pa\u00eds, trabalhou como ajudante na livraria Garraux e como ajudante de telegrafista na estrada de ferro do estado de S\u00e3o Paulo. Em 1881, mudou-se para o Rio de Janeiro...\" \/>\n<meta property=\"og:url\" content=\"https:\/\/exposicoes.abc.org.br\/100anos\/academico\/henri-henrique-charles-morize\/\" \/>\n<meta property=\"og:site_name\" content=\"Cem Anos de Ci\u00eancia\" \/>\n<meta property=\"article:modified_time\" content=\"2026-01-28T15:56:10+00:00\" \/>\n<meta property=\"og:image\" content=\"https:\/\/exposicoes.abc.org.br\/100anos\/wp-content\/uploads\/2025\/12\/academico-03.png\" \/>\n\t<meta property=\"og:image:width\" content=\"354\" \/>\n\t<meta property=\"og:image:height\" content=\"552\" \/>\n\t<meta property=\"og:image:type\" content=\"image\/png\" \/>\n<meta name=\"twitter:card\" content=\"summary_large_image\" \/>\n<meta name=\"twitter:label1\" content=\"Est. tempo de leitura\" \/>\n\t<meta name=\"twitter:data1\" content=\"4 minutos\" \/>\n<script type=\"application\/ld+json\" class=\"yoast-schema-graph\">{\"@context\":\"https:\/\/schema.org\",\"@graph\":[{\"@type\":\"WebPage\",\"@id\":\"https:\/\/exposicoes.abc.org.br\/100anos\/academico\/henri-henrique-charles-morize\/\",\"url\":\"https:\/\/exposicoes.abc.org.br\/100anos\/academico\/henri-henrique-charles-morize\/\",\"name\":\"Henri (Henrique) Charles Morize | Cem Anos de Ci\u00eancia\",\"isPartOf\":{\"@id\":\"https:\/\/exposicoes.abc.org.br\/100anos\/#website\"},\"primaryImageOfPage\":{\"@id\":\"https:\/\/exposicoes.abc.org.br\/100anos\/academico\/henri-henrique-charles-morize\/#primaryimage\"},\"image\":{\"@id\":\"https:\/\/exposicoes.abc.org.br\/100anos\/academico\/henri-henrique-charles-morize\/#primaryimage\"},\"thumbnailUrl\":\"https:\/\/exposicoes.abc.org.br\/100anos\/wp-content\/uploads\/2025\/12\/academico-03.png\",\"datePublished\":\"2026-01-05T20:38:39+00:00\",\"dateModified\":\"2026-01-28T15:56:10+00:00\",\"breadcrumb\":{\"@id\":\"https:\/\/exposicoes.abc.org.br\/100anos\/academico\/henri-henrique-charles-morize\/#breadcrumb\"},\"inLanguage\":\"pt-BR\",\"potentialAction\":[{\"@type\":\"ReadAction\",\"target\":[\"https:\/\/exposicoes.abc.org.br\/100anos\/academico\/henri-henrique-charles-morize\/\"]}]},{\"@type\":\"ImageObject\",\"inLanguage\":\"pt-BR\",\"@id\":\"https:\/\/exposicoes.abc.org.br\/100anos\/academico\/henri-henrique-charles-morize\/#primaryimage\",\"url\":\"https:\/\/exposicoes.abc.org.br\/100anos\/wp-content\/uploads\/2025\/12\/academico-03.png\",\"contentUrl\":\"https:\/\/exposicoes.abc.org.br\/100anos\/wp-content\/uploads\/2025\/12\/academico-03.png\",\"width\":354,\"height\":552},{\"@type\":\"BreadcrumbList\",\"@id\":\"https:\/\/exposicoes.abc.org.br\/100anos\/academico\/henri-henrique-charles-morize\/#breadcrumb\",\"itemListElement\":[{\"@type\":\"ListItem\",\"position\":1,\"name\":\"In\u00edcio\",\"item\":\"https:\/\/exposicoes.abc.org.br\/100anos\/\"},{\"@type\":\"ListItem\",\"position\":2,\"name\":\"Henri (Henrique) Charles Morize\"}]},{\"@type\":\"WebSite\",\"@id\":\"https:\/\/exposicoes.abc.org.br\/100anos\/#website\",\"url\":\"https:\/\/exposicoes.abc.org.br\/100anos\/\",\"name\":\"Cem Anos de Ci\u00eancia\",\"description\":\"\",\"publisher\":{\"@id\":\"https:\/\/exposicoes.abc.org.br\/100anos\/#organization\"},\"potentialAction\":[{\"@type\":\"SearchAction\",\"target\":{\"@type\":\"EntryPoint\",\"urlTemplate\":\"https:\/\/exposicoes.abc.org.br\/100anos\/?s={search_term_string}\"},\"query-input\":{\"@type\":\"PropertyValueSpecification\",\"valueRequired\":true,\"valueName\":\"search_term_string\"}}],\"inLanguage\":\"pt-BR\"},{\"@type\":\"Organization\",\"@id\":\"https:\/\/exposicoes.abc.org.br\/100anos\/#organization\",\"name\":\"Academia Brasileira de Ci\u00eancias\",\"url\":\"https:\/\/exposicoes.abc.org.br\/100anos\/\",\"logo\":{\"@type\":\"ImageObject\",\"inLanguage\":\"pt-BR\",\"@id\":\"https:\/\/exposicoes.abc.org.br\/100anos\/#\/schema\/logo\/image\/\",\"url\":\"https:\/\/exposicoes.abc.org.br\/100anos\/wp-content\/uploads\/2025\/12\/logo-100-abc.png\",\"contentUrl\":\"https:\/\/exposicoes.abc.org.br\/100anos\/wp-content\/uploads\/2025\/12\/logo-100-abc.png\",\"width\":511,\"height\":116,\"caption\":\"Academia Brasileira de Ci\u00eancias\"},\"image\":{\"@id\":\"https:\/\/exposicoes.abc.org.br\/100anos\/#\/schema\/logo\/image\/\"}}]}<\/script>\n<!-- \/ Yoast SEO plugin. -->","yoast_head_json":{"title":"Henri (Henrique) Charles Morize | Cem Anos de Ci\u00eancia","robots":{"index":"index","follow":"follow","max-snippet":"max-snippet:-1","max-image-preview":"max-image-preview:large","max-video-preview":"max-video-preview:-1"},"canonical":"https:\/\/exposicoes.abc.org.br\/100anos\/academico\/henri-henrique-charles-morize\/","og_locale":"pt_BR","og_type":"article","og_title":"Henri (Henrique) Charles Morize | Cem Anos de Ci\u00eancia","og_description":"Sobre o Presidente Henrique Morize nasceu na Fran\u00e7a e veio para o Brasil aos 14 anos, acompanhando o pai e os irm\u00e3os. Nos primeiros anos no pa\u00eds, trabalhou como ajudante na livraria Garraux e como ajudante de telegrafista na estrada de ferro do estado de S\u00e3o Paulo. Em 1881, mudou-se para o Rio de Janeiro...","og_url":"https:\/\/exposicoes.abc.org.br\/100anos\/academico\/henri-henrique-charles-morize\/","og_site_name":"Cem Anos de Ci\u00eancia","article_modified_time":"2026-01-28T15:56:10+00:00","og_image":[{"width":354,"height":552,"url":"https:\/\/exposicoes.abc.org.br\/100anos\/wp-content\/uploads\/2025\/12\/academico-03.png","type":"image\/png"}],"twitter_card":"summary_large_image","twitter_misc":{"Est. tempo de leitura":"4 minutos"},"schema":{"@context":"https:\/\/schema.org","@graph":[{"@type":"WebPage","@id":"https:\/\/exposicoes.abc.org.br\/100anos\/academico\/henri-henrique-charles-morize\/","url":"https:\/\/exposicoes.abc.org.br\/100anos\/academico\/henri-henrique-charles-morize\/","name":"Henri (Henrique) Charles Morize | Cem Anos de Ci\u00eancia","isPartOf":{"@id":"https:\/\/exposicoes.abc.org.br\/100anos\/#website"},"primaryImageOfPage":{"@id":"https:\/\/exposicoes.abc.org.br\/100anos\/academico\/henri-henrique-charles-morize\/#primaryimage"},"image":{"@id":"https:\/\/exposicoes.abc.org.br\/100anos\/academico\/henri-henrique-charles-morize\/#primaryimage"},"thumbnailUrl":"https:\/\/exposicoes.abc.org.br\/100anos\/wp-content\/uploads\/2025\/12\/academico-03.png","datePublished":"2026-01-05T20:38:39+00:00","dateModified":"2026-01-28T15:56:10+00:00","breadcrumb":{"@id":"https:\/\/exposicoes.abc.org.br\/100anos\/academico\/henri-henrique-charles-morize\/#breadcrumb"},"inLanguage":"pt-BR","potentialAction":[{"@type":"ReadAction","target":["https:\/\/exposicoes.abc.org.br\/100anos\/academico\/henri-henrique-charles-morize\/"]}]},{"@type":"ImageObject","inLanguage":"pt-BR","@id":"https:\/\/exposicoes.abc.org.br\/100anos\/academico\/henri-henrique-charles-morize\/#primaryimage","url":"https:\/\/exposicoes.abc.org.br\/100anos\/wp-content\/uploads\/2025\/12\/academico-03.png","contentUrl":"https:\/\/exposicoes.abc.org.br\/100anos\/wp-content\/uploads\/2025\/12\/academico-03.png","width":354,"height":552},{"@type":"BreadcrumbList","@id":"https:\/\/exposicoes.abc.org.br\/100anos\/academico\/henri-henrique-charles-morize\/#breadcrumb","itemListElement":[{"@type":"ListItem","position":1,"name":"In\u00edcio","item":"https:\/\/exposicoes.abc.org.br\/100anos\/"},{"@type":"ListItem","position":2,"name":"Henri (Henrique) Charles Morize"}]},{"@type":"WebSite","@id":"https:\/\/exposicoes.abc.org.br\/100anos\/#website","url":"https:\/\/exposicoes.abc.org.br\/100anos\/","name":"Cem Anos de Ci\u00eancia","description":"","publisher":{"@id":"https:\/\/exposicoes.abc.org.br\/100anos\/#organization"},"potentialAction":[{"@type":"SearchAction","target":{"@type":"EntryPoint","urlTemplate":"https:\/\/exposicoes.abc.org.br\/100anos\/?s={search_term_string}"},"query-input":{"@type":"PropertyValueSpecification","valueRequired":true,"valueName":"search_term_string"}}],"inLanguage":"pt-BR"},{"@type":"Organization","@id":"https:\/\/exposicoes.abc.org.br\/100anos\/#organization","name":"Academia Brasileira de Ci\u00eancias","url":"https:\/\/exposicoes.abc.org.br\/100anos\/","logo":{"@type":"ImageObject","inLanguage":"pt-BR","@id":"https:\/\/exposicoes.abc.org.br\/100anos\/#\/schema\/logo\/image\/","url":"https:\/\/exposicoes.abc.org.br\/100anos\/wp-content\/uploads\/2025\/12\/logo-100-abc.png","contentUrl":"https:\/\/exposicoes.abc.org.br\/100anos\/wp-content\/uploads\/2025\/12\/logo-100-abc.png","width":511,"height":116,"caption":"Academia Brasileira de Ci\u00eancias"},"image":{"@id":"https:\/\/exposicoes.abc.org.br\/100anos\/#\/schema\/logo\/image\/"}}]}},"_links":{"self":[{"href":"https:\/\/exposicoes.abc.org.br\/100anos\/wp-json\/wp\/v2\/academico\/85","targetHints":{"allow":["GET"]}}],"collection":[{"href":"https:\/\/exposicoes.abc.org.br\/100anos\/wp-json\/wp\/v2\/academico"}],"about":[{"href":"https:\/\/exposicoes.abc.org.br\/100anos\/wp-json\/wp\/v2\/types\/academico"}],"version-history":[{"count":8,"href":"https:\/\/exposicoes.abc.org.br\/100anos\/wp-json\/wp\/v2\/academico\/85\/revisions"}],"predecessor-version":[{"id":748,"href":"https:\/\/exposicoes.abc.org.br\/100anos\/wp-json\/wp\/v2\/academico\/85\/revisions\/748"}],"wp:featuredmedia":[{"embeddable":true,"href":"https:\/\/exposicoes.abc.org.br\/100anos\/wp-json\/wp\/v2\/media\/48"}],"wp:attachment":[{"href":"https:\/\/exposicoes.abc.org.br\/100anos\/wp-json\/wp\/v2\/media?parent=85"}],"wp:term":[{"taxonomy":"periodo-de-presidencia","embeddable":true,"href":"https:\/\/exposicoes.abc.org.br\/100anos\/wp-json\/wp\/v2\/periodo-de-presidencia?post=85"},{"taxonomy":"periodo-de-vida","embeddable":true,"href":"https:\/\/exposicoes.abc.org.br\/100anos\/wp-json\/wp\/v2\/periodo-de-vida?post=85"},{"taxonomy":"tipo-de-academico","embeddable":true,"href":"https:\/\/exposicoes.abc.org.br\/100anos\/wp-json\/wp\/v2\/tipo-de-academico?post=85"}],"curies":[{"name":"wp","href":"https:\/\/api.w.org\/{rel}","templated":true}]}}