{"id":846,"date":"2026-02-05T15:14:09","date_gmt":"2026-02-05T18:14:09","guid":{"rendered":"https:\/\/exposicoes.abc.org.br\/100anos\/?post_type=academico&#038;p=846"},"modified":"2026-02-05T15:14:10","modified_gmt":"2026-02-05T18:14:10","slug":"marta-vannucci","status":"publish","type":"academico","link":"https:\/\/exposicoes.abc.org.br\/100anos\/academico\/marta-vannucci\/","title":{"rendered":"Marta Vannucci"},"content":{"rendered":"\n<p>Marta Vannucci nasceu em Floren\u00e7a, na It\u00e1lia. Ainda crian\u00e7a, em 1927, migrou com a fam\u00edlia para o Brasil em raz\u00e3o da ascens\u00e3o do fascismo na It\u00e1lia. Filha de um m\u00e9dico cirurgi\u00e3o, livre-docente das universidades de P\u00e1dua e Floren\u00e7a, cresceu em um ambiente intelectual que marcou profundamente sua forma\u00e7\u00e3o cient\u00edfica. O pai, que atuava no Hospital Matarazzo, faleceu em 1937, epis\u00f3dio que, segundo a pr\u00f3pria Marta, foi decisivo para sua trajet\u00f3ria: \u201cQuem realmente formou minha alma de cientista foi meu pai\u201d.<\/p>\n\n\n\n<p>Realizou o ensino fundamental no Col\u00e9gio Dante Alighieri, em S\u00e3o Paulo, e ingressou na Faculdade de Filosofia, Ci\u00eancias e Letras da Universidade de S\u00e3o Paulo (USP). Aos 25 anos, em 1944, obteve o doutorado em zoologia pela USP, sob a orienta\u00e7\u00e3o de Ernest Marcus, com a tese \u201cHydroida Thecaphora do Brasil\u201d. Atuou como assistente de Marcus entre 1944 e 1950.<\/p>\n\n\n\n<p>Ap\u00f3s o doutorado, foi convidada a integrar o ent\u00e3o Instituto Paulista de Oceanografia, que viria a se tornar o Instituto Oceanogr\u00e1fico da USP. Sob a dire\u00e7\u00e3o de Wladimir Besnard, dedicou-se inicialmente ao estudo dos manguezais da regi\u00e3o de Cananeia, especializa\u00e7\u00e3o que a tornaria refer\u00eancia internacional. Em 1956, recebeu bolsa da Unesco para pesquisas na Esta\u00e7\u00e3o de Biologia Marinha de Millport, na Esc\u00f3cia, visitando importantes centros cient\u00edficos europeus.<\/p>\n\n\n\n<p>Nos anos 1960, j\u00e1 como diretora do Instituto Oceanogr\u00e1fico, teve papel central na consolida\u00e7\u00e3o da oceanografia no Brasil. Negociou a aquisi\u00e7\u00e3o e acompanhou a constru\u00e7\u00e3o do navio de pesquisas <em>Professor Wladimir Besnard<\/em> e ampliou os estudos em pl\u00e2ncton e ecossistemas costeiros. Em articula\u00e7\u00e3o com Wladimir Besnard, contribuiu decisivamente para a incorpora\u00e7\u00e3o do Instituto Oceanogr\u00e1fico \u00e0 USP, em 1951, por meio da Lei n\u00ba 1.310, que tamb\u00e9m criou o CNPq.<\/p>\n\n\n\n<p>Em 1969, Marta Vannucci iniciou uma extensa atua\u00e7\u00e3o internacional junto \u00e0 Unesco. Entre 1970 e os anos seguintes, ocupou cargos de alto n\u00edvel como Perita em Ci\u00eancias do Mar, diretora do escrit\u00f3rio regional da Unesco em Nova Delhi e consultora t\u00e9cnica chefe de programas das Na\u00e7\u00f5es Unidas para a \u00c1sia e o Pac\u00edfico voltados aos manguezais. Atuou ainda como gestora de projetos para o Programa das Na\u00e7\u00f5es Unidas para o Desenvolvimento (PNUD) e para a International Society for Mangrove Ecosystems (ISME), da qual se tornou vice-presidente, cargo que continuou a exercer ap\u00f3s sua aposentadoria, em 1990.<\/p>\n\n\n\n<p>Ao longo da carreira, realizou pesquisas em zoologia, biologia marinha e oceanografia biol\u00f3gica no Brasil, Estados Unidos, M\u00e9xico, pa\u00edses da Am\u00e9rica Central, Europa, sul e sudeste asi\u00e1tico, Austr\u00e1lia, Jap\u00e3o e ilhas do Pac\u00edfico. Publicou cerca de 100 trabalhos cient\u00edficos, orientou doutorandos em diversos pa\u00edses e atuou intensamente na divulga\u00e7\u00e3o cient\u00edfica. Nos \u00faltimos anos, dedicou-se tamb\u00e9m ao estudo de textos v\u00e9dicos e culturas tradicionais do Himalaia, publicando dois livros na \u00cdndia.<\/p>\n\n\n\n<p>Primeira mulher a tornar-se membro titular da Academia Brasileira de Ci\u00eancias, Marta Vannucci foi agraciada com a Gr\u00e3-Cruz Oficial da Ordem Nacional do M\u00e9rito Cient\u00edfico. Seu legado permanece vivo tanto na ci\u00eancia brasileira quanto na promo\u00e7\u00e3o da participa\u00e7\u00e3o feminina nas ci\u00eancias do mar, sendo celebrado pelo Pr\u00eamio Marta Vannucci para Mulheres na Ci\u00eancia do Oceano, criado em 2021. Marta Vannucci faleceu em S\u00e3o Paulo, aos 99 anos.<\/p>\n","protected":false},"excerpt":{"rendered":"<p>Marta Vannucci nasceu em Floren\u00e7a, na It\u00e1lia. Ainda crian\u00e7a, em 1927, migrou com a fam\u00edlia para o Brasil em raz\u00e3o da ascens\u00e3o do fascismo na It\u00e1lia. Filha de um m\u00e9dico cirurgi\u00e3o, livre-docente das universidades de P\u00e1dua e Floren\u00e7a, cresceu em um ambiente intelectual que marcou profundamente sua forma\u00e7\u00e3o cient\u00edfica. O pai, que atuava no Hospital&#8230;<\/p>\n","protected":false},"featured_media":809,"parent":0,"template":"","meta":{"_acf_changed":false,"footnotes":""},"periodo-de-presidencia":[],"periodo-de-vida":[102],"tipo-de-academico":[4,5],"class_list":["post-846","academico","type-academico","status-publish","has-post-thumbnail","hentry","periodo-de-vida-1921-2021","tipo-de-academico-cientistas-de-destaque","tipo-de-academico-primeiras-academicas"],"acf":[],"yoast_head":"<!-- This site is optimized with the Yoast SEO plugin v26.8 - https:\/\/yoast.com\/product\/yoast-seo-wordpress\/ -->\n<title>Marta Vannucci | Cem Anos de Ci\u00eancia<\/title>\n<meta name=\"robots\" content=\"index, follow, max-snippet:-1, max-image-preview:large, max-video-preview:-1\" \/>\n<link rel=\"canonical\" href=\"https:\/\/exposicoes.abc.org.br\/100anos\/academico\/marta-vannucci\/\" \/>\n<meta property=\"og:locale\" content=\"pt_BR\" \/>\n<meta property=\"og:type\" content=\"article\" \/>\n<meta property=\"og:title\" content=\"Marta Vannucci | Cem Anos de Ci\u00eancia\" \/>\n<meta property=\"og:description\" content=\"Marta Vannucci nasceu em Floren\u00e7a, na It\u00e1lia. Ainda crian\u00e7a, em 1927, migrou com a fam\u00edlia para o Brasil em raz\u00e3o da ascens\u00e3o do fascismo na It\u00e1lia. Filha de um m\u00e9dico cirurgi\u00e3o, livre-docente das universidades de P\u00e1dua e Floren\u00e7a, cresceu em um ambiente intelectual que marcou profundamente sua forma\u00e7\u00e3o cient\u00edfica. O pai, que atuava no Hospital...\" \/>\n<meta property=\"og:url\" content=\"https:\/\/exposicoes.abc.org.br\/100anos\/academico\/marta-vannucci\/\" \/>\n<meta property=\"og:site_name\" content=\"Cem Anos de Ci\u00eancia\" \/>\n<meta property=\"article:modified_time\" content=\"2026-02-05T18:14:10+00:00\" \/>\n<meta property=\"og:image\" content=\"https:\/\/exposicoes.abc.org.br\/100anos\/wp-content\/uploads\/2026\/02\/marta-vannucci-c-IA.png\" \/>\n\t<meta property=\"og:image:width\" content=\"814\" \/>\n\t<meta property=\"og:image:height\" content=\"1083\" \/>\n\t<meta property=\"og:image:type\" content=\"image\/png\" \/>\n<meta name=\"twitter:card\" content=\"summary_large_image\" \/>\n<meta name=\"twitter:label1\" content=\"Est. tempo de leitura\" \/>\n\t<meta name=\"twitter:data1\" content=\"3 minutos\" \/>\n<script type=\"application\/ld+json\" class=\"yoast-schema-graph\">{\"@context\":\"https:\/\/schema.org\",\"@graph\":[{\"@type\":\"WebPage\",\"@id\":\"https:\/\/exposicoes.abc.org.br\/100anos\/academico\/marta-vannucci\/\",\"url\":\"https:\/\/exposicoes.abc.org.br\/100anos\/academico\/marta-vannucci\/\",\"name\":\"Marta Vannucci | Cem Anos de Ci\u00eancia\",\"isPartOf\":{\"@id\":\"https:\/\/exposicoes.abc.org.br\/100anos\/#website\"},\"primaryImageOfPage\":{\"@id\":\"https:\/\/exposicoes.abc.org.br\/100anos\/academico\/marta-vannucci\/#primaryimage\"},\"image\":{\"@id\":\"https:\/\/exposicoes.abc.org.br\/100anos\/academico\/marta-vannucci\/#primaryimage\"},\"thumbnailUrl\":\"https:\/\/exposicoes.abc.org.br\/100anos\/wp-content\/uploads\/2026\/02\/marta-vannucci-c-IA.png\",\"datePublished\":\"2026-02-05T18:14:09+00:00\",\"dateModified\":\"2026-02-05T18:14:10+00:00\",\"breadcrumb\":{\"@id\":\"https:\/\/exposicoes.abc.org.br\/100anos\/academico\/marta-vannucci\/#breadcrumb\"},\"inLanguage\":\"pt-BR\",\"potentialAction\":[{\"@type\":\"ReadAction\",\"target\":[\"https:\/\/exposicoes.abc.org.br\/100anos\/academico\/marta-vannucci\/\"]}]},{\"@type\":\"ImageObject\",\"inLanguage\":\"pt-BR\",\"@id\":\"https:\/\/exposicoes.abc.org.br\/100anos\/academico\/marta-vannucci\/#primaryimage\",\"url\":\"https:\/\/exposicoes.abc.org.br\/100anos\/wp-content\/uploads\/2026\/02\/marta-vannucci-c-IA.png\",\"contentUrl\":\"https:\/\/exposicoes.abc.org.br\/100anos\/wp-content\/uploads\/2026\/02\/marta-vannucci-c-IA.png\",\"width\":814,\"height\":1083},{\"@type\":\"BreadcrumbList\",\"@id\":\"https:\/\/exposicoes.abc.org.br\/100anos\/academico\/marta-vannucci\/#breadcrumb\",\"itemListElement\":[{\"@type\":\"ListItem\",\"position\":1,\"name\":\"In\u00edcio\",\"item\":\"https:\/\/exposicoes.abc.org.br\/100anos\/\"},{\"@type\":\"ListItem\",\"position\":2,\"name\":\"Marta Vannucci\"}]},{\"@type\":\"WebSite\",\"@id\":\"https:\/\/exposicoes.abc.org.br\/100anos\/#website\",\"url\":\"https:\/\/exposicoes.abc.org.br\/100anos\/\",\"name\":\"Cem Anos de Ci\u00eancia\",\"description\":\"\",\"publisher\":{\"@id\":\"https:\/\/exposicoes.abc.org.br\/100anos\/#organization\"},\"potentialAction\":[{\"@type\":\"SearchAction\",\"target\":{\"@type\":\"EntryPoint\",\"urlTemplate\":\"https:\/\/exposicoes.abc.org.br\/100anos\/?s={search_term_string}\"},\"query-input\":{\"@type\":\"PropertyValueSpecification\",\"valueRequired\":true,\"valueName\":\"search_term_string\"}}],\"inLanguage\":\"pt-BR\"},{\"@type\":\"Organization\",\"@id\":\"https:\/\/exposicoes.abc.org.br\/100anos\/#organization\",\"name\":\"Academia Brasileira de Ci\u00eancias\",\"url\":\"https:\/\/exposicoes.abc.org.br\/100anos\/\",\"logo\":{\"@type\":\"ImageObject\",\"inLanguage\":\"pt-BR\",\"@id\":\"https:\/\/exposicoes.abc.org.br\/100anos\/#\/schema\/logo\/image\/\",\"url\":\"https:\/\/exposicoes.abc.org.br\/100anos\/wp-content\/uploads\/2025\/12\/logo-100-abc.png\",\"contentUrl\":\"https:\/\/exposicoes.abc.org.br\/100anos\/wp-content\/uploads\/2025\/12\/logo-100-abc.png\",\"width\":511,\"height\":116,\"caption\":\"Academia Brasileira de Ci\u00eancias\"},\"image\":{\"@id\":\"https:\/\/exposicoes.abc.org.br\/100anos\/#\/schema\/logo\/image\/\"}}]}<\/script>\n<!-- \/ Yoast SEO plugin. -->","yoast_head_json":{"title":"Marta Vannucci | Cem Anos de Ci\u00eancia","robots":{"index":"index","follow":"follow","max-snippet":"max-snippet:-1","max-image-preview":"max-image-preview:large","max-video-preview":"max-video-preview:-1"},"canonical":"https:\/\/exposicoes.abc.org.br\/100anos\/academico\/marta-vannucci\/","og_locale":"pt_BR","og_type":"article","og_title":"Marta Vannucci | Cem Anos de Ci\u00eancia","og_description":"Marta Vannucci nasceu em Floren\u00e7a, na It\u00e1lia. Ainda crian\u00e7a, em 1927, migrou com a fam\u00edlia para o Brasil em raz\u00e3o da ascens\u00e3o do fascismo na It\u00e1lia. Filha de um m\u00e9dico cirurgi\u00e3o, livre-docente das universidades de P\u00e1dua e Floren\u00e7a, cresceu em um ambiente intelectual que marcou profundamente sua forma\u00e7\u00e3o cient\u00edfica. O pai, que atuava no Hospital...","og_url":"https:\/\/exposicoes.abc.org.br\/100anos\/academico\/marta-vannucci\/","og_site_name":"Cem Anos de Ci\u00eancia","article_modified_time":"2026-02-05T18:14:10+00:00","og_image":[{"width":814,"height":1083,"url":"https:\/\/exposicoes.abc.org.br\/100anos\/wp-content\/uploads\/2026\/02\/marta-vannucci-c-IA.png","type":"image\/png"}],"twitter_card":"summary_large_image","twitter_misc":{"Est. tempo de leitura":"3 minutos"},"schema":{"@context":"https:\/\/schema.org","@graph":[{"@type":"WebPage","@id":"https:\/\/exposicoes.abc.org.br\/100anos\/academico\/marta-vannucci\/","url":"https:\/\/exposicoes.abc.org.br\/100anos\/academico\/marta-vannucci\/","name":"Marta Vannucci | Cem Anos de Ci\u00eancia","isPartOf":{"@id":"https:\/\/exposicoes.abc.org.br\/100anos\/#website"},"primaryImageOfPage":{"@id":"https:\/\/exposicoes.abc.org.br\/100anos\/academico\/marta-vannucci\/#primaryimage"},"image":{"@id":"https:\/\/exposicoes.abc.org.br\/100anos\/academico\/marta-vannucci\/#primaryimage"},"thumbnailUrl":"https:\/\/exposicoes.abc.org.br\/100anos\/wp-content\/uploads\/2026\/02\/marta-vannucci-c-IA.png","datePublished":"2026-02-05T18:14:09+00:00","dateModified":"2026-02-05T18:14:10+00:00","breadcrumb":{"@id":"https:\/\/exposicoes.abc.org.br\/100anos\/academico\/marta-vannucci\/#breadcrumb"},"inLanguage":"pt-BR","potentialAction":[{"@type":"ReadAction","target":["https:\/\/exposicoes.abc.org.br\/100anos\/academico\/marta-vannucci\/"]}]},{"@type":"ImageObject","inLanguage":"pt-BR","@id":"https:\/\/exposicoes.abc.org.br\/100anos\/academico\/marta-vannucci\/#primaryimage","url":"https:\/\/exposicoes.abc.org.br\/100anos\/wp-content\/uploads\/2026\/02\/marta-vannucci-c-IA.png","contentUrl":"https:\/\/exposicoes.abc.org.br\/100anos\/wp-content\/uploads\/2026\/02\/marta-vannucci-c-IA.png","width":814,"height":1083},{"@type":"BreadcrumbList","@id":"https:\/\/exposicoes.abc.org.br\/100anos\/academico\/marta-vannucci\/#breadcrumb","itemListElement":[{"@type":"ListItem","position":1,"name":"In\u00edcio","item":"https:\/\/exposicoes.abc.org.br\/100anos\/"},{"@type":"ListItem","position":2,"name":"Marta Vannucci"}]},{"@type":"WebSite","@id":"https:\/\/exposicoes.abc.org.br\/100anos\/#website","url":"https:\/\/exposicoes.abc.org.br\/100anos\/","name":"Cem Anos de Ci\u00eancia","description":"","publisher":{"@id":"https:\/\/exposicoes.abc.org.br\/100anos\/#organization"},"potentialAction":[{"@type":"SearchAction","target":{"@type":"EntryPoint","urlTemplate":"https:\/\/exposicoes.abc.org.br\/100anos\/?s={search_term_string}"},"query-input":{"@type":"PropertyValueSpecification","valueRequired":true,"valueName":"search_term_string"}}],"inLanguage":"pt-BR"},{"@type":"Organization","@id":"https:\/\/exposicoes.abc.org.br\/100anos\/#organization","name":"Academia Brasileira de Ci\u00eancias","url":"https:\/\/exposicoes.abc.org.br\/100anos\/","logo":{"@type":"ImageObject","inLanguage":"pt-BR","@id":"https:\/\/exposicoes.abc.org.br\/100anos\/#\/schema\/logo\/image\/","url":"https:\/\/exposicoes.abc.org.br\/100anos\/wp-content\/uploads\/2025\/12\/logo-100-abc.png","contentUrl":"https:\/\/exposicoes.abc.org.br\/100anos\/wp-content\/uploads\/2025\/12\/logo-100-abc.png","width":511,"height":116,"caption":"Academia Brasileira de Ci\u00eancias"},"image":{"@id":"https:\/\/exposicoes.abc.org.br\/100anos\/#\/schema\/logo\/image\/"}}]}},"_links":{"self":[{"href":"https:\/\/exposicoes.abc.org.br\/100anos\/wp-json\/wp\/v2\/academico\/846","targetHints":{"allow":["GET"]}}],"collection":[{"href":"https:\/\/exposicoes.abc.org.br\/100anos\/wp-json\/wp\/v2\/academico"}],"about":[{"href":"https:\/\/exposicoes.abc.org.br\/100anos\/wp-json\/wp\/v2\/types\/academico"}],"version-history":[{"count":1,"href":"https:\/\/exposicoes.abc.org.br\/100anos\/wp-json\/wp\/v2\/academico\/846\/revisions"}],"predecessor-version":[{"id":847,"href":"https:\/\/exposicoes.abc.org.br\/100anos\/wp-json\/wp\/v2\/academico\/846\/revisions\/847"}],"wp:featuredmedia":[{"embeddable":true,"href":"https:\/\/exposicoes.abc.org.br\/100anos\/wp-json\/wp\/v2\/media\/809"}],"wp:attachment":[{"href":"https:\/\/exposicoes.abc.org.br\/100anos\/wp-json\/wp\/v2\/media?parent=846"}],"wp:term":[{"taxonomy":"periodo-de-presidencia","embeddable":true,"href":"https:\/\/exposicoes.abc.org.br\/100anos\/wp-json\/wp\/v2\/periodo-de-presidencia?post=846"},{"taxonomy":"periodo-de-vida","embeddable":true,"href":"https:\/\/exposicoes.abc.org.br\/100anos\/wp-json\/wp\/v2\/periodo-de-vida?post=846"},{"taxonomy":"tipo-de-academico","embeddable":true,"href":"https:\/\/exposicoes.abc.org.br\/100anos\/wp-json\/wp\/v2\/tipo-de-academico?post=846"}],"curies":[{"name":"wp","href":"https:\/\/api.w.org\/{rel}","templated":true}]}}