{"id":844,"date":"2026-02-05T15:13:17","date_gmt":"2026-02-05T18:13:17","guid":{"rendered":"https:\/\/exposicoes.abc.org.br\/100anos\/?post_type=academico&#038;p=844"},"modified":"2026-02-05T15:13:17","modified_gmt":"2026-02-05T18:13:17","slug":"hertha-meyer","status":"publish","type":"academico","link":"https:\/\/exposicoes.abc.org.br\/100anos\/academico\/hertha-meyer\/","title":{"rendered":"Hertha Meyer"},"content":{"rendered":"\n<p>Hertha Meyer nasceu na Alemanha. Realizou seus estudos b\u00e1sicos no Liceu Hohenzollern, em Berlim, e forma\u00e7\u00e3o t\u00e9cnica na Lette-Haus, escola voltada \u00e0 capacita\u00e7\u00e3o profissional de mulheres. Sem acesso a uma carreira acad\u00eamica formal, iniciou ainda jovem sua trajet\u00f3ria cient\u00edfica como t\u00e9cnica em importantes institui\u00e7\u00f5es biom\u00e9dicas alem\u00e3s, como o Instituto Robert Koch e o Instituto de Patologia da Universidade de Berlim.<\/p>\n\n\n\n<p>Entre 1926 e 1930, integrou a equipe t\u00e9cnica do Kaiser Wilhelm Institute for Medical Research, onde trabalhou com Albert Fischer, pioneiro do cultivo de tecidos, e teve contato com cientistas como Otto Meyerhof e Richard Kuhn. Nesse per\u00edodo, dominou as t\u00e9cnicas de cultura de tecidos e passou a assinar publica\u00e7\u00f5es cient\u00edficas, incluindo o artigo \u201cEin Jahraft erstamm von karzinomzellen in vitro\u201d, publicado em 1928. Tamb\u00e9m teve papel relevante na forma\u00e7\u00e3o de pesquisadores como Albert Claude, futuro Pr\u00eamio Nobel de Medicina.<\/p>\n\n\n\n<p>Com o avan\u00e7o do antissemitismo na Alemanha, Hertha Meyer deixou o instituto e, entre 1930 e 1933, atuou na Cl\u00ednica Neurol\u00f3gica da Universidade de Berlim, desenvolvendo estudos sobre o cultivo de neur\u00f4nios. Em 1933, migrou para a It\u00e1lia, onde passou a trabalhar no Instituto de Anatomia da Universidade de Turim, sob a lideran\u00e7a de Giuseppe Levi. Nesse ambiente, influenciou diretamente jovens pesquisadores como Renato Dulbecco, Salvador Luria, Rita Levi-Montalcini e Eugenia Sacerdote de Lustig.<\/p>\n\n\n\n<p>A persegui\u00e7\u00e3o aos judeus tamb\u00e9m inviabilizou sua perman\u00eancia na It\u00e1lia. Em 1939, Hertha Meyer estabeleceu-se no Brasil, iniciando atividades no Instituto Rockefeller, em Manguinhos, na produ\u00e7\u00e3o da vacina contra a febre amarela. Em 1941, a convite de Carlos Chagas Filho, assumiu a chefia do Laborat\u00f3rio de Cultura de Tecidos da Universidade do Brasil, no ent\u00e3o Laborat\u00f3rio de Biof\u00edsica da Faculdade Nacional de Medicina.<\/p>\n\n\n\n<p>O laborat\u00f3rio organizado por Hertha Meyer foi pioneiro no pa\u00eds e tornou-se refer\u00eancia internacional. Ali desenvolveu estudos fundamentais sobre o cultivo in vitro de protozo\u00e1rios patog\u00eanicos intracelulares, obtendo resultados in\u00e9ditos com o Trypanosoma cruzi, o Toxoplasma gondii e o Plasmodium gallinaceum. Esses trabalhos, publicados em 1942 nas Mem\u00f3rias do Instituto Oswaldo Cruz e na Revista Brasileira de Biologia, tiveram ampla repercuss\u00e3o cient\u00edfica e transformaram o Instituto de Biof\u00edsica em centro internacional de forma\u00e7\u00e3o, recebendo pesquisadores como Cec\u00edlio Roma\u00f1a, Felipe Nery Guimar\u00e3es e Wladimir Lobato Paraense.<\/p>\n\n\n\n<p>Hertha Meyer tamb\u00e9m teve papel decisivo nos estudos que levaram \u00e0 caracteriza\u00e7\u00e3o do fator de crescimento neuronal (NGF), conduzidos por Rita Levi-Montalcini. Em 1953, Rita realizou experimentos essenciais no laborat\u00f3rio de Hertha Meyer no Rio de Janeiro, contribui\u00e7\u00e3o reconhecida em seu discurso ao receber o Pr\u00eamio Nobel de Medicina de 1985.<\/p>\n\n\n\n<p>Pioneira na aplica\u00e7\u00e3o da microscopia eletr\u00f4nica \u00e0 parasitologia, Hertha Meyer realizou est\u00e1gio no Instituto Rockefeller, em Nova York, com Keith Porter, descrevendo estruturas fundamentais dos protozo\u00e1rios. Com apoio de Carlos Chagas Filho e recursos do Conselho Nacional de Pesquisas (CNPq), presidido por \u00c1lvaro Alberto, implantou o primeiro microsc\u00f3pio eletr\u00f4nico no Instituto de Biof\u00edsica.<\/p>\n\n\n\n<p>Eleita membro da Academia Brasileira de Ci\u00eancias, Hertha Meyer recebeu diversos pr\u00eamios, como o \u00c1lvaro Alberto, o Est\u00e1cio de S\u00e1 e o Oswaldo Cruz, al\u00e9m do t\u00edtulo de Doutor Honoris Causa da Universidade Federal do Rio de Janeiro. Faleceu em 30 de agosto de 1990. Em sua homenagem, o laborat\u00f3rio que criou passou a chamar-se Laborat\u00f3rio de Ultraestrutura Celular Hertha Meyer, e o Instituto de Biof\u00edsica deu seu nome ao audit\u00f3rio principal, preservando seu legado na ci\u00eancia brasileira.<\/p>\n","protected":false},"excerpt":{"rendered":"<p>Hertha Meyer nasceu na Alemanha. Realizou seus estudos b\u00e1sicos no Liceu Hohenzollern, em Berlim, e forma\u00e7\u00e3o t\u00e9cnica na Lette-Haus, escola voltada \u00e0 capacita\u00e7\u00e3o profissional de mulheres. Sem acesso a uma carreira acad\u00eamica formal, iniciou ainda jovem sua trajet\u00f3ria cient\u00edfica como t\u00e9cnica em importantes institui\u00e7\u00f5es biom\u00e9dicas alem\u00e3s, como o Instituto Robert Koch e o Instituto de&#8230;<\/p>\n","protected":false},"featured_media":804,"parent":0,"template":"","meta":{"_acf_changed":false,"footnotes":""},"periodo-de-presidencia":[],"periodo-de-vida":[101],"tipo-de-academico":[4,5],"class_list":["post-844","academico","type-academico","status-publish","has-post-thumbnail","hentry","periodo-de-vida-1902-1990","tipo-de-academico-cientistas-de-destaque","tipo-de-academico-primeiras-academicas"],"acf":[],"yoast_head":"<!-- This site is optimized with the Yoast SEO plugin v26.8 - https:\/\/yoast.com\/product\/yoast-seo-wordpress\/ -->\n<title>Hertha Meyer | Cem Anos de Ci\u00eancia<\/title>\n<meta name=\"robots\" content=\"index, follow, max-snippet:-1, max-image-preview:large, max-video-preview:-1\" \/>\n<link rel=\"canonical\" href=\"https:\/\/exposicoes.abc.org.br\/100anos\/academico\/hertha-meyer\/\" \/>\n<meta property=\"og:locale\" content=\"pt_BR\" \/>\n<meta property=\"og:type\" content=\"article\" \/>\n<meta property=\"og:title\" content=\"Hertha Meyer | Cem Anos de Ci\u00eancia\" \/>\n<meta property=\"og:description\" content=\"Hertha Meyer nasceu na Alemanha. Realizou seus estudos b\u00e1sicos no Liceu Hohenzollern, em Berlim, e forma\u00e7\u00e3o t\u00e9cnica na Lette-Haus, escola voltada \u00e0 capacita\u00e7\u00e3o profissional de mulheres. Sem acesso a uma carreira acad\u00eamica formal, iniciou ainda jovem sua trajet\u00f3ria cient\u00edfica como t\u00e9cnica em importantes institui\u00e7\u00f5es biom\u00e9dicas alem\u00e3s, como o Instituto Robert Koch e o Instituto de...\" \/>\n<meta property=\"og:url\" content=\"https:\/\/exposicoes.abc.org.br\/100anos\/academico\/hertha-meyer\/\" \/>\n<meta property=\"og:site_name\" content=\"Cem Anos de Ci\u00eancia\" \/>\n<meta property=\"og:image\" content=\"https:\/\/exposicoes.abc.org.br\/100anos\/wp-content\/uploads\/2026\/02\/hertha-meyer-c-IA-683x1024.png\" \/>\n\t<meta property=\"og:image:width\" content=\"683\" \/>\n\t<meta property=\"og:image:height\" content=\"1024\" \/>\n\t<meta property=\"og:image:type\" content=\"image\/png\" \/>\n<meta name=\"twitter:card\" content=\"summary_large_image\" \/>\n<meta name=\"twitter:label1\" content=\"Est. tempo de leitura\" \/>\n\t<meta name=\"twitter:data1\" content=\"4 minutos\" \/>\n<script type=\"application\/ld+json\" class=\"yoast-schema-graph\">{\"@context\":\"https:\/\/schema.org\",\"@graph\":[{\"@type\":\"WebPage\",\"@id\":\"https:\/\/exposicoes.abc.org.br\/100anos\/academico\/hertha-meyer\/\",\"url\":\"https:\/\/exposicoes.abc.org.br\/100anos\/academico\/hertha-meyer\/\",\"name\":\"Hertha Meyer | Cem Anos de Ci\u00eancia\",\"isPartOf\":{\"@id\":\"https:\/\/exposicoes.abc.org.br\/100anos\/#website\"},\"primaryImageOfPage\":{\"@id\":\"https:\/\/exposicoes.abc.org.br\/100anos\/academico\/hertha-meyer\/#primaryimage\"},\"image\":{\"@id\":\"https:\/\/exposicoes.abc.org.br\/100anos\/academico\/hertha-meyer\/#primaryimage\"},\"thumbnailUrl\":\"https:\/\/exposicoes.abc.org.br\/100anos\/wp-content\/uploads\/2026\/02\/hertha-meyer-c-IA.png\",\"datePublished\":\"2026-02-05T18:13:17+00:00\",\"breadcrumb\":{\"@id\":\"https:\/\/exposicoes.abc.org.br\/100anos\/academico\/hertha-meyer\/#breadcrumb\"},\"inLanguage\":\"pt-BR\",\"potentialAction\":[{\"@type\":\"ReadAction\",\"target\":[\"https:\/\/exposicoes.abc.org.br\/100anos\/academico\/hertha-meyer\/\"]}]},{\"@type\":\"ImageObject\",\"inLanguage\":\"pt-BR\",\"@id\":\"https:\/\/exposicoes.abc.org.br\/100anos\/academico\/hertha-meyer\/#primaryimage\",\"url\":\"https:\/\/exposicoes.abc.org.br\/100anos\/wp-content\/uploads\/2026\/02\/hertha-meyer-c-IA.png\",\"contentUrl\":\"https:\/\/exposicoes.abc.org.br\/100anos\/wp-content\/uploads\/2026\/02\/hertha-meyer-c-IA.png\",\"width\":1024,\"height\":1536},{\"@type\":\"BreadcrumbList\",\"@id\":\"https:\/\/exposicoes.abc.org.br\/100anos\/academico\/hertha-meyer\/#breadcrumb\",\"itemListElement\":[{\"@type\":\"ListItem\",\"position\":1,\"name\":\"In\u00edcio\",\"item\":\"https:\/\/exposicoes.abc.org.br\/100anos\/\"},{\"@type\":\"ListItem\",\"position\":2,\"name\":\"Hertha Meyer\"}]},{\"@type\":\"WebSite\",\"@id\":\"https:\/\/exposicoes.abc.org.br\/100anos\/#website\",\"url\":\"https:\/\/exposicoes.abc.org.br\/100anos\/\",\"name\":\"Cem Anos de Ci\u00eancia\",\"description\":\"\",\"publisher\":{\"@id\":\"https:\/\/exposicoes.abc.org.br\/100anos\/#organization\"},\"potentialAction\":[{\"@type\":\"SearchAction\",\"target\":{\"@type\":\"EntryPoint\",\"urlTemplate\":\"https:\/\/exposicoes.abc.org.br\/100anos\/?s={search_term_string}\"},\"query-input\":{\"@type\":\"PropertyValueSpecification\",\"valueRequired\":true,\"valueName\":\"search_term_string\"}}],\"inLanguage\":\"pt-BR\"},{\"@type\":\"Organization\",\"@id\":\"https:\/\/exposicoes.abc.org.br\/100anos\/#organization\",\"name\":\"Academia Brasileira de Ci\u00eancias\",\"url\":\"https:\/\/exposicoes.abc.org.br\/100anos\/\",\"logo\":{\"@type\":\"ImageObject\",\"inLanguage\":\"pt-BR\",\"@id\":\"https:\/\/exposicoes.abc.org.br\/100anos\/#\/schema\/logo\/image\/\",\"url\":\"https:\/\/exposicoes.abc.org.br\/100anos\/wp-content\/uploads\/2025\/12\/logo-100-abc.png\",\"contentUrl\":\"https:\/\/exposicoes.abc.org.br\/100anos\/wp-content\/uploads\/2025\/12\/logo-100-abc.png\",\"width\":511,\"height\":116,\"caption\":\"Academia Brasileira de Ci\u00eancias\"},\"image\":{\"@id\":\"https:\/\/exposicoes.abc.org.br\/100anos\/#\/schema\/logo\/image\/\"}}]}<\/script>\n<!-- \/ Yoast SEO plugin. -->","yoast_head_json":{"title":"Hertha Meyer | Cem Anos de Ci\u00eancia","robots":{"index":"index","follow":"follow","max-snippet":"max-snippet:-1","max-image-preview":"max-image-preview:large","max-video-preview":"max-video-preview:-1"},"canonical":"https:\/\/exposicoes.abc.org.br\/100anos\/academico\/hertha-meyer\/","og_locale":"pt_BR","og_type":"article","og_title":"Hertha Meyer | Cem Anos de Ci\u00eancia","og_description":"Hertha Meyer nasceu na Alemanha. Realizou seus estudos b\u00e1sicos no Liceu Hohenzollern, em Berlim, e forma\u00e7\u00e3o t\u00e9cnica na Lette-Haus, escola voltada \u00e0 capacita\u00e7\u00e3o profissional de mulheres. Sem acesso a uma carreira acad\u00eamica formal, iniciou ainda jovem sua trajet\u00f3ria cient\u00edfica como t\u00e9cnica em importantes institui\u00e7\u00f5es biom\u00e9dicas alem\u00e3s, como o Instituto Robert Koch e o Instituto de...","og_url":"https:\/\/exposicoes.abc.org.br\/100anos\/academico\/hertha-meyer\/","og_site_name":"Cem Anos de Ci\u00eancia","og_image":[{"width":683,"height":1024,"url":"https:\/\/exposicoes.abc.org.br\/100anos\/wp-content\/uploads\/2026\/02\/hertha-meyer-c-IA-683x1024.png","type":"image\/png"}],"twitter_card":"summary_large_image","twitter_misc":{"Est. tempo de leitura":"4 minutos"},"schema":{"@context":"https:\/\/schema.org","@graph":[{"@type":"WebPage","@id":"https:\/\/exposicoes.abc.org.br\/100anos\/academico\/hertha-meyer\/","url":"https:\/\/exposicoes.abc.org.br\/100anos\/academico\/hertha-meyer\/","name":"Hertha Meyer | Cem Anos de Ci\u00eancia","isPartOf":{"@id":"https:\/\/exposicoes.abc.org.br\/100anos\/#website"},"primaryImageOfPage":{"@id":"https:\/\/exposicoes.abc.org.br\/100anos\/academico\/hertha-meyer\/#primaryimage"},"image":{"@id":"https:\/\/exposicoes.abc.org.br\/100anos\/academico\/hertha-meyer\/#primaryimage"},"thumbnailUrl":"https:\/\/exposicoes.abc.org.br\/100anos\/wp-content\/uploads\/2026\/02\/hertha-meyer-c-IA.png","datePublished":"2026-02-05T18:13:17+00:00","breadcrumb":{"@id":"https:\/\/exposicoes.abc.org.br\/100anos\/academico\/hertha-meyer\/#breadcrumb"},"inLanguage":"pt-BR","potentialAction":[{"@type":"ReadAction","target":["https:\/\/exposicoes.abc.org.br\/100anos\/academico\/hertha-meyer\/"]}]},{"@type":"ImageObject","inLanguage":"pt-BR","@id":"https:\/\/exposicoes.abc.org.br\/100anos\/academico\/hertha-meyer\/#primaryimage","url":"https:\/\/exposicoes.abc.org.br\/100anos\/wp-content\/uploads\/2026\/02\/hertha-meyer-c-IA.png","contentUrl":"https:\/\/exposicoes.abc.org.br\/100anos\/wp-content\/uploads\/2026\/02\/hertha-meyer-c-IA.png","width":1024,"height":1536},{"@type":"BreadcrumbList","@id":"https:\/\/exposicoes.abc.org.br\/100anos\/academico\/hertha-meyer\/#breadcrumb","itemListElement":[{"@type":"ListItem","position":1,"name":"In\u00edcio","item":"https:\/\/exposicoes.abc.org.br\/100anos\/"},{"@type":"ListItem","position":2,"name":"Hertha Meyer"}]},{"@type":"WebSite","@id":"https:\/\/exposicoes.abc.org.br\/100anos\/#website","url":"https:\/\/exposicoes.abc.org.br\/100anos\/","name":"Cem Anos de Ci\u00eancia","description":"","publisher":{"@id":"https:\/\/exposicoes.abc.org.br\/100anos\/#organization"},"potentialAction":[{"@type":"SearchAction","target":{"@type":"EntryPoint","urlTemplate":"https:\/\/exposicoes.abc.org.br\/100anos\/?s={search_term_string}"},"query-input":{"@type":"PropertyValueSpecification","valueRequired":true,"valueName":"search_term_string"}}],"inLanguage":"pt-BR"},{"@type":"Organization","@id":"https:\/\/exposicoes.abc.org.br\/100anos\/#organization","name":"Academia Brasileira de Ci\u00eancias","url":"https:\/\/exposicoes.abc.org.br\/100anos\/","logo":{"@type":"ImageObject","inLanguage":"pt-BR","@id":"https:\/\/exposicoes.abc.org.br\/100anos\/#\/schema\/logo\/image\/","url":"https:\/\/exposicoes.abc.org.br\/100anos\/wp-content\/uploads\/2025\/12\/logo-100-abc.png","contentUrl":"https:\/\/exposicoes.abc.org.br\/100anos\/wp-content\/uploads\/2025\/12\/logo-100-abc.png","width":511,"height":116,"caption":"Academia Brasileira de Ci\u00eancias"},"image":{"@id":"https:\/\/exposicoes.abc.org.br\/100anos\/#\/schema\/logo\/image\/"}}]}},"_links":{"self":[{"href":"https:\/\/exposicoes.abc.org.br\/100anos\/wp-json\/wp\/v2\/academico\/844","targetHints":{"allow":["GET"]}}],"collection":[{"href":"https:\/\/exposicoes.abc.org.br\/100anos\/wp-json\/wp\/v2\/academico"}],"about":[{"href":"https:\/\/exposicoes.abc.org.br\/100anos\/wp-json\/wp\/v2\/types\/academico"}],"version-history":[{"count":1,"href":"https:\/\/exposicoes.abc.org.br\/100anos\/wp-json\/wp\/v2\/academico\/844\/revisions"}],"predecessor-version":[{"id":845,"href":"https:\/\/exposicoes.abc.org.br\/100anos\/wp-json\/wp\/v2\/academico\/844\/revisions\/845"}],"wp:featuredmedia":[{"embeddable":true,"href":"https:\/\/exposicoes.abc.org.br\/100anos\/wp-json\/wp\/v2\/media\/804"}],"wp:attachment":[{"href":"https:\/\/exposicoes.abc.org.br\/100anos\/wp-json\/wp\/v2\/media?parent=844"}],"wp:term":[{"taxonomy":"periodo-de-presidencia","embeddable":true,"href":"https:\/\/exposicoes.abc.org.br\/100anos\/wp-json\/wp\/v2\/periodo-de-presidencia?post=844"},{"taxonomy":"periodo-de-vida","embeddable":true,"href":"https:\/\/exposicoes.abc.org.br\/100anos\/wp-json\/wp\/v2\/periodo-de-vida?post=844"},{"taxonomy":"tipo-de-academico","embeddable":true,"href":"https:\/\/exposicoes.abc.org.br\/100anos\/wp-json\/wp\/v2\/tipo-de-academico?post=844"}],"curies":[{"name":"wp","href":"https:\/\/api.w.org\/{rel}","templated":true}]}}