{"id":840,"date":"2026-02-05T15:11:15","date_gmt":"2026-02-05T18:11:15","guid":{"rendered":"https:\/\/exposicoes.abc.org.br\/100anos\/?post_type=academico&#038;p=840"},"modified":"2026-02-05T15:11:16","modified_gmt":"2026-02-05T18:11:16","slug":"lelia-duarte-da-silva-santos","status":"publish","type":"academico","link":"https:\/\/exposicoes.abc.org.br\/100anos\/academico\/lelia-duarte-da-silva-santos\/","title":{"rendered":"L\u00e9lia Duarte da Silva Santos\u00a0"},"content":{"rendered":"\n<p>L\u00e9lia Duarte da Silva Santos foi uma paleont\u00f3loga e paleobot\u00e2nica brasileira pioneira, com contribui\u00e7\u00f5es fundamentais ao estudo das tafofloras do Cret\u00e1ceo e do Quatern\u00e1rio no Brasil. Membro da Academia Brasileira de Ci\u00eancias, atuou como professora da Universidade do Estado do Rio de Janeiro (UERJ) e foi curadora da cole\u00e7\u00e3o de vegetais f\u00f3sseis do Departamento de Biologia Animal e Vegetal, hoje denominada Cole\u00e7\u00e3o Paleobot\u00e2nica L\u00e9lia Duarte, em sua homenagem.<\/p>\n\n\n\n<p>Graduou-se em ci\u00eancias naturais (licenciatura e bacharelado) e obteve o doutorado no Instituto de Geoci\u00eancias da Universidade de S\u00e3o Paulo (USP), sob orienta\u00e7\u00e3o de Josu\u00e9 Camargo Mendes. Desde o in\u00edcio da carreira, destacou-se pela abrang\u00eancia tem\u00e1tica e geogr\u00e1fica de suas pesquisas, tornando-se refer\u00eancia nacional na paleobot\u00e2nica. Integrou a primeira Comiss\u00e3o Organizadora da Associa\u00e7\u00e3o Latino-Americana de Paleobot\u00e2nica e Palinologia (ALPP), ao lado de pioneiros como Jaime Gaxiola (M\u00e9xico), Sergio Archangelsky (Argentina) e Gustavo Huertas Gonz\u00e1lez (Col\u00f4mbia), contribuindo para a articula\u00e7\u00e3o cient\u00edfica continental da \u00e1rea.<\/p>\n\n\n\n<p>Iniciou suas atividades em paleobot\u00e2nica em 1956, na Se\u00e7\u00e3o de Paleontologia do Departamento Nacional de Produ\u00e7\u00e3o Mineral (DNPM). Como representante da institui\u00e7\u00e3o, realizou est\u00e1gios e pesquisas em importantes centros internacionais, incluindo a Divis\u00e3o de Paleobot\u00e2nica do Jardim Bot\u00e2nico de Nova Iorque, o Smithsonian Institution, a University of California, Berkeley, o British Museum of Natural History (Londres), o Mus\u00e9um National d\u2019Histoire Naturelle e o Laboratoire de la Facult\u00e9 des Sciences (Paris), al\u00e9m das universidades de T\u00fcbingen e G\u00f6ttingen, na Alemanha. Foi bolsista do CNPq com bolsas de aperfei\u00e7oamento (1956\u20131957) e, posteriormente, como pesquisadora (1958\u20131996).<\/p>\n\n\n\n<p>Publicou mais de quarenta trabalhos cient\u00edficos, com estudos sobre a flora mioc\u00eanica da Forma\u00e7\u00e3o Pirabas (Par\u00e1), fl\u00f3rulas quatern\u00e1rias dos calc\u00e1rios travertinos do Nordeste brasileiro, floras das bacias terci\u00e1rias de Fonseca e Gandarela (Minas Gerais) e vegetais f\u00f3sseis do Aptiano das forma\u00e7\u00f5es Santana (Chapada do Araripe), Cod\u00f3 (Maranh\u00e3o) e Areado (oeste de Minas Gerais).<\/p>\n\n\n\n<p>Na UERJ, exerceu fun\u00e7\u00f5es acad\u00eamicas e administrativas relevantes: foi chefe do Departamento de Bot\u00e2nica (1969\u20131972), chefe do Departamento de Biologia Animal e Vegetal (1981\u20131985) e diretora do Instituto de Biologia em 1984. Tamb\u00e9m coordenou a Comiss\u00e3o de Reurbaniza\u00e7\u00e3o Flor\u00edstica do campus, resultando na publica\u00e7\u00e3o \u201cA Vegeta\u00e7\u00e3o do Campus da UERJ\u201d (1990).<\/p>\n\n\n\n<p>Foi casada com Rubens da Silva Santos (1918\u20131996), primeiro paleoicti\u00f3logo do Brasil. Recebeu a Medalha da Inconfid\u00eancia (1976) e a medalha comemorativa dos 30 anos do CNPq (1981). Seu legado permanece na pesquisa paleobot\u00e2nica, nas cole\u00e7\u00f5es cient\u00edficas que organizou e na forma\u00e7\u00e3o de gera\u00e7\u00f5es de pesquisadores.<\/p>\n","protected":false},"excerpt":{"rendered":"<p>L\u00e9lia Duarte da Silva Santos foi uma paleont\u00f3loga e paleobot\u00e2nica brasileira pioneira, com contribui\u00e7\u00f5es fundamentais ao estudo das tafofloras do Cret\u00e1ceo e do Quatern\u00e1rio no Brasil. Membro da Academia Brasileira de Ci\u00eancias, atuou como professora da Universidade do Estado do Rio de Janeiro (UERJ) e foi curadora da cole\u00e7\u00e3o de vegetais f\u00f3sseis do Departamento de&#8230;<\/p>\n","protected":false},"featured_media":805,"parent":0,"template":"","meta":{"_acf_changed":false,"footnotes":""},"periodo-de-presidencia":[],"periodo-de-vida":[99],"tipo-de-academico":[4,5],"class_list":["post-840","academico","type-academico","status-publish","has-post-thumbnail","hentry","periodo-de-vida-1933-2013","tipo-de-academico-cientistas-de-destaque","tipo-de-academico-primeiras-academicas"],"acf":[],"yoast_head":"<!-- This site is optimized with the Yoast SEO plugin v26.8 - https:\/\/yoast.com\/product\/yoast-seo-wordpress\/ -->\n<title>L\u00e9lia Duarte da Silva Santos\u00a0 | Cem Anos de Ci\u00eancia<\/title>\n<meta name=\"robots\" content=\"index, follow, max-snippet:-1, max-image-preview:large, max-video-preview:-1\" \/>\n<link rel=\"canonical\" href=\"https:\/\/exposicoes.abc.org.br\/100anos\/academico\/lelia-duarte-da-silva-santos\/\" \/>\n<meta property=\"og:locale\" content=\"pt_BR\" \/>\n<meta property=\"og:type\" content=\"article\" \/>\n<meta property=\"og:title\" content=\"L\u00e9lia Duarte da Silva Santos\u00a0 | Cem Anos de Ci\u00eancia\" \/>\n<meta property=\"og:description\" content=\"L\u00e9lia Duarte da Silva Santos foi uma paleont\u00f3loga e paleobot\u00e2nica brasileira pioneira, com contribui\u00e7\u00f5es fundamentais ao estudo das tafofloras do Cret\u00e1ceo e do Quatern\u00e1rio no Brasil. Membro da Academia Brasileira de Ci\u00eancias, atuou como professora da Universidade do Estado do Rio de Janeiro (UERJ) e foi curadora da cole\u00e7\u00e3o de vegetais f\u00f3sseis do Departamento de...\" \/>\n<meta property=\"og:url\" content=\"https:\/\/exposicoes.abc.org.br\/100anos\/academico\/lelia-duarte-da-silva-santos\/\" \/>\n<meta property=\"og:site_name\" content=\"Cem Anos de Ci\u00eancia\" \/>\n<meta property=\"article:modified_time\" content=\"2026-02-05T18:11:16+00:00\" \/>\n<meta property=\"og:image\" content=\"https:\/\/exposicoes.abc.org.br\/100anos\/wp-content\/uploads\/2026\/02\/lelia-duarte-da-silva-santos-c-IA.png\" \/>\n\t<meta property=\"og:image:width\" content=\"753\" \/>\n\t<meta property=\"og:image:height\" content=\"991\" \/>\n\t<meta property=\"og:image:type\" content=\"image\/png\" \/>\n<meta name=\"twitter:card\" content=\"summary_large_image\" \/>\n<meta name=\"twitter:label1\" content=\"Est. tempo de leitura\" \/>\n\t<meta name=\"twitter:data1\" content=\"3 minutos\" \/>\n<script type=\"application\/ld+json\" class=\"yoast-schema-graph\">{\"@context\":\"https:\/\/schema.org\",\"@graph\":[{\"@type\":\"WebPage\",\"@id\":\"https:\/\/exposicoes.abc.org.br\/100anos\/academico\/lelia-duarte-da-silva-santos\/\",\"url\":\"https:\/\/exposicoes.abc.org.br\/100anos\/academico\/lelia-duarte-da-silva-santos\/\",\"name\":\"L\u00e9lia Duarte da Silva Santos\u00a0 | Cem Anos de Ci\u00eancia\",\"isPartOf\":{\"@id\":\"https:\/\/exposicoes.abc.org.br\/100anos\/#website\"},\"primaryImageOfPage\":{\"@id\":\"https:\/\/exposicoes.abc.org.br\/100anos\/academico\/lelia-duarte-da-silva-santos\/#primaryimage\"},\"image\":{\"@id\":\"https:\/\/exposicoes.abc.org.br\/100anos\/academico\/lelia-duarte-da-silva-santos\/#primaryimage\"},\"thumbnailUrl\":\"https:\/\/exposicoes.abc.org.br\/100anos\/wp-content\/uploads\/2026\/02\/lelia-duarte-da-silva-santos-c-IA.png\",\"datePublished\":\"2026-02-05T18:11:15+00:00\",\"dateModified\":\"2026-02-05T18:11:16+00:00\",\"breadcrumb\":{\"@id\":\"https:\/\/exposicoes.abc.org.br\/100anos\/academico\/lelia-duarte-da-silva-santos\/#breadcrumb\"},\"inLanguage\":\"pt-BR\",\"potentialAction\":[{\"@type\":\"ReadAction\",\"target\":[\"https:\/\/exposicoes.abc.org.br\/100anos\/academico\/lelia-duarte-da-silva-santos\/\"]}]},{\"@type\":\"ImageObject\",\"inLanguage\":\"pt-BR\",\"@id\":\"https:\/\/exposicoes.abc.org.br\/100anos\/academico\/lelia-duarte-da-silva-santos\/#primaryimage\",\"url\":\"https:\/\/exposicoes.abc.org.br\/100anos\/wp-content\/uploads\/2026\/02\/lelia-duarte-da-silva-santos-c-IA.png\",\"contentUrl\":\"https:\/\/exposicoes.abc.org.br\/100anos\/wp-content\/uploads\/2026\/02\/lelia-duarte-da-silva-santos-c-IA.png\",\"width\":753,\"height\":991},{\"@type\":\"BreadcrumbList\",\"@id\":\"https:\/\/exposicoes.abc.org.br\/100anos\/academico\/lelia-duarte-da-silva-santos\/#breadcrumb\",\"itemListElement\":[{\"@type\":\"ListItem\",\"position\":1,\"name\":\"In\u00edcio\",\"item\":\"https:\/\/exposicoes.abc.org.br\/100anos\/\"},{\"@type\":\"ListItem\",\"position\":2,\"name\":\"L\u00e9lia Duarte da Silva Santos\u00a0\"}]},{\"@type\":\"WebSite\",\"@id\":\"https:\/\/exposicoes.abc.org.br\/100anos\/#website\",\"url\":\"https:\/\/exposicoes.abc.org.br\/100anos\/\",\"name\":\"Cem Anos de Ci\u00eancia\",\"description\":\"\",\"publisher\":{\"@id\":\"https:\/\/exposicoes.abc.org.br\/100anos\/#organization\"},\"potentialAction\":[{\"@type\":\"SearchAction\",\"target\":{\"@type\":\"EntryPoint\",\"urlTemplate\":\"https:\/\/exposicoes.abc.org.br\/100anos\/?s={search_term_string}\"},\"query-input\":{\"@type\":\"PropertyValueSpecification\",\"valueRequired\":true,\"valueName\":\"search_term_string\"}}],\"inLanguage\":\"pt-BR\"},{\"@type\":\"Organization\",\"@id\":\"https:\/\/exposicoes.abc.org.br\/100anos\/#organization\",\"name\":\"Academia Brasileira de Ci\u00eancias\",\"url\":\"https:\/\/exposicoes.abc.org.br\/100anos\/\",\"logo\":{\"@type\":\"ImageObject\",\"inLanguage\":\"pt-BR\",\"@id\":\"https:\/\/exposicoes.abc.org.br\/100anos\/#\/schema\/logo\/image\/\",\"url\":\"https:\/\/exposicoes.abc.org.br\/100anos\/wp-content\/uploads\/2025\/12\/logo-100-abc.png\",\"contentUrl\":\"https:\/\/exposicoes.abc.org.br\/100anos\/wp-content\/uploads\/2025\/12\/logo-100-abc.png\",\"width\":511,\"height\":116,\"caption\":\"Academia Brasileira de Ci\u00eancias\"},\"image\":{\"@id\":\"https:\/\/exposicoes.abc.org.br\/100anos\/#\/schema\/logo\/image\/\"}}]}<\/script>\n<!-- \/ Yoast SEO plugin. -->","yoast_head_json":{"title":"L\u00e9lia Duarte da Silva Santos\u00a0 | Cem Anos de Ci\u00eancia","robots":{"index":"index","follow":"follow","max-snippet":"max-snippet:-1","max-image-preview":"max-image-preview:large","max-video-preview":"max-video-preview:-1"},"canonical":"https:\/\/exposicoes.abc.org.br\/100anos\/academico\/lelia-duarte-da-silva-santos\/","og_locale":"pt_BR","og_type":"article","og_title":"L\u00e9lia Duarte da Silva Santos\u00a0 | Cem Anos de Ci\u00eancia","og_description":"L\u00e9lia Duarte da Silva Santos foi uma paleont\u00f3loga e paleobot\u00e2nica brasileira pioneira, com contribui\u00e7\u00f5es fundamentais ao estudo das tafofloras do Cret\u00e1ceo e do Quatern\u00e1rio no Brasil. Membro da Academia Brasileira de Ci\u00eancias, atuou como professora da Universidade do Estado do Rio de Janeiro (UERJ) e foi curadora da cole\u00e7\u00e3o de vegetais f\u00f3sseis do Departamento de...","og_url":"https:\/\/exposicoes.abc.org.br\/100anos\/academico\/lelia-duarte-da-silva-santos\/","og_site_name":"Cem Anos de Ci\u00eancia","article_modified_time":"2026-02-05T18:11:16+00:00","og_image":[{"width":753,"height":991,"url":"https:\/\/exposicoes.abc.org.br\/100anos\/wp-content\/uploads\/2026\/02\/lelia-duarte-da-silva-santos-c-IA.png","type":"image\/png"}],"twitter_card":"summary_large_image","twitter_misc":{"Est. tempo de leitura":"3 minutos"},"schema":{"@context":"https:\/\/schema.org","@graph":[{"@type":"WebPage","@id":"https:\/\/exposicoes.abc.org.br\/100anos\/academico\/lelia-duarte-da-silva-santos\/","url":"https:\/\/exposicoes.abc.org.br\/100anos\/academico\/lelia-duarte-da-silva-santos\/","name":"L\u00e9lia Duarte da Silva Santos\u00a0 | Cem Anos de Ci\u00eancia","isPartOf":{"@id":"https:\/\/exposicoes.abc.org.br\/100anos\/#website"},"primaryImageOfPage":{"@id":"https:\/\/exposicoes.abc.org.br\/100anos\/academico\/lelia-duarte-da-silva-santos\/#primaryimage"},"image":{"@id":"https:\/\/exposicoes.abc.org.br\/100anos\/academico\/lelia-duarte-da-silva-santos\/#primaryimage"},"thumbnailUrl":"https:\/\/exposicoes.abc.org.br\/100anos\/wp-content\/uploads\/2026\/02\/lelia-duarte-da-silva-santos-c-IA.png","datePublished":"2026-02-05T18:11:15+00:00","dateModified":"2026-02-05T18:11:16+00:00","breadcrumb":{"@id":"https:\/\/exposicoes.abc.org.br\/100anos\/academico\/lelia-duarte-da-silva-santos\/#breadcrumb"},"inLanguage":"pt-BR","potentialAction":[{"@type":"ReadAction","target":["https:\/\/exposicoes.abc.org.br\/100anos\/academico\/lelia-duarte-da-silva-santos\/"]}]},{"@type":"ImageObject","inLanguage":"pt-BR","@id":"https:\/\/exposicoes.abc.org.br\/100anos\/academico\/lelia-duarte-da-silva-santos\/#primaryimage","url":"https:\/\/exposicoes.abc.org.br\/100anos\/wp-content\/uploads\/2026\/02\/lelia-duarte-da-silva-santos-c-IA.png","contentUrl":"https:\/\/exposicoes.abc.org.br\/100anos\/wp-content\/uploads\/2026\/02\/lelia-duarte-da-silva-santos-c-IA.png","width":753,"height":991},{"@type":"BreadcrumbList","@id":"https:\/\/exposicoes.abc.org.br\/100anos\/academico\/lelia-duarte-da-silva-santos\/#breadcrumb","itemListElement":[{"@type":"ListItem","position":1,"name":"In\u00edcio","item":"https:\/\/exposicoes.abc.org.br\/100anos\/"},{"@type":"ListItem","position":2,"name":"L\u00e9lia Duarte da Silva Santos\u00a0"}]},{"@type":"WebSite","@id":"https:\/\/exposicoes.abc.org.br\/100anos\/#website","url":"https:\/\/exposicoes.abc.org.br\/100anos\/","name":"Cem Anos de Ci\u00eancia","description":"","publisher":{"@id":"https:\/\/exposicoes.abc.org.br\/100anos\/#organization"},"potentialAction":[{"@type":"SearchAction","target":{"@type":"EntryPoint","urlTemplate":"https:\/\/exposicoes.abc.org.br\/100anos\/?s={search_term_string}"},"query-input":{"@type":"PropertyValueSpecification","valueRequired":true,"valueName":"search_term_string"}}],"inLanguage":"pt-BR"},{"@type":"Organization","@id":"https:\/\/exposicoes.abc.org.br\/100anos\/#organization","name":"Academia Brasileira de Ci\u00eancias","url":"https:\/\/exposicoes.abc.org.br\/100anos\/","logo":{"@type":"ImageObject","inLanguage":"pt-BR","@id":"https:\/\/exposicoes.abc.org.br\/100anos\/#\/schema\/logo\/image\/","url":"https:\/\/exposicoes.abc.org.br\/100anos\/wp-content\/uploads\/2025\/12\/logo-100-abc.png","contentUrl":"https:\/\/exposicoes.abc.org.br\/100anos\/wp-content\/uploads\/2025\/12\/logo-100-abc.png","width":511,"height":116,"caption":"Academia Brasileira de Ci\u00eancias"},"image":{"@id":"https:\/\/exposicoes.abc.org.br\/100anos\/#\/schema\/logo\/image\/"}}]}},"_links":{"self":[{"href":"https:\/\/exposicoes.abc.org.br\/100anos\/wp-json\/wp\/v2\/academico\/840","targetHints":{"allow":["GET"]}}],"collection":[{"href":"https:\/\/exposicoes.abc.org.br\/100anos\/wp-json\/wp\/v2\/academico"}],"about":[{"href":"https:\/\/exposicoes.abc.org.br\/100anos\/wp-json\/wp\/v2\/types\/academico"}],"version-history":[{"count":1,"href":"https:\/\/exposicoes.abc.org.br\/100anos\/wp-json\/wp\/v2\/academico\/840\/revisions"}],"predecessor-version":[{"id":841,"href":"https:\/\/exposicoes.abc.org.br\/100anos\/wp-json\/wp\/v2\/academico\/840\/revisions\/841"}],"wp:featuredmedia":[{"embeddable":true,"href":"https:\/\/exposicoes.abc.org.br\/100anos\/wp-json\/wp\/v2\/media\/805"}],"wp:attachment":[{"href":"https:\/\/exposicoes.abc.org.br\/100anos\/wp-json\/wp\/v2\/media?parent=840"}],"wp:term":[{"taxonomy":"periodo-de-presidencia","embeddable":true,"href":"https:\/\/exposicoes.abc.org.br\/100anos\/wp-json\/wp\/v2\/periodo-de-presidencia?post=840"},{"taxonomy":"periodo-de-vida","embeddable":true,"href":"https:\/\/exposicoes.abc.org.br\/100anos\/wp-json\/wp\/v2\/periodo-de-vida?post=840"},{"taxonomy":"tipo-de-academico","embeddable":true,"href":"https:\/\/exposicoes.abc.org.br\/100anos\/wp-json\/wp\/v2\/tipo-de-academico?post=840"}],"curies":[{"name":"wp","href":"https:\/\/api.w.org\/{rel}","templated":true}]}}