{"id":838,"date":"2026-02-05T15:10:40","date_gmt":"2026-02-05T18:10:40","guid":{"rendered":"https:\/\/exposicoes.abc.org.br\/100anos\/?post_type=academico&#038;p=838"},"modified":"2026-02-05T15:10:40","modified_gmt":"2026-02-05T18:10:40","slug":"eline-santanna-prado","status":"publish","type":"academico","link":"https:\/\/exposicoes.abc.org.br\/100anos\/academico\/eline-santanna-prado\/","title":{"rendered":"Eline Sant&#8217;anna Prado"},"content":{"rendered":"\n<p>Eline Sant\u2019Anna Prado construiu uma trajet\u00f3ria cient\u00edfica marcada pela articula\u00e7\u00e3o entre pesquisa b\u00e1sica, desenvolvimento tecnol\u00f3gico e forma\u00e7\u00e3o de recursos humanos, com contribui\u00e7\u00f5es relevantes \u00e0 bioqu\u00edmica brasileira, especialmente no estudo do sistema hiertensor renal e do sistema calicre\u00ednas\u2013cininas.<\/p>\n\n\n\n<p>Graduada em qu\u00edmica pela Universidade de S\u00e3o Paulo, iniciou sua carreira profissional na Laborter\u00e1pica S.A. \u2013 Ind\u00fastria Qu\u00edmica e Farmac\u00eautica. Entre 1943 e 1946, participou de uma realiza\u00e7\u00e3o pioneira para a ci\u00eancia e a sa\u00fade p\u00fablica no Brasil: o estabelecimento da tecnologia para a fabrica\u00e7\u00e3o de insulina cristalizada e o lan\u00e7amento da primeira insulina nacional para uso terap\u00eautico. Esse feito representou um marco na autonomia tecnol\u00f3gica do pa\u00eds na \u00e1rea farmac\u00eautica.<\/p>\n\n\n\n<p>Com o apoio institucional e financeiro da Laborter\u00e1pica, Prado realizou estudos de p\u00f3s-gradua\u00e7\u00e3o no exterior entre 1946 e 1948, na McGill University, em Montreal, Canad\u00e1. Obteve o t\u00edtulo de Master of Science com uma tese na \u00e1rea de qu\u00edmica de ester\u00f3ides, ampliando sua forma\u00e7\u00e3o cient\u00edfica em um centro de excel\u00eancia internacional. Ao retornar ao Brasil, iniciou o desenvolvimento de processos para extra\u00e7\u00e3o de colesterol do c\u00e9rebro e para a s\u00edntese da vitamina D\u2083. No entanto, esse projeto foi interrompido em raz\u00e3o da associa\u00e7\u00e3o da Laborter\u00e1pica com a companhia norte-americana Bristol, que passou a concentrar seus interesses na \u00e1rea de antibi\u00f3ticos.<\/p>\n\n\n\n<p>Durante sua perman\u00eancia na ind\u00fastria, manteve intensa colabora\u00e7\u00e3o cient\u00edfica com seu marido, J. Leal Prado, professor de bioqu\u00edmica da Escola Paulista de Medicina (EPM) e pesquisador do Instituto Butantan, e com Maur\u00edcio Rocha e Silva, pesquisador do Instituto Biol\u00f3gico. O desejo de dedicar-se integralmente \u00e0 investiga\u00e7\u00e3o cient\u00edfica levou-a a aceitar, em 1951, o cargo de assistente de bioqu\u00edmica na Escola Paulista de Medicina, reiniciando a colabora\u00e7\u00e3o cient\u00edfica com J. Leal Prado, que se estenderia at\u00e9 o falecimento deste, em 1987.<\/p>\n\n\n\n<p>Na EPM, Prado desenvolveu uma carreira acad\u00eamica s\u00f3lida, com pesquisas voltadas principalmente ao <strong>sistema hipertensor renal<\/strong> e ao sistema calicre\u00ednas\u2013cininas. Nos \u00faltimos anos de sua trajet\u00f3ria cient\u00edfica, concentrou seus estudos na enzimologia das calicre\u00ednas tissulares, contribuindo de forma decisiva para a compreens\u00e3o bioqu\u00edmica desses sistemas e para a caracteriza\u00e7\u00e3o da bradicinina. Sua atua\u00e7\u00e3o resultou na forma\u00e7\u00e3o de diversos pesquisadores que deram continuidade e ampliaram essa linha de investiga\u00e7\u00e3o no Brasil.<\/p>\n\n\n\n<p>Paralelamente \u00e0 pesquisa, teve intensa atividade docente. Atuou no curso m\u00e9dico e participou ativamente da implanta\u00e7\u00e3o do curso de Biomedicina da EPM, sendo respons\u00e1vel pela disciplina de bioqu\u00edmica. Ministrou diversos cursos de p\u00f3s-gradua\u00e7\u00e3o na \u00e1rea de qu\u00edmica de prote\u00ednas para alunos da pr\u00f3pria EPM e de outras institui\u00e7\u00f5es, orientando v\u00e1rias disserta\u00e7\u00f5es de mestrado e teses de doutorado.<\/p>\n\n\n\n<p>Embora n\u00e3o tenha podido obter o doutorado formalmente \u2014 em raz\u00e3o de a EPM estar, \u00e0 \u00e9poca, credenciada apenas para doutoramento em medicina \u2014, alcan\u00e7ou em 1981, por concurso de t\u00edtulos, o cargo de professora titular. Em 1983, solicitou aposentadoria com o objetivo de abrir espa\u00e7o para a renova\u00e7\u00e3o do quadro docente, mas permaneceu em atividade cient\u00edfica na EPM, com apoio do CNPq e da Fapesp, mantendo uma presen\u00e7a intelectual ativa e produtiva.<\/p>\n","protected":false},"excerpt":{"rendered":"<p>Eline Sant\u2019Anna Prado construiu uma trajet\u00f3ria cient\u00edfica marcada pela articula\u00e7\u00e3o entre pesquisa b\u00e1sica, desenvolvimento tecnol\u00f3gico e forma\u00e7\u00e3o de recursos humanos, com contribui\u00e7\u00f5es relevantes \u00e0 bioqu\u00edmica brasileira, especialmente no estudo do sistema hiertensor renal e do sistema calicre\u00ednas\u2013cininas. Graduada em qu\u00edmica pela Universidade de S\u00e3o Paulo, iniciou sua carreira profissional na Laborter\u00e1pica S.A. \u2013 Ind\u00fastria Qu\u00edmica&#8230;<\/p>\n","protected":false},"featured_media":801,"parent":0,"template":"","meta":{"_acf_changed":false,"footnotes":""},"periodo-de-presidencia":[],"periodo-de-vida":[98],"tipo-de-academico":[4,5],"class_list":["post-838","academico","type-academico","status-publish","has-post-thumbnail","hentry","periodo-de-vida-1921-1987","tipo-de-academico-cientistas-de-destaque","tipo-de-academico-primeiras-academicas"],"acf":[],"yoast_head":"<!-- This site is optimized with the Yoast SEO plugin v26.8 - https:\/\/yoast.com\/product\/yoast-seo-wordpress\/ -->\n<title>Eline Sant&#039;anna Prado | Cem Anos de Ci\u00eancia<\/title>\n<meta name=\"robots\" content=\"index, follow, max-snippet:-1, max-image-preview:large, max-video-preview:-1\" \/>\n<link rel=\"canonical\" href=\"https:\/\/exposicoes.abc.org.br\/100anos\/academico\/eline-santanna-prado\/\" \/>\n<meta property=\"og:locale\" content=\"pt_BR\" \/>\n<meta property=\"og:type\" content=\"article\" \/>\n<meta property=\"og:title\" content=\"Eline Sant&#039;anna Prado | Cem Anos de Ci\u00eancia\" \/>\n<meta property=\"og:description\" content=\"Eline Sant\u2019Anna Prado construiu uma trajet\u00f3ria cient\u00edfica marcada pela articula\u00e7\u00e3o entre pesquisa b\u00e1sica, desenvolvimento tecnol\u00f3gico e forma\u00e7\u00e3o de recursos humanos, com contribui\u00e7\u00f5es relevantes \u00e0 bioqu\u00edmica brasileira, especialmente no estudo do sistema hiertensor renal e do sistema calicre\u00ednas\u2013cininas. Graduada em qu\u00edmica pela Universidade de S\u00e3o Paulo, iniciou sua carreira profissional na Laborter\u00e1pica S.A. \u2013 Ind\u00fastria Qu\u00edmica...\" \/>\n<meta property=\"og:url\" content=\"https:\/\/exposicoes.abc.org.br\/100anos\/academico\/eline-santanna-prado\/\" \/>\n<meta property=\"og:site_name\" content=\"Cem Anos de Ci\u00eancia\" \/>\n<meta property=\"og:image\" content=\"https:\/\/exposicoes.abc.org.br\/100anos\/wp-content\/uploads\/2026\/02\/eline-santanna-prado.png\" \/>\n\t<meta property=\"og:image:width\" content=\"955\" \/>\n\t<meta property=\"og:image:height\" content=\"1268\" \/>\n\t<meta property=\"og:image:type\" content=\"image\/png\" \/>\n<meta name=\"twitter:card\" content=\"summary_large_image\" \/>\n<meta name=\"twitter:label1\" content=\"Est. tempo de leitura\" \/>\n\t<meta name=\"twitter:data1\" content=\"3 minutos\" \/>\n<script type=\"application\/ld+json\" class=\"yoast-schema-graph\">{\"@context\":\"https:\/\/schema.org\",\"@graph\":[{\"@type\":\"WebPage\",\"@id\":\"https:\/\/exposicoes.abc.org.br\/100anos\/academico\/eline-santanna-prado\/\",\"url\":\"https:\/\/exposicoes.abc.org.br\/100anos\/academico\/eline-santanna-prado\/\",\"name\":\"Eline Sant'anna Prado | Cem Anos de Ci\u00eancia\",\"isPartOf\":{\"@id\":\"https:\/\/exposicoes.abc.org.br\/100anos\/#website\"},\"primaryImageOfPage\":{\"@id\":\"https:\/\/exposicoes.abc.org.br\/100anos\/academico\/eline-santanna-prado\/#primaryimage\"},\"image\":{\"@id\":\"https:\/\/exposicoes.abc.org.br\/100anos\/academico\/eline-santanna-prado\/#primaryimage\"},\"thumbnailUrl\":\"https:\/\/exposicoes.abc.org.br\/100anos\/wp-content\/uploads\/2026\/02\/eline-santanna-prado.png\",\"datePublished\":\"2026-02-05T18:10:40+00:00\",\"breadcrumb\":{\"@id\":\"https:\/\/exposicoes.abc.org.br\/100anos\/academico\/eline-santanna-prado\/#breadcrumb\"},\"inLanguage\":\"pt-BR\",\"potentialAction\":[{\"@type\":\"ReadAction\",\"target\":[\"https:\/\/exposicoes.abc.org.br\/100anos\/academico\/eline-santanna-prado\/\"]}]},{\"@type\":\"ImageObject\",\"inLanguage\":\"pt-BR\",\"@id\":\"https:\/\/exposicoes.abc.org.br\/100anos\/academico\/eline-santanna-prado\/#primaryimage\",\"url\":\"https:\/\/exposicoes.abc.org.br\/100anos\/wp-content\/uploads\/2026\/02\/eline-santanna-prado.png\",\"contentUrl\":\"https:\/\/exposicoes.abc.org.br\/100anos\/wp-content\/uploads\/2026\/02\/eline-santanna-prado.png\",\"width\":955,\"height\":1268},{\"@type\":\"BreadcrumbList\",\"@id\":\"https:\/\/exposicoes.abc.org.br\/100anos\/academico\/eline-santanna-prado\/#breadcrumb\",\"itemListElement\":[{\"@type\":\"ListItem\",\"position\":1,\"name\":\"In\u00edcio\",\"item\":\"https:\/\/exposicoes.abc.org.br\/100anos\/\"},{\"@type\":\"ListItem\",\"position\":2,\"name\":\"Eline Sant&#8217;anna Prado\"}]},{\"@type\":\"WebSite\",\"@id\":\"https:\/\/exposicoes.abc.org.br\/100anos\/#website\",\"url\":\"https:\/\/exposicoes.abc.org.br\/100anos\/\",\"name\":\"Cem Anos de Ci\u00eancia\",\"description\":\"\",\"publisher\":{\"@id\":\"https:\/\/exposicoes.abc.org.br\/100anos\/#organization\"},\"potentialAction\":[{\"@type\":\"SearchAction\",\"target\":{\"@type\":\"EntryPoint\",\"urlTemplate\":\"https:\/\/exposicoes.abc.org.br\/100anos\/?s={search_term_string}\"},\"query-input\":{\"@type\":\"PropertyValueSpecification\",\"valueRequired\":true,\"valueName\":\"search_term_string\"}}],\"inLanguage\":\"pt-BR\"},{\"@type\":\"Organization\",\"@id\":\"https:\/\/exposicoes.abc.org.br\/100anos\/#organization\",\"name\":\"Academia Brasileira de Ci\u00eancias\",\"url\":\"https:\/\/exposicoes.abc.org.br\/100anos\/\",\"logo\":{\"@type\":\"ImageObject\",\"inLanguage\":\"pt-BR\",\"@id\":\"https:\/\/exposicoes.abc.org.br\/100anos\/#\/schema\/logo\/image\/\",\"url\":\"https:\/\/exposicoes.abc.org.br\/100anos\/wp-content\/uploads\/2025\/12\/logo-100-abc.png\",\"contentUrl\":\"https:\/\/exposicoes.abc.org.br\/100anos\/wp-content\/uploads\/2025\/12\/logo-100-abc.png\",\"width\":511,\"height\":116,\"caption\":\"Academia Brasileira de Ci\u00eancias\"},\"image\":{\"@id\":\"https:\/\/exposicoes.abc.org.br\/100anos\/#\/schema\/logo\/image\/\"}}]}<\/script>\n<!-- \/ Yoast SEO plugin. -->","yoast_head_json":{"title":"Eline Sant'anna Prado | Cem Anos de Ci\u00eancia","robots":{"index":"index","follow":"follow","max-snippet":"max-snippet:-1","max-image-preview":"max-image-preview:large","max-video-preview":"max-video-preview:-1"},"canonical":"https:\/\/exposicoes.abc.org.br\/100anos\/academico\/eline-santanna-prado\/","og_locale":"pt_BR","og_type":"article","og_title":"Eline Sant'anna Prado | Cem Anos de Ci\u00eancia","og_description":"Eline Sant\u2019Anna Prado construiu uma trajet\u00f3ria cient\u00edfica marcada pela articula\u00e7\u00e3o entre pesquisa b\u00e1sica, desenvolvimento tecnol\u00f3gico e forma\u00e7\u00e3o de recursos humanos, com contribui\u00e7\u00f5es relevantes \u00e0 bioqu\u00edmica brasileira, especialmente no estudo do sistema hiertensor renal e do sistema calicre\u00ednas\u2013cininas. Graduada em qu\u00edmica pela Universidade de S\u00e3o Paulo, iniciou sua carreira profissional na Laborter\u00e1pica S.A. \u2013 Ind\u00fastria Qu\u00edmica...","og_url":"https:\/\/exposicoes.abc.org.br\/100anos\/academico\/eline-santanna-prado\/","og_site_name":"Cem Anos de Ci\u00eancia","og_image":[{"width":955,"height":1268,"url":"https:\/\/exposicoes.abc.org.br\/100anos\/wp-content\/uploads\/2026\/02\/eline-santanna-prado.png","type":"image\/png"}],"twitter_card":"summary_large_image","twitter_misc":{"Est. tempo de leitura":"3 minutos"},"schema":{"@context":"https:\/\/schema.org","@graph":[{"@type":"WebPage","@id":"https:\/\/exposicoes.abc.org.br\/100anos\/academico\/eline-santanna-prado\/","url":"https:\/\/exposicoes.abc.org.br\/100anos\/academico\/eline-santanna-prado\/","name":"Eline Sant'anna Prado | Cem Anos de Ci\u00eancia","isPartOf":{"@id":"https:\/\/exposicoes.abc.org.br\/100anos\/#website"},"primaryImageOfPage":{"@id":"https:\/\/exposicoes.abc.org.br\/100anos\/academico\/eline-santanna-prado\/#primaryimage"},"image":{"@id":"https:\/\/exposicoes.abc.org.br\/100anos\/academico\/eline-santanna-prado\/#primaryimage"},"thumbnailUrl":"https:\/\/exposicoes.abc.org.br\/100anos\/wp-content\/uploads\/2026\/02\/eline-santanna-prado.png","datePublished":"2026-02-05T18:10:40+00:00","breadcrumb":{"@id":"https:\/\/exposicoes.abc.org.br\/100anos\/academico\/eline-santanna-prado\/#breadcrumb"},"inLanguage":"pt-BR","potentialAction":[{"@type":"ReadAction","target":["https:\/\/exposicoes.abc.org.br\/100anos\/academico\/eline-santanna-prado\/"]}]},{"@type":"ImageObject","inLanguage":"pt-BR","@id":"https:\/\/exposicoes.abc.org.br\/100anos\/academico\/eline-santanna-prado\/#primaryimage","url":"https:\/\/exposicoes.abc.org.br\/100anos\/wp-content\/uploads\/2026\/02\/eline-santanna-prado.png","contentUrl":"https:\/\/exposicoes.abc.org.br\/100anos\/wp-content\/uploads\/2026\/02\/eline-santanna-prado.png","width":955,"height":1268},{"@type":"BreadcrumbList","@id":"https:\/\/exposicoes.abc.org.br\/100anos\/academico\/eline-santanna-prado\/#breadcrumb","itemListElement":[{"@type":"ListItem","position":1,"name":"In\u00edcio","item":"https:\/\/exposicoes.abc.org.br\/100anos\/"},{"@type":"ListItem","position":2,"name":"Eline Sant&#8217;anna Prado"}]},{"@type":"WebSite","@id":"https:\/\/exposicoes.abc.org.br\/100anos\/#website","url":"https:\/\/exposicoes.abc.org.br\/100anos\/","name":"Cem Anos de Ci\u00eancia","description":"","publisher":{"@id":"https:\/\/exposicoes.abc.org.br\/100anos\/#organization"},"potentialAction":[{"@type":"SearchAction","target":{"@type":"EntryPoint","urlTemplate":"https:\/\/exposicoes.abc.org.br\/100anos\/?s={search_term_string}"},"query-input":{"@type":"PropertyValueSpecification","valueRequired":true,"valueName":"search_term_string"}}],"inLanguage":"pt-BR"},{"@type":"Organization","@id":"https:\/\/exposicoes.abc.org.br\/100anos\/#organization","name":"Academia Brasileira de Ci\u00eancias","url":"https:\/\/exposicoes.abc.org.br\/100anos\/","logo":{"@type":"ImageObject","inLanguage":"pt-BR","@id":"https:\/\/exposicoes.abc.org.br\/100anos\/#\/schema\/logo\/image\/","url":"https:\/\/exposicoes.abc.org.br\/100anos\/wp-content\/uploads\/2025\/12\/logo-100-abc.png","contentUrl":"https:\/\/exposicoes.abc.org.br\/100anos\/wp-content\/uploads\/2025\/12\/logo-100-abc.png","width":511,"height":116,"caption":"Academia Brasileira de Ci\u00eancias"},"image":{"@id":"https:\/\/exposicoes.abc.org.br\/100anos\/#\/schema\/logo\/image\/"}}]}},"_links":{"self":[{"href":"https:\/\/exposicoes.abc.org.br\/100anos\/wp-json\/wp\/v2\/academico\/838","targetHints":{"allow":["GET"]}}],"collection":[{"href":"https:\/\/exposicoes.abc.org.br\/100anos\/wp-json\/wp\/v2\/academico"}],"about":[{"href":"https:\/\/exposicoes.abc.org.br\/100anos\/wp-json\/wp\/v2\/types\/academico"}],"version-history":[{"count":1,"href":"https:\/\/exposicoes.abc.org.br\/100anos\/wp-json\/wp\/v2\/academico\/838\/revisions"}],"predecessor-version":[{"id":839,"href":"https:\/\/exposicoes.abc.org.br\/100anos\/wp-json\/wp\/v2\/academico\/838\/revisions\/839"}],"wp:featuredmedia":[{"embeddable":true,"href":"https:\/\/exposicoes.abc.org.br\/100anos\/wp-json\/wp\/v2\/media\/801"}],"wp:attachment":[{"href":"https:\/\/exposicoes.abc.org.br\/100anos\/wp-json\/wp\/v2\/media?parent=838"}],"wp:term":[{"taxonomy":"periodo-de-presidencia","embeddable":true,"href":"https:\/\/exposicoes.abc.org.br\/100anos\/wp-json\/wp\/v2\/periodo-de-presidencia?post=838"},{"taxonomy":"periodo-de-vida","embeddable":true,"href":"https:\/\/exposicoes.abc.org.br\/100anos\/wp-json\/wp\/v2\/periodo-de-vida?post=838"},{"taxonomy":"tipo-de-academico","embeddable":true,"href":"https:\/\/exposicoes.abc.org.br\/100anos\/wp-json\/wp\/v2\/tipo-de-academico?post=838"}],"curies":[{"name":"wp","href":"https:\/\/api.w.org\/{rel}","templated":true}]}}