{"id":836,"date":"2026-02-05T15:09:56","date_gmt":"2026-02-05T18:09:56","guid":{"rendered":"https:\/\/exposicoes.abc.org.br\/100anos\/?post_type=academico&#038;p=836"},"modified":"2026-02-05T15:09:56","modified_gmt":"2026-02-05T18:09:56","slug":"dyrce-lacombe-de-almeida","status":"publish","type":"academico","link":"https:\/\/exposicoes.abc.org.br\/100anos\/academico\/dyrce-lacombe-de-almeida\/","title":{"rendered":"Dyrce Lacombe de Almeida"},"content":{"rendered":"\n<p>Nascida no Rio de Janeiro, Dyrce Lacombe de Almeida foi uma cientista e entomologista brasileira, reconhecida por suas contribui\u00e7\u00f5es \u00e0 zoologia, \u00e0 entomologia e \u00e0 carcinologia, com trajet\u00f3ria fortemente associada ao Instituto Oswaldo Cruz (IOC). Foi eleita membro da Academia Brasileira de Ci\u00eancias em 1964, um reconhecimento \u00e0 sua produ\u00e7\u00e3o cient\u00edfica e ao seu papel na consolida\u00e7\u00e3o da pesquisa zool\u00f3gica no Brasil.<\/p>\n\n\n\n<p>Dyrce nasceu na cidade do Rio de Janeiro e ingressou no curso de Hist\u00f3ria Natural da Faculdade Nacional de Filosofia (FNFi) da Universidade do Brasil, atual Universidade Federal do Rio de Janeiro (UFRJ), graduando-se em 1955. Ainda como estudante, iniciou sua atua\u00e7\u00e3o acad\u00eamica como assistente do professor Olympio da Fonseca Filho e participou do curso de extens\u00e3o universit\u00e1ria em zoologia ministrado por Newton Dias dos Santos, do Museu Nacional, experi\u00eancia que contribuiu decisivamente para sua forma\u00e7\u00e3o cient\u00edfica.<\/p>\n\n\n\n<p>Em 1952, realizou o Curso de Entomologia Geral do Instituto Oswaldo Cruz, sob a orienta\u00e7\u00e3o do cientista alem\u00e3o Rudolf Barth. A partir desse momento, como bolsista da institui\u00e7\u00e3o, iniciou uma carreira de pesquisa particularmente frut\u00edfera ao lado de Barth, dedicando-se a estudos de anatomia e histologia de insetos, com \u00eanfase nos barbeiros, vetores de import\u00e2ncia m\u00e9dica. Em 1955, publicou, em coautoria com Barth, seu primeiro artigo cient\u00edfico no peri\u00f3dico Mem\u00f3rias do Instituto Oswaldo Cruz, intitulado Estudos anat\u00f4micos e histol\u00f3gicos do ducto intestinal de Embolyntha batesi MacLachlan, 1877 (Embiidina).<\/p>\n\n\n\n<p>Paralelamente \u00e0 pesquisa, manteve intensa atividade docente, com v\u00ednculos \u00e0 FNFi, \u00e0 Universidade do Distrito Federal, ao Minist\u00e9rio da Educa\u00e7\u00e3o e ao pr\u00f3prio Instituto Oswaldo Cruz. Em 1959, foi aprovada em concurso do Departamento Administrativo do Servi\u00e7o P\u00fablico (DASP), sendo lotada como zo\u00f3loga no Museu Nacional. No ano seguinte, afastou-se da institui\u00e7\u00e3o para ingressar definitivamente nos quadros do Instituto Oswaldo Cruz, inicialmente como bolsista do Conselho Nacional de Pesquisas (CNPq) e, posteriormente, como biologista e pesquisadora.<\/p>\n\n\n\n<p>A partir da d\u00e9cada de 1960, ampliou seus interesses cient\u00edficos, passando a dedicar-se tamb\u00e9m ao estudo de crust\u00e1ceos, especialmente cracas (cirrip\u00e9dios). Nesse campo, iniciou a forma\u00e7\u00e3o de uma importante cole\u00e7\u00e3o histol\u00f3gica e sistem\u00e1tica, que se tornaria refer\u00eancia para estudos posteriores. Em 1967, recebeu convite do Osborn Laboratories of Marine Science, em Nova York, para desenvolver pesquisas sobre cracas. Em 1969, colaborou com a California Academy of Sciences na elabora\u00e7\u00e3o de uma monografia sobre insetos da ordem Embioptera, refor\u00e7ando sua inser\u00e7\u00e3o internacional.<\/p>\n\n\n\n<p>Ao longo da carreira, Dyrce Lacombe de Almeida integrou diversas sociedades cient\u00edficas, entre elas a Sociedade Brasileira de Entomologia (desde 1955), a Sociedade Brasileira para o Progresso da Ci\u00eancia (desde 1956) e a American Society of Zoologists (desde 1968). Aposentou-se em 1991, mas permaneceu em atividade no Instituto Oswaldo Cruz, dando continuidade \u00e0s pesquisas sobre cracas, embi\u00f3pteros e histologia de barbeiros, mantendo uma atua\u00e7\u00e3o cient\u00edfica ativa e produtiva.<\/p>\n","protected":false},"excerpt":{"rendered":"<p>Nascida no Rio de Janeiro, Dyrce Lacombe de Almeida foi uma cientista e entomologista brasileira, reconhecida por suas contribui\u00e7\u00f5es \u00e0 zoologia, \u00e0 entomologia e \u00e0 carcinologia, com trajet\u00f3ria fortemente associada ao Instituto Oswaldo Cruz (IOC). Foi eleita membro da Academia Brasileira de Ci\u00eancias em 1964, um reconhecimento \u00e0 sua produ\u00e7\u00e3o cient\u00edfica e ao seu papel&#8230;<\/p>\n","protected":false},"featured_media":800,"parent":0,"template":"","meta":{"_acf_changed":false,"footnotes":""},"periodo-de-presidencia":[],"periodo-de-vida":[97],"tipo-de-academico":[4,5],"class_list":["post-836","academico","type-academico","status-publish","has-post-thumbnail","hentry","periodo-de-vida-97","tipo-de-academico-cientistas-de-destaque","tipo-de-academico-primeiras-academicas"],"acf":[],"yoast_head":"<!-- This site is optimized with the Yoast SEO plugin v26.8 - https:\/\/yoast.com\/product\/yoast-seo-wordpress\/ -->\n<title>Dyrce Lacombe de Almeida | Cem Anos de Ci\u00eancia<\/title>\n<meta name=\"robots\" content=\"index, follow, max-snippet:-1, max-image-preview:large, max-video-preview:-1\" \/>\n<link rel=\"canonical\" href=\"https:\/\/exposicoes.abc.org.br\/100anos\/academico\/dyrce-lacombe-de-almeida\/\" \/>\n<meta property=\"og:locale\" content=\"pt_BR\" \/>\n<meta property=\"og:type\" content=\"article\" \/>\n<meta property=\"og:title\" content=\"Dyrce Lacombe de Almeida | Cem Anos de Ci\u00eancia\" \/>\n<meta property=\"og:description\" content=\"Nascida no Rio de Janeiro, Dyrce Lacombe de Almeida foi uma cientista e entomologista brasileira, reconhecida por suas contribui\u00e7\u00f5es \u00e0 zoologia, \u00e0 entomologia e \u00e0 carcinologia, com trajet\u00f3ria fortemente associada ao Instituto Oswaldo Cruz (IOC). Foi eleita membro da Academia Brasileira de Ci\u00eancias em 1964, um reconhecimento \u00e0 sua produ\u00e7\u00e3o cient\u00edfica e ao seu papel...\" \/>\n<meta property=\"og:url\" content=\"https:\/\/exposicoes.abc.org.br\/100anos\/academico\/dyrce-lacombe-de-almeida\/\" \/>\n<meta property=\"og:site_name\" content=\"Cem Anos de Ci\u00eancia\" \/>\n<meta property=\"og:image\" content=\"https:\/\/exposicoes.abc.org.br\/100anos\/wp-content\/uploads\/2026\/02\/dyrce_lacombe-c-IA.png\" \/>\n\t<meta property=\"og:image:width\" content=\"1024\" \/>\n\t<meta property=\"og:image:height\" content=\"1536\" \/>\n\t<meta property=\"og:image:type\" content=\"image\/png\" \/>\n<meta name=\"twitter:card\" content=\"summary_large_image\" \/>\n<meta name=\"twitter:label1\" content=\"Est. tempo de leitura\" \/>\n\t<meta name=\"twitter:data1\" content=\"3 minutos\" \/>\n<script type=\"application\/ld+json\" class=\"yoast-schema-graph\">{\"@context\":\"https:\/\/schema.org\",\"@graph\":[{\"@type\":\"WebPage\",\"@id\":\"https:\/\/exposicoes.abc.org.br\/100anos\/academico\/dyrce-lacombe-de-almeida\/\",\"url\":\"https:\/\/exposicoes.abc.org.br\/100anos\/academico\/dyrce-lacombe-de-almeida\/\",\"name\":\"Dyrce Lacombe de Almeida | Cem Anos de Ci\u00eancia\",\"isPartOf\":{\"@id\":\"https:\/\/exposicoes.abc.org.br\/100anos\/#website\"},\"primaryImageOfPage\":{\"@id\":\"https:\/\/exposicoes.abc.org.br\/100anos\/academico\/dyrce-lacombe-de-almeida\/#primaryimage\"},\"image\":{\"@id\":\"https:\/\/exposicoes.abc.org.br\/100anos\/academico\/dyrce-lacombe-de-almeida\/#primaryimage\"},\"thumbnailUrl\":\"https:\/\/exposicoes.abc.org.br\/100anos\/wp-content\/uploads\/2026\/02\/dyrce_lacombe-c-IA.png\",\"datePublished\":\"2026-02-05T18:09:56+00:00\",\"breadcrumb\":{\"@id\":\"https:\/\/exposicoes.abc.org.br\/100anos\/academico\/dyrce-lacombe-de-almeida\/#breadcrumb\"},\"inLanguage\":\"pt-BR\",\"potentialAction\":[{\"@type\":\"ReadAction\",\"target\":[\"https:\/\/exposicoes.abc.org.br\/100anos\/academico\/dyrce-lacombe-de-almeida\/\"]}]},{\"@type\":\"ImageObject\",\"inLanguage\":\"pt-BR\",\"@id\":\"https:\/\/exposicoes.abc.org.br\/100anos\/academico\/dyrce-lacombe-de-almeida\/#primaryimage\",\"url\":\"https:\/\/exposicoes.abc.org.br\/100anos\/wp-content\/uploads\/2026\/02\/dyrce_lacombe-c-IA.png\",\"contentUrl\":\"https:\/\/exposicoes.abc.org.br\/100anos\/wp-content\/uploads\/2026\/02\/dyrce_lacombe-c-IA.png\",\"width\":1024,\"height\":1536},{\"@type\":\"BreadcrumbList\",\"@id\":\"https:\/\/exposicoes.abc.org.br\/100anos\/academico\/dyrce-lacombe-de-almeida\/#breadcrumb\",\"itemListElement\":[{\"@type\":\"ListItem\",\"position\":1,\"name\":\"In\u00edcio\",\"item\":\"https:\/\/exposicoes.abc.org.br\/100anos\/\"},{\"@type\":\"ListItem\",\"position\":2,\"name\":\"Dyrce Lacombe de Almeida\"}]},{\"@type\":\"WebSite\",\"@id\":\"https:\/\/exposicoes.abc.org.br\/100anos\/#website\",\"url\":\"https:\/\/exposicoes.abc.org.br\/100anos\/\",\"name\":\"Cem Anos de Ci\u00eancia\",\"description\":\"\",\"publisher\":{\"@id\":\"https:\/\/exposicoes.abc.org.br\/100anos\/#organization\"},\"potentialAction\":[{\"@type\":\"SearchAction\",\"target\":{\"@type\":\"EntryPoint\",\"urlTemplate\":\"https:\/\/exposicoes.abc.org.br\/100anos\/?s={search_term_string}\"},\"query-input\":{\"@type\":\"PropertyValueSpecification\",\"valueRequired\":true,\"valueName\":\"search_term_string\"}}],\"inLanguage\":\"pt-BR\"},{\"@type\":\"Organization\",\"@id\":\"https:\/\/exposicoes.abc.org.br\/100anos\/#organization\",\"name\":\"Academia Brasileira de Ci\u00eancias\",\"url\":\"https:\/\/exposicoes.abc.org.br\/100anos\/\",\"logo\":{\"@type\":\"ImageObject\",\"inLanguage\":\"pt-BR\",\"@id\":\"https:\/\/exposicoes.abc.org.br\/100anos\/#\/schema\/logo\/image\/\",\"url\":\"https:\/\/exposicoes.abc.org.br\/100anos\/wp-content\/uploads\/2025\/12\/logo-100-abc.png\",\"contentUrl\":\"https:\/\/exposicoes.abc.org.br\/100anos\/wp-content\/uploads\/2025\/12\/logo-100-abc.png\",\"width\":511,\"height\":116,\"caption\":\"Academia Brasileira de Ci\u00eancias\"},\"image\":{\"@id\":\"https:\/\/exposicoes.abc.org.br\/100anos\/#\/schema\/logo\/image\/\"}}]}<\/script>\n<!-- \/ Yoast SEO plugin. -->","yoast_head_json":{"title":"Dyrce Lacombe de Almeida | Cem Anos de Ci\u00eancia","robots":{"index":"index","follow":"follow","max-snippet":"max-snippet:-1","max-image-preview":"max-image-preview:large","max-video-preview":"max-video-preview:-1"},"canonical":"https:\/\/exposicoes.abc.org.br\/100anos\/academico\/dyrce-lacombe-de-almeida\/","og_locale":"pt_BR","og_type":"article","og_title":"Dyrce Lacombe de Almeida | Cem Anos de Ci\u00eancia","og_description":"Nascida no Rio de Janeiro, Dyrce Lacombe de Almeida foi uma cientista e entomologista brasileira, reconhecida por suas contribui\u00e7\u00f5es \u00e0 zoologia, \u00e0 entomologia e \u00e0 carcinologia, com trajet\u00f3ria fortemente associada ao Instituto Oswaldo Cruz (IOC). Foi eleita membro da Academia Brasileira de Ci\u00eancias em 1964, um reconhecimento \u00e0 sua produ\u00e7\u00e3o cient\u00edfica e ao seu papel...","og_url":"https:\/\/exposicoes.abc.org.br\/100anos\/academico\/dyrce-lacombe-de-almeida\/","og_site_name":"Cem Anos de Ci\u00eancia","og_image":[{"width":1024,"height":1536,"url":"https:\/\/exposicoes.abc.org.br\/100anos\/wp-content\/uploads\/2026\/02\/dyrce_lacombe-c-IA.png","type":"image\/png"}],"twitter_card":"summary_large_image","twitter_misc":{"Est. tempo de leitura":"3 minutos"},"schema":{"@context":"https:\/\/schema.org","@graph":[{"@type":"WebPage","@id":"https:\/\/exposicoes.abc.org.br\/100anos\/academico\/dyrce-lacombe-de-almeida\/","url":"https:\/\/exposicoes.abc.org.br\/100anos\/academico\/dyrce-lacombe-de-almeida\/","name":"Dyrce Lacombe de Almeida | Cem Anos de Ci\u00eancia","isPartOf":{"@id":"https:\/\/exposicoes.abc.org.br\/100anos\/#website"},"primaryImageOfPage":{"@id":"https:\/\/exposicoes.abc.org.br\/100anos\/academico\/dyrce-lacombe-de-almeida\/#primaryimage"},"image":{"@id":"https:\/\/exposicoes.abc.org.br\/100anos\/academico\/dyrce-lacombe-de-almeida\/#primaryimage"},"thumbnailUrl":"https:\/\/exposicoes.abc.org.br\/100anos\/wp-content\/uploads\/2026\/02\/dyrce_lacombe-c-IA.png","datePublished":"2026-02-05T18:09:56+00:00","breadcrumb":{"@id":"https:\/\/exposicoes.abc.org.br\/100anos\/academico\/dyrce-lacombe-de-almeida\/#breadcrumb"},"inLanguage":"pt-BR","potentialAction":[{"@type":"ReadAction","target":["https:\/\/exposicoes.abc.org.br\/100anos\/academico\/dyrce-lacombe-de-almeida\/"]}]},{"@type":"ImageObject","inLanguage":"pt-BR","@id":"https:\/\/exposicoes.abc.org.br\/100anos\/academico\/dyrce-lacombe-de-almeida\/#primaryimage","url":"https:\/\/exposicoes.abc.org.br\/100anos\/wp-content\/uploads\/2026\/02\/dyrce_lacombe-c-IA.png","contentUrl":"https:\/\/exposicoes.abc.org.br\/100anos\/wp-content\/uploads\/2026\/02\/dyrce_lacombe-c-IA.png","width":1024,"height":1536},{"@type":"BreadcrumbList","@id":"https:\/\/exposicoes.abc.org.br\/100anos\/academico\/dyrce-lacombe-de-almeida\/#breadcrumb","itemListElement":[{"@type":"ListItem","position":1,"name":"In\u00edcio","item":"https:\/\/exposicoes.abc.org.br\/100anos\/"},{"@type":"ListItem","position":2,"name":"Dyrce Lacombe de Almeida"}]},{"@type":"WebSite","@id":"https:\/\/exposicoes.abc.org.br\/100anos\/#website","url":"https:\/\/exposicoes.abc.org.br\/100anos\/","name":"Cem Anos de Ci\u00eancia","description":"","publisher":{"@id":"https:\/\/exposicoes.abc.org.br\/100anos\/#organization"},"potentialAction":[{"@type":"SearchAction","target":{"@type":"EntryPoint","urlTemplate":"https:\/\/exposicoes.abc.org.br\/100anos\/?s={search_term_string}"},"query-input":{"@type":"PropertyValueSpecification","valueRequired":true,"valueName":"search_term_string"}}],"inLanguage":"pt-BR"},{"@type":"Organization","@id":"https:\/\/exposicoes.abc.org.br\/100anos\/#organization","name":"Academia Brasileira de Ci\u00eancias","url":"https:\/\/exposicoes.abc.org.br\/100anos\/","logo":{"@type":"ImageObject","inLanguage":"pt-BR","@id":"https:\/\/exposicoes.abc.org.br\/100anos\/#\/schema\/logo\/image\/","url":"https:\/\/exposicoes.abc.org.br\/100anos\/wp-content\/uploads\/2025\/12\/logo-100-abc.png","contentUrl":"https:\/\/exposicoes.abc.org.br\/100anos\/wp-content\/uploads\/2025\/12\/logo-100-abc.png","width":511,"height":116,"caption":"Academia Brasileira de Ci\u00eancias"},"image":{"@id":"https:\/\/exposicoes.abc.org.br\/100anos\/#\/schema\/logo\/image\/"}}]}},"_links":{"self":[{"href":"https:\/\/exposicoes.abc.org.br\/100anos\/wp-json\/wp\/v2\/academico\/836","targetHints":{"allow":["GET"]}}],"collection":[{"href":"https:\/\/exposicoes.abc.org.br\/100anos\/wp-json\/wp\/v2\/academico"}],"about":[{"href":"https:\/\/exposicoes.abc.org.br\/100anos\/wp-json\/wp\/v2\/types\/academico"}],"version-history":[{"count":1,"href":"https:\/\/exposicoes.abc.org.br\/100anos\/wp-json\/wp\/v2\/academico\/836\/revisions"}],"predecessor-version":[{"id":837,"href":"https:\/\/exposicoes.abc.org.br\/100anos\/wp-json\/wp\/v2\/academico\/836\/revisions\/837"}],"wp:featuredmedia":[{"embeddable":true,"href":"https:\/\/exposicoes.abc.org.br\/100anos\/wp-json\/wp\/v2\/media\/800"}],"wp:attachment":[{"href":"https:\/\/exposicoes.abc.org.br\/100anos\/wp-json\/wp\/v2\/media?parent=836"}],"wp:term":[{"taxonomy":"periodo-de-presidencia","embeddable":true,"href":"https:\/\/exposicoes.abc.org.br\/100anos\/wp-json\/wp\/v2\/periodo-de-presidencia?post=836"},{"taxonomy":"periodo-de-vida","embeddable":true,"href":"https:\/\/exposicoes.abc.org.br\/100anos\/wp-json\/wp\/v2\/periodo-de-vida?post=836"},{"taxonomy":"tipo-de-academico","embeddable":true,"href":"https:\/\/exposicoes.abc.org.br\/100anos\/wp-json\/wp\/v2\/tipo-de-academico?post=836"}],"curies":[{"name":"wp","href":"https:\/\/api.w.org\/{rel}","templated":true}]}}