{"id":832,"date":"2026-02-05T15:08:38","date_gmt":"2026-02-05T18:08:38","guid":{"rendered":"https:\/\/exposicoes.abc.org.br\/100anos\/?post_type=academico&#038;p=832"},"modified":"2026-02-05T15:08:38","modified_gmt":"2026-02-05T18:08:38","slug":"diva-diniz-correa","status":"publish","type":"academico","link":"https:\/\/exposicoes.abc.org.br\/100anos\/academico\/diva-diniz-correa\/","title":{"rendered":"Diva Diniz Corr\u00eaa"},"content":{"rendered":"\n<p>Diva Diniz Corr\u00eaa foi uma zo\u00f3loga marinha brasileira. Nasceu em Avar\u00e9, no interior de S\u00e3o Paulo, sendo a mais jovem de tr\u00eas irm\u00e3s e a \u00fanica a ir para a faculdade. Em 1939, iniciou seus estudos em Hist\u00f3ria Natural pela Faculdade de Filosofia, Ci\u00eancias e Letras da Universidade de S\u00e3o Paulo. Depois de se formar em 1941, ela tornou-se aprendiz do Dr. Ottorino de Fiore di Coprani no Departamento de Geologia e Paleontologia.<\/p>\n\n\n\n<p>Entre 1943 a 1945, deu aulas de hist\u00f3ria natural em uma escola rural perto de S\u00e3o Paulo. Em seguida, recebeu a oferta de um cargo de professora na Universidade de S\u00e3o Paulo e come\u00e7ou a ministrar cursos de zoologia e fisiologia. Neste per\u00edodo, ela fez v\u00e1rias viagens \u00e0 costa para coletar esp\u00e9cimes para as suas aulas e pesquisa.<\/p>\n\n\n\n<p>Em 1948, Corr\u00eaa completou sua tese de doutorado sobre a embriologia do Bugula flabellata, um briozo\u00e1rio [invertebrados marinhos que vivem em col\u00f4nias], e recebeu a nota mais alta. Em 1952, recebeu uma bolsa da Universidade de P\u00e1dua e foi para a Stazione Zoologica em N\u00e1poles, It\u00e1lia, onde estudou neurofisiologia e locomo\u00e7\u00e3o de nemertinos [pequeno filo de vermes], tema que gerou muitos artigos. Em 1957, ela recebeu outra bolsa, desta vez da John Simon Guggenheim Memorial Foundation, para viajar para a California Pacific Marine Station, da Universidade da Calif\u00f3rnia, o que levou \u00e0 publica\u00e7\u00e3o de uma monografia sobre os nemertinos das costas da Calif\u00f3rnia e Oregon.<\/p>\n\n\n\n<p>Entre 1958 e 1959, Corr\u00eaa estagiou no Instituto de Ci\u00eancias Marinhas, da Universidade de Miami, e visitou as Ilhas Virgens. Durante a sua estadia nos Estados Unidos, desenvolveu o gosto pela Coca-Cola e batizou um nemertino como Zygonemertes cocacola. Em 1962, estagiou no Laborat\u00f3rio Biol\u00f3gico Marinho em Cura\u00e7ao, por conta de um subs\u00eddio dado pelo governo holand\u00eas, resultando no levantamento de nemertinos da regi\u00e3o e a descri\u00e7\u00e3o de um turbel\u00e1rio [grupo de vermes de corpo achatado que vive na \u00e1gua ou no solo \u00famido].<\/p>\n\n\n\n<p>Mais tarde, em 1962, Diva Diniz Corr\u00eaavoltou para a Universidade de S\u00e3o Paulo e foi professora do Departamento de Zoologia at\u00e9 sua aposentadoria, em 1988. Entre 1963 e 1977, ela foi a primeira mulher diretora do Departamento de Zoologia.<strong>&nbsp;<\/strong><\/p>\n","protected":false},"excerpt":{"rendered":"<p>Diva Diniz Corr\u00eaa foi uma zo\u00f3loga marinha brasileira. Nasceu em Avar\u00e9, no interior de S\u00e3o Paulo, sendo a mais jovem de tr\u00eas irm\u00e3s e a \u00fanica a ir para a faculdade. Em 1939, iniciou seus estudos em Hist\u00f3ria Natural pela Faculdade de Filosofia, Ci\u00eancias e Letras da Universidade de S\u00e3o Paulo. Depois de se formar&#8230;<\/p>\n","protected":false},"featured_media":799,"parent":0,"template":"","meta":{"_acf_changed":false,"footnotes":""},"periodo-de-presidencia":[],"periodo-de-vida":[95],"tipo-de-academico":[4,5],"class_list":["post-832","academico","type-academico","status-publish","has-post-thumbnail","hentry","periodo-de-vida-1918-1993","tipo-de-academico-cientistas-de-destaque","tipo-de-academico-primeiras-academicas"],"acf":[],"yoast_head":"<!-- This site is optimized with the Yoast SEO plugin v26.8 - https:\/\/yoast.com\/product\/yoast-seo-wordpress\/ -->\n<title>Diva Diniz Corr\u00eaa | Cem Anos de Ci\u00eancia<\/title>\n<meta name=\"robots\" content=\"index, follow, max-snippet:-1, max-image-preview:large, max-video-preview:-1\" \/>\n<link rel=\"canonical\" href=\"https:\/\/exposicoes.abc.org.br\/100anos\/academico\/diva-diniz-correa\/\" \/>\n<meta property=\"og:locale\" content=\"pt_BR\" \/>\n<meta property=\"og:type\" content=\"article\" \/>\n<meta property=\"og:title\" content=\"Diva Diniz Corr\u00eaa | Cem Anos de Ci\u00eancia\" \/>\n<meta property=\"og:description\" content=\"Diva Diniz Corr\u00eaa foi uma zo\u00f3loga marinha brasileira. Nasceu em Avar\u00e9, no interior de S\u00e3o Paulo, sendo a mais jovem de tr\u00eas irm\u00e3s e a \u00fanica a ir para a faculdade. Em 1939, iniciou seus estudos em Hist\u00f3ria Natural pela Faculdade de Filosofia, Ci\u00eancias e Letras da Universidade de S\u00e3o Paulo. Depois de se formar...\" \/>\n<meta property=\"og:url\" content=\"https:\/\/exposicoes.abc.org.br\/100anos\/academico\/diva-diniz-correa\/\" \/>\n<meta property=\"og:site_name\" content=\"Cem Anos de Ci\u00eancia\" \/>\n<meta property=\"og:image\" content=\"https:\/\/exposicoes.abc.org.br\/100anos\/wp-content\/uploads\/2026\/02\/diva-diniz-correa-c-IA.png\" \/>\n\t<meta property=\"og:image:width\" content=\"1024\" \/>\n\t<meta property=\"og:image:height\" content=\"1536\" \/>\n\t<meta property=\"og:image:type\" content=\"image\/png\" \/>\n<meta name=\"twitter:card\" content=\"summary_large_image\" \/>\n<meta name=\"twitter:label1\" content=\"Est. tempo de leitura\" \/>\n\t<meta name=\"twitter:data1\" content=\"3 minutos\" \/>\n<script type=\"application\/ld+json\" class=\"yoast-schema-graph\">{\"@context\":\"https:\/\/schema.org\",\"@graph\":[{\"@type\":\"WebPage\",\"@id\":\"https:\/\/exposicoes.abc.org.br\/100anos\/academico\/diva-diniz-correa\/\",\"url\":\"https:\/\/exposicoes.abc.org.br\/100anos\/academico\/diva-diniz-correa\/\",\"name\":\"Diva Diniz Corr\u00eaa | Cem Anos de Ci\u00eancia\",\"isPartOf\":{\"@id\":\"https:\/\/exposicoes.abc.org.br\/100anos\/#website\"},\"primaryImageOfPage\":{\"@id\":\"https:\/\/exposicoes.abc.org.br\/100anos\/academico\/diva-diniz-correa\/#primaryimage\"},\"image\":{\"@id\":\"https:\/\/exposicoes.abc.org.br\/100anos\/academico\/diva-diniz-correa\/#primaryimage\"},\"thumbnailUrl\":\"https:\/\/exposicoes.abc.org.br\/100anos\/wp-content\/uploads\/2026\/02\/diva-diniz-correa-c-IA.png\",\"datePublished\":\"2026-02-05T18:08:38+00:00\",\"breadcrumb\":{\"@id\":\"https:\/\/exposicoes.abc.org.br\/100anos\/academico\/diva-diniz-correa\/#breadcrumb\"},\"inLanguage\":\"pt-BR\",\"potentialAction\":[{\"@type\":\"ReadAction\",\"target\":[\"https:\/\/exposicoes.abc.org.br\/100anos\/academico\/diva-diniz-correa\/\"]}]},{\"@type\":\"ImageObject\",\"inLanguage\":\"pt-BR\",\"@id\":\"https:\/\/exposicoes.abc.org.br\/100anos\/academico\/diva-diniz-correa\/#primaryimage\",\"url\":\"https:\/\/exposicoes.abc.org.br\/100anos\/wp-content\/uploads\/2026\/02\/diva-diniz-correa-c-IA.png\",\"contentUrl\":\"https:\/\/exposicoes.abc.org.br\/100anos\/wp-content\/uploads\/2026\/02\/diva-diniz-correa-c-IA.png\",\"width\":1024,\"height\":1536},{\"@type\":\"BreadcrumbList\",\"@id\":\"https:\/\/exposicoes.abc.org.br\/100anos\/academico\/diva-diniz-correa\/#breadcrumb\",\"itemListElement\":[{\"@type\":\"ListItem\",\"position\":1,\"name\":\"In\u00edcio\",\"item\":\"https:\/\/exposicoes.abc.org.br\/100anos\/\"},{\"@type\":\"ListItem\",\"position\":2,\"name\":\"Diva Diniz Corr\u00eaa\"}]},{\"@type\":\"WebSite\",\"@id\":\"https:\/\/exposicoes.abc.org.br\/100anos\/#website\",\"url\":\"https:\/\/exposicoes.abc.org.br\/100anos\/\",\"name\":\"Cem Anos de Ci\u00eancia\",\"description\":\"\",\"publisher\":{\"@id\":\"https:\/\/exposicoes.abc.org.br\/100anos\/#organization\"},\"potentialAction\":[{\"@type\":\"SearchAction\",\"target\":{\"@type\":\"EntryPoint\",\"urlTemplate\":\"https:\/\/exposicoes.abc.org.br\/100anos\/?s={search_term_string}\"},\"query-input\":{\"@type\":\"PropertyValueSpecification\",\"valueRequired\":true,\"valueName\":\"search_term_string\"}}],\"inLanguage\":\"pt-BR\"},{\"@type\":\"Organization\",\"@id\":\"https:\/\/exposicoes.abc.org.br\/100anos\/#organization\",\"name\":\"Academia Brasileira de Ci\u00eancias\",\"url\":\"https:\/\/exposicoes.abc.org.br\/100anos\/\",\"logo\":{\"@type\":\"ImageObject\",\"inLanguage\":\"pt-BR\",\"@id\":\"https:\/\/exposicoes.abc.org.br\/100anos\/#\/schema\/logo\/image\/\",\"url\":\"https:\/\/exposicoes.abc.org.br\/100anos\/wp-content\/uploads\/2025\/12\/logo-100-abc.png\",\"contentUrl\":\"https:\/\/exposicoes.abc.org.br\/100anos\/wp-content\/uploads\/2025\/12\/logo-100-abc.png\",\"width\":511,\"height\":116,\"caption\":\"Academia Brasileira de Ci\u00eancias\"},\"image\":{\"@id\":\"https:\/\/exposicoes.abc.org.br\/100anos\/#\/schema\/logo\/image\/\"}}]}<\/script>\n<!-- \/ Yoast SEO plugin. -->","yoast_head_json":{"title":"Diva Diniz Corr\u00eaa | Cem Anos de Ci\u00eancia","robots":{"index":"index","follow":"follow","max-snippet":"max-snippet:-1","max-image-preview":"max-image-preview:large","max-video-preview":"max-video-preview:-1"},"canonical":"https:\/\/exposicoes.abc.org.br\/100anos\/academico\/diva-diniz-correa\/","og_locale":"pt_BR","og_type":"article","og_title":"Diva Diniz Corr\u00eaa | Cem Anos de Ci\u00eancia","og_description":"Diva Diniz Corr\u00eaa foi uma zo\u00f3loga marinha brasileira. Nasceu em Avar\u00e9, no interior de S\u00e3o Paulo, sendo a mais jovem de tr\u00eas irm\u00e3s e a \u00fanica a ir para a faculdade. Em 1939, iniciou seus estudos em Hist\u00f3ria Natural pela Faculdade de Filosofia, Ci\u00eancias e Letras da Universidade de S\u00e3o Paulo. Depois de se formar...","og_url":"https:\/\/exposicoes.abc.org.br\/100anos\/academico\/diva-diniz-correa\/","og_site_name":"Cem Anos de Ci\u00eancia","og_image":[{"width":1024,"height":1536,"url":"https:\/\/exposicoes.abc.org.br\/100anos\/wp-content\/uploads\/2026\/02\/diva-diniz-correa-c-IA.png","type":"image\/png"}],"twitter_card":"summary_large_image","twitter_misc":{"Est. tempo de leitura":"3 minutos"},"schema":{"@context":"https:\/\/schema.org","@graph":[{"@type":"WebPage","@id":"https:\/\/exposicoes.abc.org.br\/100anos\/academico\/diva-diniz-correa\/","url":"https:\/\/exposicoes.abc.org.br\/100anos\/academico\/diva-diniz-correa\/","name":"Diva Diniz Corr\u00eaa | Cem Anos de Ci\u00eancia","isPartOf":{"@id":"https:\/\/exposicoes.abc.org.br\/100anos\/#website"},"primaryImageOfPage":{"@id":"https:\/\/exposicoes.abc.org.br\/100anos\/academico\/diva-diniz-correa\/#primaryimage"},"image":{"@id":"https:\/\/exposicoes.abc.org.br\/100anos\/academico\/diva-diniz-correa\/#primaryimage"},"thumbnailUrl":"https:\/\/exposicoes.abc.org.br\/100anos\/wp-content\/uploads\/2026\/02\/diva-diniz-correa-c-IA.png","datePublished":"2026-02-05T18:08:38+00:00","breadcrumb":{"@id":"https:\/\/exposicoes.abc.org.br\/100anos\/academico\/diva-diniz-correa\/#breadcrumb"},"inLanguage":"pt-BR","potentialAction":[{"@type":"ReadAction","target":["https:\/\/exposicoes.abc.org.br\/100anos\/academico\/diva-diniz-correa\/"]}]},{"@type":"ImageObject","inLanguage":"pt-BR","@id":"https:\/\/exposicoes.abc.org.br\/100anos\/academico\/diva-diniz-correa\/#primaryimage","url":"https:\/\/exposicoes.abc.org.br\/100anos\/wp-content\/uploads\/2026\/02\/diva-diniz-correa-c-IA.png","contentUrl":"https:\/\/exposicoes.abc.org.br\/100anos\/wp-content\/uploads\/2026\/02\/diva-diniz-correa-c-IA.png","width":1024,"height":1536},{"@type":"BreadcrumbList","@id":"https:\/\/exposicoes.abc.org.br\/100anos\/academico\/diva-diniz-correa\/#breadcrumb","itemListElement":[{"@type":"ListItem","position":1,"name":"In\u00edcio","item":"https:\/\/exposicoes.abc.org.br\/100anos\/"},{"@type":"ListItem","position":2,"name":"Diva Diniz Corr\u00eaa"}]},{"@type":"WebSite","@id":"https:\/\/exposicoes.abc.org.br\/100anos\/#website","url":"https:\/\/exposicoes.abc.org.br\/100anos\/","name":"Cem Anos de Ci\u00eancia","description":"","publisher":{"@id":"https:\/\/exposicoes.abc.org.br\/100anos\/#organization"},"potentialAction":[{"@type":"SearchAction","target":{"@type":"EntryPoint","urlTemplate":"https:\/\/exposicoes.abc.org.br\/100anos\/?s={search_term_string}"},"query-input":{"@type":"PropertyValueSpecification","valueRequired":true,"valueName":"search_term_string"}}],"inLanguage":"pt-BR"},{"@type":"Organization","@id":"https:\/\/exposicoes.abc.org.br\/100anos\/#organization","name":"Academia Brasileira de Ci\u00eancias","url":"https:\/\/exposicoes.abc.org.br\/100anos\/","logo":{"@type":"ImageObject","inLanguage":"pt-BR","@id":"https:\/\/exposicoes.abc.org.br\/100anos\/#\/schema\/logo\/image\/","url":"https:\/\/exposicoes.abc.org.br\/100anos\/wp-content\/uploads\/2025\/12\/logo-100-abc.png","contentUrl":"https:\/\/exposicoes.abc.org.br\/100anos\/wp-content\/uploads\/2025\/12\/logo-100-abc.png","width":511,"height":116,"caption":"Academia Brasileira de Ci\u00eancias"},"image":{"@id":"https:\/\/exposicoes.abc.org.br\/100anos\/#\/schema\/logo\/image\/"}}]}},"_links":{"self":[{"href":"https:\/\/exposicoes.abc.org.br\/100anos\/wp-json\/wp\/v2\/academico\/832","targetHints":{"allow":["GET"]}}],"collection":[{"href":"https:\/\/exposicoes.abc.org.br\/100anos\/wp-json\/wp\/v2\/academico"}],"about":[{"href":"https:\/\/exposicoes.abc.org.br\/100anos\/wp-json\/wp\/v2\/types\/academico"}],"version-history":[{"count":1,"href":"https:\/\/exposicoes.abc.org.br\/100anos\/wp-json\/wp\/v2\/academico\/832\/revisions"}],"predecessor-version":[{"id":833,"href":"https:\/\/exposicoes.abc.org.br\/100anos\/wp-json\/wp\/v2\/academico\/832\/revisions\/833"}],"wp:featuredmedia":[{"embeddable":true,"href":"https:\/\/exposicoes.abc.org.br\/100anos\/wp-json\/wp\/v2\/media\/799"}],"wp:attachment":[{"href":"https:\/\/exposicoes.abc.org.br\/100anos\/wp-json\/wp\/v2\/media?parent=832"}],"wp:term":[{"taxonomy":"periodo-de-presidencia","embeddable":true,"href":"https:\/\/exposicoes.abc.org.br\/100anos\/wp-json\/wp\/v2\/periodo-de-presidencia?post=832"},{"taxonomy":"periodo-de-vida","embeddable":true,"href":"https:\/\/exposicoes.abc.org.br\/100anos\/wp-json\/wp\/v2\/periodo-de-vida?post=832"},{"taxonomy":"tipo-de-academico","embeddable":true,"href":"https:\/\/exposicoes.abc.org.br\/100anos\/wp-json\/wp\/v2\/tipo-de-academico?post=832"}],"curies":[{"name":"wp","href":"https:\/\/api.w.org\/{rel}","templated":true}]}}