{"id":830,"date":"2026-02-05T15:06:44","date_gmt":"2026-02-05T18:06:44","guid":{"rendered":"https:\/\/exposicoes.abc.org.br\/100anos\/?post_type=academico&#038;p=830"},"modified":"2026-02-12T11:08:45","modified_gmt":"2026-02-12T14:08:45","slug":"elisa-esther-maia-frota-pessoa","status":"publish","type":"academico","link":"https:\/\/exposicoes.abc.org.br\/100anos\/academico\/elisa-esther-maia-frota-pessoa\/","title":{"rendered":"Elisa Esther Maia Frota Pessoa"},"content":{"rendered":"\n<p>Elisa Frota Pessoa, nascida Elisa Esther Habbema de Maia, foi uma f\u00edsica experimental brasileira e uma das pioneiras da ci\u00eancia no pa\u00eds. Destacou-se tanto por suas contribui\u00e7\u00f5es \u00e0 f\u00edsica de part\u00edculas quanto por seu papel decisivo na constru\u00e7\u00e3o das institui\u00e7\u00f5es cient\u00edficas brasileiras, sendo uma das fundadoras do Centro Brasileiro de Pesquisas F\u00edsicas (CBPF). Foi tamb\u00e9m uma das primeiras mulheres a se formar em f\u00edsica no Brasil, em 1942.<\/p>\n\n\n\n<p>Elisa despertou cedo para a ci\u00eancia. Ainda no curso ginasial, na Escola Paulo de Frontin, teve contato decisivo com a f\u00edsica por meio do professor Pl\u00ednio S\u00fcssekind da Rocha, que a incentivou e orientou al\u00e9m do curr\u00edculo formal. Apesar da resist\u00eancia familiar \u2014 seu pai acreditava que o destino feminino deveria restringir-se ao casamento \u2014 Elisa ingressou no curso de f\u00edsica da Faculdade Nacional de Filosofia da ent\u00e3o Universidade do Brasil (atual UFRJ), graduando-se em 1942. Foi a segunda mulher a concluir o curso no pa\u00eds, no mesmo ano em que Sonja Ashauer se formou na USP.<\/p>\n\n\n\n<p>Ainda durante a gradua\u00e7\u00e3o, foi convidada por Joaquim da Costa Ribeiro para atuar como sua assistente. Trabalhou sem remunera\u00e7\u00e3o at\u00e9 1944, quando foi contratada pela universidade. Aos 18 anos, casou-se com o bi\u00f3logo Oswaldo Frota-Pessoa, com quem teve dois filhos, Sonia e Roberto. Ap\u00f3s a separa\u00e7\u00e3o, em 1951, passou a viver com o f\u00edsico Jayme Tiomno, enfrentando forte preconceito social por sua condi\u00e7\u00e3o de mulher, cientista e separada em um per\u00edodo anterior \u00e0 legaliza\u00e7\u00e3o do div\u00f3rcio no Brasil.<\/p>\n\n\n\n<p>Ao lado de Jayme Tiomno, Jos\u00e9 Leite Lopes, Cesar Lattes e Mario Schenberg, Elisa participou ativamente da consolida\u00e7\u00e3o da f\u00edsica moderna no Brasil. Em 1949, foi uma das fundadoras do CBPF, onde chefiou a Divis\u00e3o de Emuls\u00f5es Nucleares at\u00e9 1964. Em 1950, publicou com Neusa Margem o primeiro artigo cient\u00edfico da nova institui\u00e7\u00e3o, \u201cSobre a desintegra\u00e7\u00e3o do m\u00e9son pesado positivo\u201d, trabalho que forneceu evid\u00eancias experimentais em apoio \u00e0 teoria V-A das intera\u00e7\u00f5es fracas. Outros estudos relevantes envolveram rea\u00e7\u00f5es e desintegra\u00e7\u00f5es de m\u00e9sons K e \u03c0 e a demonstra\u00e7\u00e3o experimental de que o m\u00e9son \u03c0 possui spin zero, encerrando uma controv\u00e9rsia internacional.<\/p>\n\n\n\n<p>Em 1965, transferiu-se para a Universidade de Bras\u00edlia e, posteriormente, para a Universidade de S\u00e3o Paulo, sendo aposentada compulsoriamente pelo AI-5 em 1969. Durante o ex\u00edlio, trabalhou na Europa e nos Estados Unidos, colaborando com a forma\u00e7\u00e3o de jovens f\u00edsicos brasileiros. Em 1975, iniciou a implanta\u00e7\u00e3o de um laborat\u00f3rio de emuls\u00f5es nucleares na PUC-S\u00e3o Paulo, em colabora\u00e7\u00e3o com o IFUSP, onde atuou como professora do Departamento de F\u00edsica Experimental.<\/p>\n\n\n\n<p>Com a anistia, retornou ao CBPF em 1980, implantando um novo laborat\u00f3rio dedicado \u00e0 espectroscopia nuclear. Mesmo ap\u00f3s nova aposentadoria compuls\u00f3ria, em 1991, permaneceu ativa como professora em\u00e9rita at\u00e9 1995. Elisa Frota Pessoa faleceu em 2018, deixando um legado cient\u00edfico e institucional duradouro, marcado pela excel\u00eancia experimental, pela defesa da ci\u00eancia no Brasil e pela afirma\u00e7\u00e3o das mulheres na f\u00edsica.<\/p>\n","protected":false},"excerpt":{"rendered":"<p>Elisa Frota Pessoa, nascida Elisa Esther Habbema de Maia, foi uma f\u00edsica experimental brasileira e uma das pioneiras da ci\u00eancia no pa\u00eds. Destacou-se tanto por suas contribui\u00e7\u00f5es \u00e0 f\u00edsica de part\u00edculas quanto por seu papel decisivo na constru\u00e7\u00e3o das institui\u00e7\u00f5es cient\u00edficas brasileiras, sendo uma das fundadoras do Centro Brasileiro de Pesquisas F\u00edsicas (CBPF). Foi tamb\u00e9m&#8230;<\/p>\n","protected":false},"featured_media":802,"parent":0,"template":"","meta":{"_acf_changed":false,"footnotes":""},"periodo-de-presidencia":[],"periodo-de-vida":[94],"tipo-de-academico":[4,5],"class_list":["post-830","academico","type-academico","status-publish","has-post-thumbnail","hentry","periodo-de-vida-1921-2018","tipo-de-academico-cientistas-de-destaque","tipo-de-academico-primeiras-academicas"],"acf":[],"yoast_head":"<!-- This site is optimized with the Yoast SEO plugin v26.8 - https:\/\/yoast.com\/product\/yoast-seo-wordpress\/ -->\n<title>Elisa Esther Maia Frota Pessoa | Cem Anos de Ci\u00eancia<\/title>\n<meta name=\"robots\" content=\"index, follow, max-snippet:-1, max-image-preview:large, max-video-preview:-1\" \/>\n<link rel=\"canonical\" href=\"https:\/\/exposicoes.abc.org.br\/100anos\/academico\/elisa-esther-maia-frota-pessoa\/\" \/>\n<meta property=\"og:locale\" content=\"pt_BR\" \/>\n<meta property=\"og:type\" content=\"article\" \/>\n<meta property=\"og:title\" content=\"Elisa Esther Maia Frota Pessoa | Cem Anos de Ci\u00eancia\" \/>\n<meta property=\"og:description\" content=\"Elisa Frota Pessoa, nascida Elisa Esther Habbema de Maia, foi uma f\u00edsica experimental brasileira e uma das pioneiras da ci\u00eancia no pa\u00eds. Destacou-se tanto por suas contribui\u00e7\u00f5es \u00e0 f\u00edsica de part\u00edculas quanto por seu papel decisivo na constru\u00e7\u00e3o das institui\u00e7\u00f5es cient\u00edficas brasileiras, sendo uma das fundadoras do Centro Brasileiro de Pesquisas F\u00edsicas (CBPF). Foi tamb\u00e9m...\" \/>\n<meta property=\"og:url\" content=\"https:\/\/exposicoes.abc.org.br\/100anos\/academico\/elisa-esther-maia-frota-pessoa\/\" \/>\n<meta property=\"og:site_name\" content=\"Cem Anos de Ci\u00eancia\" \/>\n<meta property=\"article:modified_time\" content=\"2026-02-12T14:08:45+00:00\" \/>\n<meta property=\"og:image\" content=\"https:\/\/exposicoes.abc.org.br\/100anos\/wp-content\/uploads\/2026\/02\/elisa-frota-pessoa.jpeg\" \/>\n\t<meta property=\"og:image:width\" content=\"550\" \/>\n\t<meta property=\"og:image:height\" content=\"738\" \/>\n\t<meta property=\"og:image:type\" content=\"image\/jpeg\" \/>\n<meta name=\"twitter:card\" content=\"summary_large_image\" \/>\n<meta name=\"twitter:label1\" content=\"Est. tempo de leitura\" \/>\n\t<meta name=\"twitter:data1\" content=\"3 minutos\" \/>\n<script type=\"application\/ld+json\" class=\"yoast-schema-graph\">{\"@context\":\"https:\/\/schema.org\",\"@graph\":[{\"@type\":\"WebPage\",\"@id\":\"https:\/\/exposicoes.abc.org.br\/100anos\/academico\/elisa-esther-maia-frota-pessoa\/\",\"url\":\"https:\/\/exposicoes.abc.org.br\/100anos\/academico\/elisa-esther-maia-frota-pessoa\/\",\"name\":\"Elisa Esther Maia Frota Pessoa | Cem Anos de Ci\u00eancia\",\"isPartOf\":{\"@id\":\"https:\/\/exposicoes.abc.org.br\/100anos\/#website\"},\"primaryImageOfPage\":{\"@id\":\"https:\/\/exposicoes.abc.org.br\/100anos\/academico\/elisa-esther-maia-frota-pessoa\/#primaryimage\"},\"image\":{\"@id\":\"https:\/\/exposicoes.abc.org.br\/100anos\/academico\/elisa-esther-maia-frota-pessoa\/#primaryimage\"},\"thumbnailUrl\":\"https:\/\/exposicoes.abc.org.br\/100anos\/wp-content\/uploads\/2026\/02\/elisa-frota-pessoa.jpeg\",\"datePublished\":\"2026-02-05T18:06:44+00:00\",\"dateModified\":\"2026-02-12T14:08:45+00:00\",\"breadcrumb\":{\"@id\":\"https:\/\/exposicoes.abc.org.br\/100anos\/academico\/elisa-esther-maia-frota-pessoa\/#breadcrumb\"},\"inLanguage\":\"pt-BR\",\"potentialAction\":[{\"@type\":\"ReadAction\",\"target\":[\"https:\/\/exposicoes.abc.org.br\/100anos\/academico\/elisa-esther-maia-frota-pessoa\/\"]}]},{\"@type\":\"ImageObject\",\"inLanguage\":\"pt-BR\",\"@id\":\"https:\/\/exposicoes.abc.org.br\/100anos\/academico\/elisa-esther-maia-frota-pessoa\/#primaryimage\",\"url\":\"https:\/\/exposicoes.abc.org.br\/100anos\/wp-content\/uploads\/2026\/02\/elisa-frota-pessoa.jpeg\",\"contentUrl\":\"https:\/\/exposicoes.abc.org.br\/100anos\/wp-content\/uploads\/2026\/02\/elisa-frota-pessoa.jpeg\",\"width\":550,\"height\":738},{\"@type\":\"BreadcrumbList\",\"@id\":\"https:\/\/exposicoes.abc.org.br\/100anos\/academico\/elisa-esther-maia-frota-pessoa\/#breadcrumb\",\"itemListElement\":[{\"@type\":\"ListItem\",\"position\":1,\"name\":\"In\u00edcio\",\"item\":\"https:\/\/exposicoes.abc.org.br\/100anos\/\"},{\"@type\":\"ListItem\",\"position\":2,\"name\":\"Elisa Esther Maia Frota Pessoa\"}]},{\"@type\":\"WebSite\",\"@id\":\"https:\/\/exposicoes.abc.org.br\/100anos\/#website\",\"url\":\"https:\/\/exposicoes.abc.org.br\/100anos\/\",\"name\":\"Cem Anos de Ci\u00eancia\",\"description\":\"\",\"publisher\":{\"@id\":\"https:\/\/exposicoes.abc.org.br\/100anos\/#organization\"},\"potentialAction\":[{\"@type\":\"SearchAction\",\"target\":{\"@type\":\"EntryPoint\",\"urlTemplate\":\"https:\/\/exposicoes.abc.org.br\/100anos\/?s={search_term_string}\"},\"query-input\":{\"@type\":\"PropertyValueSpecification\",\"valueRequired\":true,\"valueName\":\"search_term_string\"}}],\"inLanguage\":\"pt-BR\"},{\"@type\":\"Organization\",\"@id\":\"https:\/\/exposicoes.abc.org.br\/100anos\/#organization\",\"name\":\"Academia Brasileira de Ci\u00eancias\",\"url\":\"https:\/\/exposicoes.abc.org.br\/100anos\/\",\"logo\":{\"@type\":\"ImageObject\",\"inLanguage\":\"pt-BR\",\"@id\":\"https:\/\/exposicoes.abc.org.br\/100anos\/#\/schema\/logo\/image\/\",\"url\":\"https:\/\/exposicoes.abc.org.br\/100anos\/wp-content\/uploads\/2025\/12\/logo-100-abc.png\",\"contentUrl\":\"https:\/\/exposicoes.abc.org.br\/100anos\/wp-content\/uploads\/2025\/12\/logo-100-abc.png\",\"width\":511,\"height\":116,\"caption\":\"Academia Brasileira de Ci\u00eancias\"},\"image\":{\"@id\":\"https:\/\/exposicoes.abc.org.br\/100anos\/#\/schema\/logo\/image\/\"}}]}<\/script>\n<!-- \/ Yoast SEO plugin. -->","yoast_head_json":{"title":"Elisa Esther Maia Frota Pessoa | Cem Anos de Ci\u00eancia","robots":{"index":"index","follow":"follow","max-snippet":"max-snippet:-1","max-image-preview":"max-image-preview:large","max-video-preview":"max-video-preview:-1"},"canonical":"https:\/\/exposicoes.abc.org.br\/100anos\/academico\/elisa-esther-maia-frota-pessoa\/","og_locale":"pt_BR","og_type":"article","og_title":"Elisa Esther Maia Frota Pessoa | Cem Anos de Ci\u00eancia","og_description":"Elisa Frota Pessoa, nascida Elisa Esther Habbema de Maia, foi uma f\u00edsica experimental brasileira e uma das pioneiras da ci\u00eancia no pa\u00eds. Destacou-se tanto por suas contribui\u00e7\u00f5es \u00e0 f\u00edsica de part\u00edculas quanto por seu papel decisivo na constru\u00e7\u00e3o das institui\u00e7\u00f5es cient\u00edficas brasileiras, sendo uma das fundadoras do Centro Brasileiro de Pesquisas F\u00edsicas (CBPF). Foi tamb\u00e9m...","og_url":"https:\/\/exposicoes.abc.org.br\/100anos\/academico\/elisa-esther-maia-frota-pessoa\/","og_site_name":"Cem Anos de Ci\u00eancia","article_modified_time":"2026-02-12T14:08:45+00:00","og_image":[{"width":550,"height":738,"url":"https:\/\/exposicoes.abc.org.br\/100anos\/wp-content\/uploads\/2026\/02\/elisa-frota-pessoa.jpeg","type":"image\/jpeg"}],"twitter_card":"summary_large_image","twitter_misc":{"Est. tempo de leitura":"3 minutos"},"schema":{"@context":"https:\/\/schema.org","@graph":[{"@type":"WebPage","@id":"https:\/\/exposicoes.abc.org.br\/100anos\/academico\/elisa-esther-maia-frota-pessoa\/","url":"https:\/\/exposicoes.abc.org.br\/100anos\/academico\/elisa-esther-maia-frota-pessoa\/","name":"Elisa Esther Maia Frota Pessoa | Cem Anos de Ci\u00eancia","isPartOf":{"@id":"https:\/\/exposicoes.abc.org.br\/100anos\/#website"},"primaryImageOfPage":{"@id":"https:\/\/exposicoes.abc.org.br\/100anos\/academico\/elisa-esther-maia-frota-pessoa\/#primaryimage"},"image":{"@id":"https:\/\/exposicoes.abc.org.br\/100anos\/academico\/elisa-esther-maia-frota-pessoa\/#primaryimage"},"thumbnailUrl":"https:\/\/exposicoes.abc.org.br\/100anos\/wp-content\/uploads\/2026\/02\/elisa-frota-pessoa.jpeg","datePublished":"2026-02-05T18:06:44+00:00","dateModified":"2026-02-12T14:08:45+00:00","breadcrumb":{"@id":"https:\/\/exposicoes.abc.org.br\/100anos\/academico\/elisa-esther-maia-frota-pessoa\/#breadcrumb"},"inLanguage":"pt-BR","potentialAction":[{"@type":"ReadAction","target":["https:\/\/exposicoes.abc.org.br\/100anos\/academico\/elisa-esther-maia-frota-pessoa\/"]}]},{"@type":"ImageObject","inLanguage":"pt-BR","@id":"https:\/\/exposicoes.abc.org.br\/100anos\/academico\/elisa-esther-maia-frota-pessoa\/#primaryimage","url":"https:\/\/exposicoes.abc.org.br\/100anos\/wp-content\/uploads\/2026\/02\/elisa-frota-pessoa.jpeg","contentUrl":"https:\/\/exposicoes.abc.org.br\/100anos\/wp-content\/uploads\/2026\/02\/elisa-frota-pessoa.jpeg","width":550,"height":738},{"@type":"BreadcrumbList","@id":"https:\/\/exposicoes.abc.org.br\/100anos\/academico\/elisa-esther-maia-frota-pessoa\/#breadcrumb","itemListElement":[{"@type":"ListItem","position":1,"name":"In\u00edcio","item":"https:\/\/exposicoes.abc.org.br\/100anos\/"},{"@type":"ListItem","position":2,"name":"Elisa Esther Maia Frota Pessoa"}]},{"@type":"WebSite","@id":"https:\/\/exposicoes.abc.org.br\/100anos\/#website","url":"https:\/\/exposicoes.abc.org.br\/100anos\/","name":"Cem Anos de Ci\u00eancia","description":"","publisher":{"@id":"https:\/\/exposicoes.abc.org.br\/100anos\/#organization"},"potentialAction":[{"@type":"SearchAction","target":{"@type":"EntryPoint","urlTemplate":"https:\/\/exposicoes.abc.org.br\/100anos\/?s={search_term_string}"},"query-input":{"@type":"PropertyValueSpecification","valueRequired":true,"valueName":"search_term_string"}}],"inLanguage":"pt-BR"},{"@type":"Organization","@id":"https:\/\/exposicoes.abc.org.br\/100anos\/#organization","name":"Academia Brasileira de Ci\u00eancias","url":"https:\/\/exposicoes.abc.org.br\/100anos\/","logo":{"@type":"ImageObject","inLanguage":"pt-BR","@id":"https:\/\/exposicoes.abc.org.br\/100anos\/#\/schema\/logo\/image\/","url":"https:\/\/exposicoes.abc.org.br\/100anos\/wp-content\/uploads\/2025\/12\/logo-100-abc.png","contentUrl":"https:\/\/exposicoes.abc.org.br\/100anos\/wp-content\/uploads\/2025\/12\/logo-100-abc.png","width":511,"height":116,"caption":"Academia Brasileira de Ci\u00eancias"},"image":{"@id":"https:\/\/exposicoes.abc.org.br\/100anos\/#\/schema\/logo\/image\/"}}]}},"_links":{"self":[{"href":"https:\/\/exposicoes.abc.org.br\/100anos\/wp-json\/wp\/v2\/academico\/830","targetHints":{"allow":["GET"]}}],"collection":[{"href":"https:\/\/exposicoes.abc.org.br\/100anos\/wp-json\/wp\/v2\/academico"}],"about":[{"href":"https:\/\/exposicoes.abc.org.br\/100anos\/wp-json\/wp\/v2\/types\/academico"}],"version-history":[{"count":1,"href":"https:\/\/exposicoes.abc.org.br\/100anos\/wp-json\/wp\/v2\/academico\/830\/revisions"}],"predecessor-version":[{"id":831,"href":"https:\/\/exposicoes.abc.org.br\/100anos\/wp-json\/wp\/v2\/academico\/830\/revisions\/831"}],"wp:featuredmedia":[{"embeddable":true,"href":"https:\/\/exposicoes.abc.org.br\/100anos\/wp-json\/wp\/v2\/media\/802"}],"wp:attachment":[{"href":"https:\/\/exposicoes.abc.org.br\/100anos\/wp-json\/wp\/v2\/media?parent=830"}],"wp:term":[{"taxonomy":"periodo-de-presidencia","embeddable":true,"href":"https:\/\/exposicoes.abc.org.br\/100anos\/wp-json\/wp\/v2\/periodo-de-presidencia?post=830"},{"taxonomy":"periodo-de-vida","embeddable":true,"href":"https:\/\/exposicoes.abc.org.br\/100anos\/wp-json\/wp\/v2\/periodo-de-vida?post=830"},{"taxonomy":"tipo-de-academico","embeddable":true,"href":"https:\/\/exposicoes.abc.org.br\/100anos\/wp-json\/wp\/v2\/tipo-de-academico?post=830"}],"curies":[{"name":"wp","href":"https:\/\/api.w.org\/{rel}","templated":true}]}}