{"id":83,"date":"2026-01-05T17:38:31","date_gmt":"2026-01-05T20:38:31","guid":{"rendered":"https:\/\/exposicoes.abc.org.br\/100anos\/?post_type=academico&#038;p=83"},"modified":"2026-03-10T14:17:04","modified_gmt":"2026-03-10T17:17:04","slug":"alberto-santos-dumont","status":"publish","type":"academico","link":"https:\/\/exposicoes.abc.org.br\/100anos\/academico\/alberto-santos-dumont\/","title":{"rendered":"Alberto Santos Dumont"},"content":{"rendered":"\n<div class=\"wp-block-columns is-layout-flex wp-container-core-columns-is-layout-9d6595d7 wp-block-columns-is-layout-flex\">\n<div class=\"wp-block-column is-layout-flow wp-block-column-is-layout-flow\">\n<h2 class=\"wp-block-heading\">Sobre o Cientista<\/h2>\n\n\n\n<p>Filho do engenheiro franc\u00eas Henrique Dumont e da brasileira Francisca de Paula Santos, nasceu em Minas Gerais, na regi\u00e3o do munic\u00edpio de Palmira \u2013 que, em 1932, teve seu nome alterado para Santos Dumont. Passou a inf\u00e2ncia em S\u00e3o Paulo, onde o pai administrava uma fazenda de caf\u00e9, e mudou-se para Paris aos 18 anos. Na capital francesa, estudou f\u00edsica, qu\u00edmica, mec\u00e2nica e eletricidade; motivado por seu interesse pela aeron\u00e1utica, aprendeu a pilotar e projetar aparelhos voadores. Em 1898, levantou voo com o bal\u00e3o Brasil, leve, menor e mais est\u00e1vel que os similares da \u00e9poca. No mesmo ano, construiu seu primeiro dirig\u00edvel, que inaugurou com sucesso o uso de motor a petr\u00f3leo. Ap\u00f3s anos de experi\u00eancias com bal\u00f5es e dirig\u00edveis, passou a se dedicar aos avi\u00f5es. Em outubro de 1906, realizou o primeiro voo no 14bis, com o qual conquistou, no m\u00eas seguinte, os primeiros recordes mundiais reconhecidos pela Federa\u00e7\u00e3o Aeron\u00e1utica Internacional. Foi eleito em 1924 para a Academia Brasileira de Ci\u00eancias, na se\u00e7\u00e3o de Ci\u00eancias F\u00edsico-Qu\u00edmicas.<\/p>\n<\/div>\n\n\n\n<div class=\"wp-block-column is-layout-flow wp-block-column-is-layout-flow\">\n<figure class=\"wp-block-image size-full\"><img loading=\"lazy\" decoding=\"async\" width=\"546\" height=\"619\" src=\"https:\/\/exposicoes.abc.org.br\/100anos\/wp-content\/uploads\/2026\/01\/acd-sd-asset-01.png\" alt=\"\" class=\"wp-image-208\" srcset=\"https:\/\/exposicoes.abc.org.br\/100anos\/wp-content\/uploads\/2026\/01\/acd-sd-asset-01.png 546w, https:\/\/exposicoes.abc.org.br\/100anos\/wp-content\/uploads\/2026\/01\/acd-sd-asset-01-265x300.png 265w\" sizes=\"auto, (max-width: 546px) 100vw, 546px\" \/><figcaption class=\"wp-element-caption\">Museu casa natal de santos dumont<\/figcaption><\/figure>\n<\/div>\n<\/div>\n\n\n\n<div style=\"height:100px\" aria-hidden=\"true\" class=\"wp-block-spacer\"><\/div>\n\n\n\n<h2 class=\"wp-block-heading\">Uma vida no ar<\/h2>\n\n\n\n<p>Figura fundamental na hist\u00f3ria da avia\u00e7\u00e3o, Alberto Santos-Dumont desenvolveu muito cedo o interesse pelo campo, sob influ\u00eancia de obras que abordavam a locomo\u00e7\u00e3o a\u00e9rea \u2013 como os escritos do astr\u00f4nomo Camille Flammarion e os romances de Julio Verne. Partiu para a experimenta\u00e7\u00e3o e, em pouco tempo, desenvolveu compet\u00eancias n\u00e3o apenas na arte de voar, mas tamb\u00e9m na constru\u00e7\u00e3o de motores, na introdu\u00e7\u00e3o de materiais e no desenvolvimento de novas configura\u00e7\u00f5es para aparelhos por ele projetados.<\/p>\n\n\n\n<p>No fim dos anos 1890, manteve-se imerso na constru\u00e7\u00e3o de bal\u00f5es e dirig\u00edveis, propondo altera\u00e7\u00f5es que os tornaram capazes de alcan\u00e7ar maiores altitudes e tempos de voo mais longos. A bem-sucedida participa\u00e7\u00e3o em concursos promovidos por aeroclubes chamou a aten\u00e7\u00e3o do mundo para o jovem inventor. Em 1901, ganhou o pr\u00eamio Deutsch de La Meurthe, no valor de 100 mil francos, por completar o percurso de ida e volta ao Parque de Saint-Cloud, contornando a Torre Eiffel, em at\u00e9 30 minutos. Os projetos de dirig\u00edveis, que geravam admira\u00e7\u00e3o e tamb\u00e9m cr\u00edticas, principalmente por sua fragilidade, evolu\u00edram aos primeiros prot\u00f3tipos de mono e biplanos.<\/p>\n\n\n\n<p>Em 1906, iniciou os primeiros ensaios com um novo aparelho, um biplano unido a um bal\u00e3o de hidrog\u00eanio, batizado de 14-bis. A inten\u00e7\u00e3o foi concorrer \u00e0 Ta\u00e7a Archdeacon, destinada ao primeiro voo controlado de mais de 25 metros, sem qualquer aux\u00edlio externo. No m\u00eas de outubro, ap\u00f3s algumas tentativas frustradas, Santos-Dumont atravessou 60 metros do campo de Bagatelle, em Paris. Em 12 de novembro repetiu o feito, dessa vez por 220 metros, e provou ser poss\u00edvel construir uma aeronave mais pesada que o ar capaz de decolar e voar.<\/p>\n\n\n\n<div style=\"height:100px\" aria-hidden=\"true\" class=\"wp-block-spacer\"><\/div>\n\n\n\n<blockquote class=\"wp-block-quote is-layout-flow wp-block-quote-is-layout-flow\">\n<p>Patrono da aeron\u00e1utica brasileira, t\u00edtulo concedido em 1984 por lei federal, Santos-Dumont recebeu in\u00fameras homenagens no Brasil e no exterior. Em 1973, o Comit\u00ea de Nomenclatura da Uni\u00e3o Astron\u00f4mica Internacional deu o nome de Santos-Dumont a uma das crateras da Lua.<\/p>\n<\/blockquote>\n\n\n\n<figure class=\"wp-block-image size-large\"><img loading=\"lazy\" decoding=\"async\" width=\"1024\" height=\"494\" src=\"https:\/\/exposicoes.abc.org.br\/100anos\/wp-content\/uploads\/2026\/01\/acd-sd-asset-02-1024x494.png\" alt=\"\" class=\"wp-image-209\" srcset=\"https:\/\/exposicoes.abc.org.br\/100anos\/wp-content\/uploads\/2026\/01\/acd-sd-asset-02-1024x494.png 1024w, https:\/\/exposicoes.abc.org.br\/100anos\/wp-content\/uploads\/2026\/01\/acd-sd-asset-02-300x145.png 300w, https:\/\/exposicoes.abc.org.br\/100anos\/wp-content\/uploads\/2026\/01\/acd-sd-asset-02-768x371.png 768w, https:\/\/exposicoes.abc.org.br\/100anos\/wp-content\/uploads\/2026\/01\/acd-sd-asset-02.png 1368w\" sizes=\"auto, (max-width: 1024px) 100vw, 1024px\" \/><figcaption class=\"wp-element-caption\">santos dumont e \u00e1lvaro alberto no arsenal de marinha em 1918. (Acervo ABC)<\/figcaption><\/figure>\n\n\n\n<div style=\"height:100px\" aria-hidden=\"true\" class=\"wp-block-spacer\"><\/div>\n\n\n\n<h2 class=\"wp-block-heading\">Inventos de Santos-Dumont<\/h2>\n\n\n\n<p>Embora a execu\u00e7\u00e3o do primeiro voo completo de um avi\u00e3o seja considerada como o grande feito de Santos-Dumont, \u00e9 de sua autoria uma s\u00e9rie de inventos que v\u00e3o al\u00e9m de suas experi\u00eancias com aparelhos voadores. Entre eles, a proje\u00e7\u00e3o de um rel\u00f3gio de precis\u00e3o para ser usado no pulso, elaborado em parceria com o joalheiro Louis Cartier, no ano de 1904. Para sua casa em Petr\u00f3polis (RJ), desenvolveu um chuveiro de \u00e1gua quente com aquecimento a \u00e1lcool. Criou tamb\u00e9m um esqui mec\u00e2nico para escalar montanhas de gelo, uma de suas \u00faltimas inven\u00e7\u00f5es.<\/p>\n\n\n\n<div style=\"height:100px\" aria-hidden=\"true\" class=\"wp-block-spacer\"><\/div>\n\n\n\n<div class=\"wp-block-columns is-layout-flex wp-container-core-columns-is-layout-9d6595d7 wp-block-columns-is-layout-flex\">\n<div class=\"wp-block-column is-layout-flow wp-block-column-is-layout-flow\">\n<figure class=\"wp-block-image size-large\"><img loading=\"lazy\" decoding=\"async\" width=\"1024\" height=\"529\" src=\"https:\/\/exposicoes.abc.org.br\/100anos\/wp-content\/uploads\/2026\/01\/acd-sd-asset-03-1024x529.png\" alt=\"\" class=\"wp-image-210\" srcset=\"https:\/\/exposicoes.abc.org.br\/100anos\/wp-content\/uploads\/2026\/01\/acd-sd-asset-03-1024x529.png 1024w, https:\/\/exposicoes.abc.org.br\/100anos\/wp-content\/uploads\/2026\/01\/acd-sd-asset-03-300x155.png 300w, https:\/\/exposicoes.abc.org.br\/100anos\/wp-content\/uploads\/2026\/01\/acd-sd-asset-03-768x397.png 768w, https:\/\/exposicoes.abc.org.br\/100anos\/wp-content\/uploads\/2026\/01\/acd-sd-asset-03.png 1116w\" sizes=\"auto, (max-width: 1024px) 100vw, 1024px\" \/><figcaption class=\"wp-element-caption\">O 14-bis, inven\u00e7\u00e3o mais famosa de santos dumont. (jules beau)<\/figcaption><\/figure>\n<\/div>\n<\/div>\n","protected":false},"excerpt":{"rendered":"<p>Sobre o Cientista Filho do engenheiro franc\u00eas Henrique Dumont e da brasileira Francisca de Paula Santos, nasceu em Minas Gerais, na regi\u00e3o do munic\u00edpio de Palmira \u2013 que, em 1932, teve seu nome alterado para Santos Dumont. Passou a inf\u00e2ncia em S\u00e3o Paulo, onde o pai administrava uma fazenda de caf\u00e9, e mudou-se para Paris&#8230;<\/p>\n","protected":false},"featured_media":46,"parent":0,"template":"","meta":{"_acf_changed":false,"footnotes":""},"periodo-de-presidencia":[],"periodo-de-vida":[19],"tipo-de-academico":[4],"class_list":["post-83","academico","type-academico","status-publish","has-post-thumbnail","hentry","periodo-de-vida-1873-1932","tipo-de-academico-cientistas-de-destaque"],"acf":[],"yoast_head":"<!-- This site is optimized with the Yoast SEO plugin v26.8 - https:\/\/yoast.com\/product\/yoast-seo-wordpress\/ -->\n<title>Alberto Santos Dumont | Cem Anos de Ci\u00eancia<\/title>\n<meta name=\"robots\" content=\"index, follow, max-snippet:-1, max-image-preview:large, max-video-preview:-1\" \/>\n<link rel=\"canonical\" href=\"https:\/\/exposicoes.abc.org.br\/100anos\/academico\/alberto-santos-dumont\/\" \/>\n<meta property=\"og:locale\" content=\"pt_BR\" \/>\n<meta property=\"og:type\" content=\"article\" \/>\n<meta property=\"og:title\" content=\"Alberto Santos Dumont | Cem Anos de Ci\u00eancia\" \/>\n<meta property=\"og:description\" content=\"Sobre o Cientista Filho do engenheiro franc\u00eas Henrique Dumont e da brasileira Francisca de Paula Santos, nasceu em Minas Gerais, na regi\u00e3o do munic\u00edpio de Palmira \u2013 que, em 1932, teve seu nome alterado para Santos Dumont. Passou a inf\u00e2ncia em S\u00e3o Paulo, onde o pai administrava uma fazenda de caf\u00e9, e mudou-se para Paris...\" \/>\n<meta property=\"og:url\" content=\"https:\/\/exposicoes.abc.org.br\/100anos\/academico\/alberto-santos-dumont\/\" \/>\n<meta property=\"og:site_name\" content=\"Cem Anos de Ci\u00eancia\" \/>\n<meta property=\"article:modified_time\" content=\"2026-03-10T17:17:04+00:00\" \/>\n<meta property=\"og:image\" content=\"https:\/\/exposicoes.abc.org.br\/100anos\/wp-content\/uploads\/2025\/12\/academico-01.png\" \/>\n\t<meta property=\"og:image:width\" content=\"354\" \/>\n\t<meta property=\"og:image:height\" content=\"552\" \/>\n\t<meta property=\"og:image:type\" content=\"image\/png\" \/>\n<meta name=\"twitter:card\" content=\"summary_large_image\" \/>\n<meta name=\"twitter:label1\" content=\"Est. tempo de leitura\" \/>\n\t<meta name=\"twitter:data1\" content=\"4 minutos\" \/>\n<script type=\"application\/ld+json\" class=\"yoast-schema-graph\">{\"@context\":\"https:\/\/schema.org\",\"@graph\":[{\"@type\":\"WebPage\",\"@id\":\"https:\/\/exposicoes.abc.org.br\/100anos\/academico\/alberto-santos-dumont\/\",\"url\":\"https:\/\/exposicoes.abc.org.br\/100anos\/academico\/alberto-santos-dumont\/\",\"name\":\"Alberto Santos Dumont | Cem Anos de Ci\u00eancia\",\"isPartOf\":{\"@id\":\"https:\/\/exposicoes.abc.org.br\/100anos\/#website\"},\"primaryImageOfPage\":{\"@id\":\"https:\/\/exposicoes.abc.org.br\/100anos\/academico\/alberto-santos-dumont\/#primaryimage\"},\"image\":{\"@id\":\"https:\/\/exposicoes.abc.org.br\/100anos\/academico\/alberto-santos-dumont\/#primaryimage\"},\"thumbnailUrl\":\"https:\/\/exposicoes.abc.org.br\/100anos\/wp-content\/uploads\/2025\/12\/academico-01.png\",\"datePublished\":\"2026-01-05T20:38:31+00:00\",\"dateModified\":\"2026-03-10T17:17:04+00:00\",\"breadcrumb\":{\"@id\":\"https:\/\/exposicoes.abc.org.br\/100anos\/academico\/alberto-santos-dumont\/#breadcrumb\"},\"inLanguage\":\"pt-BR\",\"potentialAction\":[{\"@type\":\"ReadAction\",\"target\":[\"https:\/\/exposicoes.abc.org.br\/100anos\/academico\/alberto-santos-dumont\/\"]}]},{\"@type\":\"ImageObject\",\"inLanguage\":\"pt-BR\",\"@id\":\"https:\/\/exposicoes.abc.org.br\/100anos\/academico\/alberto-santos-dumont\/#primaryimage\",\"url\":\"https:\/\/exposicoes.abc.org.br\/100anos\/wp-content\/uploads\/2025\/12\/academico-01.png\",\"contentUrl\":\"https:\/\/exposicoes.abc.org.br\/100anos\/wp-content\/uploads\/2025\/12\/academico-01.png\",\"width\":354,\"height\":552},{\"@type\":\"BreadcrumbList\",\"@id\":\"https:\/\/exposicoes.abc.org.br\/100anos\/academico\/alberto-santos-dumont\/#breadcrumb\",\"itemListElement\":[{\"@type\":\"ListItem\",\"position\":1,\"name\":\"In\u00edcio\",\"item\":\"https:\/\/exposicoes.abc.org.br\/100anos\/\"},{\"@type\":\"ListItem\",\"position\":2,\"name\":\"Alberto Santos Dumont\"}]},{\"@type\":\"WebSite\",\"@id\":\"https:\/\/exposicoes.abc.org.br\/100anos\/#website\",\"url\":\"https:\/\/exposicoes.abc.org.br\/100anos\/\",\"name\":\"Cem Anos de Ci\u00eancia\",\"description\":\"\",\"publisher\":{\"@id\":\"https:\/\/exposicoes.abc.org.br\/100anos\/#organization\"},\"potentialAction\":[{\"@type\":\"SearchAction\",\"target\":{\"@type\":\"EntryPoint\",\"urlTemplate\":\"https:\/\/exposicoes.abc.org.br\/100anos\/?s={search_term_string}\"},\"query-input\":{\"@type\":\"PropertyValueSpecification\",\"valueRequired\":true,\"valueName\":\"search_term_string\"}}],\"inLanguage\":\"pt-BR\"},{\"@type\":\"Organization\",\"@id\":\"https:\/\/exposicoes.abc.org.br\/100anos\/#organization\",\"name\":\"Academia Brasileira de Ci\u00eancias\",\"url\":\"https:\/\/exposicoes.abc.org.br\/100anos\/\",\"logo\":{\"@type\":\"ImageObject\",\"inLanguage\":\"pt-BR\",\"@id\":\"https:\/\/exposicoes.abc.org.br\/100anos\/#\/schema\/logo\/image\/\",\"url\":\"https:\/\/exposicoes.abc.org.br\/100anos\/wp-content\/uploads\/2025\/12\/logo-100-abc.png\",\"contentUrl\":\"https:\/\/exposicoes.abc.org.br\/100anos\/wp-content\/uploads\/2025\/12\/logo-100-abc.png\",\"width\":511,\"height\":116,\"caption\":\"Academia Brasileira de Ci\u00eancias\"},\"image\":{\"@id\":\"https:\/\/exposicoes.abc.org.br\/100anos\/#\/schema\/logo\/image\/\"}}]}<\/script>\n<!-- \/ Yoast SEO plugin. -->","yoast_head_json":{"title":"Alberto Santos Dumont | Cem Anos de Ci\u00eancia","robots":{"index":"index","follow":"follow","max-snippet":"max-snippet:-1","max-image-preview":"max-image-preview:large","max-video-preview":"max-video-preview:-1"},"canonical":"https:\/\/exposicoes.abc.org.br\/100anos\/academico\/alberto-santos-dumont\/","og_locale":"pt_BR","og_type":"article","og_title":"Alberto Santos Dumont | Cem Anos de Ci\u00eancia","og_description":"Sobre o Cientista Filho do engenheiro franc\u00eas Henrique Dumont e da brasileira Francisca de Paula Santos, nasceu em Minas Gerais, na regi\u00e3o do munic\u00edpio de Palmira \u2013 que, em 1932, teve seu nome alterado para Santos Dumont. Passou a inf\u00e2ncia em S\u00e3o Paulo, onde o pai administrava uma fazenda de caf\u00e9, e mudou-se para Paris...","og_url":"https:\/\/exposicoes.abc.org.br\/100anos\/academico\/alberto-santos-dumont\/","og_site_name":"Cem Anos de Ci\u00eancia","article_modified_time":"2026-03-10T17:17:04+00:00","og_image":[{"width":354,"height":552,"url":"https:\/\/exposicoes.abc.org.br\/100anos\/wp-content\/uploads\/2025\/12\/academico-01.png","type":"image\/png"}],"twitter_card":"summary_large_image","twitter_misc":{"Est. tempo de leitura":"4 minutos"},"schema":{"@context":"https:\/\/schema.org","@graph":[{"@type":"WebPage","@id":"https:\/\/exposicoes.abc.org.br\/100anos\/academico\/alberto-santos-dumont\/","url":"https:\/\/exposicoes.abc.org.br\/100anos\/academico\/alberto-santos-dumont\/","name":"Alberto Santos Dumont | Cem Anos de Ci\u00eancia","isPartOf":{"@id":"https:\/\/exposicoes.abc.org.br\/100anos\/#website"},"primaryImageOfPage":{"@id":"https:\/\/exposicoes.abc.org.br\/100anos\/academico\/alberto-santos-dumont\/#primaryimage"},"image":{"@id":"https:\/\/exposicoes.abc.org.br\/100anos\/academico\/alberto-santos-dumont\/#primaryimage"},"thumbnailUrl":"https:\/\/exposicoes.abc.org.br\/100anos\/wp-content\/uploads\/2025\/12\/academico-01.png","datePublished":"2026-01-05T20:38:31+00:00","dateModified":"2026-03-10T17:17:04+00:00","breadcrumb":{"@id":"https:\/\/exposicoes.abc.org.br\/100anos\/academico\/alberto-santos-dumont\/#breadcrumb"},"inLanguage":"pt-BR","potentialAction":[{"@type":"ReadAction","target":["https:\/\/exposicoes.abc.org.br\/100anos\/academico\/alberto-santos-dumont\/"]}]},{"@type":"ImageObject","inLanguage":"pt-BR","@id":"https:\/\/exposicoes.abc.org.br\/100anos\/academico\/alberto-santos-dumont\/#primaryimage","url":"https:\/\/exposicoes.abc.org.br\/100anos\/wp-content\/uploads\/2025\/12\/academico-01.png","contentUrl":"https:\/\/exposicoes.abc.org.br\/100anos\/wp-content\/uploads\/2025\/12\/academico-01.png","width":354,"height":552},{"@type":"BreadcrumbList","@id":"https:\/\/exposicoes.abc.org.br\/100anos\/academico\/alberto-santos-dumont\/#breadcrumb","itemListElement":[{"@type":"ListItem","position":1,"name":"In\u00edcio","item":"https:\/\/exposicoes.abc.org.br\/100anos\/"},{"@type":"ListItem","position":2,"name":"Alberto Santos Dumont"}]},{"@type":"WebSite","@id":"https:\/\/exposicoes.abc.org.br\/100anos\/#website","url":"https:\/\/exposicoes.abc.org.br\/100anos\/","name":"Cem Anos de Ci\u00eancia","description":"","publisher":{"@id":"https:\/\/exposicoes.abc.org.br\/100anos\/#organization"},"potentialAction":[{"@type":"SearchAction","target":{"@type":"EntryPoint","urlTemplate":"https:\/\/exposicoes.abc.org.br\/100anos\/?s={search_term_string}"},"query-input":{"@type":"PropertyValueSpecification","valueRequired":true,"valueName":"search_term_string"}}],"inLanguage":"pt-BR"},{"@type":"Organization","@id":"https:\/\/exposicoes.abc.org.br\/100anos\/#organization","name":"Academia Brasileira de Ci\u00eancias","url":"https:\/\/exposicoes.abc.org.br\/100anos\/","logo":{"@type":"ImageObject","inLanguage":"pt-BR","@id":"https:\/\/exposicoes.abc.org.br\/100anos\/#\/schema\/logo\/image\/","url":"https:\/\/exposicoes.abc.org.br\/100anos\/wp-content\/uploads\/2025\/12\/logo-100-abc.png","contentUrl":"https:\/\/exposicoes.abc.org.br\/100anos\/wp-content\/uploads\/2025\/12\/logo-100-abc.png","width":511,"height":116,"caption":"Academia Brasileira de Ci\u00eancias"},"image":{"@id":"https:\/\/exposicoes.abc.org.br\/100anos\/#\/schema\/logo\/image\/"}}]}},"_links":{"self":[{"href":"https:\/\/exposicoes.abc.org.br\/100anos\/wp-json\/wp\/v2\/academico\/83","targetHints":{"allow":["GET"]}}],"collection":[{"href":"https:\/\/exposicoes.abc.org.br\/100anos\/wp-json\/wp\/v2\/academico"}],"about":[{"href":"https:\/\/exposicoes.abc.org.br\/100anos\/wp-json\/wp\/v2\/types\/academico"}],"version-history":[{"count":9,"href":"https:\/\/exposicoes.abc.org.br\/100anos\/wp-json\/wp\/v2\/academico\/83\/revisions"}],"predecessor-version":[{"id":213,"href":"https:\/\/exposicoes.abc.org.br\/100anos\/wp-json\/wp\/v2\/academico\/83\/revisions\/213"}],"wp:featuredmedia":[{"embeddable":true,"href":"https:\/\/exposicoes.abc.org.br\/100anos\/wp-json\/wp\/v2\/media\/46"}],"wp:attachment":[{"href":"https:\/\/exposicoes.abc.org.br\/100anos\/wp-json\/wp\/v2\/media?parent=83"}],"wp:term":[{"taxonomy":"periodo-de-presidencia","embeddable":true,"href":"https:\/\/exposicoes.abc.org.br\/100anos\/wp-json\/wp\/v2\/periodo-de-presidencia?post=83"},{"taxonomy":"periodo-de-vida","embeddable":true,"href":"https:\/\/exposicoes.abc.org.br\/100anos\/wp-json\/wp\/v2\/periodo-de-vida?post=83"},{"taxonomy":"tipo-de-academico","embeddable":true,"href":"https:\/\/exposicoes.abc.org.br\/100anos\/wp-json\/wp\/v2\/tipo-de-academico?post=83"}],"curies":[{"name":"wp","href":"https:\/\/api.w.org\/{rel}","templated":true}]}}