{"id":828,"date":"2026-02-05T15:06:00","date_gmt":"2026-02-05T18:06:00","guid":{"rendered":"https:\/\/exposicoes.abc.org.br\/100anos\/?post_type=academico&#038;p=828"},"modified":"2026-02-05T15:06:00","modified_gmt":"2026-02-05T18:06:00","slug":"maria-laura-mouzinho-leite-lopes","status":"publish","type":"academico","link":"https:\/\/exposicoes.abc.org.br\/100anos\/academico\/maria-laura-mouzinho-leite-lopes\/","title":{"rendered":"Maria Laura Mouzinho Leite Lopes"},"content":{"rendered":"\n<p>Maria Laura Mouzinho Leite Lopes construiu uma trajet\u00f3ria singular que articula forma\u00e7\u00e3o cient\u00edfica de excel\u00eancia, pioneirismo feminino e compromisso duradouro com a Educa\u00e7\u00e3o Matem\u00e1tica no Brasil. Sua atua\u00e7\u00e3o combinou universidade, pesquisa e pol\u00edticas institucionais, sempre com forte preocupa\u00e7\u00e3o com a forma\u00e7\u00e3o de professores e com o papel social da ci\u00eancia, destacando-se sua rela\u00e7\u00e3o estrat\u00e9gica com a Academia Brasileira de Ci\u00eancias (ABC).<\/p>\n\n\n\n<p>Nascida em Pernambuco, Maria Laura atribu\u00eda a base de sua forma\u00e7\u00e3o intelectual \u00e0 escola prim\u00e1ria, cursada no Grupo Escolar Jo\u00e3o Barbalho, no Recife, dirigido por Helena Pug\u00f3, em um contexto de moderniza\u00e7\u00e3o pedag\u00f3gica conduzido pelo secret\u00e1rio de Educa\u00e7\u00e3o Antonio Carneiro Le\u00e3o. Durante o curso Normal (1932\u20131934), teve um encontro decisivo com Luiz de Barros Freire, que lhe revelou a Matem\u00e1tica como atividade intelectual criativa e prazerosa \u2014 em contraste com a pr\u00f3pria lembran\u00e7a de que, na inf\u00e2ncia, afirmava \u201cdetestar\u201d a disciplina.<\/p>\n\n\n\n<p>Com a mudan\u00e7a da fam\u00edlia para o Rio de Janeiro, em 1935, enfrentou o rigoroso exame de Madureza no Col\u00e9gio Pedro II, estudou no Instituto Lafayette e no Col\u00e9gio Sion, em Petr\u00f3polis, e, em 1938, tentou ingressar na Escola de Engenharia. Embora aprovada em F\u00edsica e Matem\u00e1tica, foi reprovada em Desenho. No ano seguinte, descobriu a Universidade do Distrito Federal (UDF) e, com o apoio de Luiz de Barros Freire, ent\u00e3o decano, foi matriculada no curso de Matem\u00e1tica com base em suas aprova\u00e7\u00f5es anteriores. Pouco depois, com o fechamento da UDF, o grupo foi transferido para a rec\u00e9m-criada Faculdade Nacional de Filosofia (FNFi), da Universidade do Brasil.<\/p>\n\n\n\n<p>Na FNFi, foi aluna de L\u00e9lio Gama, Costa Ribeiro e Oliveira Junior, tornando-se monitora e, em 1942, assistente da Cadeira de Geometria. A chegada de professores estrangeiros, em especial do matem\u00e1tico portugu\u00eas Ant\u00f4nio Monteiro, consolidou a FNFi como polo pioneiro de pesquisa em Matem\u00e1tica no Rio de Janeiro. Sob sua orienta\u00e7\u00e3o, Maria Laura defendeu a tese Espa\u00e7os Projetivos \u2013 Reticulado de seus subespa\u00e7os, obtendo a Livre-Doc\u00eancia \u2014 ent\u00e3o equivalente ao doutorado \u2014 e tornando-se a primeira doutora em Matem\u00e1tica formada no Brasil no \u00e2mbito universit\u00e1rio. Em 1953, assumiu a C\u00e1tedra de Geometria, atuando no Instituto de Matem\u00e1tica da UFRJ at\u00e9 abril de 1969, quando foi aposentada compulsoriamente pelo AI-5, ao lado do marido, o f\u00edsico Jos\u00e9 Leite Lopes.<\/p>\n\n\n\n<p>Durante o ex\u00edlio, trabalhou em Estrasburgo, na Fran\u00e7a, no IREM (Institut de Recherches sur l\u2019Enseignement des Math\u00e9matiques), aprofundando-se nos fundamentos da Educa\u00e7\u00e3o Matem\u00e1tica. Com a anistia, retornou ao Brasil em 1980, reassumindo atividades na UFRJ e contribuindo decisivamente para a forma\u00e7\u00e3o docente, especialmente por meio do Projeto Fund\u00e3o (SPEC\/CAPES\/PADCT), de amplo reconhecimento nacional e internacional.<\/p>\n\n\n\n<p>Sua liga\u00e7\u00e3o com a Academia Brasileira de Ci\u00eancias \u00e9 central em sua trajet\u00f3ria. <strong>Maria Laura esteve entre as cinco primeiras mulheres admitidas na ABC e foi a primeira brasileira a ingressar como membro associado<\/strong>. Em 1976, ao organizar o I Semin\u00e1rio sobre o Ensino de Matem\u00e1tica, buscou apoio institucional e encontrou acolhimento decisivo do ent\u00e3o presidente da ABC, Aristides Pacheco Le\u00e3o, viabilizando o evento com patroc\u00ednio da pr\u00f3pria Academia. Esse marco impulsionou a cria\u00e7\u00e3o do GEPEM (Grupo de Estudos e Pesquisa em Educa\u00e7\u00e3o Matem\u00e1tica), refer\u00eancia nacional desde ent\u00e3o.<\/p>\n\n\n\n<p>Ao longo da vida, Maria Laura defendeu que ci\u00eancia, tecnologia e inova\u00e7\u00e3o exigem um sistema educacional s\u00f3lido, com professores bem formados e valorizados \u2014 capazes n\u00e3o de \u201cencher vasos\u201d, mas de \u201cacender lareiras\u201d.<\/p>\n","protected":false},"excerpt":{"rendered":"<p>Maria Laura Mouzinho Leite Lopes construiu uma trajet\u00f3ria singular que articula forma\u00e7\u00e3o cient\u00edfica de excel\u00eancia, pioneirismo feminino e compromisso duradouro com a Educa\u00e7\u00e3o Matem\u00e1tica no Brasil. Sua atua\u00e7\u00e3o combinou universidade, pesquisa e pol\u00edticas institucionais, sempre com forte preocupa\u00e7\u00e3o com a forma\u00e7\u00e3o de professores e com o papel social da ci\u00eancia, destacando-se sua rela\u00e7\u00e3o estrat\u00e9gica com&#8230;<\/p>\n","protected":false},"featured_media":806,"parent":0,"template":"","meta":{"_acf_changed":false,"footnotes":""},"periodo-de-presidencia":[],"periodo-de-vida":[],"tipo-de-academico":[4,5],"class_list":["post-828","academico","type-academico","status-publish","has-post-thumbnail","hentry","tipo-de-academico-cientistas-de-destaque","tipo-de-academico-primeiras-academicas"],"acf":[],"yoast_head":"<!-- This site is optimized with the Yoast SEO plugin v26.8 - https:\/\/yoast.com\/product\/yoast-seo-wordpress\/ -->\n<title>Maria Laura Mouzinho Leite Lopes | Cem Anos de Ci\u00eancia<\/title>\n<meta name=\"robots\" content=\"index, follow, max-snippet:-1, max-image-preview:large, max-video-preview:-1\" \/>\n<link rel=\"canonical\" href=\"https:\/\/exposicoes.abc.org.br\/100anos\/academico\/maria-laura-mouzinho-leite-lopes\/\" \/>\n<meta property=\"og:locale\" content=\"pt_BR\" \/>\n<meta property=\"og:type\" content=\"article\" \/>\n<meta property=\"og:title\" content=\"Maria Laura Mouzinho Leite Lopes | Cem Anos de Ci\u00eancia\" \/>\n<meta property=\"og:description\" content=\"Maria Laura Mouzinho Leite Lopes construiu uma trajet\u00f3ria singular que articula forma\u00e7\u00e3o cient\u00edfica de excel\u00eancia, pioneirismo feminino e compromisso duradouro com a Educa\u00e7\u00e3o Matem\u00e1tica no Brasil. Sua atua\u00e7\u00e3o combinou universidade, pesquisa e pol\u00edticas institucionais, sempre com forte preocupa\u00e7\u00e3o com a forma\u00e7\u00e3o de professores e com o papel social da ci\u00eancia, destacando-se sua rela\u00e7\u00e3o estrat\u00e9gica com...\" \/>\n<meta property=\"og:url\" content=\"https:\/\/exposicoes.abc.org.br\/100anos\/academico\/maria-laura-mouzinho-leite-lopes\/\" \/>\n<meta property=\"og:site_name\" content=\"Cem Anos de Ci\u00eancia\" \/>\n<meta property=\"og:image\" content=\"https:\/\/exposicoes.abc.org.br\/100anos\/wp-content\/uploads\/2026\/02\/maria-laura-mouzinho.jpg\" \/>\n\t<meta property=\"og:image:width\" content=\"400\" \/>\n\t<meta property=\"og:image:height\" content=\"489\" \/>\n\t<meta property=\"og:image:type\" content=\"image\/jpeg\" \/>\n<meta name=\"twitter:card\" content=\"summary_large_image\" \/>\n<meta name=\"twitter:label1\" content=\"Est. tempo de leitura\" \/>\n\t<meta name=\"twitter:data1\" content=\"4 minutos\" \/>\n<script type=\"application\/ld+json\" class=\"yoast-schema-graph\">{\"@context\":\"https:\/\/schema.org\",\"@graph\":[{\"@type\":\"WebPage\",\"@id\":\"https:\/\/exposicoes.abc.org.br\/100anos\/academico\/maria-laura-mouzinho-leite-lopes\/\",\"url\":\"https:\/\/exposicoes.abc.org.br\/100anos\/academico\/maria-laura-mouzinho-leite-lopes\/\",\"name\":\"Maria Laura Mouzinho Leite Lopes | Cem Anos de Ci\u00eancia\",\"isPartOf\":{\"@id\":\"https:\/\/exposicoes.abc.org.br\/100anos\/#website\"},\"primaryImageOfPage\":{\"@id\":\"https:\/\/exposicoes.abc.org.br\/100anos\/academico\/maria-laura-mouzinho-leite-lopes\/#primaryimage\"},\"image\":{\"@id\":\"https:\/\/exposicoes.abc.org.br\/100anos\/academico\/maria-laura-mouzinho-leite-lopes\/#primaryimage\"},\"thumbnailUrl\":\"https:\/\/exposicoes.abc.org.br\/100anos\/wp-content\/uploads\/2026\/02\/maria-laura-mouzinho.jpg\",\"datePublished\":\"2026-02-05T18:06:00+00:00\",\"breadcrumb\":{\"@id\":\"https:\/\/exposicoes.abc.org.br\/100anos\/academico\/maria-laura-mouzinho-leite-lopes\/#breadcrumb\"},\"inLanguage\":\"pt-BR\",\"potentialAction\":[{\"@type\":\"ReadAction\",\"target\":[\"https:\/\/exposicoes.abc.org.br\/100anos\/academico\/maria-laura-mouzinho-leite-lopes\/\"]}]},{\"@type\":\"ImageObject\",\"inLanguage\":\"pt-BR\",\"@id\":\"https:\/\/exposicoes.abc.org.br\/100anos\/academico\/maria-laura-mouzinho-leite-lopes\/#primaryimage\",\"url\":\"https:\/\/exposicoes.abc.org.br\/100anos\/wp-content\/uploads\/2026\/02\/maria-laura-mouzinho.jpg\",\"contentUrl\":\"https:\/\/exposicoes.abc.org.br\/100anos\/wp-content\/uploads\/2026\/02\/maria-laura-mouzinho.jpg\",\"width\":400,\"height\":489},{\"@type\":\"BreadcrumbList\",\"@id\":\"https:\/\/exposicoes.abc.org.br\/100anos\/academico\/maria-laura-mouzinho-leite-lopes\/#breadcrumb\",\"itemListElement\":[{\"@type\":\"ListItem\",\"position\":1,\"name\":\"In\u00edcio\",\"item\":\"https:\/\/exposicoes.abc.org.br\/100anos\/\"},{\"@type\":\"ListItem\",\"position\":2,\"name\":\"Maria Laura Mouzinho Leite Lopes\"}]},{\"@type\":\"WebSite\",\"@id\":\"https:\/\/exposicoes.abc.org.br\/100anos\/#website\",\"url\":\"https:\/\/exposicoes.abc.org.br\/100anos\/\",\"name\":\"Cem Anos de Ci\u00eancia\",\"description\":\"\",\"publisher\":{\"@id\":\"https:\/\/exposicoes.abc.org.br\/100anos\/#organization\"},\"potentialAction\":[{\"@type\":\"SearchAction\",\"target\":{\"@type\":\"EntryPoint\",\"urlTemplate\":\"https:\/\/exposicoes.abc.org.br\/100anos\/?s={search_term_string}\"},\"query-input\":{\"@type\":\"PropertyValueSpecification\",\"valueRequired\":true,\"valueName\":\"search_term_string\"}}],\"inLanguage\":\"pt-BR\"},{\"@type\":\"Organization\",\"@id\":\"https:\/\/exposicoes.abc.org.br\/100anos\/#organization\",\"name\":\"Academia Brasileira de Ci\u00eancias\",\"url\":\"https:\/\/exposicoes.abc.org.br\/100anos\/\",\"logo\":{\"@type\":\"ImageObject\",\"inLanguage\":\"pt-BR\",\"@id\":\"https:\/\/exposicoes.abc.org.br\/100anos\/#\/schema\/logo\/image\/\",\"url\":\"https:\/\/exposicoes.abc.org.br\/100anos\/wp-content\/uploads\/2025\/12\/logo-100-abc.png\",\"contentUrl\":\"https:\/\/exposicoes.abc.org.br\/100anos\/wp-content\/uploads\/2025\/12\/logo-100-abc.png\",\"width\":511,\"height\":116,\"caption\":\"Academia Brasileira de Ci\u00eancias\"},\"image\":{\"@id\":\"https:\/\/exposicoes.abc.org.br\/100anos\/#\/schema\/logo\/image\/\"}}]}<\/script>\n<!-- \/ Yoast SEO plugin. -->","yoast_head_json":{"title":"Maria Laura Mouzinho Leite Lopes | Cem Anos de Ci\u00eancia","robots":{"index":"index","follow":"follow","max-snippet":"max-snippet:-1","max-image-preview":"max-image-preview:large","max-video-preview":"max-video-preview:-1"},"canonical":"https:\/\/exposicoes.abc.org.br\/100anos\/academico\/maria-laura-mouzinho-leite-lopes\/","og_locale":"pt_BR","og_type":"article","og_title":"Maria Laura Mouzinho Leite Lopes | Cem Anos de Ci\u00eancia","og_description":"Maria Laura Mouzinho Leite Lopes construiu uma trajet\u00f3ria singular que articula forma\u00e7\u00e3o cient\u00edfica de excel\u00eancia, pioneirismo feminino e compromisso duradouro com a Educa\u00e7\u00e3o Matem\u00e1tica no Brasil. Sua atua\u00e7\u00e3o combinou universidade, pesquisa e pol\u00edticas institucionais, sempre com forte preocupa\u00e7\u00e3o com a forma\u00e7\u00e3o de professores e com o papel social da ci\u00eancia, destacando-se sua rela\u00e7\u00e3o estrat\u00e9gica com...","og_url":"https:\/\/exposicoes.abc.org.br\/100anos\/academico\/maria-laura-mouzinho-leite-lopes\/","og_site_name":"Cem Anos de Ci\u00eancia","og_image":[{"width":400,"height":489,"url":"https:\/\/exposicoes.abc.org.br\/100anos\/wp-content\/uploads\/2026\/02\/maria-laura-mouzinho.jpg","type":"image\/jpeg"}],"twitter_card":"summary_large_image","twitter_misc":{"Est. tempo de leitura":"4 minutos"},"schema":{"@context":"https:\/\/schema.org","@graph":[{"@type":"WebPage","@id":"https:\/\/exposicoes.abc.org.br\/100anos\/academico\/maria-laura-mouzinho-leite-lopes\/","url":"https:\/\/exposicoes.abc.org.br\/100anos\/academico\/maria-laura-mouzinho-leite-lopes\/","name":"Maria Laura Mouzinho Leite Lopes | Cem Anos de Ci\u00eancia","isPartOf":{"@id":"https:\/\/exposicoes.abc.org.br\/100anos\/#website"},"primaryImageOfPage":{"@id":"https:\/\/exposicoes.abc.org.br\/100anos\/academico\/maria-laura-mouzinho-leite-lopes\/#primaryimage"},"image":{"@id":"https:\/\/exposicoes.abc.org.br\/100anos\/academico\/maria-laura-mouzinho-leite-lopes\/#primaryimage"},"thumbnailUrl":"https:\/\/exposicoes.abc.org.br\/100anos\/wp-content\/uploads\/2026\/02\/maria-laura-mouzinho.jpg","datePublished":"2026-02-05T18:06:00+00:00","breadcrumb":{"@id":"https:\/\/exposicoes.abc.org.br\/100anos\/academico\/maria-laura-mouzinho-leite-lopes\/#breadcrumb"},"inLanguage":"pt-BR","potentialAction":[{"@type":"ReadAction","target":["https:\/\/exposicoes.abc.org.br\/100anos\/academico\/maria-laura-mouzinho-leite-lopes\/"]}]},{"@type":"ImageObject","inLanguage":"pt-BR","@id":"https:\/\/exposicoes.abc.org.br\/100anos\/academico\/maria-laura-mouzinho-leite-lopes\/#primaryimage","url":"https:\/\/exposicoes.abc.org.br\/100anos\/wp-content\/uploads\/2026\/02\/maria-laura-mouzinho.jpg","contentUrl":"https:\/\/exposicoes.abc.org.br\/100anos\/wp-content\/uploads\/2026\/02\/maria-laura-mouzinho.jpg","width":400,"height":489},{"@type":"BreadcrumbList","@id":"https:\/\/exposicoes.abc.org.br\/100anos\/academico\/maria-laura-mouzinho-leite-lopes\/#breadcrumb","itemListElement":[{"@type":"ListItem","position":1,"name":"In\u00edcio","item":"https:\/\/exposicoes.abc.org.br\/100anos\/"},{"@type":"ListItem","position":2,"name":"Maria Laura Mouzinho Leite Lopes"}]},{"@type":"WebSite","@id":"https:\/\/exposicoes.abc.org.br\/100anos\/#website","url":"https:\/\/exposicoes.abc.org.br\/100anos\/","name":"Cem Anos de Ci\u00eancia","description":"","publisher":{"@id":"https:\/\/exposicoes.abc.org.br\/100anos\/#organization"},"potentialAction":[{"@type":"SearchAction","target":{"@type":"EntryPoint","urlTemplate":"https:\/\/exposicoes.abc.org.br\/100anos\/?s={search_term_string}"},"query-input":{"@type":"PropertyValueSpecification","valueRequired":true,"valueName":"search_term_string"}}],"inLanguage":"pt-BR"},{"@type":"Organization","@id":"https:\/\/exposicoes.abc.org.br\/100anos\/#organization","name":"Academia Brasileira de Ci\u00eancias","url":"https:\/\/exposicoes.abc.org.br\/100anos\/","logo":{"@type":"ImageObject","inLanguage":"pt-BR","@id":"https:\/\/exposicoes.abc.org.br\/100anos\/#\/schema\/logo\/image\/","url":"https:\/\/exposicoes.abc.org.br\/100anos\/wp-content\/uploads\/2025\/12\/logo-100-abc.png","contentUrl":"https:\/\/exposicoes.abc.org.br\/100anos\/wp-content\/uploads\/2025\/12\/logo-100-abc.png","width":511,"height":116,"caption":"Academia Brasileira de Ci\u00eancias"},"image":{"@id":"https:\/\/exposicoes.abc.org.br\/100anos\/#\/schema\/logo\/image\/"}}]}},"_links":{"self":[{"href":"https:\/\/exposicoes.abc.org.br\/100anos\/wp-json\/wp\/v2\/academico\/828","targetHints":{"allow":["GET"]}}],"collection":[{"href":"https:\/\/exposicoes.abc.org.br\/100anos\/wp-json\/wp\/v2\/academico"}],"about":[{"href":"https:\/\/exposicoes.abc.org.br\/100anos\/wp-json\/wp\/v2\/types\/academico"}],"version-history":[{"count":1,"href":"https:\/\/exposicoes.abc.org.br\/100anos\/wp-json\/wp\/v2\/academico\/828\/revisions"}],"predecessor-version":[{"id":829,"href":"https:\/\/exposicoes.abc.org.br\/100anos\/wp-json\/wp\/v2\/academico\/828\/revisions\/829"}],"wp:featuredmedia":[{"embeddable":true,"href":"https:\/\/exposicoes.abc.org.br\/100anos\/wp-json\/wp\/v2\/media\/806"}],"wp:attachment":[{"href":"https:\/\/exposicoes.abc.org.br\/100anos\/wp-json\/wp\/v2\/media?parent=828"}],"wp:term":[{"taxonomy":"periodo-de-presidencia","embeddable":true,"href":"https:\/\/exposicoes.abc.org.br\/100anos\/wp-json\/wp\/v2\/periodo-de-presidencia?post=828"},{"taxonomy":"periodo-de-vida","embeddable":true,"href":"https:\/\/exposicoes.abc.org.br\/100anos\/wp-json\/wp\/v2\/periodo-de-vida?post=828"},{"taxonomy":"tipo-de-academico","embeddable":true,"href":"https:\/\/exposicoes.abc.org.br\/100anos\/wp-json\/wp\/v2\/tipo-de-academico?post=828"}],"curies":[{"name":"wp","href":"https:\/\/api.w.org\/{rel}","templated":true}]}}