{"id":824,"date":"2026-02-05T15:04:32","date_gmt":"2026-02-05T18:04:32","guid":{"rendered":"https:\/\/exposicoes.abc.org.br\/100anos\/?post_type=academico&#038;p=824"},"modified":"2026-02-05T15:04:32","modified_gmt":"2026-02-05T18:04:32","slug":"mildred-dresselhaus","status":"publish","type":"academico","link":"https:\/\/exposicoes.abc.org.br\/100anos\/academico\/mildred-dresselhaus\/","title":{"rendered":"Mildred Dresselhaus"},"content":{"rendered":"\n<p>Mildred Spiewak Dresselhaus foi uma f\u00edsica norte-americana, que lecionava e atuava como pesquisadora no Departamento de F\u00edsica do Instituto de Tecnologia de Massachusetts (MIT) desde 1960. Era conhecida como a \u201crainha da ci\u00eancia do carbono\u201d, devido \u00e0 sua pesquisa pioneira sobre as propriedades fundamentais desse elemento<\/p>\n\n\n\n<p>Dresselhaus formou-se na Universidade de Hunter em 1951, seguindo para a Universidade de Cambrigde, onde havia recebido uma bolsa de estudos integral. Completou o mestrado pela Universidade Radcliffe, em 1953, e recebeu o diploma de PhD em f\u00edsica pela Universidade de Chicago, em 1958.<\/p>\n\n\n\n<p>Ela foi diretora do Gabinete de Ci\u00eancias no Departamento de Energia dos Estados Unidos, presidente da Sociedade Americana de F\u00edsica e da Sociedade Americana para o Avan\u00e7o da Ci\u00eancia, al\u00e9m de ter presidido o comit\u00ea do governo no Instituto Americano de F\u00edsica e co-presidido o Estudo de mat\u00e9ria condensada e materiais f\u00edsicos. Foi ainda tesoureira da Academia Nacional de Ci\u00eancias (NAS).<\/p>\n\n\n\n<p>Dresselhaus recebeu do governo americano a Medalha da Liberdade e a Medalha da Ci\u00eancia, esta \u00faltima dada aos principais cientistas do pa\u00eds, pelo seu trabalho com propriedades eletr\u00f4nicas de materiais. Recebeu do presidente Obama o Pr\u00eamio Enrico Farmi pela sua lideran\u00e7a em mat\u00e9ria f\u00edsica condensada, energia e ci\u00eancia pol\u00edtica reconhecida pelo Departamento de Energia dos Estados Unidos. No mesmo ano, foi agraciada com o Pr\u00eamio Kravli, pela contribui\u00e7\u00e3o pioneira no estudo de intera\u00e7\u00f5es dos phonons, eletrophonons e transporte t\u00e9rmico em nanoestruturas.<\/p>\n\n\n\n<p>Mildred Dresselhaus militou intensamente pelos direitos iguais para mulheres nas diversas \u00e1reas da ci\u00eancia, ocupadas majoritariamente por homens. Organizou, junto \u00e0 uma colega, o primeiro F\u00f3rum de Mulheres no MIT, em 1971, e, por muitos anos, liderou um semin\u00e1rio direcionado a alunos do primeiro ano de engenharia para garantir que as mulheres do curso seguissem confiantes e seguras na carreira.<\/p>\n\n\n\n<p>Seus colegas do MIT destacaram que ela teve um profundo impacto, em muitos aspectos, muito al\u00e9m do MIT. Foi uma not\u00e1vel pesquisadora, educadora e mentora, pioneira e l\u00edder em sua vida profissional e incans\u00e1vel defensora das mulheres na ci\u00eancia e tecnologia.<\/p>\n","protected":false},"excerpt":{"rendered":"<p>Mildred Spiewak Dresselhaus foi uma f\u00edsica norte-americana, que lecionava e atuava como pesquisadora no Departamento de F\u00edsica do Instituto de Tecnologia de Massachusetts (MIT) desde 1960. Era conhecida como a \u201crainha da ci\u00eancia do carbono\u201d, devido \u00e0 sua pesquisa pioneira sobre as propriedades fundamentais desse elemento Dresselhaus formou-se na Universidade de Hunter em 1951, seguindo&#8230;<\/p>\n","protected":false},"featured_media":811,"parent":0,"template":"","meta":{"_acf_changed":false,"footnotes":""},"periodo-de-presidencia":[],"periodo-de-vida":[92],"tipo-de-academico":[4,5],"class_list":["post-824","academico","type-academico","status-publish","has-post-thumbnail","hentry","periodo-de-vida-1930-2017","tipo-de-academico-cientistas-de-destaque","tipo-de-academico-primeiras-academicas"],"acf":[],"yoast_head":"<!-- This site is optimized with the Yoast SEO plugin v26.8 - https:\/\/yoast.com\/product\/yoast-seo-wordpress\/ -->\n<title>Mildred Dresselhaus | Cem Anos de Ci\u00eancia<\/title>\n<meta name=\"robots\" content=\"index, follow, max-snippet:-1, max-image-preview:large, max-video-preview:-1\" \/>\n<link rel=\"canonical\" href=\"https:\/\/exposicoes.abc.org.br\/100anos\/academico\/mildred-dresselhaus\/\" \/>\n<meta property=\"og:locale\" content=\"pt_BR\" \/>\n<meta property=\"og:type\" content=\"article\" \/>\n<meta property=\"og:title\" content=\"Mildred Dresselhaus | Cem Anos de Ci\u00eancia\" \/>\n<meta property=\"og:description\" content=\"Mildred Spiewak Dresselhaus foi uma f\u00edsica norte-americana, que lecionava e atuava como pesquisadora no Departamento de F\u00edsica do Instituto de Tecnologia de Massachusetts (MIT) desde 1960. Era conhecida como a \u201crainha da ci\u00eancia do carbono\u201d, devido \u00e0 sua pesquisa pioneira sobre as propriedades fundamentais desse elemento Dresselhaus formou-se na Universidade de Hunter em 1951, seguindo...\" \/>\n<meta property=\"og:url\" content=\"https:\/\/exposicoes.abc.org.br\/100anos\/academico\/mildred-dresselhaus\/\" \/>\n<meta property=\"og:site_name\" content=\"Cem Anos de Ci\u00eancia\" \/>\n<meta property=\"og:image\" content=\"https:\/\/exposicoes.abc.org.br\/100anos\/wp-content\/uploads\/2026\/02\/mildred-dresselhaus-image-NSF.png\" \/>\n\t<meta property=\"og:image:width\" content=\"1024\" \/>\n\t<meta property=\"og:image:height\" content=\"1369\" \/>\n\t<meta property=\"og:image:type\" content=\"image\/png\" \/>\n<meta name=\"twitter:card\" content=\"summary_large_image\" \/>\n<meta name=\"twitter:label1\" content=\"Est. tempo de leitura\" \/>\n\t<meta name=\"twitter:data1\" content=\"3 minutos\" \/>\n<script type=\"application\/ld+json\" class=\"yoast-schema-graph\">{\"@context\":\"https:\/\/schema.org\",\"@graph\":[{\"@type\":\"WebPage\",\"@id\":\"https:\/\/exposicoes.abc.org.br\/100anos\/academico\/mildred-dresselhaus\/\",\"url\":\"https:\/\/exposicoes.abc.org.br\/100anos\/academico\/mildred-dresselhaus\/\",\"name\":\"Mildred Dresselhaus | Cem Anos de Ci\u00eancia\",\"isPartOf\":{\"@id\":\"https:\/\/exposicoes.abc.org.br\/100anos\/#website\"},\"primaryImageOfPage\":{\"@id\":\"https:\/\/exposicoes.abc.org.br\/100anos\/academico\/mildred-dresselhaus\/#primaryimage\"},\"image\":{\"@id\":\"https:\/\/exposicoes.abc.org.br\/100anos\/academico\/mildred-dresselhaus\/#primaryimage\"},\"thumbnailUrl\":\"https:\/\/exposicoes.abc.org.br\/100anos\/wp-content\/uploads\/2026\/02\/mildred-dresselhaus-image-NSF.png\",\"datePublished\":\"2026-02-05T18:04:32+00:00\",\"breadcrumb\":{\"@id\":\"https:\/\/exposicoes.abc.org.br\/100anos\/academico\/mildred-dresselhaus\/#breadcrumb\"},\"inLanguage\":\"pt-BR\",\"potentialAction\":[{\"@type\":\"ReadAction\",\"target\":[\"https:\/\/exposicoes.abc.org.br\/100anos\/academico\/mildred-dresselhaus\/\"]}]},{\"@type\":\"ImageObject\",\"inLanguage\":\"pt-BR\",\"@id\":\"https:\/\/exposicoes.abc.org.br\/100anos\/academico\/mildred-dresselhaus\/#primaryimage\",\"url\":\"https:\/\/exposicoes.abc.org.br\/100anos\/wp-content\/uploads\/2026\/02\/mildred-dresselhaus-image-NSF.png\",\"contentUrl\":\"https:\/\/exposicoes.abc.org.br\/100anos\/wp-content\/uploads\/2026\/02\/mildred-dresselhaus-image-NSF.png\",\"width\":1024,\"height\":1369},{\"@type\":\"BreadcrumbList\",\"@id\":\"https:\/\/exposicoes.abc.org.br\/100anos\/academico\/mildred-dresselhaus\/#breadcrumb\",\"itemListElement\":[{\"@type\":\"ListItem\",\"position\":1,\"name\":\"In\u00edcio\",\"item\":\"https:\/\/exposicoes.abc.org.br\/100anos\/\"},{\"@type\":\"ListItem\",\"position\":2,\"name\":\"Mildred Dresselhaus\"}]},{\"@type\":\"WebSite\",\"@id\":\"https:\/\/exposicoes.abc.org.br\/100anos\/#website\",\"url\":\"https:\/\/exposicoes.abc.org.br\/100anos\/\",\"name\":\"Cem Anos de Ci\u00eancia\",\"description\":\"\",\"publisher\":{\"@id\":\"https:\/\/exposicoes.abc.org.br\/100anos\/#organization\"},\"potentialAction\":[{\"@type\":\"SearchAction\",\"target\":{\"@type\":\"EntryPoint\",\"urlTemplate\":\"https:\/\/exposicoes.abc.org.br\/100anos\/?s={search_term_string}\"},\"query-input\":{\"@type\":\"PropertyValueSpecification\",\"valueRequired\":true,\"valueName\":\"search_term_string\"}}],\"inLanguage\":\"pt-BR\"},{\"@type\":\"Organization\",\"@id\":\"https:\/\/exposicoes.abc.org.br\/100anos\/#organization\",\"name\":\"Academia Brasileira de Ci\u00eancias\",\"url\":\"https:\/\/exposicoes.abc.org.br\/100anos\/\",\"logo\":{\"@type\":\"ImageObject\",\"inLanguage\":\"pt-BR\",\"@id\":\"https:\/\/exposicoes.abc.org.br\/100anos\/#\/schema\/logo\/image\/\",\"url\":\"https:\/\/exposicoes.abc.org.br\/100anos\/wp-content\/uploads\/2025\/12\/logo-100-abc.png\",\"contentUrl\":\"https:\/\/exposicoes.abc.org.br\/100anos\/wp-content\/uploads\/2025\/12\/logo-100-abc.png\",\"width\":511,\"height\":116,\"caption\":\"Academia Brasileira de Ci\u00eancias\"},\"image\":{\"@id\":\"https:\/\/exposicoes.abc.org.br\/100anos\/#\/schema\/logo\/image\/\"}}]}<\/script>\n<!-- \/ Yoast SEO plugin. -->","yoast_head_json":{"title":"Mildred Dresselhaus | Cem Anos de Ci\u00eancia","robots":{"index":"index","follow":"follow","max-snippet":"max-snippet:-1","max-image-preview":"max-image-preview:large","max-video-preview":"max-video-preview:-1"},"canonical":"https:\/\/exposicoes.abc.org.br\/100anos\/academico\/mildred-dresselhaus\/","og_locale":"pt_BR","og_type":"article","og_title":"Mildred Dresselhaus | Cem Anos de Ci\u00eancia","og_description":"Mildred Spiewak Dresselhaus foi uma f\u00edsica norte-americana, que lecionava e atuava como pesquisadora no Departamento de F\u00edsica do Instituto de Tecnologia de Massachusetts (MIT) desde 1960. Era conhecida como a \u201crainha da ci\u00eancia do carbono\u201d, devido \u00e0 sua pesquisa pioneira sobre as propriedades fundamentais desse elemento Dresselhaus formou-se na Universidade de Hunter em 1951, seguindo...","og_url":"https:\/\/exposicoes.abc.org.br\/100anos\/academico\/mildred-dresselhaus\/","og_site_name":"Cem Anos de Ci\u00eancia","og_image":[{"width":1024,"height":1369,"url":"https:\/\/exposicoes.abc.org.br\/100anos\/wp-content\/uploads\/2026\/02\/mildred-dresselhaus-image-NSF.png","type":"image\/png"}],"twitter_card":"summary_large_image","twitter_misc":{"Est. tempo de leitura":"3 minutos"},"schema":{"@context":"https:\/\/schema.org","@graph":[{"@type":"WebPage","@id":"https:\/\/exposicoes.abc.org.br\/100anos\/academico\/mildred-dresselhaus\/","url":"https:\/\/exposicoes.abc.org.br\/100anos\/academico\/mildred-dresselhaus\/","name":"Mildred Dresselhaus | Cem Anos de Ci\u00eancia","isPartOf":{"@id":"https:\/\/exposicoes.abc.org.br\/100anos\/#website"},"primaryImageOfPage":{"@id":"https:\/\/exposicoes.abc.org.br\/100anos\/academico\/mildred-dresselhaus\/#primaryimage"},"image":{"@id":"https:\/\/exposicoes.abc.org.br\/100anos\/academico\/mildred-dresselhaus\/#primaryimage"},"thumbnailUrl":"https:\/\/exposicoes.abc.org.br\/100anos\/wp-content\/uploads\/2026\/02\/mildred-dresselhaus-image-NSF.png","datePublished":"2026-02-05T18:04:32+00:00","breadcrumb":{"@id":"https:\/\/exposicoes.abc.org.br\/100anos\/academico\/mildred-dresselhaus\/#breadcrumb"},"inLanguage":"pt-BR","potentialAction":[{"@type":"ReadAction","target":["https:\/\/exposicoes.abc.org.br\/100anos\/academico\/mildred-dresselhaus\/"]}]},{"@type":"ImageObject","inLanguage":"pt-BR","@id":"https:\/\/exposicoes.abc.org.br\/100anos\/academico\/mildred-dresselhaus\/#primaryimage","url":"https:\/\/exposicoes.abc.org.br\/100anos\/wp-content\/uploads\/2026\/02\/mildred-dresselhaus-image-NSF.png","contentUrl":"https:\/\/exposicoes.abc.org.br\/100anos\/wp-content\/uploads\/2026\/02\/mildred-dresselhaus-image-NSF.png","width":1024,"height":1369},{"@type":"BreadcrumbList","@id":"https:\/\/exposicoes.abc.org.br\/100anos\/academico\/mildred-dresselhaus\/#breadcrumb","itemListElement":[{"@type":"ListItem","position":1,"name":"In\u00edcio","item":"https:\/\/exposicoes.abc.org.br\/100anos\/"},{"@type":"ListItem","position":2,"name":"Mildred Dresselhaus"}]},{"@type":"WebSite","@id":"https:\/\/exposicoes.abc.org.br\/100anos\/#website","url":"https:\/\/exposicoes.abc.org.br\/100anos\/","name":"Cem Anos de Ci\u00eancia","description":"","publisher":{"@id":"https:\/\/exposicoes.abc.org.br\/100anos\/#organization"},"potentialAction":[{"@type":"SearchAction","target":{"@type":"EntryPoint","urlTemplate":"https:\/\/exposicoes.abc.org.br\/100anos\/?s={search_term_string}"},"query-input":{"@type":"PropertyValueSpecification","valueRequired":true,"valueName":"search_term_string"}}],"inLanguage":"pt-BR"},{"@type":"Organization","@id":"https:\/\/exposicoes.abc.org.br\/100anos\/#organization","name":"Academia Brasileira de Ci\u00eancias","url":"https:\/\/exposicoes.abc.org.br\/100anos\/","logo":{"@type":"ImageObject","inLanguage":"pt-BR","@id":"https:\/\/exposicoes.abc.org.br\/100anos\/#\/schema\/logo\/image\/","url":"https:\/\/exposicoes.abc.org.br\/100anos\/wp-content\/uploads\/2025\/12\/logo-100-abc.png","contentUrl":"https:\/\/exposicoes.abc.org.br\/100anos\/wp-content\/uploads\/2025\/12\/logo-100-abc.png","width":511,"height":116,"caption":"Academia Brasileira de Ci\u00eancias"},"image":{"@id":"https:\/\/exposicoes.abc.org.br\/100anos\/#\/schema\/logo\/image\/"}}]}},"_links":{"self":[{"href":"https:\/\/exposicoes.abc.org.br\/100anos\/wp-json\/wp\/v2\/academico\/824","targetHints":{"allow":["GET"]}}],"collection":[{"href":"https:\/\/exposicoes.abc.org.br\/100anos\/wp-json\/wp\/v2\/academico"}],"about":[{"href":"https:\/\/exposicoes.abc.org.br\/100anos\/wp-json\/wp\/v2\/types\/academico"}],"version-history":[{"count":1,"href":"https:\/\/exposicoes.abc.org.br\/100anos\/wp-json\/wp\/v2\/academico\/824\/revisions"}],"predecessor-version":[{"id":825,"href":"https:\/\/exposicoes.abc.org.br\/100anos\/wp-json\/wp\/v2\/academico\/824\/revisions\/825"}],"wp:featuredmedia":[{"embeddable":true,"href":"https:\/\/exposicoes.abc.org.br\/100anos\/wp-json\/wp\/v2\/media\/811"}],"wp:attachment":[{"href":"https:\/\/exposicoes.abc.org.br\/100anos\/wp-json\/wp\/v2\/media?parent=824"}],"wp:term":[{"taxonomy":"periodo-de-presidencia","embeddable":true,"href":"https:\/\/exposicoes.abc.org.br\/100anos\/wp-json\/wp\/v2\/periodo-de-presidencia?post=824"},{"taxonomy":"periodo-de-vida","embeddable":true,"href":"https:\/\/exposicoes.abc.org.br\/100anos\/wp-json\/wp\/v2\/periodo-de-vida?post=824"},{"taxonomy":"tipo-de-academico","embeddable":true,"href":"https:\/\/exposicoes.abc.org.br\/100anos\/wp-json\/wp\/v2\/tipo-de-academico?post=824"}],"curies":[{"name":"wp","href":"https:\/\/api.w.org\/{rel}","templated":true}]}}