{"id":818,"date":"2026-02-05T15:02:28","date_gmt":"2026-02-05T18:02:28","guid":{"rendered":"https:\/\/exposicoes.abc.org.br\/100anos\/?post_type=academico&#038;p=818"},"modified":"2026-02-05T15:02:29","modified_gmt":"2026-02-05T18:02:29","slug":"denise-albe-fessard","status":"publish","type":"academico","link":"https:\/\/exposicoes.abc.org.br\/100anos\/academico\/denise-albe-fessard\/","title":{"rendered":"D\u00e9nise Albe-Fessard"},"content":{"rendered":"\n<p>Denise Albe-Fessard foi uma neurocientista, pesquisadora e professora universit\u00e1ria francesa.Nasceu em Paris, no auge da Primeira Guerra Mundial, sendo a mais nova de quatro irm\u00e3os. Seus pais vinham de fam\u00edlias modestas. Em 1918, quando as tropas alem\u00e3s come\u00e7aram a bombardear Paris, foi enviada com os irm\u00e3os para o sul da Fran\u00e7a, para a casa da fam\u00edlia de sua m\u00e3e.<\/p>\n\n\n\n<p>Ap\u00f3s estudar no Liceu Victor Duruy, matriculou-se em uma faculdade de engenharia, a \u00c9cole de Physique et Chimie de Paris (ESPCI Paris), onde se formou em 1937. Em seguida, ingressou na empresa Rh\u00f4ne-Poulenc, mas o cargo de qu\u00edmica n\u00e3o lhe agradou, e ela decidiu mudar de dire\u00e7\u00e3o ap\u00f3s um m\u00eas.<\/p>\n\n\n\n<p>Foi contratada como assistente t\u00e9cnica em um laborat\u00f3rio de fisiologia vegetal do Centro Nacional de Pesquisa Cient\u00edfica (CNRS, sigla em franc\u00eas), chefiado pelo pesquisador Daniel Auger, onde foi incumbida de registrar a propaga\u00e7\u00e3o de potenciais lentos na alga Nitella usando galvan\u00f4metros.<\/p>\n\n\n\n<p>Ap\u00f3s assistir a uma demonstra\u00e7\u00e3o p\u00fablica de eletroencefalografia organizada pelo neurofisiologista Alfred Fessard, no Palais de la D\u00e9couverte, ela decidiu se dedicar \u00e0 pesquisa neurocient\u00edfica. Em 1940, ap\u00f3s o armist\u00edcio, Denise Albe criou seu pr\u00f3prio laborat\u00f3rio de pesquisa no Instituto Marey, onde obteve um cargo de assistente enquanto continuava seus estudos em fisiologia. Ela se casou com Alfred Fessard dois anos depois, em 1942.<\/p>\n\n\n\n<p>Depois da Segunda Guerra Mundial, ela se interessou pela atividade el\u00e9trica produzida por certos peixes. Obteve seu doutorado em Ci\u00eancias pela Universidade de Paris em 1950, d\u00e9cada em que fez os primeiros registros intracelulares do c\u00e9rebro de mam\u00edferos, usando microeletrodos inseridos no c\u00f3rtex cerebral de gatos. Posteriormente, ela chefiou sua pr\u00f3pria equipe de pesquisa do CNRS no Instituto Marey, ent\u00e3o em Gif-sur-Yvette, ap\u00f3s a realoca\u00e7\u00e3o das equipes na d\u00e9cada de 1970.<\/p>\n\n\n\n<p>Cavaleira da Ordem Nacional da Legi\u00e3o de Honra e da Ordem Nacional do M\u00e9rito, ficou conhecida por seu trabalho de pesquisa fundamental sobre as vias da dor no sistema nervoso central, o que lhe permitiu estabelecer uma distin\u00e7\u00e3o no tratamento da dor tal\u00e2mica lateral e medial.<\/p>\n\n\n\n<p>Ela presidiu o comit\u00ea cient\u00edfico do primeiro Congresso Internacional sobre Dor, realizado em Floren\u00e7a, em 1975. De 1978 a 1984, foi membro de v\u00e1rios comit\u00eas cient\u00edficos. Foi a primeira e \u00fanica mulher presidente da Associa\u00e7\u00e3o Internacional para o Estudo da Dor, de 1975 a 1978.<\/p>\n\n\n\n<p>No in\u00edcio da d\u00e9cada de 1980, Denise Albe-Fessard aposentou-se do CNRS e deixou seu laborat\u00f3rio em 1985, mas continuou a participar ativamente da pesquisa cient\u00edfica. Primeiro, formou uma equipe no INRA e, em seguida, ingressou no Hospital de Villejuif. Faleceu aos 86 anos.<\/p>\n","protected":false},"excerpt":{"rendered":"<p>Denise Albe-Fessard foi uma neurocientista, pesquisadora e professora universit\u00e1ria francesa.Nasceu em Paris, no auge da Primeira Guerra Mundial, sendo a mais nova de quatro irm\u00e3os. Seus pais vinham de fam\u00edlias modestas. Em 1918, quando as tropas alem\u00e3s come\u00e7aram a bombardear Paris, foi enviada com os irm\u00e3os para o sul da Fran\u00e7a, para a casa da&#8230;<\/p>\n","protected":false},"featured_media":798,"parent":0,"template":"","meta":{"_acf_changed":false,"footnotes":""},"periodo-de-presidencia":[],"periodo-de-vida":[89],"tipo-de-academico":[4,5],"class_list":["post-818","academico","type-academico","status-publish","has-post-thumbnail","hentry","periodo-de-vida-1916-2003","tipo-de-academico-cientistas-de-destaque","tipo-de-academico-primeiras-academicas"],"acf":[],"yoast_head":"<!-- This site is optimized with the Yoast SEO plugin v26.8 - https:\/\/yoast.com\/product\/yoast-seo-wordpress\/ -->\n<title>D\u00e9nise Albe-Fessard | Cem Anos de Ci\u00eancia<\/title>\n<meta name=\"robots\" content=\"index, follow, max-snippet:-1, max-image-preview:large, max-video-preview:-1\" \/>\n<link rel=\"canonical\" href=\"https:\/\/exposicoes.abc.org.br\/100anos\/academico\/denise-albe-fessard\/\" \/>\n<meta property=\"og:locale\" content=\"pt_BR\" \/>\n<meta property=\"og:type\" content=\"article\" \/>\n<meta property=\"og:title\" content=\"D\u00e9nise Albe-Fessard | Cem Anos de Ci\u00eancia\" \/>\n<meta property=\"og:description\" content=\"Denise Albe-Fessard foi uma neurocientista, pesquisadora e professora universit\u00e1ria francesa.Nasceu em Paris, no auge da Primeira Guerra Mundial, sendo a mais nova de quatro irm\u00e3os. Seus pais vinham de fam\u00edlias modestas. Em 1918, quando as tropas alem\u00e3s come\u00e7aram a bombardear Paris, foi enviada com os irm\u00e3os para o sul da Fran\u00e7a, para a casa da...\" \/>\n<meta property=\"og:url\" content=\"https:\/\/exposicoes.abc.org.br\/100anos\/academico\/denise-albe-fessard\/\" \/>\n<meta property=\"og:site_name\" content=\"Cem Anos de Ci\u00eancia\" \/>\n<meta property=\"article:modified_time\" content=\"2026-02-05T18:02:29+00:00\" \/>\n<meta property=\"og:image\" content=\"https:\/\/exposicoes.abc.org.br\/100anos\/wp-content\/uploads\/2026\/02\/denise-albe-fessard-com-IA-750x1024.png\" \/>\n\t<meta property=\"og:image:width\" content=\"750\" \/>\n\t<meta property=\"og:image:height\" content=\"1024\" \/>\n\t<meta property=\"og:image:type\" content=\"image\/png\" \/>\n<meta name=\"twitter:card\" content=\"summary_large_image\" \/>\n<meta name=\"twitter:label1\" content=\"Est. tempo de leitura\" \/>\n\t<meta name=\"twitter:data1\" content=\"3 minutos\" \/>\n<script type=\"application\/ld+json\" class=\"yoast-schema-graph\">{\"@context\":\"https:\/\/schema.org\",\"@graph\":[{\"@type\":\"WebPage\",\"@id\":\"https:\/\/exposicoes.abc.org.br\/100anos\/academico\/denise-albe-fessard\/\",\"url\":\"https:\/\/exposicoes.abc.org.br\/100anos\/academico\/denise-albe-fessard\/\",\"name\":\"D\u00e9nise Albe-Fessard | Cem Anos de Ci\u00eancia\",\"isPartOf\":{\"@id\":\"https:\/\/exposicoes.abc.org.br\/100anos\/#website\"},\"primaryImageOfPage\":{\"@id\":\"https:\/\/exposicoes.abc.org.br\/100anos\/academico\/denise-albe-fessard\/#primaryimage\"},\"image\":{\"@id\":\"https:\/\/exposicoes.abc.org.br\/100anos\/academico\/denise-albe-fessard\/#primaryimage\"},\"thumbnailUrl\":\"https:\/\/exposicoes.abc.org.br\/100anos\/wp-content\/uploads\/2026\/02\/denise-albe-fessard-com-IA.png\",\"datePublished\":\"2026-02-05T18:02:28+00:00\",\"dateModified\":\"2026-02-05T18:02:29+00:00\",\"breadcrumb\":{\"@id\":\"https:\/\/exposicoes.abc.org.br\/100anos\/academico\/denise-albe-fessard\/#breadcrumb\"},\"inLanguage\":\"pt-BR\",\"potentialAction\":[{\"@type\":\"ReadAction\",\"target\":[\"https:\/\/exposicoes.abc.org.br\/100anos\/academico\/denise-albe-fessard\/\"]}]},{\"@type\":\"ImageObject\",\"inLanguage\":\"pt-BR\",\"@id\":\"https:\/\/exposicoes.abc.org.br\/100anos\/academico\/denise-albe-fessard\/#primaryimage\",\"url\":\"https:\/\/exposicoes.abc.org.br\/100anos\/wp-content\/uploads\/2026\/02\/denise-albe-fessard-com-IA.png\",\"contentUrl\":\"https:\/\/exposicoes.abc.org.br\/100anos\/wp-content\/uploads\/2026\/02\/denise-albe-fessard-com-IA.png\",\"width\":1024,\"height\":1399},{\"@type\":\"BreadcrumbList\",\"@id\":\"https:\/\/exposicoes.abc.org.br\/100anos\/academico\/denise-albe-fessard\/#breadcrumb\",\"itemListElement\":[{\"@type\":\"ListItem\",\"position\":1,\"name\":\"In\u00edcio\",\"item\":\"https:\/\/exposicoes.abc.org.br\/100anos\/\"},{\"@type\":\"ListItem\",\"position\":2,\"name\":\"D\u00e9nise Albe-Fessard\"}]},{\"@type\":\"WebSite\",\"@id\":\"https:\/\/exposicoes.abc.org.br\/100anos\/#website\",\"url\":\"https:\/\/exposicoes.abc.org.br\/100anos\/\",\"name\":\"Cem Anos de Ci\u00eancia\",\"description\":\"\",\"publisher\":{\"@id\":\"https:\/\/exposicoes.abc.org.br\/100anos\/#organization\"},\"potentialAction\":[{\"@type\":\"SearchAction\",\"target\":{\"@type\":\"EntryPoint\",\"urlTemplate\":\"https:\/\/exposicoes.abc.org.br\/100anos\/?s={search_term_string}\"},\"query-input\":{\"@type\":\"PropertyValueSpecification\",\"valueRequired\":true,\"valueName\":\"search_term_string\"}}],\"inLanguage\":\"pt-BR\"},{\"@type\":\"Organization\",\"@id\":\"https:\/\/exposicoes.abc.org.br\/100anos\/#organization\",\"name\":\"Academia Brasileira de Ci\u00eancias\",\"url\":\"https:\/\/exposicoes.abc.org.br\/100anos\/\",\"logo\":{\"@type\":\"ImageObject\",\"inLanguage\":\"pt-BR\",\"@id\":\"https:\/\/exposicoes.abc.org.br\/100anos\/#\/schema\/logo\/image\/\",\"url\":\"https:\/\/exposicoes.abc.org.br\/100anos\/wp-content\/uploads\/2025\/12\/logo-100-abc.png\",\"contentUrl\":\"https:\/\/exposicoes.abc.org.br\/100anos\/wp-content\/uploads\/2025\/12\/logo-100-abc.png\",\"width\":511,\"height\":116,\"caption\":\"Academia Brasileira de Ci\u00eancias\"},\"image\":{\"@id\":\"https:\/\/exposicoes.abc.org.br\/100anos\/#\/schema\/logo\/image\/\"}}]}<\/script>\n<!-- \/ Yoast SEO plugin. -->","yoast_head_json":{"title":"D\u00e9nise Albe-Fessard | Cem Anos de Ci\u00eancia","robots":{"index":"index","follow":"follow","max-snippet":"max-snippet:-1","max-image-preview":"max-image-preview:large","max-video-preview":"max-video-preview:-1"},"canonical":"https:\/\/exposicoes.abc.org.br\/100anos\/academico\/denise-albe-fessard\/","og_locale":"pt_BR","og_type":"article","og_title":"D\u00e9nise Albe-Fessard | Cem Anos de Ci\u00eancia","og_description":"Denise Albe-Fessard foi uma neurocientista, pesquisadora e professora universit\u00e1ria francesa.Nasceu em Paris, no auge da Primeira Guerra Mundial, sendo a mais nova de quatro irm\u00e3os. Seus pais vinham de fam\u00edlias modestas. Em 1918, quando as tropas alem\u00e3s come\u00e7aram a bombardear Paris, foi enviada com os irm\u00e3os para o sul da Fran\u00e7a, para a casa da...","og_url":"https:\/\/exposicoes.abc.org.br\/100anos\/academico\/denise-albe-fessard\/","og_site_name":"Cem Anos de Ci\u00eancia","article_modified_time":"2026-02-05T18:02:29+00:00","og_image":[{"width":750,"height":1024,"url":"https:\/\/exposicoes.abc.org.br\/100anos\/wp-content\/uploads\/2026\/02\/denise-albe-fessard-com-IA-750x1024.png","type":"image\/png"}],"twitter_card":"summary_large_image","twitter_misc":{"Est. tempo de leitura":"3 minutos"},"schema":{"@context":"https:\/\/schema.org","@graph":[{"@type":"WebPage","@id":"https:\/\/exposicoes.abc.org.br\/100anos\/academico\/denise-albe-fessard\/","url":"https:\/\/exposicoes.abc.org.br\/100anos\/academico\/denise-albe-fessard\/","name":"D\u00e9nise Albe-Fessard | Cem Anos de Ci\u00eancia","isPartOf":{"@id":"https:\/\/exposicoes.abc.org.br\/100anos\/#website"},"primaryImageOfPage":{"@id":"https:\/\/exposicoes.abc.org.br\/100anos\/academico\/denise-albe-fessard\/#primaryimage"},"image":{"@id":"https:\/\/exposicoes.abc.org.br\/100anos\/academico\/denise-albe-fessard\/#primaryimage"},"thumbnailUrl":"https:\/\/exposicoes.abc.org.br\/100anos\/wp-content\/uploads\/2026\/02\/denise-albe-fessard-com-IA.png","datePublished":"2026-02-05T18:02:28+00:00","dateModified":"2026-02-05T18:02:29+00:00","breadcrumb":{"@id":"https:\/\/exposicoes.abc.org.br\/100anos\/academico\/denise-albe-fessard\/#breadcrumb"},"inLanguage":"pt-BR","potentialAction":[{"@type":"ReadAction","target":["https:\/\/exposicoes.abc.org.br\/100anos\/academico\/denise-albe-fessard\/"]}]},{"@type":"ImageObject","inLanguage":"pt-BR","@id":"https:\/\/exposicoes.abc.org.br\/100anos\/academico\/denise-albe-fessard\/#primaryimage","url":"https:\/\/exposicoes.abc.org.br\/100anos\/wp-content\/uploads\/2026\/02\/denise-albe-fessard-com-IA.png","contentUrl":"https:\/\/exposicoes.abc.org.br\/100anos\/wp-content\/uploads\/2026\/02\/denise-albe-fessard-com-IA.png","width":1024,"height":1399},{"@type":"BreadcrumbList","@id":"https:\/\/exposicoes.abc.org.br\/100anos\/academico\/denise-albe-fessard\/#breadcrumb","itemListElement":[{"@type":"ListItem","position":1,"name":"In\u00edcio","item":"https:\/\/exposicoes.abc.org.br\/100anos\/"},{"@type":"ListItem","position":2,"name":"D\u00e9nise Albe-Fessard"}]},{"@type":"WebSite","@id":"https:\/\/exposicoes.abc.org.br\/100anos\/#website","url":"https:\/\/exposicoes.abc.org.br\/100anos\/","name":"Cem Anos de Ci\u00eancia","description":"","publisher":{"@id":"https:\/\/exposicoes.abc.org.br\/100anos\/#organization"},"potentialAction":[{"@type":"SearchAction","target":{"@type":"EntryPoint","urlTemplate":"https:\/\/exposicoes.abc.org.br\/100anos\/?s={search_term_string}"},"query-input":{"@type":"PropertyValueSpecification","valueRequired":true,"valueName":"search_term_string"}}],"inLanguage":"pt-BR"},{"@type":"Organization","@id":"https:\/\/exposicoes.abc.org.br\/100anos\/#organization","name":"Academia Brasileira de Ci\u00eancias","url":"https:\/\/exposicoes.abc.org.br\/100anos\/","logo":{"@type":"ImageObject","inLanguage":"pt-BR","@id":"https:\/\/exposicoes.abc.org.br\/100anos\/#\/schema\/logo\/image\/","url":"https:\/\/exposicoes.abc.org.br\/100anos\/wp-content\/uploads\/2025\/12\/logo-100-abc.png","contentUrl":"https:\/\/exposicoes.abc.org.br\/100anos\/wp-content\/uploads\/2025\/12\/logo-100-abc.png","width":511,"height":116,"caption":"Academia Brasileira de Ci\u00eancias"},"image":{"@id":"https:\/\/exposicoes.abc.org.br\/100anos\/#\/schema\/logo\/image\/"}}]}},"_links":{"self":[{"href":"https:\/\/exposicoes.abc.org.br\/100anos\/wp-json\/wp\/v2\/academico\/818","targetHints":{"allow":["GET"]}}],"collection":[{"href":"https:\/\/exposicoes.abc.org.br\/100anos\/wp-json\/wp\/v2\/academico"}],"about":[{"href":"https:\/\/exposicoes.abc.org.br\/100anos\/wp-json\/wp\/v2\/types\/academico"}],"version-history":[{"count":1,"href":"https:\/\/exposicoes.abc.org.br\/100anos\/wp-json\/wp\/v2\/academico\/818\/revisions"}],"predecessor-version":[{"id":819,"href":"https:\/\/exposicoes.abc.org.br\/100anos\/wp-json\/wp\/v2\/academico\/818\/revisions\/819"}],"wp:featuredmedia":[{"embeddable":true,"href":"https:\/\/exposicoes.abc.org.br\/100anos\/wp-json\/wp\/v2\/media\/798"}],"wp:attachment":[{"href":"https:\/\/exposicoes.abc.org.br\/100anos\/wp-json\/wp\/v2\/media?parent=818"}],"wp:term":[{"taxonomy":"periodo-de-presidencia","embeddable":true,"href":"https:\/\/exposicoes.abc.org.br\/100anos\/wp-json\/wp\/v2\/periodo-de-presidencia?post=818"},{"taxonomy":"periodo-de-vida","embeddable":true,"href":"https:\/\/exposicoes.abc.org.br\/100anos\/wp-json\/wp\/v2\/periodo-de-vida?post=818"},{"taxonomy":"tipo-de-academico","embeddable":true,"href":"https:\/\/exposicoes.abc.org.br\/100anos\/wp-json\/wp\/v2\/tipo-de-academico?post=818"}],"curies":[{"name":"wp","href":"https:\/\/api.w.org\/{rel}","templated":true}]}}