{"id":814,"date":"2026-02-05T14:59:23","date_gmt":"2026-02-05T17:59:23","guid":{"rendered":"https:\/\/exposicoes.abc.org.br\/100anos\/?post_type=academico&#038;p=814"},"modified":"2026-02-05T15:01:44","modified_gmt":"2026-02-05T18:01:44","slug":"emilie-snethlage","status":"publish","type":"academico","link":"https:\/\/exposicoes.abc.org.br\/100anos\/academico\/emilie-snethlage\/","title":{"rendered":"Emilie Snethlage"},"content":{"rendered":"\n<p>Emilie Snethlage nasceu em Kraatz, ent\u00e3o parte da Pr\u00fassia, na prov\u00edncia de Brandemburgo, em uma fam\u00edlia luterana. Perdeu a m\u00e3e aos quatro anos de idade, e foi educada em casa pelo pai, o reverendo Emil Snethlage, forma\u00e7\u00e3o que lhe proporcionou s\u00f3lida base intelectual e autonomia desde cedo.<\/p>\n\n\n\n<p>Ap\u00f3s trabalhar por v\u00e1rios anos como governanta, Emilie decidiu, j\u00e1 adulta, dedicar-se \u00e0 ci\u00eancia. Em 1900, ingressou no curso de hist\u00f3ria natural da Universidade de Berlim, tornando-se uma das primeiras mulheres a se graduar em ci\u00eancias naturais na Alemanha. Obteve o t\u00edtulo de doutora em Filosofia Natural, tendo sido orientada por Friedrich Weismann (1834\u20131914) e sendo aluna tamb\u00e9m de Ernst Haeckel (1834\u20131919), dois dos principais expoentes do pensamento darwinista na virada do s\u00e9culo XIX para o XX. Iniciou sua carreira cient\u00edfica como assistente no Museu de Hist\u00f3ria Natural de Berlim.<\/p>\n\n\n\n<p>Por recomenda\u00e7\u00e3o do ornit\u00f3logo Anton Reichenow, Emilie Snethlage foi contratada por Em\u00edlio Goeldi para trabalhar no Museu de Hist\u00f3ria Natural em Bel\u00e9m, hoje Museu Paraense Em\u00edlio Goeldi (MPEG). Essa fun\u00e7\u00e3o a levou a realizar extensas expedi\u00e7\u00f5es pelos territ\u00f3rios mais remotos da Amaz\u00f4nia, consolidando-se como uma das maiores especialistas em avifauna amaz\u00f4nica de seu tempo.<\/p>\n\n\n\n<p>Ap\u00f3s a morte do bot\u00e2nico Jacques H\u00fcber, Emilie assumiu a dire\u00e7\u00e3o do MPEG, entre 1914 e 1922, tornando-se uma das primeiras mulheres a ocupar um cargo de dire\u00e7\u00e3o em uma institui\u00e7\u00e3o cient\u00edfica na Am\u00e9rica Latina. Nesse per\u00edodo, produziu uma de suas obras mais importantes, o <em>Cat\u00e1logo das Aves Amaz\u00f4nicas<\/em> (1914), no qual sistematizou informa\u00e7\u00f5es taxon\u00f4micas, biogeogr\u00e1ficas e biol\u00f3gicas sobre 1.117 esp\u00e9cies de aves da Amaz\u00f4nia, reunindo todo o conhecimento dispon\u00edvel at\u00e9 ent\u00e3o.<\/p>\n\n\n\n<p>Seu trabalho caracterizou-se pela forte \u00eanfase na pesquisa de campo e na observa\u00e7\u00e3o direta da fauna e da flora. Em 1909, realizou uma travessia a p\u00e9 entre os rios Xingu e Tapaj\u00f3s, acompanhada por guias ind\u00edgenas, em territ\u00f3rio at\u00e9 ent\u00e3o pouco conhecido pela ci\u00eancia, experi\u00eancia que teve grande repercuss\u00e3o internacional e resultou tamb\u00e9m na publica\u00e7\u00e3o de artigos de car\u00e1ter etnogr\u00e1fico.<\/p>\n\n\n\n<p>Em 1922, passou a atuar como naturalista no Museu Nacional do Rio de Janeiro, onde conviveu com pesquisadoras como Bertha Lutz e Helo\u00edsa Alberto Torres. A partir dessa institui\u00e7\u00e3o, realizou extensas viagens cient\u00edficas pelo Maranh\u00e3o, Esp\u00edrito Santo, Minas Gerais, Bahia, Mato Grosso, Goi\u00e1s (regi\u00e3o do rio Araguaia e ilha do Bananal), al\u00e9m de pesquisas no Sul do Brasil, Argentina e Uruguai.<\/p>\n\n\n\n<p>Ao longo de sua carreira, Emilie Snethlage publicou mais de 40 artigos cient\u00edficos no Brasil e no exterior, descrevendo cerca de 60 esp\u00e9cies e subesp\u00e9cies de aves. Os esp\u00e9cimes coletados por ela integram hoje importantes acervos cient\u00edficos nacionais e internacionais. Foi membro da Academia Brasileira de Ci\u00eancias e da <em>International Society of Woman Geographers<\/em>, tendo seu trabalho reconhecido por diversos cientistas, inclusive pelo ex-presidente norte-americano Theodore Roosevelt. O ornit\u00f3logo Helmut Sick dedicou-lhe a obra <em>Ornitologia Brasileira<\/em> (1985).<\/p>\n\n\n\n<p>Emilie Snethlage faleceu em Porto Velho, v\u00edtima de insufici\u00eancia card\u00edaca, sendo sepultada no cemit\u00e9rio dos Inocentes. Em sua homenagem, a ave conhecida como tiriba-do-madeira recebeu o nome cient\u00edfico <em>Pyrrhura snethlageae<\/em>, e um busto em sua mem\u00f3ria foi instalado no Memorial Rondon, \u00e0s margens do rio Madeira, em Porto Velho.<\/p>\n","protected":false},"excerpt":{"rendered":"<p>Emilie Snethlage nasceu em Kraatz, ent\u00e3o parte da Pr\u00fassia, na prov\u00edncia de Brandemburgo, em uma fam\u00edlia luterana. Perdeu a m\u00e3e aos quatro anos de idade, e foi educada em casa pelo pai, o reverendo Emil Snethlage, forma\u00e7\u00e3o que lhe proporcionou s\u00f3lida base intelectual e autonomia desde cedo. Ap\u00f3s trabalhar por v\u00e1rios anos como governanta, Emilie&#8230;<\/p>\n","protected":false},"featured_media":803,"parent":0,"template":"","meta":{"_acf_changed":false,"footnotes":""},"periodo-de-presidencia":[],"periodo-de-vida":[87],"tipo-de-academico":[4,5],"class_list":["post-814","academico","type-academico","status-publish","has-post-thumbnail","hentry","periodo-de-vida-1868-1929-2","tipo-de-academico-cientistas-de-destaque","tipo-de-academico-primeiras-academicas"],"acf":[],"yoast_head":"<!-- This site is optimized with the Yoast SEO plugin v26.8 - https:\/\/yoast.com\/product\/yoast-seo-wordpress\/ -->\n<title>Emilie Snethlage | Cem Anos de Ci\u00eancia<\/title>\n<meta name=\"robots\" content=\"index, follow, max-snippet:-1, max-image-preview:large, max-video-preview:-1\" \/>\n<link rel=\"canonical\" href=\"https:\/\/exposicoes.abc.org.br\/100anos\/academico\/emilie-snethlage\/\" \/>\n<meta property=\"og:locale\" content=\"pt_BR\" \/>\n<meta property=\"og:type\" content=\"article\" \/>\n<meta property=\"og:title\" content=\"Emilie Snethlage | Cem Anos de Ci\u00eancia\" \/>\n<meta property=\"og:description\" content=\"Emilie Snethlage nasceu em Kraatz, ent\u00e3o parte da Pr\u00fassia, na prov\u00edncia de Brandemburgo, em uma fam\u00edlia luterana. Perdeu a m\u00e3e aos quatro anos de idade, e foi educada em casa pelo pai, o reverendo Emil Snethlage, forma\u00e7\u00e3o que lhe proporcionou s\u00f3lida base intelectual e autonomia desde cedo. Ap\u00f3s trabalhar por v\u00e1rios anos como governanta, Emilie...\" \/>\n<meta property=\"og:url\" content=\"https:\/\/exposicoes.abc.org.br\/100anos\/academico\/emilie-snethlage\/\" \/>\n<meta property=\"og:site_name\" content=\"Cem Anos de Ci\u00eancia\" \/>\n<meta property=\"article:modified_time\" content=\"2026-02-05T18:01:44+00:00\" \/>\n<meta property=\"og:image\" content=\"https:\/\/exposicoes.abc.org.br\/100anos\/wp-content\/uploads\/2026\/02\/emilie-snethlage-com-IA.png\" \/>\n\t<meta property=\"og:image:width\" content=\"1024\" \/>\n\t<meta property=\"og:image:height\" content=\"1536\" \/>\n\t<meta property=\"og:image:type\" content=\"image\/png\" \/>\n<meta name=\"twitter:card\" content=\"summary_large_image\" \/>\n<meta name=\"twitter:label1\" content=\"Est. tempo de leitura\" \/>\n\t<meta name=\"twitter:data1\" content=\"4 minutos\" \/>\n<script type=\"application\/ld+json\" class=\"yoast-schema-graph\">{\"@context\":\"https:\/\/schema.org\",\"@graph\":[{\"@type\":\"WebPage\",\"@id\":\"https:\/\/exposicoes.abc.org.br\/100anos\/academico\/emilie-snethlage\/\",\"url\":\"https:\/\/exposicoes.abc.org.br\/100anos\/academico\/emilie-snethlage\/\",\"name\":\"Emilie Snethlage | Cem Anos de Ci\u00eancia\",\"isPartOf\":{\"@id\":\"https:\/\/exposicoes.abc.org.br\/100anos\/#website\"},\"primaryImageOfPage\":{\"@id\":\"https:\/\/exposicoes.abc.org.br\/100anos\/academico\/emilie-snethlage\/#primaryimage\"},\"image\":{\"@id\":\"https:\/\/exposicoes.abc.org.br\/100anos\/academico\/emilie-snethlage\/#primaryimage\"},\"thumbnailUrl\":\"https:\/\/exposicoes.abc.org.br\/100anos\/wp-content\/uploads\/2026\/02\/emilie-snethlage-com-IA.png\",\"datePublished\":\"2026-02-05T17:59:23+00:00\",\"dateModified\":\"2026-02-05T18:01:44+00:00\",\"breadcrumb\":{\"@id\":\"https:\/\/exposicoes.abc.org.br\/100anos\/academico\/emilie-snethlage\/#breadcrumb\"},\"inLanguage\":\"pt-BR\",\"potentialAction\":[{\"@type\":\"ReadAction\",\"target\":[\"https:\/\/exposicoes.abc.org.br\/100anos\/academico\/emilie-snethlage\/\"]}]},{\"@type\":\"ImageObject\",\"inLanguage\":\"pt-BR\",\"@id\":\"https:\/\/exposicoes.abc.org.br\/100anos\/academico\/emilie-snethlage\/#primaryimage\",\"url\":\"https:\/\/exposicoes.abc.org.br\/100anos\/wp-content\/uploads\/2026\/02\/emilie-snethlage-com-IA.png\",\"contentUrl\":\"https:\/\/exposicoes.abc.org.br\/100anos\/wp-content\/uploads\/2026\/02\/emilie-snethlage-com-IA.png\",\"width\":1024,\"height\":1536},{\"@type\":\"BreadcrumbList\",\"@id\":\"https:\/\/exposicoes.abc.org.br\/100anos\/academico\/emilie-snethlage\/#breadcrumb\",\"itemListElement\":[{\"@type\":\"ListItem\",\"position\":1,\"name\":\"In\u00edcio\",\"item\":\"https:\/\/exposicoes.abc.org.br\/100anos\/\"},{\"@type\":\"ListItem\",\"position\":2,\"name\":\"Emilie Snethlage\"}]},{\"@type\":\"WebSite\",\"@id\":\"https:\/\/exposicoes.abc.org.br\/100anos\/#website\",\"url\":\"https:\/\/exposicoes.abc.org.br\/100anos\/\",\"name\":\"Cem Anos de Ci\u00eancia\",\"description\":\"\",\"publisher\":{\"@id\":\"https:\/\/exposicoes.abc.org.br\/100anos\/#organization\"},\"potentialAction\":[{\"@type\":\"SearchAction\",\"target\":{\"@type\":\"EntryPoint\",\"urlTemplate\":\"https:\/\/exposicoes.abc.org.br\/100anos\/?s={search_term_string}\"},\"query-input\":{\"@type\":\"PropertyValueSpecification\",\"valueRequired\":true,\"valueName\":\"search_term_string\"}}],\"inLanguage\":\"pt-BR\"},{\"@type\":\"Organization\",\"@id\":\"https:\/\/exposicoes.abc.org.br\/100anos\/#organization\",\"name\":\"Academia Brasileira de Ci\u00eancias\",\"url\":\"https:\/\/exposicoes.abc.org.br\/100anos\/\",\"logo\":{\"@type\":\"ImageObject\",\"inLanguage\":\"pt-BR\",\"@id\":\"https:\/\/exposicoes.abc.org.br\/100anos\/#\/schema\/logo\/image\/\",\"url\":\"https:\/\/exposicoes.abc.org.br\/100anos\/wp-content\/uploads\/2025\/12\/logo-100-abc.png\",\"contentUrl\":\"https:\/\/exposicoes.abc.org.br\/100anos\/wp-content\/uploads\/2025\/12\/logo-100-abc.png\",\"width\":511,\"height\":116,\"caption\":\"Academia Brasileira de Ci\u00eancias\"},\"image\":{\"@id\":\"https:\/\/exposicoes.abc.org.br\/100anos\/#\/schema\/logo\/image\/\"}}]}<\/script>\n<!-- \/ Yoast SEO plugin. -->","yoast_head_json":{"title":"Emilie Snethlage | Cem Anos de Ci\u00eancia","robots":{"index":"index","follow":"follow","max-snippet":"max-snippet:-1","max-image-preview":"max-image-preview:large","max-video-preview":"max-video-preview:-1"},"canonical":"https:\/\/exposicoes.abc.org.br\/100anos\/academico\/emilie-snethlage\/","og_locale":"pt_BR","og_type":"article","og_title":"Emilie Snethlage | Cem Anos de Ci\u00eancia","og_description":"Emilie Snethlage nasceu em Kraatz, ent\u00e3o parte da Pr\u00fassia, na prov\u00edncia de Brandemburgo, em uma fam\u00edlia luterana. Perdeu a m\u00e3e aos quatro anos de idade, e foi educada em casa pelo pai, o reverendo Emil Snethlage, forma\u00e7\u00e3o que lhe proporcionou s\u00f3lida base intelectual e autonomia desde cedo. Ap\u00f3s trabalhar por v\u00e1rios anos como governanta, Emilie...","og_url":"https:\/\/exposicoes.abc.org.br\/100anos\/academico\/emilie-snethlage\/","og_site_name":"Cem Anos de Ci\u00eancia","article_modified_time":"2026-02-05T18:01:44+00:00","og_image":[{"width":1024,"height":1536,"url":"https:\/\/exposicoes.abc.org.br\/100anos\/wp-content\/uploads\/2026\/02\/emilie-snethlage-com-IA.png","type":"image\/png"}],"twitter_card":"summary_large_image","twitter_misc":{"Est. tempo de leitura":"4 minutos"},"schema":{"@context":"https:\/\/schema.org","@graph":[{"@type":"WebPage","@id":"https:\/\/exposicoes.abc.org.br\/100anos\/academico\/emilie-snethlage\/","url":"https:\/\/exposicoes.abc.org.br\/100anos\/academico\/emilie-snethlage\/","name":"Emilie Snethlage | Cem Anos de Ci\u00eancia","isPartOf":{"@id":"https:\/\/exposicoes.abc.org.br\/100anos\/#website"},"primaryImageOfPage":{"@id":"https:\/\/exposicoes.abc.org.br\/100anos\/academico\/emilie-snethlage\/#primaryimage"},"image":{"@id":"https:\/\/exposicoes.abc.org.br\/100anos\/academico\/emilie-snethlage\/#primaryimage"},"thumbnailUrl":"https:\/\/exposicoes.abc.org.br\/100anos\/wp-content\/uploads\/2026\/02\/emilie-snethlage-com-IA.png","datePublished":"2026-02-05T17:59:23+00:00","dateModified":"2026-02-05T18:01:44+00:00","breadcrumb":{"@id":"https:\/\/exposicoes.abc.org.br\/100anos\/academico\/emilie-snethlage\/#breadcrumb"},"inLanguage":"pt-BR","potentialAction":[{"@type":"ReadAction","target":["https:\/\/exposicoes.abc.org.br\/100anos\/academico\/emilie-snethlage\/"]}]},{"@type":"ImageObject","inLanguage":"pt-BR","@id":"https:\/\/exposicoes.abc.org.br\/100anos\/academico\/emilie-snethlage\/#primaryimage","url":"https:\/\/exposicoes.abc.org.br\/100anos\/wp-content\/uploads\/2026\/02\/emilie-snethlage-com-IA.png","contentUrl":"https:\/\/exposicoes.abc.org.br\/100anos\/wp-content\/uploads\/2026\/02\/emilie-snethlage-com-IA.png","width":1024,"height":1536},{"@type":"BreadcrumbList","@id":"https:\/\/exposicoes.abc.org.br\/100anos\/academico\/emilie-snethlage\/#breadcrumb","itemListElement":[{"@type":"ListItem","position":1,"name":"In\u00edcio","item":"https:\/\/exposicoes.abc.org.br\/100anos\/"},{"@type":"ListItem","position":2,"name":"Emilie Snethlage"}]},{"@type":"WebSite","@id":"https:\/\/exposicoes.abc.org.br\/100anos\/#website","url":"https:\/\/exposicoes.abc.org.br\/100anos\/","name":"Cem Anos de Ci\u00eancia","description":"","publisher":{"@id":"https:\/\/exposicoes.abc.org.br\/100anos\/#organization"},"potentialAction":[{"@type":"SearchAction","target":{"@type":"EntryPoint","urlTemplate":"https:\/\/exposicoes.abc.org.br\/100anos\/?s={search_term_string}"},"query-input":{"@type":"PropertyValueSpecification","valueRequired":true,"valueName":"search_term_string"}}],"inLanguage":"pt-BR"},{"@type":"Organization","@id":"https:\/\/exposicoes.abc.org.br\/100anos\/#organization","name":"Academia Brasileira de Ci\u00eancias","url":"https:\/\/exposicoes.abc.org.br\/100anos\/","logo":{"@type":"ImageObject","inLanguage":"pt-BR","@id":"https:\/\/exposicoes.abc.org.br\/100anos\/#\/schema\/logo\/image\/","url":"https:\/\/exposicoes.abc.org.br\/100anos\/wp-content\/uploads\/2025\/12\/logo-100-abc.png","contentUrl":"https:\/\/exposicoes.abc.org.br\/100anos\/wp-content\/uploads\/2025\/12\/logo-100-abc.png","width":511,"height":116,"caption":"Academia Brasileira de Ci\u00eancias"},"image":{"@id":"https:\/\/exposicoes.abc.org.br\/100anos\/#\/schema\/logo\/image\/"}}]}},"_links":{"self":[{"href":"https:\/\/exposicoes.abc.org.br\/100anos\/wp-json\/wp\/v2\/academico\/814","targetHints":{"allow":["GET"]}}],"collection":[{"href":"https:\/\/exposicoes.abc.org.br\/100anos\/wp-json\/wp\/v2\/academico"}],"about":[{"href":"https:\/\/exposicoes.abc.org.br\/100anos\/wp-json\/wp\/v2\/types\/academico"}],"version-history":[{"count":1,"href":"https:\/\/exposicoes.abc.org.br\/100anos\/wp-json\/wp\/v2\/academico\/814\/revisions"}],"predecessor-version":[{"id":815,"href":"https:\/\/exposicoes.abc.org.br\/100anos\/wp-json\/wp\/v2\/academico\/814\/revisions\/815"}],"wp:featuredmedia":[{"embeddable":true,"href":"https:\/\/exposicoes.abc.org.br\/100anos\/wp-json\/wp\/v2\/media\/803"}],"wp:attachment":[{"href":"https:\/\/exposicoes.abc.org.br\/100anos\/wp-json\/wp\/v2\/media?parent=814"}],"wp:term":[{"taxonomy":"periodo-de-presidencia","embeddable":true,"href":"https:\/\/exposicoes.abc.org.br\/100anos\/wp-json\/wp\/v2\/periodo-de-presidencia?post=814"},{"taxonomy":"periodo-de-vida","embeddable":true,"href":"https:\/\/exposicoes.abc.org.br\/100anos\/wp-json\/wp\/v2\/periodo-de-vida?post=814"},{"taxonomy":"tipo-de-academico","embeddable":true,"href":"https:\/\/exposicoes.abc.org.br\/100anos\/wp-json\/wp\/v2\/tipo-de-academico?post=814"}],"curies":[{"name":"wp","href":"https:\/\/api.w.org\/{rel}","templated":true}]}}