{"id":81,"date":"2026-01-05T17:38:16","date_gmt":"2026-01-05T20:38:16","guid":{"rendered":"https:\/\/exposicoes.abc.org.br\/100anos\/?post_type=academico&#038;p=81"},"modified":"2026-01-15T14:50:31","modified_gmt":"2026-01-15T17:50:31","slug":"miguel-ozorio-de-almeida","status":"publish","type":"academico","link":"https:\/\/exposicoes.abc.org.br\/100anos\/academico\/miguel-ozorio-de-almeida\/","title":{"rendered":"Miguel Oz\u00f3rio de Almeida"},"content":{"rendered":"\n<div class=\"wp-block-columns is-layout-flex wp-container-core-columns-is-layout-9d6595d7 wp-block-columns-is-layout-flex\">\n<div class=\"wp-block-column is-layout-flow wp-block-column-is-layout-flow\">\n<h2 class=\"wp-block-heading\">Sobre o Presidente<\/h2>\n\n\n\n<p>Carioca, cursou a Faculdade de Medicina do Rio de Janeiro, onde veio a se tornar doutor e professor. Seu interesse por ci\u00eancia fez com que ele e o irm\u00e3o, \u00c1lvaro Ozorio de Almeida, come\u00e7assem a fazer experimentos em um local inusitado: o por\u00e3o da casa dos pais. O laborat\u00f3rio improvisado acabou se transformando em um espa\u00e7o de encontros de importantes pesquisadores, sendo visitado por Albert Einstein e Marie Curie em suas passagens pelo Rio de Janeiro. Trabalhou no Instituto de Manguinhos, tendo contribu\u00eddo para o desenvolvimento da \u00e1rea de fisiologia na institui\u00e7\u00e3o. Foi diretor geral da Diretoria Nacional de Sa\u00fade e Assist\u00eancia M\u00e9dico-Social (1934-1935). Ingressou na ABC em 1917. Foi 1\u00ba secret\u00e1rio interino (1920 a 1923), secret\u00e1rio-geral (1923-1926), vice-presidente (1926-1929) e presidente (1929 a 1931) da entidade. Al\u00e9m da carreira cient\u00edfica, desempenhou papel importante na educa\u00e7\u00e3o e divulga\u00e7\u00e3o da ci\u00eancia no Brasil. Tamb\u00e9m se dedicou \u00e0 literatura e publicou ensaios, tendo sido eleito membro da Academia Brasileira de Letras.\u00a0<\/p>\n<\/div>\n\n\n\n<div class=\"wp-block-column is-layout-flow wp-block-column-is-layout-flow\">\n<figure class=\"wp-block-image size-full\"><img loading=\"lazy\" decoding=\"async\" width=\"542\" height=\"533\" src=\"https:\/\/exposicoes.abc.org.br\/100anos\/wp-content\/uploads\/2026\/01\/ozorio-01.png\" alt=\"\" class=\"wp-image-420\" srcset=\"https:\/\/exposicoes.abc.org.br\/100anos\/wp-content\/uploads\/2026\/01\/ozorio-01.png 542w, https:\/\/exposicoes.abc.org.br\/100anos\/wp-content\/uploads\/2026\/01\/ozorio-01-300x295.png 300w\" sizes=\"auto, (max-width: 542px) 100vw, 542px\" \/><figcaption class=\"wp-element-caption\">no alto, acad\u00eamicos reunidos na entrega do pr\u00eamio einstein a miguel oz\u00f3rio de almeida, em 1933. &#8211; acervo abc | \u00e0 esquerda, capa do romance cient\u00edfico almas sem abrigo, publicado em 1933. &#8211; reprodu\u00e7\u00e3o | \u00e0 direita, nota escrita por oz\u00f3rio de almeida e enviada \u00e0 royal society de londres por ocasi\u00e3o da celebra\u00e7\u00e3o do centen\u00e1rio das descobertas de michael faraday, em 1931.<\/figcaption><\/figure>\n<\/div>\n<\/div>\n\n\n\n<div style=\"height:100px\" aria-hidden=\"true\" class=\"wp-block-spacer\"><\/div>\n\n\n\n<hr class=\"wp-block-separator has-alpha-channel-opacity\"\/>\n\n\n\n<div style=\"height:100px\" aria-hidden=\"true\" class=\"wp-block-spacer\"><\/div>\n\n\n\n<h2 class=\"wp-block-heading\">O vulgarizador<\/h2>\n\n\n\n<p>Miguel Ozorio de Almeida fazia parte de um grupo de intelectuais e cientistas que tinham como prop\u00f3sito a valoriza\u00e7\u00e3o da pesquisa b\u00e1sica e da ci\u00eancia nacional. A ideia do grupo, que n\u00e3o por coincid\u00eancia esteve \u00e0 frente da cria\u00e7\u00e3o da ABC, em 1916, e da Associa\u00e7\u00e3o Brasileira de Educa\u00e7\u00e3o (ABE), em 1924, era estimular o desenvolvimento da pesquisa cient\u00edfica por meio do fortalecimento do sistema educacional, da cria\u00e7\u00e3o de faculdades de ci\u00eancias e letras e de um ambiente favor\u00e1vel ao desenvolvimento da ci\u00eancia.\u00a0<br><br>A divulga\u00e7\u00e3o cient\u00edfica despontava, nesse contexto, como um instrumento importante para a aproxima\u00e7\u00e3o entre a ci\u00eancia e a sociedade e teve, em Miguel Ozorio de Almeida, um not\u00e1vel representante, tanto no que diz respeito \u00e0 atua\u00e7\u00e3o pr\u00e1tica quanto \u00e0 reflex\u00e3o sobre o campo.\u00a0<br><br>Ao longo de sua carreira, fez confer\u00eancias p\u00fablicas, ministrou cursos abertos e publicou diversos textos sobre a ci\u00eancia e sua \u201cvulgariza\u00e7\u00e3o\u201d \u2013 termo usado \u00e0 \u00e9poca para se referir ao que se chama hoje de divulga\u00e7\u00e3o cient\u00edfica. Dentre seus livros sobre o tema est\u00e3o\u00a0A mentalidade cient\u00edfica brasileira\u00a0(1922), Homens e coisas de ci\u00eancia\u00a0(1925) e\u00a0A vulgariza\u00e7\u00e3o do saber\u00a0(1931), que talvez seja o primeiro no pa\u00eds a discutir de forma mais sistem\u00e1tica a divulga\u00e7\u00e3o cient\u00edfica.<br><br>Miguel Ozorio publicou ainda um romance cient\u00edfico,\u00a0Almas sem abrigo\u00a0(1933), que aborda as aventuras de um matem\u00e1tico no Brasil do in\u00edcio do s\u00e9culo XX. Al\u00e9m disso, colaborou com a ent\u00e3o incipiente produ\u00e7\u00e3o cinematogr\u00e1fica brasileira voltada para a educa\u00e7\u00e3o e a divulga\u00e7\u00e3o da ci\u00eancia e da cultura, ao dirigir, junto com Humberto Mauro, o document\u00e1rio Fisiologia geral\u00a0(1938).<\/p>\n\n\n\n<div style=\"height:100px\" aria-hidden=\"true\" class=\"wp-block-spacer\"><\/div>\n\n\n\n<blockquote class=\"wp-block-quote is-layout-flow wp-block-quote-is-layout-flow\">\n<p>\u201cO conhecimento vale por si, independente de sua utiliza\u00e7\u00e3o, e esse valor \u00e9 bastante grande para que se n\u00e3o me\u00e7am os esfor\u00e7os no af\u00e3 de adquiri-lo&#8230;\u201d<\/p>\n<cite>Discurso de posse como presidente da ABC, em 14 de maio de 1929<\/cite><\/blockquote>\n","protected":false},"excerpt":{"rendered":"<p>Sobre o Presidente Carioca, cursou a Faculdade de Medicina do Rio de Janeiro, onde veio a se tornar doutor e professor. Seu interesse por ci\u00eancia fez com que ele e o irm\u00e3o, \u00c1lvaro Ozorio de Almeida, come\u00e7assem a fazer experimentos em um local inusitado: o por\u00e3o da casa dos pais. O laborat\u00f3rio improvisado acabou se&#8230;<\/p>\n","protected":false},"featured_media":418,"parent":0,"template":"","meta":{"_acf_changed":false,"footnotes":""},"periodo-de-presidencia":[30],"periodo-de-vida":[29],"tipo-de-academico":[3],"class_list":["post-81","academico","type-academico","status-publish","has-post-thumbnail","hentry","periodo-de-presidencia-1929-a-1931","periodo-de-vida-1890-1953","tipo-de-academico-presidentes-da-abc"],"acf":[],"yoast_head":"<!-- This site is optimized with the Yoast SEO plugin v26.8 - https:\/\/yoast.com\/product\/yoast-seo-wordpress\/ -->\n<title>Miguel Oz\u00f3rio de Almeida | Cem Anos de Ci\u00eancia<\/title>\n<meta name=\"robots\" content=\"index, follow, max-snippet:-1, max-image-preview:large, max-video-preview:-1\" \/>\n<link rel=\"canonical\" href=\"https:\/\/exposicoes.abc.org.br\/100anos\/academico\/miguel-ozorio-de-almeida\/\" \/>\n<meta property=\"og:locale\" content=\"pt_BR\" \/>\n<meta property=\"og:type\" content=\"article\" \/>\n<meta property=\"og:title\" content=\"Miguel Oz\u00f3rio de Almeida | Cem Anos de Ci\u00eancia\" \/>\n<meta property=\"og:description\" content=\"Sobre o Presidente Carioca, cursou a Faculdade de Medicina do Rio de Janeiro, onde veio a se tornar doutor e professor. Seu interesse por ci\u00eancia fez com que ele e o irm\u00e3o, \u00c1lvaro Ozorio de Almeida, come\u00e7assem a fazer experimentos em um local inusitado: o por\u00e3o da casa dos pais. O laborat\u00f3rio improvisado acabou se...\" \/>\n<meta property=\"og:url\" content=\"https:\/\/exposicoes.abc.org.br\/100anos\/academico\/miguel-ozorio-de-almeida\/\" \/>\n<meta property=\"og:site_name\" content=\"Cem Anos de Ci\u00eancia\" \/>\n<meta property=\"article:modified_time\" content=\"2026-01-15T17:50:31+00:00\" \/>\n<meta property=\"og:image\" content=\"https:\/\/exposicoes.abc.org.br\/100anos\/wp-content\/uploads\/2026\/01\/ozorio-hero.png\" \/>\n\t<meta property=\"og:image:width\" content=\"334\" \/>\n\t<meta property=\"og:image:height\" content=\"552\" \/>\n\t<meta property=\"og:image:type\" content=\"image\/png\" \/>\n<meta name=\"twitter:card\" content=\"summary_large_image\" \/>\n<meta name=\"twitter:label1\" content=\"Est. tempo de leitura\" \/>\n\t<meta name=\"twitter:data1\" content=\"3 minutos\" \/>\n<script type=\"application\/ld+json\" class=\"yoast-schema-graph\">{\"@context\":\"https:\/\/schema.org\",\"@graph\":[{\"@type\":\"WebPage\",\"@id\":\"https:\/\/exposicoes.abc.org.br\/100anos\/academico\/miguel-ozorio-de-almeida\/\",\"url\":\"https:\/\/exposicoes.abc.org.br\/100anos\/academico\/miguel-ozorio-de-almeida\/\",\"name\":\"Miguel Oz\u00f3rio de Almeida | Cem Anos de Ci\u00eancia\",\"isPartOf\":{\"@id\":\"https:\/\/exposicoes.abc.org.br\/100anos\/#website\"},\"primaryImageOfPage\":{\"@id\":\"https:\/\/exposicoes.abc.org.br\/100anos\/academico\/miguel-ozorio-de-almeida\/#primaryimage\"},\"image\":{\"@id\":\"https:\/\/exposicoes.abc.org.br\/100anos\/academico\/miguel-ozorio-de-almeida\/#primaryimage\"},\"thumbnailUrl\":\"https:\/\/exposicoes.abc.org.br\/100anos\/wp-content\/uploads\/2026\/01\/ozorio-hero.png\",\"datePublished\":\"2026-01-05T20:38:16+00:00\",\"dateModified\":\"2026-01-15T17:50:31+00:00\",\"breadcrumb\":{\"@id\":\"https:\/\/exposicoes.abc.org.br\/100anos\/academico\/miguel-ozorio-de-almeida\/#breadcrumb\"},\"inLanguage\":\"pt-BR\",\"potentialAction\":[{\"@type\":\"ReadAction\",\"target\":[\"https:\/\/exposicoes.abc.org.br\/100anos\/academico\/miguel-ozorio-de-almeida\/\"]}]},{\"@type\":\"ImageObject\",\"inLanguage\":\"pt-BR\",\"@id\":\"https:\/\/exposicoes.abc.org.br\/100anos\/academico\/miguel-ozorio-de-almeida\/#primaryimage\",\"url\":\"https:\/\/exposicoes.abc.org.br\/100anos\/wp-content\/uploads\/2026\/01\/ozorio-hero.png\",\"contentUrl\":\"https:\/\/exposicoes.abc.org.br\/100anos\/wp-content\/uploads\/2026\/01\/ozorio-hero.png\",\"width\":334,\"height\":552},{\"@type\":\"BreadcrumbList\",\"@id\":\"https:\/\/exposicoes.abc.org.br\/100anos\/academico\/miguel-ozorio-de-almeida\/#breadcrumb\",\"itemListElement\":[{\"@type\":\"ListItem\",\"position\":1,\"name\":\"In\u00edcio\",\"item\":\"https:\/\/exposicoes.abc.org.br\/100anos\/\"},{\"@type\":\"ListItem\",\"position\":2,\"name\":\"Miguel Oz\u00f3rio de Almeida\"}]},{\"@type\":\"WebSite\",\"@id\":\"https:\/\/exposicoes.abc.org.br\/100anos\/#website\",\"url\":\"https:\/\/exposicoes.abc.org.br\/100anos\/\",\"name\":\"Cem Anos de Ci\u00eancia\",\"description\":\"\",\"publisher\":{\"@id\":\"https:\/\/exposicoes.abc.org.br\/100anos\/#organization\"},\"potentialAction\":[{\"@type\":\"SearchAction\",\"target\":{\"@type\":\"EntryPoint\",\"urlTemplate\":\"https:\/\/exposicoes.abc.org.br\/100anos\/?s={search_term_string}\"},\"query-input\":{\"@type\":\"PropertyValueSpecification\",\"valueRequired\":true,\"valueName\":\"search_term_string\"}}],\"inLanguage\":\"pt-BR\"},{\"@type\":\"Organization\",\"@id\":\"https:\/\/exposicoes.abc.org.br\/100anos\/#organization\",\"name\":\"Academia Brasileira de Ci\u00eancias\",\"url\":\"https:\/\/exposicoes.abc.org.br\/100anos\/\",\"logo\":{\"@type\":\"ImageObject\",\"inLanguage\":\"pt-BR\",\"@id\":\"https:\/\/exposicoes.abc.org.br\/100anos\/#\/schema\/logo\/image\/\",\"url\":\"https:\/\/exposicoes.abc.org.br\/100anos\/wp-content\/uploads\/2025\/12\/logo-100-abc.png\",\"contentUrl\":\"https:\/\/exposicoes.abc.org.br\/100anos\/wp-content\/uploads\/2025\/12\/logo-100-abc.png\",\"width\":511,\"height\":116,\"caption\":\"Academia Brasileira de Ci\u00eancias\"},\"image\":{\"@id\":\"https:\/\/exposicoes.abc.org.br\/100anos\/#\/schema\/logo\/image\/\"}}]}<\/script>\n<!-- \/ Yoast SEO plugin. -->","yoast_head_json":{"title":"Miguel Oz\u00f3rio de Almeida | Cem Anos de Ci\u00eancia","robots":{"index":"index","follow":"follow","max-snippet":"max-snippet:-1","max-image-preview":"max-image-preview:large","max-video-preview":"max-video-preview:-1"},"canonical":"https:\/\/exposicoes.abc.org.br\/100anos\/academico\/miguel-ozorio-de-almeida\/","og_locale":"pt_BR","og_type":"article","og_title":"Miguel Oz\u00f3rio de Almeida | Cem Anos de Ci\u00eancia","og_description":"Sobre o Presidente Carioca, cursou a Faculdade de Medicina do Rio de Janeiro, onde veio a se tornar doutor e professor. Seu interesse por ci\u00eancia fez com que ele e o irm\u00e3o, \u00c1lvaro Ozorio de Almeida, come\u00e7assem a fazer experimentos em um local inusitado: o por\u00e3o da casa dos pais. O laborat\u00f3rio improvisado acabou se...","og_url":"https:\/\/exposicoes.abc.org.br\/100anos\/academico\/miguel-ozorio-de-almeida\/","og_site_name":"Cem Anos de Ci\u00eancia","article_modified_time":"2026-01-15T17:50:31+00:00","og_image":[{"width":334,"height":552,"url":"https:\/\/exposicoes.abc.org.br\/100anos\/wp-content\/uploads\/2026\/01\/ozorio-hero.png","type":"image\/png"}],"twitter_card":"summary_large_image","twitter_misc":{"Est. tempo de leitura":"3 minutos"},"schema":{"@context":"https:\/\/schema.org","@graph":[{"@type":"WebPage","@id":"https:\/\/exposicoes.abc.org.br\/100anos\/academico\/miguel-ozorio-de-almeida\/","url":"https:\/\/exposicoes.abc.org.br\/100anos\/academico\/miguel-ozorio-de-almeida\/","name":"Miguel Oz\u00f3rio de Almeida | Cem Anos de Ci\u00eancia","isPartOf":{"@id":"https:\/\/exposicoes.abc.org.br\/100anos\/#website"},"primaryImageOfPage":{"@id":"https:\/\/exposicoes.abc.org.br\/100anos\/academico\/miguel-ozorio-de-almeida\/#primaryimage"},"image":{"@id":"https:\/\/exposicoes.abc.org.br\/100anos\/academico\/miguel-ozorio-de-almeida\/#primaryimage"},"thumbnailUrl":"https:\/\/exposicoes.abc.org.br\/100anos\/wp-content\/uploads\/2026\/01\/ozorio-hero.png","datePublished":"2026-01-05T20:38:16+00:00","dateModified":"2026-01-15T17:50:31+00:00","breadcrumb":{"@id":"https:\/\/exposicoes.abc.org.br\/100anos\/academico\/miguel-ozorio-de-almeida\/#breadcrumb"},"inLanguage":"pt-BR","potentialAction":[{"@type":"ReadAction","target":["https:\/\/exposicoes.abc.org.br\/100anos\/academico\/miguel-ozorio-de-almeida\/"]}]},{"@type":"ImageObject","inLanguage":"pt-BR","@id":"https:\/\/exposicoes.abc.org.br\/100anos\/academico\/miguel-ozorio-de-almeida\/#primaryimage","url":"https:\/\/exposicoes.abc.org.br\/100anos\/wp-content\/uploads\/2026\/01\/ozorio-hero.png","contentUrl":"https:\/\/exposicoes.abc.org.br\/100anos\/wp-content\/uploads\/2026\/01\/ozorio-hero.png","width":334,"height":552},{"@type":"BreadcrumbList","@id":"https:\/\/exposicoes.abc.org.br\/100anos\/academico\/miguel-ozorio-de-almeida\/#breadcrumb","itemListElement":[{"@type":"ListItem","position":1,"name":"In\u00edcio","item":"https:\/\/exposicoes.abc.org.br\/100anos\/"},{"@type":"ListItem","position":2,"name":"Miguel Oz\u00f3rio de Almeida"}]},{"@type":"WebSite","@id":"https:\/\/exposicoes.abc.org.br\/100anos\/#website","url":"https:\/\/exposicoes.abc.org.br\/100anos\/","name":"Cem Anos de Ci\u00eancia","description":"","publisher":{"@id":"https:\/\/exposicoes.abc.org.br\/100anos\/#organization"},"potentialAction":[{"@type":"SearchAction","target":{"@type":"EntryPoint","urlTemplate":"https:\/\/exposicoes.abc.org.br\/100anos\/?s={search_term_string}"},"query-input":{"@type":"PropertyValueSpecification","valueRequired":true,"valueName":"search_term_string"}}],"inLanguage":"pt-BR"},{"@type":"Organization","@id":"https:\/\/exposicoes.abc.org.br\/100anos\/#organization","name":"Academia Brasileira de Ci\u00eancias","url":"https:\/\/exposicoes.abc.org.br\/100anos\/","logo":{"@type":"ImageObject","inLanguage":"pt-BR","@id":"https:\/\/exposicoes.abc.org.br\/100anos\/#\/schema\/logo\/image\/","url":"https:\/\/exposicoes.abc.org.br\/100anos\/wp-content\/uploads\/2025\/12\/logo-100-abc.png","contentUrl":"https:\/\/exposicoes.abc.org.br\/100anos\/wp-content\/uploads\/2025\/12\/logo-100-abc.png","width":511,"height":116,"caption":"Academia Brasileira de Ci\u00eancias"},"image":{"@id":"https:\/\/exposicoes.abc.org.br\/100anos\/#\/schema\/logo\/image\/"}}]}},"_links":{"self":[{"href":"https:\/\/exposicoes.abc.org.br\/100anos\/wp-json\/wp\/v2\/academico\/81","targetHints":{"allow":["GET"]}}],"collection":[{"href":"https:\/\/exposicoes.abc.org.br\/100anos\/wp-json\/wp\/v2\/academico"}],"about":[{"href":"https:\/\/exposicoes.abc.org.br\/100anos\/wp-json\/wp\/v2\/types\/academico"}],"version-history":[{"count":4,"href":"https:\/\/exposicoes.abc.org.br\/100anos\/wp-json\/wp\/v2\/academico\/81\/revisions"}],"predecessor-version":[{"id":422,"href":"https:\/\/exposicoes.abc.org.br\/100anos\/wp-json\/wp\/v2\/academico\/81\/revisions\/422"}],"wp:featuredmedia":[{"embeddable":true,"href":"https:\/\/exposicoes.abc.org.br\/100anos\/wp-json\/wp\/v2\/media\/418"}],"wp:attachment":[{"href":"https:\/\/exposicoes.abc.org.br\/100anos\/wp-json\/wp\/v2\/media?parent=81"}],"wp:term":[{"taxonomy":"periodo-de-presidencia","embeddable":true,"href":"https:\/\/exposicoes.abc.org.br\/100anos\/wp-json\/wp\/v2\/periodo-de-presidencia?post=81"},{"taxonomy":"periodo-de-vida","embeddable":true,"href":"https:\/\/exposicoes.abc.org.br\/100anos\/wp-json\/wp\/v2\/periodo-de-vida?post=81"},{"taxonomy":"tipo-de-academico","embeddable":true,"href":"https:\/\/exposicoes.abc.org.br\/100anos\/wp-json\/wp\/v2\/tipo-de-academico?post=81"}],"curies":[{"name":"wp","href":"https:\/\/api.w.org\/{rel}","templated":true}]}}