{"id":75,"date":"2026-01-05T17:36:04","date_gmt":"2026-01-05T20:36:04","guid":{"rendered":"https:\/\/exposicoes.abc.org.br\/100anos\/?post_type=academico&#038;p=75"},"modified":"2026-01-15T14:45:23","modified_gmt":"2026-01-15T17:45:23","slug":"juliano-moreira","status":"publish","type":"academico","link":"https:\/\/exposicoes.abc.org.br\/100anos\/academico\/juliano-moreira\/","title":{"rendered":"Juliano Moreira"},"content":{"rendered":"\n<div class=\"wp-block-columns is-layout-flex wp-container-core-columns-is-layout-9d6595d7 wp-block-columns-is-layout-flex\">\n<div class=\"wp-block-column is-layout-flow wp-block-column-is-layout-flow\">\n<h2 class=\"wp-block-heading\">Sobre o Presidente<\/h2>\n\n\n\n<p>Baiano da capital, Juliano Moreira ingressou aos 14 anos na Faculdade de Medicina da Bahia, da qual tornou-se, posteriormente, professor de cl\u00ednica psiqui\u00e1trica e doen\u00e7as nervosas. Iniciou sua carreira como m\u00e9dico do Hospital Santa Isabel, na Santa Casa de Miseric\u00f3rdia da Bahia. Em seu estado natal, ajudou a fundar a Sociedade de Medicina e Cirurgia e a Sociedade de Medicina Legal da Bahia. \u00c9 considerado um dos pioneiros da psiquiatria no Brasil, tendo desempenhado papel fundamental na humaniza\u00e7\u00e3o do tratamento psiqui\u00e1trico no pa\u00eds, especialmente enquanto diretor do Hospital Nacional dos Alienados. Participou da cria\u00e7\u00e3o de peri\u00f3dicos especializados e de associa\u00e7\u00f5es na \u00e1rea, dentre as quais a Sociedade Brasileira de Psiquiatria, Neurologia e Ci\u00eancias Afins. Ingressou na ABC em 1916, ocupando os cargos de vice-presidente (1917-1926) e de presidente (1926-1929) da entidade. Fez parte da recep\u00e7\u00e3o de Albert Einstein e Marie Curie em suas visitas ao Brasil, em 1925 e 1926, respectivamente. Teve grande atua\u00e7\u00e3o nos meios cient\u00edficos internacionais. Faleceu em maio de 1933, em Petr\u00f3polis, Rio de Janeiro.<\/p>\n<\/div>\n\n\n\n<div class=\"wp-block-column is-layout-flow wp-block-column-is-layout-flow\">\n<figure class=\"wp-block-image size-full\"><img loading=\"lazy\" decoding=\"async\" width=\"546\" height=\"619\" src=\"https:\/\/exposicoes.abc.org.br\/100anos\/wp-content\/uploads\/2026\/01\/juliano-01.png\" alt=\"\" class=\"wp-image-415\" srcset=\"https:\/\/exposicoes.abc.org.br\/100anos\/wp-content\/uploads\/2026\/01\/juliano-01.png 546w, https:\/\/exposicoes.abc.org.br\/100anos\/wp-content\/uploads\/2026\/01\/juliano-01-265x300.png 265w\" sizes=\"auto, (max-width: 546px) 100vw, 546px\" \/><figcaption class=\"wp-element-caption\">\u00e0 frente do hospital nacional dos alienados, no rio de janeiro, juliano moreira lan\u00e7ou as bases para um atendimento mais humanizado \u00e0s pessoas com transtornos mentais. o m\u00e9dico \u00e9 conhecido como um dos pioneiros da psiquiatria no brasil. &#8211; acervo iphan<\/figcaption><\/figure>\n<\/div>\n<\/div>\n\n\n\n<div style=\"height:100px\" aria-hidden=\"true\" class=\"wp-block-spacer\"><\/div>\n\n\n\n<hr class=\"wp-block-separator has-alpha-channel-opacity\"\/>\n\n\n\n<div style=\"height:100px\" aria-hidden=\"true\" class=\"wp-block-spacer\"><\/div>\n\n\n\n<h2 class=\"wp-block-heading\">Por uma psiquiatria humanizada<\/h2>\n\n\n\n<p>No in\u00edcio do s\u00e9culo XX, o tratamento de doen\u00e7as mentais inclu\u00eda amarrar e isolar os pacientes, pr\u00e1ticas verdadeiramente desumanas. Como diretor do Hospital Nacional dos Alienados, Juliano Moreira lutou para mudar essa realidade. Redigiu, em 1903, uma lei sobre a reforma da assist\u00eancia a esses pacientes, abrangendo tanto a prote\u00e7\u00e3o dos direitos das pessoas com transtornos mentais quanto a estrutura das institui\u00e7\u00f5es que as acolhiam.\u00a0<br><br>O m\u00e9dico aboliu os coletes e camisas-de-for\u00e7a, retirou as grades e derrubou os quartos de isolamento do hospital. Para ele, o espa\u00e7o deveria lembrar um lar, com jardins, aparelhos de gin\u00e1stica e jogos. Instalou, no pr\u00e9dio, laborat\u00f3rios cient\u00edficos e novas enfermarias. Tamb\u00e9m instituiu a assist\u00eancia aos familiares e reativou as oficinas de trabalho \u2013 de carpintaria, sapataria e pintura, entre outras \u2013, iniciativas fundamentais para a reintegra\u00e7\u00e3o dos pacientes \u00e0 sociedade.<br><br>Moreira conseguiu um grande terreno em Jacarepagu\u00e1, no Rio de Janeiro, para a instala\u00e7\u00e3o de uma col\u00f4nia agr\u00edcola, que foi inaugurada em 1924 como Col\u00f4nia de Psicopatas-Homens. A medida visava sanar os problemas de espa\u00e7o e infraestrutura existentes nas antigas \u201ccol\u00f4nias de alienados\u201d da Ilha do Governador e introduzia a atividade agr\u00edcola como carro-chefe das diretrizes terap\u00eauticas. Em 1935, em homenagem ao m\u00e9dico, a institui\u00e7\u00e3o foi renomeada Col\u00f4nia Juliano Moreira.<br>Foi, ainda, o mentor do primeiro manic\u00f4mio judici\u00e1rio do Brasil e defendia a cria\u00e7\u00e3o de institui\u00e7\u00f5es especialmente dedicadas ao tratamento de alco\u00f3latras e outros dependentes qu\u00edmicos.\u00a0<br><br>Mulato e de fam\u00edlia pobre, Juliano Moreira lutou contra o pensamento de que a mistura de ra\u00e7as degenerava o povo brasileiro e o tornava mais suscet\u00edvel \u00e0 doen\u00e7a mental. Ele exclu\u00eda completamente a possibilidade de os dist\u00farbios psiqui\u00e1tricos estarem associados a aspectos raciais.<\/p>\n\n\n\n<div style=\"height:100px\" aria-hidden=\"true\" class=\"wp-block-spacer\"><\/div>\n\n\n\n<blockquote class=\"wp-block-quote is-layout-flow wp-block-quote-is-layout-flow\">\n<p>\u201cDir-se-ia que seus grandes olhos n\u00e3o sabiam ver os males, que, por serem inevit\u00e1veis, nem por isso deveriam ser real\u00e7ados. O que eles sempre percebiam, o que nunca a eles escapava, mesmo quando deformadas e perdidas em uma ocasional trama de elementos depreciados, eram as parcelas de bem, de verdade, eram as inten\u00e7\u00f5es honestas, os esfor\u00e7os sinceros para alguma coisa de melhor, de mais elevado e mais justo.\u201d<\/p>\n<cite>Miguel Ozorio de Almeida sobre Juliano Moreira<\/cite><\/blockquote>\n","protected":false},"excerpt":{"rendered":"<p>Sobre o Presidente Baiano da capital, Juliano Moreira ingressou aos 14 anos na Faculdade de Medicina da Bahia, da qual tornou-se, posteriormente, professor de cl\u00ednica psiqui\u00e1trica e doen\u00e7as nervosas. Iniciou sua carreira como m\u00e9dico do Hospital Santa Isabel, na Santa Casa de Miseric\u00f3rdia da Bahia. Em seu estado natal, ajudou a fundar a Sociedade de&#8230;<\/p>\n","protected":false},"featured_media":413,"parent":0,"template":"","meta":{"_acf_changed":false,"footnotes":""},"periodo-de-presidencia":[28],"periodo-de-vida":[27],"tipo-de-academico":[3],"class_list":["post-75","academico","type-academico","status-publish","has-post-thumbnail","hentry","periodo-de-presidencia-1926-1929","periodo-de-vida-1872-1933","tipo-de-academico-presidentes-da-abc"],"acf":[],"yoast_head":"<!-- This site is optimized with the Yoast SEO plugin v26.8 - https:\/\/yoast.com\/product\/yoast-seo-wordpress\/ -->\n<title>Juliano Moreira | Cem Anos de Ci\u00eancia<\/title>\n<meta name=\"robots\" content=\"index, follow, max-snippet:-1, max-image-preview:large, max-video-preview:-1\" \/>\n<link rel=\"canonical\" href=\"https:\/\/exposicoes.abc.org.br\/100anos\/academico\/juliano-moreira\/\" \/>\n<meta property=\"og:locale\" content=\"pt_BR\" \/>\n<meta property=\"og:type\" content=\"article\" \/>\n<meta property=\"og:title\" content=\"Juliano Moreira | Cem Anos de Ci\u00eancia\" \/>\n<meta property=\"og:description\" content=\"Sobre o Presidente Baiano da capital, Juliano Moreira ingressou aos 14 anos na Faculdade de Medicina da Bahia, da qual tornou-se, posteriormente, professor de cl\u00ednica psiqui\u00e1trica e doen\u00e7as nervosas. Iniciou sua carreira como m\u00e9dico do Hospital Santa Isabel, na Santa Casa de Miseric\u00f3rdia da Bahia. Em seu estado natal, ajudou a fundar a Sociedade de...\" \/>\n<meta property=\"og:url\" content=\"https:\/\/exposicoes.abc.org.br\/100anos\/academico\/juliano-moreira\/\" \/>\n<meta property=\"og:site_name\" content=\"Cem Anos de Ci\u00eancia\" \/>\n<meta property=\"article:modified_time\" content=\"2026-01-15T17:45:23+00:00\" \/>\n<meta property=\"og:image\" content=\"https:\/\/exposicoes.abc.org.br\/100anos\/wp-content\/uploads\/2026\/01\/juliano-hero.png\" \/>\n\t<meta property=\"og:image:width\" content=\"334\" \/>\n\t<meta property=\"og:image:height\" content=\"552\" \/>\n\t<meta property=\"og:image:type\" content=\"image\/png\" \/>\n<meta name=\"twitter:card\" content=\"summary_large_image\" \/>\n<meta name=\"twitter:label1\" content=\"Est. tempo de leitura\" \/>\n\t<meta name=\"twitter:data1\" content=\"3 minutos\" \/>\n<script type=\"application\/ld+json\" class=\"yoast-schema-graph\">{\"@context\":\"https:\/\/schema.org\",\"@graph\":[{\"@type\":\"WebPage\",\"@id\":\"https:\/\/exposicoes.abc.org.br\/100anos\/academico\/juliano-moreira\/\",\"url\":\"https:\/\/exposicoes.abc.org.br\/100anos\/academico\/juliano-moreira\/\",\"name\":\"Juliano Moreira | Cem Anos de Ci\u00eancia\",\"isPartOf\":{\"@id\":\"https:\/\/exposicoes.abc.org.br\/100anos\/#website\"},\"primaryImageOfPage\":{\"@id\":\"https:\/\/exposicoes.abc.org.br\/100anos\/academico\/juliano-moreira\/#primaryimage\"},\"image\":{\"@id\":\"https:\/\/exposicoes.abc.org.br\/100anos\/academico\/juliano-moreira\/#primaryimage\"},\"thumbnailUrl\":\"https:\/\/exposicoes.abc.org.br\/100anos\/wp-content\/uploads\/2026\/01\/juliano-hero.png\",\"datePublished\":\"2026-01-05T20:36:04+00:00\",\"dateModified\":\"2026-01-15T17:45:23+00:00\",\"breadcrumb\":{\"@id\":\"https:\/\/exposicoes.abc.org.br\/100anos\/academico\/juliano-moreira\/#breadcrumb\"},\"inLanguage\":\"pt-BR\",\"potentialAction\":[{\"@type\":\"ReadAction\",\"target\":[\"https:\/\/exposicoes.abc.org.br\/100anos\/academico\/juliano-moreira\/\"]}]},{\"@type\":\"ImageObject\",\"inLanguage\":\"pt-BR\",\"@id\":\"https:\/\/exposicoes.abc.org.br\/100anos\/academico\/juliano-moreira\/#primaryimage\",\"url\":\"https:\/\/exposicoes.abc.org.br\/100anos\/wp-content\/uploads\/2026\/01\/juliano-hero.png\",\"contentUrl\":\"https:\/\/exposicoes.abc.org.br\/100anos\/wp-content\/uploads\/2026\/01\/juliano-hero.png\",\"width\":334,\"height\":552},{\"@type\":\"BreadcrumbList\",\"@id\":\"https:\/\/exposicoes.abc.org.br\/100anos\/academico\/juliano-moreira\/#breadcrumb\",\"itemListElement\":[{\"@type\":\"ListItem\",\"position\":1,\"name\":\"In\u00edcio\",\"item\":\"https:\/\/exposicoes.abc.org.br\/100anos\/\"},{\"@type\":\"ListItem\",\"position\":2,\"name\":\"Juliano Moreira\"}]},{\"@type\":\"WebSite\",\"@id\":\"https:\/\/exposicoes.abc.org.br\/100anos\/#website\",\"url\":\"https:\/\/exposicoes.abc.org.br\/100anos\/\",\"name\":\"Cem Anos de Ci\u00eancia\",\"description\":\"\",\"publisher\":{\"@id\":\"https:\/\/exposicoes.abc.org.br\/100anos\/#organization\"},\"potentialAction\":[{\"@type\":\"SearchAction\",\"target\":{\"@type\":\"EntryPoint\",\"urlTemplate\":\"https:\/\/exposicoes.abc.org.br\/100anos\/?s={search_term_string}\"},\"query-input\":{\"@type\":\"PropertyValueSpecification\",\"valueRequired\":true,\"valueName\":\"search_term_string\"}}],\"inLanguage\":\"pt-BR\"},{\"@type\":\"Organization\",\"@id\":\"https:\/\/exposicoes.abc.org.br\/100anos\/#organization\",\"name\":\"Academia Brasileira de Ci\u00eancias\",\"url\":\"https:\/\/exposicoes.abc.org.br\/100anos\/\",\"logo\":{\"@type\":\"ImageObject\",\"inLanguage\":\"pt-BR\",\"@id\":\"https:\/\/exposicoes.abc.org.br\/100anos\/#\/schema\/logo\/image\/\",\"url\":\"https:\/\/exposicoes.abc.org.br\/100anos\/wp-content\/uploads\/2025\/12\/logo-100-abc.png\",\"contentUrl\":\"https:\/\/exposicoes.abc.org.br\/100anos\/wp-content\/uploads\/2025\/12\/logo-100-abc.png\",\"width\":511,\"height\":116,\"caption\":\"Academia Brasileira de Ci\u00eancias\"},\"image\":{\"@id\":\"https:\/\/exposicoes.abc.org.br\/100anos\/#\/schema\/logo\/image\/\"}}]}<\/script>\n<!-- \/ Yoast SEO plugin. -->","yoast_head_json":{"title":"Juliano Moreira | Cem Anos de Ci\u00eancia","robots":{"index":"index","follow":"follow","max-snippet":"max-snippet:-1","max-image-preview":"max-image-preview:large","max-video-preview":"max-video-preview:-1"},"canonical":"https:\/\/exposicoes.abc.org.br\/100anos\/academico\/juliano-moreira\/","og_locale":"pt_BR","og_type":"article","og_title":"Juliano Moreira | Cem Anos de Ci\u00eancia","og_description":"Sobre o Presidente Baiano da capital, Juliano Moreira ingressou aos 14 anos na Faculdade de Medicina da Bahia, da qual tornou-se, posteriormente, professor de cl\u00ednica psiqui\u00e1trica e doen\u00e7as nervosas. Iniciou sua carreira como m\u00e9dico do Hospital Santa Isabel, na Santa Casa de Miseric\u00f3rdia da Bahia. Em seu estado natal, ajudou a fundar a Sociedade de...","og_url":"https:\/\/exposicoes.abc.org.br\/100anos\/academico\/juliano-moreira\/","og_site_name":"Cem Anos de Ci\u00eancia","article_modified_time":"2026-01-15T17:45:23+00:00","og_image":[{"width":334,"height":552,"url":"https:\/\/exposicoes.abc.org.br\/100anos\/wp-content\/uploads\/2026\/01\/juliano-hero.png","type":"image\/png"}],"twitter_card":"summary_large_image","twitter_misc":{"Est. tempo de leitura":"3 minutos"},"schema":{"@context":"https:\/\/schema.org","@graph":[{"@type":"WebPage","@id":"https:\/\/exposicoes.abc.org.br\/100anos\/academico\/juliano-moreira\/","url":"https:\/\/exposicoes.abc.org.br\/100anos\/academico\/juliano-moreira\/","name":"Juliano Moreira | Cem Anos de Ci\u00eancia","isPartOf":{"@id":"https:\/\/exposicoes.abc.org.br\/100anos\/#website"},"primaryImageOfPage":{"@id":"https:\/\/exposicoes.abc.org.br\/100anos\/academico\/juliano-moreira\/#primaryimage"},"image":{"@id":"https:\/\/exposicoes.abc.org.br\/100anos\/academico\/juliano-moreira\/#primaryimage"},"thumbnailUrl":"https:\/\/exposicoes.abc.org.br\/100anos\/wp-content\/uploads\/2026\/01\/juliano-hero.png","datePublished":"2026-01-05T20:36:04+00:00","dateModified":"2026-01-15T17:45:23+00:00","breadcrumb":{"@id":"https:\/\/exposicoes.abc.org.br\/100anos\/academico\/juliano-moreira\/#breadcrumb"},"inLanguage":"pt-BR","potentialAction":[{"@type":"ReadAction","target":["https:\/\/exposicoes.abc.org.br\/100anos\/academico\/juliano-moreira\/"]}]},{"@type":"ImageObject","inLanguage":"pt-BR","@id":"https:\/\/exposicoes.abc.org.br\/100anos\/academico\/juliano-moreira\/#primaryimage","url":"https:\/\/exposicoes.abc.org.br\/100anos\/wp-content\/uploads\/2026\/01\/juliano-hero.png","contentUrl":"https:\/\/exposicoes.abc.org.br\/100anos\/wp-content\/uploads\/2026\/01\/juliano-hero.png","width":334,"height":552},{"@type":"BreadcrumbList","@id":"https:\/\/exposicoes.abc.org.br\/100anos\/academico\/juliano-moreira\/#breadcrumb","itemListElement":[{"@type":"ListItem","position":1,"name":"In\u00edcio","item":"https:\/\/exposicoes.abc.org.br\/100anos\/"},{"@type":"ListItem","position":2,"name":"Juliano Moreira"}]},{"@type":"WebSite","@id":"https:\/\/exposicoes.abc.org.br\/100anos\/#website","url":"https:\/\/exposicoes.abc.org.br\/100anos\/","name":"Cem Anos de Ci\u00eancia","description":"","publisher":{"@id":"https:\/\/exposicoes.abc.org.br\/100anos\/#organization"},"potentialAction":[{"@type":"SearchAction","target":{"@type":"EntryPoint","urlTemplate":"https:\/\/exposicoes.abc.org.br\/100anos\/?s={search_term_string}"},"query-input":{"@type":"PropertyValueSpecification","valueRequired":true,"valueName":"search_term_string"}}],"inLanguage":"pt-BR"},{"@type":"Organization","@id":"https:\/\/exposicoes.abc.org.br\/100anos\/#organization","name":"Academia Brasileira de Ci\u00eancias","url":"https:\/\/exposicoes.abc.org.br\/100anos\/","logo":{"@type":"ImageObject","inLanguage":"pt-BR","@id":"https:\/\/exposicoes.abc.org.br\/100anos\/#\/schema\/logo\/image\/","url":"https:\/\/exposicoes.abc.org.br\/100anos\/wp-content\/uploads\/2025\/12\/logo-100-abc.png","contentUrl":"https:\/\/exposicoes.abc.org.br\/100anos\/wp-content\/uploads\/2025\/12\/logo-100-abc.png","width":511,"height":116,"caption":"Academia Brasileira de Ci\u00eancias"},"image":{"@id":"https:\/\/exposicoes.abc.org.br\/100anos\/#\/schema\/logo\/image\/"}}]}},"_links":{"self":[{"href":"https:\/\/exposicoes.abc.org.br\/100anos\/wp-json\/wp\/v2\/academico\/75","targetHints":{"allow":["GET"]}}],"collection":[{"href":"https:\/\/exposicoes.abc.org.br\/100anos\/wp-json\/wp\/v2\/academico"}],"about":[{"href":"https:\/\/exposicoes.abc.org.br\/100anos\/wp-json\/wp\/v2\/types\/academico"}],"version-history":[{"count":4,"href":"https:\/\/exposicoes.abc.org.br\/100anos\/wp-json\/wp\/v2\/academico\/75\/revisions"}],"predecessor-version":[{"id":417,"href":"https:\/\/exposicoes.abc.org.br\/100anos\/wp-json\/wp\/v2\/academico\/75\/revisions\/417"}],"wp:featuredmedia":[{"embeddable":true,"href":"https:\/\/exposicoes.abc.org.br\/100anos\/wp-json\/wp\/v2\/media\/413"}],"wp:attachment":[{"href":"https:\/\/exposicoes.abc.org.br\/100anos\/wp-json\/wp\/v2\/media?parent=75"}],"wp:term":[{"taxonomy":"periodo-de-presidencia","embeddable":true,"href":"https:\/\/exposicoes.abc.org.br\/100anos\/wp-json\/wp\/v2\/periodo-de-presidencia?post=75"},{"taxonomy":"periodo-de-vida","embeddable":true,"href":"https:\/\/exposicoes.abc.org.br\/100anos\/wp-json\/wp\/v2\/periodo-de-vida?post=75"},{"taxonomy":"tipo-de-academico","embeddable":true,"href":"https:\/\/exposicoes.abc.org.br\/100anos\/wp-json\/wp\/v2\/tipo-de-academico?post=75"}],"curies":[{"name":"wp","href":"https:\/\/api.w.org\/{rel}","templated":true}]}}