{"id":73,"date":"2026-01-05T17:35:50","date_gmt":"2026-01-05T20:35:50","guid":{"rendered":"https:\/\/exposicoes.abc.org.br\/100anos\/?post_type=academico&#038;p=73"},"modified":"2026-01-15T14:55:45","modified_gmt":"2026-01-15T17:55:45","slug":"oswaldo-goncalves-cruz","status":"publish","type":"academico","link":"https:\/\/exposicoes.abc.org.br\/100anos\/academico\/oswaldo-goncalves-cruz\/","title":{"rendered":"Oswaldo Gon\u00e7alves Cruz"},"content":{"rendered":"\n<div class=\"wp-block-columns is-layout-flex wp-container-core-columns-is-layout-9d6595d7 wp-block-columns-is-layout-flex\">\n<div class=\"wp-block-column is-layout-flow wp-block-column-is-layout-flow\">\n<h2 class=\"wp-block-heading\">Sobre o Cientista<\/h2>\n\n\n\n<p>Nascido em S\u00e3o Lu\u00eds de Paraitinga, S\u00e3o Paulo, mudou-se com a fam\u00edlia para o Rio de Janeiro em 1877. Com apenas 15 anos, ingressou na Faculdade de Medicina e recebeu o t\u00edtulo de doutor em 1892, com tese sobre veicula\u00e7\u00e3o microbiana pela \u00e1gua. Estagiou por tr\u00eas anos no Instituto Pasteur, na Fran\u00e7a, onde se especializou em bacteriologia. De volta ao Brasil, foi diretor do Instituto Soroter\u00e1pico Federal (atual Funda\u00e7\u00e3o Oswaldo Cruz) e esteve \u00e0 frente da Diretoria da Sa\u00fade P\u00fablica do Rio de Janeiro, a convite do presidente Rodrigues Alves. Deflagrou campanhas e implantou medidas sanit\u00e1rias para combater doen\u00e7as como peste bub\u00f4nica, febre amarela e var\u00edola. Enfrentou forte resist\u00eancia contra a vacina\u00e7\u00e3o obrigat\u00f3ria, que culminou com uma rebeli\u00e3o popular em 1904 \u2013 epis\u00f3dio conhecido como Revolta da Vacina. Em 1915, por motivos de sa\u00fade, deixou a dire\u00e7\u00e3o do instituto que j\u00e1 carregava seu nome e mudou-se para Petr\u00f3polis, cidade em que se elegeu prefeito. Ingressou em 1916 na Academia Brasileira de Ci\u00eancias, da qual foi vice-presidente.<\/p>\n<\/div>\n\n\n\n<div class=\"wp-block-column is-layout-flow wp-block-column-is-layout-flow\">\n<figure class=\"wp-block-image size-full\"><img loading=\"lazy\" decoding=\"async\" width=\"546\" height=\"576\" src=\"https:\/\/exposicoes.abc.org.br\/100anos\/wp-content\/uploads\/2026\/01\/Frame-238-1.png\" alt=\"\" class=\"wp-image-425\" srcset=\"https:\/\/exposicoes.abc.org.br\/100anos\/wp-content\/uploads\/2026\/01\/Frame-238-1.png 546w, https:\/\/exposicoes.abc.org.br\/100anos\/wp-content\/uploads\/2026\/01\/Frame-238-1-284x300.png 284w\" sizes=\"auto, (max-width: 546px) 100vw, 546px\" \/><figcaption class=\"wp-element-caption\">o ic\u00f4nico castelo mourisco, em manguinhos, no rio de janeiro, que hoje abriga a presid\u00eancia da funda\u00e7\u00e3o oswaldo cruz. &#8211; wikimedia commons<\/figcaption><\/figure>\n<\/div>\n<\/div>\n\n\n\n<div style=\"height:100px\" aria-hidden=\"true\" class=\"wp-block-spacer\"><\/div>\n\n\n\n<hr class=\"wp-block-separator has-alpha-channel-opacity\"\/>\n\n\n\n<div style=\"height:100px\" aria-hidden=\"true\" class=\"wp-block-spacer\"><\/div>\n\n\n\n<h2 class=\"wp-block-heading\">O desafio da sa\u00fade p\u00fablica<\/h2>\n\n\n\n<p>Ainda muito jovem, Oswaldo Cruz iniciou-se como pesquisador no campo da microbiologia. Em seus primeiros postos de trabalho, tratou de se cercar de mestres com mais experi\u00eancia. Ao lado dos cientistas Adolfo Lutz e Vital Brasil, teve importante contribui\u00e7\u00e3o no diagn\u00f3stico e combate \u00e0 epidemia de peste bub\u00f4nica na cidade de Santos, no litoral de S\u00e3o Paulo.\u00a0<br><br>A dificuldade de importa\u00e7\u00e3o do soro antipestoso impulsionou a cria\u00e7\u00e3o, em 1900, no Rio de Janeiro, do Instituto Soroter\u00e1pico Federal, no qual Oswaldo Cruz trabalhou como bacteriologista, assumindo sua dire\u00e7\u00e3o em 1902. Seis anos depois, a institui\u00e7\u00e3o passou a se chamar Instituto Oswaldo Cruz (atual Funda\u00e7\u00e3o Oswaldo Cruz), tendo o cientista como l\u00edder at\u00e9 1915.<br><br>No comando da sa\u00fade p\u00fablica, diante de um panorama sanit\u00e1rio bastante desfavor\u00e1vel, Oswaldo Cruz adotou medidas n\u00e3o convencionais, que motivaram forte oposi\u00e7\u00e3o ao cientista. Entre elas, montou uma brigada para ca\u00e7ar ratos, vetores da peste bub\u00f4nica; destinou esfor\u00e7os para a elimina\u00e7\u00e3o de focos de mosquitos \u2013 em lugar de desinfec\u00e7\u00f5es \u2013 para o combate \u00e0 febre amarela; e implementou a obrigatoriedade da vacina\u00e7\u00e3o antivari\u00f3lica. Apesar de impopulares, as a\u00e7\u00f5es possibilitaram a elimina\u00e7\u00e3o da peste e a erradica\u00e7\u00e3o da febre amarela no Rio de Janeiro, e motivaram a ades\u00e3o em massa \u00e0 campanha de vacina\u00e7\u00e3o contra a var\u00edola de 1908 \u2013 a mol\u00e9stia foi erradicada no Brasil apenas nos anos 1970.<br><br>Ainda no campo da sa\u00fade coletiva, o cientista liderou a reforma do C\u00f3digo Sanit\u00e1rio e reestruturou \u00f3rg\u00e3os ligados ao setor. Lan\u00e7ou expedi\u00e7\u00f5es cient\u00edficas ao interior do pa\u00eds e foi respons\u00e1vel pela campanha de saneamento da Amaz\u00f4nia.\u00a0<\/p>\n\n\n\n<div style=\"height:100px\" aria-hidden=\"true\" class=\"wp-block-spacer\"><\/div>\n","protected":false},"excerpt":{"rendered":"<p>Sobre o Cientista Nascido em S\u00e3o Lu\u00eds de Paraitinga, S\u00e3o Paulo, mudou-se com a fam\u00edlia para o Rio de Janeiro em 1877. Com apenas 15 anos, ingressou na Faculdade de Medicina e recebeu o t\u00edtulo de doutor em 1892, com tese sobre veicula\u00e7\u00e3o microbiana pela \u00e1gua. Estagiou por tr\u00eas anos no Instituto Pasteur, na Fran\u00e7a,&#8230;<\/p>\n","protected":false},"featured_media":423,"parent":0,"template":"","meta":{"_acf_changed":false,"footnotes":""},"periodo-de-presidencia":[],"periodo-de-vida":[31],"tipo-de-academico":[4],"class_list":["post-73","academico","type-academico","status-publish","has-post-thumbnail","hentry","periodo-de-vida-1872-1917","tipo-de-academico-cientistas-de-destaque"],"acf":[],"yoast_head":"<!-- This site is optimized with the Yoast SEO plugin v26.8 - https:\/\/yoast.com\/product\/yoast-seo-wordpress\/ -->\n<title>Oswaldo Gon\u00e7alves Cruz | Cem Anos de Ci\u00eancia<\/title>\n<meta name=\"robots\" content=\"index, follow, max-snippet:-1, max-image-preview:large, max-video-preview:-1\" \/>\n<link rel=\"canonical\" href=\"https:\/\/exposicoes.abc.org.br\/100anos\/academico\/oswaldo-goncalves-cruz\/\" \/>\n<meta property=\"og:locale\" content=\"pt_BR\" \/>\n<meta property=\"og:type\" content=\"article\" \/>\n<meta property=\"og:title\" content=\"Oswaldo Gon\u00e7alves Cruz | Cem Anos de Ci\u00eancia\" \/>\n<meta property=\"og:description\" content=\"Sobre o Cientista Nascido em S\u00e3o Lu\u00eds de Paraitinga, S\u00e3o Paulo, mudou-se com a fam\u00edlia para o Rio de Janeiro em 1877. Com apenas 15 anos, ingressou na Faculdade de Medicina e recebeu o t\u00edtulo de doutor em 1892, com tese sobre veicula\u00e7\u00e3o microbiana pela \u00e1gua. Estagiou por tr\u00eas anos no Instituto Pasteur, na Fran\u00e7a,...\" \/>\n<meta property=\"og:url\" content=\"https:\/\/exposicoes.abc.org.br\/100anos\/academico\/oswaldo-goncalves-cruz\/\" \/>\n<meta property=\"og:site_name\" content=\"Cem Anos de Ci\u00eancia\" \/>\n<meta property=\"article:modified_time\" content=\"2026-01-15T17:55:45+00:00\" \/>\n<meta property=\"og:image\" content=\"https:\/\/exposicoes.abc.org.br\/100anos\/wp-content\/uploads\/2026\/01\/oswaldo-hero.png\" \/>\n\t<meta property=\"og:image:width\" content=\"354\" \/>\n\t<meta property=\"og:image:height\" content=\"552\" \/>\n\t<meta property=\"og:image:type\" content=\"image\/png\" \/>\n<meta name=\"twitter:card\" content=\"summary_large_image\" \/>\n<meta name=\"twitter:label1\" content=\"Est. tempo de leitura\" \/>\n\t<meta name=\"twitter:data1\" content=\"3 minutos\" \/>\n<script type=\"application\/ld+json\" class=\"yoast-schema-graph\">{\"@context\":\"https:\/\/schema.org\",\"@graph\":[{\"@type\":\"WebPage\",\"@id\":\"https:\/\/exposicoes.abc.org.br\/100anos\/academico\/oswaldo-goncalves-cruz\/\",\"url\":\"https:\/\/exposicoes.abc.org.br\/100anos\/academico\/oswaldo-goncalves-cruz\/\",\"name\":\"Oswaldo Gon\u00e7alves Cruz | Cem Anos de Ci\u00eancia\",\"isPartOf\":{\"@id\":\"https:\/\/exposicoes.abc.org.br\/100anos\/#website\"},\"primaryImageOfPage\":{\"@id\":\"https:\/\/exposicoes.abc.org.br\/100anos\/academico\/oswaldo-goncalves-cruz\/#primaryimage\"},\"image\":{\"@id\":\"https:\/\/exposicoes.abc.org.br\/100anos\/academico\/oswaldo-goncalves-cruz\/#primaryimage\"},\"thumbnailUrl\":\"https:\/\/exposicoes.abc.org.br\/100anos\/wp-content\/uploads\/2026\/01\/oswaldo-hero.png\",\"datePublished\":\"2026-01-05T20:35:50+00:00\",\"dateModified\":\"2026-01-15T17:55:45+00:00\",\"breadcrumb\":{\"@id\":\"https:\/\/exposicoes.abc.org.br\/100anos\/academico\/oswaldo-goncalves-cruz\/#breadcrumb\"},\"inLanguage\":\"pt-BR\",\"potentialAction\":[{\"@type\":\"ReadAction\",\"target\":[\"https:\/\/exposicoes.abc.org.br\/100anos\/academico\/oswaldo-goncalves-cruz\/\"]}]},{\"@type\":\"ImageObject\",\"inLanguage\":\"pt-BR\",\"@id\":\"https:\/\/exposicoes.abc.org.br\/100anos\/academico\/oswaldo-goncalves-cruz\/#primaryimage\",\"url\":\"https:\/\/exposicoes.abc.org.br\/100anos\/wp-content\/uploads\/2026\/01\/oswaldo-hero.png\",\"contentUrl\":\"https:\/\/exposicoes.abc.org.br\/100anos\/wp-content\/uploads\/2026\/01\/oswaldo-hero.png\",\"width\":354,\"height\":552},{\"@type\":\"BreadcrumbList\",\"@id\":\"https:\/\/exposicoes.abc.org.br\/100anos\/academico\/oswaldo-goncalves-cruz\/#breadcrumb\",\"itemListElement\":[{\"@type\":\"ListItem\",\"position\":1,\"name\":\"In\u00edcio\",\"item\":\"https:\/\/exposicoes.abc.org.br\/100anos\/\"},{\"@type\":\"ListItem\",\"position\":2,\"name\":\"Oswaldo Gon\u00e7alves Cruz\"}]},{\"@type\":\"WebSite\",\"@id\":\"https:\/\/exposicoes.abc.org.br\/100anos\/#website\",\"url\":\"https:\/\/exposicoes.abc.org.br\/100anos\/\",\"name\":\"Cem Anos de Ci\u00eancia\",\"description\":\"\",\"publisher\":{\"@id\":\"https:\/\/exposicoes.abc.org.br\/100anos\/#organization\"},\"potentialAction\":[{\"@type\":\"SearchAction\",\"target\":{\"@type\":\"EntryPoint\",\"urlTemplate\":\"https:\/\/exposicoes.abc.org.br\/100anos\/?s={search_term_string}\"},\"query-input\":{\"@type\":\"PropertyValueSpecification\",\"valueRequired\":true,\"valueName\":\"search_term_string\"}}],\"inLanguage\":\"pt-BR\"},{\"@type\":\"Organization\",\"@id\":\"https:\/\/exposicoes.abc.org.br\/100anos\/#organization\",\"name\":\"Academia Brasileira de Ci\u00eancias\",\"url\":\"https:\/\/exposicoes.abc.org.br\/100anos\/\",\"logo\":{\"@type\":\"ImageObject\",\"inLanguage\":\"pt-BR\",\"@id\":\"https:\/\/exposicoes.abc.org.br\/100anos\/#\/schema\/logo\/image\/\",\"url\":\"https:\/\/exposicoes.abc.org.br\/100anos\/wp-content\/uploads\/2025\/12\/logo-100-abc.png\",\"contentUrl\":\"https:\/\/exposicoes.abc.org.br\/100anos\/wp-content\/uploads\/2025\/12\/logo-100-abc.png\",\"width\":511,\"height\":116,\"caption\":\"Academia Brasileira de Ci\u00eancias\"},\"image\":{\"@id\":\"https:\/\/exposicoes.abc.org.br\/100anos\/#\/schema\/logo\/image\/\"}}]}<\/script>\n<!-- \/ Yoast SEO plugin. -->","yoast_head_json":{"title":"Oswaldo Gon\u00e7alves Cruz | Cem Anos de Ci\u00eancia","robots":{"index":"index","follow":"follow","max-snippet":"max-snippet:-1","max-image-preview":"max-image-preview:large","max-video-preview":"max-video-preview:-1"},"canonical":"https:\/\/exposicoes.abc.org.br\/100anos\/academico\/oswaldo-goncalves-cruz\/","og_locale":"pt_BR","og_type":"article","og_title":"Oswaldo Gon\u00e7alves Cruz | Cem Anos de Ci\u00eancia","og_description":"Sobre o Cientista Nascido em S\u00e3o Lu\u00eds de Paraitinga, S\u00e3o Paulo, mudou-se com a fam\u00edlia para o Rio de Janeiro em 1877. Com apenas 15 anos, ingressou na Faculdade de Medicina e recebeu o t\u00edtulo de doutor em 1892, com tese sobre veicula\u00e7\u00e3o microbiana pela \u00e1gua. Estagiou por tr\u00eas anos no Instituto Pasteur, na Fran\u00e7a,...","og_url":"https:\/\/exposicoes.abc.org.br\/100anos\/academico\/oswaldo-goncalves-cruz\/","og_site_name":"Cem Anos de Ci\u00eancia","article_modified_time":"2026-01-15T17:55:45+00:00","og_image":[{"width":354,"height":552,"url":"https:\/\/exposicoes.abc.org.br\/100anos\/wp-content\/uploads\/2026\/01\/oswaldo-hero.png","type":"image\/png"}],"twitter_card":"summary_large_image","twitter_misc":{"Est. tempo de leitura":"3 minutos"},"schema":{"@context":"https:\/\/schema.org","@graph":[{"@type":"WebPage","@id":"https:\/\/exposicoes.abc.org.br\/100anos\/academico\/oswaldo-goncalves-cruz\/","url":"https:\/\/exposicoes.abc.org.br\/100anos\/academico\/oswaldo-goncalves-cruz\/","name":"Oswaldo Gon\u00e7alves Cruz | Cem Anos de Ci\u00eancia","isPartOf":{"@id":"https:\/\/exposicoes.abc.org.br\/100anos\/#website"},"primaryImageOfPage":{"@id":"https:\/\/exposicoes.abc.org.br\/100anos\/academico\/oswaldo-goncalves-cruz\/#primaryimage"},"image":{"@id":"https:\/\/exposicoes.abc.org.br\/100anos\/academico\/oswaldo-goncalves-cruz\/#primaryimage"},"thumbnailUrl":"https:\/\/exposicoes.abc.org.br\/100anos\/wp-content\/uploads\/2026\/01\/oswaldo-hero.png","datePublished":"2026-01-05T20:35:50+00:00","dateModified":"2026-01-15T17:55:45+00:00","breadcrumb":{"@id":"https:\/\/exposicoes.abc.org.br\/100anos\/academico\/oswaldo-goncalves-cruz\/#breadcrumb"},"inLanguage":"pt-BR","potentialAction":[{"@type":"ReadAction","target":["https:\/\/exposicoes.abc.org.br\/100anos\/academico\/oswaldo-goncalves-cruz\/"]}]},{"@type":"ImageObject","inLanguage":"pt-BR","@id":"https:\/\/exposicoes.abc.org.br\/100anos\/academico\/oswaldo-goncalves-cruz\/#primaryimage","url":"https:\/\/exposicoes.abc.org.br\/100anos\/wp-content\/uploads\/2026\/01\/oswaldo-hero.png","contentUrl":"https:\/\/exposicoes.abc.org.br\/100anos\/wp-content\/uploads\/2026\/01\/oswaldo-hero.png","width":354,"height":552},{"@type":"BreadcrumbList","@id":"https:\/\/exposicoes.abc.org.br\/100anos\/academico\/oswaldo-goncalves-cruz\/#breadcrumb","itemListElement":[{"@type":"ListItem","position":1,"name":"In\u00edcio","item":"https:\/\/exposicoes.abc.org.br\/100anos\/"},{"@type":"ListItem","position":2,"name":"Oswaldo Gon\u00e7alves Cruz"}]},{"@type":"WebSite","@id":"https:\/\/exposicoes.abc.org.br\/100anos\/#website","url":"https:\/\/exposicoes.abc.org.br\/100anos\/","name":"Cem Anos de Ci\u00eancia","description":"","publisher":{"@id":"https:\/\/exposicoes.abc.org.br\/100anos\/#organization"},"potentialAction":[{"@type":"SearchAction","target":{"@type":"EntryPoint","urlTemplate":"https:\/\/exposicoes.abc.org.br\/100anos\/?s={search_term_string}"},"query-input":{"@type":"PropertyValueSpecification","valueRequired":true,"valueName":"search_term_string"}}],"inLanguage":"pt-BR"},{"@type":"Organization","@id":"https:\/\/exposicoes.abc.org.br\/100anos\/#organization","name":"Academia Brasileira de Ci\u00eancias","url":"https:\/\/exposicoes.abc.org.br\/100anos\/","logo":{"@type":"ImageObject","inLanguage":"pt-BR","@id":"https:\/\/exposicoes.abc.org.br\/100anos\/#\/schema\/logo\/image\/","url":"https:\/\/exposicoes.abc.org.br\/100anos\/wp-content\/uploads\/2025\/12\/logo-100-abc.png","contentUrl":"https:\/\/exposicoes.abc.org.br\/100anos\/wp-content\/uploads\/2025\/12\/logo-100-abc.png","width":511,"height":116,"caption":"Academia Brasileira de Ci\u00eancias"},"image":{"@id":"https:\/\/exposicoes.abc.org.br\/100anos\/#\/schema\/logo\/image\/"}}]}},"_links":{"self":[{"href":"https:\/\/exposicoes.abc.org.br\/100anos\/wp-json\/wp\/v2\/academico\/73","targetHints":{"allow":["GET"]}}],"collection":[{"href":"https:\/\/exposicoes.abc.org.br\/100anos\/wp-json\/wp\/v2\/academico"}],"about":[{"href":"https:\/\/exposicoes.abc.org.br\/100anos\/wp-json\/wp\/v2\/types\/academico"}],"version-history":[{"count":3,"href":"https:\/\/exposicoes.abc.org.br\/100anos\/wp-json\/wp\/v2\/academico\/73\/revisions"}],"predecessor-version":[{"id":426,"href":"https:\/\/exposicoes.abc.org.br\/100anos\/wp-json\/wp\/v2\/academico\/73\/revisions\/426"}],"wp:featuredmedia":[{"embeddable":true,"href":"https:\/\/exposicoes.abc.org.br\/100anos\/wp-json\/wp\/v2\/media\/423"}],"wp:attachment":[{"href":"https:\/\/exposicoes.abc.org.br\/100anos\/wp-json\/wp\/v2\/media?parent=73"}],"wp:term":[{"taxonomy":"periodo-de-presidencia","embeddable":true,"href":"https:\/\/exposicoes.abc.org.br\/100anos\/wp-json\/wp\/v2\/periodo-de-presidencia?post=73"},{"taxonomy":"periodo-de-vida","embeddable":true,"href":"https:\/\/exposicoes.abc.org.br\/100anos\/wp-json\/wp\/v2\/periodo-de-vida?post=73"},{"taxonomy":"tipo-de-academico","embeddable":true,"href":"https:\/\/exposicoes.abc.org.br\/100anos\/wp-json\/wp\/v2\/tipo-de-academico?post=73"}],"curies":[{"name":"wp","href":"https:\/\/api.w.org\/{rel}","templated":true}]}}