{"id":70,"date":"2026-01-05T17:35:28","date_gmt":"2026-01-05T20:35:28","guid":{"rendered":"https:\/\/exposicoes.abc.org.br\/100anos\/?post_type=academico&#038;p=70"},"modified":"2026-01-15T15:13:44","modified_gmt":"2026-01-15T18:13:44","slug":"arthur-alexandre-moses","status":"publish","type":"academico","link":"https:\/\/exposicoes.abc.org.br\/100anos\/academico\/arthur-alexandre-moses\/","title":{"rendered":"Arthur Alexandre Moses"},"content":{"rendered":"\n<div class=\"wp-block-columns is-layout-flex wp-container-core-columns-is-layout-9d6595d7 wp-block-columns-is-layout-flex\">\n<div class=\"wp-block-column is-layout-flow wp-block-column-is-layout-flow\">\n<h2 class=\"wp-block-heading\">Sobre o Presidente<\/h2>\n\n\n\n<p>Nasceu no Rio de Janeiro, em 1886, e graduou-se na Faculdade de Medicina da ent\u00e3o capital federal, onde foi professor de microbiologia. Atuou como pesquisador no Instituto Oswaldo Cruz (atual Funda\u00e7\u00e3o Oswaldo Cruz), realizando estudos em histologia, microbiologia e medicina veterin\u00e1ria. Fez importantes contribui\u00e7\u00f5es nessas \u00e1reas, como a primeira descri\u00e7\u00e3o de um m\u00e9todo para o diagn\u00f3stico imunol\u00f3gico da neurocisticercose, infec\u00e7\u00e3o que afeta o sistema nervoso central. Descreveu tamb\u00e9m um tipo espec\u00edfico de tumor em coelhos. Trabalhou no Minist\u00e9rio da Agricultura e dirigiu o Instituto Experimental de Veterin\u00e1ria entre 1921 e 1933. Foi um dos fundadores da ABC e vice-presidente da entidade por dois mandatos (1929-1931 e 1949-1951), mas sua atua\u00e7\u00e3o mais longa foi como presidente, cargo que ocupou por 20 anos. Presidiu tamb\u00e9m a Associa\u00e7\u00e3o Brasileira de Educa\u00e7\u00e3o, entre 1929 e 1931 e 1946 e 1948. Recebeu v\u00e1rios pr\u00eamios, entre eles o Pr\u00eamio K\u00fcmmel, da Alemanha. Faleceu em 1967. Em sua homenagem, a ABC criou o Pr\u00eamio Arthur Moses, que estimulava a pesquisa concedendo aux\u00edlio financeiro.<\/p>\n<\/div>\n\n\n\n<div class=\"wp-block-column is-layout-flow wp-block-column-is-layout-flow\">\n<figure class=\"wp-block-image size-full\"><img loading=\"lazy\" decoding=\"async\" width=\"546\" height=\"537\" src=\"https:\/\/exposicoes.abc.org.br\/100anos\/wp-content\/uploads\/2026\/01\/mozes-01.png\" alt=\"\" class=\"wp-image-407\" srcset=\"https:\/\/exposicoes.abc.org.br\/100anos\/wp-content\/uploads\/2026\/01\/mozes-01.png 546w, https:\/\/exposicoes.abc.org.br\/100anos\/wp-content\/uploads\/2026\/01\/mozes-01-300x295.png 300w\" sizes=\"auto, (max-width: 546px) 100vw, 546px\" \/><figcaption class=\"wp-element-caption\">no topo da p\u00e1gina, reuni\u00e3o do conselho nacional de pesquisas. moses \u00e9 o terceiro da esquerda para a direita. &#8211; acervo abc<br>a neurocisticercose \u00e9 uma infec\u00e7\u00e3o que afeta o c\u00e9rebro e o sistema nervoso central. moses descreveu um m\u00e9todo para diagn\u00f3stico imunol\u00f3gico da doen\u00e7a. &#8211; cdc\/ dr. george r. healy<\/figcaption><\/figure>\n<\/div>\n<\/div>\n\n\n\n<div style=\"height:100px\" aria-hidden=\"true\" class=\"wp-block-spacer\"><\/div>\n\n\n\n<hr class=\"wp-block-separator has-alpha-channel-opacity\"\/>\n\n\n\n<div style=\"height:100px\" aria-hidden=\"true\" class=\"wp-block-spacer\"><\/div>\n\n\n\n<h2 class=\"wp-block-heading\">Duas d\u00e9cadas de conquistas \u00e0 frente da ABC<\/h2>\n\n\n\n<p>Membro fundador da ABC, Arthur Moses teve papel de destaque na entidade, contribuindo significativamente para o seu desenvolvimento e a sua consolida\u00e7\u00e3o. Foi constante a sua presen\u00e7a em v\u00e1rias diretorias: durante dois mandatos exerceu a vice-presid\u00eancia e ocupou o cargo de presidente durante dez bi\u00eanios.<br><br>Antes de ter uma sede pr\u00f3pria, os membros da ABC se reuniam frequentemente no laborat\u00f3rio de an\u00e1lises cl\u00ednicas de Moses. Em uma dessas reuni\u00f5es, um grupo de Acad\u00eamicos decidiu recuperar a revista da Academia, que se encontrava suspensa. A partir de mar\u00e7o de 1929, com o nome de\u00a0Anais da Academia Brasileira de Ci\u00eancias, a publica\u00e7\u00e3o passou a circular regularmente, tendo Moses como um dos editores. O peri\u00f3dico tornou-se um ve\u00edculo de alto n\u00edvel cient\u00edfico e ajudou a disseminar a ci\u00eancia brasileira no exterior.\u00a0<br><br>Moses participou de uma s\u00e9rie de a\u00e7\u00f5es e comiss\u00f5es da ABC que foram importantes para o desenvolvimento da ci\u00eancia brasileira e de sua institucionaliza\u00e7\u00e3o. Fez parte, por exemplo, da comiss\u00e3o designada para elaborar o anteprojeto de lei de cria\u00e7\u00e3o do Conselho Nacional de Pesquisas, o CNPq. Foi membro do Conselho Deliberativo do \u00f3rg\u00e3o desde a cria\u00e7\u00e3o, em 1951, at\u00e9 o seu falecimento.\u00a0<br><br>Durante sua gest\u00e3o na ABC, o governo federal reconheceu oficialmente a entidade, um passo fundamental para as rela\u00e7\u00f5es internacionais da Academia. Foi tamb\u00e9m durante sua administra\u00e7\u00e3o que, em 1959, a Academia conseguiu recursos para a compra de sua sede \u00e0 rua Anfil\u00f3fio de Carvalho, onde se instalou no ano seguinte.<\/p>\n\n\n\n<div style=\"height:100px\" aria-hidden=\"true\" class=\"wp-block-spacer\"><\/div>\n","protected":false},"excerpt":{"rendered":"<p>Sobre o Presidente Nasceu no Rio de Janeiro, em 1886, e graduou-se na Faculdade de Medicina da ent\u00e3o capital federal, onde foi professor de microbiologia. Atuou como pesquisador no Instituto Oswaldo Cruz (atual Funda\u00e7\u00e3o Oswaldo Cruz), realizando estudos em histologia, microbiologia e medicina veterin\u00e1ria. Fez importantes contribui\u00e7\u00f5es nessas \u00e1reas, como a primeira descri\u00e7\u00e3o de um&#8230;<\/p>\n","protected":false},"featured_media":49,"parent":0,"template":"","meta":{"_acf_changed":false,"footnotes":""},"periodo-de-presidencia":[37],"periodo-de-vida":[21],"tipo-de-academico":[3],"class_list":["post-70","academico","type-academico","status-publish","has-post-thumbnail","hentry","periodo-de-presidencia-1933-a-1935-1941-a-1943-1947-a-1949-e-1951-a-1965-2","periodo-de-vida-1886-1967","tipo-de-academico-presidentes-da-abc"],"acf":[],"yoast_head":"<!-- This site is optimized with the Yoast SEO plugin v26.8 - https:\/\/yoast.com\/product\/yoast-seo-wordpress\/ -->\n<title>Arthur Alexandre Moses | Cem Anos de Ci\u00eancia<\/title>\n<meta name=\"robots\" content=\"index, follow, max-snippet:-1, max-image-preview:large, max-video-preview:-1\" \/>\n<link rel=\"canonical\" href=\"https:\/\/exposicoes.abc.org.br\/100anos\/academico\/arthur-alexandre-moses\/\" \/>\n<meta property=\"og:locale\" content=\"pt_BR\" \/>\n<meta property=\"og:type\" content=\"article\" \/>\n<meta property=\"og:title\" content=\"Arthur Alexandre Moses | Cem Anos de Ci\u00eancia\" \/>\n<meta property=\"og:description\" content=\"Sobre o Presidente Nasceu no Rio de Janeiro, em 1886, e graduou-se na Faculdade de Medicina da ent\u00e3o capital federal, onde foi professor de microbiologia. Atuou como pesquisador no Instituto Oswaldo Cruz (atual Funda\u00e7\u00e3o Oswaldo Cruz), realizando estudos em histologia, microbiologia e medicina veterin\u00e1ria. Fez importantes contribui\u00e7\u00f5es nessas \u00e1reas, como a primeira descri\u00e7\u00e3o de um...\" \/>\n<meta property=\"og:url\" content=\"https:\/\/exposicoes.abc.org.br\/100anos\/academico\/arthur-alexandre-moses\/\" \/>\n<meta property=\"og:site_name\" content=\"Cem Anos de Ci\u00eancia\" \/>\n<meta property=\"article:modified_time\" content=\"2026-01-15T18:13:44+00:00\" \/>\n<meta property=\"og:image\" content=\"https:\/\/exposicoes.abc.org.br\/100anos\/wp-content\/uploads\/2025\/12\/academico-04.png\" \/>\n\t<meta property=\"og:image:width\" content=\"354\" \/>\n\t<meta property=\"og:image:height\" content=\"552\" \/>\n\t<meta property=\"og:image:type\" content=\"image\/png\" \/>\n<meta name=\"twitter:card\" content=\"summary_large_image\" \/>\n<meta name=\"twitter:label1\" content=\"Est. tempo de leitura\" \/>\n\t<meta name=\"twitter:data1\" content=\"3 minutos\" \/>\n<script type=\"application\/ld+json\" class=\"yoast-schema-graph\">{\"@context\":\"https:\/\/schema.org\",\"@graph\":[{\"@type\":\"WebPage\",\"@id\":\"https:\/\/exposicoes.abc.org.br\/100anos\/academico\/arthur-alexandre-moses\/\",\"url\":\"https:\/\/exposicoes.abc.org.br\/100anos\/academico\/arthur-alexandre-moses\/\",\"name\":\"Arthur Alexandre Moses | Cem Anos de Ci\u00eancia\",\"isPartOf\":{\"@id\":\"https:\/\/exposicoes.abc.org.br\/100anos\/#website\"},\"primaryImageOfPage\":{\"@id\":\"https:\/\/exposicoes.abc.org.br\/100anos\/academico\/arthur-alexandre-moses\/#primaryimage\"},\"image\":{\"@id\":\"https:\/\/exposicoes.abc.org.br\/100anos\/academico\/arthur-alexandre-moses\/#primaryimage\"},\"thumbnailUrl\":\"https:\/\/exposicoes.abc.org.br\/100anos\/wp-content\/uploads\/2025\/12\/academico-04.png\",\"datePublished\":\"2026-01-05T20:35:28+00:00\",\"dateModified\":\"2026-01-15T18:13:44+00:00\",\"breadcrumb\":{\"@id\":\"https:\/\/exposicoes.abc.org.br\/100anos\/academico\/arthur-alexandre-moses\/#breadcrumb\"},\"inLanguage\":\"pt-BR\",\"potentialAction\":[{\"@type\":\"ReadAction\",\"target\":[\"https:\/\/exposicoes.abc.org.br\/100anos\/academico\/arthur-alexandre-moses\/\"]}]},{\"@type\":\"ImageObject\",\"inLanguage\":\"pt-BR\",\"@id\":\"https:\/\/exposicoes.abc.org.br\/100anos\/academico\/arthur-alexandre-moses\/#primaryimage\",\"url\":\"https:\/\/exposicoes.abc.org.br\/100anos\/wp-content\/uploads\/2025\/12\/academico-04.png\",\"contentUrl\":\"https:\/\/exposicoes.abc.org.br\/100anos\/wp-content\/uploads\/2025\/12\/academico-04.png\",\"width\":354,\"height\":552},{\"@type\":\"BreadcrumbList\",\"@id\":\"https:\/\/exposicoes.abc.org.br\/100anos\/academico\/arthur-alexandre-moses\/#breadcrumb\",\"itemListElement\":[{\"@type\":\"ListItem\",\"position\":1,\"name\":\"In\u00edcio\",\"item\":\"https:\/\/exposicoes.abc.org.br\/100anos\/\"},{\"@type\":\"ListItem\",\"position\":2,\"name\":\"Arthur Alexandre Moses\"}]},{\"@type\":\"WebSite\",\"@id\":\"https:\/\/exposicoes.abc.org.br\/100anos\/#website\",\"url\":\"https:\/\/exposicoes.abc.org.br\/100anos\/\",\"name\":\"Cem Anos de Ci\u00eancia\",\"description\":\"\",\"publisher\":{\"@id\":\"https:\/\/exposicoes.abc.org.br\/100anos\/#organization\"},\"potentialAction\":[{\"@type\":\"SearchAction\",\"target\":{\"@type\":\"EntryPoint\",\"urlTemplate\":\"https:\/\/exposicoes.abc.org.br\/100anos\/?s={search_term_string}\"},\"query-input\":{\"@type\":\"PropertyValueSpecification\",\"valueRequired\":true,\"valueName\":\"search_term_string\"}}],\"inLanguage\":\"pt-BR\"},{\"@type\":\"Organization\",\"@id\":\"https:\/\/exposicoes.abc.org.br\/100anos\/#organization\",\"name\":\"Academia Brasileira de Ci\u00eancias\",\"url\":\"https:\/\/exposicoes.abc.org.br\/100anos\/\",\"logo\":{\"@type\":\"ImageObject\",\"inLanguage\":\"pt-BR\",\"@id\":\"https:\/\/exposicoes.abc.org.br\/100anos\/#\/schema\/logo\/image\/\",\"url\":\"https:\/\/exposicoes.abc.org.br\/100anos\/wp-content\/uploads\/2025\/12\/logo-100-abc.png\",\"contentUrl\":\"https:\/\/exposicoes.abc.org.br\/100anos\/wp-content\/uploads\/2025\/12\/logo-100-abc.png\",\"width\":511,\"height\":116,\"caption\":\"Academia Brasileira de Ci\u00eancias\"},\"image\":{\"@id\":\"https:\/\/exposicoes.abc.org.br\/100anos\/#\/schema\/logo\/image\/\"}}]}<\/script>\n<!-- \/ Yoast SEO plugin. -->","yoast_head_json":{"title":"Arthur Alexandre Moses | Cem Anos de Ci\u00eancia","robots":{"index":"index","follow":"follow","max-snippet":"max-snippet:-1","max-image-preview":"max-image-preview:large","max-video-preview":"max-video-preview:-1"},"canonical":"https:\/\/exposicoes.abc.org.br\/100anos\/academico\/arthur-alexandre-moses\/","og_locale":"pt_BR","og_type":"article","og_title":"Arthur Alexandre Moses | Cem Anos de Ci\u00eancia","og_description":"Sobre o Presidente Nasceu no Rio de Janeiro, em 1886, e graduou-se na Faculdade de Medicina da ent\u00e3o capital federal, onde foi professor de microbiologia. Atuou como pesquisador no Instituto Oswaldo Cruz (atual Funda\u00e7\u00e3o Oswaldo Cruz), realizando estudos em histologia, microbiologia e medicina veterin\u00e1ria. Fez importantes contribui\u00e7\u00f5es nessas \u00e1reas, como a primeira descri\u00e7\u00e3o de um...","og_url":"https:\/\/exposicoes.abc.org.br\/100anos\/academico\/arthur-alexandre-moses\/","og_site_name":"Cem Anos de Ci\u00eancia","article_modified_time":"2026-01-15T18:13:44+00:00","og_image":[{"width":354,"height":552,"url":"https:\/\/exposicoes.abc.org.br\/100anos\/wp-content\/uploads\/2025\/12\/academico-04.png","type":"image\/png"}],"twitter_card":"summary_large_image","twitter_misc":{"Est. tempo de leitura":"3 minutos"},"schema":{"@context":"https:\/\/schema.org","@graph":[{"@type":"WebPage","@id":"https:\/\/exposicoes.abc.org.br\/100anos\/academico\/arthur-alexandre-moses\/","url":"https:\/\/exposicoes.abc.org.br\/100anos\/academico\/arthur-alexandre-moses\/","name":"Arthur Alexandre Moses | Cem Anos de Ci\u00eancia","isPartOf":{"@id":"https:\/\/exposicoes.abc.org.br\/100anos\/#website"},"primaryImageOfPage":{"@id":"https:\/\/exposicoes.abc.org.br\/100anos\/academico\/arthur-alexandre-moses\/#primaryimage"},"image":{"@id":"https:\/\/exposicoes.abc.org.br\/100anos\/academico\/arthur-alexandre-moses\/#primaryimage"},"thumbnailUrl":"https:\/\/exposicoes.abc.org.br\/100anos\/wp-content\/uploads\/2025\/12\/academico-04.png","datePublished":"2026-01-05T20:35:28+00:00","dateModified":"2026-01-15T18:13:44+00:00","breadcrumb":{"@id":"https:\/\/exposicoes.abc.org.br\/100anos\/academico\/arthur-alexandre-moses\/#breadcrumb"},"inLanguage":"pt-BR","potentialAction":[{"@type":"ReadAction","target":["https:\/\/exposicoes.abc.org.br\/100anos\/academico\/arthur-alexandre-moses\/"]}]},{"@type":"ImageObject","inLanguage":"pt-BR","@id":"https:\/\/exposicoes.abc.org.br\/100anos\/academico\/arthur-alexandre-moses\/#primaryimage","url":"https:\/\/exposicoes.abc.org.br\/100anos\/wp-content\/uploads\/2025\/12\/academico-04.png","contentUrl":"https:\/\/exposicoes.abc.org.br\/100anos\/wp-content\/uploads\/2025\/12\/academico-04.png","width":354,"height":552},{"@type":"BreadcrumbList","@id":"https:\/\/exposicoes.abc.org.br\/100anos\/academico\/arthur-alexandre-moses\/#breadcrumb","itemListElement":[{"@type":"ListItem","position":1,"name":"In\u00edcio","item":"https:\/\/exposicoes.abc.org.br\/100anos\/"},{"@type":"ListItem","position":2,"name":"Arthur Alexandre Moses"}]},{"@type":"WebSite","@id":"https:\/\/exposicoes.abc.org.br\/100anos\/#website","url":"https:\/\/exposicoes.abc.org.br\/100anos\/","name":"Cem Anos de Ci\u00eancia","description":"","publisher":{"@id":"https:\/\/exposicoes.abc.org.br\/100anos\/#organization"},"potentialAction":[{"@type":"SearchAction","target":{"@type":"EntryPoint","urlTemplate":"https:\/\/exposicoes.abc.org.br\/100anos\/?s={search_term_string}"},"query-input":{"@type":"PropertyValueSpecification","valueRequired":true,"valueName":"search_term_string"}}],"inLanguage":"pt-BR"},{"@type":"Organization","@id":"https:\/\/exposicoes.abc.org.br\/100anos\/#organization","name":"Academia Brasileira de Ci\u00eancias","url":"https:\/\/exposicoes.abc.org.br\/100anos\/","logo":{"@type":"ImageObject","inLanguage":"pt-BR","@id":"https:\/\/exposicoes.abc.org.br\/100anos\/#\/schema\/logo\/image\/","url":"https:\/\/exposicoes.abc.org.br\/100anos\/wp-content\/uploads\/2025\/12\/logo-100-abc.png","contentUrl":"https:\/\/exposicoes.abc.org.br\/100anos\/wp-content\/uploads\/2025\/12\/logo-100-abc.png","width":511,"height":116,"caption":"Academia Brasileira de Ci\u00eancias"},"image":{"@id":"https:\/\/exposicoes.abc.org.br\/100anos\/#\/schema\/logo\/image\/"}}]}},"_links":{"self":[{"href":"https:\/\/exposicoes.abc.org.br\/100anos\/wp-json\/wp\/v2\/academico\/70","targetHints":{"allow":["GET"]}}],"collection":[{"href":"https:\/\/exposicoes.abc.org.br\/100anos\/wp-json\/wp\/v2\/academico"}],"about":[{"href":"https:\/\/exposicoes.abc.org.br\/100anos\/wp-json\/wp\/v2\/types\/academico"}],"version-history":[{"count":4,"href":"https:\/\/exposicoes.abc.org.br\/100anos\/wp-json\/wp\/v2\/academico\/70\/revisions"}],"predecessor-version":[{"id":409,"href":"https:\/\/exposicoes.abc.org.br\/100anos\/wp-json\/wp\/v2\/academico\/70\/revisions\/409"}],"wp:featuredmedia":[{"embeddable":true,"href":"https:\/\/exposicoes.abc.org.br\/100anos\/wp-json\/wp\/v2\/media\/49"}],"wp:attachment":[{"href":"https:\/\/exposicoes.abc.org.br\/100anos\/wp-json\/wp\/v2\/media?parent=70"}],"wp:term":[{"taxonomy":"periodo-de-presidencia","embeddable":true,"href":"https:\/\/exposicoes.abc.org.br\/100anos\/wp-json\/wp\/v2\/periodo-de-presidencia?post=70"},{"taxonomy":"periodo-de-vida","embeddable":true,"href":"https:\/\/exposicoes.abc.org.br\/100anos\/wp-json\/wp\/v2\/periodo-de-vida?post=70"},{"taxonomy":"tipo-de-academico","embeddable":true,"href":"https:\/\/exposicoes.abc.org.br\/100anos\/wp-json\/wp\/v2\/tipo-de-academico?post=70"}],"curies":[{"name":"wp","href":"https:\/\/api.w.org\/{rel}","templated":true}]}}