{"id":613,"date":"2026-01-19T10:49:34","date_gmt":"2026-01-19T13:49:34","guid":{"rendered":"https:\/\/exposicoes.abc.org.br\/100anos\/?post_type=academico&#038;p=613"},"modified":"2026-01-26T15:03:50","modified_gmt":"2026-01-26T18:03:50","slug":"sebastiao-sodre-da-gama","status":"publish","type":"academico","link":"https:\/\/exposicoes.abc.org.br\/100anos\/academico\/sebastiao-sodre-da-gama\/","title":{"rendered":"Sebasti\u00e3o Sodr\u00e9 da Gama"},"content":{"rendered":"\n<h2 class=\"wp-block-heading\">Sobre o Cientista<\/h2>\n\n\n\n<p>Sebasti\u00e3o Sodr\u00e9 da Gama nasceu em Bel\u00e9m, no estado do Par\u00e1. Em 1903, aos 20 anos, ingressou na Escola Polit\u00e9cnica do Rio de Janeiro, tendo terminado o curso em 1911 como engenheiro ge\u00f3grafo. Depois de formado, fez concurso para livre docente de geometria anal\u00edtica e c\u00e1lculo infinitesimal. Em 1920, foi nomeado professor catedr\u00e1tico em c\u00e1lculo de varia\u00e7\u00f5es e mec\u00e2nica racional.<br><br>Foi membro da Sociedade Brasileira de Sciencias, atual Academia Brasileira de Ci\u00eancias (ABC), tendo assinado a ata de sua funda\u00e7\u00e3o em 3 de maio de 1916. Integrou a Se\u00e7\u00e3o de Ci\u00eancias Matem\u00e1ticas. Foi designado, juntamente com Euz\u00e9bio de Oliveira, Arthur Moses, Dulc\u00eddio Pereira, para apresentar trabalho e sugest\u00f5es sobre a cria\u00e7\u00e3o de um instituto de pesos e medidas, em 1930. Entrou para a Inspetoria de Engenharia Sanit\u00e1ria do Departamento Nacional de Sa\u00fade P\u00fablica em 1921.<br><br>Assumiu a dire\u00e7\u00e3o do Observat\u00f3rio Nacional do Rio de Janeiro em 9 de abril de<br>1929, permanecendo no cargo at\u00e9 sua morte, em 1951. Em seu plano diretor havia a instala\u00e7\u00e3o de um observat\u00f3rio magn\u00e9tico no norte do Brasil, ato concretizado com a constru\u00e7\u00e3o do Observat\u00f3rio Magn\u00e9tico de Tatuoca, localizado em ilha hom\u00f4nima, na Baia do Guajar\u00e1, inaugurado em 1957, por L\u00e9lio Gama.<br><br>Em sua homenagem foi criado o Planet\u00e1rio do Par\u00e1 &#8220;Sebasti\u00e3o Sodr\u00e9 da Gama&#8221;, o primeiro da regi\u00e3o Norte do Brasil, fundado em 1999, vinculado \u00e0 Universidade do Estado do Par\u00e1 (UEPA), com a miss\u00e3o de criar melhorias no ensino e aprendizagem de ci\u00eancias, principalmente da astronomia.<\/p>\n\n\n\n<div style=\"height:100px\" aria-hidden=\"true\" class=\"wp-block-spacer\"><\/div>\n","protected":false},"excerpt":{"rendered":"<p>Sobre o Cientista Sebasti\u00e3o Sodr\u00e9 da Gama nasceu em Bel\u00e9m, no estado do Par\u00e1. Em 1903, aos 20 anos, ingressou na Escola Polit\u00e9cnica do Rio de Janeiro, tendo terminado o curso em 1911 como engenheiro ge\u00f3grafo. Depois de formado, fez concurso para livre docente de geometria anal\u00edtica e c\u00e1lculo infinitesimal. Em 1920, foi nomeado professor&#8230;<\/p>\n","protected":false},"featured_media":658,"parent":0,"template":"","meta":{"_acf_changed":false,"footnotes":""},"periodo-de-presidencia":[],"periodo-de-vida":[83],"tipo-de-academico":[6],"class_list":["post-613","academico","type-academico","status-publish","has-post-thumbnail","hentry","periodo-de-vida-1885-1928","tipo-de-academico-membros-fundadores"],"acf":[],"yoast_head":"<!-- This site is optimized with the Yoast SEO plugin v26.8 - https:\/\/yoast.com\/product\/yoast-seo-wordpress\/ -->\n<title>Sebasti\u00e3o Sodr\u00e9 da Gama | Cem Anos de Ci\u00eancia<\/title>\n<meta name=\"robots\" content=\"index, follow, max-snippet:-1, max-image-preview:large, max-video-preview:-1\" \/>\n<link rel=\"canonical\" href=\"https:\/\/exposicoes.abc.org.br\/100anos\/academico\/sebastiao-sodre-da-gama\/\" \/>\n<meta property=\"og:locale\" content=\"pt_BR\" \/>\n<meta property=\"og:type\" content=\"article\" \/>\n<meta property=\"og:title\" content=\"Sebasti\u00e3o Sodr\u00e9 da Gama | Cem Anos de Ci\u00eancia\" \/>\n<meta property=\"og:description\" content=\"Sobre o Cientista Sebasti\u00e3o Sodr\u00e9 da Gama nasceu em Bel\u00e9m, no estado do Par\u00e1. Em 1903, aos 20 anos, ingressou na Escola Polit\u00e9cnica do Rio de Janeiro, tendo terminado o curso em 1911 como engenheiro ge\u00f3grafo. Depois de formado, fez concurso para livre docente de geometria anal\u00edtica e c\u00e1lculo infinitesimal. Em 1920, foi nomeado professor...\" \/>\n<meta property=\"og:url\" content=\"https:\/\/exposicoes.abc.org.br\/100anos\/academico\/sebastiao-sodre-da-gama\/\" \/>\n<meta property=\"og:site_name\" content=\"Cem Anos de Ci\u00eancia\" \/>\n<meta property=\"article:modified_time\" content=\"2026-01-26T18:03:50+00:00\" \/>\n<meta property=\"og:image\" content=\"https:\/\/exposicoes.abc.org.br\/100anos\/wp-content\/uploads\/2026\/01\/sodre-hero.png\" \/>\n\t<meta property=\"og:image:width\" content=\"354\" \/>\n\t<meta property=\"og:image:height\" content=\"552\" \/>\n\t<meta property=\"og:image:type\" content=\"image\/png\" \/>\n<meta name=\"twitter:card\" content=\"summary_large_image\" \/>\n<meta name=\"twitter:label1\" content=\"Est. tempo de leitura\" \/>\n\t<meta name=\"twitter:data1\" content=\"1 minuto\" \/>\n<script type=\"application\/ld+json\" class=\"yoast-schema-graph\">{\"@context\":\"https:\/\/schema.org\",\"@graph\":[{\"@type\":\"WebPage\",\"@id\":\"https:\/\/exposicoes.abc.org.br\/100anos\/academico\/sebastiao-sodre-da-gama\/\",\"url\":\"https:\/\/exposicoes.abc.org.br\/100anos\/academico\/sebastiao-sodre-da-gama\/\",\"name\":\"Sebasti\u00e3o Sodr\u00e9 da Gama | Cem Anos de Ci\u00eancia\",\"isPartOf\":{\"@id\":\"https:\/\/exposicoes.abc.org.br\/100anos\/#website\"},\"primaryImageOfPage\":{\"@id\":\"https:\/\/exposicoes.abc.org.br\/100anos\/academico\/sebastiao-sodre-da-gama\/#primaryimage\"},\"image\":{\"@id\":\"https:\/\/exposicoes.abc.org.br\/100anos\/academico\/sebastiao-sodre-da-gama\/#primaryimage\"},\"thumbnailUrl\":\"https:\/\/exposicoes.abc.org.br\/100anos\/wp-content\/uploads\/2026\/01\/sodre-hero.png\",\"datePublished\":\"2026-01-19T13:49:34+00:00\",\"dateModified\":\"2026-01-26T18:03:50+00:00\",\"breadcrumb\":{\"@id\":\"https:\/\/exposicoes.abc.org.br\/100anos\/academico\/sebastiao-sodre-da-gama\/#breadcrumb\"},\"inLanguage\":\"pt-BR\",\"potentialAction\":[{\"@type\":\"ReadAction\",\"target\":[\"https:\/\/exposicoes.abc.org.br\/100anos\/academico\/sebastiao-sodre-da-gama\/\"]}]},{\"@type\":\"ImageObject\",\"inLanguage\":\"pt-BR\",\"@id\":\"https:\/\/exposicoes.abc.org.br\/100anos\/academico\/sebastiao-sodre-da-gama\/#primaryimage\",\"url\":\"https:\/\/exposicoes.abc.org.br\/100anos\/wp-content\/uploads\/2026\/01\/sodre-hero.png\",\"contentUrl\":\"https:\/\/exposicoes.abc.org.br\/100anos\/wp-content\/uploads\/2026\/01\/sodre-hero.png\",\"width\":354,\"height\":552},{\"@type\":\"BreadcrumbList\",\"@id\":\"https:\/\/exposicoes.abc.org.br\/100anos\/academico\/sebastiao-sodre-da-gama\/#breadcrumb\",\"itemListElement\":[{\"@type\":\"ListItem\",\"position\":1,\"name\":\"In\u00edcio\",\"item\":\"https:\/\/exposicoes.abc.org.br\/100anos\/\"},{\"@type\":\"ListItem\",\"position\":2,\"name\":\"Sebasti\u00e3o Sodr\u00e9 da Gama\"}]},{\"@type\":\"WebSite\",\"@id\":\"https:\/\/exposicoes.abc.org.br\/100anos\/#website\",\"url\":\"https:\/\/exposicoes.abc.org.br\/100anos\/\",\"name\":\"Cem Anos de Ci\u00eancia\",\"description\":\"\",\"publisher\":{\"@id\":\"https:\/\/exposicoes.abc.org.br\/100anos\/#organization\"},\"potentialAction\":[{\"@type\":\"SearchAction\",\"target\":{\"@type\":\"EntryPoint\",\"urlTemplate\":\"https:\/\/exposicoes.abc.org.br\/100anos\/?s={search_term_string}\"},\"query-input\":{\"@type\":\"PropertyValueSpecification\",\"valueRequired\":true,\"valueName\":\"search_term_string\"}}],\"inLanguage\":\"pt-BR\"},{\"@type\":\"Organization\",\"@id\":\"https:\/\/exposicoes.abc.org.br\/100anos\/#organization\",\"name\":\"Academia Brasileira de Ci\u00eancias\",\"url\":\"https:\/\/exposicoes.abc.org.br\/100anos\/\",\"logo\":{\"@type\":\"ImageObject\",\"inLanguage\":\"pt-BR\",\"@id\":\"https:\/\/exposicoes.abc.org.br\/100anos\/#\/schema\/logo\/image\/\",\"url\":\"https:\/\/exposicoes.abc.org.br\/100anos\/wp-content\/uploads\/2025\/12\/logo-100-abc.png\",\"contentUrl\":\"https:\/\/exposicoes.abc.org.br\/100anos\/wp-content\/uploads\/2025\/12\/logo-100-abc.png\",\"width\":511,\"height\":116,\"caption\":\"Academia Brasileira de Ci\u00eancias\"},\"image\":{\"@id\":\"https:\/\/exposicoes.abc.org.br\/100anos\/#\/schema\/logo\/image\/\"}}]}<\/script>\n<!-- \/ Yoast SEO plugin. -->","yoast_head_json":{"title":"Sebasti\u00e3o Sodr\u00e9 da Gama | Cem Anos de Ci\u00eancia","robots":{"index":"index","follow":"follow","max-snippet":"max-snippet:-1","max-image-preview":"max-image-preview:large","max-video-preview":"max-video-preview:-1"},"canonical":"https:\/\/exposicoes.abc.org.br\/100anos\/academico\/sebastiao-sodre-da-gama\/","og_locale":"pt_BR","og_type":"article","og_title":"Sebasti\u00e3o Sodr\u00e9 da Gama | Cem Anos de Ci\u00eancia","og_description":"Sobre o Cientista Sebasti\u00e3o Sodr\u00e9 da Gama nasceu em Bel\u00e9m, no estado do Par\u00e1. Em 1903, aos 20 anos, ingressou na Escola Polit\u00e9cnica do Rio de Janeiro, tendo terminado o curso em 1911 como engenheiro ge\u00f3grafo. Depois de formado, fez concurso para livre docente de geometria anal\u00edtica e c\u00e1lculo infinitesimal. Em 1920, foi nomeado professor...","og_url":"https:\/\/exposicoes.abc.org.br\/100anos\/academico\/sebastiao-sodre-da-gama\/","og_site_name":"Cem Anos de Ci\u00eancia","article_modified_time":"2026-01-26T18:03:50+00:00","og_image":[{"width":354,"height":552,"url":"https:\/\/exposicoes.abc.org.br\/100anos\/wp-content\/uploads\/2026\/01\/sodre-hero.png","type":"image\/png"}],"twitter_card":"summary_large_image","twitter_misc":{"Est. tempo de leitura":"1 minuto"},"schema":{"@context":"https:\/\/schema.org","@graph":[{"@type":"WebPage","@id":"https:\/\/exposicoes.abc.org.br\/100anos\/academico\/sebastiao-sodre-da-gama\/","url":"https:\/\/exposicoes.abc.org.br\/100anos\/academico\/sebastiao-sodre-da-gama\/","name":"Sebasti\u00e3o Sodr\u00e9 da Gama | Cem Anos de Ci\u00eancia","isPartOf":{"@id":"https:\/\/exposicoes.abc.org.br\/100anos\/#website"},"primaryImageOfPage":{"@id":"https:\/\/exposicoes.abc.org.br\/100anos\/academico\/sebastiao-sodre-da-gama\/#primaryimage"},"image":{"@id":"https:\/\/exposicoes.abc.org.br\/100anos\/academico\/sebastiao-sodre-da-gama\/#primaryimage"},"thumbnailUrl":"https:\/\/exposicoes.abc.org.br\/100anos\/wp-content\/uploads\/2026\/01\/sodre-hero.png","datePublished":"2026-01-19T13:49:34+00:00","dateModified":"2026-01-26T18:03:50+00:00","breadcrumb":{"@id":"https:\/\/exposicoes.abc.org.br\/100anos\/academico\/sebastiao-sodre-da-gama\/#breadcrumb"},"inLanguage":"pt-BR","potentialAction":[{"@type":"ReadAction","target":["https:\/\/exposicoes.abc.org.br\/100anos\/academico\/sebastiao-sodre-da-gama\/"]}]},{"@type":"ImageObject","inLanguage":"pt-BR","@id":"https:\/\/exposicoes.abc.org.br\/100anos\/academico\/sebastiao-sodre-da-gama\/#primaryimage","url":"https:\/\/exposicoes.abc.org.br\/100anos\/wp-content\/uploads\/2026\/01\/sodre-hero.png","contentUrl":"https:\/\/exposicoes.abc.org.br\/100anos\/wp-content\/uploads\/2026\/01\/sodre-hero.png","width":354,"height":552},{"@type":"BreadcrumbList","@id":"https:\/\/exposicoes.abc.org.br\/100anos\/academico\/sebastiao-sodre-da-gama\/#breadcrumb","itemListElement":[{"@type":"ListItem","position":1,"name":"In\u00edcio","item":"https:\/\/exposicoes.abc.org.br\/100anos\/"},{"@type":"ListItem","position":2,"name":"Sebasti\u00e3o Sodr\u00e9 da Gama"}]},{"@type":"WebSite","@id":"https:\/\/exposicoes.abc.org.br\/100anos\/#website","url":"https:\/\/exposicoes.abc.org.br\/100anos\/","name":"Cem Anos de Ci\u00eancia","description":"","publisher":{"@id":"https:\/\/exposicoes.abc.org.br\/100anos\/#organization"},"potentialAction":[{"@type":"SearchAction","target":{"@type":"EntryPoint","urlTemplate":"https:\/\/exposicoes.abc.org.br\/100anos\/?s={search_term_string}"},"query-input":{"@type":"PropertyValueSpecification","valueRequired":true,"valueName":"search_term_string"}}],"inLanguage":"pt-BR"},{"@type":"Organization","@id":"https:\/\/exposicoes.abc.org.br\/100anos\/#organization","name":"Academia Brasileira de Ci\u00eancias","url":"https:\/\/exposicoes.abc.org.br\/100anos\/","logo":{"@type":"ImageObject","inLanguage":"pt-BR","@id":"https:\/\/exposicoes.abc.org.br\/100anos\/#\/schema\/logo\/image\/","url":"https:\/\/exposicoes.abc.org.br\/100anos\/wp-content\/uploads\/2025\/12\/logo-100-abc.png","contentUrl":"https:\/\/exposicoes.abc.org.br\/100anos\/wp-content\/uploads\/2025\/12\/logo-100-abc.png","width":511,"height":116,"caption":"Academia Brasileira de Ci\u00eancias"},"image":{"@id":"https:\/\/exposicoes.abc.org.br\/100anos\/#\/schema\/logo\/image\/"}}]}},"_links":{"self":[{"href":"https:\/\/exposicoes.abc.org.br\/100anos\/wp-json\/wp\/v2\/academico\/613","targetHints":{"allow":["GET"]}}],"collection":[{"href":"https:\/\/exposicoes.abc.org.br\/100anos\/wp-json\/wp\/v2\/academico"}],"about":[{"href":"https:\/\/exposicoes.abc.org.br\/100anos\/wp-json\/wp\/v2\/types\/academico"}],"version-history":[{"count":1,"href":"https:\/\/exposicoes.abc.org.br\/100anos\/wp-json\/wp\/v2\/academico\/613\/revisions"}],"predecessor-version":[{"id":614,"href":"https:\/\/exposicoes.abc.org.br\/100anos\/wp-json\/wp\/v2\/academico\/613\/revisions\/614"}],"wp:featuredmedia":[{"embeddable":true,"href":"https:\/\/exposicoes.abc.org.br\/100anos\/wp-json\/wp\/v2\/media\/658"}],"wp:attachment":[{"href":"https:\/\/exposicoes.abc.org.br\/100anos\/wp-json\/wp\/v2\/media?parent=613"}],"wp:term":[{"taxonomy":"periodo-de-presidencia","embeddable":true,"href":"https:\/\/exposicoes.abc.org.br\/100anos\/wp-json\/wp\/v2\/periodo-de-presidencia?post=613"},{"taxonomy":"periodo-de-vida","embeddable":true,"href":"https:\/\/exposicoes.abc.org.br\/100anos\/wp-json\/wp\/v2\/periodo-de-vida?post=613"},{"taxonomy":"tipo-de-academico","embeddable":true,"href":"https:\/\/exposicoes.abc.org.br\/100anos\/wp-json\/wp\/v2\/tipo-de-academico?post=613"}],"curies":[{"name":"wp","href":"https:\/\/api.w.org\/{rel}","templated":true}]}}