{"id":611,"date":"2026-01-19T10:43:10","date_gmt":"2026-01-19T13:43:10","guid":{"rendered":"https:\/\/exposicoes.abc.org.br\/100anos\/?post_type=academico&#038;p=611"},"modified":"2026-01-26T15:04:22","modified_gmt":"2026-01-26T18:04:22","slug":"manuel-amoroso-costa","status":"publish","type":"academico","link":"https:\/\/exposicoes.abc.org.br\/100anos\/academico\/manuel-amoroso-costa\/","title":{"rendered":"Manuel Amoroso Costa"},"content":{"rendered":"\n<h2 class=\"wp-block-heading\">Sobre o Cientista<\/h2>\n\n\n\n<p>Manuel Amoroso Costa nasceu no Rio de Janeiro. Formou-se engenheiro civil pela Escola Polit\u00e9cnica do Rio de Janeiro. em 1905. Um ano depois concluiu o bacharelado em ci\u00eancias f\u00edsicas e matem\u00e1ticas.<br><br>Ingressou na Inspetoria Geral de Estradas de Ferro em 1911. Iniciou no cargo de<br>chefe da institui\u00e7\u00e3o em 1913 e chefiou a se\u00e7\u00e3o do Escrit\u00f3rio T\u00e9cnico de 1919 a 1923. Entrou para a Polit\u00e9cnica em 1912, como preparador da cadeira de aplica\u00e7\u00f5es industriais de eletrot\u00e9cnica e, no ano seguinte, foi aprovado em concurso de livre-docente, assumindo a cadeira de astronomia e geod\u00e9sia em 1924. Tornou-se catedr\u00e1tico em trigonometria esf\u00e9rica, astronomia te\u00f3rica e pr\u00e1tica de geod\u00e9sia.<br><br>Foi membro da Sociedade Brasileira de Sciencias, que se transformaria na<br>Academia Brasileira de Ci\u00eancias (ABC), tendo assinado a ata de sua funda\u00e7\u00e3o em 3 de maio de 1916. Participou das duas primeiras diretorias (1917\/1920 e 1920\/1923), no cargo de segundo secret\u00e1rio. Dirigiu a Se\u00e7\u00e3o de Ci\u00eancias Matem\u00e1ticas, a partir de 1923. Foi designado, juntamente com Juliano Moreira, Miguel Oz\u00f3rio de Almeida, \u00c1lvaro Alberto, Pepin Lehalleur, Roquette-Pinto e Euz\u00e9bio de Oliveira, para representar a ABC no curso e em todas as homenagens que foram prestadas a Marie Curie, quando de sua visita ao Brasil em julho de 1926.<br><br>Amoroso Costa publicou o livro Introdu\u00e7\u00e3o \u00e0 teoria da relatividade (1922), que por longos anos permaneceu como o \u00fanico livro publicado no Brasil sobre o tema. Escreveu tamb\u00e9m artigos de divulga\u00e7\u00e3o em jornais sobre temas como as novas ideias na filosofia da ci\u00eancia e na microf\u00edsica. No artigo \u201cPela Ci\u00eancia Pura\u201d, publicado em 1923, prop\u00f4s uma pol\u00edtica de longo prazo que buscasse a forma\u00e7\u00e3o de verdadeiros cientistas e o desenvolvimento cient\u00edfico brasileiro. Em 1929, publicou As ideias fundamentais da matem\u00e1tica.<br><br>Em 1924, fundou junto com outros professores a Sociedade Brasileira de Educa\u00e7\u00e3o, atual Associa\u00e7\u00e3o Brasileira de Educa\u00e7\u00e3o (ABE), no Rio de Janeiro, entidade que atuou na reforma e moderniza\u00e7\u00e3o do ensino no Brasil. Como presidente da Se\u00e7\u00e3o de Ensino T\u00e9cnico e Superior da institui\u00e7\u00e3o, promovia palestras de pesquisadores brasileiros e estrangeiros, como as do f\u00edsico franc\u00eas Paul Langevin e do matem\u00e1tico, tamb\u00e9m franc\u00eas, Jacques Hadamard. Foi eleito presidente da ABE em 1928. Fez palestras no Coll\u00e8ge de France sobre cosmologia e proferiu uma s\u00e9rie de palestras sobre as geometrias n\u00e3o-arquimedianas na Sorbonne, na Fran\u00e7a.<br><br>No dia 3 de dezembro de 1928, Amoroso Costa desapareceu prematuramente,<br>juntamente com v\u00e1rios colegas como Amaury de Medeiros, Ferdinando Labouriau, Frederico Oliveira Coutinho, Paulo Castro Maia e Tobias Moscoso, no tr\u00e1gico acidente do hidroavi\u00e3o Santos Dumont, que mergulhou nas \u00e1guas da Ba\u00eda de Guanabara. O hidroavi\u00e3o havia decolado para recepcionar o inventor Santos Dumont, que aportaria no Rio naquele dia.<\/p>\n\n\n\n<div style=\"height:100px\" aria-hidden=\"true\" class=\"wp-block-spacer\"><\/div>\n","protected":false},"excerpt":{"rendered":"<p>Sobre o Cientista Manuel Amoroso Costa nasceu no Rio de Janeiro. Formou-se engenheiro civil pela Escola Polit\u00e9cnica do Rio de Janeiro. em 1905. Um ano depois concluiu o bacharelado em ci\u00eancias f\u00edsicas e matem\u00e1ticas. Ingressou na Inspetoria Geral de Estradas de Ferro em 1911. Iniciou no cargo dechefe da institui\u00e7\u00e3o em 1913 e chefiou a&#8230;<\/p>\n","protected":false},"featured_media":659,"parent":0,"template":"","meta":{"_acf_changed":false,"footnotes":""},"periodo-de-presidencia":[],"periodo-de-vida":[83],"tipo-de-academico":[6],"class_list":["post-611","academico","type-academico","status-publish","has-post-thumbnail","hentry","periodo-de-vida-1885-1928","tipo-de-academico-membros-fundadores"],"acf":[],"yoast_head":"<!-- This site is optimized with the Yoast SEO plugin v26.8 - https:\/\/yoast.com\/product\/yoast-seo-wordpress\/ -->\n<title>Manuel Amoroso Costa | Cem Anos de Ci\u00eancia<\/title>\n<meta name=\"robots\" content=\"index, follow, max-snippet:-1, max-image-preview:large, max-video-preview:-1\" \/>\n<link rel=\"canonical\" href=\"https:\/\/exposicoes.abc.org.br\/100anos\/academico\/manuel-amoroso-costa\/\" \/>\n<meta property=\"og:locale\" content=\"pt_BR\" \/>\n<meta property=\"og:type\" content=\"article\" \/>\n<meta property=\"og:title\" content=\"Manuel Amoroso Costa | Cem Anos de Ci\u00eancia\" \/>\n<meta property=\"og:description\" content=\"Sobre o Cientista Manuel Amoroso Costa nasceu no Rio de Janeiro. Formou-se engenheiro civil pela Escola Polit\u00e9cnica do Rio de Janeiro. em 1905. Um ano depois concluiu o bacharelado em ci\u00eancias f\u00edsicas e matem\u00e1ticas. Ingressou na Inspetoria Geral de Estradas de Ferro em 1911. Iniciou no cargo dechefe da institui\u00e7\u00e3o em 1913 e chefiou a...\" \/>\n<meta property=\"og:url\" content=\"https:\/\/exposicoes.abc.org.br\/100anos\/academico\/manuel-amoroso-costa\/\" \/>\n<meta property=\"og:site_name\" content=\"Cem Anos de Ci\u00eancia\" \/>\n<meta property=\"article:modified_time\" content=\"2026-01-26T18:04:22+00:00\" \/>\n<meta property=\"og:image\" content=\"https:\/\/exposicoes.abc.org.br\/100anos\/wp-content\/uploads\/2026\/01\/amoroso-hero.png\" \/>\n\t<meta property=\"og:image:width\" content=\"354\" \/>\n\t<meta property=\"og:image:height\" content=\"552\" \/>\n\t<meta property=\"og:image:type\" content=\"image\/png\" \/>\n<meta name=\"twitter:card\" content=\"summary_large_image\" \/>\n<meta name=\"twitter:label1\" content=\"Est. tempo de leitura\" \/>\n\t<meta name=\"twitter:data1\" content=\"2 minutos\" \/>\n<script type=\"application\/ld+json\" class=\"yoast-schema-graph\">{\"@context\":\"https:\/\/schema.org\",\"@graph\":[{\"@type\":\"WebPage\",\"@id\":\"https:\/\/exposicoes.abc.org.br\/100anos\/academico\/manuel-amoroso-costa\/\",\"url\":\"https:\/\/exposicoes.abc.org.br\/100anos\/academico\/manuel-amoroso-costa\/\",\"name\":\"Manuel Amoroso Costa | Cem Anos de Ci\u00eancia\",\"isPartOf\":{\"@id\":\"https:\/\/exposicoes.abc.org.br\/100anos\/#website\"},\"primaryImageOfPage\":{\"@id\":\"https:\/\/exposicoes.abc.org.br\/100anos\/academico\/manuel-amoroso-costa\/#primaryimage\"},\"image\":{\"@id\":\"https:\/\/exposicoes.abc.org.br\/100anos\/academico\/manuel-amoroso-costa\/#primaryimage\"},\"thumbnailUrl\":\"https:\/\/exposicoes.abc.org.br\/100anos\/wp-content\/uploads\/2026\/01\/amoroso-hero.png\",\"datePublished\":\"2026-01-19T13:43:10+00:00\",\"dateModified\":\"2026-01-26T18:04:22+00:00\",\"breadcrumb\":{\"@id\":\"https:\/\/exposicoes.abc.org.br\/100anos\/academico\/manuel-amoroso-costa\/#breadcrumb\"},\"inLanguage\":\"pt-BR\",\"potentialAction\":[{\"@type\":\"ReadAction\",\"target\":[\"https:\/\/exposicoes.abc.org.br\/100anos\/academico\/manuel-amoroso-costa\/\"]}]},{\"@type\":\"ImageObject\",\"inLanguage\":\"pt-BR\",\"@id\":\"https:\/\/exposicoes.abc.org.br\/100anos\/academico\/manuel-amoroso-costa\/#primaryimage\",\"url\":\"https:\/\/exposicoes.abc.org.br\/100anos\/wp-content\/uploads\/2026\/01\/amoroso-hero.png\",\"contentUrl\":\"https:\/\/exposicoes.abc.org.br\/100anos\/wp-content\/uploads\/2026\/01\/amoroso-hero.png\",\"width\":354,\"height\":552},{\"@type\":\"BreadcrumbList\",\"@id\":\"https:\/\/exposicoes.abc.org.br\/100anos\/academico\/manuel-amoroso-costa\/#breadcrumb\",\"itemListElement\":[{\"@type\":\"ListItem\",\"position\":1,\"name\":\"In\u00edcio\",\"item\":\"https:\/\/exposicoes.abc.org.br\/100anos\/\"},{\"@type\":\"ListItem\",\"position\":2,\"name\":\"Manuel Amoroso Costa\"}]},{\"@type\":\"WebSite\",\"@id\":\"https:\/\/exposicoes.abc.org.br\/100anos\/#website\",\"url\":\"https:\/\/exposicoes.abc.org.br\/100anos\/\",\"name\":\"Cem Anos de Ci\u00eancia\",\"description\":\"\",\"publisher\":{\"@id\":\"https:\/\/exposicoes.abc.org.br\/100anos\/#organization\"},\"potentialAction\":[{\"@type\":\"SearchAction\",\"target\":{\"@type\":\"EntryPoint\",\"urlTemplate\":\"https:\/\/exposicoes.abc.org.br\/100anos\/?s={search_term_string}\"},\"query-input\":{\"@type\":\"PropertyValueSpecification\",\"valueRequired\":true,\"valueName\":\"search_term_string\"}}],\"inLanguage\":\"pt-BR\"},{\"@type\":\"Organization\",\"@id\":\"https:\/\/exposicoes.abc.org.br\/100anos\/#organization\",\"name\":\"Academia Brasileira de Ci\u00eancias\",\"url\":\"https:\/\/exposicoes.abc.org.br\/100anos\/\",\"logo\":{\"@type\":\"ImageObject\",\"inLanguage\":\"pt-BR\",\"@id\":\"https:\/\/exposicoes.abc.org.br\/100anos\/#\/schema\/logo\/image\/\",\"url\":\"https:\/\/exposicoes.abc.org.br\/100anos\/wp-content\/uploads\/2025\/12\/logo-100-abc.png\",\"contentUrl\":\"https:\/\/exposicoes.abc.org.br\/100anos\/wp-content\/uploads\/2025\/12\/logo-100-abc.png\",\"width\":511,\"height\":116,\"caption\":\"Academia Brasileira de Ci\u00eancias\"},\"image\":{\"@id\":\"https:\/\/exposicoes.abc.org.br\/100anos\/#\/schema\/logo\/image\/\"}}]}<\/script>\n<!-- \/ Yoast SEO plugin. -->","yoast_head_json":{"title":"Manuel Amoroso Costa | Cem Anos de Ci\u00eancia","robots":{"index":"index","follow":"follow","max-snippet":"max-snippet:-1","max-image-preview":"max-image-preview:large","max-video-preview":"max-video-preview:-1"},"canonical":"https:\/\/exposicoes.abc.org.br\/100anos\/academico\/manuel-amoroso-costa\/","og_locale":"pt_BR","og_type":"article","og_title":"Manuel Amoroso Costa | Cem Anos de Ci\u00eancia","og_description":"Sobre o Cientista Manuel Amoroso Costa nasceu no Rio de Janeiro. Formou-se engenheiro civil pela Escola Polit\u00e9cnica do Rio de Janeiro. em 1905. Um ano depois concluiu o bacharelado em ci\u00eancias f\u00edsicas e matem\u00e1ticas. Ingressou na Inspetoria Geral de Estradas de Ferro em 1911. Iniciou no cargo dechefe da institui\u00e7\u00e3o em 1913 e chefiou a...","og_url":"https:\/\/exposicoes.abc.org.br\/100anos\/academico\/manuel-amoroso-costa\/","og_site_name":"Cem Anos de Ci\u00eancia","article_modified_time":"2026-01-26T18:04:22+00:00","og_image":[{"width":354,"height":552,"url":"https:\/\/exposicoes.abc.org.br\/100anos\/wp-content\/uploads\/2026\/01\/amoroso-hero.png","type":"image\/png"}],"twitter_card":"summary_large_image","twitter_misc":{"Est. tempo de leitura":"2 minutos"},"schema":{"@context":"https:\/\/schema.org","@graph":[{"@type":"WebPage","@id":"https:\/\/exposicoes.abc.org.br\/100anos\/academico\/manuel-amoroso-costa\/","url":"https:\/\/exposicoes.abc.org.br\/100anos\/academico\/manuel-amoroso-costa\/","name":"Manuel Amoroso Costa | Cem Anos de Ci\u00eancia","isPartOf":{"@id":"https:\/\/exposicoes.abc.org.br\/100anos\/#website"},"primaryImageOfPage":{"@id":"https:\/\/exposicoes.abc.org.br\/100anos\/academico\/manuel-amoroso-costa\/#primaryimage"},"image":{"@id":"https:\/\/exposicoes.abc.org.br\/100anos\/academico\/manuel-amoroso-costa\/#primaryimage"},"thumbnailUrl":"https:\/\/exposicoes.abc.org.br\/100anos\/wp-content\/uploads\/2026\/01\/amoroso-hero.png","datePublished":"2026-01-19T13:43:10+00:00","dateModified":"2026-01-26T18:04:22+00:00","breadcrumb":{"@id":"https:\/\/exposicoes.abc.org.br\/100anos\/academico\/manuel-amoroso-costa\/#breadcrumb"},"inLanguage":"pt-BR","potentialAction":[{"@type":"ReadAction","target":["https:\/\/exposicoes.abc.org.br\/100anos\/academico\/manuel-amoroso-costa\/"]}]},{"@type":"ImageObject","inLanguage":"pt-BR","@id":"https:\/\/exposicoes.abc.org.br\/100anos\/academico\/manuel-amoroso-costa\/#primaryimage","url":"https:\/\/exposicoes.abc.org.br\/100anos\/wp-content\/uploads\/2026\/01\/amoroso-hero.png","contentUrl":"https:\/\/exposicoes.abc.org.br\/100anos\/wp-content\/uploads\/2026\/01\/amoroso-hero.png","width":354,"height":552},{"@type":"BreadcrumbList","@id":"https:\/\/exposicoes.abc.org.br\/100anos\/academico\/manuel-amoroso-costa\/#breadcrumb","itemListElement":[{"@type":"ListItem","position":1,"name":"In\u00edcio","item":"https:\/\/exposicoes.abc.org.br\/100anos\/"},{"@type":"ListItem","position":2,"name":"Manuel Amoroso Costa"}]},{"@type":"WebSite","@id":"https:\/\/exposicoes.abc.org.br\/100anos\/#website","url":"https:\/\/exposicoes.abc.org.br\/100anos\/","name":"Cem Anos de Ci\u00eancia","description":"","publisher":{"@id":"https:\/\/exposicoes.abc.org.br\/100anos\/#organization"},"potentialAction":[{"@type":"SearchAction","target":{"@type":"EntryPoint","urlTemplate":"https:\/\/exposicoes.abc.org.br\/100anos\/?s={search_term_string}"},"query-input":{"@type":"PropertyValueSpecification","valueRequired":true,"valueName":"search_term_string"}}],"inLanguage":"pt-BR"},{"@type":"Organization","@id":"https:\/\/exposicoes.abc.org.br\/100anos\/#organization","name":"Academia Brasileira de Ci\u00eancias","url":"https:\/\/exposicoes.abc.org.br\/100anos\/","logo":{"@type":"ImageObject","inLanguage":"pt-BR","@id":"https:\/\/exposicoes.abc.org.br\/100anos\/#\/schema\/logo\/image\/","url":"https:\/\/exposicoes.abc.org.br\/100anos\/wp-content\/uploads\/2025\/12\/logo-100-abc.png","contentUrl":"https:\/\/exposicoes.abc.org.br\/100anos\/wp-content\/uploads\/2025\/12\/logo-100-abc.png","width":511,"height":116,"caption":"Academia Brasileira de Ci\u00eancias"},"image":{"@id":"https:\/\/exposicoes.abc.org.br\/100anos\/#\/schema\/logo\/image\/"}}]}},"_links":{"self":[{"href":"https:\/\/exposicoes.abc.org.br\/100anos\/wp-json\/wp\/v2\/academico\/611","targetHints":{"allow":["GET"]}}],"collection":[{"href":"https:\/\/exposicoes.abc.org.br\/100anos\/wp-json\/wp\/v2\/academico"}],"about":[{"href":"https:\/\/exposicoes.abc.org.br\/100anos\/wp-json\/wp\/v2\/types\/academico"}],"version-history":[{"count":1,"href":"https:\/\/exposicoes.abc.org.br\/100anos\/wp-json\/wp\/v2\/academico\/611\/revisions"}],"predecessor-version":[{"id":612,"href":"https:\/\/exposicoes.abc.org.br\/100anos\/wp-json\/wp\/v2\/academico\/611\/revisions\/612"}],"wp:featuredmedia":[{"embeddable":true,"href":"https:\/\/exposicoes.abc.org.br\/100anos\/wp-json\/wp\/v2\/media\/659"}],"wp:attachment":[{"href":"https:\/\/exposicoes.abc.org.br\/100anos\/wp-json\/wp\/v2\/media?parent=611"}],"wp:term":[{"taxonomy":"periodo-de-presidencia","embeddable":true,"href":"https:\/\/exposicoes.abc.org.br\/100anos\/wp-json\/wp\/v2\/periodo-de-presidencia?post=611"},{"taxonomy":"periodo-de-vida","embeddable":true,"href":"https:\/\/exposicoes.abc.org.br\/100anos\/wp-json\/wp\/v2\/periodo-de-vida?post=611"},{"taxonomy":"tipo-de-academico","embeddable":true,"href":"https:\/\/exposicoes.abc.org.br\/100anos\/wp-json\/wp\/v2\/tipo-de-academico?post=611"}],"curies":[{"name":"wp","href":"https:\/\/api.w.org\/{rel}","templated":true}]}}