{"id":600,"date":"2026-01-19T10:28:09","date_gmt":"2026-01-19T13:28:09","guid":{"rendered":"https:\/\/exposicoes.abc.org.br\/100anos\/?post_type=academico&#038;p=600"},"modified":"2026-01-26T15:00:42","modified_gmt":"2026-01-26T18:00:42","slug":"edgard-roquette-pinto","status":"publish","type":"academico","link":"https:\/\/exposicoes.abc.org.br\/100anos\/academico\/edgard-roquette-pinto\/","title":{"rendered":"Edgard\u2028Roquette-Pinto"},"content":{"rendered":"\n<h2 class=\"wp-block-heading\">Sobre o Cientista<\/h2>\n\n\n\n<p>Edgard Roquette-Pinto nasceu no Rio de Janeiro. Formado pela Faculdade de Medicina do Rio de Janeiro em 1905, especializou-se em medicina legal, defendendo a tese O exerc\u00edcio da medicina entre os ind\u00edgenas da Am\u00e9rica.\u00a0<br>Posteriormente, tornou-se Doutor honoris causa de fisiologia daquela universidade.<br><br>Ingressou no Museu Nacional como professor assistente de antropologia e etnografia. Foi delegado do Brasil no Congresso de Ra\u00e7as realizado em Londres em 1911 e colaborou com a Miss\u00e3o Rondon (1912), quando filmou os \u00edndios nhambiquaras e acompanhou Rondon na instala\u00e7\u00e3o das linhas telegr\u00e1ficas. Suas investiga\u00e7\u00f5es junto \u00e0 Comiss\u00e3o Rondon resultaram no tratado antropol\u00f3gico, bot\u00e2nico e geol\u00f3gico intitulado Rond\u00f4nia (1916).<br><br>Foi membro da Sociedade Brasileira de Sciencias, atual Academia Brasileira de<br>Ci\u00eancias (ABC), tendo assinado a ata de sua funda\u00e7\u00e3o em 3 de maio de 1916. Integrou a Se\u00e7\u00e3o de Ci\u00eancias F\u00edsico-Qu\u00edmicas. Foi segundo secret\u00e1rio de 1916-1917, primeiro secret\u00e1rio de 1917 a 1926 e vice-presidente no bi\u00eanio 1931-1933.\u00a0<br><br>Junto com Euz\u00e9bio de Oliveira, Del Vecchio, Domingos Costa e Henrique Morize, comp\u00f4s a comiss\u00e3o da ABC que tratou com o ministro da Via\u00e7\u00e3o sobre a introdu\u00e7\u00e3o da telegrafia sem fio no Rio de Janeiro, em 1923. Nesse mesmo ano, fundou, na Academia Brasileira de Ci\u00eancias, a R\u00e1dio Sociedade do Rio de Janeiro, com fins exclusivamente educacionais e culturais, al\u00e9m de divulgar m\u00fasica e literatura. Os Acad\u00eamicos davam palestras e cursos de portugu\u00eas, biologia, franc\u00eas, geografia. Em 1936, doou a r\u00e1dio ao Minist\u00e9rio da Educa\u00e7\u00e3o, e surgiu a R\u00e1dio MEC. \u00c9 considerado pai da radiofus\u00e3o no Brasil.<br><br>Foi designado, juntamente com Juliano Moreira, Miguel Oz\u00f3rio de Almeida, \u00c1lvaro Alberto, Pepin Lehalleur, Amoroso Costa e Euz\u00e9bio de Oliveira, para representar a ABC no curso e em todas as homenagens que foram prestadas a Marie Curie, quando de sua visita ao Brasil em 1926.<br><br>Realizou estudos sobre sambaquis (dep\u00f3sitos arqueol\u00f3gicos) do litoral do Rio<br>Grande do Sul e foi professor de hist\u00f3ria natural na Escola Normal do Distrito Federal em 1916. Foi convidado como professor visitante, em 1920, para inaugurar a cadeira de fisiologia experimental na Faculdade de Medicina da Universidade de Assun\u00e7\u00e3o, no Paraguai.\u00a0<br><br>Em 1924, foi designado para representar o Brasil no XXI Congresso Internacional de Americanistas na Su\u00e9cia. Ainda neste ano, Roquette Pinto foi nomeado professor-chefe da Se\u00e7\u00e3o de Antropologia e Etnografia do Museu Nacional. Lecionou no curso de antropologia, sob o patroc\u00ednio da Associa\u00e7\u00e3o Brasileira de Educa\u00e7\u00e3o.<br><br>Roquette-Pinto tornou-se diretor do Museu Nacional em 1926, permanecendo no cargo por dez anos. Realizou um amplo trabalho de divulga\u00e7\u00e3o cient\u00edfica e empreendeu a elabora\u00e7\u00e3o de uma grande cole\u00e7\u00e3o de filmes cient\u00edficos. Organizou em livros os v\u00e1rios estudos e confer\u00eancias na obra intitulada Seixos Rolados (Estudos Brasileiros), em 1927. Neste ano, foi eleito membro da Academia Brasileira de Letras.<br><br>Fundou e dirigiu, no Minist\u00e9rio da Educa\u00e7\u00e3o, o Instituto Nacional de Cinema Educativo (INCE), de 1936 a 1947, onde orientou a produ\u00e7\u00e3o de cerca de 300 document\u00e1rios em curta-metragem de car\u00e1ter cient\u00edfico, dirigidos por Humberto Mauro, sendo que o primeiro foi Descobrimento do Brasil, com m\u00fasica de Villa-Lobos. Em 1940, foi eleito diretor do Instituto Indigenista Americano do M\u00e9xico. Sete anos depois, participou da funda\u00e7\u00e3o do Partido Socialista Brasileiro.<br><br>Al\u00e9m dos livros de car\u00e1ter mais t\u00e9cnico, publicou obras de divulga\u00e7\u00e3o cient\u00edfica, come\u00e7ando com o livro Conceito atual de vida (1922) e artigos em v\u00e1rios jornais, como A Manh\u00e3, A Noite, Di\u00e1rio Carioca e Jornal do Brasil. Os temas inclu\u00edam n\u00e3o s\u00f3 a quest\u00e3o educativa e de radiodifus\u00e3o, mas tamb\u00e9m a valoriza\u00e7\u00e3o do homem brasileiro e a pesquisa b\u00e1sica. Criou e editou revistas que permitiram aos cientistas escreverem para o p\u00fablico leigo, como a Radio \u2013 Revista de Divulga\u00e7\u00e3o Cient\u00edfica Geral (1923), Electron, criada em 1926, e a Revista Nacional de Educa\u00e7\u00e3o, de 1932.<br><br>Edgard Roquette-Pinto nasceu no Rio de Janeiro e formou-se em medicina pela Faculdade de Medicina do Rio de Janeiro em 1905, especializando-se em medicina legal. Defendeu a tese O exerc\u00edcio da medicina entre os ind\u00edgenas da Am\u00e9rica e, posteriormente, recebeu o t\u00edtulo de doutor honoris causa em fisiologia pela mesma institui\u00e7\u00e3o. Desde o in\u00edcio de sua carreira, destacou-se pela articula\u00e7\u00e3o entre ci\u00eancia, educa\u00e7\u00e3o e compromisso social.<br>Ingressou no Museu Nacional como professor assistente de antropologia e etnografia, tornando-se uma das figuras centrais da antropologia brasileira no in\u00edcio do s\u00e9culo XX. Em 1911, representou o Brasil no Congresso de Ra\u00e7as, em Londres, e, em 1912, integrou a Miss\u00e3o Rondon, quando acompanhou a instala\u00e7\u00e3o de linhas telegr\u00e1ficas no interior do pa\u00eds e realizou registros pioneiros, inclusive filmagens, dos povos ind\u00edgenas nhambiquaras. As pesquisas desenvolvidas nesse contexto resultaram na obra Rond\u00f4nia (1916), s\u00edntese antropol\u00f3gica, bot\u00e2nica e geol\u00f3gica de grande relev\u00e2ncia cient\u00edfica.<br><br>Roquette-Pinto foi membro fundador da Academia Brasileira de Ci\u00eancias, tendo assinado a ata de funda\u00e7\u00e3o em 3 de maio de 1916. Integrou a Se\u00e7\u00e3o de Ci\u00eancias F\u00edsico-Qu\u00edmicas e exerceu fun\u00e7\u00f5es administrativas de destaque, como segundo secret\u00e1rio, primeiro secret\u00e1rio por quase uma d\u00e9cada e vice-presidente no bi\u00eanio 1931\u20131933. Representou a ABC em diversas miss\u00f5es institucionais, incluindo a recep\u00e7\u00e3o cient\u00edfica a Marie Curie durante sua visita ao Brasil, em 1926.<br><br>Em 1923, participou da comiss\u00e3o que tratou da introdu\u00e7\u00e3o da telegrafia sem fio no Rio de Janeiro e, nesse mesmo ano, fundou, no \u00e2mbito da ABC, a R\u00e1dio Sociedade do Rio de Janeiro, com fins exclusivamente educativos e culturais. A iniciativa marcou o nascimento da radiodifus\u00e3o educativa no pa\u00eds e consolidou Roquette-Pinto como o \u201cpai do r\u00e1dio\u201d no Brasil. Em 1936, doou a r\u00e1dio ao Minist\u00e9rio da Educa\u00e7\u00e3o, dando origem \u00e0 R\u00e1dio MEC.<br><br>Foi diretor do Museu Nacional entre 1926 e 1936, per\u00edodo em que fortaleceu a divulga\u00e7\u00e3o cient\u00edfica e organizou uma ampla cole\u00e7\u00e3o de filmes cient\u00edficos. Fundou e dirigiu o Instituto Nacional de Cinema Educativo (INCE), orientando a produ\u00e7\u00e3o de cerca de 300 document\u00e1rios de car\u00e1ter cient\u00edfico e educativo, muitos deles dirigidos por Humberto Mauro, com trilhas de Villa-Lobos.<br>Al\u00e9m da produ\u00e7\u00e3o acad\u00eamica, destacou-se como divulgador da ci\u00eancia, autor de livros, artigos em jornais e revistas voltadas ao p\u00fablico leigo como a Radio \u2013 Revista de Divulga\u00e7\u00e3o Cient\u00edfica Geral (1923), a Electron, criada em 1926, e a Revista Nacional de Educa\u00e7\u00e3o, de 1932 -, reafirmando a ci\u00eancia, a educa\u00e7\u00e3o e a comunica\u00e7\u00e3o como instrumentos centrais para a constru\u00e7\u00e3o de uma sociedade democr\u00e1tica e informada.\u00a0<\/p>\n\n\n\n<div style=\"height:100px\" aria-hidden=\"true\" class=\"wp-block-spacer\"><\/div>\n","protected":false},"excerpt":{"rendered":"<p>Sobre o Cientista Edgard Roquette-Pinto nasceu no Rio de Janeiro. Formado pela Faculdade de Medicina do Rio de Janeiro em 1905, especializou-se em medicina legal, defendendo a tese O exerc\u00edcio da medicina entre os ind\u00edgenas da Am\u00e9rica.\u00a0Posteriormente, tornou-se Doutor honoris causa de fisiologia daquela universidade. Ingressou no Museu Nacional como professor assistente de antropologia e&#8230;<\/p>\n","protected":false},"featured_media":650,"parent":0,"template":"","meta":{"_acf_changed":false,"footnotes":""},"periodo-de-presidencia":[],"periodo-de-vida":[79],"tipo-de-academico":[6],"class_list":["post-600","academico","type-academico","status-publish","has-post-thumbnail","hentry","periodo-de-vida-1884-1954","tipo-de-academico-membros-fundadores"],"acf":[],"yoast_head":"<!-- This site is optimized with the Yoast SEO plugin v26.8 - https:\/\/yoast.com\/product\/yoast-seo-wordpress\/ -->\n<title>Edgard\u2028Roquette-Pinto | Cem Anos de Ci\u00eancia<\/title>\n<meta name=\"robots\" content=\"index, follow, max-snippet:-1, max-image-preview:large, max-video-preview:-1\" \/>\n<link rel=\"canonical\" href=\"https:\/\/exposicoes.abc.org.br\/100anos\/academico\/edgard-roquette-pinto\/\" \/>\n<meta property=\"og:locale\" content=\"pt_BR\" \/>\n<meta property=\"og:type\" content=\"article\" \/>\n<meta property=\"og:title\" content=\"Edgard\u2028Roquette-Pinto | Cem Anos de Ci\u00eancia\" \/>\n<meta property=\"og:description\" content=\"Sobre o Cientista Edgard Roquette-Pinto nasceu no Rio de Janeiro. Formado pela Faculdade de Medicina do Rio de Janeiro em 1905, especializou-se em medicina legal, defendendo a tese O exerc\u00edcio da medicina entre os ind\u00edgenas da Am\u00e9rica.\u00a0Posteriormente, tornou-se Doutor honoris causa de fisiologia daquela universidade. Ingressou no Museu Nacional como professor assistente de antropologia e...\" \/>\n<meta property=\"og:url\" content=\"https:\/\/exposicoes.abc.org.br\/100anos\/academico\/edgard-roquette-pinto\/\" \/>\n<meta property=\"og:site_name\" content=\"Cem Anos de Ci\u00eancia\" \/>\n<meta property=\"article:modified_time\" content=\"2026-01-26T18:00:42+00:00\" \/>\n<meta property=\"og:image\" content=\"https:\/\/exposicoes.abc.org.br\/100anos\/wp-content\/uploads\/2026\/01\/pinto-hero.png\" \/>\n\t<meta property=\"og:image:width\" content=\"354\" \/>\n\t<meta property=\"og:image:height\" content=\"552\" \/>\n\t<meta property=\"og:image:type\" content=\"image\/png\" \/>\n<meta name=\"twitter:card\" content=\"summary_large_image\" \/>\n<meta name=\"twitter:label1\" content=\"Est. tempo de leitura\" \/>\n\t<meta name=\"twitter:data1\" content=\"6 minutos\" \/>\n<script type=\"application\/ld+json\" class=\"yoast-schema-graph\">{\"@context\":\"https:\/\/schema.org\",\"@graph\":[{\"@type\":\"WebPage\",\"@id\":\"https:\/\/exposicoes.abc.org.br\/100anos\/academico\/edgard-roquette-pinto\/\",\"url\":\"https:\/\/exposicoes.abc.org.br\/100anos\/academico\/edgard-roquette-pinto\/\",\"name\":\"Edgard\\u2028Roquette-Pinto | Cem Anos de Ci\u00eancia\",\"isPartOf\":{\"@id\":\"https:\/\/exposicoes.abc.org.br\/100anos\/#website\"},\"primaryImageOfPage\":{\"@id\":\"https:\/\/exposicoes.abc.org.br\/100anos\/academico\/edgard-roquette-pinto\/#primaryimage\"},\"image\":{\"@id\":\"https:\/\/exposicoes.abc.org.br\/100anos\/academico\/edgard-roquette-pinto\/#primaryimage\"},\"thumbnailUrl\":\"https:\/\/exposicoes.abc.org.br\/100anos\/wp-content\/uploads\/2026\/01\/pinto-hero.png\",\"datePublished\":\"2026-01-19T13:28:09+00:00\",\"dateModified\":\"2026-01-26T18:00:42+00:00\",\"breadcrumb\":{\"@id\":\"https:\/\/exposicoes.abc.org.br\/100anos\/academico\/edgard-roquette-pinto\/#breadcrumb\"},\"inLanguage\":\"pt-BR\",\"potentialAction\":[{\"@type\":\"ReadAction\",\"target\":[\"https:\/\/exposicoes.abc.org.br\/100anos\/academico\/edgard-roquette-pinto\/\"]}]},{\"@type\":\"ImageObject\",\"inLanguage\":\"pt-BR\",\"@id\":\"https:\/\/exposicoes.abc.org.br\/100anos\/academico\/edgard-roquette-pinto\/#primaryimage\",\"url\":\"https:\/\/exposicoes.abc.org.br\/100anos\/wp-content\/uploads\/2026\/01\/pinto-hero.png\",\"contentUrl\":\"https:\/\/exposicoes.abc.org.br\/100anos\/wp-content\/uploads\/2026\/01\/pinto-hero.png\",\"width\":354,\"height\":552},{\"@type\":\"BreadcrumbList\",\"@id\":\"https:\/\/exposicoes.abc.org.br\/100anos\/academico\/edgard-roquette-pinto\/#breadcrumb\",\"itemListElement\":[{\"@type\":\"ListItem\",\"position\":1,\"name\":\"In\u00edcio\",\"item\":\"https:\/\/exposicoes.abc.org.br\/100anos\/\"},{\"@type\":\"ListItem\",\"position\":2,\"name\":\"Edgard\\u2028Roquette-Pinto\"}]},{\"@type\":\"WebSite\",\"@id\":\"https:\/\/exposicoes.abc.org.br\/100anos\/#website\",\"url\":\"https:\/\/exposicoes.abc.org.br\/100anos\/\",\"name\":\"Cem Anos de Ci\u00eancia\",\"description\":\"\",\"publisher\":{\"@id\":\"https:\/\/exposicoes.abc.org.br\/100anos\/#organization\"},\"potentialAction\":[{\"@type\":\"SearchAction\",\"target\":{\"@type\":\"EntryPoint\",\"urlTemplate\":\"https:\/\/exposicoes.abc.org.br\/100anos\/?s={search_term_string}\"},\"query-input\":{\"@type\":\"PropertyValueSpecification\",\"valueRequired\":true,\"valueName\":\"search_term_string\"}}],\"inLanguage\":\"pt-BR\"},{\"@type\":\"Organization\",\"@id\":\"https:\/\/exposicoes.abc.org.br\/100anos\/#organization\",\"name\":\"Academia Brasileira de Ci\u00eancias\",\"url\":\"https:\/\/exposicoes.abc.org.br\/100anos\/\",\"logo\":{\"@type\":\"ImageObject\",\"inLanguage\":\"pt-BR\",\"@id\":\"https:\/\/exposicoes.abc.org.br\/100anos\/#\/schema\/logo\/image\/\",\"url\":\"https:\/\/exposicoes.abc.org.br\/100anos\/wp-content\/uploads\/2025\/12\/logo-100-abc.png\",\"contentUrl\":\"https:\/\/exposicoes.abc.org.br\/100anos\/wp-content\/uploads\/2025\/12\/logo-100-abc.png\",\"width\":511,\"height\":116,\"caption\":\"Academia Brasileira de Ci\u00eancias\"},\"image\":{\"@id\":\"https:\/\/exposicoes.abc.org.br\/100anos\/#\/schema\/logo\/image\/\"}}]}<\/script>\n<!-- \/ Yoast SEO plugin. -->","yoast_head_json":{"title":"Edgard\u2028Roquette-Pinto | Cem Anos de Ci\u00eancia","robots":{"index":"index","follow":"follow","max-snippet":"max-snippet:-1","max-image-preview":"max-image-preview:large","max-video-preview":"max-video-preview:-1"},"canonical":"https:\/\/exposicoes.abc.org.br\/100anos\/academico\/edgard-roquette-pinto\/","og_locale":"pt_BR","og_type":"article","og_title":"Edgard\u2028Roquette-Pinto | Cem Anos de Ci\u00eancia","og_description":"Sobre o Cientista Edgard Roquette-Pinto nasceu no Rio de Janeiro. Formado pela Faculdade de Medicina do Rio de Janeiro em 1905, especializou-se em medicina legal, defendendo a tese O exerc\u00edcio da medicina entre os ind\u00edgenas da Am\u00e9rica.\u00a0Posteriormente, tornou-se Doutor honoris causa de fisiologia daquela universidade. Ingressou no Museu Nacional como professor assistente de antropologia e...","og_url":"https:\/\/exposicoes.abc.org.br\/100anos\/academico\/edgard-roquette-pinto\/","og_site_name":"Cem Anos de Ci\u00eancia","article_modified_time":"2026-01-26T18:00:42+00:00","og_image":[{"width":354,"height":552,"url":"https:\/\/exposicoes.abc.org.br\/100anos\/wp-content\/uploads\/2026\/01\/pinto-hero.png","type":"image\/png"}],"twitter_card":"summary_large_image","twitter_misc":{"Est. tempo de leitura":"6 minutos"},"schema":{"@context":"https:\/\/schema.org","@graph":[{"@type":"WebPage","@id":"https:\/\/exposicoes.abc.org.br\/100anos\/academico\/edgard-roquette-pinto\/","url":"https:\/\/exposicoes.abc.org.br\/100anos\/academico\/edgard-roquette-pinto\/","name":"Edgard\u2028Roquette-Pinto | Cem Anos de Ci\u00eancia","isPartOf":{"@id":"https:\/\/exposicoes.abc.org.br\/100anos\/#website"},"primaryImageOfPage":{"@id":"https:\/\/exposicoes.abc.org.br\/100anos\/academico\/edgard-roquette-pinto\/#primaryimage"},"image":{"@id":"https:\/\/exposicoes.abc.org.br\/100anos\/academico\/edgard-roquette-pinto\/#primaryimage"},"thumbnailUrl":"https:\/\/exposicoes.abc.org.br\/100anos\/wp-content\/uploads\/2026\/01\/pinto-hero.png","datePublished":"2026-01-19T13:28:09+00:00","dateModified":"2026-01-26T18:00:42+00:00","breadcrumb":{"@id":"https:\/\/exposicoes.abc.org.br\/100anos\/academico\/edgard-roquette-pinto\/#breadcrumb"},"inLanguage":"pt-BR","potentialAction":[{"@type":"ReadAction","target":["https:\/\/exposicoes.abc.org.br\/100anos\/academico\/edgard-roquette-pinto\/"]}]},{"@type":"ImageObject","inLanguage":"pt-BR","@id":"https:\/\/exposicoes.abc.org.br\/100anos\/academico\/edgard-roquette-pinto\/#primaryimage","url":"https:\/\/exposicoes.abc.org.br\/100anos\/wp-content\/uploads\/2026\/01\/pinto-hero.png","contentUrl":"https:\/\/exposicoes.abc.org.br\/100anos\/wp-content\/uploads\/2026\/01\/pinto-hero.png","width":354,"height":552},{"@type":"BreadcrumbList","@id":"https:\/\/exposicoes.abc.org.br\/100anos\/academico\/edgard-roquette-pinto\/#breadcrumb","itemListElement":[{"@type":"ListItem","position":1,"name":"In\u00edcio","item":"https:\/\/exposicoes.abc.org.br\/100anos\/"},{"@type":"ListItem","position":2,"name":"Edgard\u2028Roquette-Pinto"}]},{"@type":"WebSite","@id":"https:\/\/exposicoes.abc.org.br\/100anos\/#website","url":"https:\/\/exposicoes.abc.org.br\/100anos\/","name":"Cem Anos de Ci\u00eancia","description":"","publisher":{"@id":"https:\/\/exposicoes.abc.org.br\/100anos\/#organization"},"potentialAction":[{"@type":"SearchAction","target":{"@type":"EntryPoint","urlTemplate":"https:\/\/exposicoes.abc.org.br\/100anos\/?s={search_term_string}"},"query-input":{"@type":"PropertyValueSpecification","valueRequired":true,"valueName":"search_term_string"}}],"inLanguage":"pt-BR"},{"@type":"Organization","@id":"https:\/\/exposicoes.abc.org.br\/100anos\/#organization","name":"Academia Brasileira de Ci\u00eancias","url":"https:\/\/exposicoes.abc.org.br\/100anos\/","logo":{"@type":"ImageObject","inLanguage":"pt-BR","@id":"https:\/\/exposicoes.abc.org.br\/100anos\/#\/schema\/logo\/image\/","url":"https:\/\/exposicoes.abc.org.br\/100anos\/wp-content\/uploads\/2025\/12\/logo-100-abc.png","contentUrl":"https:\/\/exposicoes.abc.org.br\/100anos\/wp-content\/uploads\/2025\/12\/logo-100-abc.png","width":511,"height":116,"caption":"Academia Brasileira de Ci\u00eancias"},"image":{"@id":"https:\/\/exposicoes.abc.org.br\/100anos\/#\/schema\/logo\/image\/"}}]}},"_links":{"self":[{"href":"https:\/\/exposicoes.abc.org.br\/100anos\/wp-json\/wp\/v2\/academico\/600","targetHints":{"allow":["GET"]}}],"collection":[{"href":"https:\/\/exposicoes.abc.org.br\/100anos\/wp-json\/wp\/v2\/academico"}],"about":[{"href":"https:\/\/exposicoes.abc.org.br\/100anos\/wp-json\/wp\/v2\/types\/academico"}],"version-history":[{"count":2,"href":"https:\/\/exposicoes.abc.org.br\/100anos\/wp-json\/wp\/v2\/academico\/600\/revisions"}],"predecessor-version":[{"id":602,"href":"https:\/\/exposicoes.abc.org.br\/100anos\/wp-json\/wp\/v2\/academico\/600\/revisions\/602"}],"wp:featuredmedia":[{"embeddable":true,"href":"https:\/\/exposicoes.abc.org.br\/100anos\/wp-json\/wp\/v2\/media\/650"}],"wp:attachment":[{"href":"https:\/\/exposicoes.abc.org.br\/100anos\/wp-json\/wp\/v2\/media?parent=600"}],"wp:term":[{"taxonomy":"periodo-de-presidencia","embeddable":true,"href":"https:\/\/exposicoes.abc.org.br\/100anos\/wp-json\/wp\/v2\/periodo-de-presidencia?post=600"},{"taxonomy":"periodo-de-vida","embeddable":true,"href":"https:\/\/exposicoes.abc.org.br\/100anos\/wp-json\/wp\/v2\/periodo-de-vida?post=600"},{"taxonomy":"tipo-de-academico","embeddable":true,"href":"https:\/\/exposicoes.abc.org.br\/100anos\/wp-json\/wp\/v2\/tipo-de-academico?post=600"}],"curies":[{"name":"wp","href":"https:\/\/api.w.org\/{rel}","templated":true}]}}