{"id":596,"date":"2026-01-16T16:33:33","date_gmt":"2026-01-16T19:33:33","guid":{"rendered":"https:\/\/exposicoes.abc.org.br\/100anos\/?post_type=academico&#038;p=596"},"modified":"2026-01-27T11:55:59","modified_gmt":"2026-01-27T14:55:59","slug":"carlos-ernesto-julius-lohmann","status":"publish","type":"academico","link":"https:\/\/exposicoes.abc.org.br\/100anos\/academico\/carlos-ernesto-julius-lohmann\/","title":{"rendered":"Carlos Ernesto Julius Lohmann"},"content":{"rendered":"\n<h2 class=\"wp-block-heading\">Sobre o Cientista<\/h2>\n\n\n\n<p>Carlos Ernesto Julius Lohmann (Karl Ernest Julius Lohmann) nasceu em Arnhem, na Holanda. Formou-se em ci\u00eancias f\u00edsicas e naturais pela Universidade de Amsterd\u00e3, Holanda, em 1900. Tr\u00eas anos depois, concluiu o doutorado em ci\u00eancias f\u00edsicas e naturais pela Universidade de Jena, Alemanha. Entre 1892 e 1906, residiu na Ilha de Java, ent\u00e3o col\u00f4nia holandesa e atual Indon\u00e9sia, onde foi auxiliar de farm\u00e1cia, assistente de qu\u00edmica do Jardim Bot\u00e2nico e qu\u00edmico chefe da esta\u00e7\u00e3o experimental geral de Salatiga.\u00a0<br><br>Foi convidado por Miguel Calmon, ent\u00e3o ministro da Ind\u00fastria, Via\u00e7\u00e3o e Obras<br>P\u00fablicas (1906-1909), para implantar a cultura do ch\u00e1 na Bahia. Trabalhou na \u00e1rea de qu\u00edmica vegetal no Instituto Agr\u00edcola do Estado da Bahia entre 1906 e 1909. Durante esse per\u00edodo, estudou os min\u00e9rios e o solo na regi\u00e3o.<br><br>Atuou como livre docente na Escola Polit\u00e9cnica do Rio de Janeiro, em 1914, onde permaneceu at\u00e9 1940. Foi um dos fundadores da Escola de Qu\u00edmica da Universidade do Brasil. Foi diretor da Esta\u00e7\u00e3o Geral de Qu\u00edmica Agr\u00edcola do Jardim Bot\u00e2nico do Rio de Janeiro (1915-1916) e consultor t\u00e9cnico do Departamento Nacional da Propriedade Industrial (1924-1926).<br><br>Foi membro da Sociedade Brasileira de Sciencias, atual Academia Brasileira de<br>Ci\u00eancias (ABC), tendo assinado a ata de sua funda\u00e7\u00e3o no dia 3 de maio de 1916.<br>Ingressou na Se\u00e7\u00e3o de Ci\u00eancias F\u00edsico-Qu\u00edmicas. Desenvolveu pesquisas na \u00e1rea de qu\u00edmica dos vegetais, especialmente sobre ch\u00e1, erva mate; cultura do cacau, anil e caf\u00e9, al\u00e9m de estudos sobre cana de a\u00e7\u00facar, carna\u00faba e mandioca.<\/p>\n\n\n\n<div style=\"height:100px\" aria-hidden=\"true\" class=\"wp-block-spacer\"><\/div>\n","protected":false},"excerpt":{"rendered":"<p>Sobre o Cientista Carlos Ernesto Julius Lohmann (Karl Ernest Julius Lohmann) nasceu em Arnhem, na Holanda. Formou-se em ci\u00eancias f\u00edsicas e naturais pela Universidade de Amsterd\u00e3, Holanda, em 1900. Tr\u00eas anos depois, concluiu o doutorado em ci\u00eancias f\u00edsicas e naturais pela Universidade de Jena, Alemanha. Entre 1892 e 1906, residiu na Ilha de Java, ent\u00e3o&#8230;<\/p>\n","protected":false},"featured_media":696,"parent":0,"template":"","meta":{"_acf_changed":false,"footnotes":""},"periodo-de-presidencia":[],"periodo-de-vida":[78],"tipo-de-academico":[6],"class_list":["post-596","academico","type-academico","status-publish","has-post-thumbnail","hentry","periodo-de-vida-1873-1945","tipo-de-academico-membros-fundadores"],"acf":[],"yoast_head":"<!-- This site is optimized with the Yoast SEO plugin v26.8 - https:\/\/yoast.com\/product\/yoast-seo-wordpress\/ -->\n<title>Carlos Ernesto Julius Lohmann | Cem Anos de Ci\u00eancia<\/title>\n<meta name=\"robots\" content=\"index, follow, max-snippet:-1, max-image-preview:large, max-video-preview:-1\" \/>\n<link rel=\"canonical\" href=\"https:\/\/exposicoes.abc.org.br\/100anos\/academico\/carlos-ernesto-julius-lohmann\/\" \/>\n<meta property=\"og:locale\" content=\"pt_BR\" \/>\n<meta property=\"og:type\" content=\"article\" \/>\n<meta property=\"og:title\" content=\"Carlos Ernesto Julius Lohmann | Cem Anos de Ci\u00eancia\" \/>\n<meta property=\"og:description\" content=\"Sobre o Cientista Carlos Ernesto Julius Lohmann (Karl Ernest Julius Lohmann) nasceu em Arnhem, na Holanda. Formou-se em ci\u00eancias f\u00edsicas e naturais pela Universidade de Amsterd\u00e3, Holanda, em 1900. Tr\u00eas anos depois, concluiu o doutorado em ci\u00eancias f\u00edsicas e naturais pela Universidade de Jena, Alemanha. Entre 1892 e 1906, residiu na Ilha de Java, ent\u00e3o...\" \/>\n<meta property=\"og:url\" content=\"https:\/\/exposicoes.abc.org.br\/100anos\/academico\/carlos-ernesto-julius-lohmann\/\" \/>\n<meta property=\"og:site_name\" content=\"Cem Anos de Ci\u00eancia\" \/>\n<meta property=\"article:modified_time\" content=\"2026-01-27T14:55:59+00:00\" \/>\n<meta property=\"og:image\" content=\"https:\/\/exposicoes.abc.org.br\/100anos\/wp-content\/uploads\/2026\/01\/lohmann-hero.png\" \/>\n\t<meta property=\"og:image:width\" content=\"354\" \/>\n\t<meta property=\"og:image:height\" content=\"552\" \/>\n\t<meta property=\"og:image:type\" content=\"image\/png\" \/>\n<meta name=\"twitter:card\" content=\"summary_large_image\" \/>\n<meta name=\"twitter:label1\" content=\"Est. tempo de leitura\" \/>\n\t<meta name=\"twitter:data1\" content=\"1 minuto\" \/>\n<script type=\"application\/ld+json\" class=\"yoast-schema-graph\">{\"@context\":\"https:\/\/schema.org\",\"@graph\":[{\"@type\":\"WebPage\",\"@id\":\"https:\/\/exposicoes.abc.org.br\/100anos\/academico\/carlos-ernesto-julius-lohmann\/\",\"url\":\"https:\/\/exposicoes.abc.org.br\/100anos\/academico\/carlos-ernesto-julius-lohmann\/\",\"name\":\"Carlos Ernesto Julius Lohmann | Cem Anos de Ci\u00eancia\",\"isPartOf\":{\"@id\":\"https:\/\/exposicoes.abc.org.br\/100anos\/#website\"},\"primaryImageOfPage\":{\"@id\":\"https:\/\/exposicoes.abc.org.br\/100anos\/academico\/carlos-ernesto-julius-lohmann\/#primaryimage\"},\"image\":{\"@id\":\"https:\/\/exposicoes.abc.org.br\/100anos\/academico\/carlos-ernesto-julius-lohmann\/#primaryimage\"},\"thumbnailUrl\":\"https:\/\/exposicoes.abc.org.br\/100anos\/wp-content\/uploads\/2026\/01\/lohmann-hero.png\",\"datePublished\":\"2026-01-16T19:33:33+00:00\",\"dateModified\":\"2026-01-27T14:55:59+00:00\",\"breadcrumb\":{\"@id\":\"https:\/\/exposicoes.abc.org.br\/100anos\/academico\/carlos-ernesto-julius-lohmann\/#breadcrumb\"},\"inLanguage\":\"pt-BR\",\"potentialAction\":[{\"@type\":\"ReadAction\",\"target\":[\"https:\/\/exposicoes.abc.org.br\/100anos\/academico\/carlos-ernesto-julius-lohmann\/\"]}]},{\"@type\":\"ImageObject\",\"inLanguage\":\"pt-BR\",\"@id\":\"https:\/\/exposicoes.abc.org.br\/100anos\/academico\/carlos-ernesto-julius-lohmann\/#primaryimage\",\"url\":\"https:\/\/exposicoes.abc.org.br\/100anos\/wp-content\/uploads\/2026\/01\/lohmann-hero.png\",\"contentUrl\":\"https:\/\/exposicoes.abc.org.br\/100anos\/wp-content\/uploads\/2026\/01\/lohmann-hero.png\",\"width\":354,\"height\":552},{\"@type\":\"BreadcrumbList\",\"@id\":\"https:\/\/exposicoes.abc.org.br\/100anos\/academico\/carlos-ernesto-julius-lohmann\/#breadcrumb\",\"itemListElement\":[{\"@type\":\"ListItem\",\"position\":1,\"name\":\"In\u00edcio\",\"item\":\"https:\/\/exposicoes.abc.org.br\/100anos\/\"},{\"@type\":\"ListItem\",\"position\":2,\"name\":\"Carlos Ernesto Julius Lohmann\"}]},{\"@type\":\"WebSite\",\"@id\":\"https:\/\/exposicoes.abc.org.br\/100anos\/#website\",\"url\":\"https:\/\/exposicoes.abc.org.br\/100anos\/\",\"name\":\"Cem Anos de Ci\u00eancia\",\"description\":\"\",\"publisher\":{\"@id\":\"https:\/\/exposicoes.abc.org.br\/100anos\/#organization\"},\"potentialAction\":[{\"@type\":\"SearchAction\",\"target\":{\"@type\":\"EntryPoint\",\"urlTemplate\":\"https:\/\/exposicoes.abc.org.br\/100anos\/?s={search_term_string}\"},\"query-input\":{\"@type\":\"PropertyValueSpecification\",\"valueRequired\":true,\"valueName\":\"search_term_string\"}}],\"inLanguage\":\"pt-BR\"},{\"@type\":\"Organization\",\"@id\":\"https:\/\/exposicoes.abc.org.br\/100anos\/#organization\",\"name\":\"Academia Brasileira de Ci\u00eancias\",\"url\":\"https:\/\/exposicoes.abc.org.br\/100anos\/\",\"logo\":{\"@type\":\"ImageObject\",\"inLanguage\":\"pt-BR\",\"@id\":\"https:\/\/exposicoes.abc.org.br\/100anos\/#\/schema\/logo\/image\/\",\"url\":\"https:\/\/exposicoes.abc.org.br\/100anos\/wp-content\/uploads\/2025\/12\/logo-100-abc.png\",\"contentUrl\":\"https:\/\/exposicoes.abc.org.br\/100anos\/wp-content\/uploads\/2025\/12\/logo-100-abc.png\",\"width\":511,\"height\":116,\"caption\":\"Academia Brasileira de Ci\u00eancias\"},\"image\":{\"@id\":\"https:\/\/exposicoes.abc.org.br\/100anos\/#\/schema\/logo\/image\/\"}}]}<\/script>\n<!-- \/ Yoast SEO plugin. -->","yoast_head_json":{"title":"Carlos Ernesto Julius Lohmann | Cem Anos de Ci\u00eancia","robots":{"index":"index","follow":"follow","max-snippet":"max-snippet:-1","max-image-preview":"max-image-preview:large","max-video-preview":"max-video-preview:-1"},"canonical":"https:\/\/exposicoes.abc.org.br\/100anos\/academico\/carlos-ernesto-julius-lohmann\/","og_locale":"pt_BR","og_type":"article","og_title":"Carlos Ernesto Julius Lohmann | Cem Anos de Ci\u00eancia","og_description":"Sobre o Cientista Carlos Ernesto Julius Lohmann (Karl Ernest Julius Lohmann) nasceu em Arnhem, na Holanda. Formou-se em ci\u00eancias f\u00edsicas e naturais pela Universidade de Amsterd\u00e3, Holanda, em 1900. Tr\u00eas anos depois, concluiu o doutorado em ci\u00eancias f\u00edsicas e naturais pela Universidade de Jena, Alemanha. Entre 1892 e 1906, residiu na Ilha de Java, ent\u00e3o...","og_url":"https:\/\/exposicoes.abc.org.br\/100anos\/academico\/carlos-ernesto-julius-lohmann\/","og_site_name":"Cem Anos de Ci\u00eancia","article_modified_time":"2026-01-27T14:55:59+00:00","og_image":[{"width":354,"height":552,"url":"https:\/\/exposicoes.abc.org.br\/100anos\/wp-content\/uploads\/2026\/01\/lohmann-hero.png","type":"image\/png"}],"twitter_card":"summary_large_image","twitter_misc":{"Est. tempo de leitura":"1 minuto"},"schema":{"@context":"https:\/\/schema.org","@graph":[{"@type":"WebPage","@id":"https:\/\/exposicoes.abc.org.br\/100anos\/academico\/carlos-ernesto-julius-lohmann\/","url":"https:\/\/exposicoes.abc.org.br\/100anos\/academico\/carlos-ernesto-julius-lohmann\/","name":"Carlos Ernesto Julius Lohmann | Cem Anos de Ci\u00eancia","isPartOf":{"@id":"https:\/\/exposicoes.abc.org.br\/100anos\/#website"},"primaryImageOfPage":{"@id":"https:\/\/exposicoes.abc.org.br\/100anos\/academico\/carlos-ernesto-julius-lohmann\/#primaryimage"},"image":{"@id":"https:\/\/exposicoes.abc.org.br\/100anos\/academico\/carlos-ernesto-julius-lohmann\/#primaryimage"},"thumbnailUrl":"https:\/\/exposicoes.abc.org.br\/100anos\/wp-content\/uploads\/2026\/01\/lohmann-hero.png","datePublished":"2026-01-16T19:33:33+00:00","dateModified":"2026-01-27T14:55:59+00:00","breadcrumb":{"@id":"https:\/\/exposicoes.abc.org.br\/100anos\/academico\/carlos-ernesto-julius-lohmann\/#breadcrumb"},"inLanguage":"pt-BR","potentialAction":[{"@type":"ReadAction","target":["https:\/\/exposicoes.abc.org.br\/100anos\/academico\/carlos-ernesto-julius-lohmann\/"]}]},{"@type":"ImageObject","inLanguage":"pt-BR","@id":"https:\/\/exposicoes.abc.org.br\/100anos\/academico\/carlos-ernesto-julius-lohmann\/#primaryimage","url":"https:\/\/exposicoes.abc.org.br\/100anos\/wp-content\/uploads\/2026\/01\/lohmann-hero.png","contentUrl":"https:\/\/exposicoes.abc.org.br\/100anos\/wp-content\/uploads\/2026\/01\/lohmann-hero.png","width":354,"height":552},{"@type":"BreadcrumbList","@id":"https:\/\/exposicoes.abc.org.br\/100anos\/academico\/carlos-ernesto-julius-lohmann\/#breadcrumb","itemListElement":[{"@type":"ListItem","position":1,"name":"In\u00edcio","item":"https:\/\/exposicoes.abc.org.br\/100anos\/"},{"@type":"ListItem","position":2,"name":"Carlos Ernesto Julius Lohmann"}]},{"@type":"WebSite","@id":"https:\/\/exposicoes.abc.org.br\/100anos\/#website","url":"https:\/\/exposicoes.abc.org.br\/100anos\/","name":"Cem Anos de Ci\u00eancia","description":"","publisher":{"@id":"https:\/\/exposicoes.abc.org.br\/100anos\/#organization"},"potentialAction":[{"@type":"SearchAction","target":{"@type":"EntryPoint","urlTemplate":"https:\/\/exposicoes.abc.org.br\/100anos\/?s={search_term_string}"},"query-input":{"@type":"PropertyValueSpecification","valueRequired":true,"valueName":"search_term_string"}}],"inLanguage":"pt-BR"},{"@type":"Organization","@id":"https:\/\/exposicoes.abc.org.br\/100anos\/#organization","name":"Academia Brasileira de Ci\u00eancias","url":"https:\/\/exposicoes.abc.org.br\/100anos\/","logo":{"@type":"ImageObject","inLanguage":"pt-BR","@id":"https:\/\/exposicoes.abc.org.br\/100anos\/#\/schema\/logo\/image\/","url":"https:\/\/exposicoes.abc.org.br\/100anos\/wp-content\/uploads\/2025\/12\/logo-100-abc.png","contentUrl":"https:\/\/exposicoes.abc.org.br\/100anos\/wp-content\/uploads\/2025\/12\/logo-100-abc.png","width":511,"height":116,"caption":"Academia Brasileira de Ci\u00eancias"},"image":{"@id":"https:\/\/exposicoes.abc.org.br\/100anos\/#\/schema\/logo\/image\/"}}]}},"_links":{"self":[{"href":"https:\/\/exposicoes.abc.org.br\/100anos\/wp-json\/wp\/v2\/academico\/596","targetHints":{"allow":["GET"]}}],"collection":[{"href":"https:\/\/exposicoes.abc.org.br\/100anos\/wp-json\/wp\/v2\/academico"}],"about":[{"href":"https:\/\/exposicoes.abc.org.br\/100anos\/wp-json\/wp\/v2\/types\/academico"}],"version-history":[{"count":1,"href":"https:\/\/exposicoes.abc.org.br\/100anos\/wp-json\/wp\/v2\/academico\/596\/revisions"}],"predecessor-version":[{"id":597,"href":"https:\/\/exposicoes.abc.org.br\/100anos\/wp-json\/wp\/v2\/academico\/596\/revisions\/597"}],"wp:featuredmedia":[{"embeddable":true,"href":"https:\/\/exposicoes.abc.org.br\/100anos\/wp-json\/wp\/v2\/media\/696"}],"wp:attachment":[{"href":"https:\/\/exposicoes.abc.org.br\/100anos\/wp-json\/wp\/v2\/media?parent=596"}],"wp:term":[{"taxonomy":"periodo-de-presidencia","embeddable":true,"href":"https:\/\/exposicoes.abc.org.br\/100anos\/wp-json\/wp\/v2\/periodo-de-presidencia?post=596"},{"taxonomy":"periodo-de-vida","embeddable":true,"href":"https:\/\/exposicoes.abc.org.br\/100anos\/wp-json\/wp\/v2\/periodo-de-vida?post=596"},{"taxonomy":"tipo-de-academico","embeddable":true,"href":"https:\/\/exposicoes.abc.org.br\/100anos\/wp-json\/wp\/v2\/tipo-de-academico?post=596"}],"curies":[{"name":"wp","href":"https:\/\/api.w.org\/{rel}","templated":true}]}}