{"id":594,"date":"2026-01-16T16:32:33","date_gmt":"2026-01-16T19:32:33","guid":{"rendered":"https:\/\/exposicoes.abc.org.br\/100anos\/?post_type=academico&#038;p=594"},"modified":"2026-01-26T14:54:41","modified_gmt":"2026-01-26T17:54:41","slug":"bruno-alvares-da-silva-lobo","status":"publish","type":"academico","link":"https:\/\/exposicoes.abc.org.br\/100anos\/academico\/bruno-alvares-da-silva-lobo\/","title":{"rendered":"Bruno \u00c1lvares da Silva Lobo"},"content":{"rendered":"\n<h2 class=\"wp-block-heading\">Sobre o Cientista<\/h2>\n\n\n\n<p>Bruno \u00c1lvares da Silva Lobo nasceu em Bel\u00e9m, no estado do Par\u00e1. Formou-se pela Faculdade de Medicina do Rio de Janeiro, em 1906. Desenvolveu pesquisas na \u00e1rea de anatomia e microbiologia. Dois anos ap\u00f3s concluir seus estudos, ingressou como professor substituto na faculdade onde estudou. Em 1914, tornou-se professor extraordin\u00e1rio de anatomia patol\u00f3gica e assumiu a c\u00e1tedra de microbiologia. Participou do Conselho Superior de Ensino e do Conselho Universit\u00e1rio. Destacou-se pela defesa da autonomia did\u00e1tica das faculdades da universidade e pela autonomia administrativa das universidades.<br><br>Foi membro da Sociedade Brasileira de Sciencias, atual Academia Brasileira de<br>Ci\u00eancias (ABC), tendo assinado a ata de sua funda\u00e7\u00e3o no dia 3 de maio de 1916.<br>Ingressou na Se\u00e7\u00e3o de Ci\u00eancias Biol\u00f3gicas.<br><br>Atuou no Hospital dos Alienados como assistente do laborat\u00f3rio de anatomia e<br>patologia, m\u00e9dico legista e diretor do laborat\u00f3rio anatomo-patol\u00f3gico. Em 1915, assumiu a dire\u00e7\u00e3o do Museu Nacional. Por meio do Minist\u00e9rio de Estado dos Neg\u00f3cios do Interior, representou o governo brasileiro na Confer\u00eancia Internacional de Microbiologia e Parasitologia, que fez parte do 1\u00ba Congresso Nacional de Medicina realizado em Buenos Aires. Na ocasi\u00e3o, visitou os museus argentinos para realizar permutas de pe\u00e7as.\u00a0<br><br>Em 1917, foi designado pelo Minist\u00e9rio de Estado, dos Neg\u00f3cios da Agricultura, Ind\u00fastria e Com\u00e9rcio para visitar o Egito, a fim de estudar in loco os meios empregados no combate \u00e0 praga denominada \u201clagarta rosa\u201d, que assolava planta\u00e7\u00f5es de algod\u00e3o. Em 1918, assumiu a dire\u00e7\u00e3o do Laborat\u00f3rio de Entomologia Geral e Aplicada. Durante sua gest\u00e3o recome\u00e7ou a publica\u00e7\u00e3o dos Archivos do Museu Nacional. Em 1923 foi exonerado do cargo de diretor.<br><br>Presidiu a Sociedade Brasileira de Belas Artes e foi presidente honor\u00e1rio da<br>Associa\u00e7\u00e3o Econ\u00f4mica de Artistas Pl\u00e1sticos de Viena, na \u00c1ustria. Integrou os institutos hist\u00f3ricos de Sergipe e Esp\u00edrito Santo, a Sociedade de Bot\u00e2nica de Praga, a Sociedade Etnol\u00f3gica do Egito, al\u00e9m de ter sido membro honor\u00e1rio da Faculdade Ci\u00eancias de Lima e da Sociedade Cientifica do Chile. Publicou Esquecendo os antepassados, em1935, sobre a imigra\u00e7\u00e3o japonesa no Brasil.<\/p>\n\n\n\n<div style=\"height:100px\" aria-hidden=\"true\" class=\"wp-block-spacer\"><\/div>\n","protected":false},"excerpt":{"rendered":"<p>Sobre o Cientista Bruno \u00c1lvares da Silva Lobo nasceu em Bel\u00e9m, no estado do Par\u00e1. Formou-se pela Faculdade de Medicina do Rio de Janeiro, em 1906. Desenvolveu pesquisas na \u00e1rea de anatomia e microbiologia. Dois anos ap\u00f3s concluir seus estudos, ingressou como professor substituto na faculdade onde estudou. Em 1914, tornou-se professor extraordin\u00e1rio de anatomia&#8230;<\/p>\n","protected":false},"featured_media":653,"parent":0,"template":"","meta":{"_acf_changed":false,"footnotes":""},"periodo-de-presidencia":[],"periodo-de-vida":[77],"tipo-de-academico":[6],"class_list":["post-594","academico","type-academico","status-publish","has-post-thumbnail","hentry","periodo-de-vida-1884-1945","tipo-de-academico-membros-fundadores"],"acf":[],"yoast_head":"<!-- This site is optimized with the Yoast SEO plugin v26.8 - https:\/\/yoast.com\/product\/yoast-seo-wordpress\/ -->\n<title>Bruno \u00c1lvares da Silva Lobo | Cem Anos de Ci\u00eancia<\/title>\n<meta name=\"robots\" content=\"index, follow, max-snippet:-1, max-image-preview:large, max-video-preview:-1\" \/>\n<link rel=\"canonical\" href=\"https:\/\/exposicoes.abc.org.br\/100anos\/academico\/bruno-alvares-da-silva-lobo\/\" \/>\n<meta property=\"og:locale\" content=\"pt_BR\" \/>\n<meta property=\"og:type\" content=\"article\" \/>\n<meta property=\"og:title\" content=\"Bruno \u00c1lvares da Silva Lobo | Cem Anos de Ci\u00eancia\" \/>\n<meta property=\"og:description\" content=\"Sobre o Cientista Bruno \u00c1lvares da Silva Lobo nasceu em Bel\u00e9m, no estado do Par\u00e1. Formou-se pela Faculdade de Medicina do Rio de Janeiro, em 1906. Desenvolveu pesquisas na \u00e1rea de anatomia e microbiologia. Dois anos ap\u00f3s concluir seus estudos, ingressou como professor substituto na faculdade onde estudou. Em 1914, tornou-se professor extraordin\u00e1rio de anatomia...\" \/>\n<meta property=\"og:url\" content=\"https:\/\/exposicoes.abc.org.br\/100anos\/academico\/bruno-alvares-da-silva-lobo\/\" \/>\n<meta property=\"og:site_name\" content=\"Cem Anos de Ci\u00eancia\" \/>\n<meta property=\"article:modified_time\" content=\"2026-01-26T17:54:41+00:00\" \/>\n<meta property=\"og:image\" content=\"https:\/\/exposicoes.abc.org.br\/100anos\/wp-content\/uploads\/2026\/01\/bruno-hero.png\" \/>\n\t<meta property=\"og:image:width\" content=\"354\" \/>\n\t<meta property=\"og:image:height\" content=\"552\" \/>\n\t<meta property=\"og:image:type\" content=\"image\/png\" \/>\n<meta name=\"twitter:card\" content=\"summary_large_image\" \/>\n<meta name=\"twitter:label1\" content=\"Est. tempo de leitura\" \/>\n\t<meta name=\"twitter:data1\" content=\"2 minutos\" \/>\n<script type=\"application\/ld+json\" class=\"yoast-schema-graph\">{\"@context\":\"https:\/\/schema.org\",\"@graph\":[{\"@type\":\"WebPage\",\"@id\":\"https:\/\/exposicoes.abc.org.br\/100anos\/academico\/bruno-alvares-da-silva-lobo\/\",\"url\":\"https:\/\/exposicoes.abc.org.br\/100anos\/academico\/bruno-alvares-da-silva-lobo\/\",\"name\":\"Bruno \u00c1lvares da Silva Lobo | Cem Anos de Ci\u00eancia\",\"isPartOf\":{\"@id\":\"https:\/\/exposicoes.abc.org.br\/100anos\/#website\"},\"primaryImageOfPage\":{\"@id\":\"https:\/\/exposicoes.abc.org.br\/100anos\/academico\/bruno-alvares-da-silva-lobo\/#primaryimage\"},\"image\":{\"@id\":\"https:\/\/exposicoes.abc.org.br\/100anos\/academico\/bruno-alvares-da-silva-lobo\/#primaryimage\"},\"thumbnailUrl\":\"https:\/\/exposicoes.abc.org.br\/100anos\/wp-content\/uploads\/2026\/01\/bruno-hero.png\",\"datePublished\":\"2026-01-16T19:32:33+00:00\",\"dateModified\":\"2026-01-26T17:54:41+00:00\",\"breadcrumb\":{\"@id\":\"https:\/\/exposicoes.abc.org.br\/100anos\/academico\/bruno-alvares-da-silva-lobo\/#breadcrumb\"},\"inLanguage\":\"pt-BR\",\"potentialAction\":[{\"@type\":\"ReadAction\",\"target\":[\"https:\/\/exposicoes.abc.org.br\/100anos\/academico\/bruno-alvares-da-silva-lobo\/\"]}]},{\"@type\":\"ImageObject\",\"inLanguage\":\"pt-BR\",\"@id\":\"https:\/\/exposicoes.abc.org.br\/100anos\/academico\/bruno-alvares-da-silva-lobo\/#primaryimage\",\"url\":\"https:\/\/exposicoes.abc.org.br\/100anos\/wp-content\/uploads\/2026\/01\/bruno-hero.png\",\"contentUrl\":\"https:\/\/exposicoes.abc.org.br\/100anos\/wp-content\/uploads\/2026\/01\/bruno-hero.png\",\"width\":354,\"height\":552},{\"@type\":\"BreadcrumbList\",\"@id\":\"https:\/\/exposicoes.abc.org.br\/100anos\/academico\/bruno-alvares-da-silva-lobo\/#breadcrumb\",\"itemListElement\":[{\"@type\":\"ListItem\",\"position\":1,\"name\":\"In\u00edcio\",\"item\":\"https:\/\/exposicoes.abc.org.br\/100anos\/\"},{\"@type\":\"ListItem\",\"position\":2,\"name\":\"Bruno \u00c1lvares da Silva Lobo\"}]},{\"@type\":\"WebSite\",\"@id\":\"https:\/\/exposicoes.abc.org.br\/100anos\/#website\",\"url\":\"https:\/\/exposicoes.abc.org.br\/100anos\/\",\"name\":\"Cem Anos de Ci\u00eancia\",\"description\":\"\",\"publisher\":{\"@id\":\"https:\/\/exposicoes.abc.org.br\/100anos\/#organization\"},\"potentialAction\":[{\"@type\":\"SearchAction\",\"target\":{\"@type\":\"EntryPoint\",\"urlTemplate\":\"https:\/\/exposicoes.abc.org.br\/100anos\/?s={search_term_string}\"},\"query-input\":{\"@type\":\"PropertyValueSpecification\",\"valueRequired\":true,\"valueName\":\"search_term_string\"}}],\"inLanguage\":\"pt-BR\"},{\"@type\":\"Organization\",\"@id\":\"https:\/\/exposicoes.abc.org.br\/100anos\/#organization\",\"name\":\"Academia Brasileira de Ci\u00eancias\",\"url\":\"https:\/\/exposicoes.abc.org.br\/100anos\/\",\"logo\":{\"@type\":\"ImageObject\",\"inLanguage\":\"pt-BR\",\"@id\":\"https:\/\/exposicoes.abc.org.br\/100anos\/#\/schema\/logo\/image\/\",\"url\":\"https:\/\/exposicoes.abc.org.br\/100anos\/wp-content\/uploads\/2025\/12\/logo-100-abc.png\",\"contentUrl\":\"https:\/\/exposicoes.abc.org.br\/100anos\/wp-content\/uploads\/2025\/12\/logo-100-abc.png\",\"width\":511,\"height\":116,\"caption\":\"Academia Brasileira de Ci\u00eancias\"},\"image\":{\"@id\":\"https:\/\/exposicoes.abc.org.br\/100anos\/#\/schema\/logo\/image\/\"}}]}<\/script>\n<!-- \/ Yoast SEO plugin. -->","yoast_head_json":{"title":"Bruno \u00c1lvares da Silva Lobo | Cem Anos de Ci\u00eancia","robots":{"index":"index","follow":"follow","max-snippet":"max-snippet:-1","max-image-preview":"max-image-preview:large","max-video-preview":"max-video-preview:-1"},"canonical":"https:\/\/exposicoes.abc.org.br\/100anos\/academico\/bruno-alvares-da-silva-lobo\/","og_locale":"pt_BR","og_type":"article","og_title":"Bruno \u00c1lvares da Silva Lobo | Cem Anos de Ci\u00eancia","og_description":"Sobre o Cientista Bruno \u00c1lvares da Silva Lobo nasceu em Bel\u00e9m, no estado do Par\u00e1. Formou-se pela Faculdade de Medicina do Rio de Janeiro, em 1906. Desenvolveu pesquisas na \u00e1rea de anatomia e microbiologia. Dois anos ap\u00f3s concluir seus estudos, ingressou como professor substituto na faculdade onde estudou. Em 1914, tornou-se professor extraordin\u00e1rio de anatomia...","og_url":"https:\/\/exposicoes.abc.org.br\/100anos\/academico\/bruno-alvares-da-silva-lobo\/","og_site_name":"Cem Anos de Ci\u00eancia","article_modified_time":"2026-01-26T17:54:41+00:00","og_image":[{"width":354,"height":552,"url":"https:\/\/exposicoes.abc.org.br\/100anos\/wp-content\/uploads\/2026\/01\/bruno-hero.png","type":"image\/png"}],"twitter_card":"summary_large_image","twitter_misc":{"Est. tempo de leitura":"2 minutos"},"schema":{"@context":"https:\/\/schema.org","@graph":[{"@type":"WebPage","@id":"https:\/\/exposicoes.abc.org.br\/100anos\/academico\/bruno-alvares-da-silva-lobo\/","url":"https:\/\/exposicoes.abc.org.br\/100anos\/academico\/bruno-alvares-da-silva-lobo\/","name":"Bruno \u00c1lvares da Silva Lobo | Cem Anos de Ci\u00eancia","isPartOf":{"@id":"https:\/\/exposicoes.abc.org.br\/100anos\/#website"},"primaryImageOfPage":{"@id":"https:\/\/exposicoes.abc.org.br\/100anos\/academico\/bruno-alvares-da-silva-lobo\/#primaryimage"},"image":{"@id":"https:\/\/exposicoes.abc.org.br\/100anos\/academico\/bruno-alvares-da-silva-lobo\/#primaryimage"},"thumbnailUrl":"https:\/\/exposicoes.abc.org.br\/100anos\/wp-content\/uploads\/2026\/01\/bruno-hero.png","datePublished":"2026-01-16T19:32:33+00:00","dateModified":"2026-01-26T17:54:41+00:00","breadcrumb":{"@id":"https:\/\/exposicoes.abc.org.br\/100anos\/academico\/bruno-alvares-da-silva-lobo\/#breadcrumb"},"inLanguage":"pt-BR","potentialAction":[{"@type":"ReadAction","target":["https:\/\/exposicoes.abc.org.br\/100anos\/academico\/bruno-alvares-da-silva-lobo\/"]}]},{"@type":"ImageObject","inLanguage":"pt-BR","@id":"https:\/\/exposicoes.abc.org.br\/100anos\/academico\/bruno-alvares-da-silva-lobo\/#primaryimage","url":"https:\/\/exposicoes.abc.org.br\/100anos\/wp-content\/uploads\/2026\/01\/bruno-hero.png","contentUrl":"https:\/\/exposicoes.abc.org.br\/100anos\/wp-content\/uploads\/2026\/01\/bruno-hero.png","width":354,"height":552},{"@type":"BreadcrumbList","@id":"https:\/\/exposicoes.abc.org.br\/100anos\/academico\/bruno-alvares-da-silva-lobo\/#breadcrumb","itemListElement":[{"@type":"ListItem","position":1,"name":"In\u00edcio","item":"https:\/\/exposicoes.abc.org.br\/100anos\/"},{"@type":"ListItem","position":2,"name":"Bruno \u00c1lvares da Silva Lobo"}]},{"@type":"WebSite","@id":"https:\/\/exposicoes.abc.org.br\/100anos\/#website","url":"https:\/\/exposicoes.abc.org.br\/100anos\/","name":"Cem Anos de Ci\u00eancia","description":"","publisher":{"@id":"https:\/\/exposicoes.abc.org.br\/100anos\/#organization"},"potentialAction":[{"@type":"SearchAction","target":{"@type":"EntryPoint","urlTemplate":"https:\/\/exposicoes.abc.org.br\/100anos\/?s={search_term_string}"},"query-input":{"@type":"PropertyValueSpecification","valueRequired":true,"valueName":"search_term_string"}}],"inLanguage":"pt-BR"},{"@type":"Organization","@id":"https:\/\/exposicoes.abc.org.br\/100anos\/#organization","name":"Academia Brasileira de Ci\u00eancias","url":"https:\/\/exposicoes.abc.org.br\/100anos\/","logo":{"@type":"ImageObject","inLanguage":"pt-BR","@id":"https:\/\/exposicoes.abc.org.br\/100anos\/#\/schema\/logo\/image\/","url":"https:\/\/exposicoes.abc.org.br\/100anos\/wp-content\/uploads\/2025\/12\/logo-100-abc.png","contentUrl":"https:\/\/exposicoes.abc.org.br\/100anos\/wp-content\/uploads\/2025\/12\/logo-100-abc.png","width":511,"height":116,"caption":"Academia Brasileira de Ci\u00eancias"},"image":{"@id":"https:\/\/exposicoes.abc.org.br\/100anos\/#\/schema\/logo\/image\/"}}]}},"_links":{"self":[{"href":"https:\/\/exposicoes.abc.org.br\/100anos\/wp-json\/wp\/v2\/academico\/594","targetHints":{"allow":["GET"]}}],"collection":[{"href":"https:\/\/exposicoes.abc.org.br\/100anos\/wp-json\/wp\/v2\/academico"}],"about":[{"href":"https:\/\/exposicoes.abc.org.br\/100anos\/wp-json\/wp\/v2\/types\/academico"}],"version-history":[{"count":1,"href":"https:\/\/exposicoes.abc.org.br\/100anos\/wp-json\/wp\/v2\/academico\/594\/revisions"}],"predecessor-version":[{"id":595,"href":"https:\/\/exposicoes.abc.org.br\/100anos\/wp-json\/wp\/v2\/academico\/594\/revisions\/595"}],"wp:featuredmedia":[{"embeddable":true,"href":"https:\/\/exposicoes.abc.org.br\/100anos\/wp-json\/wp\/v2\/media\/653"}],"wp:attachment":[{"href":"https:\/\/exposicoes.abc.org.br\/100anos\/wp-json\/wp\/v2\/media?parent=594"}],"wp:term":[{"taxonomy":"periodo-de-presidencia","embeddable":true,"href":"https:\/\/exposicoes.abc.org.br\/100anos\/wp-json\/wp\/v2\/periodo-de-presidencia?post=594"},{"taxonomy":"periodo-de-vida","embeddable":true,"href":"https:\/\/exposicoes.abc.org.br\/100anos\/wp-json\/wp\/v2\/periodo-de-vida?post=594"},{"taxonomy":"tipo-de-academico","embeddable":true,"href":"https:\/\/exposicoes.abc.org.br\/100anos\/wp-json\/wp\/v2\/tipo-de-academico?post=594"}],"curies":[{"name":"wp","href":"https:\/\/api.w.org\/{rel}","templated":true}]}}