{"id":580,"date":"2026-01-16T15:06:14","date_gmt":"2026-01-16T18:06:14","guid":{"rendered":"https:\/\/exposicoes.abc.org.br\/100anos\/?post_type=academico&#038;p=580"},"modified":"2026-01-26T14:58:16","modified_gmt":"2026-01-26T17:58:16","slug":"alberto-betim-paes-leme","status":"publish","type":"academico","link":"https:\/\/exposicoes.abc.org.br\/100anos\/academico\/alberto-betim-paes-leme\/","title":{"rendered":"Alberto Betim Paes Leme"},"content":{"rendered":"\n<h2 class=\"wp-block-heading\">Sobre o Cientista<\/h2>\n\n\n\n<p>Alberto Betim Paes Leme nasceu no Rio de Janeiro. Graduou-se em engenharia civil e de minas pela Escola Superior de Minas, em Paris, Fran\u00e7a. Ao retornar ao Brasil, realizou estudos em colabora\u00e7\u00e3o com o ge\u00f3logo norte-americano Orville Derby, respons\u00e1vel pelo Servi\u00e7o Geol\u00f3gico e Mineral\u00f3gico, onde trabalhou de 1907 a 1910. Seu primeiro trabalho publicado dissertava sobre os gnaisses (rochas metam\u00f3rficas) do Rio de Janeiro.<br><br>Ingressou no Museu Nacional em 1911. Entre 1915 e 1918, chefiou a Terceira Se\u00e7\u00e3o, de Mineralogia, Geologia e Paleontologia. Publicou, em 1924, a obra intitulada Evolu\u00e7\u00e3o da Terra e Geologia do Brasil vistas atrav\u00e9s das cole\u00e7\u00f5es do Museu Nacional. Assumiu a dire\u00e7\u00e3o da institui\u00e7\u00e3o em 1935, exercendo o cargo at\u00e9 1938. Ao todo, publicou 33 trabalhos sobre geologia e mineralogia, tese sobre o solo dos cafezais, destacando-se hist\u00f3ria f\u00edsica da terra, que aborda a fisiografia, petrografia, geologia geral e estratigr\u00e1fica e recursos minerais do Brasil &#8211; um estudo minucioso da geologia do pa\u00eds.<br><br>Na Escola Polit\u00e9cnica do Rio de Janeiro, foi professor de mineralogia, de<br>bot\u00e2nica e zoologia industriais e de geografia regional. Tornou-se livre-docente de mineralogia e geologia em 1924. Foi membro da Sociedade Brasileira de Sciencias, atual Academia Brasileira de Ci\u00eancias (ABC), tendo assinado a ata de sua funda\u00e7\u00e3o em 3 de maio de 1916. Integrou a Se\u00e7\u00e3o de Ci\u00eancias F\u00edsico-Qu\u00edmicas. Foi tesoureiro da ABC de 1916 a 1926. Fez parte da Comiss\u00e3o de Estudo do Petr\u00f3leo, em 1938.<br><br>Paes Leme participou do Conselho Nacional de Geografia, da Sociedade Geol\u00f3gica da Fran\u00e7a e foi professor honor\u00e1rio da Universidade de Paris, tendo sido condecorado com a Legi\u00e3o de Honra da Fran\u00e7a em 1932. Foi nomeado, em 1937, professor catedr\u00e1tico de geografia regional da Universidade do Distrito Federal.<\/p>\n\n\n\n<div style=\"height:100px\" aria-hidden=\"true\" class=\"wp-block-spacer\"><\/div>\n","protected":false},"excerpt":{"rendered":"<p>Sobre o Cientista Alberto Betim Paes Leme nasceu no Rio de Janeiro. Graduou-se em engenharia civil e de minas pela Escola Superior de Minas, em Paris, Fran\u00e7a. Ao retornar ao Brasil, realizou estudos em colabora\u00e7\u00e3o com o ge\u00f3logo norte-americano Orville Derby, respons\u00e1vel pelo Servi\u00e7o Geol\u00f3gico e Mineral\u00f3gico, onde trabalhou de 1907 a 1910. Seu primeiro&#8230;<\/p>\n","protected":false},"featured_media":656,"parent":0,"template":"","meta":{"_acf_changed":false,"footnotes":""},"periodo-de-presidencia":[],"periodo-de-vida":[72],"tipo-de-academico":[6],"class_list":["post-580","academico","type-academico","status-publish","has-post-thumbnail","hentry","periodo-de-vida-1883-1938","tipo-de-academico-membros-fundadores"],"acf":[],"yoast_head":"<!-- This site is optimized with the Yoast SEO plugin v26.8 - https:\/\/yoast.com\/product\/yoast-seo-wordpress\/ -->\n<title>Alberto Betim Paes Leme | Cem Anos de Ci\u00eancia<\/title>\n<meta name=\"robots\" content=\"index, follow, max-snippet:-1, max-image-preview:large, max-video-preview:-1\" \/>\n<link rel=\"canonical\" href=\"https:\/\/exposicoes.abc.org.br\/100anos\/academico\/alberto-betim-paes-leme\/\" \/>\n<meta property=\"og:locale\" content=\"pt_BR\" \/>\n<meta property=\"og:type\" content=\"article\" \/>\n<meta property=\"og:title\" content=\"Alberto Betim Paes Leme | Cem Anos de Ci\u00eancia\" \/>\n<meta property=\"og:description\" content=\"Sobre o Cientista Alberto Betim Paes Leme nasceu no Rio de Janeiro. Graduou-se em engenharia civil e de minas pela Escola Superior de Minas, em Paris, Fran\u00e7a. Ao retornar ao Brasil, realizou estudos em colabora\u00e7\u00e3o com o ge\u00f3logo norte-americano Orville Derby, respons\u00e1vel pelo Servi\u00e7o Geol\u00f3gico e Mineral\u00f3gico, onde trabalhou de 1907 a 1910. Seu primeiro...\" \/>\n<meta property=\"og:url\" content=\"https:\/\/exposicoes.abc.org.br\/100anos\/academico\/alberto-betim-paes-leme\/\" \/>\n<meta property=\"og:site_name\" content=\"Cem Anos de Ci\u00eancia\" \/>\n<meta property=\"article:modified_time\" content=\"2026-01-26T17:58:16+00:00\" \/>\n<meta property=\"og:image\" content=\"https:\/\/exposicoes.abc.org.br\/100anos\/wp-content\/uploads\/2026\/01\/leme-hero-1.png\" \/>\n\t<meta property=\"og:image:width\" content=\"354\" \/>\n\t<meta property=\"og:image:height\" content=\"552\" \/>\n\t<meta property=\"og:image:type\" content=\"image\/png\" \/>\n<meta name=\"twitter:card\" content=\"summary_large_image\" \/>\n<meta name=\"twitter:label1\" content=\"Est. tempo de leitura\" \/>\n\t<meta name=\"twitter:data1\" content=\"2 minutos\" \/>\n<script type=\"application\/ld+json\" class=\"yoast-schema-graph\">{\"@context\":\"https:\/\/schema.org\",\"@graph\":[{\"@type\":\"WebPage\",\"@id\":\"https:\/\/exposicoes.abc.org.br\/100anos\/academico\/alberto-betim-paes-leme\/\",\"url\":\"https:\/\/exposicoes.abc.org.br\/100anos\/academico\/alberto-betim-paes-leme\/\",\"name\":\"Alberto Betim Paes Leme | Cem Anos de Ci\u00eancia\",\"isPartOf\":{\"@id\":\"https:\/\/exposicoes.abc.org.br\/100anos\/#website\"},\"primaryImageOfPage\":{\"@id\":\"https:\/\/exposicoes.abc.org.br\/100anos\/academico\/alberto-betim-paes-leme\/#primaryimage\"},\"image\":{\"@id\":\"https:\/\/exposicoes.abc.org.br\/100anos\/academico\/alberto-betim-paes-leme\/#primaryimage\"},\"thumbnailUrl\":\"https:\/\/exposicoes.abc.org.br\/100anos\/wp-content\/uploads\/2026\/01\/leme-hero-1.png\",\"datePublished\":\"2026-01-16T18:06:14+00:00\",\"dateModified\":\"2026-01-26T17:58:16+00:00\",\"breadcrumb\":{\"@id\":\"https:\/\/exposicoes.abc.org.br\/100anos\/academico\/alberto-betim-paes-leme\/#breadcrumb\"},\"inLanguage\":\"pt-BR\",\"potentialAction\":[{\"@type\":\"ReadAction\",\"target\":[\"https:\/\/exposicoes.abc.org.br\/100anos\/academico\/alberto-betim-paes-leme\/\"]}]},{\"@type\":\"ImageObject\",\"inLanguage\":\"pt-BR\",\"@id\":\"https:\/\/exposicoes.abc.org.br\/100anos\/academico\/alberto-betim-paes-leme\/#primaryimage\",\"url\":\"https:\/\/exposicoes.abc.org.br\/100anos\/wp-content\/uploads\/2026\/01\/leme-hero-1.png\",\"contentUrl\":\"https:\/\/exposicoes.abc.org.br\/100anos\/wp-content\/uploads\/2026\/01\/leme-hero-1.png\",\"width\":354,\"height\":552},{\"@type\":\"BreadcrumbList\",\"@id\":\"https:\/\/exposicoes.abc.org.br\/100anos\/academico\/alberto-betim-paes-leme\/#breadcrumb\",\"itemListElement\":[{\"@type\":\"ListItem\",\"position\":1,\"name\":\"In\u00edcio\",\"item\":\"https:\/\/exposicoes.abc.org.br\/100anos\/\"},{\"@type\":\"ListItem\",\"position\":2,\"name\":\"Alberto Betim Paes Leme\"}]},{\"@type\":\"WebSite\",\"@id\":\"https:\/\/exposicoes.abc.org.br\/100anos\/#website\",\"url\":\"https:\/\/exposicoes.abc.org.br\/100anos\/\",\"name\":\"Cem Anos de Ci\u00eancia\",\"description\":\"\",\"publisher\":{\"@id\":\"https:\/\/exposicoes.abc.org.br\/100anos\/#organization\"},\"potentialAction\":[{\"@type\":\"SearchAction\",\"target\":{\"@type\":\"EntryPoint\",\"urlTemplate\":\"https:\/\/exposicoes.abc.org.br\/100anos\/?s={search_term_string}\"},\"query-input\":{\"@type\":\"PropertyValueSpecification\",\"valueRequired\":true,\"valueName\":\"search_term_string\"}}],\"inLanguage\":\"pt-BR\"},{\"@type\":\"Organization\",\"@id\":\"https:\/\/exposicoes.abc.org.br\/100anos\/#organization\",\"name\":\"Academia Brasileira de Ci\u00eancias\",\"url\":\"https:\/\/exposicoes.abc.org.br\/100anos\/\",\"logo\":{\"@type\":\"ImageObject\",\"inLanguage\":\"pt-BR\",\"@id\":\"https:\/\/exposicoes.abc.org.br\/100anos\/#\/schema\/logo\/image\/\",\"url\":\"https:\/\/exposicoes.abc.org.br\/100anos\/wp-content\/uploads\/2025\/12\/logo-100-abc.png\",\"contentUrl\":\"https:\/\/exposicoes.abc.org.br\/100anos\/wp-content\/uploads\/2025\/12\/logo-100-abc.png\",\"width\":511,\"height\":116,\"caption\":\"Academia Brasileira de Ci\u00eancias\"},\"image\":{\"@id\":\"https:\/\/exposicoes.abc.org.br\/100anos\/#\/schema\/logo\/image\/\"}}]}<\/script>\n<!-- \/ Yoast SEO plugin. -->","yoast_head_json":{"title":"Alberto Betim Paes Leme | Cem Anos de Ci\u00eancia","robots":{"index":"index","follow":"follow","max-snippet":"max-snippet:-1","max-image-preview":"max-image-preview:large","max-video-preview":"max-video-preview:-1"},"canonical":"https:\/\/exposicoes.abc.org.br\/100anos\/academico\/alberto-betim-paes-leme\/","og_locale":"pt_BR","og_type":"article","og_title":"Alberto Betim Paes Leme | Cem Anos de Ci\u00eancia","og_description":"Sobre o Cientista Alberto Betim Paes Leme nasceu no Rio de Janeiro. Graduou-se em engenharia civil e de minas pela Escola Superior de Minas, em Paris, Fran\u00e7a. Ao retornar ao Brasil, realizou estudos em colabora\u00e7\u00e3o com o ge\u00f3logo norte-americano Orville Derby, respons\u00e1vel pelo Servi\u00e7o Geol\u00f3gico e Mineral\u00f3gico, onde trabalhou de 1907 a 1910. Seu primeiro...","og_url":"https:\/\/exposicoes.abc.org.br\/100anos\/academico\/alberto-betim-paes-leme\/","og_site_name":"Cem Anos de Ci\u00eancia","article_modified_time":"2026-01-26T17:58:16+00:00","og_image":[{"width":354,"height":552,"url":"https:\/\/exposicoes.abc.org.br\/100anos\/wp-content\/uploads\/2026\/01\/leme-hero-1.png","type":"image\/png"}],"twitter_card":"summary_large_image","twitter_misc":{"Est. tempo de leitura":"2 minutos"},"schema":{"@context":"https:\/\/schema.org","@graph":[{"@type":"WebPage","@id":"https:\/\/exposicoes.abc.org.br\/100anos\/academico\/alberto-betim-paes-leme\/","url":"https:\/\/exposicoes.abc.org.br\/100anos\/academico\/alberto-betim-paes-leme\/","name":"Alberto Betim Paes Leme | Cem Anos de Ci\u00eancia","isPartOf":{"@id":"https:\/\/exposicoes.abc.org.br\/100anos\/#website"},"primaryImageOfPage":{"@id":"https:\/\/exposicoes.abc.org.br\/100anos\/academico\/alberto-betim-paes-leme\/#primaryimage"},"image":{"@id":"https:\/\/exposicoes.abc.org.br\/100anos\/academico\/alberto-betim-paes-leme\/#primaryimage"},"thumbnailUrl":"https:\/\/exposicoes.abc.org.br\/100anos\/wp-content\/uploads\/2026\/01\/leme-hero-1.png","datePublished":"2026-01-16T18:06:14+00:00","dateModified":"2026-01-26T17:58:16+00:00","breadcrumb":{"@id":"https:\/\/exposicoes.abc.org.br\/100anos\/academico\/alberto-betim-paes-leme\/#breadcrumb"},"inLanguage":"pt-BR","potentialAction":[{"@type":"ReadAction","target":["https:\/\/exposicoes.abc.org.br\/100anos\/academico\/alberto-betim-paes-leme\/"]}]},{"@type":"ImageObject","inLanguage":"pt-BR","@id":"https:\/\/exposicoes.abc.org.br\/100anos\/academico\/alberto-betim-paes-leme\/#primaryimage","url":"https:\/\/exposicoes.abc.org.br\/100anos\/wp-content\/uploads\/2026\/01\/leme-hero-1.png","contentUrl":"https:\/\/exposicoes.abc.org.br\/100anos\/wp-content\/uploads\/2026\/01\/leme-hero-1.png","width":354,"height":552},{"@type":"BreadcrumbList","@id":"https:\/\/exposicoes.abc.org.br\/100anos\/academico\/alberto-betim-paes-leme\/#breadcrumb","itemListElement":[{"@type":"ListItem","position":1,"name":"In\u00edcio","item":"https:\/\/exposicoes.abc.org.br\/100anos\/"},{"@type":"ListItem","position":2,"name":"Alberto Betim Paes Leme"}]},{"@type":"WebSite","@id":"https:\/\/exposicoes.abc.org.br\/100anos\/#website","url":"https:\/\/exposicoes.abc.org.br\/100anos\/","name":"Cem Anos de Ci\u00eancia","description":"","publisher":{"@id":"https:\/\/exposicoes.abc.org.br\/100anos\/#organization"},"potentialAction":[{"@type":"SearchAction","target":{"@type":"EntryPoint","urlTemplate":"https:\/\/exposicoes.abc.org.br\/100anos\/?s={search_term_string}"},"query-input":{"@type":"PropertyValueSpecification","valueRequired":true,"valueName":"search_term_string"}}],"inLanguage":"pt-BR"},{"@type":"Organization","@id":"https:\/\/exposicoes.abc.org.br\/100anos\/#organization","name":"Academia Brasileira de Ci\u00eancias","url":"https:\/\/exposicoes.abc.org.br\/100anos\/","logo":{"@type":"ImageObject","inLanguage":"pt-BR","@id":"https:\/\/exposicoes.abc.org.br\/100anos\/#\/schema\/logo\/image\/","url":"https:\/\/exposicoes.abc.org.br\/100anos\/wp-content\/uploads\/2025\/12\/logo-100-abc.png","contentUrl":"https:\/\/exposicoes.abc.org.br\/100anos\/wp-content\/uploads\/2025\/12\/logo-100-abc.png","width":511,"height":116,"caption":"Academia Brasileira de Ci\u00eancias"},"image":{"@id":"https:\/\/exposicoes.abc.org.br\/100anos\/#\/schema\/logo\/image\/"}}]}},"_links":{"self":[{"href":"https:\/\/exposicoes.abc.org.br\/100anos\/wp-json\/wp\/v2\/academico\/580","targetHints":{"allow":["GET"]}}],"collection":[{"href":"https:\/\/exposicoes.abc.org.br\/100anos\/wp-json\/wp\/v2\/academico"}],"about":[{"href":"https:\/\/exposicoes.abc.org.br\/100anos\/wp-json\/wp\/v2\/types\/academico"}],"version-history":[{"count":1,"href":"https:\/\/exposicoes.abc.org.br\/100anos\/wp-json\/wp\/v2\/academico\/580\/revisions"}],"predecessor-version":[{"id":582,"href":"https:\/\/exposicoes.abc.org.br\/100anos\/wp-json\/wp\/v2\/academico\/580\/revisions\/582"}],"wp:featuredmedia":[{"embeddable":true,"href":"https:\/\/exposicoes.abc.org.br\/100anos\/wp-json\/wp\/v2\/media\/656"}],"wp:attachment":[{"href":"https:\/\/exposicoes.abc.org.br\/100anos\/wp-json\/wp\/v2\/media?parent=580"}],"wp:term":[{"taxonomy":"periodo-de-presidencia","embeddable":true,"href":"https:\/\/exposicoes.abc.org.br\/100anos\/wp-json\/wp\/v2\/periodo-de-presidencia?post=580"},{"taxonomy":"periodo-de-vida","embeddable":true,"href":"https:\/\/exposicoes.abc.org.br\/100anos\/wp-json\/wp\/v2\/periodo-de-vida?post=580"},{"taxonomy":"tipo-de-academico","embeddable":true,"href":"https:\/\/exposicoes.abc.org.br\/100anos\/wp-json\/wp\/v2\/tipo-de-academico?post=580"}],"curies":[{"name":"wp","href":"https:\/\/api.w.org\/{rel}","templated":true}]}}