{"id":566,"date":"2026-01-16T11:17:22","date_gmt":"2026-01-16T14:17:22","guid":{"rendered":"https:\/\/exposicoes.abc.org.br\/100anos\/?post_type=academico&#038;p=566"},"modified":"2026-01-16T11:17:22","modified_gmt":"2026-01-16T14:17:22","slug":"mario-schenberg","status":"publish","type":"academico","link":"https:\/\/exposicoes.abc.org.br\/100anos\/academico\/mario-schenberg\/","title":{"rendered":"Mario Schenberg"},"content":{"rendered":"\n<div class=\"wp-block-columns is-layout-flex wp-container-core-columns-is-layout-9d6595d7 wp-block-columns-is-layout-flex\">\n<div class=\"wp-block-column is-layout-flow wp-block-column-is-layout-flow\">\n<h2 class=\"wp-block-heading\">Sobre o Cientista<\/h2>\n\n\n\n<p>Nasceu no Recife e iniciou seus estudos na Escola de Engenharia de Pernambuco, transferindo-se, depois, para a Escola Polit\u00e9cnica de S\u00e3o Paulo, onde se diplomou engenheiro eletricista. Bacharelou-se em matem\u00e1tica na primeira turma da Faculdade de Filosofia, Ci\u00eancias e Letras da Universidade de S\u00e3o Paulo (USP), da qual viria se tornar, mais tarde, professor. Nos anos 1940, desenvolveu nos Estados Unidos trabalhos em astrof\u00edsica, ao lado de George Gamow, e com o f\u00edsico prop\u00f4s uma teoria, de grande repercuss\u00e3o, sobre o mecanismo de explos\u00e3o das supernovas. Ingressou na ABC em 1942. Elegeu-se deputado em S\u00e3o Paulo pelo Partido Comunista em 1945. Entre 1953 e 1961, dirigiu o Departamento de F\u00edsica da Faculdade de Filosofia da USP. Com o golpe militar de 1964, foi preso e teve seus direitos pol\u00edticos cassados pelo AI-5. Nesse per\u00edodo, foi aposentado compulsoriamente da USP e afastado do Centro Brasileiro de Pesquisas F\u00edsicas, ao qual tinha se vinculado em 1967. Anistiado em 1979, reintegrou-se \u00e0 universidade paulista, na qual se aposentou em 1983, ao completar 70 anos.\u00a0<\/p>\n<\/div>\n\n\n\n<div class=\"wp-block-column is-layout-flow wp-block-column-is-layout-flow\">\n<figure class=\"wp-block-image size-full\"><img loading=\"lazy\" decoding=\"async\" width=\"542\" height=\"648\" src=\"https:\/\/exposicoes.abc.org.br\/100anos\/wp-content\/uploads\/2026\/01\/mario-01-1.png\" alt=\"\" class=\"wp-image-568\" srcset=\"https:\/\/exposicoes.abc.org.br\/100anos\/wp-content\/uploads\/2026\/01\/mario-01-1.png 542w, https:\/\/exposicoes.abc.org.br\/100anos\/wp-content\/uploads\/2026\/01\/mario-01-1-251x300.png 251w\" sizes=\"auto, (max-width: 542px) 100vw, 542px\" \/><figcaption class=\"wp-element-caption\">schenberg em sala de aula. acervo hist\u00f3rico do instituto de f\u00edsica \/ geraldo nunes<br><br>mauricio matos peixoto e mario schenberg na d\u00e9cada de 1980. &#8211; acervo abc<\/figcaption><\/figure>\n<\/div>\n<\/div>\n\n\n\n<div style=\"height:100px\" aria-hidden=\"true\" class=\"wp-block-spacer\"><\/div>\n\n\n\n<hr class=\"wp-block-separator has-alpha-channel-opacity\"\/>\n\n\n\n<div style=\"height:100px\" aria-hidden=\"true\" class=\"wp-block-spacer\"><\/div>\n\n\n\n<h2 class=\"wp-block-heading\">Da Urca para as estrelas<\/h2>\n\n\n\n<p>O mecanismo de colapso das estrelas gigantes, conhecido como supernova, era o objeto de estudo do f\u00edsico russo, naturalizado norte-americano, George Gamow, quando Mario Schenberg foi trabalhar em Washington, Estados Unidos, no in\u00edcio da d\u00e9cada de 1940.\u00a0<br><br>Na \u00e9poca, n\u00e3o havia explica\u00e7\u00e3o para a viol\u00eancia das supernovas. Do f\u00edsico brasileiro veio a proposta que elucidou o problema: os neutrinos presentes no interior do \u00e1tomo eram os respons\u00e1veis pelo colapso das estrelas. Segundo ele, a emiss\u00e3o dessas part\u00edculas esfriaria rapidamente o centro dos corpos estelares e diminuiria a press\u00e3o interna; assim, o n\u00facleo n\u00e3o suportaria o peso das camadas externas e explodiria, com amplia\u00e7\u00e3o significativa de seu tamanho \u2013 da\u00ed a forte luminosidade das supernovas.<br><br>A proposta de Schenberg abriu nova perspectiva para o entendimento das supernovas. O mecanismo foi batizado pelos cientistas de Processo Urca \u2013 em refer\u00eancia \u00e0 rapidez com que a energia desaparecia do centro das estrelas em colapso, similar \u00e0 velocidade com que se perdia dinheiro no Cassino da Urca, visitado pelos dois f\u00edsicos no Rio de Janeiro.<br><br>Ainda nos Estados Unidos, o pesquisador passou alguns meses na Universidade de Princeton, onde p\u00f4de conviver com o f\u00edsico Albert Einstein e trabalhar com o indiano Subramanyan Chandrasekhar, vencedor do Pr\u00eamio Nobel em 1983. Nesse contexto, Schenberg aproximou-se dos estudos sobre filosofia oriental e aprofundou o interesse pela arte. A partir de ent\u00e3o, passou a atuar como cr\u00edtico das artes pl\u00e1sticas; em 1944, organizou a primeira exposi\u00e7\u00e3o de Alfredo Volpi, um dos mais importantes artistas da segunda gera\u00e7\u00e3o do modernismo.\u00a0<\/p>\n\n\n\n<div style=\"height:100px\" aria-hidden=\"true\" class=\"wp-block-spacer\"><\/div>\n\n\n\n<div class=\"wp-block-columns box is-layout-flex wp-container-core-columns-is-layout-9d6595d7 wp-block-columns-is-layout-flex\">\n<div class=\"wp-block-column is-layout-flow wp-block-column-is-layout-flow\">\n<h2 class=\"wp-block-heading\">Na ci\u00eancia e na arte<\/h2>\n\n\n\n<p>Como cr\u00edtico de arte, as principais contribui\u00e7\u00f5es de Mario Schenberg foram no campo das artes pl\u00e1sticas. Sua forte atua\u00e7\u00e3o e vasta produ\u00e7\u00e3o na \u00e1rea, entre os anos 1940 e 1980, direcionavam-se a impulsionar um movimento de renova\u00e7\u00e3o do cen\u00e1rio art\u00edstico nacional. Mas circulava tamb\u00e9m por outros segmentos da arte, como na m\u00fasica, por exemplo. Por sugest\u00e3o e insist\u00eancia de Schenberg, o cantor Gilberto Gil comp\u00f4s a m\u00fasica Ora\u00e7\u00e3o pela liberta\u00e7\u00e3o da \u00c1frica do Sul, gravada em 1985 e dedicada ao f\u00edsico. Teve ainda uma produ\u00e7\u00e3o fotogr\u00e1fica, realizada principalmente em preto e branco, voltada ao registro da natureza e do cotidiano.<\/p>\n<\/div>\n<\/div>\n","protected":false},"excerpt":{"rendered":"<p>Sobre o Cientista Nasceu no Recife e iniciou seus estudos na Escola de Engenharia de Pernambuco, transferindo-se, depois, para a Escola Polit\u00e9cnica de S\u00e3o Paulo, onde se diplomou engenheiro eletricista. Bacharelou-se em matem\u00e1tica na primeira turma da Faculdade de Filosofia, Ci\u00eancias e Letras da Universidade de S\u00e3o Paulo (USP), da qual viria se tornar, mais&#8230;<\/p>\n","protected":false},"featured_media":567,"parent":0,"template":"","meta":{"_acf_changed":false,"footnotes":""},"periodo-de-presidencia":[],"periodo-de-vida":[70],"tipo-de-academico":[4],"class_list":["post-566","academico","type-academico","status-publish","has-post-thumbnail","hentry","periodo-de-vida-1914-1990","tipo-de-academico-cientistas-de-destaque"],"acf":[],"yoast_head":"<!-- This site is optimized with the Yoast SEO plugin v26.8 - https:\/\/yoast.com\/product\/yoast-seo-wordpress\/ -->\n<title>Mario Schenberg | Cem Anos de Ci\u00eancia<\/title>\n<meta name=\"robots\" content=\"index, follow, max-snippet:-1, max-image-preview:large, max-video-preview:-1\" \/>\n<link rel=\"canonical\" href=\"https:\/\/exposicoes.abc.org.br\/100anos\/academico\/mario-schenberg\/\" \/>\n<meta property=\"og:locale\" content=\"pt_BR\" \/>\n<meta property=\"og:type\" content=\"article\" \/>\n<meta property=\"og:title\" content=\"Mario Schenberg | Cem Anos de Ci\u00eancia\" \/>\n<meta property=\"og:description\" content=\"Sobre o Cientista Nasceu no Recife e iniciou seus estudos na Escola de Engenharia de Pernambuco, transferindo-se, depois, para a Escola Polit\u00e9cnica de S\u00e3o Paulo, onde se diplomou engenheiro eletricista. Bacharelou-se em matem\u00e1tica na primeira turma da Faculdade de Filosofia, Ci\u00eancias e Letras da Universidade de S\u00e3o Paulo (USP), da qual viria se tornar, mais...\" \/>\n<meta property=\"og:url\" content=\"https:\/\/exposicoes.abc.org.br\/100anos\/academico\/mario-schenberg\/\" \/>\n<meta property=\"og:site_name\" content=\"Cem Anos de Ci\u00eancia\" \/>\n<meta property=\"og:image\" content=\"https:\/\/exposicoes.abc.org.br\/100anos\/wp-content\/uploads\/2026\/01\/mario-hero-1.png\" \/>\n\t<meta property=\"og:image:width\" content=\"354\" \/>\n\t<meta property=\"og:image:height\" content=\"552\" \/>\n\t<meta property=\"og:image:type\" content=\"image\/png\" \/>\n<meta name=\"twitter:card\" content=\"summary_large_image\" \/>\n<meta name=\"twitter:label1\" content=\"Est. tempo de leitura\" \/>\n\t<meta name=\"twitter:data1\" content=\"3 minutos\" \/>\n<script type=\"application\/ld+json\" class=\"yoast-schema-graph\">{\"@context\":\"https:\/\/schema.org\",\"@graph\":[{\"@type\":\"WebPage\",\"@id\":\"https:\/\/exposicoes.abc.org.br\/100anos\/academico\/mario-schenberg\/\",\"url\":\"https:\/\/exposicoes.abc.org.br\/100anos\/academico\/mario-schenberg\/\",\"name\":\"Mario Schenberg | Cem Anos de Ci\u00eancia\",\"isPartOf\":{\"@id\":\"https:\/\/exposicoes.abc.org.br\/100anos\/#website\"},\"primaryImageOfPage\":{\"@id\":\"https:\/\/exposicoes.abc.org.br\/100anos\/academico\/mario-schenberg\/#primaryimage\"},\"image\":{\"@id\":\"https:\/\/exposicoes.abc.org.br\/100anos\/academico\/mario-schenberg\/#primaryimage\"},\"thumbnailUrl\":\"https:\/\/exposicoes.abc.org.br\/100anos\/wp-content\/uploads\/2026\/01\/mario-hero-1.png\",\"datePublished\":\"2026-01-16T14:17:22+00:00\",\"breadcrumb\":{\"@id\":\"https:\/\/exposicoes.abc.org.br\/100anos\/academico\/mario-schenberg\/#breadcrumb\"},\"inLanguage\":\"pt-BR\",\"potentialAction\":[{\"@type\":\"ReadAction\",\"target\":[\"https:\/\/exposicoes.abc.org.br\/100anos\/academico\/mario-schenberg\/\"]}]},{\"@type\":\"ImageObject\",\"inLanguage\":\"pt-BR\",\"@id\":\"https:\/\/exposicoes.abc.org.br\/100anos\/academico\/mario-schenberg\/#primaryimage\",\"url\":\"https:\/\/exposicoes.abc.org.br\/100anos\/wp-content\/uploads\/2026\/01\/mario-hero-1.png\",\"contentUrl\":\"https:\/\/exposicoes.abc.org.br\/100anos\/wp-content\/uploads\/2026\/01\/mario-hero-1.png\",\"width\":354,\"height\":552},{\"@type\":\"BreadcrumbList\",\"@id\":\"https:\/\/exposicoes.abc.org.br\/100anos\/academico\/mario-schenberg\/#breadcrumb\",\"itemListElement\":[{\"@type\":\"ListItem\",\"position\":1,\"name\":\"In\u00edcio\",\"item\":\"https:\/\/exposicoes.abc.org.br\/100anos\/\"},{\"@type\":\"ListItem\",\"position\":2,\"name\":\"Mario Schenberg\"}]},{\"@type\":\"WebSite\",\"@id\":\"https:\/\/exposicoes.abc.org.br\/100anos\/#website\",\"url\":\"https:\/\/exposicoes.abc.org.br\/100anos\/\",\"name\":\"Cem Anos de Ci\u00eancia\",\"description\":\"\",\"publisher\":{\"@id\":\"https:\/\/exposicoes.abc.org.br\/100anos\/#organization\"},\"potentialAction\":[{\"@type\":\"SearchAction\",\"target\":{\"@type\":\"EntryPoint\",\"urlTemplate\":\"https:\/\/exposicoes.abc.org.br\/100anos\/?s={search_term_string}\"},\"query-input\":{\"@type\":\"PropertyValueSpecification\",\"valueRequired\":true,\"valueName\":\"search_term_string\"}}],\"inLanguage\":\"pt-BR\"},{\"@type\":\"Organization\",\"@id\":\"https:\/\/exposicoes.abc.org.br\/100anos\/#organization\",\"name\":\"Academia Brasileira de Ci\u00eancias\",\"url\":\"https:\/\/exposicoes.abc.org.br\/100anos\/\",\"logo\":{\"@type\":\"ImageObject\",\"inLanguage\":\"pt-BR\",\"@id\":\"https:\/\/exposicoes.abc.org.br\/100anos\/#\/schema\/logo\/image\/\",\"url\":\"https:\/\/exposicoes.abc.org.br\/100anos\/wp-content\/uploads\/2025\/12\/logo-100-abc.png\",\"contentUrl\":\"https:\/\/exposicoes.abc.org.br\/100anos\/wp-content\/uploads\/2025\/12\/logo-100-abc.png\",\"width\":511,\"height\":116,\"caption\":\"Academia Brasileira de Ci\u00eancias\"},\"image\":{\"@id\":\"https:\/\/exposicoes.abc.org.br\/100anos\/#\/schema\/logo\/image\/\"}}]}<\/script>\n<!-- \/ Yoast SEO plugin. -->","yoast_head_json":{"title":"Mario Schenberg | Cem Anos de Ci\u00eancia","robots":{"index":"index","follow":"follow","max-snippet":"max-snippet:-1","max-image-preview":"max-image-preview:large","max-video-preview":"max-video-preview:-1"},"canonical":"https:\/\/exposicoes.abc.org.br\/100anos\/academico\/mario-schenberg\/","og_locale":"pt_BR","og_type":"article","og_title":"Mario Schenberg | Cem Anos de Ci\u00eancia","og_description":"Sobre o Cientista Nasceu no Recife e iniciou seus estudos na Escola de Engenharia de Pernambuco, transferindo-se, depois, para a Escola Polit\u00e9cnica de S\u00e3o Paulo, onde se diplomou engenheiro eletricista. Bacharelou-se em matem\u00e1tica na primeira turma da Faculdade de Filosofia, Ci\u00eancias e Letras da Universidade de S\u00e3o Paulo (USP), da qual viria se tornar, mais...","og_url":"https:\/\/exposicoes.abc.org.br\/100anos\/academico\/mario-schenberg\/","og_site_name":"Cem Anos de Ci\u00eancia","og_image":[{"width":354,"height":552,"url":"https:\/\/exposicoes.abc.org.br\/100anos\/wp-content\/uploads\/2026\/01\/mario-hero-1.png","type":"image\/png"}],"twitter_card":"summary_large_image","twitter_misc":{"Est. tempo de leitura":"3 minutos"},"schema":{"@context":"https:\/\/schema.org","@graph":[{"@type":"WebPage","@id":"https:\/\/exposicoes.abc.org.br\/100anos\/academico\/mario-schenberg\/","url":"https:\/\/exposicoes.abc.org.br\/100anos\/academico\/mario-schenberg\/","name":"Mario Schenberg | Cem Anos de Ci\u00eancia","isPartOf":{"@id":"https:\/\/exposicoes.abc.org.br\/100anos\/#website"},"primaryImageOfPage":{"@id":"https:\/\/exposicoes.abc.org.br\/100anos\/academico\/mario-schenberg\/#primaryimage"},"image":{"@id":"https:\/\/exposicoes.abc.org.br\/100anos\/academico\/mario-schenberg\/#primaryimage"},"thumbnailUrl":"https:\/\/exposicoes.abc.org.br\/100anos\/wp-content\/uploads\/2026\/01\/mario-hero-1.png","datePublished":"2026-01-16T14:17:22+00:00","breadcrumb":{"@id":"https:\/\/exposicoes.abc.org.br\/100anos\/academico\/mario-schenberg\/#breadcrumb"},"inLanguage":"pt-BR","potentialAction":[{"@type":"ReadAction","target":["https:\/\/exposicoes.abc.org.br\/100anos\/academico\/mario-schenberg\/"]}]},{"@type":"ImageObject","inLanguage":"pt-BR","@id":"https:\/\/exposicoes.abc.org.br\/100anos\/academico\/mario-schenberg\/#primaryimage","url":"https:\/\/exposicoes.abc.org.br\/100anos\/wp-content\/uploads\/2026\/01\/mario-hero-1.png","contentUrl":"https:\/\/exposicoes.abc.org.br\/100anos\/wp-content\/uploads\/2026\/01\/mario-hero-1.png","width":354,"height":552},{"@type":"BreadcrumbList","@id":"https:\/\/exposicoes.abc.org.br\/100anos\/academico\/mario-schenberg\/#breadcrumb","itemListElement":[{"@type":"ListItem","position":1,"name":"In\u00edcio","item":"https:\/\/exposicoes.abc.org.br\/100anos\/"},{"@type":"ListItem","position":2,"name":"Mario Schenberg"}]},{"@type":"WebSite","@id":"https:\/\/exposicoes.abc.org.br\/100anos\/#website","url":"https:\/\/exposicoes.abc.org.br\/100anos\/","name":"Cem Anos de Ci\u00eancia","description":"","publisher":{"@id":"https:\/\/exposicoes.abc.org.br\/100anos\/#organization"},"potentialAction":[{"@type":"SearchAction","target":{"@type":"EntryPoint","urlTemplate":"https:\/\/exposicoes.abc.org.br\/100anos\/?s={search_term_string}"},"query-input":{"@type":"PropertyValueSpecification","valueRequired":true,"valueName":"search_term_string"}}],"inLanguage":"pt-BR"},{"@type":"Organization","@id":"https:\/\/exposicoes.abc.org.br\/100anos\/#organization","name":"Academia Brasileira de Ci\u00eancias","url":"https:\/\/exposicoes.abc.org.br\/100anos\/","logo":{"@type":"ImageObject","inLanguage":"pt-BR","@id":"https:\/\/exposicoes.abc.org.br\/100anos\/#\/schema\/logo\/image\/","url":"https:\/\/exposicoes.abc.org.br\/100anos\/wp-content\/uploads\/2025\/12\/logo-100-abc.png","contentUrl":"https:\/\/exposicoes.abc.org.br\/100anos\/wp-content\/uploads\/2025\/12\/logo-100-abc.png","width":511,"height":116,"caption":"Academia Brasileira de Ci\u00eancias"},"image":{"@id":"https:\/\/exposicoes.abc.org.br\/100anos\/#\/schema\/logo\/image\/"}}]}},"_links":{"self":[{"href":"https:\/\/exposicoes.abc.org.br\/100anos\/wp-json\/wp\/v2\/academico\/566","targetHints":{"allow":["GET"]}}],"collection":[{"href":"https:\/\/exposicoes.abc.org.br\/100anos\/wp-json\/wp\/v2\/academico"}],"about":[{"href":"https:\/\/exposicoes.abc.org.br\/100anos\/wp-json\/wp\/v2\/types\/academico"}],"version-history":[{"count":1,"href":"https:\/\/exposicoes.abc.org.br\/100anos\/wp-json\/wp\/v2\/academico\/566\/revisions"}],"predecessor-version":[{"id":569,"href":"https:\/\/exposicoes.abc.org.br\/100anos\/wp-json\/wp\/v2\/academico\/566\/revisions\/569"}],"wp:featuredmedia":[{"embeddable":true,"href":"https:\/\/exposicoes.abc.org.br\/100anos\/wp-json\/wp\/v2\/media\/567"}],"wp:attachment":[{"href":"https:\/\/exposicoes.abc.org.br\/100anos\/wp-json\/wp\/v2\/media?parent=566"}],"wp:term":[{"taxonomy":"periodo-de-presidencia","embeddable":true,"href":"https:\/\/exposicoes.abc.org.br\/100anos\/wp-json\/wp\/v2\/periodo-de-presidencia?post=566"},{"taxonomy":"periodo-de-vida","embeddable":true,"href":"https:\/\/exposicoes.abc.org.br\/100anos\/wp-json\/wp\/v2\/periodo-de-vida?post=566"},{"taxonomy":"tipo-de-academico","embeddable":true,"href":"https:\/\/exposicoes.abc.org.br\/100anos\/wp-json\/wp\/v2\/tipo-de-academico?post=566"}],"curies":[{"name":"wp","href":"https:\/\/api.w.org\/{rel}","templated":true}]}}