{"id":562,"date":"2026-01-16T11:13:35","date_gmt":"2026-01-16T14:13:35","guid":{"rendered":"https:\/\/exposicoes.abc.org.br\/100anos\/?post_type=academico&#038;p=562"},"modified":"2026-01-16T11:13:35","modified_gmt":"2026-01-16T14:13:35","slug":"marcos-luiz-dos-mares-guia","status":"publish","type":"academico","link":"https:\/\/exposicoes.abc.org.br\/100anos\/academico\/marcos-luiz-dos-mares-guia\/","title":{"rendered":"Marcos Luiz dos Mares Guia\u00a0"},"content":{"rendered":"\n<div class=\"wp-block-columns is-layout-flex wp-container-core-columns-is-layout-9d6595d7 wp-block-columns-is-layout-flex\">\n<div class=\"wp-block-column is-layout-flow wp-block-column-is-layout-flow\">\n<h2 class=\"wp-block-heading\">Sobre o Cientista<\/h2>\n\n\n\n<p>Mineiro de Santa B\u00e1rbara, cursou medicina na Universidade de Minas Gerais. Doutorou-se pela Universidade de Louisiana, nos Estados Unidos, com tese sobre cin\u00e9tica de enzimas, e fez o p\u00f3s-doutorado no Centro do C\u00e2ncer Anderson, na Universidade do Texas. Como professor e pesquisador da Universidade Federal de Minas Gerais, desenvolveu estudos que serviram de base para a cria\u00e7\u00e3o da primeira empresa capaz de fabricar enzimas no Brasil, a Biobr\u00e1s, que se tornou a maior produtora de insulina sint\u00e9tica da Am\u00e9rica Latina. Foi um dos idealizadores da Funda\u00e7\u00e3o de Amparo \u00e0 Pesquisa do Estado de Minas Gerais (Fapemig), fundada em 1986, e presidiu o CNPq entre 1991 e 1993. Ingressou na ABC em 1970. Recebeu distin\u00e7\u00f5es importantes, como o t\u00edtulo de Comendador da Ordem Nacional do M\u00e9rito Cient\u00edfico, em 1995, e a Gr\u00e3-Cruz da Ordem Nacional do M\u00e9rito Cient\u00edfico, em 2000. Em 2008, a Fapemig instituiu o Pr\u00eamio de Pesquisa B\u00e1sica Marcos Luiz dos Mares Guia, concedido anualmente a institui\u00e7\u00f5es\/empresas e pesquisadores por sua colabora\u00e7\u00e3o com o avan\u00e7o do conhecimento da ci\u00eancia.<\/p>\n<\/div>\n\n\n\n<div class=\"wp-block-column is-layout-flow wp-block-column-is-layout-flow\">\n<figure class=\"wp-block-image size-full\"><img loading=\"lazy\" decoding=\"async\" width=\"546\" height=\"595\" src=\"https:\/\/exposicoes.abc.org.br\/100anos\/wp-content\/uploads\/2026\/01\/marcos-01.png\" alt=\"\" class=\"wp-image-564\" srcset=\"https:\/\/exposicoes.abc.org.br\/100anos\/wp-content\/uploads\/2026\/01\/marcos-01.png 546w, https:\/\/exposicoes.abc.org.br\/100anos\/wp-content\/uploads\/2026\/01\/marcos-01-275x300.png 275w\" sizes=\"auto, (max-width: 546px) 100vw, 546px\" \/><figcaption class=\"wp-element-caption\">antes da produ\u00e7\u00e3o da insulina humana recombinante, a insulina usada no tratamento de diab\u00e9ticos era extra\u00edda do p\u00e2ncreas de bois e porcos. &#8211; wikimedia commons\/ myriams<\/figcaption><\/figure>\n<\/div>\n<\/div>\n\n\n\n<div style=\"height:100px\" aria-hidden=\"true\" class=\"wp-block-spacer\"><\/div>\n\n\n\n<hr class=\"wp-block-separator has-alpha-channel-opacity\"\/>\n\n\n\n<div style=\"height:100px\" aria-hidden=\"true\" class=\"wp-block-spacer\"><\/div>\n\n\n\n<h2 class=\"wp-block-heading\">Inova\u00e7\u00e3o em biotecnologia<\/h2>\n\n\n\n<p>Doen\u00e7a cr\u00f4nica que acomete mais de 420 milh\u00f5es de pessoas no mundo, o diabetes decorre da n\u00e3o produ\u00e7\u00e3o ou da produ\u00e7\u00e3o insuficiente do horm\u00f4nio insulina pelo p\u00e2ncreas, ou ainda da sua utiliza\u00e7\u00e3o prec\u00e1ria no organismo. Em parte dos casos, o paciente depende do uso de insulina sint\u00e9tica para que seu organismo funcione bem.<br><br>As contribui\u00e7\u00f5es de Mares Guia foram fundamentais para a produ\u00e7\u00e3o de insulina no Brasil. A partir dos estudos iniciados nos Estados Unidos sobre as rea\u00e7\u00f5es qu\u00edmicas catalisadas por enzimas humanas, o pesquisador coordenou, no fim dos anos 1960, com o bioqu\u00edmico Carlos Ribeiro Diniz, a implanta\u00e7\u00e3o de um laborat\u00f3rio de alta tecnologia para a fabrica\u00e7\u00e3o de enzimas. A iniciativa serviu de base para a cria\u00e7\u00e3o, em 1976, da primeira empresa do ramo no Brasil, a Biobr\u00e1s.<br><br>Quatro anos ap\u00f3s a sua cria\u00e7\u00e3o, a empresa come\u00e7ou a produzir insulina. Em pouco tempo, passou a desenvolver insulinas altamente purificadas, menos imunog\u00eanicas, inclusive a formula\u00e7\u00e3o da insulina injet\u00e1vel, ou seja, o medicamento pronto para uso.<br>No in\u00edcio da d\u00e9cada de 1990, em colabora\u00e7\u00e3o com pesquisadores da Universidade Federal de Minas Gerais, da Universidade de Bras\u00edlia e da Biobr\u00e1s, entre outras institui\u00e7\u00f5es, deu in\u00edcio a um projeto de produ\u00e7\u00e3o de insulina humana recombinante, primeiro produto biotecnol\u00f3gico a ser comercializado no mundo.\u00a0<br><br>At\u00e9 ent\u00e3o, a insulina utilizada por diab\u00e9ticos era extra\u00edda do p\u00e2ncreas de bois e porcos e, em alguns casos, acarretava rea\u00e7\u00f5es al\u00e9rgicas nos pacientes ou era simplesmente ineficaz. Obtida atrav\u00e9s da bact\u00e9ria Escherichia coli, comum na flora intestinal humana, a insulina recombinante surgiu, portanto, como op\u00e7\u00e3o aos pacientes que n\u00e3o respondiam bem \u00e0 de origem bovina ou su\u00edna. Somente quatro empresas no mundo, incluindo a Biobr\u00e1s, t\u00eam tecnologia de produ\u00e7\u00e3o industrial desse tipo de insulina.<\/p>\n\n\n\n<div style=\"height:100px\" aria-hidden=\"true\" class=\"wp-block-spacer\"><\/div>\n","protected":false},"excerpt":{"rendered":"<p>Sobre o Cientista Mineiro de Santa B\u00e1rbara, cursou medicina na Universidade de Minas Gerais. Doutorou-se pela Universidade de Louisiana, nos Estados Unidos, com tese sobre cin\u00e9tica de enzimas, e fez o p\u00f3s-doutorado no Centro do C\u00e2ncer Anderson, na Universidade do Texas. Como professor e pesquisador da Universidade Federal de Minas Gerais, desenvolveu estudos que serviram&#8230;<\/p>\n","protected":false},"featured_media":563,"parent":0,"template":"","meta":{"_acf_changed":false,"footnotes":""},"periodo-de-presidencia":[],"periodo-de-vida":[69],"tipo-de-academico":[4],"class_list":["post-562","academico","type-academico","status-publish","has-post-thumbnail","hentry","periodo-de-vida-1935-2002","tipo-de-academico-cientistas-de-destaque"],"acf":[],"yoast_head":"<!-- This site is optimized with the Yoast SEO plugin v26.8 - https:\/\/yoast.com\/product\/yoast-seo-wordpress\/ -->\n<title>Marcos Luiz dos Mares Guia\u00a0 | Cem Anos de Ci\u00eancia<\/title>\n<meta name=\"robots\" content=\"index, follow, max-snippet:-1, max-image-preview:large, max-video-preview:-1\" \/>\n<link rel=\"canonical\" href=\"https:\/\/exposicoes.abc.org.br\/100anos\/academico\/marcos-luiz-dos-mares-guia\/\" \/>\n<meta property=\"og:locale\" content=\"pt_BR\" \/>\n<meta property=\"og:type\" content=\"article\" \/>\n<meta property=\"og:title\" content=\"Marcos Luiz dos Mares Guia\u00a0 | Cem Anos de Ci\u00eancia\" \/>\n<meta property=\"og:description\" content=\"Sobre o Cientista Mineiro de Santa B\u00e1rbara, cursou medicina na Universidade de Minas Gerais. Doutorou-se pela Universidade de Louisiana, nos Estados Unidos, com tese sobre cin\u00e9tica de enzimas, e fez o p\u00f3s-doutorado no Centro do C\u00e2ncer Anderson, na Universidade do Texas. Como professor e pesquisador da Universidade Federal de Minas Gerais, desenvolveu estudos que serviram...\" \/>\n<meta property=\"og:url\" content=\"https:\/\/exposicoes.abc.org.br\/100anos\/academico\/marcos-luiz-dos-mares-guia\/\" \/>\n<meta property=\"og:site_name\" content=\"Cem Anos de Ci\u00eancia\" \/>\n<meta property=\"og:image\" content=\"https:\/\/exposicoes.abc.org.br\/100anos\/wp-content\/uploads\/2026\/01\/marcos-hero.png\" \/>\n\t<meta property=\"og:image:width\" content=\"354\" \/>\n\t<meta property=\"og:image:height\" content=\"552\" \/>\n\t<meta property=\"og:image:type\" content=\"image\/png\" \/>\n<meta name=\"twitter:card\" content=\"summary_large_image\" \/>\n<meta name=\"twitter:label1\" content=\"Est. tempo de leitura\" \/>\n\t<meta name=\"twitter:data1\" content=\"3 minutos\" \/>\n<script type=\"application\/ld+json\" class=\"yoast-schema-graph\">{\"@context\":\"https:\/\/schema.org\",\"@graph\":[{\"@type\":\"WebPage\",\"@id\":\"https:\/\/exposicoes.abc.org.br\/100anos\/academico\/marcos-luiz-dos-mares-guia\/\",\"url\":\"https:\/\/exposicoes.abc.org.br\/100anos\/academico\/marcos-luiz-dos-mares-guia\/\",\"name\":\"Marcos Luiz dos Mares Guia\u00a0 | Cem Anos de Ci\u00eancia\",\"isPartOf\":{\"@id\":\"https:\/\/exposicoes.abc.org.br\/100anos\/#website\"},\"primaryImageOfPage\":{\"@id\":\"https:\/\/exposicoes.abc.org.br\/100anos\/academico\/marcos-luiz-dos-mares-guia\/#primaryimage\"},\"image\":{\"@id\":\"https:\/\/exposicoes.abc.org.br\/100anos\/academico\/marcos-luiz-dos-mares-guia\/#primaryimage\"},\"thumbnailUrl\":\"https:\/\/exposicoes.abc.org.br\/100anos\/wp-content\/uploads\/2026\/01\/marcos-hero.png\",\"datePublished\":\"2026-01-16T14:13:35+00:00\",\"breadcrumb\":{\"@id\":\"https:\/\/exposicoes.abc.org.br\/100anos\/academico\/marcos-luiz-dos-mares-guia\/#breadcrumb\"},\"inLanguage\":\"pt-BR\",\"potentialAction\":[{\"@type\":\"ReadAction\",\"target\":[\"https:\/\/exposicoes.abc.org.br\/100anos\/academico\/marcos-luiz-dos-mares-guia\/\"]}]},{\"@type\":\"ImageObject\",\"inLanguage\":\"pt-BR\",\"@id\":\"https:\/\/exposicoes.abc.org.br\/100anos\/academico\/marcos-luiz-dos-mares-guia\/#primaryimage\",\"url\":\"https:\/\/exposicoes.abc.org.br\/100anos\/wp-content\/uploads\/2026\/01\/marcos-hero.png\",\"contentUrl\":\"https:\/\/exposicoes.abc.org.br\/100anos\/wp-content\/uploads\/2026\/01\/marcos-hero.png\",\"width\":354,\"height\":552},{\"@type\":\"BreadcrumbList\",\"@id\":\"https:\/\/exposicoes.abc.org.br\/100anos\/academico\/marcos-luiz-dos-mares-guia\/#breadcrumb\",\"itemListElement\":[{\"@type\":\"ListItem\",\"position\":1,\"name\":\"In\u00edcio\",\"item\":\"https:\/\/exposicoes.abc.org.br\/100anos\/\"},{\"@type\":\"ListItem\",\"position\":2,\"name\":\"Marcos Luiz dos Mares Guia\u00a0\"}]},{\"@type\":\"WebSite\",\"@id\":\"https:\/\/exposicoes.abc.org.br\/100anos\/#website\",\"url\":\"https:\/\/exposicoes.abc.org.br\/100anos\/\",\"name\":\"Cem Anos de Ci\u00eancia\",\"description\":\"\",\"publisher\":{\"@id\":\"https:\/\/exposicoes.abc.org.br\/100anos\/#organization\"},\"potentialAction\":[{\"@type\":\"SearchAction\",\"target\":{\"@type\":\"EntryPoint\",\"urlTemplate\":\"https:\/\/exposicoes.abc.org.br\/100anos\/?s={search_term_string}\"},\"query-input\":{\"@type\":\"PropertyValueSpecification\",\"valueRequired\":true,\"valueName\":\"search_term_string\"}}],\"inLanguage\":\"pt-BR\"},{\"@type\":\"Organization\",\"@id\":\"https:\/\/exposicoes.abc.org.br\/100anos\/#organization\",\"name\":\"Academia Brasileira de Ci\u00eancias\",\"url\":\"https:\/\/exposicoes.abc.org.br\/100anos\/\",\"logo\":{\"@type\":\"ImageObject\",\"inLanguage\":\"pt-BR\",\"@id\":\"https:\/\/exposicoes.abc.org.br\/100anos\/#\/schema\/logo\/image\/\",\"url\":\"https:\/\/exposicoes.abc.org.br\/100anos\/wp-content\/uploads\/2025\/12\/logo-100-abc.png\",\"contentUrl\":\"https:\/\/exposicoes.abc.org.br\/100anos\/wp-content\/uploads\/2025\/12\/logo-100-abc.png\",\"width\":511,\"height\":116,\"caption\":\"Academia Brasileira de Ci\u00eancias\"},\"image\":{\"@id\":\"https:\/\/exposicoes.abc.org.br\/100anos\/#\/schema\/logo\/image\/\"}}]}<\/script>\n<!-- \/ Yoast SEO plugin. -->","yoast_head_json":{"title":"Marcos Luiz dos Mares Guia\u00a0 | Cem Anos de Ci\u00eancia","robots":{"index":"index","follow":"follow","max-snippet":"max-snippet:-1","max-image-preview":"max-image-preview:large","max-video-preview":"max-video-preview:-1"},"canonical":"https:\/\/exposicoes.abc.org.br\/100anos\/academico\/marcos-luiz-dos-mares-guia\/","og_locale":"pt_BR","og_type":"article","og_title":"Marcos Luiz dos Mares Guia\u00a0 | Cem Anos de Ci\u00eancia","og_description":"Sobre o Cientista Mineiro de Santa B\u00e1rbara, cursou medicina na Universidade de Minas Gerais. Doutorou-se pela Universidade de Louisiana, nos Estados Unidos, com tese sobre cin\u00e9tica de enzimas, e fez o p\u00f3s-doutorado no Centro do C\u00e2ncer Anderson, na Universidade do Texas. Como professor e pesquisador da Universidade Federal de Minas Gerais, desenvolveu estudos que serviram...","og_url":"https:\/\/exposicoes.abc.org.br\/100anos\/academico\/marcos-luiz-dos-mares-guia\/","og_site_name":"Cem Anos de Ci\u00eancia","og_image":[{"width":354,"height":552,"url":"https:\/\/exposicoes.abc.org.br\/100anos\/wp-content\/uploads\/2026\/01\/marcos-hero.png","type":"image\/png"}],"twitter_card":"summary_large_image","twitter_misc":{"Est. tempo de leitura":"3 minutos"},"schema":{"@context":"https:\/\/schema.org","@graph":[{"@type":"WebPage","@id":"https:\/\/exposicoes.abc.org.br\/100anos\/academico\/marcos-luiz-dos-mares-guia\/","url":"https:\/\/exposicoes.abc.org.br\/100anos\/academico\/marcos-luiz-dos-mares-guia\/","name":"Marcos Luiz dos Mares Guia\u00a0 | Cem Anos de Ci\u00eancia","isPartOf":{"@id":"https:\/\/exposicoes.abc.org.br\/100anos\/#website"},"primaryImageOfPage":{"@id":"https:\/\/exposicoes.abc.org.br\/100anos\/academico\/marcos-luiz-dos-mares-guia\/#primaryimage"},"image":{"@id":"https:\/\/exposicoes.abc.org.br\/100anos\/academico\/marcos-luiz-dos-mares-guia\/#primaryimage"},"thumbnailUrl":"https:\/\/exposicoes.abc.org.br\/100anos\/wp-content\/uploads\/2026\/01\/marcos-hero.png","datePublished":"2026-01-16T14:13:35+00:00","breadcrumb":{"@id":"https:\/\/exposicoes.abc.org.br\/100anos\/academico\/marcos-luiz-dos-mares-guia\/#breadcrumb"},"inLanguage":"pt-BR","potentialAction":[{"@type":"ReadAction","target":["https:\/\/exposicoes.abc.org.br\/100anos\/academico\/marcos-luiz-dos-mares-guia\/"]}]},{"@type":"ImageObject","inLanguage":"pt-BR","@id":"https:\/\/exposicoes.abc.org.br\/100anos\/academico\/marcos-luiz-dos-mares-guia\/#primaryimage","url":"https:\/\/exposicoes.abc.org.br\/100anos\/wp-content\/uploads\/2026\/01\/marcos-hero.png","contentUrl":"https:\/\/exposicoes.abc.org.br\/100anos\/wp-content\/uploads\/2026\/01\/marcos-hero.png","width":354,"height":552},{"@type":"BreadcrumbList","@id":"https:\/\/exposicoes.abc.org.br\/100anos\/academico\/marcos-luiz-dos-mares-guia\/#breadcrumb","itemListElement":[{"@type":"ListItem","position":1,"name":"In\u00edcio","item":"https:\/\/exposicoes.abc.org.br\/100anos\/"},{"@type":"ListItem","position":2,"name":"Marcos Luiz dos Mares Guia\u00a0"}]},{"@type":"WebSite","@id":"https:\/\/exposicoes.abc.org.br\/100anos\/#website","url":"https:\/\/exposicoes.abc.org.br\/100anos\/","name":"Cem Anos de Ci\u00eancia","description":"","publisher":{"@id":"https:\/\/exposicoes.abc.org.br\/100anos\/#organization"},"potentialAction":[{"@type":"SearchAction","target":{"@type":"EntryPoint","urlTemplate":"https:\/\/exposicoes.abc.org.br\/100anos\/?s={search_term_string}"},"query-input":{"@type":"PropertyValueSpecification","valueRequired":true,"valueName":"search_term_string"}}],"inLanguage":"pt-BR"},{"@type":"Organization","@id":"https:\/\/exposicoes.abc.org.br\/100anos\/#organization","name":"Academia Brasileira de Ci\u00eancias","url":"https:\/\/exposicoes.abc.org.br\/100anos\/","logo":{"@type":"ImageObject","inLanguage":"pt-BR","@id":"https:\/\/exposicoes.abc.org.br\/100anos\/#\/schema\/logo\/image\/","url":"https:\/\/exposicoes.abc.org.br\/100anos\/wp-content\/uploads\/2025\/12\/logo-100-abc.png","contentUrl":"https:\/\/exposicoes.abc.org.br\/100anos\/wp-content\/uploads\/2025\/12\/logo-100-abc.png","width":511,"height":116,"caption":"Academia Brasileira de Ci\u00eancias"},"image":{"@id":"https:\/\/exposicoes.abc.org.br\/100anos\/#\/schema\/logo\/image\/"}}]}},"_links":{"self":[{"href":"https:\/\/exposicoes.abc.org.br\/100anos\/wp-json\/wp\/v2\/academico\/562","targetHints":{"allow":["GET"]}}],"collection":[{"href":"https:\/\/exposicoes.abc.org.br\/100anos\/wp-json\/wp\/v2\/academico"}],"about":[{"href":"https:\/\/exposicoes.abc.org.br\/100anos\/wp-json\/wp\/v2\/types\/academico"}],"version-history":[{"count":1,"href":"https:\/\/exposicoes.abc.org.br\/100anos\/wp-json\/wp\/v2\/academico\/562\/revisions"}],"predecessor-version":[{"id":565,"href":"https:\/\/exposicoes.abc.org.br\/100anos\/wp-json\/wp\/v2\/academico\/562\/revisions\/565"}],"wp:featuredmedia":[{"embeddable":true,"href":"https:\/\/exposicoes.abc.org.br\/100anos\/wp-json\/wp\/v2\/media\/563"}],"wp:attachment":[{"href":"https:\/\/exposicoes.abc.org.br\/100anos\/wp-json\/wp\/v2\/media?parent=562"}],"wp:term":[{"taxonomy":"periodo-de-presidencia","embeddable":true,"href":"https:\/\/exposicoes.abc.org.br\/100anos\/wp-json\/wp\/v2\/periodo-de-presidencia?post=562"},{"taxonomy":"periodo-de-vida","embeddable":true,"href":"https:\/\/exposicoes.abc.org.br\/100anos\/wp-json\/wp\/v2\/periodo-de-vida?post=562"},{"taxonomy":"tipo-de-academico","embeddable":true,"href":"https:\/\/exposicoes.abc.org.br\/100anos\/wp-json\/wp\/v2\/tipo-de-academico?post=562"}],"curies":[{"name":"wp","href":"https:\/\/api.w.org\/{rel}","templated":true}]}}