{"id":558,"date":"2026-01-16T11:09:03","date_gmt":"2026-01-16T14:09:03","guid":{"rendered":"https:\/\/exposicoes.abc.org.br\/100anos\/?post_type=academico&#038;p=558"},"modified":"2026-01-16T11:09:03","modified_gmt":"2026-01-16T14:09:03","slug":"marcelo-damy-de-sousa-santos","status":"publish","type":"academico","link":"https:\/\/exposicoes.abc.org.br\/100anos\/academico\/marcelo-damy-de-sousa-santos\/","title":{"rendered":"Marcelo Damy de Sousa Santos"},"content":{"rendered":"\n<div class=\"wp-block-columns is-layout-flex wp-container-core-columns-is-layout-9d6595d7 wp-block-columns-is-layout-flex\">\n<div class=\"wp-block-column is-layout-flow wp-block-column-is-layout-flow\">\n<h2 class=\"wp-block-heading\">Sobre o Cientista<\/h2>\n\n\n\n<p>Natural de Campinas, ingressou na Escola Polit\u00e9cnica de S\u00e3o Paulo em 1933. A mudan\u00e7a da engenharia para a f\u00edsica se deu a convite do f\u00edsico Gleb Wataghin, de quem era aluno ouvinte, ap\u00f3s a unifica\u00e7\u00e3o dos cursos b\u00e1sicos da Polit\u00e9cnica e da rec\u00e9m-criada Faculdade de Filosofia, Ci\u00eancias e Letras da Universidade de S\u00e3o Paulo (USP). Em 1938, j\u00e1 bacharel, tornou-se assistente de Wataghin, dedicando-se aos estudos dos raios c\u00f3smicos. Ap\u00f3s est\u00e1gio na Universidade de Cambridge, Inglaterra, participou no Brasil da fabrica\u00e7\u00e3o de um sonar para detec\u00e7\u00e3o de submarinos, importante contribui\u00e7\u00e3o \u00e0 Marinha brasileira na \u00e9poca da Segunda Guerra Mundial. Fundou, em 1956, o Instituto de Energia At\u00f4mica da USP, atual Instituto de Pesquisas Energ\u00e9ticas e Nucleares, onde foi respons\u00e1vel pela instala\u00e7\u00e3o do primeiro reator nuclear do Brasil. Presidiu a Comiss\u00e3o Nacional de Energia Nuclear e lecionou na USP, na Universidade Estadual de Campinas, na Pontif\u00edcia Universidade Cat\u00f3lica de S\u00e3o Paulo, entre outras institui\u00e7\u00f5es. Ingressou na ABC em 1942 e foi vice-presidente da entidade no bi\u00eanio 1955-1957.<\/p>\n<\/div>\n\n\n\n<div class=\"wp-block-column is-layout-flow wp-block-column-is-layout-flow\">\n<figure class=\"wp-block-image size-full\"><img loading=\"lazy\" decoding=\"async\" width=\"542\" height=\"540\" src=\"https:\/\/exposicoes.abc.org.br\/100anos\/wp-content\/uploads\/2026\/01\/marcelo-1.png\" alt=\"\" class=\"wp-image-560\" srcset=\"https:\/\/exposicoes.abc.org.br\/100anos\/wp-content\/uploads\/2026\/01\/marcelo-1.png 542w, https:\/\/exposicoes.abc.org.br\/100anos\/wp-content\/uploads\/2026\/01\/marcelo-1-300x300.png 300w, https:\/\/exposicoes.abc.org.br\/100anos\/wp-content\/uploads\/2026\/01\/marcelo-1-150x150.png 150w\" sizes=\"auto, (max-width: 542px) 100vw, 542px\" \/><figcaption class=\"wp-element-caption\">o jovem marcelo damy em experimento na mina de morro velho, em 1939. acervo hist\u00f3rico do instituto de f\u00edsica da usp<br><br>damy participou, com outros cientistas, de importantes descobertas relacionadas \u00e0 natureza dos chuveiros penetrantes. &#8211; nasa<\/figcaption><\/figure>\n<\/div>\n<\/div>\n\n\n\n<div style=\"height:100px\" aria-hidden=\"true\" class=\"wp-block-spacer\"><\/div>\n\n\n\n<hr class=\"wp-block-separator has-alpha-channel-opacity\"\/>\n\n\n\n<div style=\"height:100px\" aria-hidden=\"true\" class=\"wp-block-spacer\"><\/div>\n\n\n\n<h2 class=\"wp-block-heading\">Entre raios c\u00f3smicos e energia nuclear<\/h2>\n\n\n\n<p>Numa \u00e9poca em que n\u00e3o havia muitos recursos no Brasil para o estudo dos raios c\u00f3smicos, Marcelo Damy aproveitou a oportunidade de est\u00e1gio na Inglaterra para desenvolver um equipamento capaz de detect\u00e1-los. Com o in\u00edcio da Segunda Guerra Mundial, que provocou a suspens\u00e3o das atividades e o fechamento do laborat\u00f3rio onde trabalhava, o pesquisador conseguiu autoriza\u00e7\u00e3o para traz\u00ea-lo ao Brasil.\u00a0<br><br>Ap\u00f3s ter o aparelho confundido com um transmissor de r\u00e1dio e retido pela alf\u00e2ndega por cerca de dois meses, prosseguiu com os estudos e conseguiu registrar em S\u00e3o Paulo, juntamente com Paulus Aulus Pompeia e Gleb Wataghin, a natureza dos chuveiros penetrantes, que atingem a Terra acompanhados de part\u00edculas de alta energia. Reproduzido no fundo de uma mina em Morro Velho, Minas Gerais, o experimento foi publicado na Physical Review, em 1940, com repercuss\u00e3o no Brasil e no exterior.<br><br>Nos anos 1950, al\u00e9m de dirigir o Instituto de Energia At\u00f4mica (IEA) da USP, Damy atuou na Comiss\u00e3o de Energia At\u00f4mica do Conselho Nacional de Pesquisas (CNPq). Em 1961, assumiu a presid\u00eancia da Comiss\u00e3o Nacional de Energia Nuclear, de onde foi afastado ap\u00f3s o golpe militar de 1964. Reassumiu a chefia do Departamento de F\u00edsica Nuclear do IEA e, em 1967, participou da organiza\u00e7\u00e3o do Instituto de F\u00edsica Gleb Wataghin na Universidade Estadual de Campinas, unidade que dirigiu at\u00e9 1971.<br><br>Como docente em diferentes institui\u00e7\u00f5es, Damy atuou na forma\u00e7\u00e3o de renomados f\u00edsicos, entre os quais C\u00e9sar Lattes, Jos\u00e9 Goldemberg e Oscar Sala. Para ele, ensino e pesquisa caminhavam juntos: \u201cUm bom professor \u00e9 um pesquisador que gosta de contar as coisas que faz e que viu outros fazerem\u201d, disse em uma entrevista \u00e0 revista Ci\u00eancia e Cultura.\u00a0<br>No ano seguinte \u00e0 sua morte, o Instituto de Pesquisas Energ\u00e9ticas e Nucleares da USP inaugurou, em sua homenagem, o Espa\u00e7o Cultural Marcello Damy.<\/p>\n","protected":false},"excerpt":{"rendered":"<p>Sobre o Cientista Natural de Campinas, ingressou na Escola Polit\u00e9cnica de S\u00e3o Paulo em 1933. A mudan\u00e7a da engenharia para a f\u00edsica se deu a convite do f\u00edsico Gleb Wataghin, de quem era aluno ouvinte, ap\u00f3s a unifica\u00e7\u00e3o dos cursos b\u00e1sicos da Polit\u00e9cnica e da rec\u00e9m-criada Faculdade de Filosofia, Ci\u00eancias e Letras da Universidade de&#8230;<\/p>\n","protected":false},"featured_media":559,"parent":0,"template":"","meta":{"_acf_changed":false,"footnotes":""},"periodo-de-presidencia":[],"periodo-de-vida":[68],"tipo-de-academico":[4],"class_list":["post-558","academico","type-academico","status-publish","has-post-thumbnail","hentry","periodo-de-vida-1914-2009","tipo-de-academico-cientistas-de-destaque"],"acf":[],"yoast_head":"<!-- This site is optimized with the Yoast SEO plugin v26.8 - https:\/\/yoast.com\/product\/yoast-seo-wordpress\/ -->\n<title>Marcelo Damy de Sousa Santos | Cem Anos de Ci\u00eancia<\/title>\n<meta name=\"robots\" content=\"index, follow, max-snippet:-1, max-image-preview:large, max-video-preview:-1\" \/>\n<link rel=\"canonical\" href=\"https:\/\/exposicoes.abc.org.br\/100anos\/academico\/marcelo-damy-de-sousa-santos\/\" \/>\n<meta property=\"og:locale\" content=\"pt_BR\" \/>\n<meta property=\"og:type\" content=\"article\" \/>\n<meta property=\"og:title\" content=\"Marcelo Damy de Sousa Santos | Cem Anos de Ci\u00eancia\" \/>\n<meta property=\"og:description\" content=\"Sobre o Cientista Natural de Campinas, ingressou na Escola Polit\u00e9cnica de S\u00e3o Paulo em 1933. A mudan\u00e7a da engenharia para a f\u00edsica se deu a convite do f\u00edsico Gleb Wataghin, de quem era aluno ouvinte, ap\u00f3s a unifica\u00e7\u00e3o dos cursos b\u00e1sicos da Polit\u00e9cnica e da rec\u00e9m-criada Faculdade de Filosofia, Ci\u00eancias e Letras da Universidade de...\" \/>\n<meta property=\"og:url\" content=\"https:\/\/exposicoes.abc.org.br\/100anos\/academico\/marcelo-damy-de-sousa-santos\/\" \/>\n<meta property=\"og:site_name\" content=\"Cem Anos de Ci\u00eancia\" \/>\n<meta property=\"og:image\" content=\"https:\/\/exposicoes.abc.org.br\/100anos\/wp-content\/uploads\/2026\/01\/marcelo-hero.png\" \/>\n\t<meta property=\"og:image:width\" content=\"354\" \/>\n\t<meta property=\"og:image:height\" content=\"552\" \/>\n\t<meta property=\"og:image:type\" content=\"image\/png\" \/>\n<meta name=\"twitter:card\" content=\"summary_large_image\" \/>\n<meta name=\"twitter:label1\" content=\"Est. tempo de leitura\" \/>\n\t<meta name=\"twitter:data1\" content=\"3 minutos\" \/>\n<script type=\"application\/ld+json\" class=\"yoast-schema-graph\">{\"@context\":\"https:\/\/schema.org\",\"@graph\":[{\"@type\":\"WebPage\",\"@id\":\"https:\/\/exposicoes.abc.org.br\/100anos\/academico\/marcelo-damy-de-sousa-santos\/\",\"url\":\"https:\/\/exposicoes.abc.org.br\/100anos\/academico\/marcelo-damy-de-sousa-santos\/\",\"name\":\"Marcelo Damy de Sousa Santos | Cem Anos de Ci\u00eancia\",\"isPartOf\":{\"@id\":\"https:\/\/exposicoes.abc.org.br\/100anos\/#website\"},\"primaryImageOfPage\":{\"@id\":\"https:\/\/exposicoes.abc.org.br\/100anos\/academico\/marcelo-damy-de-sousa-santos\/#primaryimage\"},\"image\":{\"@id\":\"https:\/\/exposicoes.abc.org.br\/100anos\/academico\/marcelo-damy-de-sousa-santos\/#primaryimage\"},\"thumbnailUrl\":\"https:\/\/exposicoes.abc.org.br\/100anos\/wp-content\/uploads\/2026\/01\/marcelo-hero.png\",\"datePublished\":\"2026-01-16T14:09:03+00:00\",\"breadcrumb\":{\"@id\":\"https:\/\/exposicoes.abc.org.br\/100anos\/academico\/marcelo-damy-de-sousa-santos\/#breadcrumb\"},\"inLanguage\":\"pt-BR\",\"potentialAction\":[{\"@type\":\"ReadAction\",\"target\":[\"https:\/\/exposicoes.abc.org.br\/100anos\/academico\/marcelo-damy-de-sousa-santos\/\"]}]},{\"@type\":\"ImageObject\",\"inLanguage\":\"pt-BR\",\"@id\":\"https:\/\/exposicoes.abc.org.br\/100anos\/academico\/marcelo-damy-de-sousa-santos\/#primaryimage\",\"url\":\"https:\/\/exposicoes.abc.org.br\/100anos\/wp-content\/uploads\/2026\/01\/marcelo-hero.png\",\"contentUrl\":\"https:\/\/exposicoes.abc.org.br\/100anos\/wp-content\/uploads\/2026\/01\/marcelo-hero.png\",\"width\":354,\"height\":552},{\"@type\":\"BreadcrumbList\",\"@id\":\"https:\/\/exposicoes.abc.org.br\/100anos\/academico\/marcelo-damy-de-sousa-santos\/#breadcrumb\",\"itemListElement\":[{\"@type\":\"ListItem\",\"position\":1,\"name\":\"In\u00edcio\",\"item\":\"https:\/\/exposicoes.abc.org.br\/100anos\/\"},{\"@type\":\"ListItem\",\"position\":2,\"name\":\"Marcelo Damy de Sousa Santos\"}]},{\"@type\":\"WebSite\",\"@id\":\"https:\/\/exposicoes.abc.org.br\/100anos\/#website\",\"url\":\"https:\/\/exposicoes.abc.org.br\/100anos\/\",\"name\":\"Cem Anos de Ci\u00eancia\",\"description\":\"\",\"publisher\":{\"@id\":\"https:\/\/exposicoes.abc.org.br\/100anos\/#organization\"},\"potentialAction\":[{\"@type\":\"SearchAction\",\"target\":{\"@type\":\"EntryPoint\",\"urlTemplate\":\"https:\/\/exposicoes.abc.org.br\/100anos\/?s={search_term_string}\"},\"query-input\":{\"@type\":\"PropertyValueSpecification\",\"valueRequired\":true,\"valueName\":\"search_term_string\"}}],\"inLanguage\":\"pt-BR\"},{\"@type\":\"Organization\",\"@id\":\"https:\/\/exposicoes.abc.org.br\/100anos\/#organization\",\"name\":\"Academia Brasileira de Ci\u00eancias\",\"url\":\"https:\/\/exposicoes.abc.org.br\/100anos\/\",\"logo\":{\"@type\":\"ImageObject\",\"inLanguage\":\"pt-BR\",\"@id\":\"https:\/\/exposicoes.abc.org.br\/100anos\/#\/schema\/logo\/image\/\",\"url\":\"https:\/\/exposicoes.abc.org.br\/100anos\/wp-content\/uploads\/2025\/12\/logo-100-abc.png\",\"contentUrl\":\"https:\/\/exposicoes.abc.org.br\/100anos\/wp-content\/uploads\/2025\/12\/logo-100-abc.png\",\"width\":511,\"height\":116,\"caption\":\"Academia Brasileira de Ci\u00eancias\"},\"image\":{\"@id\":\"https:\/\/exposicoes.abc.org.br\/100anos\/#\/schema\/logo\/image\/\"}}]}<\/script>\n<!-- \/ Yoast SEO plugin. -->","yoast_head_json":{"title":"Marcelo Damy de Sousa Santos | Cem Anos de Ci\u00eancia","robots":{"index":"index","follow":"follow","max-snippet":"max-snippet:-1","max-image-preview":"max-image-preview:large","max-video-preview":"max-video-preview:-1"},"canonical":"https:\/\/exposicoes.abc.org.br\/100anos\/academico\/marcelo-damy-de-sousa-santos\/","og_locale":"pt_BR","og_type":"article","og_title":"Marcelo Damy de Sousa Santos | Cem Anos de Ci\u00eancia","og_description":"Sobre o Cientista Natural de Campinas, ingressou na Escola Polit\u00e9cnica de S\u00e3o Paulo em 1933. A mudan\u00e7a da engenharia para a f\u00edsica se deu a convite do f\u00edsico Gleb Wataghin, de quem era aluno ouvinte, ap\u00f3s a unifica\u00e7\u00e3o dos cursos b\u00e1sicos da Polit\u00e9cnica e da rec\u00e9m-criada Faculdade de Filosofia, Ci\u00eancias e Letras da Universidade de...","og_url":"https:\/\/exposicoes.abc.org.br\/100anos\/academico\/marcelo-damy-de-sousa-santos\/","og_site_name":"Cem Anos de Ci\u00eancia","og_image":[{"width":354,"height":552,"url":"https:\/\/exposicoes.abc.org.br\/100anos\/wp-content\/uploads\/2026\/01\/marcelo-hero.png","type":"image\/png"}],"twitter_card":"summary_large_image","twitter_misc":{"Est. tempo de leitura":"3 minutos"},"schema":{"@context":"https:\/\/schema.org","@graph":[{"@type":"WebPage","@id":"https:\/\/exposicoes.abc.org.br\/100anos\/academico\/marcelo-damy-de-sousa-santos\/","url":"https:\/\/exposicoes.abc.org.br\/100anos\/academico\/marcelo-damy-de-sousa-santos\/","name":"Marcelo Damy de Sousa Santos | Cem Anos de Ci\u00eancia","isPartOf":{"@id":"https:\/\/exposicoes.abc.org.br\/100anos\/#website"},"primaryImageOfPage":{"@id":"https:\/\/exposicoes.abc.org.br\/100anos\/academico\/marcelo-damy-de-sousa-santos\/#primaryimage"},"image":{"@id":"https:\/\/exposicoes.abc.org.br\/100anos\/academico\/marcelo-damy-de-sousa-santos\/#primaryimage"},"thumbnailUrl":"https:\/\/exposicoes.abc.org.br\/100anos\/wp-content\/uploads\/2026\/01\/marcelo-hero.png","datePublished":"2026-01-16T14:09:03+00:00","breadcrumb":{"@id":"https:\/\/exposicoes.abc.org.br\/100anos\/academico\/marcelo-damy-de-sousa-santos\/#breadcrumb"},"inLanguage":"pt-BR","potentialAction":[{"@type":"ReadAction","target":["https:\/\/exposicoes.abc.org.br\/100anos\/academico\/marcelo-damy-de-sousa-santos\/"]}]},{"@type":"ImageObject","inLanguage":"pt-BR","@id":"https:\/\/exposicoes.abc.org.br\/100anos\/academico\/marcelo-damy-de-sousa-santos\/#primaryimage","url":"https:\/\/exposicoes.abc.org.br\/100anos\/wp-content\/uploads\/2026\/01\/marcelo-hero.png","contentUrl":"https:\/\/exposicoes.abc.org.br\/100anos\/wp-content\/uploads\/2026\/01\/marcelo-hero.png","width":354,"height":552},{"@type":"BreadcrumbList","@id":"https:\/\/exposicoes.abc.org.br\/100anos\/academico\/marcelo-damy-de-sousa-santos\/#breadcrumb","itemListElement":[{"@type":"ListItem","position":1,"name":"In\u00edcio","item":"https:\/\/exposicoes.abc.org.br\/100anos\/"},{"@type":"ListItem","position":2,"name":"Marcelo Damy de Sousa Santos"}]},{"@type":"WebSite","@id":"https:\/\/exposicoes.abc.org.br\/100anos\/#website","url":"https:\/\/exposicoes.abc.org.br\/100anos\/","name":"Cem Anos de Ci\u00eancia","description":"","publisher":{"@id":"https:\/\/exposicoes.abc.org.br\/100anos\/#organization"},"potentialAction":[{"@type":"SearchAction","target":{"@type":"EntryPoint","urlTemplate":"https:\/\/exposicoes.abc.org.br\/100anos\/?s={search_term_string}"},"query-input":{"@type":"PropertyValueSpecification","valueRequired":true,"valueName":"search_term_string"}}],"inLanguage":"pt-BR"},{"@type":"Organization","@id":"https:\/\/exposicoes.abc.org.br\/100anos\/#organization","name":"Academia Brasileira de Ci\u00eancias","url":"https:\/\/exposicoes.abc.org.br\/100anos\/","logo":{"@type":"ImageObject","inLanguage":"pt-BR","@id":"https:\/\/exposicoes.abc.org.br\/100anos\/#\/schema\/logo\/image\/","url":"https:\/\/exposicoes.abc.org.br\/100anos\/wp-content\/uploads\/2025\/12\/logo-100-abc.png","contentUrl":"https:\/\/exposicoes.abc.org.br\/100anos\/wp-content\/uploads\/2025\/12\/logo-100-abc.png","width":511,"height":116,"caption":"Academia Brasileira de Ci\u00eancias"},"image":{"@id":"https:\/\/exposicoes.abc.org.br\/100anos\/#\/schema\/logo\/image\/"}}]}},"_links":{"self":[{"href":"https:\/\/exposicoes.abc.org.br\/100anos\/wp-json\/wp\/v2\/academico\/558","targetHints":{"allow":["GET"]}}],"collection":[{"href":"https:\/\/exposicoes.abc.org.br\/100anos\/wp-json\/wp\/v2\/academico"}],"about":[{"href":"https:\/\/exposicoes.abc.org.br\/100anos\/wp-json\/wp\/v2\/types\/academico"}],"version-history":[{"count":1,"href":"https:\/\/exposicoes.abc.org.br\/100anos\/wp-json\/wp\/v2\/academico\/558\/revisions"}],"predecessor-version":[{"id":561,"href":"https:\/\/exposicoes.abc.org.br\/100anos\/wp-json\/wp\/v2\/academico\/558\/revisions\/561"}],"wp:featuredmedia":[{"embeddable":true,"href":"https:\/\/exposicoes.abc.org.br\/100anos\/wp-json\/wp\/v2\/media\/559"}],"wp:attachment":[{"href":"https:\/\/exposicoes.abc.org.br\/100anos\/wp-json\/wp\/v2\/media?parent=558"}],"wp:term":[{"taxonomy":"periodo-de-presidencia","embeddable":true,"href":"https:\/\/exposicoes.abc.org.br\/100anos\/wp-json\/wp\/v2\/periodo-de-presidencia?post=558"},{"taxonomy":"periodo-de-vida","embeddable":true,"href":"https:\/\/exposicoes.abc.org.br\/100anos\/wp-json\/wp\/v2\/periodo-de-vida?post=558"},{"taxonomy":"tipo-de-academico","embeddable":true,"href":"https:\/\/exposicoes.abc.org.br\/100anos\/wp-json\/wp\/v2\/tipo-de-academico?post=558"}],"curies":[{"name":"wp","href":"https:\/\/api.w.org\/{rel}","templated":true}]}}