{"id":554,"date":"2026-01-16T11:06:08","date_gmt":"2026-01-16T14:06:08","guid":{"rendered":"https:\/\/exposicoes.abc.org.br\/100anos\/?post_type=academico&#038;p=554"},"modified":"2026-01-28T11:34:22","modified_gmt":"2026-01-28T14:34:22","slug":"leopoldo-nachbin","status":"publish","type":"academico","link":"https:\/\/exposicoes.abc.org.br\/100anos\/academico\/leopoldo-nachbin\/","title":{"rendered":"Leopoldo Nachbin"},"content":{"rendered":"\n<div class=\"wp-block-columns is-layout-flex wp-container-core-columns-is-layout-9d6595d7 wp-block-columns-is-layout-flex\">\n<div class=\"wp-block-column is-layout-flow wp-block-column-is-layout-flow\">\n<h2 class=\"wp-block-heading\">Sobre o Cientista<\/h2>\n\n\n\n<p>Nasceu no Recife e mudou-se, em 1939, para o Rio de Janeiro, onde cursou a Escola Nacional de Engenharia. Aos 19 anos publicou seu primeiro artigo cient\u00edfico, nos Anais da Academia Brasileira de Ci\u00eancias. Foi professor de matem\u00e1tica na Faculdade Nacional de Filosofia. Ingressou na ABC em 1948. Foi membro fundador do Centro Brasileiro de Pesquisas F\u00edsicas (CBPF) e do Instituto de Matem\u00e1tica Pura e Aplicada. Atuou no Conselho Nacional de Pesquisas como diretor do Setor de Pesquisas Matem\u00e1ticas e membro do Conselho Deliberativo. Fundou, em 1967, ao lado de Heitor Gurgulino de Souza, a Escola Latino-Americana de Matem\u00e1tica, evento regional que acontece a cada dois anos. Lecionou tamb\u00e9m em universidades de Paris e no Instituto de Matem\u00e1tica da Universidade Federal do Rio de Janeiro, institui\u00e7\u00e3o na qual permaneceu at\u00e9 sua aposentadoria em 1982, quando se vinculou novamente ao CBPF. Recebeu diversas honrarias, entre elas o pr\u00eamio Moinho Santista, em 1962, e o pr\u00eamio Bernardo Houssay de Matem\u00e1tica, concedido pela Organiza\u00e7\u00e3o dos Estados Americanos, em 1982.\u00a0<\/p>\n<\/div>\n\n\n\n<div class=\"wp-block-column is-layout-flow wp-block-column-is-layout-flow\">\n<figure class=\"wp-block-image size-full\"><img loading=\"lazy\" decoding=\"async\" width=\"546\" height=\"571\" src=\"https:\/\/exposicoes.abc.org.br\/100anos\/wp-content\/uploads\/2026\/01\/nachbin-01.png\" alt=\"\" class=\"wp-image-556\" srcset=\"https:\/\/exposicoes.abc.org.br\/100anos\/wp-content\/uploads\/2026\/01\/nachbin-01.png 546w, https:\/\/exposicoes.abc.org.br\/100anos\/wp-content\/uploads\/2026\/01\/nachbin-01-287x300.png 287w\" sizes=\"auto, (max-width: 546px) 100vw, 546px\" \/><figcaption class=\"wp-element-caption\">pr\u00e9dio do impa, que nachbin ajudou a fundar no rio de janeiro. &#8211; acervo impa | francisco alc\u00e2ntara gomes, elisa esther maia frota-pessoa, jayme tiomno, joaquim da costa ribeiro, luigi sobrero, leopoldo nachbin, jos\u00e9 leite lopes e maur\u00edcio matos peixoto. &#8211; acervo abc | leopoldo nachbin tinha apenas 19 anos quando publicou seu primeiro artigo cient\u00edfico nos anais da abc, em 1941. &#8211; acervo abc<\/figcaption><\/figure>\n<\/div>\n<\/div>\n\n\n\n<div style=\"height:100px\" aria-hidden=\"true\" class=\"wp-block-spacer\"><\/div>\n\n\n\n<hr class=\"wp-block-separator has-alpha-channel-opacity\"\/>\n\n\n\n<div style=\"height:100px\" aria-hidden=\"true\" class=\"wp-block-spacer\"><\/div>\n\n\n\n<h2 class=\"wp-block-heading\">Contribui\u00e7\u00f5es para a matem\u00e1tica pura<\/h2>\n\n\n\n<p>Desde cedo, o jovem Leopoldo Nachbin demonstrou dedica\u00e7\u00e3o e talento para o estudo da matem\u00e1tica. O contato, por\u00e9m, com pesquisadores estrangeiros que lecionaram no Brasil, na d\u00e9cada de 1940, estimulou ainda mais seu interesse pela \u00e1rea. Entre eles, o italiano Gabrielle Mammana, o portugu\u00eas Antonio Monteiro e o norte-americano Marshall Stone, professores na Faculdade Nacional de Filosofia.\u00a0<br><br>Nachbin foi um dos pioneiros da pesquisa matem\u00e1tica no Brasil, em especial nas \u00e1reas de equa\u00e7\u00f5es diferenciais, s\u00e9ries trigonom\u00e9tricas cl\u00e1ssicas, an\u00e1lise funcional e espa\u00e7os vetoriais topol\u00f3gicos. Entre suas principais contribui\u00e7\u00f5es est\u00e3o os estudos sobre o Teorema de Hahn-Banach para aplica\u00e7\u00f5es em espa\u00e7os normados, que explica a fun\u00e7\u00e3o holomorfa em detalhes, e sobre os espa\u00e7os Hewitt-Nachbin.<br><br>Apesar da carreira bem-sucedida, o pesquisador n\u00e3o se viu livre de percal\u00e7os. Ap\u00f3s est\u00e1gio na Universidade de Chicago, entre 1948 e 1950, Nachbin voltou ao Brasil e candidatou-se \u00e0 c\u00e1tedra de an\u00e1lise matem\u00e1tica com a tese Topologia e Ordem. Houve forte contesta\u00e7\u00e3o \u00e0 participa\u00e7\u00e3o do pesquisador, sob a justificativa de que ele n\u00e3o tinha o grau de bacharel, e o concurso foi adiado. Somente em 1972 o matem\u00e1tico viria se tornar professor titular da Universidade Federal do Rio de Janeiro, com a mesma tese.<br><br>Al\u00e9m da dedica\u00e7\u00e3o \u00e0 pesquisa, Nachbin foi professor e orientador de in\u00fameros alunos, de diferentes nacionalidades, tendo contribu\u00eddo intensamente para o interc\u00e2mbio entre institui\u00e7\u00f5es e pesquisadores do Brasil e do exterior. Teve quatro livros editados no exterior e cerca de 100 artigos publicados em revistas internacionais de matem\u00e1tica. Editou a s\u00e9rie Notas de Matem\u00e1tica, publicada pelo Instituto de Matem\u00e1tica Pura e Aplicada e, posteriormente, pela editora holandesa North-Holland Publishing Co.<\/p>\n\n\n\n<div style=\"height:100px\" aria-hidden=\"true\" class=\"wp-block-spacer\"><\/div>\n","protected":false},"excerpt":{"rendered":"<p>Sobre o Cientista Nasceu no Recife e mudou-se, em 1939, para o Rio de Janeiro, onde cursou a Escola Nacional de Engenharia. Aos 19 anos publicou seu primeiro artigo cient\u00edfico, nos Anais da Academia Brasileira de Ci\u00eancias. Foi professor de matem\u00e1tica na Faculdade Nacional de Filosofia. Ingressou na ABC em 1948. Foi membro fundador do&#8230;<\/p>\n","protected":false},"featured_media":751,"parent":0,"template":"","meta":{"_acf_changed":false,"footnotes":""},"periodo-de-presidencia":[],"periodo-de-vida":[67],"tipo-de-academico":[4],"class_list":["post-554","academico","type-academico","status-publish","has-post-thumbnail","hentry","periodo-de-vida-1922-1993","tipo-de-academico-cientistas-de-destaque"],"acf":[],"yoast_head":"<!-- This site is optimized with the Yoast SEO plugin v26.8 - https:\/\/yoast.com\/product\/yoast-seo-wordpress\/ -->\n<title>Leopoldo Nachbin | Cem Anos de Ci\u00eancia<\/title>\n<meta name=\"robots\" content=\"index, follow, max-snippet:-1, max-image-preview:large, max-video-preview:-1\" \/>\n<link rel=\"canonical\" href=\"https:\/\/exposicoes.abc.org.br\/100anos\/academico\/leopoldo-nachbin\/\" \/>\n<meta property=\"og:locale\" content=\"pt_BR\" \/>\n<meta property=\"og:type\" content=\"article\" \/>\n<meta property=\"og:title\" content=\"Leopoldo Nachbin | Cem Anos de Ci\u00eancia\" \/>\n<meta property=\"og:description\" content=\"Sobre o Cientista Nasceu no Recife e mudou-se, em 1939, para o Rio de Janeiro, onde cursou a Escola Nacional de Engenharia. Aos 19 anos publicou seu primeiro artigo cient\u00edfico, nos Anais da Academia Brasileira de Ci\u00eancias. Foi professor de matem\u00e1tica na Faculdade Nacional de Filosofia. Ingressou na ABC em 1948. Foi membro fundador do...\" \/>\n<meta property=\"og:url\" content=\"https:\/\/exposicoes.abc.org.br\/100anos\/academico\/leopoldo-nachbin\/\" \/>\n<meta property=\"og:site_name\" content=\"Cem Anos de Ci\u00eancia\" \/>\n<meta property=\"article:modified_time\" content=\"2026-01-28T14:34:22+00:00\" \/>\n<meta property=\"og:image\" content=\"https:\/\/exposicoes.abc.org.br\/100anos\/wp-content\/uploads\/2026\/01\/nachbin-hero-2.png\" \/>\n\t<meta property=\"og:image:width\" content=\"354\" \/>\n\t<meta property=\"og:image:height\" content=\"552\" \/>\n\t<meta property=\"og:image:type\" content=\"image\/png\" \/>\n<meta name=\"twitter:card\" content=\"summary_large_image\" \/>\n<meta name=\"twitter:label1\" content=\"Est. tempo de leitura\" \/>\n\t<meta name=\"twitter:data1\" content=\"4 minutos\" \/>\n<script type=\"application\/ld+json\" class=\"yoast-schema-graph\">{\"@context\":\"https:\/\/schema.org\",\"@graph\":[{\"@type\":\"WebPage\",\"@id\":\"https:\/\/exposicoes.abc.org.br\/100anos\/academico\/leopoldo-nachbin\/\",\"url\":\"https:\/\/exposicoes.abc.org.br\/100anos\/academico\/leopoldo-nachbin\/\",\"name\":\"Leopoldo Nachbin | Cem Anos de Ci\u00eancia\",\"isPartOf\":{\"@id\":\"https:\/\/exposicoes.abc.org.br\/100anos\/#website\"},\"primaryImageOfPage\":{\"@id\":\"https:\/\/exposicoes.abc.org.br\/100anos\/academico\/leopoldo-nachbin\/#primaryimage\"},\"image\":{\"@id\":\"https:\/\/exposicoes.abc.org.br\/100anos\/academico\/leopoldo-nachbin\/#primaryimage\"},\"thumbnailUrl\":\"https:\/\/exposicoes.abc.org.br\/100anos\/wp-content\/uploads\/2026\/01\/nachbin-hero-2.png\",\"datePublished\":\"2026-01-16T14:06:08+00:00\",\"dateModified\":\"2026-01-28T14:34:22+00:00\",\"breadcrumb\":{\"@id\":\"https:\/\/exposicoes.abc.org.br\/100anos\/academico\/leopoldo-nachbin\/#breadcrumb\"},\"inLanguage\":\"pt-BR\",\"potentialAction\":[{\"@type\":\"ReadAction\",\"target\":[\"https:\/\/exposicoes.abc.org.br\/100anos\/academico\/leopoldo-nachbin\/\"]}]},{\"@type\":\"ImageObject\",\"inLanguage\":\"pt-BR\",\"@id\":\"https:\/\/exposicoes.abc.org.br\/100anos\/academico\/leopoldo-nachbin\/#primaryimage\",\"url\":\"https:\/\/exposicoes.abc.org.br\/100anos\/wp-content\/uploads\/2026\/01\/nachbin-hero-2.png\",\"contentUrl\":\"https:\/\/exposicoes.abc.org.br\/100anos\/wp-content\/uploads\/2026\/01\/nachbin-hero-2.png\",\"width\":354,\"height\":552},{\"@type\":\"BreadcrumbList\",\"@id\":\"https:\/\/exposicoes.abc.org.br\/100anos\/academico\/leopoldo-nachbin\/#breadcrumb\",\"itemListElement\":[{\"@type\":\"ListItem\",\"position\":1,\"name\":\"In\u00edcio\",\"item\":\"https:\/\/exposicoes.abc.org.br\/100anos\/\"},{\"@type\":\"ListItem\",\"position\":2,\"name\":\"Leopoldo Nachbin\"}]},{\"@type\":\"WebSite\",\"@id\":\"https:\/\/exposicoes.abc.org.br\/100anos\/#website\",\"url\":\"https:\/\/exposicoes.abc.org.br\/100anos\/\",\"name\":\"Cem Anos de Ci\u00eancia\",\"description\":\"\",\"publisher\":{\"@id\":\"https:\/\/exposicoes.abc.org.br\/100anos\/#organization\"},\"potentialAction\":[{\"@type\":\"SearchAction\",\"target\":{\"@type\":\"EntryPoint\",\"urlTemplate\":\"https:\/\/exposicoes.abc.org.br\/100anos\/?s={search_term_string}\"},\"query-input\":{\"@type\":\"PropertyValueSpecification\",\"valueRequired\":true,\"valueName\":\"search_term_string\"}}],\"inLanguage\":\"pt-BR\"},{\"@type\":\"Organization\",\"@id\":\"https:\/\/exposicoes.abc.org.br\/100anos\/#organization\",\"name\":\"Academia Brasileira de Ci\u00eancias\",\"url\":\"https:\/\/exposicoes.abc.org.br\/100anos\/\",\"logo\":{\"@type\":\"ImageObject\",\"inLanguage\":\"pt-BR\",\"@id\":\"https:\/\/exposicoes.abc.org.br\/100anos\/#\/schema\/logo\/image\/\",\"url\":\"https:\/\/exposicoes.abc.org.br\/100anos\/wp-content\/uploads\/2025\/12\/logo-100-abc.png\",\"contentUrl\":\"https:\/\/exposicoes.abc.org.br\/100anos\/wp-content\/uploads\/2025\/12\/logo-100-abc.png\",\"width\":511,\"height\":116,\"caption\":\"Academia Brasileira de Ci\u00eancias\"},\"image\":{\"@id\":\"https:\/\/exposicoes.abc.org.br\/100anos\/#\/schema\/logo\/image\/\"}}]}<\/script>\n<!-- \/ Yoast SEO plugin. -->","yoast_head_json":{"title":"Leopoldo Nachbin | Cem Anos de Ci\u00eancia","robots":{"index":"index","follow":"follow","max-snippet":"max-snippet:-1","max-image-preview":"max-image-preview:large","max-video-preview":"max-video-preview:-1"},"canonical":"https:\/\/exposicoes.abc.org.br\/100anos\/academico\/leopoldo-nachbin\/","og_locale":"pt_BR","og_type":"article","og_title":"Leopoldo Nachbin | Cem Anos de Ci\u00eancia","og_description":"Sobre o Cientista Nasceu no Recife e mudou-se, em 1939, para o Rio de Janeiro, onde cursou a Escola Nacional de Engenharia. Aos 19 anos publicou seu primeiro artigo cient\u00edfico, nos Anais da Academia Brasileira de Ci\u00eancias. Foi professor de matem\u00e1tica na Faculdade Nacional de Filosofia. Ingressou na ABC em 1948. Foi membro fundador do...","og_url":"https:\/\/exposicoes.abc.org.br\/100anos\/academico\/leopoldo-nachbin\/","og_site_name":"Cem Anos de Ci\u00eancia","article_modified_time":"2026-01-28T14:34:22+00:00","og_image":[{"width":354,"height":552,"url":"https:\/\/exposicoes.abc.org.br\/100anos\/wp-content\/uploads\/2026\/01\/nachbin-hero-2.png","type":"image\/png"}],"twitter_card":"summary_large_image","twitter_misc":{"Est. tempo de leitura":"4 minutos"},"schema":{"@context":"https:\/\/schema.org","@graph":[{"@type":"WebPage","@id":"https:\/\/exposicoes.abc.org.br\/100anos\/academico\/leopoldo-nachbin\/","url":"https:\/\/exposicoes.abc.org.br\/100anos\/academico\/leopoldo-nachbin\/","name":"Leopoldo Nachbin | Cem Anos de Ci\u00eancia","isPartOf":{"@id":"https:\/\/exposicoes.abc.org.br\/100anos\/#website"},"primaryImageOfPage":{"@id":"https:\/\/exposicoes.abc.org.br\/100anos\/academico\/leopoldo-nachbin\/#primaryimage"},"image":{"@id":"https:\/\/exposicoes.abc.org.br\/100anos\/academico\/leopoldo-nachbin\/#primaryimage"},"thumbnailUrl":"https:\/\/exposicoes.abc.org.br\/100anos\/wp-content\/uploads\/2026\/01\/nachbin-hero-2.png","datePublished":"2026-01-16T14:06:08+00:00","dateModified":"2026-01-28T14:34:22+00:00","breadcrumb":{"@id":"https:\/\/exposicoes.abc.org.br\/100anos\/academico\/leopoldo-nachbin\/#breadcrumb"},"inLanguage":"pt-BR","potentialAction":[{"@type":"ReadAction","target":["https:\/\/exposicoes.abc.org.br\/100anos\/academico\/leopoldo-nachbin\/"]}]},{"@type":"ImageObject","inLanguage":"pt-BR","@id":"https:\/\/exposicoes.abc.org.br\/100anos\/academico\/leopoldo-nachbin\/#primaryimage","url":"https:\/\/exposicoes.abc.org.br\/100anos\/wp-content\/uploads\/2026\/01\/nachbin-hero-2.png","contentUrl":"https:\/\/exposicoes.abc.org.br\/100anos\/wp-content\/uploads\/2026\/01\/nachbin-hero-2.png","width":354,"height":552},{"@type":"BreadcrumbList","@id":"https:\/\/exposicoes.abc.org.br\/100anos\/academico\/leopoldo-nachbin\/#breadcrumb","itemListElement":[{"@type":"ListItem","position":1,"name":"In\u00edcio","item":"https:\/\/exposicoes.abc.org.br\/100anos\/"},{"@type":"ListItem","position":2,"name":"Leopoldo Nachbin"}]},{"@type":"WebSite","@id":"https:\/\/exposicoes.abc.org.br\/100anos\/#website","url":"https:\/\/exposicoes.abc.org.br\/100anos\/","name":"Cem Anos de Ci\u00eancia","description":"","publisher":{"@id":"https:\/\/exposicoes.abc.org.br\/100anos\/#organization"},"potentialAction":[{"@type":"SearchAction","target":{"@type":"EntryPoint","urlTemplate":"https:\/\/exposicoes.abc.org.br\/100anos\/?s={search_term_string}"},"query-input":{"@type":"PropertyValueSpecification","valueRequired":true,"valueName":"search_term_string"}}],"inLanguage":"pt-BR"},{"@type":"Organization","@id":"https:\/\/exposicoes.abc.org.br\/100anos\/#organization","name":"Academia Brasileira de Ci\u00eancias","url":"https:\/\/exposicoes.abc.org.br\/100anos\/","logo":{"@type":"ImageObject","inLanguage":"pt-BR","@id":"https:\/\/exposicoes.abc.org.br\/100anos\/#\/schema\/logo\/image\/","url":"https:\/\/exposicoes.abc.org.br\/100anos\/wp-content\/uploads\/2025\/12\/logo-100-abc.png","contentUrl":"https:\/\/exposicoes.abc.org.br\/100anos\/wp-content\/uploads\/2025\/12\/logo-100-abc.png","width":511,"height":116,"caption":"Academia Brasileira de Ci\u00eancias"},"image":{"@id":"https:\/\/exposicoes.abc.org.br\/100anos\/#\/schema\/logo\/image\/"}}]}},"_links":{"self":[{"href":"https:\/\/exposicoes.abc.org.br\/100anos\/wp-json\/wp\/v2\/academico\/554","targetHints":{"allow":["GET"]}}],"collection":[{"href":"https:\/\/exposicoes.abc.org.br\/100anos\/wp-json\/wp\/v2\/academico"}],"about":[{"href":"https:\/\/exposicoes.abc.org.br\/100anos\/wp-json\/wp\/v2\/types\/academico"}],"version-history":[{"count":1,"href":"https:\/\/exposicoes.abc.org.br\/100anos\/wp-json\/wp\/v2\/academico\/554\/revisions"}],"predecessor-version":[{"id":557,"href":"https:\/\/exposicoes.abc.org.br\/100anos\/wp-json\/wp\/v2\/academico\/554\/revisions\/557"}],"wp:featuredmedia":[{"embeddable":true,"href":"https:\/\/exposicoes.abc.org.br\/100anos\/wp-json\/wp\/v2\/media\/751"}],"wp:attachment":[{"href":"https:\/\/exposicoes.abc.org.br\/100anos\/wp-json\/wp\/v2\/media?parent=554"}],"wp:term":[{"taxonomy":"periodo-de-presidencia","embeddable":true,"href":"https:\/\/exposicoes.abc.org.br\/100anos\/wp-json\/wp\/v2\/periodo-de-presidencia?post=554"},{"taxonomy":"periodo-de-vida","embeddable":true,"href":"https:\/\/exposicoes.abc.org.br\/100anos\/wp-json\/wp\/v2\/periodo-de-vida?post=554"},{"taxonomy":"tipo-de-academico","embeddable":true,"href":"https:\/\/exposicoes.abc.org.br\/100anos\/wp-json\/wp\/v2\/tipo-de-academico?post=554"}],"curies":[{"name":"wp","href":"https:\/\/api.w.org\/{rel}","templated":true}]}}