{"id":550,"date":"2026-01-16T11:02:36","date_gmt":"2026-01-16T14:02:36","guid":{"rendered":"https:\/\/exposicoes.abc.org.br\/100anos\/?post_type=academico&#038;p=550"},"modified":"2026-01-16T11:02:36","modified_gmt":"2026-01-16T14:02:36","slug":"leopoldo-de-meis","status":"publish","type":"academico","link":"https:\/\/exposicoes.abc.org.br\/100anos\/academico\/leopoldo-de-meis\/","title":{"rendered":"Leopoldo De Meis"},"content":{"rendered":"\n<div class=\"wp-block-columns is-layout-flex wp-container-core-columns-is-layout-9d6595d7 wp-block-columns-is-layout-flex\">\n<div class=\"wp-block-column is-layout-flow wp-block-column-is-layout-flow\">\n<h2 class=\"wp-block-heading\">Sobre o Cientista<\/h2>\n\n\n\n<p>Nascido no Egito, filho de pais italianos, emigrou com a fam\u00edlia para o Rio de Janeiro logo ap\u00f3s o fim da Segunda Guerra Mundial. Aos 17 anos, ingressou na Faculdade de Medicina da Universidade do Brasil (atual Universidade Federal do Rio de Janeiro, UFRJ), onde se graduou em 1961. Fez est\u00e1gio com o pesquisador Walter Oswaldo Cruz, no Instituto Oswaldo Cruz (IOC), e atuou como bolsista no Instituto Nacional de Sa\u00fade, dos Estados Unidos, com estudos na \u00e1rea de bioqu\u00edmica. Ingressou na ABC em 1963. Em 1964, passou pelo IOC e ingressou no Instituto de Biof\u00edsica da UFRJ. Com o regime militar, transferiu-se como professor visitante para o Instituto Max Planck, na Alemanha. No fim da d\u00e9cada de 1970, foi aprovado como professor titular do Departamento de Bioqu\u00edmica M\u00e9dica da UFRJ, no qual desenvolveu pesquisas relacionadas aos mecanismos de produ\u00e7\u00e3o e transforma\u00e7\u00e3o de energia em sistemas biol\u00f3gicos. Atuou na cria\u00e7\u00e3o, em 2004, do Instituto de Bioqu\u00edmica M\u00e9dica da universidade, que, em 2013, passou a ter o nome do pesquisador.<\/p>\n<\/div>\n\n\n\n<div class=\"wp-block-column is-layout-flow wp-block-column-is-layout-flow\">\n<figure class=\"wp-block-image size-full\"><img loading=\"lazy\" decoding=\"async\" width=\"546\" height=\"652\" src=\"https:\/\/exposicoes.abc.org.br\/100anos\/wp-content\/uploads\/2026\/01\/Frame-238-1-1.png\" alt=\"\" class=\"wp-image-552\" srcset=\"https:\/\/exposicoes.abc.org.br\/100anos\/wp-content\/uploads\/2026\/01\/Frame-238-1-1.png 546w, https:\/\/exposicoes.abc.org.br\/100anos\/wp-content\/uploads\/2026\/01\/Frame-238-1-1-251x300.png 251w\" sizes=\"auto, (max-width: 546px) 100vw, 546px\" \/><figcaption class=\"wp-element-caption\">alguns dos livros publicados por leopoldo de meis. &#8211; reprodu\u00e7\u00e3o<\/figcaption><\/figure>\n<\/div>\n<\/div>\n\n\n\n<div style=\"height:100px\" aria-hidden=\"true\" class=\"wp-block-spacer\"><\/div>\n\n\n\n<hr class=\"wp-block-separator has-alpha-channel-opacity\"\/>\n\n\n\n<div style=\"height:100px\" aria-hidden=\"true\" class=\"wp-block-spacer\"><\/div>\n\n\n\n<h2 class=\"wp-block-heading\">Educa\u00e7\u00e3o para a ci\u00eancia<\/h2>\n\n\n\n<p>A vasta produ\u00e7\u00e3o cient\u00edfica, com a publica\u00e7\u00e3o de mais de 10 livros e centenas de artigos em revistas nacionais e internacionais, demonstra a import\u00e2ncia de Leopoldo de Meis para a bioqu\u00edmica. Entre suas principais contribui\u00e7\u00f5es est\u00e1 a descoberta, em 1973, da forma\u00e7\u00e3o da fosfoenzima de baixa energia, relacionada \u00e0 s\u00edntese de ATP (adenosina trifosfato), em parceria com o aluno de mestrado Hatisaburo Masuda. No mesmo ano, o norte-americano Paul Boyer publicou resultados similares e, 24 anos mais tarde, recebeu o Nobel de Qu\u00edmica pela descoberta do mecanismo de funcionamento da s\u00edntese mitocondrial de ATP.<br><br>Junto com o prazer pela pesquisa, Meis cultivava tamb\u00e9m a satisfa\u00e7\u00e3o por ensinar: fazia quest\u00e3o de estar em contato com os jovens e familiarizado com o modo de pensar de gera\u00e7\u00f5es posteriores \u00e0 sua. Nos anos 1980, aproximou-se do ensino de ci\u00eancia nas escolas, por meio de cursos experimentais de f\u00e9rias voltados a meninos e meninas de baixa renda, ministrados por pesquisadores e p\u00f3s-graduandos. A iniciativa culminou na cria\u00e7\u00e3o da Rede Nacional de Educa\u00e7\u00e3o e Ci\u00eancia: Novos Talentos da Rede P\u00fablica, voltada \u00e0 promo\u00e7\u00e3o de cursos e est\u00e1gios em laborat\u00f3rios para estudantes e professores. Na rede, s\u00e3o desenvolvidas oficinas e atividades culturais, entre as quais o teatro, fortalecendo a rela\u00e7\u00e3o entre ci\u00eancia e arte \u2013 outra grande paix\u00e3o de Leopoldo.<br><br>A trajet\u00f3ria do bioqu\u00edmico \u00e9 marcada tamb\u00e9m pelo interesse em divulgar a ci\u00eancia de forma clara e acess\u00edvel para toda a sociedade. Ainda no in\u00edcio da carreira, atuou no Jornal do Commercio \u2013 ve\u00edculo de imprensa de grande relev\u00e2ncia \u00e0 \u00e9poca \u2013 como um dos respons\u00e1veis pela p\u00e1gina dominical dedicada \u00e0 ci\u00eancia. D\u00e9cadas depois, contribuiu na proposi\u00e7\u00e3o e para a implanta\u00e7\u00e3o da \u00e1rea de Educa\u00e7\u00e3o, Gest\u00e3o e Difus\u00e3o em Bioci\u00eancias no programa de p\u00f3s-gradua\u00e7\u00e3o do Instituto de Bioqu\u00edmica da UFRJ.<\/p>\n\n\n\n<div style=\"height:100px\" aria-hidden=\"true\" class=\"wp-block-spacer\"><\/div>\n\n\n\n<blockquote class=\"wp-block-quote is-layout-flow wp-block-quote-is-layout-flow\">\n<p>\u201cN\u00e3o sei o que \u00e9 mais importante: publicar um artigo revolucion\u00e1rio numa revista cient\u00edfica como a Nature ou a Science; ou ver um jovem feliz ao entrar na universidade.\u201d<\/p>\n<cite>leopoldo de meis, ao receber o pr\u00eamio faz diferen\u00e7a, do jornal o glob o, em 2010.<\/cite><\/blockquote>\n","protected":false},"excerpt":{"rendered":"<p>Sobre o Cientista Nascido no Egito, filho de pais italianos, emigrou com a fam\u00edlia para o Rio de Janeiro logo ap\u00f3s o fim da Segunda Guerra Mundial. Aos 17 anos, ingressou na Faculdade de Medicina da Universidade do Brasil (atual Universidade Federal do Rio de Janeiro, UFRJ), onde se graduou em 1961. Fez est\u00e1gio com&#8230;<\/p>\n","protected":false},"featured_media":551,"parent":0,"template":"","meta":{"_acf_changed":false,"footnotes":""},"periodo-de-presidencia":[],"periodo-de-vida":[66],"tipo-de-academico":[4],"class_list":["post-550","academico","type-academico","status-publish","has-post-thumbnail","hentry","periodo-de-vida-1918-2006","tipo-de-academico-cientistas-de-destaque"],"acf":[],"yoast_head":"<!-- This site is optimized with the Yoast SEO plugin v26.8 - https:\/\/yoast.com\/product\/yoast-seo-wordpress\/ -->\n<title>Leopoldo De Meis | Cem Anos de Ci\u00eancia<\/title>\n<meta name=\"robots\" content=\"index, follow, max-snippet:-1, max-image-preview:large, max-video-preview:-1\" \/>\n<link rel=\"canonical\" href=\"https:\/\/exposicoes.abc.org.br\/100anos\/academico\/leopoldo-de-meis\/\" \/>\n<meta property=\"og:locale\" content=\"pt_BR\" \/>\n<meta property=\"og:type\" content=\"article\" \/>\n<meta property=\"og:title\" content=\"Leopoldo De Meis | Cem Anos de Ci\u00eancia\" \/>\n<meta property=\"og:description\" content=\"Sobre o Cientista Nascido no Egito, filho de pais italianos, emigrou com a fam\u00edlia para o Rio de Janeiro logo ap\u00f3s o fim da Segunda Guerra Mundial. Aos 17 anos, ingressou na Faculdade de Medicina da Universidade do Brasil (atual Universidade Federal do Rio de Janeiro, UFRJ), onde se graduou em 1961. Fez est\u00e1gio com...\" \/>\n<meta property=\"og:url\" content=\"https:\/\/exposicoes.abc.org.br\/100anos\/academico\/leopoldo-de-meis\/\" \/>\n<meta property=\"og:site_name\" content=\"Cem Anos de Ci\u00eancia\" \/>\n<meta property=\"og:image\" content=\"https:\/\/exposicoes.abc.org.br\/100anos\/wp-content\/uploads\/2026\/01\/leopoldo-hero.png\" \/>\n\t<meta property=\"og:image:width\" content=\"354\" \/>\n\t<meta property=\"og:image:height\" content=\"552\" \/>\n\t<meta property=\"og:image:type\" content=\"image\/png\" \/>\n<meta name=\"twitter:card\" content=\"summary_large_image\" \/>\n<meta name=\"twitter:label1\" content=\"Est. tempo de leitura\" \/>\n\t<meta name=\"twitter:data1\" content=\"3 minutos\" \/>\n<script type=\"application\/ld+json\" class=\"yoast-schema-graph\">{\"@context\":\"https:\/\/schema.org\",\"@graph\":[{\"@type\":\"WebPage\",\"@id\":\"https:\/\/exposicoes.abc.org.br\/100anos\/academico\/leopoldo-de-meis\/\",\"url\":\"https:\/\/exposicoes.abc.org.br\/100anos\/academico\/leopoldo-de-meis\/\",\"name\":\"Leopoldo De Meis | Cem Anos de Ci\u00eancia\",\"isPartOf\":{\"@id\":\"https:\/\/exposicoes.abc.org.br\/100anos\/#website\"},\"primaryImageOfPage\":{\"@id\":\"https:\/\/exposicoes.abc.org.br\/100anos\/academico\/leopoldo-de-meis\/#primaryimage\"},\"image\":{\"@id\":\"https:\/\/exposicoes.abc.org.br\/100anos\/academico\/leopoldo-de-meis\/#primaryimage\"},\"thumbnailUrl\":\"https:\/\/exposicoes.abc.org.br\/100anos\/wp-content\/uploads\/2026\/01\/leopoldo-hero.png\",\"datePublished\":\"2026-01-16T14:02:36+00:00\",\"breadcrumb\":{\"@id\":\"https:\/\/exposicoes.abc.org.br\/100anos\/academico\/leopoldo-de-meis\/#breadcrumb\"},\"inLanguage\":\"pt-BR\",\"potentialAction\":[{\"@type\":\"ReadAction\",\"target\":[\"https:\/\/exposicoes.abc.org.br\/100anos\/academico\/leopoldo-de-meis\/\"]}]},{\"@type\":\"ImageObject\",\"inLanguage\":\"pt-BR\",\"@id\":\"https:\/\/exposicoes.abc.org.br\/100anos\/academico\/leopoldo-de-meis\/#primaryimage\",\"url\":\"https:\/\/exposicoes.abc.org.br\/100anos\/wp-content\/uploads\/2026\/01\/leopoldo-hero.png\",\"contentUrl\":\"https:\/\/exposicoes.abc.org.br\/100anos\/wp-content\/uploads\/2026\/01\/leopoldo-hero.png\",\"width\":354,\"height\":552},{\"@type\":\"BreadcrumbList\",\"@id\":\"https:\/\/exposicoes.abc.org.br\/100anos\/academico\/leopoldo-de-meis\/#breadcrumb\",\"itemListElement\":[{\"@type\":\"ListItem\",\"position\":1,\"name\":\"In\u00edcio\",\"item\":\"https:\/\/exposicoes.abc.org.br\/100anos\/\"},{\"@type\":\"ListItem\",\"position\":2,\"name\":\"Leopoldo De Meis\"}]},{\"@type\":\"WebSite\",\"@id\":\"https:\/\/exposicoes.abc.org.br\/100anos\/#website\",\"url\":\"https:\/\/exposicoes.abc.org.br\/100anos\/\",\"name\":\"Cem Anos de Ci\u00eancia\",\"description\":\"\",\"publisher\":{\"@id\":\"https:\/\/exposicoes.abc.org.br\/100anos\/#organization\"},\"potentialAction\":[{\"@type\":\"SearchAction\",\"target\":{\"@type\":\"EntryPoint\",\"urlTemplate\":\"https:\/\/exposicoes.abc.org.br\/100anos\/?s={search_term_string}\"},\"query-input\":{\"@type\":\"PropertyValueSpecification\",\"valueRequired\":true,\"valueName\":\"search_term_string\"}}],\"inLanguage\":\"pt-BR\"},{\"@type\":\"Organization\",\"@id\":\"https:\/\/exposicoes.abc.org.br\/100anos\/#organization\",\"name\":\"Academia Brasileira de Ci\u00eancias\",\"url\":\"https:\/\/exposicoes.abc.org.br\/100anos\/\",\"logo\":{\"@type\":\"ImageObject\",\"inLanguage\":\"pt-BR\",\"@id\":\"https:\/\/exposicoes.abc.org.br\/100anos\/#\/schema\/logo\/image\/\",\"url\":\"https:\/\/exposicoes.abc.org.br\/100anos\/wp-content\/uploads\/2025\/12\/logo-100-abc.png\",\"contentUrl\":\"https:\/\/exposicoes.abc.org.br\/100anos\/wp-content\/uploads\/2025\/12\/logo-100-abc.png\",\"width\":511,\"height\":116,\"caption\":\"Academia Brasileira de Ci\u00eancias\"},\"image\":{\"@id\":\"https:\/\/exposicoes.abc.org.br\/100anos\/#\/schema\/logo\/image\/\"}}]}<\/script>\n<!-- \/ Yoast SEO plugin. -->","yoast_head_json":{"title":"Leopoldo De Meis | Cem Anos de Ci\u00eancia","robots":{"index":"index","follow":"follow","max-snippet":"max-snippet:-1","max-image-preview":"max-image-preview:large","max-video-preview":"max-video-preview:-1"},"canonical":"https:\/\/exposicoes.abc.org.br\/100anos\/academico\/leopoldo-de-meis\/","og_locale":"pt_BR","og_type":"article","og_title":"Leopoldo De Meis | Cem Anos de Ci\u00eancia","og_description":"Sobre o Cientista Nascido no Egito, filho de pais italianos, emigrou com a fam\u00edlia para o Rio de Janeiro logo ap\u00f3s o fim da Segunda Guerra Mundial. Aos 17 anos, ingressou na Faculdade de Medicina da Universidade do Brasil (atual Universidade Federal do Rio de Janeiro, UFRJ), onde se graduou em 1961. Fez est\u00e1gio com...","og_url":"https:\/\/exposicoes.abc.org.br\/100anos\/academico\/leopoldo-de-meis\/","og_site_name":"Cem Anos de Ci\u00eancia","og_image":[{"width":354,"height":552,"url":"https:\/\/exposicoes.abc.org.br\/100anos\/wp-content\/uploads\/2026\/01\/leopoldo-hero.png","type":"image\/png"}],"twitter_card":"summary_large_image","twitter_misc":{"Est. tempo de leitura":"3 minutos"},"schema":{"@context":"https:\/\/schema.org","@graph":[{"@type":"WebPage","@id":"https:\/\/exposicoes.abc.org.br\/100anos\/academico\/leopoldo-de-meis\/","url":"https:\/\/exposicoes.abc.org.br\/100anos\/academico\/leopoldo-de-meis\/","name":"Leopoldo De Meis | Cem Anos de Ci\u00eancia","isPartOf":{"@id":"https:\/\/exposicoes.abc.org.br\/100anos\/#website"},"primaryImageOfPage":{"@id":"https:\/\/exposicoes.abc.org.br\/100anos\/academico\/leopoldo-de-meis\/#primaryimage"},"image":{"@id":"https:\/\/exposicoes.abc.org.br\/100anos\/academico\/leopoldo-de-meis\/#primaryimage"},"thumbnailUrl":"https:\/\/exposicoes.abc.org.br\/100anos\/wp-content\/uploads\/2026\/01\/leopoldo-hero.png","datePublished":"2026-01-16T14:02:36+00:00","breadcrumb":{"@id":"https:\/\/exposicoes.abc.org.br\/100anos\/academico\/leopoldo-de-meis\/#breadcrumb"},"inLanguage":"pt-BR","potentialAction":[{"@type":"ReadAction","target":["https:\/\/exposicoes.abc.org.br\/100anos\/academico\/leopoldo-de-meis\/"]}]},{"@type":"ImageObject","inLanguage":"pt-BR","@id":"https:\/\/exposicoes.abc.org.br\/100anos\/academico\/leopoldo-de-meis\/#primaryimage","url":"https:\/\/exposicoes.abc.org.br\/100anos\/wp-content\/uploads\/2026\/01\/leopoldo-hero.png","contentUrl":"https:\/\/exposicoes.abc.org.br\/100anos\/wp-content\/uploads\/2026\/01\/leopoldo-hero.png","width":354,"height":552},{"@type":"BreadcrumbList","@id":"https:\/\/exposicoes.abc.org.br\/100anos\/academico\/leopoldo-de-meis\/#breadcrumb","itemListElement":[{"@type":"ListItem","position":1,"name":"In\u00edcio","item":"https:\/\/exposicoes.abc.org.br\/100anos\/"},{"@type":"ListItem","position":2,"name":"Leopoldo De Meis"}]},{"@type":"WebSite","@id":"https:\/\/exposicoes.abc.org.br\/100anos\/#website","url":"https:\/\/exposicoes.abc.org.br\/100anos\/","name":"Cem Anos de Ci\u00eancia","description":"","publisher":{"@id":"https:\/\/exposicoes.abc.org.br\/100anos\/#organization"},"potentialAction":[{"@type":"SearchAction","target":{"@type":"EntryPoint","urlTemplate":"https:\/\/exposicoes.abc.org.br\/100anos\/?s={search_term_string}"},"query-input":{"@type":"PropertyValueSpecification","valueRequired":true,"valueName":"search_term_string"}}],"inLanguage":"pt-BR"},{"@type":"Organization","@id":"https:\/\/exposicoes.abc.org.br\/100anos\/#organization","name":"Academia Brasileira de Ci\u00eancias","url":"https:\/\/exposicoes.abc.org.br\/100anos\/","logo":{"@type":"ImageObject","inLanguage":"pt-BR","@id":"https:\/\/exposicoes.abc.org.br\/100anos\/#\/schema\/logo\/image\/","url":"https:\/\/exposicoes.abc.org.br\/100anos\/wp-content\/uploads\/2025\/12\/logo-100-abc.png","contentUrl":"https:\/\/exposicoes.abc.org.br\/100anos\/wp-content\/uploads\/2025\/12\/logo-100-abc.png","width":511,"height":116,"caption":"Academia Brasileira de Ci\u00eancias"},"image":{"@id":"https:\/\/exposicoes.abc.org.br\/100anos\/#\/schema\/logo\/image\/"}}]}},"_links":{"self":[{"href":"https:\/\/exposicoes.abc.org.br\/100anos\/wp-json\/wp\/v2\/academico\/550","targetHints":{"allow":["GET"]}}],"collection":[{"href":"https:\/\/exposicoes.abc.org.br\/100anos\/wp-json\/wp\/v2\/academico"}],"about":[{"href":"https:\/\/exposicoes.abc.org.br\/100anos\/wp-json\/wp\/v2\/types\/academico"}],"version-history":[{"count":1,"href":"https:\/\/exposicoes.abc.org.br\/100anos\/wp-json\/wp\/v2\/academico\/550\/revisions"}],"predecessor-version":[{"id":553,"href":"https:\/\/exposicoes.abc.org.br\/100anos\/wp-json\/wp\/v2\/academico\/550\/revisions\/553"}],"wp:featuredmedia":[{"embeddable":true,"href":"https:\/\/exposicoes.abc.org.br\/100anos\/wp-json\/wp\/v2\/media\/551"}],"wp:attachment":[{"href":"https:\/\/exposicoes.abc.org.br\/100anos\/wp-json\/wp\/v2\/media?parent=550"}],"wp:term":[{"taxonomy":"periodo-de-presidencia","embeddable":true,"href":"https:\/\/exposicoes.abc.org.br\/100anos\/wp-json\/wp\/v2\/periodo-de-presidencia?post=550"},{"taxonomy":"periodo-de-vida","embeddable":true,"href":"https:\/\/exposicoes.abc.org.br\/100anos\/wp-json\/wp\/v2\/periodo-de-vida?post=550"},{"taxonomy":"tipo-de-academico","embeddable":true,"href":"https:\/\/exposicoes.abc.org.br\/100anos\/wp-json\/wp\/v2\/tipo-de-academico?post=550"}],"curies":[{"name":"wp","href":"https:\/\/api.w.org\/{rel}","templated":true}]}}