{"id":546,"date":"2026-01-16T10:59:19","date_gmt":"2026-01-16T13:59:19","guid":{"rendered":"https:\/\/exposicoes.abc.org.br\/100anos\/?post_type=academico&#038;p=546"},"modified":"2026-01-16T10:59:19","modified_gmt":"2026-01-16T13:59:19","slug":"jose-leite-lopes","status":"publish","type":"academico","link":"https:\/\/exposicoes.abc.org.br\/100anos\/academico\/jose-leite-lopes\/","title":{"rendered":"Jos\u00e9 Leite Lopes"},"content":{"rendered":"\n<div class=\"wp-block-columns is-layout-flex wp-container-core-columns-is-layout-9d6595d7 wp-block-columns-is-layout-flex\">\n<div class=\"wp-block-column is-layout-flow wp-block-column-is-layout-flow\">\n<h2 class=\"wp-block-heading\">Sobre o Cientista<\/h2>\n\n\n\n<p>Nascido no Recife, graduou-se em qu\u00edmica industrial pela Escola de Engenharia de Pernambuco, em 1939. No Rio de Janeiro, para onde se transferiu com uma bolsa de estudos, integrou a primeira turma de f\u00edsicos formados pela Universidade do Brasil (atual Universidade Federal do Rio de Janeiro). Ap\u00f3s passagem pela Universidade de S\u00e3o Paulo, em contato com professores como Gleb Wataghin e Mario Schenberg, desenvolveu tese de doutorado na Universidade de Princeton, sob orienta\u00e7\u00e3o de Wolfgang Pauli, laureado com o Nobel de F\u00edsica em 1945, durante a temporada de Leite Lopes nos Estados Unidos. Teve participa\u00e7\u00e3o fundamental na cria\u00e7\u00e3o, em 1949, do Centro Brasileiro de Pesquisas F\u00edsicas (CBPF), institui\u00e7\u00e3o da qual foi diretor e que abrigou seus estudos na \u00e1rea de f\u00edsica de part\u00edculas at\u00e9 o fim da vida. Ingressou na ABC em 1949. Professor em\u00e9rito de universidades e membro de academias no Brasil e no exterior, recebeu entre outras l\u00e1ureas a Ordem Nacional do M\u00e9rito Cient\u00edfico (1994) e a Medalha Nacional de Ci\u00eancias (1989).<\/p>\n<\/div>\n\n\n\n<div class=\"wp-block-column is-layout-flow wp-block-column-is-layout-flow\">\n<figure class=\"wp-block-image size-full\"><img loading=\"lazy\" decoding=\"async\" width=\"542\" height=\"649\" src=\"https:\/\/exposicoes.abc.org.br\/100anos\/wp-content\/uploads\/2026\/01\/jose-01.png\" alt=\"\" class=\"wp-image-548\" srcset=\"https:\/\/exposicoes.abc.org.br\/100anos\/wp-content\/uploads\/2026\/01\/jose-01.png 542w, https:\/\/exposicoes.abc.org.br\/100anos\/wp-content\/uploads\/2026\/01\/jose-01-251x300.png 251w\" sizes=\"auto, (max-width: 542px) 100vw, 542px\" \/><figcaption class=\"wp-element-caption\">leite lopes e suas duas paix\u00f5es: a f\u00edsica te\u00f3rica e a pintura. o cientista era um entusiasta da parceria entre ci\u00eancia e arte. foto maior: acervo abc; quadro: acervo cbpf; fotos menores: canal ci\u00eancia \/ ibict<\/figcaption><\/figure>\n<\/div>\n<\/div>\n\n\n\n<div style=\"height:100px\" aria-hidden=\"true\" class=\"wp-block-spacer\"><\/div>\n\n\n\n<hr class=\"wp-block-separator has-alpha-channel-opacity\"\/>\n\n\n\n<div style=\"height:100px\" aria-hidden=\"true\" class=\"wp-block-spacer\"><\/div>\n\n\n\n<h2 class=\"wp-block-heading\">Intera\u00e7\u00f5es de for\u00e7as da natureza<\/h2>\n\n\n\n<p>A primeira metade do s\u00e9culo XX, e particularmente os anos 1940 e 1950, foi um per\u00edodo de grande efervesc\u00eancia para a f\u00edsica no Brasil, com a atua\u00e7\u00e3o de um grupo de cientistas que se destacavam nacional e internacionalmente. Ao lado de C\u00e9sar Lattes, Mario Shenberg e Jayme Tiomno, entre outros, Jos\u00e9 Leite Lopes contribuiu n\u00e3o apenas para o avan\u00e7o do campo da f\u00edsica de part\u00edculas, mas tamb\u00e9m para a institucionaliza\u00e7\u00e3o e o desenvolvimento da ci\u00eancia no pa\u00eds.<br><br>Autor de ampla obra cient\u00edfica, o f\u00edsico foi o primeiro a sugerir a integra\u00e7\u00e3o entre as for\u00e7as eletromagn\u00e9tica e fraca \u2013 as duas comp\u00f5em o conjunto de for\u00e7as fundamentais da natureza, juntamente com as for\u00e7as forte e gravitacional. Em artigo publicado na revista Nuclear Physics, em 1958, previu a exist\u00eancia de b\u00f3sons vetoriais neutros \u2013 hoje conhecidos como b\u00f3son Z0 \u2013, respons\u00e1vel pela media\u00e7\u00e3o das intera\u00e7\u00f5es fracas no n\u00facleo do \u00e1tomo. A teoria de unifica\u00e7\u00e3o eletrofraca, especulada por Leite Lopes nos anos 1950, rendeu, em 1979, o pr\u00eamio Nobel de F\u00edsica aos pesquisadores Sheldon Glashow, Abdus Salam e Steven Weinberg. J\u00e1 a part\u00edcula apontada pelo f\u00edsico brasileiro foi detectada experimentalmente por Carlo Rubia e Simon Van der Meer, tamb\u00e9m ganhadores do Nobel, em 1985.<br><br>Transitou com igual destaque pela pol\u00edtica cient\u00edfica, tendo como foco as rela\u00e7\u00f5es entre ci\u00eancia e sociedade. Lutou por melhores condi\u00e7\u00f5es salariais e de trabalho para docentes da Universidade do Brasil, participou ativamente da cria\u00e7\u00e3o dos principais \u00f3rg\u00e3os de ci\u00eancia do pa\u00eds e atuou em movimentos voltados ao desenvolvimento da f\u00edsica brasileira. Nos anos 1960, teve seus direitos cassados pela ditadura militar, o que o levou a passar quase 20 anos no exterior. A maior parte desse per\u00edodo foi passada em Estrasburgo, na Fran\u00e7a, ap\u00f3s desistir dos Estados Unidos em fun\u00e7\u00e3o do apoio do pa\u00eds ao golpe militar.<\/p>\n\n\n\n<div style=\"height:100px\" aria-hidden=\"true\" class=\"wp-block-spacer\"><\/div>\n","protected":false},"excerpt":{"rendered":"<p>Sobre o Cientista Nascido no Recife, graduou-se em qu\u00edmica industrial pela Escola de Engenharia de Pernambuco, em 1939. No Rio de Janeiro, para onde se transferiu com uma bolsa de estudos, integrou a primeira turma de f\u00edsicos formados pela Universidade do Brasil (atual Universidade Federal do Rio de Janeiro). Ap\u00f3s passagem pela Universidade de S\u00e3o&#8230;<\/p>\n","protected":false},"featured_media":547,"parent":0,"template":"","meta":{"_acf_changed":false,"footnotes":""},"periodo-de-presidencia":[],"periodo-de-vida":[66],"tipo-de-academico":[4],"class_list":["post-546","academico","type-academico","status-publish","has-post-thumbnail","hentry","periodo-de-vida-1918-2006","tipo-de-academico-cientistas-de-destaque"],"acf":[],"yoast_head":"<!-- This site is optimized with the Yoast SEO plugin v26.8 - https:\/\/yoast.com\/product\/yoast-seo-wordpress\/ -->\n<title>Jos\u00e9 Leite Lopes | Cem Anos de Ci\u00eancia<\/title>\n<meta name=\"robots\" content=\"index, follow, max-snippet:-1, max-image-preview:large, max-video-preview:-1\" \/>\n<link rel=\"canonical\" href=\"https:\/\/exposicoes.abc.org.br\/100anos\/academico\/jose-leite-lopes\/\" \/>\n<meta property=\"og:locale\" content=\"pt_BR\" \/>\n<meta property=\"og:type\" content=\"article\" \/>\n<meta property=\"og:title\" content=\"Jos\u00e9 Leite Lopes | Cem Anos de Ci\u00eancia\" \/>\n<meta property=\"og:description\" content=\"Sobre o Cientista Nascido no Recife, graduou-se em qu\u00edmica industrial pela Escola de Engenharia de Pernambuco, em 1939. No Rio de Janeiro, para onde se transferiu com uma bolsa de estudos, integrou a primeira turma de f\u00edsicos formados pela Universidade do Brasil (atual Universidade Federal do Rio de Janeiro). Ap\u00f3s passagem pela Universidade de S\u00e3o...\" \/>\n<meta property=\"og:url\" content=\"https:\/\/exposicoes.abc.org.br\/100anos\/academico\/jose-leite-lopes\/\" \/>\n<meta property=\"og:site_name\" content=\"Cem Anos de Ci\u00eancia\" \/>\n<meta property=\"og:image\" content=\"https:\/\/exposicoes.abc.org.br\/100anos\/wp-content\/uploads\/2026\/01\/jose-hero.png\" \/>\n\t<meta property=\"og:image:width\" content=\"354\" \/>\n\t<meta property=\"og:image:height\" content=\"552\" \/>\n\t<meta property=\"og:image:type\" content=\"image\/png\" \/>\n<meta name=\"twitter:card\" content=\"summary_large_image\" \/>\n<meta name=\"twitter:label1\" content=\"Est. tempo de leitura\" \/>\n\t<meta name=\"twitter:data1\" content=\"3 minutos\" \/>\n<script type=\"application\/ld+json\" class=\"yoast-schema-graph\">{\"@context\":\"https:\/\/schema.org\",\"@graph\":[{\"@type\":\"WebPage\",\"@id\":\"https:\/\/exposicoes.abc.org.br\/100anos\/academico\/jose-leite-lopes\/\",\"url\":\"https:\/\/exposicoes.abc.org.br\/100anos\/academico\/jose-leite-lopes\/\",\"name\":\"Jos\u00e9 Leite Lopes | Cem Anos de Ci\u00eancia\",\"isPartOf\":{\"@id\":\"https:\/\/exposicoes.abc.org.br\/100anos\/#website\"},\"primaryImageOfPage\":{\"@id\":\"https:\/\/exposicoes.abc.org.br\/100anos\/academico\/jose-leite-lopes\/#primaryimage\"},\"image\":{\"@id\":\"https:\/\/exposicoes.abc.org.br\/100anos\/academico\/jose-leite-lopes\/#primaryimage\"},\"thumbnailUrl\":\"https:\/\/exposicoes.abc.org.br\/100anos\/wp-content\/uploads\/2026\/01\/jose-hero.png\",\"datePublished\":\"2026-01-16T13:59:19+00:00\",\"breadcrumb\":{\"@id\":\"https:\/\/exposicoes.abc.org.br\/100anos\/academico\/jose-leite-lopes\/#breadcrumb\"},\"inLanguage\":\"pt-BR\",\"potentialAction\":[{\"@type\":\"ReadAction\",\"target\":[\"https:\/\/exposicoes.abc.org.br\/100anos\/academico\/jose-leite-lopes\/\"]}]},{\"@type\":\"ImageObject\",\"inLanguage\":\"pt-BR\",\"@id\":\"https:\/\/exposicoes.abc.org.br\/100anos\/academico\/jose-leite-lopes\/#primaryimage\",\"url\":\"https:\/\/exposicoes.abc.org.br\/100anos\/wp-content\/uploads\/2026\/01\/jose-hero.png\",\"contentUrl\":\"https:\/\/exposicoes.abc.org.br\/100anos\/wp-content\/uploads\/2026\/01\/jose-hero.png\",\"width\":354,\"height\":552},{\"@type\":\"BreadcrumbList\",\"@id\":\"https:\/\/exposicoes.abc.org.br\/100anos\/academico\/jose-leite-lopes\/#breadcrumb\",\"itemListElement\":[{\"@type\":\"ListItem\",\"position\":1,\"name\":\"In\u00edcio\",\"item\":\"https:\/\/exposicoes.abc.org.br\/100anos\/\"},{\"@type\":\"ListItem\",\"position\":2,\"name\":\"Jos\u00e9 Leite Lopes\"}]},{\"@type\":\"WebSite\",\"@id\":\"https:\/\/exposicoes.abc.org.br\/100anos\/#website\",\"url\":\"https:\/\/exposicoes.abc.org.br\/100anos\/\",\"name\":\"Cem Anos de Ci\u00eancia\",\"description\":\"\",\"publisher\":{\"@id\":\"https:\/\/exposicoes.abc.org.br\/100anos\/#organization\"},\"potentialAction\":[{\"@type\":\"SearchAction\",\"target\":{\"@type\":\"EntryPoint\",\"urlTemplate\":\"https:\/\/exposicoes.abc.org.br\/100anos\/?s={search_term_string}\"},\"query-input\":{\"@type\":\"PropertyValueSpecification\",\"valueRequired\":true,\"valueName\":\"search_term_string\"}}],\"inLanguage\":\"pt-BR\"},{\"@type\":\"Organization\",\"@id\":\"https:\/\/exposicoes.abc.org.br\/100anos\/#organization\",\"name\":\"Academia Brasileira de Ci\u00eancias\",\"url\":\"https:\/\/exposicoes.abc.org.br\/100anos\/\",\"logo\":{\"@type\":\"ImageObject\",\"inLanguage\":\"pt-BR\",\"@id\":\"https:\/\/exposicoes.abc.org.br\/100anos\/#\/schema\/logo\/image\/\",\"url\":\"https:\/\/exposicoes.abc.org.br\/100anos\/wp-content\/uploads\/2025\/12\/logo-100-abc.png\",\"contentUrl\":\"https:\/\/exposicoes.abc.org.br\/100anos\/wp-content\/uploads\/2025\/12\/logo-100-abc.png\",\"width\":511,\"height\":116,\"caption\":\"Academia Brasileira de Ci\u00eancias\"},\"image\":{\"@id\":\"https:\/\/exposicoes.abc.org.br\/100anos\/#\/schema\/logo\/image\/\"}}]}<\/script>\n<!-- \/ Yoast SEO plugin. -->","yoast_head_json":{"title":"Jos\u00e9 Leite Lopes | Cem Anos de Ci\u00eancia","robots":{"index":"index","follow":"follow","max-snippet":"max-snippet:-1","max-image-preview":"max-image-preview:large","max-video-preview":"max-video-preview:-1"},"canonical":"https:\/\/exposicoes.abc.org.br\/100anos\/academico\/jose-leite-lopes\/","og_locale":"pt_BR","og_type":"article","og_title":"Jos\u00e9 Leite Lopes | Cem Anos de Ci\u00eancia","og_description":"Sobre o Cientista Nascido no Recife, graduou-se em qu\u00edmica industrial pela Escola de Engenharia de Pernambuco, em 1939. No Rio de Janeiro, para onde se transferiu com uma bolsa de estudos, integrou a primeira turma de f\u00edsicos formados pela Universidade do Brasil (atual Universidade Federal do Rio de Janeiro). Ap\u00f3s passagem pela Universidade de S\u00e3o...","og_url":"https:\/\/exposicoes.abc.org.br\/100anos\/academico\/jose-leite-lopes\/","og_site_name":"Cem Anos de Ci\u00eancia","og_image":[{"width":354,"height":552,"url":"https:\/\/exposicoes.abc.org.br\/100anos\/wp-content\/uploads\/2026\/01\/jose-hero.png","type":"image\/png"}],"twitter_card":"summary_large_image","twitter_misc":{"Est. tempo de leitura":"3 minutos"},"schema":{"@context":"https:\/\/schema.org","@graph":[{"@type":"WebPage","@id":"https:\/\/exposicoes.abc.org.br\/100anos\/academico\/jose-leite-lopes\/","url":"https:\/\/exposicoes.abc.org.br\/100anos\/academico\/jose-leite-lopes\/","name":"Jos\u00e9 Leite Lopes | Cem Anos de Ci\u00eancia","isPartOf":{"@id":"https:\/\/exposicoes.abc.org.br\/100anos\/#website"},"primaryImageOfPage":{"@id":"https:\/\/exposicoes.abc.org.br\/100anos\/academico\/jose-leite-lopes\/#primaryimage"},"image":{"@id":"https:\/\/exposicoes.abc.org.br\/100anos\/academico\/jose-leite-lopes\/#primaryimage"},"thumbnailUrl":"https:\/\/exposicoes.abc.org.br\/100anos\/wp-content\/uploads\/2026\/01\/jose-hero.png","datePublished":"2026-01-16T13:59:19+00:00","breadcrumb":{"@id":"https:\/\/exposicoes.abc.org.br\/100anos\/academico\/jose-leite-lopes\/#breadcrumb"},"inLanguage":"pt-BR","potentialAction":[{"@type":"ReadAction","target":["https:\/\/exposicoes.abc.org.br\/100anos\/academico\/jose-leite-lopes\/"]}]},{"@type":"ImageObject","inLanguage":"pt-BR","@id":"https:\/\/exposicoes.abc.org.br\/100anos\/academico\/jose-leite-lopes\/#primaryimage","url":"https:\/\/exposicoes.abc.org.br\/100anos\/wp-content\/uploads\/2026\/01\/jose-hero.png","contentUrl":"https:\/\/exposicoes.abc.org.br\/100anos\/wp-content\/uploads\/2026\/01\/jose-hero.png","width":354,"height":552},{"@type":"BreadcrumbList","@id":"https:\/\/exposicoes.abc.org.br\/100anos\/academico\/jose-leite-lopes\/#breadcrumb","itemListElement":[{"@type":"ListItem","position":1,"name":"In\u00edcio","item":"https:\/\/exposicoes.abc.org.br\/100anos\/"},{"@type":"ListItem","position":2,"name":"Jos\u00e9 Leite Lopes"}]},{"@type":"WebSite","@id":"https:\/\/exposicoes.abc.org.br\/100anos\/#website","url":"https:\/\/exposicoes.abc.org.br\/100anos\/","name":"Cem Anos de Ci\u00eancia","description":"","publisher":{"@id":"https:\/\/exposicoes.abc.org.br\/100anos\/#organization"},"potentialAction":[{"@type":"SearchAction","target":{"@type":"EntryPoint","urlTemplate":"https:\/\/exposicoes.abc.org.br\/100anos\/?s={search_term_string}"},"query-input":{"@type":"PropertyValueSpecification","valueRequired":true,"valueName":"search_term_string"}}],"inLanguage":"pt-BR"},{"@type":"Organization","@id":"https:\/\/exposicoes.abc.org.br\/100anos\/#organization","name":"Academia Brasileira de Ci\u00eancias","url":"https:\/\/exposicoes.abc.org.br\/100anos\/","logo":{"@type":"ImageObject","inLanguage":"pt-BR","@id":"https:\/\/exposicoes.abc.org.br\/100anos\/#\/schema\/logo\/image\/","url":"https:\/\/exposicoes.abc.org.br\/100anos\/wp-content\/uploads\/2025\/12\/logo-100-abc.png","contentUrl":"https:\/\/exposicoes.abc.org.br\/100anos\/wp-content\/uploads\/2025\/12\/logo-100-abc.png","width":511,"height":116,"caption":"Academia Brasileira de Ci\u00eancias"},"image":{"@id":"https:\/\/exposicoes.abc.org.br\/100anos\/#\/schema\/logo\/image\/"}}]}},"_links":{"self":[{"href":"https:\/\/exposicoes.abc.org.br\/100anos\/wp-json\/wp\/v2\/academico\/546","targetHints":{"allow":["GET"]}}],"collection":[{"href":"https:\/\/exposicoes.abc.org.br\/100anos\/wp-json\/wp\/v2\/academico"}],"about":[{"href":"https:\/\/exposicoes.abc.org.br\/100anos\/wp-json\/wp\/v2\/types\/academico"}],"version-history":[{"count":1,"href":"https:\/\/exposicoes.abc.org.br\/100anos\/wp-json\/wp\/v2\/academico\/546\/revisions"}],"predecessor-version":[{"id":549,"href":"https:\/\/exposicoes.abc.org.br\/100anos\/wp-json\/wp\/v2\/academico\/546\/revisions\/549"}],"wp:featuredmedia":[{"embeddable":true,"href":"https:\/\/exposicoes.abc.org.br\/100anos\/wp-json\/wp\/v2\/media\/547"}],"wp:attachment":[{"href":"https:\/\/exposicoes.abc.org.br\/100anos\/wp-json\/wp\/v2\/media?parent=546"}],"wp:term":[{"taxonomy":"periodo-de-presidencia","embeddable":true,"href":"https:\/\/exposicoes.abc.org.br\/100anos\/wp-json\/wp\/v2\/periodo-de-presidencia?post=546"},{"taxonomy":"periodo-de-vida","embeddable":true,"href":"https:\/\/exposicoes.abc.org.br\/100anos\/wp-json\/wp\/v2\/periodo-de-vida?post=546"},{"taxonomy":"tipo-de-academico","embeddable":true,"href":"https:\/\/exposicoes.abc.org.br\/100anos\/wp-json\/wp\/v2\/tipo-de-academico?post=546"}],"curies":[{"name":"wp","href":"https:\/\/api.w.org\/{rel}","templated":true}]}}