{"id":542,"date":"2026-01-16T10:52:49","date_gmt":"2026-01-16T13:52:49","guid":{"rendered":"https:\/\/exposicoes.abc.org.br\/100anos\/?post_type=academico&#038;p=542"},"modified":"2026-02-04T11:39:51","modified_gmt":"2026-02-04T14:39:51","slug":"otto-richard-gottlieb","status":"publish","type":"academico","link":"https:\/\/exposicoes.abc.org.br\/100anos\/academico\/otto-richard-gottlieb\/","title":{"rendered":"Otto Richard Gottlieb\u00a0"},"content":{"rendered":"\n<div class=\"wp-block-columns is-layout-flex wp-container-core-columns-is-layout-9d6595d7 wp-block-columns-is-layout-flex\">\n<div class=\"wp-block-column is-layout-flow wp-block-column-is-layout-flow\">\n<h2 class=\"wp-block-heading\">Sobre o Cientista<\/h2>\n\n\n\n<p>Nascido na Tchecoslov\u00e1quia, filho de m\u00e3e brasileira, chegou ao Brasil em 1939. Seis anos depois, formou-se em qu\u00edmica industrial pela Escola Nacional de Qu\u00edmica da Universidade do Brasil. Participou de um dos mais importantes grupos de produtos naturais da \u00e9poca, o Instituto Weizmann de Ci\u00eancias, em Israel. Foi bolsista no Instituto de Qu\u00edmica Agr\u00edcola do Minist\u00e9rio da Agricultura, onde se dedicou ao estudo da estrutura qu\u00edmica de produtos naturais brasileiros. Ingressou na ABC em 1961. Teve trajet\u00f3ria itinerante por diversas institui\u00e7\u00f5es, onde lecionou e fundou grupos de pesquisa; entre elas, as universidades federais de Bras\u00edlia, Minas Gerais, Cear\u00e1 e Rural do Rio de Janeiro, al\u00e9m da Universidade de Sheffield, na Inglaterra, do Instituto Oswaldo Cruz e da Universidade de S\u00e3o Paulo. Nesta, organizou o Laborat\u00f3rio de Qu\u00edmica de Produtos Naturais, propiciando a forma\u00e7\u00e3o de um promissor grupo de pesquisadores. Por seus estudos sobre a estrutura qu\u00edmica das plantas, que permite analisar o estado de preserva\u00e7\u00e3o de ecossistemas brasileiros, foi indicado ao Pr\u00eamio Nobel de Qu\u00edmica.\u00a0<\/p>\n<\/div>\n\n\n\n<div class=\"wp-block-column is-layout-flow wp-block-column-is-layout-flow\">\n<figure class=\"wp-block-image size-full\"><img loading=\"lazy\" decoding=\"async\" width=\"542\" height=\"575\" src=\"https:\/\/exposicoes.abc.org.br\/100anos\/wp-content\/uploads\/2026\/01\/otto-01.png\" alt=\"\" class=\"wp-image-544\" srcset=\"https:\/\/exposicoes.abc.org.br\/100anos\/wp-content\/uploads\/2026\/01\/otto-01.png 542w, https:\/\/exposicoes.abc.org.br\/100anos\/wp-content\/uploads\/2026\/01\/otto-01-283x300.png 283w\" sizes=\"auto, (max-width: 542px) 100vw, 542px\" \/><figcaption class=\"wp-element-caption\">gottlieb dedicou-se ao estudo das esp\u00e9cies da flora brasileira com aplica\u00e7\u00f5es comerciais. entre seus temas de pesquisa, destacam-se as neolignanas, subst\u00e2ncias anti- inflamat\u00f3rias obtidas no tronco de diversas \u00e1rvores e usadas no combate a tumores. foto maior: hemidi\/ flickr; foto no alto:<br>pixabay.com; abaixo: guto de lima\/ flickr.<\/figcaption><\/figure>\n<\/div>\n<\/div>\n\n\n\n<div style=\"height:100px\" aria-hidden=\"true\" class=\"wp-block-spacer\"><\/div>\n\n\n\n<hr class=\"wp-block-separator has-alpha-channel-opacity\"\/>\n\n\n\n<div style=\"height:100px\" aria-hidden=\"true\" class=\"wp-block-spacer\"><\/div>\n\n\n\n<h2 class=\"wp-block-heading\">Ra\u00edzes familiares<\/h2>\n\n\n\n<p>O interesse pela qu\u00edmica \u00e9 uma marca da fam\u00edlia de Otto Gottlieb. O av\u00f4, dono de uma f\u00e1brica de lou\u00e7as esmaltadas na Tchecoslov\u00e1quia, come\u00e7ou a trabalhar empiricamente na \u00e1rea para acompanhar os processos de produ\u00e7\u00e3o, que envolviam o uso de borato e de pigmentos inorg\u00e2nicos. J\u00e1 o pai formou-se qu\u00edmico. Numa ida \u00e0 Argentina para verificar uma infra\u00e7\u00e3o de patente das lou\u00e7as, passou pelo Brasil, onde conheceu sua futura esposa e m\u00e3e de Otto.<br><br>Antes de abra\u00e7ar a carreira de pesquisador, Gottlieb trabalhou por dez anos na f\u00e1brica fundada pelo pai no Brasil, produtora de \u00f3leos essenciais provenientes da flora brasileira. Atuava em diversas frentes, desde o abastecimento das caldeiras at\u00e9 a compra e venda. Para tornar o trabalho mais interessante, come\u00e7ou a desenvolver um m\u00e9todo de an\u00e1lise inorg\u00e2nica, chamado titimetria gasom\u00e9trica, que gerou publica\u00e7\u00e3o em revistas estrangeiras.<br><br>A partir de ent\u00e3o a carreira de pesquisador tomou impulso: Gottlieb aproximou-se da Associa\u00e7\u00e3o Brasileira de Qu\u00edmica, conseguiu uma bolsa para trabalhar no Instituto de Qu\u00edmica Agr\u00edcola e ali iniciou sua trajet\u00f3ria de sucesso no estudo de esp\u00e9cies nativas e suas propriedades qu\u00edmicas.<br><br>Dedicou-se \u00e0 fitoqu\u00edmica, estudando esp\u00e9cies de fam\u00edlias vegetais com import\u00e2ncia econ\u00f4mica, entre elas o pau-rosa, fornecedor de \u00f3leo essencial de grande interesse da ind\u00fastria. Juntamente com sua equipe, desenvolveu t\u00e9cnicas de isolamento e determina\u00e7\u00e3o estrutural das neolignanas, subst\u00e2ncias com propriedades anti-inflamat\u00f3rias. \u00a0<br><br>Gottlieb mapeou centenas de esp\u00e9cies e estabeleceu \u00edndices para seu comportamento, o que permitiu a medi\u00e7\u00e3o da biodiversidade de ecossistemas. Suas pesquisas levaram, ainda, ao desenvolvimento de uma nova \u00e1rea de estudo no campo da qu\u00edmica de produtos naturais: a quimiossistem\u00e1tica ou taxonomia qu\u00edmica, que consiste na identifica\u00e7\u00e3o de grupos de subst\u00e2ncias qu\u00edmicas presentes nas plantas.<\/p>\n\n\n\n<div style=\"height:100px\" aria-hidden=\"true\" class=\"wp-block-spacer\"><\/div>\n","protected":false},"excerpt":{"rendered":"<p>Sobre o Cientista Nascido na Tchecoslov\u00e1quia, filho de m\u00e3e brasileira, chegou ao Brasil em 1939. Seis anos depois, formou-se em qu\u00edmica industrial pela Escola Nacional de Qu\u00edmica da Universidade do Brasil. Participou de um dos mais importantes grupos de produtos naturais da \u00e9poca, o Instituto Weizmann de Ci\u00eancias, em Israel. Foi bolsista no Instituto de&#8230;<\/p>\n","protected":false},"featured_media":789,"parent":0,"template":"","meta":{"_acf_changed":false,"footnotes":""},"periodo-de-presidencia":[],"periodo-de-vida":[85],"tipo-de-academico":[4],"class_list":["post-542","academico","type-academico","status-publish","has-post-thumbnail","hentry","periodo-de-vida-1920-2011","tipo-de-academico-cientistas-de-destaque"],"acf":[],"yoast_head":"<!-- This site is optimized with the Yoast SEO plugin v26.8 - https:\/\/yoast.com\/product\/yoast-seo-wordpress\/ -->\n<title>Otto Richard Gottlieb\u00a0 | Cem Anos de Ci\u00eancia<\/title>\n<meta name=\"robots\" content=\"index, follow, max-snippet:-1, max-image-preview:large, max-video-preview:-1\" \/>\n<link rel=\"canonical\" href=\"https:\/\/exposicoes.abc.org.br\/100anos\/academico\/otto-richard-gottlieb\/\" \/>\n<meta property=\"og:locale\" content=\"pt_BR\" \/>\n<meta property=\"og:type\" content=\"article\" \/>\n<meta property=\"og:title\" content=\"Otto Richard Gottlieb\u00a0 | Cem Anos de Ci\u00eancia\" \/>\n<meta property=\"og:description\" content=\"Sobre o Cientista Nascido na Tchecoslov\u00e1quia, filho de m\u00e3e brasileira, chegou ao Brasil em 1939. Seis anos depois, formou-se em qu\u00edmica industrial pela Escola Nacional de Qu\u00edmica da Universidade do Brasil. Participou de um dos mais importantes grupos de produtos naturais da \u00e9poca, o Instituto Weizmann de Ci\u00eancias, em Israel. Foi bolsista no Instituto de...\" \/>\n<meta property=\"og:url\" content=\"https:\/\/exposicoes.abc.org.br\/100anos\/academico\/otto-richard-gottlieb\/\" \/>\n<meta property=\"og:site_name\" content=\"Cem Anos de Ci\u00eancia\" \/>\n<meta property=\"article:modified_time\" content=\"2026-02-04T14:39:51+00:00\" \/>\n<meta property=\"og:image\" content=\"https:\/\/exposicoes.abc.org.br\/100anos\/wp-content\/uploads\/2026\/01\/ChatGPT-Image-Feb-2-2026-10_43_59-AM-683x1024.png\" \/>\n\t<meta property=\"og:image:width\" content=\"683\" \/>\n\t<meta property=\"og:image:height\" content=\"1024\" \/>\n\t<meta property=\"og:image:type\" content=\"image\/png\" \/>\n<meta name=\"twitter:card\" content=\"summary_large_image\" \/>\n<meta name=\"twitter:label1\" content=\"Est. tempo de leitura\" \/>\n\t<meta name=\"twitter:data1\" content=\"4 minutos\" \/>\n<script type=\"application\/ld+json\" class=\"yoast-schema-graph\">{\"@context\":\"https:\/\/schema.org\",\"@graph\":[{\"@type\":\"WebPage\",\"@id\":\"https:\/\/exposicoes.abc.org.br\/100anos\/academico\/otto-richard-gottlieb\/\",\"url\":\"https:\/\/exposicoes.abc.org.br\/100anos\/academico\/otto-richard-gottlieb\/\",\"name\":\"Otto Richard Gottlieb\u00a0 | Cem Anos de Ci\u00eancia\",\"isPartOf\":{\"@id\":\"https:\/\/exposicoes.abc.org.br\/100anos\/#website\"},\"primaryImageOfPage\":{\"@id\":\"https:\/\/exposicoes.abc.org.br\/100anos\/academico\/otto-richard-gottlieb\/#primaryimage\"},\"image\":{\"@id\":\"https:\/\/exposicoes.abc.org.br\/100anos\/academico\/otto-richard-gottlieb\/#primaryimage\"},\"thumbnailUrl\":\"https:\/\/exposicoes.abc.org.br\/100anos\/wp-content\/uploads\/2026\/01\/ChatGPT-Image-Feb-2-2026-10_43_59-AM.png\",\"datePublished\":\"2026-01-16T13:52:49+00:00\",\"dateModified\":\"2026-02-04T14:39:51+00:00\",\"breadcrumb\":{\"@id\":\"https:\/\/exposicoes.abc.org.br\/100anos\/academico\/otto-richard-gottlieb\/#breadcrumb\"},\"inLanguage\":\"pt-BR\",\"potentialAction\":[{\"@type\":\"ReadAction\",\"target\":[\"https:\/\/exposicoes.abc.org.br\/100anos\/academico\/otto-richard-gottlieb\/\"]}]},{\"@type\":\"ImageObject\",\"inLanguage\":\"pt-BR\",\"@id\":\"https:\/\/exposicoes.abc.org.br\/100anos\/academico\/otto-richard-gottlieb\/#primaryimage\",\"url\":\"https:\/\/exposicoes.abc.org.br\/100anos\/wp-content\/uploads\/2026\/01\/ChatGPT-Image-Feb-2-2026-10_43_59-AM.png\",\"contentUrl\":\"https:\/\/exposicoes.abc.org.br\/100anos\/wp-content\/uploads\/2026\/01\/ChatGPT-Image-Feb-2-2026-10_43_59-AM.png\",\"width\":1024,\"height\":1536},{\"@type\":\"BreadcrumbList\",\"@id\":\"https:\/\/exposicoes.abc.org.br\/100anos\/academico\/otto-richard-gottlieb\/#breadcrumb\",\"itemListElement\":[{\"@type\":\"ListItem\",\"position\":1,\"name\":\"In\u00edcio\",\"item\":\"https:\/\/exposicoes.abc.org.br\/100anos\/\"},{\"@type\":\"ListItem\",\"position\":2,\"name\":\"Otto Richard Gottlieb\u00a0\"}]},{\"@type\":\"WebSite\",\"@id\":\"https:\/\/exposicoes.abc.org.br\/100anos\/#website\",\"url\":\"https:\/\/exposicoes.abc.org.br\/100anos\/\",\"name\":\"Cem Anos de Ci\u00eancia\",\"description\":\"\",\"publisher\":{\"@id\":\"https:\/\/exposicoes.abc.org.br\/100anos\/#organization\"},\"potentialAction\":[{\"@type\":\"SearchAction\",\"target\":{\"@type\":\"EntryPoint\",\"urlTemplate\":\"https:\/\/exposicoes.abc.org.br\/100anos\/?s={search_term_string}\"},\"query-input\":{\"@type\":\"PropertyValueSpecification\",\"valueRequired\":true,\"valueName\":\"search_term_string\"}}],\"inLanguage\":\"pt-BR\"},{\"@type\":\"Organization\",\"@id\":\"https:\/\/exposicoes.abc.org.br\/100anos\/#organization\",\"name\":\"Academia Brasileira de Ci\u00eancias\",\"url\":\"https:\/\/exposicoes.abc.org.br\/100anos\/\",\"logo\":{\"@type\":\"ImageObject\",\"inLanguage\":\"pt-BR\",\"@id\":\"https:\/\/exposicoes.abc.org.br\/100anos\/#\/schema\/logo\/image\/\",\"url\":\"https:\/\/exposicoes.abc.org.br\/100anos\/wp-content\/uploads\/2025\/12\/logo-100-abc.png\",\"contentUrl\":\"https:\/\/exposicoes.abc.org.br\/100anos\/wp-content\/uploads\/2025\/12\/logo-100-abc.png\",\"width\":511,\"height\":116,\"caption\":\"Academia Brasileira de Ci\u00eancias\"},\"image\":{\"@id\":\"https:\/\/exposicoes.abc.org.br\/100anos\/#\/schema\/logo\/image\/\"}}]}<\/script>\n<!-- \/ Yoast SEO plugin. -->","yoast_head_json":{"title":"Otto Richard Gottlieb\u00a0 | Cem Anos de Ci\u00eancia","robots":{"index":"index","follow":"follow","max-snippet":"max-snippet:-1","max-image-preview":"max-image-preview:large","max-video-preview":"max-video-preview:-1"},"canonical":"https:\/\/exposicoes.abc.org.br\/100anos\/academico\/otto-richard-gottlieb\/","og_locale":"pt_BR","og_type":"article","og_title":"Otto Richard Gottlieb\u00a0 | Cem Anos de Ci\u00eancia","og_description":"Sobre o Cientista Nascido na Tchecoslov\u00e1quia, filho de m\u00e3e brasileira, chegou ao Brasil em 1939. Seis anos depois, formou-se em qu\u00edmica industrial pela Escola Nacional de Qu\u00edmica da Universidade do Brasil. Participou de um dos mais importantes grupos de produtos naturais da \u00e9poca, o Instituto Weizmann de Ci\u00eancias, em Israel. Foi bolsista no Instituto de...","og_url":"https:\/\/exposicoes.abc.org.br\/100anos\/academico\/otto-richard-gottlieb\/","og_site_name":"Cem Anos de Ci\u00eancia","article_modified_time":"2026-02-04T14:39:51+00:00","og_image":[{"width":683,"height":1024,"url":"https:\/\/exposicoes.abc.org.br\/100anos\/wp-content\/uploads\/2026\/01\/ChatGPT-Image-Feb-2-2026-10_43_59-AM-683x1024.png","type":"image\/png"}],"twitter_card":"summary_large_image","twitter_misc":{"Est. tempo de leitura":"4 minutos"},"schema":{"@context":"https:\/\/schema.org","@graph":[{"@type":"WebPage","@id":"https:\/\/exposicoes.abc.org.br\/100anos\/academico\/otto-richard-gottlieb\/","url":"https:\/\/exposicoes.abc.org.br\/100anos\/academico\/otto-richard-gottlieb\/","name":"Otto Richard Gottlieb\u00a0 | Cem Anos de Ci\u00eancia","isPartOf":{"@id":"https:\/\/exposicoes.abc.org.br\/100anos\/#website"},"primaryImageOfPage":{"@id":"https:\/\/exposicoes.abc.org.br\/100anos\/academico\/otto-richard-gottlieb\/#primaryimage"},"image":{"@id":"https:\/\/exposicoes.abc.org.br\/100anos\/academico\/otto-richard-gottlieb\/#primaryimage"},"thumbnailUrl":"https:\/\/exposicoes.abc.org.br\/100anos\/wp-content\/uploads\/2026\/01\/ChatGPT-Image-Feb-2-2026-10_43_59-AM.png","datePublished":"2026-01-16T13:52:49+00:00","dateModified":"2026-02-04T14:39:51+00:00","breadcrumb":{"@id":"https:\/\/exposicoes.abc.org.br\/100anos\/academico\/otto-richard-gottlieb\/#breadcrumb"},"inLanguage":"pt-BR","potentialAction":[{"@type":"ReadAction","target":["https:\/\/exposicoes.abc.org.br\/100anos\/academico\/otto-richard-gottlieb\/"]}]},{"@type":"ImageObject","inLanguage":"pt-BR","@id":"https:\/\/exposicoes.abc.org.br\/100anos\/academico\/otto-richard-gottlieb\/#primaryimage","url":"https:\/\/exposicoes.abc.org.br\/100anos\/wp-content\/uploads\/2026\/01\/ChatGPT-Image-Feb-2-2026-10_43_59-AM.png","contentUrl":"https:\/\/exposicoes.abc.org.br\/100anos\/wp-content\/uploads\/2026\/01\/ChatGPT-Image-Feb-2-2026-10_43_59-AM.png","width":1024,"height":1536},{"@type":"BreadcrumbList","@id":"https:\/\/exposicoes.abc.org.br\/100anos\/academico\/otto-richard-gottlieb\/#breadcrumb","itemListElement":[{"@type":"ListItem","position":1,"name":"In\u00edcio","item":"https:\/\/exposicoes.abc.org.br\/100anos\/"},{"@type":"ListItem","position":2,"name":"Otto Richard Gottlieb\u00a0"}]},{"@type":"WebSite","@id":"https:\/\/exposicoes.abc.org.br\/100anos\/#website","url":"https:\/\/exposicoes.abc.org.br\/100anos\/","name":"Cem Anos de Ci\u00eancia","description":"","publisher":{"@id":"https:\/\/exposicoes.abc.org.br\/100anos\/#organization"},"potentialAction":[{"@type":"SearchAction","target":{"@type":"EntryPoint","urlTemplate":"https:\/\/exposicoes.abc.org.br\/100anos\/?s={search_term_string}"},"query-input":{"@type":"PropertyValueSpecification","valueRequired":true,"valueName":"search_term_string"}}],"inLanguage":"pt-BR"},{"@type":"Organization","@id":"https:\/\/exposicoes.abc.org.br\/100anos\/#organization","name":"Academia Brasileira de Ci\u00eancias","url":"https:\/\/exposicoes.abc.org.br\/100anos\/","logo":{"@type":"ImageObject","inLanguage":"pt-BR","@id":"https:\/\/exposicoes.abc.org.br\/100anos\/#\/schema\/logo\/image\/","url":"https:\/\/exposicoes.abc.org.br\/100anos\/wp-content\/uploads\/2025\/12\/logo-100-abc.png","contentUrl":"https:\/\/exposicoes.abc.org.br\/100anos\/wp-content\/uploads\/2025\/12\/logo-100-abc.png","width":511,"height":116,"caption":"Academia Brasileira de Ci\u00eancias"},"image":{"@id":"https:\/\/exposicoes.abc.org.br\/100anos\/#\/schema\/logo\/image\/"}}]}},"_links":{"self":[{"href":"https:\/\/exposicoes.abc.org.br\/100anos\/wp-json\/wp\/v2\/academico\/542","targetHints":{"allow":["GET"]}}],"collection":[{"href":"https:\/\/exposicoes.abc.org.br\/100anos\/wp-json\/wp\/v2\/academico"}],"about":[{"href":"https:\/\/exposicoes.abc.org.br\/100anos\/wp-json\/wp\/v2\/types\/academico"}],"version-history":[{"count":1,"href":"https:\/\/exposicoes.abc.org.br\/100anos\/wp-json\/wp\/v2\/academico\/542\/revisions"}],"predecessor-version":[{"id":545,"href":"https:\/\/exposicoes.abc.org.br\/100anos\/wp-json\/wp\/v2\/academico\/542\/revisions\/545"}],"wp:featuredmedia":[{"embeddable":true,"href":"https:\/\/exposicoes.abc.org.br\/100anos\/wp-json\/wp\/v2\/media\/789"}],"wp:attachment":[{"href":"https:\/\/exposicoes.abc.org.br\/100anos\/wp-json\/wp\/v2\/media?parent=542"}],"wp:term":[{"taxonomy":"periodo-de-presidencia","embeddable":true,"href":"https:\/\/exposicoes.abc.org.br\/100anos\/wp-json\/wp\/v2\/periodo-de-presidencia?post=542"},{"taxonomy":"periodo-de-vida","embeddable":true,"href":"https:\/\/exposicoes.abc.org.br\/100anos\/wp-json\/wp\/v2\/periodo-de-vida?post=542"},{"taxonomy":"tipo-de-academico","embeddable":true,"href":"https:\/\/exposicoes.abc.org.br\/100anos\/wp-json\/wp\/v2\/tipo-de-academico?post=542"}],"curies":[{"name":"wp","href":"https:\/\/api.w.org\/{rel}","templated":true}]}}