{"id":538,"date":"2026-01-16T10:48:04","date_gmt":"2026-01-16T13:48:04","guid":{"rendered":"https:\/\/exposicoes.abc.org.br\/100anos\/?post_type=academico&#038;p=538"},"modified":"2026-01-27T12:08:19","modified_gmt":"2026-01-27T15:08:19","slug":"mauricio-oscar-da-rocha-e-silva","status":"publish","type":"academico","link":"https:\/\/exposicoes.abc.org.br\/100anos\/academico\/mauricio-oscar-da-rocha-e-silva\/","title":{"rendered":"Maur\u00edcio Oscar da Rocha e Silva"},"content":{"rendered":"\n<div class=\"wp-block-columns is-layout-flex wp-container-core-columns-is-layout-9d6595d7 wp-block-columns-is-layout-flex\">\n<div class=\"wp-block-column is-layout-flow wp-block-column-is-layout-flow\">\n<h2 class=\"wp-block-heading\">Sobre o Cientista<\/h2>\n\n\n\n<p>Nascido no Rio de Janeiro, graduou-se em 1933 pela Faculdade Nacional de Medicina. No ano seguinte, mudou-se para S\u00e3o Paulo para ser assistente do professor Quintina Ming\u00f3ia, na Escola de Farm\u00e1cia e Odontologia. Ingressou no Instituto Biol\u00f3gico em 1937, onde desenvolveu pesquisas nas \u00e1reas de bioqu\u00edmica e farmacologia. Ap\u00f3s passagens pela Universidade de Toronto, no Canad\u00e1, e pela University College, na Inglaterra, onde estudou a a\u00e7\u00e3o da histamina em medicamentos cardiovasculares, publicou, em 1949, o primeiro trabalho sobre a descoberta da bradicinina, subst\u00e2ncia originada do veneno da jararaca e que revolucionou o tratamento da hipertens\u00e3o arterial. Foi presidente e vice-presidente da Sociedade Brasileira para o Progresso da Ci\u00eancia. Participou da funda\u00e7\u00e3o da Escola Paulista de Medicina e da Universidade de S\u00e3o Paulo. Nos anos 1960, coordenou o Instituto Central de Biologia da Universidade de Bras\u00edlia e integrou o Conselho Federal de Educa\u00e7\u00e3o. Recebeu o pr\u00eamio Moinho Santista de Ci\u00eancias Biol\u00f3gicas, em 1967, e o Pr\u00eamio Nacional de Ci\u00eancia e Tecnologia do CNPq, em 1982.<\/p>\n<\/div>\n\n\n\n<div class=\"wp-block-column is-layout-flow wp-block-column-is-layout-flow\">\n<figure class=\"wp-block-image size-full\"><img loading=\"lazy\" decoding=\"async\" width=\"546\" height=\"652\" src=\"https:\/\/exposicoes.abc.org.br\/100anos\/wp-content\/uploads\/2026\/01\/mauricio-01-1.png\" alt=\"\" class=\"wp-image-540\" srcset=\"https:\/\/exposicoes.abc.org.br\/100anos\/wp-content\/uploads\/2026\/01\/mauricio-01-1.png 546w, https:\/\/exposicoes.abc.org.br\/100anos\/wp-content\/uploads\/2026\/01\/mauricio-01-1-251x300.png 251w\" sizes=\"auto, (max-width: 546px) 100vw, 546px\" \/><figcaption class=\"wp-element-caption\">o pesquisador em seu laborat\u00f3rio. &#8211; acervo sbpc<\/figcaption><\/figure>\n<\/div>\n<\/div>\n\n\n\n<div style=\"height:100px\" aria-hidden=\"true\" class=\"wp-block-spacer\"><\/div>\n\n\n\n<hr class=\"wp-block-separator has-alpha-channel-opacity\"\/>\n\n\n\n<div style=\"height:100px\" aria-hidden=\"true\" class=\"wp-block-spacer\"><\/div>\n\n\n\n<h2 class=\"wp-block-heading\">Veneno que cura<\/h2>\n\n\n\n<p>Em pesquisas desenvolvidas no Instituto Biol\u00f3gico de S\u00e3o Paulo e tamb\u00e9m no exterior, Maur\u00edcio Rocha e Silva tinha como foco principal a histamina, subst\u00e2ncia relacionada a processos inflamat\u00f3rios e que causa, entre outros efeitos, diminui\u00e7\u00e3o da press\u00e3o arterial. O pesquisador buscava um princ\u00edpio que se opusesse \u00e0 a\u00e7\u00e3o da histamina, de forma similar \u00e0 angiotensina, descoberta em 1940, na Argentina, pelo pesquisador Eduardo Braun Menendez.<br><br>Estudioso da farmacologia dos venenos das serpentes, realizou um experimento utilizando uma mistura de plasma canino e veneno de jararaca. Neste trabalho, contou com a colabora\u00e7\u00e3o de Wilson Beraldo, do Instituto Biol\u00f3gico, e Gast\u00e3o Rosenfeld, do Instituto Butant\u00e3. A pesquisa resultou na descoberta, em 1948, de nova subst\u00e2ncia, com a\u00e7\u00e3o similar a da histamina. Era a bradicinina, cujo nome, que remete a sua a\u00e7\u00e3o lenta no organismo (de\u00a0brady =\u00a0lento e ekinesia =\u00a0movimento), foi acordado com o cientista Jos\u00e9 Reis, que trabalhava no Instituto Biol\u00f3gico e acompanhava o trabalho do grupo de Rocha e Silva.<br><br>A comunidade cient\u00edfica n\u00e3o foi imediatamente receptiva aos resultados apresentados por Rocha e Silva e colaboradores. Aventou-se a hip\u00f3tese de que a subst\u00e2ncia j\u00e1 havia sido descoberta nos anos 1930, na Alemanha, com o nome D. K. (Darmkontrahirende Substanz), posteriormente renomeada calidina. Ap\u00f3s discuss\u00f5es no Brasil e no exterior, foi em um simp\u00f3sio em Londres, realizado em 1959, que se confirmou a descoberta brasileira. No evento, o depoimento do respeitado farmacologista J. H. Gaddum afirmando que a subst\u00e2ncia havia sido descrita por Rocha e Silva em 1948 colocou fim \u00e0 controv\u00e9rsia.\u00a0<br><br>O feito foi considerado, ent\u00e3o, um importante est\u00edmulo \u00e0 pesquisa e gerou desdobramentos cient\u00edficos relevantes, entre eles o desenvolvimento de medicamentos utilizados atualmente no controle da hipertens\u00e3o arterial.<\/p>\n\n\n\n<div style=\"height:100px\" aria-hidden=\"true\" class=\"wp-block-spacer\"><\/div>\n","protected":false},"excerpt":{"rendered":"<p>Sobre o Cientista Nascido no Rio de Janeiro, graduou-se em 1933 pela Faculdade Nacional de Medicina. No ano seguinte, mudou-se para S\u00e3o Paulo para ser assistente do professor Quintina Ming\u00f3ia, na Escola de Farm\u00e1cia e Odontologia. Ingressou no Instituto Biol\u00f3gico em 1937, onde desenvolveu pesquisas nas \u00e1reas de bioqu\u00edmica e farmacologia. Ap\u00f3s passagens pela Universidade&#8230;<\/p>\n","protected":false},"featured_media":698,"parent":0,"template":"","meta":{"_acf_changed":false,"footnotes":""},"periodo-de-presidencia":[],"periodo-de-vida":[65],"tipo-de-academico":[4],"class_list":["post-538","academico","type-academico","status-publish","has-post-thumbnail","hentry","periodo-de-vida-1910-1983","tipo-de-academico-cientistas-de-destaque"],"acf":[],"yoast_head":"<!-- This site is optimized with the Yoast SEO plugin v26.8 - https:\/\/yoast.com\/product\/yoast-seo-wordpress\/ -->\n<title>Maur\u00edcio Oscar da Rocha e Silva | Cem Anos de Ci\u00eancia<\/title>\n<meta name=\"robots\" content=\"index, follow, max-snippet:-1, max-image-preview:large, max-video-preview:-1\" \/>\n<link rel=\"canonical\" href=\"https:\/\/exposicoes.abc.org.br\/100anos\/academico\/mauricio-oscar-da-rocha-e-silva\/\" \/>\n<meta property=\"og:locale\" content=\"pt_BR\" \/>\n<meta property=\"og:type\" content=\"article\" \/>\n<meta property=\"og:title\" content=\"Maur\u00edcio Oscar da Rocha e Silva | Cem Anos de Ci\u00eancia\" \/>\n<meta property=\"og:description\" content=\"Sobre o Cientista Nascido no Rio de Janeiro, graduou-se em 1933 pela Faculdade Nacional de Medicina. No ano seguinte, mudou-se para S\u00e3o Paulo para ser assistente do professor Quintina Ming\u00f3ia, na Escola de Farm\u00e1cia e Odontologia. Ingressou no Instituto Biol\u00f3gico em 1937, onde desenvolveu pesquisas nas \u00e1reas de bioqu\u00edmica e farmacologia. Ap\u00f3s passagens pela Universidade...\" \/>\n<meta property=\"og:url\" content=\"https:\/\/exposicoes.abc.org.br\/100anos\/academico\/mauricio-oscar-da-rocha-e-silva\/\" \/>\n<meta property=\"og:site_name\" content=\"Cem Anos de Ci\u00eancia\" \/>\n<meta property=\"article:modified_time\" content=\"2026-01-27T15:08:19+00:00\" \/>\n<meta property=\"og:image\" content=\"https:\/\/exposicoes.abc.org.br\/100anos\/wp-content\/uploads\/2026\/01\/mauricio-hero.png\" \/>\n\t<meta property=\"og:image:width\" content=\"354\" \/>\n\t<meta property=\"og:image:height\" content=\"552\" \/>\n\t<meta property=\"og:image:type\" content=\"image\/png\" \/>\n<meta name=\"twitter:card\" content=\"summary_large_image\" \/>\n<meta name=\"twitter:label1\" content=\"Est. tempo de leitura\" \/>\n\t<meta name=\"twitter:data1\" content=\"2 minutos\" \/>\n<script type=\"application\/ld+json\" class=\"yoast-schema-graph\">{\"@context\":\"https:\/\/schema.org\",\"@graph\":[{\"@type\":\"WebPage\",\"@id\":\"https:\/\/exposicoes.abc.org.br\/100anos\/academico\/mauricio-oscar-da-rocha-e-silva\/\",\"url\":\"https:\/\/exposicoes.abc.org.br\/100anos\/academico\/mauricio-oscar-da-rocha-e-silva\/\",\"name\":\"Maur\u00edcio Oscar da Rocha e Silva | Cem Anos de Ci\u00eancia\",\"isPartOf\":{\"@id\":\"https:\/\/exposicoes.abc.org.br\/100anos\/#website\"},\"primaryImageOfPage\":{\"@id\":\"https:\/\/exposicoes.abc.org.br\/100anos\/academico\/mauricio-oscar-da-rocha-e-silva\/#primaryimage\"},\"image\":{\"@id\":\"https:\/\/exposicoes.abc.org.br\/100anos\/academico\/mauricio-oscar-da-rocha-e-silva\/#primaryimage\"},\"thumbnailUrl\":\"https:\/\/exposicoes.abc.org.br\/100anos\/wp-content\/uploads\/2026\/01\/mauricio-hero.png\",\"datePublished\":\"2026-01-16T13:48:04+00:00\",\"dateModified\":\"2026-01-27T15:08:19+00:00\",\"breadcrumb\":{\"@id\":\"https:\/\/exposicoes.abc.org.br\/100anos\/academico\/mauricio-oscar-da-rocha-e-silva\/#breadcrumb\"},\"inLanguage\":\"pt-BR\",\"potentialAction\":[{\"@type\":\"ReadAction\",\"target\":[\"https:\/\/exposicoes.abc.org.br\/100anos\/academico\/mauricio-oscar-da-rocha-e-silva\/\"]}]},{\"@type\":\"ImageObject\",\"inLanguage\":\"pt-BR\",\"@id\":\"https:\/\/exposicoes.abc.org.br\/100anos\/academico\/mauricio-oscar-da-rocha-e-silva\/#primaryimage\",\"url\":\"https:\/\/exposicoes.abc.org.br\/100anos\/wp-content\/uploads\/2026\/01\/mauricio-hero.png\",\"contentUrl\":\"https:\/\/exposicoes.abc.org.br\/100anos\/wp-content\/uploads\/2026\/01\/mauricio-hero.png\",\"width\":354,\"height\":552},{\"@type\":\"BreadcrumbList\",\"@id\":\"https:\/\/exposicoes.abc.org.br\/100anos\/academico\/mauricio-oscar-da-rocha-e-silva\/#breadcrumb\",\"itemListElement\":[{\"@type\":\"ListItem\",\"position\":1,\"name\":\"In\u00edcio\",\"item\":\"https:\/\/exposicoes.abc.org.br\/100anos\/\"},{\"@type\":\"ListItem\",\"position\":2,\"name\":\"Maur\u00edcio Oscar da Rocha e Silva\"}]},{\"@type\":\"WebSite\",\"@id\":\"https:\/\/exposicoes.abc.org.br\/100anos\/#website\",\"url\":\"https:\/\/exposicoes.abc.org.br\/100anos\/\",\"name\":\"Cem Anos de Ci\u00eancia\",\"description\":\"\",\"publisher\":{\"@id\":\"https:\/\/exposicoes.abc.org.br\/100anos\/#organization\"},\"potentialAction\":[{\"@type\":\"SearchAction\",\"target\":{\"@type\":\"EntryPoint\",\"urlTemplate\":\"https:\/\/exposicoes.abc.org.br\/100anos\/?s={search_term_string}\"},\"query-input\":{\"@type\":\"PropertyValueSpecification\",\"valueRequired\":true,\"valueName\":\"search_term_string\"}}],\"inLanguage\":\"pt-BR\"},{\"@type\":\"Organization\",\"@id\":\"https:\/\/exposicoes.abc.org.br\/100anos\/#organization\",\"name\":\"Academia Brasileira de Ci\u00eancias\",\"url\":\"https:\/\/exposicoes.abc.org.br\/100anos\/\",\"logo\":{\"@type\":\"ImageObject\",\"inLanguage\":\"pt-BR\",\"@id\":\"https:\/\/exposicoes.abc.org.br\/100anos\/#\/schema\/logo\/image\/\",\"url\":\"https:\/\/exposicoes.abc.org.br\/100anos\/wp-content\/uploads\/2025\/12\/logo-100-abc.png\",\"contentUrl\":\"https:\/\/exposicoes.abc.org.br\/100anos\/wp-content\/uploads\/2025\/12\/logo-100-abc.png\",\"width\":511,\"height\":116,\"caption\":\"Academia Brasileira de Ci\u00eancias\"},\"image\":{\"@id\":\"https:\/\/exposicoes.abc.org.br\/100anos\/#\/schema\/logo\/image\/\"}}]}<\/script>\n<!-- \/ Yoast SEO plugin. -->","yoast_head_json":{"title":"Maur\u00edcio Oscar da Rocha e Silva | Cem Anos de Ci\u00eancia","robots":{"index":"index","follow":"follow","max-snippet":"max-snippet:-1","max-image-preview":"max-image-preview:large","max-video-preview":"max-video-preview:-1"},"canonical":"https:\/\/exposicoes.abc.org.br\/100anos\/academico\/mauricio-oscar-da-rocha-e-silva\/","og_locale":"pt_BR","og_type":"article","og_title":"Maur\u00edcio Oscar da Rocha e Silva | Cem Anos de Ci\u00eancia","og_description":"Sobre o Cientista Nascido no Rio de Janeiro, graduou-se em 1933 pela Faculdade Nacional de Medicina. No ano seguinte, mudou-se para S\u00e3o Paulo para ser assistente do professor Quintina Ming\u00f3ia, na Escola de Farm\u00e1cia e Odontologia. Ingressou no Instituto Biol\u00f3gico em 1937, onde desenvolveu pesquisas nas \u00e1reas de bioqu\u00edmica e farmacologia. Ap\u00f3s passagens pela Universidade...","og_url":"https:\/\/exposicoes.abc.org.br\/100anos\/academico\/mauricio-oscar-da-rocha-e-silva\/","og_site_name":"Cem Anos de Ci\u00eancia","article_modified_time":"2026-01-27T15:08:19+00:00","og_image":[{"width":354,"height":552,"url":"https:\/\/exposicoes.abc.org.br\/100anos\/wp-content\/uploads\/2026\/01\/mauricio-hero.png","type":"image\/png"}],"twitter_card":"summary_large_image","twitter_misc":{"Est. tempo de leitura":"2 minutos"},"schema":{"@context":"https:\/\/schema.org","@graph":[{"@type":"WebPage","@id":"https:\/\/exposicoes.abc.org.br\/100anos\/academico\/mauricio-oscar-da-rocha-e-silva\/","url":"https:\/\/exposicoes.abc.org.br\/100anos\/academico\/mauricio-oscar-da-rocha-e-silva\/","name":"Maur\u00edcio Oscar da Rocha e Silva | Cem Anos de Ci\u00eancia","isPartOf":{"@id":"https:\/\/exposicoes.abc.org.br\/100anos\/#website"},"primaryImageOfPage":{"@id":"https:\/\/exposicoes.abc.org.br\/100anos\/academico\/mauricio-oscar-da-rocha-e-silva\/#primaryimage"},"image":{"@id":"https:\/\/exposicoes.abc.org.br\/100anos\/academico\/mauricio-oscar-da-rocha-e-silva\/#primaryimage"},"thumbnailUrl":"https:\/\/exposicoes.abc.org.br\/100anos\/wp-content\/uploads\/2026\/01\/mauricio-hero.png","datePublished":"2026-01-16T13:48:04+00:00","dateModified":"2026-01-27T15:08:19+00:00","breadcrumb":{"@id":"https:\/\/exposicoes.abc.org.br\/100anos\/academico\/mauricio-oscar-da-rocha-e-silva\/#breadcrumb"},"inLanguage":"pt-BR","potentialAction":[{"@type":"ReadAction","target":["https:\/\/exposicoes.abc.org.br\/100anos\/academico\/mauricio-oscar-da-rocha-e-silva\/"]}]},{"@type":"ImageObject","inLanguage":"pt-BR","@id":"https:\/\/exposicoes.abc.org.br\/100anos\/academico\/mauricio-oscar-da-rocha-e-silva\/#primaryimage","url":"https:\/\/exposicoes.abc.org.br\/100anos\/wp-content\/uploads\/2026\/01\/mauricio-hero.png","contentUrl":"https:\/\/exposicoes.abc.org.br\/100anos\/wp-content\/uploads\/2026\/01\/mauricio-hero.png","width":354,"height":552},{"@type":"BreadcrumbList","@id":"https:\/\/exposicoes.abc.org.br\/100anos\/academico\/mauricio-oscar-da-rocha-e-silva\/#breadcrumb","itemListElement":[{"@type":"ListItem","position":1,"name":"In\u00edcio","item":"https:\/\/exposicoes.abc.org.br\/100anos\/"},{"@type":"ListItem","position":2,"name":"Maur\u00edcio Oscar da Rocha e Silva"}]},{"@type":"WebSite","@id":"https:\/\/exposicoes.abc.org.br\/100anos\/#website","url":"https:\/\/exposicoes.abc.org.br\/100anos\/","name":"Cem Anos de Ci\u00eancia","description":"","publisher":{"@id":"https:\/\/exposicoes.abc.org.br\/100anos\/#organization"},"potentialAction":[{"@type":"SearchAction","target":{"@type":"EntryPoint","urlTemplate":"https:\/\/exposicoes.abc.org.br\/100anos\/?s={search_term_string}"},"query-input":{"@type":"PropertyValueSpecification","valueRequired":true,"valueName":"search_term_string"}}],"inLanguage":"pt-BR"},{"@type":"Organization","@id":"https:\/\/exposicoes.abc.org.br\/100anos\/#organization","name":"Academia Brasileira de Ci\u00eancias","url":"https:\/\/exposicoes.abc.org.br\/100anos\/","logo":{"@type":"ImageObject","inLanguage":"pt-BR","@id":"https:\/\/exposicoes.abc.org.br\/100anos\/#\/schema\/logo\/image\/","url":"https:\/\/exposicoes.abc.org.br\/100anos\/wp-content\/uploads\/2025\/12\/logo-100-abc.png","contentUrl":"https:\/\/exposicoes.abc.org.br\/100anos\/wp-content\/uploads\/2025\/12\/logo-100-abc.png","width":511,"height":116,"caption":"Academia Brasileira de Ci\u00eancias"},"image":{"@id":"https:\/\/exposicoes.abc.org.br\/100anos\/#\/schema\/logo\/image\/"}}]}},"_links":{"self":[{"href":"https:\/\/exposicoes.abc.org.br\/100anos\/wp-json\/wp\/v2\/academico\/538","targetHints":{"allow":["GET"]}}],"collection":[{"href":"https:\/\/exposicoes.abc.org.br\/100anos\/wp-json\/wp\/v2\/academico"}],"about":[{"href":"https:\/\/exposicoes.abc.org.br\/100anos\/wp-json\/wp\/v2\/types\/academico"}],"version-history":[{"count":1,"href":"https:\/\/exposicoes.abc.org.br\/100anos\/wp-json\/wp\/v2\/academico\/538\/revisions"}],"predecessor-version":[{"id":541,"href":"https:\/\/exposicoes.abc.org.br\/100anos\/wp-json\/wp\/v2\/academico\/538\/revisions\/541"}],"wp:featuredmedia":[{"embeddable":true,"href":"https:\/\/exposicoes.abc.org.br\/100anos\/wp-json\/wp\/v2\/media\/698"}],"wp:attachment":[{"href":"https:\/\/exposicoes.abc.org.br\/100anos\/wp-json\/wp\/v2\/media?parent=538"}],"wp:term":[{"taxonomy":"periodo-de-presidencia","embeddable":true,"href":"https:\/\/exposicoes.abc.org.br\/100anos\/wp-json\/wp\/v2\/periodo-de-presidencia?post=538"},{"taxonomy":"periodo-de-vida","embeddable":true,"href":"https:\/\/exposicoes.abc.org.br\/100anos\/wp-json\/wp\/v2\/periodo-de-vida?post=538"},{"taxonomy":"tipo-de-academico","embeddable":true,"href":"https:\/\/exposicoes.abc.org.br\/100anos\/wp-json\/wp\/v2\/tipo-de-academico?post=538"}],"curies":[{"name":"wp","href":"https:\/\/api.w.org\/{rel}","templated":true}]}}