{"id":534,"date":"2026-01-16T10:45:31","date_gmt":"2026-01-16T13:45:31","guid":{"rendered":"https:\/\/exposicoes.abc.org.br\/100anos\/?post_type=academico&#038;p=534"},"modified":"2026-01-16T10:45:31","modified_gmt":"2026-01-16T13:45:31","slug":"djalma-guimaraes","status":"publish","type":"academico","link":"https:\/\/exposicoes.abc.org.br\/100anos\/academico\/djalma-guimaraes\/","title":{"rendered":"Djalma Guimar\u00e3es"},"content":{"rendered":"\n<div class=\"wp-block-columns is-layout-flex wp-container-core-columns-is-layout-9d6595d7 wp-block-columns-is-layout-flex\">\n<div class=\"wp-block-column is-layout-flow wp-block-column-is-layout-flow\">\n<h2 class=\"wp-block-heading\">Sobre o Cientista<\/h2>\n\n\n\n<p>Mineiro da cidade de Santa Luzia, formou-se engenheiro de minas e civil no ano de 1919, na Escola de Minas de Ouro Preto. Atuou no Servi\u00e7o Geol\u00f3gico e Mineral\u00f3gico do Brasil como petr\u00f3grafo, na an\u00e1lise e descri\u00e7\u00e3o de rochas, e foi convidado para organizar o Servi\u00e7o Geol\u00f3gico do Estado de Minas Gerais, posteriormente Servi\u00e7o de Produ\u00e7\u00e3o Mineral. Ingressou na ABC em 1926, tendo atuado como conselheiro da entidade por quase 30 anos. Como pesquisador, contribuiu com diversas \u00e1reas das geoci\u00eancias, com destaque para o estudo das rochas gran\u00edticas. Seu trabalho teve import\u00e2ncia tamb\u00e9m para a economia do pa\u00eds, ao possibilitar que o Brasil se tornasse o maior produtor de ni\u00f3bio do mundo. Participou da cria\u00e7\u00e3o de diferentes institui\u00e7\u00f5es, como a Escola de Ci\u00eancias da Universidade do Distrito Federal, onde lecionou; o Instituto de Pesquisas Radioativas e o Conselho Nacional de Pesquisa, atual CNPq. Foi professor tamb\u00e9m nas universidades federais de Minas Gerais e de Ouro Preto, e colaborou com as discuss\u00f5es sobre a profissionaliza\u00e7\u00e3o da geologia e o ensino de ci\u00eancias no pa\u00eds.<\/p>\n<\/div>\n\n\n\n<div class=\"wp-block-column is-layout-flow wp-block-column-is-layout-flow\">\n<figure class=\"wp-block-image size-full\"><img loading=\"lazy\" decoding=\"async\" width=\"546\" height=\"652\" src=\"https:\/\/exposicoes.abc.org.br\/100anos\/wp-content\/uploads\/2026\/01\/djalma-01.png\" alt=\"\" class=\"wp-image-536\" srcset=\"https:\/\/exposicoes.abc.org.br\/100anos\/wp-content\/uploads\/2026\/01\/djalma-01.png 546w, https:\/\/exposicoes.abc.org.br\/100anos\/wp-content\/uploads\/2026\/01\/djalma-01-251x300.png 251w\" sizes=\"auto, (max-width: 546px) 100vw, 546px\" \/><figcaption class=\"wp-element-caption\">museu casa natal de santos dumont<\/figcaption><\/figure>\n<\/div>\n<\/div>\n\n\n\n<div style=\"height:100px\" aria-hidden=\"true\" class=\"wp-block-spacer\"><\/div>\n\n\n\n<hr class=\"wp-block-separator has-alpha-channel-opacity\"\/>\n\n\n\n<div style=\"height:100px\" aria-hidden=\"true\" class=\"wp-block-spacer\"><\/div>\n\n\n\n<h2 class=\"wp-block-heading\">Investigador dos minerais<\/h2>\n\n\n\n<p>O estudo das rochas gran\u00edticas foi uma das principais atividades da trajet\u00f3ria de Djalma Guimar\u00e3es, interesse que resultou no desenvolvimento de uma nova concep\u00e7\u00e3o da g\u00eanese dessas rochas. Com a publica\u00e7\u00e3o de suas ideias na Alemanha, em 1938, sob o t\u00edtulo Das problem der Granitbildung, o cientista passou a ser conhecido como um dos pais da Teoria da Granitiza\u00e7\u00e3o. No trabalho, admitiu que o fen\u00f4meno s\u00f3 poderia ser explicado por atividades de metamorfismo profundo e prop\u00f4s, para a origem de maci\u00e7os gran\u00edticos, um conceito baseado em processos de substitui\u00e7\u00e3o de \u00edons provocados ou facilitados pela circula\u00e7\u00e3o de fluidos.<br><br>Um dos pioneiros da geoqu\u00edmica no Brasil, Guimar\u00e3es foi respons\u00e1vel pela cria\u00e7\u00e3o, dentro do Instituto de Tecnologia Industrial de Minas Gerais, de um laborat\u00f3rio de an\u00e1lises espectroqu\u00edmicas, projetado como \u00f3rg\u00e3o de refer\u00eancia para an\u00e1lises de amostras geol\u00f3gicas.\u00a0<br><br>Como fruto de seus estudos, o ge\u00f3logo descreveu quatro novos minerais: eschwege\u00edta, arrojadita, penna\u00edta e geannettita, nomes escolhidos em homenagem aos ge\u00f3logos e engenheiros Wilhelm Ludwig von Eschwege, Miguel Arrojado Ribeiro Lisboa, Jos\u00e9 Moreira dos Santos Penna e Am\u00e9rico Renn\u00e9 Gianetti. Estudou os diamantes e seus sat\u00e9lites, e prop\u00f4s para aqueles da regi\u00e3o de Diamantina um processo gen\u00e9tico metam\u00f3rfico.\u00a0<br><br>Guimar\u00e3es desenvolveu tamb\u00e9m pesquisas na \u00e1rea de metalog\u00eanese, com influ\u00eancia no campo da geologia econ\u00f4mica. Algumas de suas atividades refletiram de modo fundamental na economia, como as descobertas em terras mineiras das jazidas de apatita, mineral rico em fosfato, com grande valor para a produ\u00e7\u00e3o de fertilizantes; e de pirocloro, abundante em ni\u00f3bio, metal raro e de grande import\u00e2ncia para a ind\u00fastria de alta tecnologia. O feito do cientista em Arax\u00e1 possibilitou ao Brasil tornar-se o maior produtor de ni\u00f3bio do mundo.<\/p>\n\n\n\n<div style=\"height:100px\" aria-hidden=\"true\" class=\"wp-block-spacer\"><\/div>\n\n\n\n<div class=\"wp-block-columns box is-layout-flex wp-container-core-columns-is-layout-9d6595d7 wp-block-columns-is-layout-flex\">\n<div class=\"wp-block-column is-layout-flow wp-block-column-is-layout-flow\">\n<h2 class=\"wp-block-heading\">Homenagens<\/h2>\n\n\n\n<p>Como reconhecimento \u00e0s contribui\u00e7\u00f5es de Djalma Guimar\u00e3es ao campo da geologia, registram-se diversas homenagens feitas em vida e p\u00f3stumas ao cientista. Nos anos 1940, os ge\u00f3logos Caio Pandi\u00e1 Guimar\u00e3es e Oct\u00e1vio Barbosa nomearam como djalma\u00edta um tantalato de ur\u00e2nio e c\u00e1lcio. Em 2006, uma nova esp\u00e9cie de mineral foi batizada pelo grupo do pesquisador Daniel Atencio, do Instituto de Geoci\u00eancias da Universidade de S\u00e3o Paulo, em sua homenagem: a guimar\u00e3esita, um fosfato.<br><br>Em 1979, a prefeitura de Belo Horizonte instituiu o Pr\u00eamio Djalma Guimar\u00e3es, destinado a estudantes dos cursos de Geologia e de Engenharia Geol\u00f3gica das universidades federais de Minas Gerais e de Ouro Preto. A medalha, cunhada em prata, cont\u00e9m a ef\u00edgie do ge\u00f3logo e o desenho do Museu das Minas e do Metal, que incorporou o acervo do Museu de Mineralogia Professor Djalma Guimar\u00e3es, criado em 1974 e fechado em 2009.<\/p>\n<\/div>\n<\/div>\n","protected":false},"excerpt":{"rendered":"<p>Sobre o Cientista Mineiro da cidade de Santa Luzia, formou-se engenheiro de minas e civil no ano de 1919, na Escola de Minas de Ouro Preto. Atuou no Servi\u00e7o Geol\u00f3gico e Mineral\u00f3gico do Brasil como petr\u00f3grafo, na an\u00e1lise e descri\u00e7\u00e3o de rochas, e foi convidado para organizar o Servi\u00e7o Geol\u00f3gico do Estado de Minas Gerais,&#8230;<\/p>\n","protected":false},"featured_media":535,"parent":0,"template":"","meta":{"_acf_changed":false,"footnotes":""},"periodo-de-presidencia":[],"periodo-de-vida":[64],"tipo-de-academico":[4],"class_list":["post-534","academico","type-academico","status-publish","has-post-thumbnail","hentry","periodo-de-vida-1924-2005","tipo-de-academico-cientistas-de-destaque"],"acf":[],"yoast_head":"<!-- This site is optimized with the Yoast SEO plugin v26.8 - https:\/\/yoast.com\/product\/yoast-seo-wordpress\/ -->\n<title>Djalma Guimar\u00e3es | Cem Anos de Ci\u00eancia<\/title>\n<meta name=\"robots\" content=\"index, follow, max-snippet:-1, max-image-preview:large, max-video-preview:-1\" \/>\n<link rel=\"canonical\" href=\"https:\/\/exposicoes.abc.org.br\/100anos\/academico\/djalma-guimaraes\/\" \/>\n<meta property=\"og:locale\" content=\"pt_BR\" \/>\n<meta property=\"og:type\" content=\"article\" \/>\n<meta property=\"og:title\" content=\"Djalma Guimar\u00e3es | Cem Anos de Ci\u00eancia\" \/>\n<meta property=\"og:description\" content=\"Sobre o Cientista Mineiro da cidade de Santa Luzia, formou-se engenheiro de minas e civil no ano de 1919, na Escola de Minas de Ouro Preto. Atuou no Servi\u00e7o Geol\u00f3gico e Mineral\u00f3gico do Brasil como petr\u00f3grafo, na an\u00e1lise e descri\u00e7\u00e3o de rochas, e foi convidado para organizar o Servi\u00e7o Geol\u00f3gico do Estado de Minas Gerais,...\" \/>\n<meta property=\"og:url\" content=\"https:\/\/exposicoes.abc.org.br\/100anos\/academico\/djalma-guimaraes\/\" \/>\n<meta property=\"og:site_name\" content=\"Cem Anos de Ci\u00eancia\" \/>\n<meta property=\"og:image\" content=\"https:\/\/exposicoes.abc.org.br\/100anos\/wp-content\/uploads\/2026\/01\/djalma-hero.png\" \/>\n\t<meta property=\"og:image:width\" content=\"354\" \/>\n\t<meta property=\"og:image:height\" content=\"552\" \/>\n\t<meta property=\"og:image:type\" content=\"image\/png\" \/>\n<meta name=\"twitter:card\" content=\"summary_large_image\" \/>\n<meta name=\"twitter:label1\" content=\"Est. tempo de leitura\" \/>\n\t<meta name=\"twitter:data1\" content=\"3 minutos\" \/>\n<script type=\"application\/ld+json\" class=\"yoast-schema-graph\">{\"@context\":\"https:\/\/schema.org\",\"@graph\":[{\"@type\":\"WebPage\",\"@id\":\"https:\/\/exposicoes.abc.org.br\/100anos\/academico\/djalma-guimaraes\/\",\"url\":\"https:\/\/exposicoes.abc.org.br\/100anos\/academico\/djalma-guimaraes\/\",\"name\":\"Djalma Guimar\u00e3es | Cem Anos de Ci\u00eancia\",\"isPartOf\":{\"@id\":\"https:\/\/exposicoes.abc.org.br\/100anos\/#website\"},\"primaryImageOfPage\":{\"@id\":\"https:\/\/exposicoes.abc.org.br\/100anos\/academico\/djalma-guimaraes\/#primaryimage\"},\"image\":{\"@id\":\"https:\/\/exposicoes.abc.org.br\/100anos\/academico\/djalma-guimaraes\/#primaryimage\"},\"thumbnailUrl\":\"https:\/\/exposicoes.abc.org.br\/100anos\/wp-content\/uploads\/2026\/01\/djalma-hero.png\",\"datePublished\":\"2026-01-16T13:45:31+00:00\",\"breadcrumb\":{\"@id\":\"https:\/\/exposicoes.abc.org.br\/100anos\/academico\/djalma-guimaraes\/#breadcrumb\"},\"inLanguage\":\"pt-BR\",\"potentialAction\":[{\"@type\":\"ReadAction\",\"target\":[\"https:\/\/exposicoes.abc.org.br\/100anos\/academico\/djalma-guimaraes\/\"]}]},{\"@type\":\"ImageObject\",\"inLanguage\":\"pt-BR\",\"@id\":\"https:\/\/exposicoes.abc.org.br\/100anos\/academico\/djalma-guimaraes\/#primaryimage\",\"url\":\"https:\/\/exposicoes.abc.org.br\/100anos\/wp-content\/uploads\/2026\/01\/djalma-hero.png\",\"contentUrl\":\"https:\/\/exposicoes.abc.org.br\/100anos\/wp-content\/uploads\/2026\/01\/djalma-hero.png\",\"width\":354,\"height\":552},{\"@type\":\"BreadcrumbList\",\"@id\":\"https:\/\/exposicoes.abc.org.br\/100anos\/academico\/djalma-guimaraes\/#breadcrumb\",\"itemListElement\":[{\"@type\":\"ListItem\",\"position\":1,\"name\":\"In\u00edcio\",\"item\":\"https:\/\/exposicoes.abc.org.br\/100anos\/\"},{\"@type\":\"ListItem\",\"position\":2,\"name\":\"Djalma Guimar\u00e3es\"}]},{\"@type\":\"WebSite\",\"@id\":\"https:\/\/exposicoes.abc.org.br\/100anos\/#website\",\"url\":\"https:\/\/exposicoes.abc.org.br\/100anos\/\",\"name\":\"Cem Anos de Ci\u00eancia\",\"description\":\"\",\"publisher\":{\"@id\":\"https:\/\/exposicoes.abc.org.br\/100anos\/#organization\"},\"potentialAction\":[{\"@type\":\"SearchAction\",\"target\":{\"@type\":\"EntryPoint\",\"urlTemplate\":\"https:\/\/exposicoes.abc.org.br\/100anos\/?s={search_term_string}\"},\"query-input\":{\"@type\":\"PropertyValueSpecification\",\"valueRequired\":true,\"valueName\":\"search_term_string\"}}],\"inLanguage\":\"pt-BR\"},{\"@type\":\"Organization\",\"@id\":\"https:\/\/exposicoes.abc.org.br\/100anos\/#organization\",\"name\":\"Academia Brasileira de Ci\u00eancias\",\"url\":\"https:\/\/exposicoes.abc.org.br\/100anos\/\",\"logo\":{\"@type\":\"ImageObject\",\"inLanguage\":\"pt-BR\",\"@id\":\"https:\/\/exposicoes.abc.org.br\/100anos\/#\/schema\/logo\/image\/\",\"url\":\"https:\/\/exposicoes.abc.org.br\/100anos\/wp-content\/uploads\/2025\/12\/logo-100-abc.png\",\"contentUrl\":\"https:\/\/exposicoes.abc.org.br\/100anos\/wp-content\/uploads\/2025\/12\/logo-100-abc.png\",\"width\":511,\"height\":116,\"caption\":\"Academia Brasileira de Ci\u00eancias\"},\"image\":{\"@id\":\"https:\/\/exposicoes.abc.org.br\/100anos\/#\/schema\/logo\/image\/\"}}]}<\/script>\n<!-- \/ Yoast SEO plugin. -->","yoast_head_json":{"title":"Djalma Guimar\u00e3es | Cem Anos de Ci\u00eancia","robots":{"index":"index","follow":"follow","max-snippet":"max-snippet:-1","max-image-preview":"max-image-preview:large","max-video-preview":"max-video-preview:-1"},"canonical":"https:\/\/exposicoes.abc.org.br\/100anos\/academico\/djalma-guimaraes\/","og_locale":"pt_BR","og_type":"article","og_title":"Djalma Guimar\u00e3es | Cem Anos de Ci\u00eancia","og_description":"Sobre o Cientista Mineiro da cidade de Santa Luzia, formou-se engenheiro de minas e civil no ano de 1919, na Escola de Minas de Ouro Preto. Atuou no Servi\u00e7o Geol\u00f3gico e Mineral\u00f3gico do Brasil como petr\u00f3grafo, na an\u00e1lise e descri\u00e7\u00e3o de rochas, e foi convidado para organizar o Servi\u00e7o Geol\u00f3gico do Estado de Minas Gerais,...","og_url":"https:\/\/exposicoes.abc.org.br\/100anos\/academico\/djalma-guimaraes\/","og_site_name":"Cem Anos de Ci\u00eancia","og_image":[{"width":354,"height":552,"url":"https:\/\/exposicoes.abc.org.br\/100anos\/wp-content\/uploads\/2026\/01\/djalma-hero.png","type":"image\/png"}],"twitter_card":"summary_large_image","twitter_misc":{"Est. tempo de leitura":"3 minutos"},"schema":{"@context":"https:\/\/schema.org","@graph":[{"@type":"WebPage","@id":"https:\/\/exposicoes.abc.org.br\/100anos\/academico\/djalma-guimaraes\/","url":"https:\/\/exposicoes.abc.org.br\/100anos\/academico\/djalma-guimaraes\/","name":"Djalma Guimar\u00e3es | Cem Anos de Ci\u00eancia","isPartOf":{"@id":"https:\/\/exposicoes.abc.org.br\/100anos\/#website"},"primaryImageOfPage":{"@id":"https:\/\/exposicoes.abc.org.br\/100anos\/academico\/djalma-guimaraes\/#primaryimage"},"image":{"@id":"https:\/\/exposicoes.abc.org.br\/100anos\/academico\/djalma-guimaraes\/#primaryimage"},"thumbnailUrl":"https:\/\/exposicoes.abc.org.br\/100anos\/wp-content\/uploads\/2026\/01\/djalma-hero.png","datePublished":"2026-01-16T13:45:31+00:00","breadcrumb":{"@id":"https:\/\/exposicoes.abc.org.br\/100anos\/academico\/djalma-guimaraes\/#breadcrumb"},"inLanguage":"pt-BR","potentialAction":[{"@type":"ReadAction","target":["https:\/\/exposicoes.abc.org.br\/100anos\/academico\/djalma-guimaraes\/"]}]},{"@type":"ImageObject","inLanguage":"pt-BR","@id":"https:\/\/exposicoes.abc.org.br\/100anos\/academico\/djalma-guimaraes\/#primaryimage","url":"https:\/\/exposicoes.abc.org.br\/100anos\/wp-content\/uploads\/2026\/01\/djalma-hero.png","contentUrl":"https:\/\/exposicoes.abc.org.br\/100anos\/wp-content\/uploads\/2026\/01\/djalma-hero.png","width":354,"height":552},{"@type":"BreadcrumbList","@id":"https:\/\/exposicoes.abc.org.br\/100anos\/academico\/djalma-guimaraes\/#breadcrumb","itemListElement":[{"@type":"ListItem","position":1,"name":"In\u00edcio","item":"https:\/\/exposicoes.abc.org.br\/100anos\/"},{"@type":"ListItem","position":2,"name":"Djalma Guimar\u00e3es"}]},{"@type":"WebSite","@id":"https:\/\/exposicoes.abc.org.br\/100anos\/#website","url":"https:\/\/exposicoes.abc.org.br\/100anos\/","name":"Cem Anos de Ci\u00eancia","description":"","publisher":{"@id":"https:\/\/exposicoes.abc.org.br\/100anos\/#organization"},"potentialAction":[{"@type":"SearchAction","target":{"@type":"EntryPoint","urlTemplate":"https:\/\/exposicoes.abc.org.br\/100anos\/?s={search_term_string}"},"query-input":{"@type":"PropertyValueSpecification","valueRequired":true,"valueName":"search_term_string"}}],"inLanguage":"pt-BR"},{"@type":"Organization","@id":"https:\/\/exposicoes.abc.org.br\/100anos\/#organization","name":"Academia Brasileira de Ci\u00eancias","url":"https:\/\/exposicoes.abc.org.br\/100anos\/","logo":{"@type":"ImageObject","inLanguage":"pt-BR","@id":"https:\/\/exposicoes.abc.org.br\/100anos\/#\/schema\/logo\/image\/","url":"https:\/\/exposicoes.abc.org.br\/100anos\/wp-content\/uploads\/2025\/12\/logo-100-abc.png","contentUrl":"https:\/\/exposicoes.abc.org.br\/100anos\/wp-content\/uploads\/2025\/12\/logo-100-abc.png","width":511,"height":116,"caption":"Academia Brasileira de Ci\u00eancias"},"image":{"@id":"https:\/\/exposicoes.abc.org.br\/100anos\/#\/schema\/logo\/image\/"}}]}},"_links":{"self":[{"href":"https:\/\/exposicoes.abc.org.br\/100anos\/wp-json\/wp\/v2\/academico\/534","targetHints":{"allow":["GET"]}}],"collection":[{"href":"https:\/\/exposicoes.abc.org.br\/100anos\/wp-json\/wp\/v2\/academico"}],"about":[{"href":"https:\/\/exposicoes.abc.org.br\/100anos\/wp-json\/wp\/v2\/types\/academico"}],"version-history":[{"count":1,"href":"https:\/\/exposicoes.abc.org.br\/100anos\/wp-json\/wp\/v2\/academico\/534\/revisions"}],"predecessor-version":[{"id":537,"href":"https:\/\/exposicoes.abc.org.br\/100anos\/wp-json\/wp\/v2\/academico\/534\/revisions\/537"}],"wp:featuredmedia":[{"embeddable":true,"href":"https:\/\/exposicoes.abc.org.br\/100anos\/wp-json\/wp\/v2\/media\/535"}],"wp:attachment":[{"href":"https:\/\/exposicoes.abc.org.br\/100anos\/wp-json\/wp\/v2\/media?parent=534"}],"wp:term":[{"taxonomy":"periodo-de-presidencia","embeddable":true,"href":"https:\/\/exposicoes.abc.org.br\/100anos\/wp-json\/wp\/v2\/periodo-de-presidencia?post=534"},{"taxonomy":"periodo-de-vida","embeddable":true,"href":"https:\/\/exposicoes.abc.org.br\/100anos\/wp-json\/wp\/v2\/periodo-de-vida?post=534"},{"taxonomy":"tipo-de-academico","embeddable":true,"href":"https:\/\/exposicoes.abc.org.br\/100anos\/wp-json\/wp\/v2\/tipo-de-academico?post=534"}],"curies":[{"name":"wp","href":"https:\/\/api.w.org\/{rel}","templated":true}]}}