{"id":530,"date":"2026-01-16T10:41:41","date_gmt":"2026-01-16T13:41:41","guid":{"rendered":"https:\/\/exposicoes.abc.org.br\/100anos\/?post_type=academico&#038;p=530"},"modified":"2026-01-16T10:41:41","modified_gmt":"2026-01-16T13:41:41","slug":"crodowaldo-pavan","status":"publish","type":"academico","link":"https:\/\/exposicoes.abc.org.br\/100anos\/academico\/crodowaldo-pavan\/","title":{"rendered":"Crodowaldo Pavan"},"content":{"rendered":"\n<div class=\"wp-block-columns is-layout-flex wp-container-core-columns-is-layout-9d6595d7 wp-block-columns-is-layout-flex\">\n<div class=\"wp-block-column is-layout-flow wp-block-column-is-layout-flow\">\n<h2 class=\"wp-block-heading\">Sobre o Cientista<\/h2>\n\n\n\n<p>Descendente de italianos, nasceu em Campinas, S\u00e3o Paulo, em 1919. Ainda crian\u00e7a, mudou-se com a fam\u00edlia para a capital, onde o pai mantinha uma f\u00e1brica de porcelanas. Em 1937 iniciou o curso preparat\u00f3rio com vistas \u00e0 Escola Polit\u00e9cnica, mas, inspirado por um filme sobre Louis Pasteur e aconselhado pelo geneticista Andr\u00e9 Dreyfus, pioneiro da \u00e1rea no Brasil, optou pelo curso de Hist\u00f3ria Natural da Faculdade de Filosofia, Ci\u00eancias e Letras da Universidade de S\u00e3o Paulo (USP). No Departamento de Biologia Geral, foi assistente de Dreyfus, a quem substituiu na chefia da unidade, ap\u00f3s a morte do professor. Realizou p\u00f3s-doutorado nos Estados Unidos, como bolsista da Funda\u00e7\u00e3o Rockefeller, e, com apoio da institui\u00e7\u00e3o, desenvolveu parceria com o geneticista russo Theodosius Dobzhansky em pesquisas com as moscas dros\u00f3filas. Recebeu, entre outros, o Pr\u00eamio Nacional de Gen\u00e9tica (1963), o Pr\u00eamio Moinho Santista de Biologia (1980) e o Pr\u00eamio Alfred Jurzykowski, da Academia Nacional de Medicina (1986). Ingressou na ABC em 1952.\u00a0<\/p>\n<\/div>\n\n\n\n<div class=\"wp-block-column is-layout-flow wp-block-column-is-layout-flow\">\n<figure class=\"wp-block-image size-full\"><img loading=\"lazy\" decoding=\"async\" width=\"542\" height=\"580\" src=\"https:\/\/exposicoes.abc.org.br\/100anos\/wp-content\/uploads\/2026\/01\/Captura-de-Tela-2026-01-13-as-15.21.30-1.png\" alt=\"\" class=\"wp-image-532\" srcset=\"https:\/\/exposicoes.abc.org.br\/100anos\/wp-content\/uploads\/2026\/01\/Captura-de-Tela-2026-01-13-as-15.21.30-1.png 542w, https:\/\/exposicoes.abc.org.br\/100anos\/wp-content\/uploads\/2026\/01\/Captura-de-Tela-2026-01-13-as-15.21.30-1-280x300.png 280w\" sizes=\"auto, (max-width: 542px) 100vw, 542px\" \/><figcaption class=\"wp-element-caption\">no alto, \u00e0 esquerda, mosca do g\u00eanero rhynchosciara, muito utilizada na pesquisa em gen\u00e9tica. edson rocha de oliveira e f\u00e1bio siviero | \u00e0 direita, crodowaldo pavan e franco montoro durante a 36\u00aa reuni\u00e3o anual da sbpc, realizada em s\u00e3o paulo em 1984. acervo sbpc | os bagres-cegos e as moscas estiveram entre os objetos de estudo de pavan. junio petar (bagre) e wikimedia commons<\/figcaption><\/figure>\n<\/div>\n<\/div>\n\n\n\n<div style=\"height:100px\" aria-hidden=\"true\" class=\"wp-block-spacer\"><\/div>\n\n\n\n<hr class=\"wp-block-separator has-alpha-channel-opacity\"\/>\n\n\n\n<div style=\"height:100px\" aria-hidden=\"true\" class=\"wp-block-spacer\"><\/div>\n\n\n\n<h2 class=\"wp-block-heading\">Investiga\u00e7\u00e3o e divulga\u00e7\u00e3o da ci\u00eancia<\/h2>\n\n\n\n<p>A atra\u00e7\u00e3o pelas descobertas e o prazer de divulg\u00e1-las para a sociedade s\u00e3o caracter\u00edsticas que marcam grandes nomes da ci\u00eancia: Crodowaldo Pavan \u00e9 um deles. Um dos primeiros a se dedicar ao estudo da gen\u00e9tica no Brasil, elucidou, durante o doutorado, a quest\u00e3o evolutiva dos bagres cegos que habitavam cavernas em Iporanga, S\u00e3o Paulo, ao demonstrar que os peixes compunham uma linhagem adaptada \u00e0 vida na escurid\u00e3o.<br><br>Sob influ\u00eancia de Andr\u00e9 Dreyfus, e em parceria com o professor Theodosius Dobzhansky, analisou e classificou novas esp\u00e9cies de dros\u00f3filas. Entre 1948 e 1956, coordenou um grupo de pesquisadores em experimentos voltados \u00e0 compreens\u00e3o da gen\u00e9tica de popula\u00e7\u00f5es, os quais marcaram o in\u00edcio da utiliza\u00e7\u00e3o de esp\u00e9cies de moscas tropicais como organismos-modelo para an\u00e1lises gen\u00e9ticas.<br><br>Entre suas principais descobertas est\u00e3o as larvas do inseto Rhynchosciara, especialmente favor\u00e1veis ao estudo da a\u00e7\u00e3o g\u00eanica e de citologia por terem cromossomos gigantes. Investiga\u00e7\u00f5es com o inseto levaram Pavan a quebrar um paradigma cient\u00edfico ao demonstrar que a quantidade de DNA nas c\u00e9lulas n\u00e3o era sempre constante, como se acreditava. O achado foi reconhecido internacionalmente nos anos 1960 e levou o cientista a lecionar por dez anos na Universidade do Texas, nos Estados Unidos, at\u00e9 voltar ao Brasil, no fim dos anos 1970.<br><br>Al\u00e9m da trajet\u00f3ria bem-sucedida na pesquisa, Pavan destacou-se tamb\u00e9m por sua atua\u00e7\u00e3o em favor da divulga\u00e7\u00e3o cient\u00edfica e do desenvolvimento institucional da ci\u00eancia no pa\u00eds. Esteve \u00e0 frente de entidades como a Sociedade Brasileira de Gen\u00e9tica (1958-1960), a Funda\u00e7\u00e3o de Amparo \u00e0 Pesquisa do Estado de S\u00e3o Paulo (1981-1984), o Conselho Nacional de Desenvolvimento Cient\u00edfico e Tecnol\u00f3gico (1986-1990) e a Sociedade Brasileira para o Progresso da Ci\u00eancia, da qual foi presidente em tr\u00eas mandatos.<\/p>\n\n\n\n<div style=\"height:100px\" aria-hidden=\"true\" class=\"wp-block-spacer\"><\/div>\n","protected":false},"excerpt":{"rendered":"<p>Sobre o Cientista Descendente de italianos, nasceu em Campinas, S\u00e3o Paulo, em 1919. Ainda crian\u00e7a, mudou-se com a fam\u00edlia para a capital, onde o pai mantinha uma f\u00e1brica de porcelanas. Em 1937 iniciou o curso preparat\u00f3rio com vistas \u00e0 Escola Polit\u00e9cnica, mas, inspirado por um filme sobre Louis Pasteur e aconselhado pelo geneticista Andr\u00e9 Dreyfus,&#8230;<\/p>\n","protected":false},"featured_media":531,"parent":0,"template":"","meta":{"_acf_changed":false,"footnotes":""},"periodo-de-presidencia":[],"periodo-de-vida":[64],"tipo-de-academico":[4],"class_list":["post-530","academico","type-academico","status-publish","has-post-thumbnail","hentry","periodo-de-vida-1924-2005","tipo-de-academico-cientistas-de-destaque"],"acf":[],"yoast_head":"<!-- This site is optimized with the Yoast SEO plugin v26.8 - https:\/\/yoast.com\/product\/yoast-seo-wordpress\/ -->\n<title>Crodowaldo Pavan | Cem Anos de Ci\u00eancia<\/title>\n<meta name=\"robots\" content=\"index, follow, max-snippet:-1, max-image-preview:large, max-video-preview:-1\" \/>\n<link rel=\"canonical\" href=\"https:\/\/exposicoes.abc.org.br\/100anos\/academico\/crodowaldo-pavan\/\" \/>\n<meta property=\"og:locale\" content=\"pt_BR\" \/>\n<meta property=\"og:type\" content=\"article\" \/>\n<meta property=\"og:title\" content=\"Crodowaldo Pavan | Cem Anos de Ci\u00eancia\" \/>\n<meta property=\"og:description\" content=\"Sobre o Cientista Descendente de italianos, nasceu em Campinas, S\u00e3o Paulo, em 1919. Ainda crian\u00e7a, mudou-se com a fam\u00edlia para a capital, onde o pai mantinha uma f\u00e1brica de porcelanas. Em 1937 iniciou o curso preparat\u00f3rio com vistas \u00e0 Escola Polit\u00e9cnica, mas, inspirado por um filme sobre Louis Pasteur e aconselhado pelo geneticista Andr\u00e9 Dreyfus,...\" \/>\n<meta property=\"og:url\" content=\"https:\/\/exposicoes.abc.org.br\/100anos\/academico\/crodowaldo-pavan\/\" \/>\n<meta property=\"og:site_name\" content=\"Cem Anos de Ci\u00eancia\" \/>\n<meta property=\"og:image\" content=\"https:\/\/exposicoes.abc.org.br\/100anos\/wp-content\/uploads\/2026\/01\/crodowaldo-hero.png\" \/>\n\t<meta property=\"og:image:width\" content=\"354\" \/>\n\t<meta property=\"og:image:height\" content=\"552\" \/>\n\t<meta property=\"og:image:type\" content=\"image\/png\" \/>\n<meta name=\"twitter:card\" content=\"summary_large_image\" \/>\n<meta name=\"twitter:label1\" content=\"Est. tempo de leitura\" \/>\n\t<meta name=\"twitter:data1\" content=\"3 minutos\" \/>\n<script type=\"application\/ld+json\" class=\"yoast-schema-graph\">{\"@context\":\"https:\/\/schema.org\",\"@graph\":[{\"@type\":\"WebPage\",\"@id\":\"https:\/\/exposicoes.abc.org.br\/100anos\/academico\/crodowaldo-pavan\/\",\"url\":\"https:\/\/exposicoes.abc.org.br\/100anos\/academico\/crodowaldo-pavan\/\",\"name\":\"Crodowaldo Pavan | Cem Anos de Ci\u00eancia\",\"isPartOf\":{\"@id\":\"https:\/\/exposicoes.abc.org.br\/100anos\/#website\"},\"primaryImageOfPage\":{\"@id\":\"https:\/\/exposicoes.abc.org.br\/100anos\/academico\/crodowaldo-pavan\/#primaryimage\"},\"image\":{\"@id\":\"https:\/\/exposicoes.abc.org.br\/100anos\/academico\/crodowaldo-pavan\/#primaryimage\"},\"thumbnailUrl\":\"https:\/\/exposicoes.abc.org.br\/100anos\/wp-content\/uploads\/2026\/01\/crodowaldo-hero.png\",\"datePublished\":\"2026-01-16T13:41:41+00:00\",\"breadcrumb\":{\"@id\":\"https:\/\/exposicoes.abc.org.br\/100anos\/academico\/crodowaldo-pavan\/#breadcrumb\"},\"inLanguage\":\"pt-BR\",\"potentialAction\":[{\"@type\":\"ReadAction\",\"target\":[\"https:\/\/exposicoes.abc.org.br\/100anos\/academico\/crodowaldo-pavan\/\"]}]},{\"@type\":\"ImageObject\",\"inLanguage\":\"pt-BR\",\"@id\":\"https:\/\/exposicoes.abc.org.br\/100anos\/academico\/crodowaldo-pavan\/#primaryimage\",\"url\":\"https:\/\/exposicoes.abc.org.br\/100anos\/wp-content\/uploads\/2026\/01\/crodowaldo-hero.png\",\"contentUrl\":\"https:\/\/exposicoes.abc.org.br\/100anos\/wp-content\/uploads\/2026\/01\/crodowaldo-hero.png\",\"width\":354,\"height\":552},{\"@type\":\"BreadcrumbList\",\"@id\":\"https:\/\/exposicoes.abc.org.br\/100anos\/academico\/crodowaldo-pavan\/#breadcrumb\",\"itemListElement\":[{\"@type\":\"ListItem\",\"position\":1,\"name\":\"In\u00edcio\",\"item\":\"https:\/\/exposicoes.abc.org.br\/100anos\/\"},{\"@type\":\"ListItem\",\"position\":2,\"name\":\"Crodowaldo Pavan\"}]},{\"@type\":\"WebSite\",\"@id\":\"https:\/\/exposicoes.abc.org.br\/100anos\/#website\",\"url\":\"https:\/\/exposicoes.abc.org.br\/100anos\/\",\"name\":\"Cem Anos de Ci\u00eancia\",\"description\":\"\",\"publisher\":{\"@id\":\"https:\/\/exposicoes.abc.org.br\/100anos\/#organization\"},\"potentialAction\":[{\"@type\":\"SearchAction\",\"target\":{\"@type\":\"EntryPoint\",\"urlTemplate\":\"https:\/\/exposicoes.abc.org.br\/100anos\/?s={search_term_string}\"},\"query-input\":{\"@type\":\"PropertyValueSpecification\",\"valueRequired\":true,\"valueName\":\"search_term_string\"}}],\"inLanguage\":\"pt-BR\"},{\"@type\":\"Organization\",\"@id\":\"https:\/\/exposicoes.abc.org.br\/100anos\/#organization\",\"name\":\"Academia Brasileira de Ci\u00eancias\",\"url\":\"https:\/\/exposicoes.abc.org.br\/100anos\/\",\"logo\":{\"@type\":\"ImageObject\",\"inLanguage\":\"pt-BR\",\"@id\":\"https:\/\/exposicoes.abc.org.br\/100anos\/#\/schema\/logo\/image\/\",\"url\":\"https:\/\/exposicoes.abc.org.br\/100anos\/wp-content\/uploads\/2025\/12\/logo-100-abc.png\",\"contentUrl\":\"https:\/\/exposicoes.abc.org.br\/100anos\/wp-content\/uploads\/2025\/12\/logo-100-abc.png\",\"width\":511,\"height\":116,\"caption\":\"Academia Brasileira de Ci\u00eancias\"},\"image\":{\"@id\":\"https:\/\/exposicoes.abc.org.br\/100anos\/#\/schema\/logo\/image\/\"}}]}<\/script>\n<!-- \/ Yoast SEO plugin. -->","yoast_head_json":{"title":"Crodowaldo Pavan | Cem Anos de Ci\u00eancia","robots":{"index":"index","follow":"follow","max-snippet":"max-snippet:-1","max-image-preview":"max-image-preview:large","max-video-preview":"max-video-preview:-1"},"canonical":"https:\/\/exposicoes.abc.org.br\/100anos\/academico\/crodowaldo-pavan\/","og_locale":"pt_BR","og_type":"article","og_title":"Crodowaldo Pavan | Cem Anos de Ci\u00eancia","og_description":"Sobre o Cientista Descendente de italianos, nasceu em Campinas, S\u00e3o Paulo, em 1919. Ainda crian\u00e7a, mudou-se com a fam\u00edlia para a capital, onde o pai mantinha uma f\u00e1brica de porcelanas. Em 1937 iniciou o curso preparat\u00f3rio com vistas \u00e0 Escola Polit\u00e9cnica, mas, inspirado por um filme sobre Louis Pasteur e aconselhado pelo geneticista Andr\u00e9 Dreyfus,...","og_url":"https:\/\/exposicoes.abc.org.br\/100anos\/academico\/crodowaldo-pavan\/","og_site_name":"Cem Anos de Ci\u00eancia","og_image":[{"width":354,"height":552,"url":"https:\/\/exposicoes.abc.org.br\/100anos\/wp-content\/uploads\/2026\/01\/crodowaldo-hero.png","type":"image\/png"}],"twitter_card":"summary_large_image","twitter_misc":{"Est. tempo de leitura":"3 minutos"},"schema":{"@context":"https:\/\/schema.org","@graph":[{"@type":"WebPage","@id":"https:\/\/exposicoes.abc.org.br\/100anos\/academico\/crodowaldo-pavan\/","url":"https:\/\/exposicoes.abc.org.br\/100anos\/academico\/crodowaldo-pavan\/","name":"Crodowaldo Pavan | Cem Anos de Ci\u00eancia","isPartOf":{"@id":"https:\/\/exposicoes.abc.org.br\/100anos\/#website"},"primaryImageOfPage":{"@id":"https:\/\/exposicoes.abc.org.br\/100anos\/academico\/crodowaldo-pavan\/#primaryimage"},"image":{"@id":"https:\/\/exposicoes.abc.org.br\/100anos\/academico\/crodowaldo-pavan\/#primaryimage"},"thumbnailUrl":"https:\/\/exposicoes.abc.org.br\/100anos\/wp-content\/uploads\/2026\/01\/crodowaldo-hero.png","datePublished":"2026-01-16T13:41:41+00:00","breadcrumb":{"@id":"https:\/\/exposicoes.abc.org.br\/100anos\/academico\/crodowaldo-pavan\/#breadcrumb"},"inLanguage":"pt-BR","potentialAction":[{"@type":"ReadAction","target":["https:\/\/exposicoes.abc.org.br\/100anos\/academico\/crodowaldo-pavan\/"]}]},{"@type":"ImageObject","inLanguage":"pt-BR","@id":"https:\/\/exposicoes.abc.org.br\/100anos\/academico\/crodowaldo-pavan\/#primaryimage","url":"https:\/\/exposicoes.abc.org.br\/100anos\/wp-content\/uploads\/2026\/01\/crodowaldo-hero.png","contentUrl":"https:\/\/exposicoes.abc.org.br\/100anos\/wp-content\/uploads\/2026\/01\/crodowaldo-hero.png","width":354,"height":552},{"@type":"BreadcrumbList","@id":"https:\/\/exposicoes.abc.org.br\/100anos\/academico\/crodowaldo-pavan\/#breadcrumb","itemListElement":[{"@type":"ListItem","position":1,"name":"In\u00edcio","item":"https:\/\/exposicoes.abc.org.br\/100anos\/"},{"@type":"ListItem","position":2,"name":"Crodowaldo Pavan"}]},{"@type":"WebSite","@id":"https:\/\/exposicoes.abc.org.br\/100anos\/#website","url":"https:\/\/exposicoes.abc.org.br\/100anos\/","name":"Cem Anos de Ci\u00eancia","description":"","publisher":{"@id":"https:\/\/exposicoes.abc.org.br\/100anos\/#organization"},"potentialAction":[{"@type":"SearchAction","target":{"@type":"EntryPoint","urlTemplate":"https:\/\/exposicoes.abc.org.br\/100anos\/?s={search_term_string}"},"query-input":{"@type":"PropertyValueSpecification","valueRequired":true,"valueName":"search_term_string"}}],"inLanguage":"pt-BR"},{"@type":"Organization","@id":"https:\/\/exposicoes.abc.org.br\/100anos\/#organization","name":"Academia Brasileira de Ci\u00eancias","url":"https:\/\/exposicoes.abc.org.br\/100anos\/","logo":{"@type":"ImageObject","inLanguage":"pt-BR","@id":"https:\/\/exposicoes.abc.org.br\/100anos\/#\/schema\/logo\/image\/","url":"https:\/\/exposicoes.abc.org.br\/100anos\/wp-content\/uploads\/2025\/12\/logo-100-abc.png","contentUrl":"https:\/\/exposicoes.abc.org.br\/100anos\/wp-content\/uploads\/2025\/12\/logo-100-abc.png","width":511,"height":116,"caption":"Academia Brasileira de Ci\u00eancias"},"image":{"@id":"https:\/\/exposicoes.abc.org.br\/100anos\/#\/schema\/logo\/image\/"}}]}},"_links":{"self":[{"href":"https:\/\/exposicoes.abc.org.br\/100anos\/wp-json\/wp\/v2\/academico\/530","targetHints":{"allow":["GET"]}}],"collection":[{"href":"https:\/\/exposicoes.abc.org.br\/100anos\/wp-json\/wp\/v2\/academico"}],"about":[{"href":"https:\/\/exposicoes.abc.org.br\/100anos\/wp-json\/wp\/v2\/types\/academico"}],"version-history":[{"count":1,"href":"https:\/\/exposicoes.abc.org.br\/100anos\/wp-json\/wp\/v2\/academico\/530\/revisions"}],"predecessor-version":[{"id":533,"href":"https:\/\/exposicoes.abc.org.br\/100anos\/wp-json\/wp\/v2\/academico\/530\/revisions\/533"}],"wp:featuredmedia":[{"embeddable":true,"href":"https:\/\/exposicoes.abc.org.br\/100anos\/wp-json\/wp\/v2\/media\/531"}],"wp:attachment":[{"href":"https:\/\/exposicoes.abc.org.br\/100anos\/wp-json\/wp\/v2\/media?parent=530"}],"wp:term":[{"taxonomy":"periodo-de-presidencia","embeddable":true,"href":"https:\/\/exposicoes.abc.org.br\/100anos\/wp-json\/wp\/v2\/periodo-de-presidencia?post=530"},{"taxonomy":"periodo-de-vida","embeddable":true,"href":"https:\/\/exposicoes.abc.org.br\/100anos\/wp-json\/wp\/v2\/periodo-de-vida?post=530"},{"taxonomy":"tipo-de-academico","embeddable":true,"href":"https:\/\/exposicoes.abc.org.br\/100anos\/wp-json\/wp\/v2\/tipo-de-academico?post=530"}],"curies":[{"name":"wp","href":"https:\/\/api.w.org\/{rel}","templated":true}]}}