{"id":525,"date":"2026-01-16T10:33:04","date_gmt":"2026-01-16T13:33:04","guid":{"rendered":"https:\/\/exposicoes.abc.org.br\/100anos\/?post_type=academico&#038;p=525"},"modified":"2026-01-16T10:33:04","modified_gmt":"2026-01-16T13:33:04","slug":"cesare-mansueto-giulio-lattes","status":"publish","type":"academico","link":"https:\/\/exposicoes.abc.org.br\/100anos\/academico\/cesare-mansueto-giulio-lattes\/","title":{"rendered":"Cesare Mansueto Giulio Lattes"},"content":{"rendered":"\n<div class=\"wp-block-columns is-layout-flex wp-container-core-columns-is-layout-9d6595d7 wp-block-columns-is-layout-flex\">\n<div class=\"wp-block-column is-layout-flow wp-block-column-is-layout-flow\">\n<h2 class=\"wp-block-heading\">Sobre o Cientista<\/h2>\n\n\n\n<p>Nasceu em Curitiba, Paran\u00e1, e graduou-se em f\u00edsica na Universidade de S\u00e3o Paulo, onde iniciou sua carreira cient\u00edfica. Em 1946, foi estudar na Universidade de Bristol, na Inglaterra. L\u00e1 realizou seu principal feito cient\u00edfico: a comprova\u00e7\u00e3o experimental da exist\u00eancia do m\u00e9son-pi. Tornou-se membro da ABC em 1949. No mesmo ano, participou ativamente da cria\u00e7\u00e3o do Centro Brasileiro de Pesquisas F\u00edsicas (CBPF), no Rio de Janeiro, do qual foi o primeiro diretor-cient\u00edfico. Tamb\u00e9m teve atua\u00e7\u00e3o importante na cria\u00e7\u00e3o do CNPq, do Instituto de Matem\u00e1tica Pura e Aplicada, da Escola Latino-americana de F\u00edsica e do Centro Latino-americano de F\u00edsica. Recebeu diversos pr\u00eamios, medalhas e comendas, dentre os quais se destacam o Pr\u00eamio Einstein (1950), o Pr\u00eamio da Academia de Ci\u00eancias do Terceiro Mundo (1988) e a Gr\u00e3-Cruz da Ordem Nacional do M\u00e9rito Cient\u00edfico (1994). Em homenagem ao pesquisador, o reposit\u00f3rio online de curr\u00edculos de professores, cientistas e estudantes brasileiros mais usado no pa\u00eds recebe o nome de Plataforma Lattes.<\/p>\n<\/div>\n\n\n\n<div class=\"wp-block-column is-layout-flow wp-block-column-is-layout-flow\">\n<figure class=\"wp-block-image size-full\"><img loading=\"lazy\" decoding=\"async\" width=\"542\" height=\"652\" src=\"https:\/\/exposicoes.abc.org.br\/100anos\/wp-content\/uploads\/2026\/01\/cesare-01.png\" alt=\"\" class=\"wp-image-527\" srcset=\"https:\/\/exposicoes.abc.org.br\/100anos\/wp-content\/uploads\/2026\/01\/cesare-01.png 542w, https:\/\/exposicoes.abc.org.br\/100anos\/wp-content\/uploads\/2026\/01\/cesare-01-249x300.png 249w\" sizes=\"auto, (max-width: 542px) 100vw, 542px\" \/><figcaption class=\"wp-element-caption\">lattes em a\u00e7\u00e3o, como professor e como pesquisador, e selo comemorativo dos 50 anos da descoberta do m\u00e9son-pi. a imagem retrata o pesquisador e o monte chacaltaya. &#8211; acervo cbpf<\/figcaption><\/figure>\n<\/div>\n<\/div>\n\n\n\n<div style=\"height:100px\" aria-hidden=\"true\" class=\"wp-block-spacer\"><\/div>\n\n\n\n<hr class=\"wp-block-separator has-alpha-channel-opacity\"\/>\n\n\n\n<div style=\"height:100px\" aria-hidden=\"true\" class=\"wp-block-spacer\"><\/div>\n\n\n\n<h2 class=\"wp-block-heading\">Para al\u00e9m dos pr\u00f3tons e el\u00e9trons<\/h2>\n\n\n\n<p>\u00c1tomos s\u00e3o formados por um n\u00facleo composto de pr\u00f3tons e n\u00eautrons, somados a um grupo de el\u00e9trons que se movimentam ao redor dele. Mas, se os pr\u00f3tons t\u00eam carga positiva e os n\u00eautrons, carga neutra, por que permanecem juntos em vez de se repelir? A resposta te\u00f3rica foi apresentada pelo japon\u00eas Hideki Yukawa, que previu, em 1935, a exist\u00eancia de outra part\u00edcula no n\u00facleo at\u00f4mico, o m\u00e9son. Os m\u00e9sons funcionariam como uma esp\u00e9cie de \u201ccola\u201d para impedir a desintegra\u00e7\u00e3o do n\u00facleo.\u00a0<br><br>J\u00e1 a comprova\u00e7\u00e3o experimental da exist\u00eancia dos m\u00e9sons partiu do jovem f\u00edsico brasileiro C\u00e9sar Lattes, quando, aos 23 anos, pesquisava em Bristol, na Inglaterra, t\u00e9cnicas de emuls\u00f5es nucleares. A metodologia envolve o uso de placas fotogr\u00e1ficas capazes de registrar o caminho percorrido pelas part\u00edculas at\u00f4micas ap\u00f3s incidir sobre elas. Essas placas eram muito utilizadas para registrar a atividade de raios c\u00f3smicos, part\u00edculas vindas do espa\u00e7o e que bombardeiam a Terra a todo instante.<br><br>Em 1947, Lattes pediu ao colega Giuseppe Occhialini que, durante suas f\u00e9rias nos Pirineus, expusesse algumas placas de emuls\u00e3o nuclear aos raios c\u00f3smicos. J\u00e1 se sabia \u00e0 \u00e9poca que, quanto maior a altitude em que a placa \u00e9 exposta, melhor a an\u00e1lise dos raios. Quando examinou o material, o cientista notou rastros de part\u00edculas at\u00f4micas que n\u00e3o combinavam com a trajet\u00f3ria esperada para el\u00e9trons, pr\u00f3tons ou n\u00eautrons: estavam detectados, pela primeira vez, os m\u00e9sons. As observa\u00e7\u00f5es foram repetidas e confirmadas por Lattes no Monte Chacaltaya, na Bol\u00edvia.\u00a0<br><br>Em 1948, com o norte-americano Eugene Gardner, Lattes produziu pela primeira vez m\u00e9sons artificiais em um acelerador de part\u00edculas nos Estados Unidos. Tinha, ent\u00e3o, 24 anos. Lattes teve, portanto, papel de grande relev\u00e2ncia no desenvolvimento da f\u00edsica brasileira.<\/p>\n\n\n\n<div style=\"height:100px\" aria-hidden=\"true\" class=\"wp-block-spacer\"><\/div>\n\n\n\n<figure class=\"wp-block-image size-large\"><img loading=\"lazy\" decoding=\"async\" width=\"1024\" height=\"495\" src=\"https:\/\/exposicoes.abc.org.br\/100anos\/wp-content\/uploads\/2026\/01\/cesare-02-1024x495.png\" alt=\"\" class=\"wp-image-528\" srcset=\"https:\/\/exposicoes.abc.org.br\/100anos\/wp-content\/uploads\/2026\/01\/cesare-02-1024x495.png 1024w, https:\/\/exposicoes.abc.org.br\/100anos\/wp-content\/uploads\/2026\/01\/cesare-02-300x145.png 300w, https:\/\/exposicoes.abc.org.br\/100anos\/wp-content\/uploads\/2026\/01\/cesare-02-768x371.png 768w, https:\/\/exposicoes.abc.org.br\/100anos\/wp-content\/uploads\/2026\/01\/cesare-02.png 1366w\" sizes=\"auto, (max-width: 1024px) 100vw, 1024px\" \/><figcaption class=\"wp-element-caption\">lattes em a\u00e7\u00e3o, como professor e como pesquisador, e selo comemorativo dos 50 anos da descoberta do m\u00e9son-pi. a imagem retrata o pesquisador e o monte chacaltaya. &#8211; acervo cbpf<\/figcaption><\/figure>\n\n\n\n<div style=\"height:100px\" aria-hidden=\"true\" class=\"wp-block-spacer\"><\/div>\n\n\n\n<h2 class=\"wp-block-heading\">Cientista popular<\/h2>\n\n\n\n<p>Mesmo tendo se destacado em uma \u00e1rea cient\u00edfica de alta complexidade, a figura de C\u00e9sar Lattes, pela import\u00e2ncia e repercuss\u00e3o do seu trabalho, acabou sendo incorporada \u00e0 cultura brasileira, por meio de diferentes manifesta\u00e7\u00f5es art\u00edsticas. O f\u00edsico \u00e9 citado no samba-enredo Ci\u00eancia e Arte, de Cartola e Carlos Cacha\u00e7a, que levou a Mangueira ao segundo lugar no desfile do carnaval carioca de 1947. A letra da m\u00fasica exalta os feitos de brasileiros not\u00e1veis nos dois campos. Enquanto o pintor e poeta Pedro Am\u00e9rico representa a arte, C\u00e9sar Lattes representa os cientistas do pa\u00eds. Ainda no contexto carnavalesco, C\u00e9sar Lattes faz companhia a outros bonecos gigantes nos desfiles do \u201cCom Ci\u00eancia na Cabe\u00e7a e Frevo no P\u00e9\u201d, bloco de carnaval que se dedica \u00e0 divulga\u00e7\u00e3o cient\u00edfica e anima as festas pernambucanas desde 2005. Lattes tamb\u00e9m \u00e9 tema de um cordel do cearense Gon\u00e7alo Ferreira da Silva, que afirma no folheto: \u201cO esfor\u00e7o de C\u00e9sar Lattes\/ foi importante demais\/ sua for\u00e7a intuitiva\/ foi luminosa e capaz\/ de alargar as ideias\/ para avan\u00e7os reais\u201d.<\/p>\n\n\n\n<div style=\"height:100px\" aria-hidden=\"true\" class=\"wp-block-spacer\"><\/div>\n\n\n\n<div class=\"wp-block-columns box is-layout-flex wp-container-core-columns-is-layout-9d6595d7 wp-block-columns-is-layout-flex\">\n<div class=\"wp-block-column is-layout-flow wp-block-column-is-layout-flow\">\n<h2 class=\"wp-block-heading\">Sobre nomes<\/h2>\n\n\n\n<p>Lates \u00e9 o nome de um rio localizado entre a Espanha e a Fran\u00e7a. Depois que a rainha Isabel deu seis meses para os judeus sa\u00edrem da Espanha e de Portugal, muitos deles atravessaram o rio, passando a utilizar Lattes, com dois \u201ct\u201ds, como sobrenome.\u00a0<br>\u201cM\u00e9son\u201d significa \u201cintermedi\u00e1rio\u201d em grego, nome apropriado para a part\u00edcula cuja massa fica entre a dos pr\u00f3tons e a dos el\u00e9trons. (Fonte: Cole\u00e7\u00e3o Caros Amigos \u201cGrandes Cientistas Brasileiros\u201d, fasc\u00edculo 2)<\/p>\n<\/div>\n<\/div>\n","protected":false},"excerpt":{"rendered":"<p>Sobre o Cientista Nasceu em Curitiba, Paran\u00e1, e graduou-se em f\u00edsica na Universidade de S\u00e3o Paulo, onde iniciou sua carreira cient\u00edfica. Em 1946, foi estudar na Universidade de Bristol, na Inglaterra. L\u00e1 realizou seu principal feito cient\u00edfico: a comprova\u00e7\u00e3o experimental da exist\u00eancia do m\u00e9son-pi. Tornou-se membro da ABC em 1949. No mesmo ano, participou ativamente&#8230;<\/p>\n","protected":false},"featured_media":526,"parent":0,"template":"","meta":{"_acf_changed":false,"footnotes":""},"periodo-de-presidencia":[],"periodo-de-vida":[64],"tipo-de-academico":[4],"class_list":["post-525","academico","type-academico","status-publish","has-post-thumbnail","hentry","periodo-de-vida-1924-2005","tipo-de-academico-cientistas-de-destaque"],"acf":[],"yoast_head":"<!-- This site is optimized with the Yoast SEO plugin v26.8 - https:\/\/yoast.com\/product\/yoast-seo-wordpress\/ -->\n<title>Cesare Mansueto Giulio Lattes | Cem Anos de Ci\u00eancia<\/title>\n<meta name=\"robots\" content=\"index, follow, max-snippet:-1, max-image-preview:large, max-video-preview:-1\" \/>\n<link rel=\"canonical\" href=\"https:\/\/exposicoes.abc.org.br\/100anos\/academico\/cesare-mansueto-giulio-lattes\/\" \/>\n<meta property=\"og:locale\" content=\"pt_BR\" \/>\n<meta property=\"og:type\" content=\"article\" \/>\n<meta property=\"og:title\" content=\"Cesare Mansueto Giulio Lattes | Cem Anos de Ci\u00eancia\" \/>\n<meta property=\"og:description\" content=\"Sobre o Cientista Nasceu em Curitiba, Paran\u00e1, e graduou-se em f\u00edsica na Universidade de S\u00e3o Paulo, onde iniciou sua carreira cient\u00edfica. Em 1946, foi estudar na Universidade de Bristol, na Inglaterra. L\u00e1 realizou seu principal feito cient\u00edfico: a comprova\u00e7\u00e3o experimental da exist\u00eancia do m\u00e9son-pi. Tornou-se membro da ABC em 1949. No mesmo ano, participou ativamente...\" \/>\n<meta property=\"og:url\" content=\"https:\/\/exposicoes.abc.org.br\/100anos\/academico\/cesare-mansueto-giulio-lattes\/\" \/>\n<meta property=\"og:site_name\" content=\"Cem Anos de Ci\u00eancia\" \/>\n<meta property=\"og:image\" content=\"https:\/\/exposicoes.abc.org.br\/100anos\/wp-content\/uploads\/2026\/01\/cesare-hero.png\" \/>\n\t<meta property=\"og:image:width\" content=\"354\" \/>\n\t<meta property=\"og:image:height\" content=\"552\" \/>\n\t<meta property=\"og:image:type\" content=\"image\/png\" \/>\n<meta name=\"twitter:card\" content=\"summary_large_image\" \/>\n<meta name=\"twitter:label1\" content=\"Est. tempo de leitura\" \/>\n\t<meta name=\"twitter:data1\" content=\"4 minutos\" \/>\n<script type=\"application\/ld+json\" class=\"yoast-schema-graph\">{\"@context\":\"https:\/\/schema.org\",\"@graph\":[{\"@type\":\"WebPage\",\"@id\":\"https:\/\/exposicoes.abc.org.br\/100anos\/academico\/cesare-mansueto-giulio-lattes\/\",\"url\":\"https:\/\/exposicoes.abc.org.br\/100anos\/academico\/cesare-mansueto-giulio-lattes\/\",\"name\":\"Cesare Mansueto Giulio Lattes | Cem Anos de Ci\u00eancia\",\"isPartOf\":{\"@id\":\"https:\/\/exposicoes.abc.org.br\/100anos\/#website\"},\"primaryImageOfPage\":{\"@id\":\"https:\/\/exposicoes.abc.org.br\/100anos\/academico\/cesare-mansueto-giulio-lattes\/#primaryimage\"},\"image\":{\"@id\":\"https:\/\/exposicoes.abc.org.br\/100anos\/academico\/cesare-mansueto-giulio-lattes\/#primaryimage\"},\"thumbnailUrl\":\"https:\/\/exposicoes.abc.org.br\/100anos\/wp-content\/uploads\/2026\/01\/cesare-hero.png\",\"datePublished\":\"2026-01-16T13:33:04+00:00\",\"breadcrumb\":{\"@id\":\"https:\/\/exposicoes.abc.org.br\/100anos\/academico\/cesare-mansueto-giulio-lattes\/#breadcrumb\"},\"inLanguage\":\"pt-BR\",\"potentialAction\":[{\"@type\":\"ReadAction\",\"target\":[\"https:\/\/exposicoes.abc.org.br\/100anos\/academico\/cesare-mansueto-giulio-lattes\/\"]}]},{\"@type\":\"ImageObject\",\"inLanguage\":\"pt-BR\",\"@id\":\"https:\/\/exposicoes.abc.org.br\/100anos\/academico\/cesare-mansueto-giulio-lattes\/#primaryimage\",\"url\":\"https:\/\/exposicoes.abc.org.br\/100anos\/wp-content\/uploads\/2026\/01\/cesare-hero.png\",\"contentUrl\":\"https:\/\/exposicoes.abc.org.br\/100anos\/wp-content\/uploads\/2026\/01\/cesare-hero.png\",\"width\":354,\"height\":552},{\"@type\":\"BreadcrumbList\",\"@id\":\"https:\/\/exposicoes.abc.org.br\/100anos\/academico\/cesare-mansueto-giulio-lattes\/#breadcrumb\",\"itemListElement\":[{\"@type\":\"ListItem\",\"position\":1,\"name\":\"In\u00edcio\",\"item\":\"https:\/\/exposicoes.abc.org.br\/100anos\/\"},{\"@type\":\"ListItem\",\"position\":2,\"name\":\"Cesare Mansueto Giulio Lattes\"}]},{\"@type\":\"WebSite\",\"@id\":\"https:\/\/exposicoes.abc.org.br\/100anos\/#website\",\"url\":\"https:\/\/exposicoes.abc.org.br\/100anos\/\",\"name\":\"Cem Anos de Ci\u00eancia\",\"description\":\"\",\"publisher\":{\"@id\":\"https:\/\/exposicoes.abc.org.br\/100anos\/#organization\"},\"potentialAction\":[{\"@type\":\"SearchAction\",\"target\":{\"@type\":\"EntryPoint\",\"urlTemplate\":\"https:\/\/exposicoes.abc.org.br\/100anos\/?s={search_term_string}\"},\"query-input\":{\"@type\":\"PropertyValueSpecification\",\"valueRequired\":true,\"valueName\":\"search_term_string\"}}],\"inLanguage\":\"pt-BR\"},{\"@type\":\"Organization\",\"@id\":\"https:\/\/exposicoes.abc.org.br\/100anos\/#organization\",\"name\":\"Academia Brasileira de Ci\u00eancias\",\"url\":\"https:\/\/exposicoes.abc.org.br\/100anos\/\",\"logo\":{\"@type\":\"ImageObject\",\"inLanguage\":\"pt-BR\",\"@id\":\"https:\/\/exposicoes.abc.org.br\/100anos\/#\/schema\/logo\/image\/\",\"url\":\"https:\/\/exposicoes.abc.org.br\/100anos\/wp-content\/uploads\/2025\/12\/logo-100-abc.png\",\"contentUrl\":\"https:\/\/exposicoes.abc.org.br\/100anos\/wp-content\/uploads\/2025\/12\/logo-100-abc.png\",\"width\":511,\"height\":116,\"caption\":\"Academia Brasileira de Ci\u00eancias\"},\"image\":{\"@id\":\"https:\/\/exposicoes.abc.org.br\/100anos\/#\/schema\/logo\/image\/\"}}]}<\/script>\n<!-- \/ Yoast SEO plugin. -->","yoast_head_json":{"title":"Cesare Mansueto Giulio Lattes | Cem Anos de Ci\u00eancia","robots":{"index":"index","follow":"follow","max-snippet":"max-snippet:-1","max-image-preview":"max-image-preview:large","max-video-preview":"max-video-preview:-1"},"canonical":"https:\/\/exposicoes.abc.org.br\/100anos\/academico\/cesare-mansueto-giulio-lattes\/","og_locale":"pt_BR","og_type":"article","og_title":"Cesare Mansueto Giulio Lattes | Cem Anos de Ci\u00eancia","og_description":"Sobre o Cientista Nasceu em Curitiba, Paran\u00e1, e graduou-se em f\u00edsica na Universidade de S\u00e3o Paulo, onde iniciou sua carreira cient\u00edfica. Em 1946, foi estudar na Universidade de Bristol, na Inglaterra. L\u00e1 realizou seu principal feito cient\u00edfico: a comprova\u00e7\u00e3o experimental da exist\u00eancia do m\u00e9son-pi. Tornou-se membro da ABC em 1949. No mesmo ano, participou ativamente...","og_url":"https:\/\/exposicoes.abc.org.br\/100anos\/academico\/cesare-mansueto-giulio-lattes\/","og_site_name":"Cem Anos de Ci\u00eancia","og_image":[{"width":354,"height":552,"url":"https:\/\/exposicoes.abc.org.br\/100anos\/wp-content\/uploads\/2026\/01\/cesare-hero.png","type":"image\/png"}],"twitter_card":"summary_large_image","twitter_misc":{"Est. tempo de leitura":"4 minutos"},"schema":{"@context":"https:\/\/schema.org","@graph":[{"@type":"WebPage","@id":"https:\/\/exposicoes.abc.org.br\/100anos\/academico\/cesare-mansueto-giulio-lattes\/","url":"https:\/\/exposicoes.abc.org.br\/100anos\/academico\/cesare-mansueto-giulio-lattes\/","name":"Cesare Mansueto Giulio Lattes | Cem Anos de Ci\u00eancia","isPartOf":{"@id":"https:\/\/exposicoes.abc.org.br\/100anos\/#website"},"primaryImageOfPage":{"@id":"https:\/\/exposicoes.abc.org.br\/100anos\/academico\/cesare-mansueto-giulio-lattes\/#primaryimage"},"image":{"@id":"https:\/\/exposicoes.abc.org.br\/100anos\/academico\/cesare-mansueto-giulio-lattes\/#primaryimage"},"thumbnailUrl":"https:\/\/exposicoes.abc.org.br\/100anos\/wp-content\/uploads\/2026\/01\/cesare-hero.png","datePublished":"2026-01-16T13:33:04+00:00","breadcrumb":{"@id":"https:\/\/exposicoes.abc.org.br\/100anos\/academico\/cesare-mansueto-giulio-lattes\/#breadcrumb"},"inLanguage":"pt-BR","potentialAction":[{"@type":"ReadAction","target":["https:\/\/exposicoes.abc.org.br\/100anos\/academico\/cesare-mansueto-giulio-lattes\/"]}]},{"@type":"ImageObject","inLanguage":"pt-BR","@id":"https:\/\/exposicoes.abc.org.br\/100anos\/academico\/cesare-mansueto-giulio-lattes\/#primaryimage","url":"https:\/\/exposicoes.abc.org.br\/100anos\/wp-content\/uploads\/2026\/01\/cesare-hero.png","contentUrl":"https:\/\/exposicoes.abc.org.br\/100anos\/wp-content\/uploads\/2026\/01\/cesare-hero.png","width":354,"height":552},{"@type":"BreadcrumbList","@id":"https:\/\/exposicoes.abc.org.br\/100anos\/academico\/cesare-mansueto-giulio-lattes\/#breadcrumb","itemListElement":[{"@type":"ListItem","position":1,"name":"In\u00edcio","item":"https:\/\/exposicoes.abc.org.br\/100anos\/"},{"@type":"ListItem","position":2,"name":"Cesare Mansueto Giulio Lattes"}]},{"@type":"WebSite","@id":"https:\/\/exposicoes.abc.org.br\/100anos\/#website","url":"https:\/\/exposicoes.abc.org.br\/100anos\/","name":"Cem Anos de Ci\u00eancia","description":"","publisher":{"@id":"https:\/\/exposicoes.abc.org.br\/100anos\/#organization"},"potentialAction":[{"@type":"SearchAction","target":{"@type":"EntryPoint","urlTemplate":"https:\/\/exposicoes.abc.org.br\/100anos\/?s={search_term_string}"},"query-input":{"@type":"PropertyValueSpecification","valueRequired":true,"valueName":"search_term_string"}}],"inLanguage":"pt-BR"},{"@type":"Organization","@id":"https:\/\/exposicoes.abc.org.br\/100anos\/#organization","name":"Academia Brasileira de Ci\u00eancias","url":"https:\/\/exposicoes.abc.org.br\/100anos\/","logo":{"@type":"ImageObject","inLanguage":"pt-BR","@id":"https:\/\/exposicoes.abc.org.br\/100anos\/#\/schema\/logo\/image\/","url":"https:\/\/exposicoes.abc.org.br\/100anos\/wp-content\/uploads\/2025\/12\/logo-100-abc.png","contentUrl":"https:\/\/exposicoes.abc.org.br\/100anos\/wp-content\/uploads\/2025\/12\/logo-100-abc.png","width":511,"height":116,"caption":"Academia Brasileira de Ci\u00eancias"},"image":{"@id":"https:\/\/exposicoes.abc.org.br\/100anos\/#\/schema\/logo\/image\/"}}]}},"_links":{"self":[{"href":"https:\/\/exposicoes.abc.org.br\/100anos\/wp-json\/wp\/v2\/academico\/525","targetHints":{"allow":["GET"]}}],"collection":[{"href":"https:\/\/exposicoes.abc.org.br\/100anos\/wp-json\/wp\/v2\/academico"}],"about":[{"href":"https:\/\/exposicoes.abc.org.br\/100anos\/wp-json\/wp\/v2\/types\/academico"}],"version-history":[{"count":1,"href":"https:\/\/exposicoes.abc.org.br\/100anos\/wp-json\/wp\/v2\/academico\/525\/revisions"}],"predecessor-version":[{"id":529,"href":"https:\/\/exposicoes.abc.org.br\/100anos\/wp-json\/wp\/v2\/academico\/525\/revisions\/529"}],"wp:featuredmedia":[{"embeddable":true,"href":"https:\/\/exposicoes.abc.org.br\/100anos\/wp-json\/wp\/v2\/media\/526"}],"wp:attachment":[{"href":"https:\/\/exposicoes.abc.org.br\/100anos\/wp-json\/wp\/v2\/media?parent=525"}],"wp:term":[{"taxonomy":"periodo-de-presidencia","embeddable":true,"href":"https:\/\/exposicoes.abc.org.br\/100anos\/wp-json\/wp\/v2\/periodo-de-presidencia?post=525"},{"taxonomy":"periodo-de-vida","embeddable":true,"href":"https:\/\/exposicoes.abc.org.br\/100anos\/wp-json\/wp\/v2\/periodo-de-vida?post=525"},{"taxonomy":"tipo-de-academico","embeddable":true,"href":"https:\/\/exposicoes.abc.org.br\/100anos\/wp-json\/wp\/v2\/tipo-de-academico?post=525"}],"curies":[{"name":"wp","href":"https:\/\/api.w.org\/{rel}","templated":true}]}}