{"id":519,"date":"2026-01-16T10:28:40","date_gmt":"2026-01-16T13:28:40","guid":{"rendered":"https:\/\/exposicoes.abc.org.br\/100anos\/?post_type=academico&#038;p=519"},"modified":"2026-01-27T11:53:01","modified_gmt":"2026-01-27T14:53:01","slug":"celso-monteiro-furtado","status":"publish","type":"academico","link":"https:\/\/exposicoes.abc.org.br\/100anos\/academico\/celso-monteiro-furtado\/","title":{"rendered":"Celso Monteiro Furtado"},"content":{"rendered":"\n<div class=\"wp-block-columns is-layout-flex wp-container-core-columns-is-layout-9d6595d7 wp-block-columns-is-layout-flex\">\n<div class=\"wp-block-column is-layout-flow wp-block-column-is-layout-flow\">\n<h2 class=\"wp-block-heading\">Sobre o Cientista<\/h2>\n\n\n\n<p>Nascido em Pombal, sert\u00e3o da Para\u00edba, formou-se em direito. Trabalhou como jornalista e na \u00e1rea administrativa federal antes de ser convocado para a For\u00e7a Expedicion\u00e1ria Brasileira na Segunda Guerra Mundial. Direcionou seu interesse para a economia, \u00e1rea na qual doutorou-se, em 1948, pela Universidade de Paris-Sorbonne. No ano seguinte, ingressou na Comiss\u00e3o Econ\u00f4mica para a Am\u00e9rica Latina da Organiza\u00e7\u00e3o das Na\u00e7\u00f5es Unidas (ONU). Durante as d\u00e9cadas de 1950 e 1960, produziu algumas de suas obras intelectuais mais reconhecidas, relacionadas \u00e0 forma\u00e7\u00e3o econ\u00f4mica do Brasil. Contribuiu com estudos para o governo de Juscelino Kubitschek e atuou como titular da Superintend\u00eancia de Desenvolvimento do Nordeste (Sudene) nas gest\u00f5es de J\u00e2nio Quadros e Jo\u00e3o Goulart, de quem foi ministro do Planejamento. Com direitos cassados pela ditadura militar, dedicou-se a atividades de ensino e pesquisa nos Estados Unidos e na Fran\u00e7a. Nos anos 1980, ap\u00f3s a redemocratiza\u00e7\u00e3o, foi embaixador do Brasil junto \u00e0 Comunidade Econ\u00f4mica Europeia e ministro da Cultura. Ingressou na ABC em 2003, depois de se tornar imortal da Academia Brasileira de Letras.<\/p>\n<\/div>\n\n\n\n<div class=\"wp-block-column is-layout-flow wp-block-column-is-layout-flow\">\n<figure class=\"wp-block-image size-full\"><img loading=\"lazy\" decoding=\"async\" width=\"546\" height=\"652\" src=\"https:\/\/exposicoes.abc.org.br\/100anos\/wp-content\/uploads\/2026\/01\/Frame-238-3.png\" alt=\"\" class=\"wp-image-522\" srcset=\"https:\/\/exposicoes.abc.org.br\/100anos\/wp-content\/uploads\/2026\/01\/Frame-238-3.png 546w, https:\/\/exposicoes.abc.org.br\/100anos\/wp-content\/uploads\/2026\/01\/Frame-238-3-251x300.png 251w\" sizes=\"auto, (max-width: 546px) 100vw, 546px\" \/><figcaption class=\"wp-element-caption\">o desenvolvimento econ\u00f4mico e social do nordeste esteve entre as prioridades do trabalho de celso furtado. leo nunes\/ wikimedia commons; ant\u00f4nio flor\u00eancio<\/figcaption><\/figure>\n<\/div>\n<\/div>\n\n\n\n<div style=\"height:100px\" aria-hidden=\"true\" class=\"wp-block-spacer\"><\/div>\n\n\n\n<hr class=\"wp-block-separator has-alpha-channel-opacity\"\/>\n\n\n\n<div style=\"height:100px\" aria-hidden=\"true\" class=\"wp-block-spacer\"><\/div>\n\n\n\n<h2 class=\"wp-block-heading\">Desenvolvimento social<\/h2>\n\n\n\n<p>O economista brasileiro mais conhecido, nacional e internacionalmente, Celso Furtado, empenhou-se na reflex\u00e3o sobre as rela\u00e7\u00f5es entre desenvolvimento econ\u00f4mico e processos sociais. Buscou entender a forma\u00e7\u00e3o hist\u00f3rica do Brasil e, durante sua atua\u00e7\u00e3o na Comiss\u00e3o Econ\u00f4mica para a Am\u00e9rica Latina, aprofundou seus estudos sobre o subdesenvolvimento latino-americano. No livro Forma\u00e7\u00e3o Econ\u00f4mica do Brasil (1959), uma de suas obras mais importantes, prop\u00f4s uma interpreta\u00e7\u00e3o original do desenvolvimento regional brasileiro, que levou em conta os fatores condicionantes e os efeitos da din\u00e2mica econ\u00f4mica e populacional no territ\u00f3rio do pa\u00eds.<br><br>Durante o governo de Juscelino Kubitschek, teve papel fundamental na proposi\u00e7\u00e3o de an\u00e1lises e projetos para o desenvolvimento do Nordeste. Como diretor do Banco Nacional de Desenvolvimento e integrante do grupo de trabalho da institui\u00e7\u00e3o voltado para a regi\u00e3o, formulou um diagn\u00f3stico das raz\u00f5es do subdesenvolvimento do Nordeste. Para ele, n\u00e3o se tratava de uma etapa do processo de desenvolvimento econ\u00f4mico, e sim do resultado de uma forma\u00e7\u00e3o hist\u00f3rico-estrutural particular. Apontou caminhos para superar essa condi\u00e7\u00e3o, que inclu\u00edam transforma\u00e7\u00f5es estruturais, entre elas a industrializa\u00e7\u00e3o e o criterioso planejamento econ\u00f4mico.<br><br>O reconhecimento \u00e0 contribui\u00e7\u00e3o de Furtado em quest\u00f5es relacionadas ao desenvolvimento social e ao combate \u00e0 pobreza manifesta-se em iniciativas e tributos ao economista. Nos anos 2000, por ocasi\u00e3o de seus 80 anos, semin\u00e1rios e exposi\u00e7\u00f5es em refer\u00eancia a sua obra aconteceram pelo pa\u00eds e no exterior. Em 2004, nas comemora\u00e7\u00f5es do 40\u00ba anivers\u00e1rio da Confer\u00eancia das Na\u00e7\u00f5es Unidas sobre Com\u00e9rcio e Desenvolvimento, recebeu men\u00e7\u00e3o do ent\u00e3o secret\u00e1rio-geral da ONU, Kofi Annan. No evento, foi lan\u00e7ada a proposta de cria\u00e7\u00e3o do Centro Internacional Celso Furtado de Pol\u00edticas P\u00fablicas para o Desenvolvimento, cujas atividades tiveram in\u00edcio em 2005.<\/p>\n\n\n\n<div style=\"height:100px\" aria-hidden=\"true\" class=\"wp-block-spacer\"><\/div>\n\n\n\n<p><\/p>\n","protected":false},"excerpt":{"rendered":"<p>Sobre o Cientista Nascido em Pombal, sert\u00e3o da Para\u00edba, formou-se em direito. Trabalhou como jornalista e na \u00e1rea administrativa federal antes de ser convocado para a For\u00e7a Expedicion\u00e1ria Brasileira na Segunda Guerra Mundial. Direcionou seu interesse para a economia, \u00e1rea na qual doutorou-se, em 1948, pela Universidade de Paris-Sorbonne. No ano seguinte, ingressou na Comiss\u00e3o&#8230;<\/p>\n","protected":false},"featured_media":695,"parent":0,"template":"","meta":{"_acf_changed":false,"footnotes":""},"periodo-de-presidencia":[],"periodo-de-vida":[63],"tipo-de-academico":[4],"class_list":["post-519","academico","type-academico","status-publish","has-post-thumbnail","hentry","periodo-de-vida-1930-2013","tipo-de-academico-cientistas-de-destaque"],"acf":[],"yoast_head":"<!-- This site is optimized with the Yoast SEO plugin v26.8 - https:\/\/yoast.com\/product\/yoast-seo-wordpress\/ -->\n<title>Celso Monteiro Furtado | Cem Anos de Ci\u00eancia<\/title>\n<meta name=\"robots\" content=\"index, follow, max-snippet:-1, max-image-preview:large, max-video-preview:-1\" \/>\n<link rel=\"canonical\" href=\"https:\/\/exposicoes.abc.org.br\/100anos\/academico\/celso-monteiro-furtado\/\" \/>\n<meta property=\"og:locale\" content=\"pt_BR\" \/>\n<meta property=\"og:type\" content=\"article\" \/>\n<meta property=\"og:title\" content=\"Celso Monteiro Furtado | Cem Anos de Ci\u00eancia\" \/>\n<meta property=\"og:description\" content=\"Sobre o Cientista Nascido em Pombal, sert\u00e3o da Para\u00edba, formou-se em direito. Trabalhou como jornalista e na \u00e1rea administrativa federal antes de ser convocado para a For\u00e7a Expedicion\u00e1ria Brasileira na Segunda Guerra Mundial. Direcionou seu interesse para a economia, \u00e1rea na qual doutorou-se, em 1948, pela Universidade de Paris-Sorbonne. No ano seguinte, ingressou na Comiss\u00e3o...\" \/>\n<meta property=\"og:url\" content=\"https:\/\/exposicoes.abc.org.br\/100anos\/academico\/celso-monteiro-furtado\/\" \/>\n<meta property=\"og:site_name\" content=\"Cem Anos de Ci\u00eancia\" \/>\n<meta property=\"article:modified_time\" content=\"2026-01-27T14:53:01+00:00\" \/>\n<meta property=\"og:image\" content=\"https:\/\/exposicoes.abc.org.br\/100anos\/wp-content\/uploads\/2026\/01\/celso-hero.png\" \/>\n\t<meta property=\"og:image:width\" content=\"354\" \/>\n\t<meta property=\"og:image:height\" content=\"552\" \/>\n\t<meta property=\"og:image:type\" content=\"image\/png\" \/>\n<meta name=\"twitter:card\" content=\"summary_large_image\" \/>\n<meta name=\"twitter:label1\" content=\"Est. tempo de leitura\" \/>\n\t<meta name=\"twitter:data1\" content=\"3 minutos\" \/>\n<script type=\"application\/ld+json\" class=\"yoast-schema-graph\">{\"@context\":\"https:\/\/schema.org\",\"@graph\":[{\"@type\":\"WebPage\",\"@id\":\"https:\/\/exposicoes.abc.org.br\/100anos\/academico\/celso-monteiro-furtado\/\",\"url\":\"https:\/\/exposicoes.abc.org.br\/100anos\/academico\/celso-monteiro-furtado\/\",\"name\":\"Celso Monteiro Furtado | Cem Anos de Ci\u00eancia\",\"isPartOf\":{\"@id\":\"https:\/\/exposicoes.abc.org.br\/100anos\/#website\"},\"primaryImageOfPage\":{\"@id\":\"https:\/\/exposicoes.abc.org.br\/100anos\/academico\/celso-monteiro-furtado\/#primaryimage\"},\"image\":{\"@id\":\"https:\/\/exposicoes.abc.org.br\/100anos\/academico\/celso-monteiro-furtado\/#primaryimage\"},\"thumbnailUrl\":\"https:\/\/exposicoes.abc.org.br\/100anos\/wp-content\/uploads\/2026\/01\/celso-hero.png\",\"datePublished\":\"2026-01-16T13:28:40+00:00\",\"dateModified\":\"2026-01-27T14:53:01+00:00\",\"breadcrumb\":{\"@id\":\"https:\/\/exposicoes.abc.org.br\/100anos\/academico\/celso-monteiro-furtado\/#breadcrumb\"},\"inLanguage\":\"pt-BR\",\"potentialAction\":[{\"@type\":\"ReadAction\",\"target\":[\"https:\/\/exposicoes.abc.org.br\/100anos\/academico\/celso-monteiro-furtado\/\"]}]},{\"@type\":\"ImageObject\",\"inLanguage\":\"pt-BR\",\"@id\":\"https:\/\/exposicoes.abc.org.br\/100anos\/academico\/celso-monteiro-furtado\/#primaryimage\",\"url\":\"https:\/\/exposicoes.abc.org.br\/100anos\/wp-content\/uploads\/2026\/01\/celso-hero.png\",\"contentUrl\":\"https:\/\/exposicoes.abc.org.br\/100anos\/wp-content\/uploads\/2026\/01\/celso-hero.png\",\"width\":354,\"height\":552},{\"@type\":\"BreadcrumbList\",\"@id\":\"https:\/\/exposicoes.abc.org.br\/100anos\/academico\/celso-monteiro-furtado\/#breadcrumb\",\"itemListElement\":[{\"@type\":\"ListItem\",\"position\":1,\"name\":\"In\u00edcio\",\"item\":\"https:\/\/exposicoes.abc.org.br\/100anos\/\"},{\"@type\":\"ListItem\",\"position\":2,\"name\":\"Celso Monteiro Furtado\"}]},{\"@type\":\"WebSite\",\"@id\":\"https:\/\/exposicoes.abc.org.br\/100anos\/#website\",\"url\":\"https:\/\/exposicoes.abc.org.br\/100anos\/\",\"name\":\"Cem Anos de Ci\u00eancia\",\"description\":\"\",\"publisher\":{\"@id\":\"https:\/\/exposicoes.abc.org.br\/100anos\/#organization\"},\"potentialAction\":[{\"@type\":\"SearchAction\",\"target\":{\"@type\":\"EntryPoint\",\"urlTemplate\":\"https:\/\/exposicoes.abc.org.br\/100anos\/?s={search_term_string}\"},\"query-input\":{\"@type\":\"PropertyValueSpecification\",\"valueRequired\":true,\"valueName\":\"search_term_string\"}}],\"inLanguage\":\"pt-BR\"},{\"@type\":\"Organization\",\"@id\":\"https:\/\/exposicoes.abc.org.br\/100anos\/#organization\",\"name\":\"Academia Brasileira de Ci\u00eancias\",\"url\":\"https:\/\/exposicoes.abc.org.br\/100anos\/\",\"logo\":{\"@type\":\"ImageObject\",\"inLanguage\":\"pt-BR\",\"@id\":\"https:\/\/exposicoes.abc.org.br\/100anos\/#\/schema\/logo\/image\/\",\"url\":\"https:\/\/exposicoes.abc.org.br\/100anos\/wp-content\/uploads\/2025\/12\/logo-100-abc.png\",\"contentUrl\":\"https:\/\/exposicoes.abc.org.br\/100anos\/wp-content\/uploads\/2025\/12\/logo-100-abc.png\",\"width\":511,\"height\":116,\"caption\":\"Academia Brasileira de Ci\u00eancias\"},\"image\":{\"@id\":\"https:\/\/exposicoes.abc.org.br\/100anos\/#\/schema\/logo\/image\/\"}}]}<\/script>\n<!-- \/ Yoast SEO plugin. -->","yoast_head_json":{"title":"Celso Monteiro Furtado | Cem Anos de Ci\u00eancia","robots":{"index":"index","follow":"follow","max-snippet":"max-snippet:-1","max-image-preview":"max-image-preview:large","max-video-preview":"max-video-preview:-1"},"canonical":"https:\/\/exposicoes.abc.org.br\/100anos\/academico\/celso-monteiro-furtado\/","og_locale":"pt_BR","og_type":"article","og_title":"Celso Monteiro Furtado | Cem Anos de Ci\u00eancia","og_description":"Sobre o Cientista Nascido em Pombal, sert\u00e3o da Para\u00edba, formou-se em direito. Trabalhou como jornalista e na \u00e1rea administrativa federal antes de ser convocado para a For\u00e7a Expedicion\u00e1ria Brasileira na Segunda Guerra Mundial. Direcionou seu interesse para a economia, \u00e1rea na qual doutorou-se, em 1948, pela Universidade de Paris-Sorbonne. No ano seguinte, ingressou na Comiss\u00e3o...","og_url":"https:\/\/exposicoes.abc.org.br\/100anos\/academico\/celso-monteiro-furtado\/","og_site_name":"Cem Anos de Ci\u00eancia","article_modified_time":"2026-01-27T14:53:01+00:00","og_image":[{"width":354,"height":552,"url":"https:\/\/exposicoes.abc.org.br\/100anos\/wp-content\/uploads\/2026\/01\/celso-hero.png","type":"image\/png"}],"twitter_card":"summary_large_image","twitter_misc":{"Est. tempo de leitura":"3 minutos"},"schema":{"@context":"https:\/\/schema.org","@graph":[{"@type":"WebPage","@id":"https:\/\/exposicoes.abc.org.br\/100anos\/academico\/celso-monteiro-furtado\/","url":"https:\/\/exposicoes.abc.org.br\/100anos\/academico\/celso-monteiro-furtado\/","name":"Celso Monteiro Furtado | Cem Anos de Ci\u00eancia","isPartOf":{"@id":"https:\/\/exposicoes.abc.org.br\/100anos\/#website"},"primaryImageOfPage":{"@id":"https:\/\/exposicoes.abc.org.br\/100anos\/academico\/celso-monteiro-furtado\/#primaryimage"},"image":{"@id":"https:\/\/exposicoes.abc.org.br\/100anos\/academico\/celso-monteiro-furtado\/#primaryimage"},"thumbnailUrl":"https:\/\/exposicoes.abc.org.br\/100anos\/wp-content\/uploads\/2026\/01\/celso-hero.png","datePublished":"2026-01-16T13:28:40+00:00","dateModified":"2026-01-27T14:53:01+00:00","breadcrumb":{"@id":"https:\/\/exposicoes.abc.org.br\/100anos\/academico\/celso-monteiro-furtado\/#breadcrumb"},"inLanguage":"pt-BR","potentialAction":[{"@type":"ReadAction","target":["https:\/\/exposicoes.abc.org.br\/100anos\/academico\/celso-monteiro-furtado\/"]}]},{"@type":"ImageObject","inLanguage":"pt-BR","@id":"https:\/\/exposicoes.abc.org.br\/100anos\/academico\/celso-monteiro-furtado\/#primaryimage","url":"https:\/\/exposicoes.abc.org.br\/100anos\/wp-content\/uploads\/2026\/01\/celso-hero.png","contentUrl":"https:\/\/exposicoes.abc.org.br\/100anos\/wp-content\/uploads\/2026\/01\/celso-hero.png","width":354,"height":552},{"@type":"BreadcrumbList","@id":"https:\/\/exposicoes.abc.org.br\/100anos\/academico\/celso-monteiro-furtado\/#breadcrumb","itemListElement":[{"@type":"ListItem","position":1,"name":"In\u00edcio","item":"https:\/\/exposicoes.abc.org.br\/100anos\/"},{"@type":"ListItem","position":2,"name":"Celso Monteiro Furtado"}]},{"@type":"WebSite","@id":"https:\/\/exposicoes.abc.org.br\/100anos\/#website","url":"https:\/\/exposicoes.abc.org.br\/100anos\/","name":"Cem Anos de Ci\u00eancia","description":"","publisher":{"@id":"https:\/\/exposicoes.abc.org.br\/100anos\/#organization"},"potentialAction":[{"@type":"SearchAction","target":{"@type":"EntryPoint","urlTemplate":"https:\/\/exposicoes.abc.org.br\/100anos\/?s={search_term_string}"},"query-input":{"@type":"PropertyValueSpecification","valueRequired":true,"valueName":"search_term_string"}}],"inLanguage":"pt-BR"},{"@type":"Organization","@id":"https:\/\/exposicoes.abc.org.br\/100anos\/#organization","name":"Academia Brasileira de Ci\u00eancias","url":"https:\/\/exposicoes.abc.org.br\/100anos\/","logo":{"@type":"ImageObject","inLanguage":"pt-BR","@id":"https:\/\/exposicoes.abc.org.br\/100anos\/#\/schema\/logo\/image\/","url":"https:\/\/exposicoes.abc.org.br\/100anos\/wp-content\/uploads\/2025\/12\/logo-100-abc.png","contentUrl":"https:\/\/exposicoes.abc.org.br\/100anos\/wp-content\/uploads\/2025\/12\/logo-100-abc.png","width":511,"height":116,"caption":"Academia Brasileira de Ci\u00eancias"},"image":{"@id":"https:\/\/exposicoes.abc.org.br\/100anos\/#\/schema\/logo\/image\/"}}]}},"_links":{"self":[{"href":"https:\/\/exposicoes.abc.org.br\/100anos\/wp-json\/wp\/v2\/academico\/519","targetHints":{"allow":["GET"]}}],"collection":[{"href":"https:\/\/exposicoes.abc.org.br\/100anos\/wp-json\/wp\/v2\/academico"}],"about":[{"href":"https:\/\/exposicoes.abc.org.br\/100anos\/wp-json\/wp\/v2\/types\/academico"}],"version-history":[{"count":2,"href":"https:\/\/exposicoes.abc.org.br\/100anos\/wp-json\/wp\/v2\/academico\/519\/revisions"}],"predecessor-version":[{"id":524,"href":"https:\/\/exposicoes.abc.org.br\/100anos\/wp-json\/wp\/v2\/academico\/519\/revisions\/524"}],"wp:featuredmedia":[{"embeddable":true,"href":"https:\/\/exposicoes.abc.org.br\/100anos\/wp-json\/wp\/v2\/media\/695"}],"wp:attachment":[{"href":"https:\/\/exposicoes.abc.org.br\/100anos\/wp-json\/wp\/v2\/media?parent=519"}],"wp:term":[{"taxonomy":"periodo-de-presidencia","embeddable":true,"href":"https:\/\/exposicoes.abc.org.br\/100anos\/wp-json\/wp\/v2\/periodo-de-presidencia?post=519"},{"taxonomy":"periodo-de-vida","embeddable":true,"href":"https:\/\/exposicoes.abc.org.br\/100anos\/wp-json\/wp\/v2\/periodo-de-vida?post=519"},{"taxonomy":"tipo-de-academico","embeddable":true,"href":"https:\/\/exposicoes.abc.org.br\/100anos\/wp-json\/wp\/v2\/tipo-de-academico?post=519"}],"curies":[{"name":"wp","href":"https:\/\/api.w.org\/{rel}","templated":true}]}}