{"id":514,"date":"2026-01-16T10:22:41","date_gmt":"2026-01-16T13:22:41","guid":{"rendered":"https:\/\/exposicoes.abc.org.br\/100anos\/?post_type=academico&#038;p=514"},"modified":"2026-01-16T10:23:03","modified_gmt":"2026-01-16T13:23:03","slug":"carlos-ribeiro-justiniano-chagas","status":"publish","type":"academico","link":"https:\/\/exposicoes.abc.org.br\/100anos\/academico\/carlos-ribeiro-justiniano-chagas\/","title":{"rendered":"Carlos Ribeiro Justiniano Chagas"},"content":{"rendered":"\n<div class=\"wp-block-columns is-layout-flex wp-container-core-columns-is-layout-9d6595d7 wp-block-columns-is-layout-flex\">\n<div class=\"wp-block-column is-layout-flow wp-block-column-is-layout-flow\">\n<h2 class=\"wp-block-heading\">Sobre o Cientista<\/h2>\n\n\n\n<p>Nascido na fazenda Bom Retiro, munic\u00edpio de Oliveira, em Minas Gerais, iniciou sua forma\u00e7\u00e3o em col\u00e9gios religiosos. Com apoio do tio materno, m\u00e9dico em Oliveira, foi para a capital federal e formou-se em 1902 pela Faculdade de Medicina do Rio de Janeiro. Desenvolveu pesquisa sobre os aspectos hematol\u00f3gicos da mal\u00e1ria, orientado pelo diretor do Instituto Soroter\u00e1pico Federal, o ent\u00e3o jovem microbiologista Oswaldo Cruz. Em 1907, identificou o protozo\u00e1rio Trypanosoma cruzi, causador da tripanossom\u00edase americana, hoje conhecida como doen\u00e7a de Chagas. Assumiu em 1917, logo ap\u00f3s a morte de Oswaldo Cruz, a dire\u00e7\u00e3o do Instituto de Manguinhos (antigo Instituto Soroter\u00e1pico Federal e atual Funda\u00e7\u00e3o Oswaldo Cruz), cargo que ocupou at\u00e9 o fim da vida. No mesmo ano, ingressou na Academia Brasileira de Ci\u00eancias. Por indica\u00e7\u00e3o do presidente Epit\u00e1cio Pessoa, comandou a Diretoria Geral de Sa\u00fade P\u00fablica entre 1919 e 1926. Foi membro honor\u00e1rio de dezenas de associa\u00e7\u00f5es m\u00e9dico-cient\u00edficas, recebeu in\u00fameros t\u00edtulos e condecora\u00e7\u00f5es, al\u00e9m de duas indica\u00e7\u00f5es ao Nobel de Medicina.<\/p>\n<\/div>\n\n\n\n<div class=\"wp-block-column is-layout-flow wp-block-column-is-layout-flow\">\n<figure class=\"wp-block-image size-full\"><img loading=\"lazy\" decoding=\"async\" width=\"542\" height=\"616\" src=\"https:\/\/exposicoes.abc.org.br\/100anos\/wp-content\/uploads\/2026\/01\/carlos-01.png\" alt=\"\" class=\"wp-image-516\" srcset=\"https:\/\/exposicoes.abc.org.br\/100anos\/wp-content\/uploads\/2026\/01\/carlos-01.png 542w, https:\/\/exposicoes.abc.org.br\/100anos\/wp-content\/uploads\/2026\/01\/carlos-01-264x300.png 264w\" sizes=\"auto, (max-width: 542px) 100vw, 542px\" \/><figcaption class=\"wp-element-caption\">nas frestas das paredes de casas de pau-a-pique, escondem-se os barbeiros transmissores da doen\u00e7a de<br>chagas. abaixo, inseto da esp\u00e9cie triatoma infestans, uma das envolvidas no ciclo da enfermidade. reprodu\u00e7\u00e3o e b\u00e4rbel &#8211; stock (barbeiro)<\/figcaption><\/figure>\n<\/div>\n<\/div>\n\n\n\n<div style=\"height:100px\" aria-hidden=\"true\" class=\"wp-block-spacer\"><\/div>\n\n\n\n<hr class=\"wp-block-separator has-alpha-channel-opacity\"\/>\n\n\n\n<div style=\"height:100px\" aria-hidden=\"true\" class=\"wp-block-spacer\"><\/div>\n\n\n\n<h2 class=\"wp-block-heading\">Salto triplo na hist\u00f3ria da ci\u00eancia<\/h2>\n\n\n\n<p>A entomologia m\u00e9dica, voltada ao estudo de insetos transmissores de doen\u00e7as, era um dos principais campos de investiga\u00e7\u00e3o do Instituto de Manguinhos no in\u00edcio do s\u00e9culo XX.<br>V\u00e1rias regi\u00f5es do Brasil enfrentavam epidemias, entre elas a de mal\u00e1ria, que atingia fortemente trabalhadores das obras de moderniza\u00e7\u00e3o do pa\u00eds. Em 1907, Carlos Chagas iniciou sua participa\u00e7\u00e3o no combate \u00e0 doen\u00e7a nas proximidades de Lassance, norte de Minas Gerais, onde era constru\u00eddo o prolongamento da Estrada de Ferro Central do Brasil.<br><br>Al\u00e9m de coordenar a\u00e7\u00f5es relacionadas \u00e0 mal\u00e1ria, o cientista desenvolvia pesquisas com esp\u00e9cimes da fauna local. \u00c0quela \u00e9poca, o estudo dos tripanossomas era um dos focos da medicina tropical. Atento a essa preocupa\u00e7\u00e3o, Chagas identificou uma nova esp\u00e9cie do protozo\u00e1rio no sangue de um sagui comumente encontrado em Lassance. Meses depois, em parceria com o m\u00e9dico Belis\u00e1rio Penna, dedicou-se \u00e0 coleta e ao estudo de insetos hemat\u00f3fagos existentes na regi\u00e3o, conhecidos como barbeiros. No laborat\u00f3rio montado em um vag\u00e3o de trem, o cientista observou a presen\u00e7a de um tripanossoma no intestino dos insetos. Enviou amostras para testes no Instituto de Manguinhos e, com base nos resultados e em pesquisas posteriores, concluiu ter identificado uma nova esp\u00e9cie, a que deu o nome Trypanosoma cruzi em homenagem a Oswaldo Cruz.<br><br>Chagas estudou o ciclo evolutivo do protozo\u00e1rio, identificou a infec\u00e7\u00e3o em animais dom\u00e9sticos e observou, em abril de 1909, o T. cruzi no sangue de uma crian\u00e7a \u2013 o primeiro caso comprovado da tripanossom\u00edase humana. Estudou suas manifesta\u00e7\u00f5es cl\u00ednicas, complica\u00e7\u00f5es e epidemiologia. Foi, assim, o primeiro e o \u00fanico cientista na hist\u00f3ria da medicina a descrever completamente uma mol\u00e9stia infecciosa, conhecida hoje como mal de Chagas ou doen\u00e7a de Chagas. Pelo feito, ingressou em 1910 na Academia Nacional de Medicina, que pela primeira vez admitiu um membro titular sem que houvesse vaga dispon\u00edvel.<\/p>\n\n\n\n<div style=\"height:100px\" aria-hidden=\"true\" class=\"wp-block-spacer\"><\/div>\n\n\n\n<div class=\"wp-block-columns box is-layout-flex wp-container-core-columns-is-layout-9d6595d7 wp-block-columns-is-layout-flex\">\n<div class=\"wp-block-column is-layout-flow wp-block-column-is-layout-flow\">\n<h2 class=\"wp-block-heading\">Heran\u00e7a cient\u00edfica<\/h2>\n\n\n\n<p>Assim como a conviv\u00eancia com um tio materno estimulou o interesse de Carlos Chagas pela medicina, a experi\u00eancia de observar e acompanhar o trabalho do pai teve influ\u00eancia nas carreiras de Evandro Chagas (1905-1940) e Carlos Chagas Filho (1910-2000), filhos de Chagas com Iris Lobo. O primeiro destacou-se por contribui\u00e7\u00f5es ao conhecimento dos aspectos cl\u00ednicos da doen\u00e7a de Chagas e pela identifica\u00e7\u00e3o dos primeiros casos humanos de leishmaniose visceral americana. J\u00e1 Chagas Filho desvendou o mecanismo do choque do peixe-el\u00e9trico, caracter\u00edstico da fauna brasileira, fundou o Instituto de Biof\u00edsica da UFRJ e teve participa\u00e7\u00e3o fundamental na institucionaliza\u00e7\u00e3o da pesquisa universit\u00e1ria no pa\u00eds.<\/p>\n<\/div>\n<\/div>\n\n\n\n<p><\/p>\n","protected":false},"excerpt":{"rendered":"<p>Sobre o Cientista Nascido na fazenda Bom Retiro, munic\u00edpio de Oliveira, em Minas Gerais, iniciou sua forma\u00e7\u00e3o em col\u00e9gios religiosos. Com apoio do tio materno, m\u00e9dico em Oliveira, foi para a capital federal e formou-se em 1902 pela Faculdade de Medicina do Rio de Janeiro. Desenvolveu pesquisa sobre os aspectos hematol\u00f3gicos da mal\u00e1ria, orientado pelo&#8230;<\/p>\n","protected":false},"featured_media":515,"parent":0,"template":"","meta":{"_acf_changed":false,"footnotes":""},"periodo-de-presidencia":[],"periodo-de-vida":[63],"tipo-de-academico":[4],"class_list":["post-514","academico","type-academico","status-publish","has-post-thumbnail","hentry","periodo-de-vida-1930-2013","tipo-de-academico-cientistas-de-destaque"],"acf":[],"yoast_head":"<!-- This site is optimized with the Yoast SEO plugin v26.8 - https:\/\/yoast.com\/product\/yoast-seo-wordpress\/ -->\n<title>Carlos Ribeiro Justiniano Chagas | Cem Anos de Ci\u00eancia<\/title>\n<meta name=\"robots\" content=\"index, follow, max-snippet:-1, max-image-preview:large, max-video-preview:-1\" \/>\n<link rel=\"canonical\" href=\"https:\/\/exposicoes.abc.org.br\/100anos\/academico\/carlos-ribeiro-justiniano-chagas\/\" \/>\n<meta property=\"og:locale\" content=\"pt_BR\" \/>\n<meta property=\"og:type\" content=\"article\" \/>\n<meta property=\"og:title\" content=\"Carlos Ribeiro Justiniano Chagas | Cem Anos de Ci\u00eancia\" \/>\n<meta property=\"og:description\" content=\"Sobre o Cientista Nascido na fazenda Bom Retiro, munic\u00edpio de Oliveira, em Minas Gerais, iniciou sua forma\u00e7\u00e3o em col\u00e9gios religiosos. Com apoio do tio materno, m\u00e9dico em Oliveira, foi para a capital federal e formou-se em 1902 pela Faculdade de Medicina do Rio de Janeiro. Desenvolveu pesquisa sobre os aspectos hematol\u00f3gicos da mal\u00e1ria, orientado pelo...\" \/>\n<meta property=\"og:url\" content=\"https:\/\/exposicoes.abc.org.br\/100anos\/academico\/carlos-ribeiro-justiniano-chagas\/\" \/>\n<meta property=\"og:site_name\" content=\"Cem Anos de Ci\u00eancia\" \/>\n<meta property=\"article:modified_time\" content=\"2026-01-16T13:23:03+00:00\" \/>\n<meta property=\"og:image\" content=\"https:\/\/exposicoes.abc.org.br\/100anos\/wp-content\/uploads\/2026\/01\/carlos-hero.png\" \/>\n\t<meta property=\"og:image:width\" content=\"354\" \/>\n\t<meta property=\"og:image:height\" content=\"552\" \/>\n\t<meta property=\"og:image:type\" content=\"image\/png\" \/>\n<meta name=\"twitter:card\" content=\"summary_large_image\" \/>\n<meta name=\"twitter:label1\" content=\"Est. tempo de leitura\" \/>\n\t<meta name=\"twitter:data1\" content=\"3 minutos\" \/>\n<script type=\"application\/ld+json\" class=\"yoast-schema-graph\">{\"@context\":\"https:\/\/schema.org\",\"@graph\":[{\"@type\":\"WebPage\",\"@id\":\"https:\/\/exposicoes.abc.org.br\/100anos\/academico\/carlos-ribeiro-justiniano-chagas\/\",\"url\":\"https:\/\/exposicoes.abc.org.br\/100anos\/academico\/carlos-ribeiro-justiniano-chagas\/\",\"name\":\"Carlos Ribeiro Justiniano Chagas | Cem Anos de Ci\u00eancia\",\"isPartOf\":{\"@id\":\"https:\/\/exposicoes.abc.org.br\/100anos\/#website\"},\"primaryImageOfPage\":{\"@id\":\"https:\/\/exposicoes.abc.org.br\/100anos\/academico\/carlos-ribeiro-justiniano-chagas\/#primaryimage\"},\"image\":{\"@id\":\"https:\/\/exposicoes.abc.org.br\/100anos\/academico\/carlos-ribeiro-justiniano-chagas\/#primaryimage\"},\"thumbnailUrl\":\"https:\/\/exposicoes.abc.org.br\/100anos\/wp-content\/uploads\/2026\/01\/carlos-hero.png\",\"datePublished\":\"2026-01-16T13:22:41+00:00\",\"dateModified\":\"2026-01-16T13:23:03+00:00\",\"breadcrumb\":{\"@id\":\"https:\/\/exposicoes.abc.org.br\/100anos\/academico\/carlos-ribeiro-justiniano-chagas\/#breadcrumb\"},\"inLanguage\":\"pt-BR\",\"potentialAction\":[{\"@type\":\"ReadAction\",\"target\":[\"https:\/\/exposicoes.abc.org.br\/100anos\/academico\/carlos-ribeiro-justiniano-chagas\/\"]}]},{\"@type\":\"ImageObject\",\"inLanguage\":\"pt-BR\",\"@id\":\"https:\/\/exposicoes.abc.org.br\/100anos\/academico\/carlos-ribeiro-justiniano-chagas\/#primaryimage\",\"url\":\"https:\/\/exposicoes.abc.org.br\/100anos\/wp-content\/uploads\/2026\/01\/carlos-hero.png\",\"contentUrl\":\"https:\/\/exposicoes.abc.org.br\/100anos\/wp-content\/uploads\/2026\/01\/carlos-hero.png\",\"width\":354,\"height\":552},{\"@type\":\"BreadcrumbList\",\"@id\":\"https:\/\/exposicoes.abc.org.br\/100anos\/academico\/carlos-ribeiro-justiniano-chagas\/#breadcrumb\",\"itemListElement\":[{\"@type\":\"ListItem\",\"position\":1,\"name\":\"In\u00edcio\",\"item\":\"https:\/\/exposicoes.abc.org.br\/100anos\/\"},{\"@type\":\"ListItem\",\"position\":2,\"name\":\"Carlos Ribeiro Justiniano Chagas\"}]},{\"@type\":\"WebSite\",\"@id\":\"https:\/\/exposicoes.abc.org.br\/100anos\/#website\",\"url\":\"https:\/\/exposicoes.abc.org.br\/100anos\/\",\"name\":\"Cem Anos de Ci\u00eancia\",\"description\":\"\",\"publisher\":{\"@id\":\"https:\/\/exposicoes.abc.org.br\/100anos\/#organization\"},\"potentialAction\":[{\"@type\":\"SearchAction\",\"target\":{\"@type\":\"EntryPoint\",\"urlTemplate\":\"https:\/\/exposicoes.abc.org.br\/100anos\/?s={search_term_string}\"},\"query-input\":{\"@type\":\"PropertyValueSpecification\",\"valueRequired\":true,\"valueName\":\"search_term_string\"}}],\"inLanguage\":\"pt-BR\"},{\"@type\":\"Organization\",\"@id\":\"https:\/\/exposicoes.abc.org.br\/100anos\/#organization\",\"name\":\"Academia Brasileira de Ci\u00eancias\",\"url\":\"https:\/\/exposicoes.abc.org.br\/100anos\/\",\"logo\":{\"@type\":\"ImageObject\",\"inLanguage\":\"pt-BR\",\"@id\":\"https:\/\/exposicoes.abc.org.br\/100anos\/#\/schema\/logo\/image\/\",\"url\":\"https:\/\/exposicoes.abc.org.br\/100anos\/wp-content\/uploads\/2025\/12\/logo-100-abc.png\",\"contentUrl\":\"https:\/\/exposicoes.abc.org.br\/100anos\/wp-content\/uploads\/2025\/12\/logo-100-abc.png\",\"width\":511,\"height\":116,\"caption\":\"Academia Brasileira de Ci\u00eancias\"},\"image\":{\"@id\":\"https:\/\/exposicoes.abc.org.br\/100anos\/#\/schema\/logo\/image\/\"}}]}<\/script>\n<!-- \/ Yoast SEO plugin. -->","yoast_head_json":{"title":"Carlos Ribeiro Justiniano Chagas | Cem Anos de Ci\u00eancia","robots":{"index":"index","follow":"follow","max-snippet":"max-snippet:-1","max-image-preview":"max-image-preview:large","max-video-preview":"max-video-preview:-1"},"canonical":"https:\/\/exposicoes.abc.org.br\/100anos\/academico\/carlos-ribeiro-justiniano-chagas\/","og_locale":"pt_BR","og_type":"article","og_title":"Carlos Ribeiro Justiniano Chagas | Cem Anos de Ci\u00eancia","og_description":"Sobre o Cientista Nascido na fazenda Bom Retiro, munic\u00edpio de Oliveira, em Minas Gerais, iniciou sua forma\u00e7\u00e3o em col\u00e9gios religiosos. Com apoio do tio materno, m\u00e9dico em Oliveira, foi para a capital federal e formou-se em 1902 pela Faculdade de Medicina do Rio de Janeiro. Desenvolveu pesquisa sobre os aspectos hematol\u00f3gicos da mal\u00e1ria, orientado pelo...","og_url":"https:\/\/exposicoes.abc.org.br\/100anos\/academico\/carlos-ribeiro-justiniano-chagas\/","og_site_name":"Cem Anos de Ci\u00eancia","article_modified_time":"2026-01-16T13:23:03+00:00","og_image":[{"width":354,"height":552,"url":"https:\/\/exposicoes.abc.org.br\/100anos\/wp-content\/uploads\/2026\/01\/carlos-hero.png","type":"image\/png"}],"twitter_card":"summary_large_image","twitter_misc":{"Est. tempo de leitura":"3 minutos"},"schema":{"@context":"https:\/\/schema.org","@graph":[{"@type":"WebPage","@id":"https:\/\/exposicoes.abc.org.br\/100anos\/academico\/carlos-ribeiro-justiniano-chagas\/","url":"https:\/\/exposicoes.abc.org.br\/100anos\/academico\/carlos-ribeiro-justiniano-chagas\/","name":"Carlos Ribeiro Justiniano Chagas | Cem Anos de Ci\u00eancia","isPartOf":{"@id":"https:\/\/exposicoes.abc.org.br\/100anos\/#website"},"primaryImageOfPage":{"@id":"https:\/\/exposicoes.abc.org.br\/100anos\/academico\/carlos-ribeiro-justiniano-chagas\/#primaryimage"},"image":{"@id":"https:\/\/exposicoes.abc.org.br\/100anos\/academico\/carlos-ribeiro-justiniano-chagas\/#primaryimage"},"thumbnailUrl":"https:\/\/exposicoes.abc.org.br\/100anos\/wp-content\/uploads\/2026\/01\/carlos-hero.png","datePublished":"2026-01-16T13:22:41+00:00","dateModified":"2026-01-16T13:23:03+00:00","breadcrumb":{"@id":"https:\/\/exposicoes.abc.org.br\/100anos\/academico\/carlos-ribeiro-justiniano-chagas\/#breadcrumb"},"inLanguage":"pt-BR","potentialAction":[{"@type":"ReadAction","target":["https:\/\/exposicoes.abc.org.br\/100anos\/academico\/carlos-ribeiro-justiniano-chagas\/"]}]},{"@type":"ImageObject","inLanguage":"pt-BR","@id":"https:\/\/exposicoes.abc.org.br\/100anos\/academico\/carlos-ribeiro-justiniano-chagas\/#primaryimage","url":"https:\/\/exposicoes.abc.org.br\/100anos\/wp-content\/uploads\/2026\/01\/carlos-hero.png","contentUrl":"https:\/\/exposicoes.abc.org.br\/100anos\/wp-content\/uploads\/2026\/01\/carlos-hero.png","width":354,"height":552},{"@type":"BreadcrumbList","@id":"https:\/\/exposicoes.abc.org.br\/100anos\/academico\/carlos-ribeiro-justiniano-chagas\/#breadcrumb","itemListElement":[{"@type":"ListItem","position":1,"name":"In\u00edcio","item":"https:\/\/exposicoes.abc.org.br\/100anos\/"},{"@type":"ListItem","position":2,"name":"Carlos Ribeiro Justiniano Chagas"}]},{"@type":"WebSite","@id":"https:\/\/exposicoes.abc.org.br\/100anos\/#website","url":"https:\/\/exposicoes.abc.org.br\/100anos\/","name":"Cem Anos de Ci\u00eancia","description":"","publisher":{"@id":"https:\/\/exposicoes.abc.org.br\/100anos\/#organization"},"potentialAction":[{"@type":"SearchAction","target":{"@type":"EntryPoint","urlTemplate":"https:\/\/exposicoes.abc.org.br\/100anos\/?s={search_term_string}"},"query-input":{"@type":"PropertyValueSpecification","valueRequired":true,"valueName":"search_term_string"}}],"inLanguage":"pt-BR"},{"@type":"Organization","@id":"https:\/\/exposicoes.abc.org.br\/100anos\/#organization","name":"Academia Brasileira de Ci\u00eancias","url":"https:\/\/exposicoes.abc.org.br\/100anos\/","logo":{"@type":"ImageObject","inLanguage":"pt-BR","@id":"https:\/\/exposicoes.abc.org.br\/100anos\/#\/schema\/logo\/image\/","url":"https:\/\/exposicoes.abc.org.br\/100anos\/wp-content\/uploads\/2025\/12\/logo-100-abc.png","contentUrl":"https:\/\/exposicoes.abc.org.br\/100anos\/wp-content\/uploads\/2025\/12\/logo-100-abc.png","width":511,"height":116,"caption":"Academia Brasileira de Ci\u00eancias"},"image":{"@id":"https:\/\/exposicoes.abc.org.br\/100anos\/#\/schema\/logo\/image\/"}}]}},"_links":{"self":[{"href":"https:\/\/exposicoes.abc.org.br\/100anos\/wp-json\/wp\/v2\/academico\/514","targetHints":{"allow":["GET"]}}],"collection":[{"href":"https:\/\/exposicoes.abc.org.br\/100anos\/wp-json\/wp\/v2\/academico"}],"about":[{"href":"https:\/\/exposicoes.abc.org.br\/100anos\/wp-json\/wp\/v2\/types\/academico"}],"version-history":[{"count":2,"href":"https:\/\/exposicoes.abc.org.br\/100anos\/wp-json\/wp\/v2\/academico\/514\/revisions"}],"predecessor-version":[{"id":518,"href":"https:\/\/exposicoes.abc.org.br\/100anos\/wp-json\/wp\/v2\/academico\/514\/revisions\/518"}],"wp:featuredmedia":[{"embeddable":true,"href":"https:\/\/exposicoes.abc.org.br\/100anos\/wp-json\/wp\/v2\/media\/515"}],"wp:attachment":[{"href":"https:\/\/exposicoes.abc.org.br\/100anos\/wp-json\/wp\/v2\/media?parent=514"}],"wp:term":[{"taxonomy":"periodo-de-presidencia","embeddable":true,"href":"https:\/\/exposicoes.abc.org.br\/100anos\/wp-json\/wp\/v2\/periodo-de-presidencia?post=514"},{"taxonomy":"periodo-de-vida","embeddable":true,"href":"https:\/\/exposicoes.abc.org.br\/100anos\/wp-json\/wp\/v2\/periodo-de-vida?post=514"},{"taxonomy":"tipo-de-academico","embeddable":true,"href":"https:\/\/exposicoes.abc.org.br\/100anos\/wp-json\/wp\/v2\/tipo-de-academico?post=514"}],"curies":[{"name":"wp","href":"https:\/\/api.w.org\/{rel}","templated":true}]}}