{"id":506,"date":"2026-01-16T10:13:19","date_gmt":"2026-01-16T13:13:19","guid":{"rendered":"https:\/\/exposicoes.abc.org.br\/100anos\/?post_type=academico&#038;p=506"},"modified":"2026-01-27T11:49:23","modified_gmt":"2026-01-27T14:49:23","slug":"aziz-nacib-absaber","status":"publish","type":"academico","link":"https:\/\/exposicoes.abc.org.br\/100anos\/academico\/aziz-nacib-absaber\/","title":{"rendered":"Aziz Nacib Ab&#8217;saber"},"content":{"rendered":"\n<div class=\"wp-block-columns is-layout-flex wp-container-core-columns-is-layout-9d6595d7 wp-block-columns-is-layout-flex\">\n<div class=\"wp-block-column is-layout-flow wp-block-column-is-layout-flow\">\n<h2 class=\"wp-block-heading\">Sobre o Cientista<\/h2>\n\n\n\n<p>Paulista de S\u00e3o Luiz do Paraitinga, regi\u00e3o do Vale do Para\u00edba, filho de imigrante liban\u00eas e m\u00e3e brasileira. Ingressou em 1941 no curso de Geografia e Hist\u00f3ria da Faculdade de Filosofia da Universidade de S\u00e3o Paulo (USP), institui\u00e7\u00e3o onde desenvolveu toda sua carreira acad\u00eamica e cient\u00edfica, tornou-se livre docente em 1965 e recebeu o t\u00edtulo de professor em\u00e9rito em 2000. Especializou-se em geografia f\u00edsica e geomorfologia, com pesquisas tamb\u00e9m nas \u00e1reas de ecologia, fitogeografia, geologia e no campo das humanidades, com foco no espa\u00e7o social. Foi professor honor\u00e1rio do Instituto de Estudos Avan\u00e7ados da USP. Ingressou na Academia Brasileira de Ci\u00eancias em 1976. Participou com destaque da Associa\u00e7\u00e3o de Ge\u00f3grafos Brasileiros e da Sociedade Brasileira para o Progresso da Ci\u00eancia, da qual era presidente de honra. Recebeu a Gr\u00e3-Cruz em Ci\u00eancias da Terra, pela Ordem Nacional do M\u00e9rito Cient\u00edfico, o Pr\u00eamio Internacional de Ecologia (1998) e o Pr\u00eamio Unesco para Ci\u00eancia e Meio Ambiente (2001), entre outros.<\/p>\n<\/div>\n\n\n\n<div class=\"wp-block-column is-layout-flow wp-block-column-is-layout-flow\">\n<figure class=\"wp-block-image size-full\"><img loading=\"lazy\" decoding=\"async\" width=\"546\" height=\"619\" src=\"https:\/\/exposicoes.abc.org.br\/100anos\/wp-content\/uploads\/2026\/01\/aziz-01.png\" alt=\"\" class=\"wp-image-507\" srcset=\"https:\/\/exposicoes.abc.org.br\/100anos\/wp-content\/uploads\/2026\/01\/aziz-01.png 546w, https:\/\/exposicoes.abc.org.br\/100anos\/wp-content\/uploads\/2026\/01\/aziz-01-265x300.png 265w\" sizes=\"auto, (max-width: 546px) 100vw, 546px\" \/><figcaption class=\"wp-element-caption\">o pesquisador durante a 47\u00aa reuni\u00e3o anual da sbpc, realizada em s\u00e3o lu\u00eds (ma) em 1995. &#8211; acervo sbpc.<\/figcaption><\/figure>\n<\/div>\n<\/div>\n\n\n\n<div style=\"height:100px\" aria-hidden=\"true\" class=\"wp-block-spacer\"><\/div>\n\n\n\n<hr class=\"wp-block-separator has-alpha-channel-opacity\"\/>\n\n\n\n<div style=\"height:100px\" aria-hidden=\"true\" class=\"wp-block-spacer\"><\/div>\n\n\n\n<h2 class=\"wp-block-heading\">Geografia humana<\/h2>\n\n\n\n<p>As lembran\u00e7as e impress\u00f5es do jovem do interior paulista que migrou para a capital acerca das paisagens da Serra do Mar, do Planalto Atl\u00e2ntico e da Plan\u00edcie Litor\u00e2nea tiveram influ\u00eancia na atua\u00e7\u00e3o de Aziz Ab&#8217;Saber como ge\u00f3grafo. Da mesma forma, sua forma\u00e7\u00e3o em geografia e hist\u00f3ria contribuiu para uma vis\u00e3o dos fatos geogr\u00e1ficos sob a perspectiva do passado. A integra\u00e7\u00e3o entre diferentes campos do conhecimento, propiciada pela viv\u00eancia na Faculdade de Filosofia da USP, possibilitou o aprimoramento da capacidade de associar aspectos da natureza e da organiza\u00e7\u00e3o humana no espa\u00e7o geogr\u00e1fico.<br><br>O ge\u00f3grafo reconhecia a relev\u00e2ncia do trabalho de campo e do conhecimento in situ da realidade do pa\u00eds. Ainda durante a especializa\u00e7\u00e3o, participou de excurs\u00e3o at\u00e9 Aragar\u00e7as, na fronteira entre o sudoeste de Goi\u00e1s e o leste de Mato Grosso, na regi\u00e3o conhecida como Brasil Central. O relat\u00f3rio de pesquisa gerado a partir de suas observa\u00e7\u00f5es foi uma das primeiras experi\u00eancias de conhecimento de uma regi\u00e3o sob os pontos de vista f\u00edsico e humano. A viagem foi tamb\u00e9m ponto de partida para sua proposta de distribui\u00e7\u00e3o espacial dos grandes dom\u00ednios integrados de natureza no Brasil. O material criado para classificar o relevo brasileiro, com suas representa\u00e7\u00f5es cartogr\u00e1ficas e desenhos esquem\u00e1ticos, \u00e9 utilizado at\u00e9 hoje como recurso did\u00e1tico no ensino de geografia.<br><br>Ab&#8217;Saber estabeleceu parcerias com pesquisadores de outros campos. Trabalhou, por exemplo, com o zo\u00f3logo Paulo Em\u00edlio Vanzolini na teoria dos ref\u00fagios, que associa a biodiversidade amaz\u00f4nica aos per\u00edodos do passado de clima seco e isolamento geogr\u00e1fico. Al\u00e9m das contribui\u00e7\u00f5es te\u00f3ricas, seu profundo conhecimento sobre ecossistemas o posicionou na vanguarda de lutas pela preserva\u00e7\u00e3o do meio ambiente e na discuss\u00e3o sobre quest\u00f5es nacionais, sempre considerando o aspecto humano e sua incorpora\u00e7\u00e3o \u00e0 paisagem.<\/p>\n\n\n\n<div style=\"height:100px\" aria-hidden=\"true\" class=\"wp-block-spacer\"><\/div>\n","protected":false},"excerpt":{"rendered":"<p>Sobre o Cientista Paulista de S\u00e3o Luiz do Paraitinga, regi\u00e3o do Vale do Para\u00edba, filho de imigrante liban\u00eas e m\u00e3e brasileira. Ingressou em 1941 no curso de Geografia e Hist\u00f3ria da Faculdade de Filosofia da Universidade de S\u00e3o Paulo (USP), institui\u00e7\u00e3o onde desenvolveu toda sua carreira acad\u00eamica e cient\u00edfica, tornou-se livre docente em 1965 e&#8230;<\/p>\n","protected":false},"featured_media":694,"parent":0,"template":"","meta":{"_acf_changed":false,"footnotes":""},"periodo-de-presidencia":[],"periodo-de-vida":[62],"tipo-de-academico":[4],"class_list":["post-506","academico","type-academico","status-publish","has-post-thumbnail","hentry","periodo-de-vida-1924-2012","tipo-de-academico-cientistas-de-destaque"],"acf":[],"yoast_head":"<!-- This site is optimized with the Yoast SEO plugin v26.8 - https:\/\/yoast.com\/product\/yoast-seo-wordpress\/ -->\n<title>Aziz Nacib Ab&#039;saber | Cem Anos de Ci\u00eancia<\/title>\n<meta name=\"robots\" content=\"index, follow, max-snippet:-1, max-image-preview:large, max-video-preview:-1\" \/>\n<link rel=\"canonical\" href=\"https:\/\/exposicoes.abc.org.br\/100anos\/academico\/aziz-nacib-absaber\/\" \/>\n<meta property=\"og:locale\" content=\"pt_BR\" \/>\n<meta property=\"og:type\" content=\"article\" \/>\n<meta property=\"og:title\" content=\"Aziz Nacib Ab&#039;saber | Cem Anos de Ci\u00eancia\" \/>\n<meta property=\"og:description\" content=\"Sobre o Cientista Paulista de S\u00e3o Luiz do Paraitinga, regi\u00e3o do Vale do Para\u00edba, filho de imigrante liban\u00eas e m\u00e3e brasileira. Ingressou em 1941 no curso de Geografia e Hist\u00f3ria da Faculdade de Filosofia da Universidade de S\u00e3o Paulo (USP), institui\u00e7\u00e3o onde desenvolveu toda sua carreira acad\u00eamica e cient\u00edfica, tornou-se livre docente em 1965 e...\" \/>\n<meta property=\"og:url\" content=\"https:\/\/exposicoes.abc.org.br\/100anos\/academico\/aziz-nacib-absaber\/\" \/>\n<meta property=\"og:site_name\" content=\"Cem Anos de Ci\u00eancia\" \/>\n<meta property=\"article:modified_time\" content=\"2026-01-27T14:49:23+00:00\" \/>\n<meta property=\"og:image\" content=\"https:\/\/exposicoes.abc.org.br\/100anos\/wp-content\/uploads\/2026\/01\/aziz-hero.png\" \/>\n\t<meta property=\"og:image:width\" content=\"354\" \/>\n\t<meta property=\"og:image:height\" content=\"552\" \/>\n\t<meta property=\"og:image:type\" content=\"image\/png\" \/>\n<meta name=\"twitter:card\" content=\"summary_large_image\" \/>\n<meta name=\"twitter:label1\" content=\"Est. tempo de leitura\" \/>\n\t<meta name=\"twitter:data1\" content=\"3 minutos\" \/>\n<script type=\"application\/ld+json\" class=\"yoast-schema-graph\">{\"@context\":\"https:\/\/schema.org\",\"@graph\":[{\"@type\":\"WebPage\",\"@id\":\"https:\/\/exposicoes.abc.org.br\/100anos\/academico\/aziz-nacib-absaber\/\",\"url\":\"https:\/\/exposicoes.abc.org.br\/100anos\/academico\/aziz-nacib-absaber\/\",\"name\":\"Aziz Nacib Ab'saber | Cem Anos de Ci\u00eancia\",\"isPartOf\":{\"@id\":\"https:\/\/exposicoes.abc.org.br\/100anos\/#website\"},\"primaryImageOfPage\":{\"@id\":\"https:\/\/exposicoes.abc.org.br\/100anos\/academico\/aziz-nacib-absaber\/#primaryimage\"},\"image\":{\"@id\":\"https:\/\/exposicoes.abc.org.br\/100anos\/academico\/aziz-nacib-absaber\/#primaryimage\"},\"thumbnailUrl\":\"https:\/\/exposicoes.abc.org.br\/100anos\/wp-content\/uploads\/2026\/01\/aziz-hero.png\",\"datePublished\":\"2026-01-16T13:13:19+00:00\",\"dateModified\":\"2026-01-27T14:49:23+00:00\",\"breadcrumb\":{\"@id\":\"https:\/\/exposicoes.abc.org.br\/100anos\/academico\/aziz-nacib-absaber\/#breadcrumb\"},\"inLanguage\":\"pt-BR\",\"potentialAction\":[{\"@type\":\"ReadAction\",\"target\":[\"https:\/\/exposicoes.abc.org.br\/100anos\/academico\/aziz-nacib-absaber\/\"]}]},{\"@type\":\"ImageObject\",\"inLanguage\":\"pt-BR\",\"@id\":\"https:\/\/exposicoes.abc.org.br\/100anos\/academico\/aziz-nacib-absaber\/#primaryimage\",\"url\":\"https:\/\/exposicoes.abc.org.br\/100anos\/wp-content\/uploads\/2026\/01\/aziz-hero.png\",\"contentUrl\":\"https:\/\/exposicoes.abc.org.br\/100anos\/wp-content\/uploads\/2026\/01\/aziz-hero.png\",\"width\":354,\"height\":552},{\"@type\":\"BreadcrumbList\",\"@id\":\"https:\/\/exposicoes.abc.org.br\/100anos\/academico\/aziz-nacib-absaber\/#breadcrumb\",\"itemListElement\":[{\"@type\":\"ListItem\",\"position\":1,\"name\":\"In\u00edcio\",\"item\":\"https:\/\/exposicoes.abc.org.br\/100anos\/\"},{\"@type\":\"ListItem\",\"position\":2,\"name\":\"Aziz Nacib Ab&#8217;saber\"}]},{\"@type\":\"WebSite\",\"@id\":\"https:\/\/exposicoes.abc.org.br\/100anos\/#website\",\"url\":\"https:\/\/exposicoes.abc.org.br\/100anos\/\",\"name\":\"Cem Anos de Ci\u00eancia\",\"description\":\"\",\"publisher\":{\"@id\":\"https:\/\/exposicoes.abc.org.br\/100anos\/#organization\"},\"potentialAction\":[{\"@type\":\"SearchAction\",\"target\":{\"@type\":\"EntryPoint\",\"urlTemplate\":\"https:\/\/exposicoes.abc.org.br\/100anos\/?s={search_term_string}\"},\"query-input\":{\"@type\":\"PropertyValueSpecification\",\"valueRequired\":true,\"valueName\":\"search_term_string\"}}],\"inLanguage\":\"pt-BR\"},{\"@type\":\"Organization\",\"@id\":\"https:\/\/exposicoes.abc.org.br\/100anos\/#organization\",\"name\":\"Academia Brasileira de Ci\u00eancias\",\"url\":\"https:\/\/exposicoes.abc.org.br\/100anos\/\",\"logo\":{\"@type\":\"ImageObject\",\"inLanguage\":\"pt-BR\",\"@id\":\"https:\/\/exposicoes.abc.org.br\/100anos\/#\/schema\/logo\/image\/\",\"url\":\"https:\/\/exposicoes.abc.org.br\/100anos\/wp-content\/uploads\/2025\/12\/logo-100-abc.png\",\"contentUrl\":\"https:\/\/exposicoes.abc.org.br\/100anos\/wp-content\/uploads\/2025\/12\/logo-100-abc.png\",\"width\":511,\"height\":116,\"caption\":\"Academia Brasileira de Ci\u00eancias\"},\"image\":{\"@id\":\"https:\/\/exposicoes.abc.org.br\/100anos\/#\/schema\/logo\/image\/\"}}]}<\/script>\n<!-- \/ Yoast SEO plugin. -->","yoast_head_json":{"title":"Aziz Nacib Ab'saber | Cem Anos de Ci\u00eancia","robots":{"index":"index","follow":"follow","max-snippet":"max-snippet:-1","max-image-preview":"max-image-preview:large","max-video-preview":"max-video-preview:-1"},"canonical":"https:\/\/exposicoes.abc.org.br\/100anos\/academico\/aziz-nacib-absaber\/","og_locale":"pt_BR","og_type":"article","og_title":"Aziz Nacib Ab'saber | Cem Anos de Ci\u00eancia","og_description":"Sobre o Cientista Paulista de S\u00e3o Luiz do Paraitinga, regi\u00e3o do Vale do Para\u00edba, filho de imigrante liban\u00eas e m\u00e3e brasileira. Ingressou em 1941 no curso de Geografia e Hist\u00f3ria da Faculdade de Filosofia da Universidade de S\u00e3o Paulo (USP), institui\u00e7\u00e3o onde desenvolveu toda sua carreira acad\u00eamica e cient\u00edfica, tornou-se livre docente em 1965 e...","og_url":"https:\/\/exposicoes.abc.org.br\/100anos\/academico\/aziz-nacib-absaber\/","og_site_name":"Cem Anos de Ci\u00eancia","article_modified_time":"2026-01-27T14:49:23+00:00","og_image":[{"width":354,"height":552,"url":"https:\/\/exposicoes.abc.org.br\/100anos\/wp-content\/uploads\/2026\/01\/aziz-hero.png","type":"image\/png"}],"twitter_card":"summary_large_image","twitter_misc":{"Est. tempo de leitura":"3 minutos"},"schema":{"@context":"https:\/\/schema.org","@graph":[{"@type":"WebPage","@id":"https:\/\/exposicoes.abc.org.br\/100anos\/academico\/aziz-nacib-absaber\/","url":"https:\/\/exposicoes.abc.org.br\/100anos\/academico\/aziz-nacib-absaber\/","name":"Aziz Nacib Ab'saber | Cem Anos de Ci\u00eancia","isPartOf":{"@id":"https:\/\/exposicoes.abc.org.br\/100anos\/#website"},"primaryImageOfPage":{"@id":"https:\/\/exposicoes.abc.org.br\/100anos\/academico\/aziz-nacib-absaber\/#primaryimage"},"image":{"@id":"https:\/\/exposicoes.abc.org.br\/100anos\/academico\/aziz-nacib-absaber\/#primaryimage"},"thumbnailUrl":"https:\/\/exposicoes.abc.org.br\/100anos\/wp-content\/uploads\/2026\/01\/aziz-hero.png","datePublished":"2026-01-16T13:13:19+00:00","dateModified":"2026-01-27T14:49:23+00:00","breadcrumb":{"@id":"https:\/\/exposicoes.abc.org.br\/100anos\/academico\/aziz-nacib-absaber\/#breadcrumb"},"inLanguage":"pt-BR","potentialAction":[{"@type":"ReadAction","target":["https:\/\/exposicoes.abc.org.br\/100anos\/academico\/aziz-nacib-absaber\/"]}]},{"@type":"ImageObject","inLanguage":"pt-BR","@id":"https:\/\/exposicoes.abc.org.br\/100anos\/academico\/aziz-nacib-absaber\/#primaryimage","url":"https:\/\/exposicoes.abc.org.br\/100anos\/wp-content\/uploads\/2026\/01\/aziz-hero.png","contentUrl":"https:\/\/exposicoes.abc.org.br\/100anos\/wp-content\/uploads\/2026\/01\/aziz-hero.png","width":354,"height":552},{"@type":"BreadcrumbList","@id":"https:\/\/exposicoes.abc.org.br\/100anos\/academico\/aziz-nacib-absaber\/#breadcrumb","itemListElement":[{"@type":"ListItem","position":1,"name":"In\u00edcio","item":"https:\/\/exposicoes.abc.org.br\/100anos\/"},{"@type":"ListItem","position":2,"name":"Aziz Nacib Ab&#8217;saber"}]},{"@type":"WebSite","@id":"https:\/\/exposicoes.abc.org.br\/100anos\/#website","url":"https:\/\/exposicoes.abc.org.br\/100anos\/","name":"Cem Anos de Ci\u00eancia","description":"","publisher":{"@id":"https:\/\/exposicoes.abc.org.br\/100anos\/#organization"},"potentialAction":[{"@type":"SearchAction","target":{"@type":"EntryPoint","urlTemplate":"https:\/\/exposicoes.abc.org.br\/100anos\/?s={search_term_string}"},"query-input":{"@type":"PropertyValueSpecification","valueRequired":true,"valueName":"search_term_string"}}],"inLanguage":"pt-BR"},{"@type":"Organization","@id":"https:\/\/exposicoes.abc.org.br\/100anos\/#organization","name":"Academia Brasileira de Ci\u00eancias","url":"https:\/\/exposicoes.abc.org.br\/100anos\/","logo":{"@type":"ImageObject","inLanguage":"pt-BR","@id":"https:\/\/exposicoes.abc.org.br\/100anos\/#\/schema\/logo\/image\/","url":"https:\/\/exposicoes.abc.org.br\/100anos\/wp-content\/uploads\/2025\/12\/logo-100-abc.png","contentUrl":"https:\/\/exposicoes.abc.org.br\/100anos\/wp-content\/uploads\/2025\/12\/logo-100-abc.png","width":511,"height":116,"caption":"Academia Brasileira de Ci\u00eancias"},"image":{"@id":"https:\/\/exposicoes.abc.org.br\/100anos\/#\/schema\/logo\/image\/"}}]}},"_links":{"self":[{"href":"https:\/\/exposicoes.abc.org.br\/100anos\/wp-json\/wp\/v2\/academico\/506","targetHints":{"allow":["GET"]}}],"collection":[{"href":"https:\/\/exposicoes.abc.org.br\/100anos\/wp-json\/wp\/v2\/academico"}],"about":[{"href":"https:\/\/exposicoes.abc.org.br\/100anos\/wp-json\/wp\/v2\/types\/academico"}],"version-history":[{"count":1,"href":"https:\/\/exposicoes.abc.org.br\/100anos\/wp-json\/wp\/v2\/academico\/506\/revisions"}],"predecessor-version":[{"id":509,"href":"https:\/\/exposicoes.abc.org.br\/100anos\/wp-json\/wp\/v2\/academico\/506\/revisions\/509"}],"wp:featuredmedia":[{"embeddable":true,"href":"https:\/\/exposicoes.abc.org.br\/100anos\/wp-json\/wp\/v2\/media\/694"}],"wp:attachment":[{"href":"https:\/\/exposicoes.abc.org.br\/100anos\/wp-json\/wp\/v2\/media?parent=506"}],"wp:term":[{"taxonomy":"periodo-de-presidencia","embeddable":true,"href":"https:\/\/exposicoes.abc.org.br\/100anos\/wp-json\/wp\/v2\/periodo-de-presidencia?post=506"},{"taxonomy":"periodo-de-vida","embeddable":true,"href":"https:\/\/exposicoes.abc.org.br\/100anos\/wp-json\/wp\/v2\/periodo-de-vida?post=506"},{"taxonomy":"tipo-de-academico","embeddable":true,"href":"https:\/\/exposicoes.abc.org.br\/100anos\/wp-json\/wp\/v2\/tipo-de-academico?post=506"}],"curies":[{"name":"wp","href":"https:\/\/api.w.org\/{rel}","templated":true}]}}