{"id":502,"date":"2026-01-16T10:06:36","date_gmt":"2026-01-16T13:06:36","guid":{"rendered":"https:\/\/exposicoes.abc.org.br\/100anos\/?post_type=academico&#038;p=502"},"modified":"2026-01-16T10:06:36","modified_gmt":"2026-01-16T13:06:36","slug":"adolpho-lutz","status":"publish","type":"academico","link":"https:\/\/exposicoes.abc.org.br\/100anos\/academico\/adolpho-lutz\/","title":{"rendered":"Adolpho Lutz"},"content":{"rendered":"\n<div class=\"wp-block-columns is-layout-flex wp-container-core-columns-is-layout-9d6595d7 wp-block-columns-is-layout-flex\">\n<div class=\"wp-block-column is-layout-flow wp-block-column-is-layout-flow\">\n<h2 class=\"wp-block-heading\">Sobre o Cientista<\/h2>\n\n\n\n<p>Nasceu no Rio de Janeiro e, aos dois anos, mudou-se com a fam\u00edlia para a Su\u00ed\u00e7a, terra natal de seus pais. Formou-se em medicina em 1879, na Universidade de Berna, e retornou ao Brasil aos 26 anos, fixando-se no interior de S\u00e3o Paulo. Entre 1885 e 1893, dedicou-se ao estudo da hansen\u00edase, com passagens por Hamburgo, na Alemanha, e pelo Hava\u00ed. De volta ao Brasil, ingressou como pesquisador no Instituto Bacteriol\u00f3gico de S\u00e3o Paulo, de onde foi diretor, com participa\u00e7\u00e3o relevante em pesquisas sobre doen\u00e7as end\u00eamicas no estado. Em 1908, transferiu-se para o Instituto Oswaldo Cruz, no Rio de Janeiro, e produziu intensamente sobre temas de interesse m\u00e9dico e biol\u00f3gico. Ingressou na ABC em 1916 e, em 1935, recebeu o Pr\u00eamio Einstein, concedido pela institui\u00e7\u00e3o. Foi casado com a enfermeira inglesa Amy Marie Gertrude Fowler, com quem teve os filhos Bertha, zo\u00f3loga, e Gualter Adolpho, que se dedicou \u00e0 medicina legal. Ap\u00f3s a morte do cientista, o Instituto Bacteriol\u00f3gico de S\u00e3o Paulo passou a se chamar, em sua homenagem, Instituto Adolpho Lutz.\u00a0<\/p>\n<\/div>\n\n\n\n<div class=\"wp-block-column is-layout-flow wp-block-column-is-layout-flow\">\n<figure class=\"wp-block-image size-full\"><img loading=\"lazy\" decoding=\"async\" width=\"546\" height=\"566\" src=\"https:\/\/exposicoes.abc.org.br\/100anos\/wp-content\/uploads\/2026\/01\/adolpho-01.png\" alt=\"\" class=\"wp-image-504\" srcset=\"https:\/\/exposicoes.abc.org.br\/100anos\/wp-content\/uploads\/2026\/01\/adolpho-01.png 546w, https:\/\/exposicoes.abc.org.br\/100anos\/wp-content\/uploads\/2026\/01\/adolpho-01-289x300.png 289w\" sizes=\"auto, (max-width: 546px) 100vw, 546px\" \/><figcaption class=\"wp-element-caption\">Acima m\u00e9dicos do instituto oswaldo cruz e visitantes diante do castelo de manguinhos. lutz aparece de jaleco, na primeira fila (\u00e9 o quarto da direita para a esquerda). &#8211; acervo abc<br>Abaixo, outro grupo de cientistas da atual fiocruz. sentados, da esquerda para a direita, est\u00e3o osvino alvares pena, adolpho lutz, oswaldo cruz, carlos chagas e jos\u00e9 da costa-cruz.<\/figcaption><\/figure>\n<\/div>\n<\/div>\n\n\n\n<div style=\"height:100px\" aria-hidden=\"true\" class=\"wp-block-spacer\"><\/div>\n\n\n\n<hr class=\"wp-block-separator has-alpha-channel-opacity\"\/>\n\n\n\n<div style=\"height:100px\" aria-hidden=\"true\" class=\"wp-block-spacer\"><\/div>\n\n\n\n<h2 class=\"wp-block-heading\">Luta contra doen\u00e7as negligenciadas<\/h2>\n\n\n\n<p>M\u00e9dico e pesquisador dedicado ao estudo dos hospedeiros de doen\u00e7as que afetam os seres humanos, Adolpho Lutz contribuiu de modo fundamental para o entendimento de doen\u00e7as tropicais, historicamente negligenciadas. Dentre elas, a hansen\u00edase, mais comumente denominada lepra. Devido ao aspecto desfigurante da enfermidade, o tratamento da hansen\u00edase exigia o isolamento dos doentes em locais remotos.<br><br>Lutz acreditava que a medida era ineficaz e cruel e, por isso, mantinha o contato com seus pacientes. Naquela \u00e9poca, n\u00e3o havia consenso sobre a transmiss\u00e3o da doen\u00e7a: alguns acreditavam que era heredit\u00e1ria; para outros, tratava-se de mol\u00e9stia contagiosa. Em 1874, o noruegu\u00eas Gerhard Armauer Hansen relatou a descoberta do agente etiol\u00f3gico da lepra, o Mycobacterium leprae.<br><br>Ap\u00f3s estudar a doen\u00e7a na Alemanha e de uma curta passagem pelo Hospital dos L\u00e1zaros, no Rio de Janeiro, Lutz foi tratar doentes na ilha de Molokai, no Hava\u00ed. L\u00e1, prosseguiu com os estudos e fortaleceu sua teoria sobre a transmiss\u00e3o por mosquitos da bact\u00e9ria causadora da doen\u00e7a \u2013 possibilidade posteriormente descartada com a comprova\u00e7\u00e3o da propaga\u00e7\u00e3o da infec\u00e7\u00e3o por meio das vias respirat\u00f3rias.<br><br>Al\u00e9m de suas contribui\u00e7\u00f5es para os estudos sobre a lepra, Lutz avan\u00e7ou no combate, como m\u00e9dico, e na produ\u00e7\u00e3o de conhecimento acerca de doen\u00e7as como var\u00edola, peste bub\u00f4nica, c\u00f3lera, febre tifoide, mal\u00e1ria e tuberculose. Foi um dos respons\u00e1veis pela identifica\u00e7\u00e3o do\u00a0 Aedes aegypti como transmissor\u00a0 da\u00a0 febre\u00a0 amarela.<br><br>Em viagem ao Nordeste brasileiro, no fim dos anos 1910, investigou a distribui\u00e7\u00e3o e a incid\u00eancia da esquistossomose na regi\u00e3o e desenvolveu pesquisas sobre o Schistosoma mansoni e os moluscos respons\u00e1veis pela propaga\u00e7\u00e3o da doen\u00e7a em seus hospedeiros humanos. Os trabalhos gerados a partir dessas investiga\u00e7\u00f5es constituem a maior contribui\u00e7\u00e3o de Lutz \u00e0 zoologia m\u00e9dica no Brasil.<\/p>\n\n\n\n<div style=\"height:100px\" aria-hidden=\"true\" class=\"wp-block-spacer\"><\/div>\n","protected":false},"excerpt":{"rendered":"<p>Sobre o Cientista Nasceu no Rio de Janeiro e, aos dois anos, mudou-se com a fam\u00edlia para a Su\u00ed\u00e7a, terra natal de seus pais. Formou-se em medicina em 1879, na Universidade de Berna, e retornou ao Brasil aos 26 anos, fixando-se no interior de S\u00e3o Paulo. Entre 1885 e 1893, dedicou-se ao estudo da hansen\u00edase,&#8230;<\/p>\n","protected":false},"featured_media":503,"parent":0,"template":"","meta":{"_acf_changed":false,"footnotes":""},"periodo-de-presidencia":[],"periodo-de-vida":[61],"tipo-de-academico":[4],"class_list":["post-502","academico","type-academico","status-publish","has-post-thumbnail","hentry","periodo-de-vida-1855-1940","tipo-de-academico-cientistas-de-destaque"],"acf":[],"yoast_head":"<!-- This site is optimized with the Yoast SEO plugin v26.8 - https:\/\/yoast.com\/product\/yoast-seo-wordpress\/ -->\n<title>Adolpho Lutz | Cem Anos de Ci\u00eancia<\/title>\n<meta name=\"robots\" content=\"index, follow, max-snippet:-1, max-image-preview:large, max-video-preview:-1\" \/>\n<link rel=\"canonical\" href=\"https:\/\/exposicoes.abc.org.br\/100anos\/academico\/adolpho-lutz\/\" \/>\n<meta property=\"og:locale\" content=\"pt_BR\" \/>\n<meta property=\"og:type\" content=\"article\" \/>\n<meta property=\"og:title\" content=\"Adolpho Lutz | Cem Anos de Ci\u00eancia\" \/>\n<meta property=\"og:description\" content=\"Sobre o Cientista Nasceu no Rio de Janeiro e, aos dois anos, mudou-se com a fam\u00edlia para a Su\u00ed\u00e7a, terra natal de seus pais. Formou-se em medicina em 1879, na Universidade de Berna, e retornou ao Brasil aos 26 anos, fixando-se no interior de S\u00e3o Paulo. Entre 1885 e 1893, dedicou-se ao estudo da hansen\u00edase,...\" \/>\n<meta property=\"og:url\" content=\"https:\/\/exposicoes.abc.org.br\/100anos\/academico\/adolpho-lutz\/\" \/>\n<meta property=\"og:site_name\" content=\"Cem Anos de Ci\u00eancia\" \/>\n<meta property=\"og:image\" content=\"https:\/\/exposicoes.abc.org.br\/100anos\/wp-content\/uploads\/2026\/01\/adolpho-hero.png\" \/>\n\t<meta property=\"og:image:width\" content=\"354\" \/>\n\t<meta property=\"og:image:height\" content=\"552\" \/>\n\t<meta property=\"og:image:type\" content=\"image\/png\" \/>\n<meta name=\"twitter:card\" content=\"summary_large_image\" \/>\n<meta name=\"twitter:label1\" content=\"Est. tempo de leitura\" \/>\n\t<meta name=\"twitter:data1\" content=\"3 minutos\" \/>\n<script type=\"application\/ld+json\" class=\"yoast-schema-graph\">{\"@context\":\"https:\/\/schema.org\",\"@graph\":[{\"@type\":\"WebPage\",\"@id\":\"https:\/\/exposicoes.abc.org.br\/100anos\/academico\/adolpho-lutz\/\",\"url\":\"https:\/\/exposicoes.abc.org.br\/100anos\/academico\/adolpho-lutz\/\",\"name\":\"Adolpho Lutz | Cem Anos de Ci\u00eancia\",\"isPartOf\":{\"@id\":\"https:\/\/exposicoes.abc.org.br\/100anos\/#website\"},\"primaryImageOfPage\":{\"@id\":\"https:\/\/exposicoes.abc.org.br\/100anos\/academico\/adolpho-lutz\/#primaryimage\"},\"image\":{\"@id\":\"https:\/\/exposicoes.abc.org.br\/100anos\/academico\/adolpho-lutz\/#primaryimage\"},\"thumbnailUrl\":\"https:\/\/exposicoes.abc.org.br\/100anos\/wp-content\/uploads\/2026\/01\/adolpho-hero.png\",\"datePublished\":\"2026-01-16T13:06:36+00:00\",\"breadcrumb\":{\"@id\":\"https:\/\/exposicoes.abc.org.br\/100anos\/academico\/adolpho-lutz\/#breadcrumb\"},\"inLanguage\":\"pt-BR\",\"potentialAction\":[{\"@type\":\"ReadAction\",\"target\":[\"https:\/\/exposicoes.abc.org.br\/100anos\/academico\/adolpho-lutz\/\"]}]},{\"@type\":\"ImageObject\",\"inLanguage\":\"pt-BR\",\"@id\":\"https:\/\/exposicoes.abc.org.br\/100anos\/academico\/adolpho-lutz\/#primaryimage\",\"url\":\"https:\/\/exposicoes.abc.org.br\/100anos\/wp-content\/uploads\/2026\/01\/adolpho-hero.png\",\"contentUrl\":\"https:\/\/exposicoes.abc.org.br\/100anos\/wp-content\/uploads\/2026\/01\/adolpho-hero.png\",\"width\":354,\"height\":552},{\"@type\":\"BreadcrumbList\",\"@id\":\"https:\/\/exposicoes.abc.org.br\/100anos\/academico\/adolpho-lutz\/#breadcrumb\",\"itemListElement\":[{\"@type\":\"ListItem\",\"position\":1,\"name\":\"In\u00edcio\",\"item\":\"https:\/\/exposicoes.abc.org.br\/100anos\/\"},{\"@type\":\"ListItem\",\"position\":2,\"name\":\"Adolpho Lutz\"}]},{\"@type\":\"WebSite\",\"@id\":\"https:\/\/exposicoes.abc.org.br\/100anos\/#website\",\"url\":\"https:\/\/exposicoes.abc.org.br\/100anos\/\",\"name\":\"Cem Anos de Ci\u00eancia\",\"description\":\"\",\"publisher\":{\"@id\":\"https:\/\/exposicoes.abc.org.br\/100anos\/#organization\"},\"potentialAction\":[{\"@type\":\"SearchAction\",\"target\":{\"@type\":\"EntryPoint\",\"urlTemplate\":\"https:\/\/exposicoes.abc.org.br\/100anos\/?s={search_term_string}\"},\"query-input\":{\"@type\":\"PropertyValueSpecification\",\"valueRequired\":true,\"valueName\":\"search_term_string\"}}],\"inLanguage\":\"pt-BR\"},{\"@type\":\"Organization\",\"@id\":\"https:\/\/exposicoes.abc.org.br\/100anos\/#organization\",\"name\":\"Academia Brasileira de Ci\u00eancias\",\"url\":\"https:\/\/exposicoes.abc.org.br\/100anos\/\",\"logo\":{\"@type\":\"ImageObject\",\"inLanguage\":\"pt-BR\",\"@id\":\"https:\/\/exposicoes.abc.org.br\/100anos\/#\/schema\/logo\/image\/\",\"url\":\"https:\/\/exposicoes.abc.org.br\/100anos\/wp-content\/uploads\/2025\/12\/logo-100-abc.png\",\"contentUrl\":\"https:\/\/exposicoes.abc.org.br\/100anos\/wp-content\/uploads\/2025\/12\/logo-100-abc.png\",\"width\":511,\"height\":116,\"caption\":\"Academia Brasileira de Ci\u00eancias\"},\"image\":{\"@id\":\"https:\/\/exposicoes.abc.org.br\/100anos\/#\/schema\/logo\/image\/\"}}]}<\/script>\n<!-- \/ Yoast SEO plugin. -->","yoast_head_json":{"title":"Adolpho Lutz | Cem Anos de Ci\u00eancia","robots":{"index":"index","follow":"follow","max-snippet":"max-snippet:-1","max-image-preview":"max-image-preview:large","max-video-preview":"max-video-preview:-1"},"canonical":"https:\/\/exposicoes.abc.org.br\/100anos\/academico\/adolpho-lutz\/","og_locale":"pt_BR","og_type":"article","og_title":"Adolpho Lutz | Cem Anos de Ci\u00eancia","og_description":"Sobre o Cientista Nasceu no Rio de Janeiro e, aos dois anos, mudou-se com a fam\u00edlia para a Su\u00ed\u00e7a, terra natal de seus pais. Formou-se em medicina em 1879, na Universidade de Berna, e retornou ao Brasil aos 26 anos, fixando-se no interior de S\u00e3o Paulo. Entre 1885 e 1893, dedicou-se ao estudo da hansen\u00edase,...","og_url":"https:\/\/exposicoes.abc.org.br\/100anos\/academico\/adolpho-lutz\/","og_site_name":"Cem Anos de Ci\u00eancia","og_image":[{"width":354,"height":552,"url":"https:\/\/exposicoes.abc.org.br\/100anos\/wp-content\/uploads\/2026\/01\/adolpho-hero.png","type":"image\/png"}],"twitter_card":"summary_large_image","twitter_misc":{"Est. tempo de leitura":"3 minutos"},"schema":{"@context":"https:\/\/schema.org","@graph":[{"@type":"WebPage","@id":"https:\/\/exposicoes.abc.org.br\/100anos\/academico\/adolpho-lutz\/","url":"https:\/\/exposicoes.abc.org.br\/100anos\/academico\/adolpho-lutz\/","name":"Adolpho Lutz | Cem Anos de Ci\u00eancia","isPartOf":{"@id":"https:\/\/exposicoes.abc.org.br\/100anos\/#website"},"primaryImageOfPage":{"@id":"https:\/\/exposicoes.abc.org.br\/100anos\/academico\/adolpho-lutz\/#primaryimage"},"image":{"@id":"https:\/\/exposicoes.abc.org.br\/100anos\/academico\/adolpho-lutz\/#primaryimage"},"thumbnailUrl":"https:\/\/exposicoes.abc.org.br\/100anos\/wp-content\/uploads\/2026\/01\/adolpho-hero.png","datePublished":"2026-01-16T13:06:36+00:00","breadcrumb":{"@id":"https:\/\/exposicoes.abc.org.br\/100anos\/academico\/adolpho-lutz\/#breadcrumb"},"inLanguage":"pt-BR","potentialAction":[{"@type":"ReadAction","target":["https:\/\/exposicoes.abc.org.br\/100anos\/academico\/adolpho-lutz\/"]}]},{"@type":"ImageObject","inLanguage":"pt-BR","@id":"https:\/\/exposicoes.abc.org.br\/100anos\/academico\/adolpho-lutz\/#primaryimage","url":"https:\/\/exposicoes.abc.org.br\/100anos\/wp-content\/uploads\/2026\/01\/adolpho-hero.png","contentUrl":"https:\/\/exposicoes.abc.org.br\/100anos\/wp-content\/uploads\/2026\/01\/adolpho-hero.png","width":354,"height":552},{"@type":"BreadcrumbList","@id":"https:\/\/exposicoes.abc.org.br\/100anos\/academico\/adolpho-lutz\/#breadcrumb","itemListElement":[{"@type":"ListItem","position":1,"name":"In\u00edcio","item":"https:\/\/exposicoes.abc.org.br\/100anos\/"},{"@type":"ListItem","position":2,"name":"Adolpho Lutz"}]},{"@type":"WebSite","@id":"https:\/\/exposicoes.abc.org.br\/100anos\/#website","url":"https:\/\/exposicoes.abc.org.br\/100anos\/","name":"Cem Anos de Ci\u00eancia","description":"","publisher":{"@id":"https:\/\/exposicoes.abc.org.br\/100anos\/#organization"},"potentialAction":[{"@type":"SearchAction","target":{"@type":"EntryPoint","urlTemplate":"https:\/\/exposicoes.abc.org.br\/100anos\/?s={search_term_string}"},"query-input":{"@type":"PropertyValueSpecification","valueRequired":true,"valueName":"search_term_string"}}],"inLanguage":"pt-BR"},{"@type":"Organization","@id":"https:\/\/exposicoes.abc.org.br\/100anos\/#organization","name":"Academia Brasileira de Ci\u00eancias","url":"https:\/\/exposicoes.abc.org.br\/100anos\/","logo":{"@type":"ImageObject","inLanguage":"pt-BR","@id":"https:\/\/exposicoes.abc.org.br\/100anos\/#\/schema\/logo\/image\/","url":"https:\/\/exposicoes.abc.org.br\/100anos\/wp-content\/uploads\/2025\/12\/logo-100-abc.png","contentUrl":"https:\/\/exposicoes.abc.org.br\/100anos\/wp-content\/uploads\/2025\/12\/logo-100-abc.png","width":511,"height":116,"caption":"Academia Brasileira de Ci\u00eancias"},"image":{"@id":"https:\/\/exposicoes.abc.org.br\/100anos\/#\/schema\/logo\/image\/"}}]}},"_links":{"self":[{"href":"https:\/\/exposicoes.abc.org.br\/100anos\/wp-json\/wp\/v2\/academico\/502","targetHints":{"allow":["GET"]}}],"collection":[{"href":"https:\/\/exposicoes.abc.org.br\/100anos\/wp-json\/wp\/v2\/academico"}],"about":[{"href":"https:\/\/exposicoes.abc.org.br\/100anos\/wp-json\/wp\/v2\/types\/academico"}],"version-history":[{"count":2,"href":"https:\/\/exposicoes.abc.org.br\/100anos\/wp-json\/wp\/v2\/academico\/502\/revisions"}],"predecessor-version":[{"id":860,"href":"https:\/\/exposicoes.abc.org.br\/100anos\/wp-json\/wp\/v2\/academico\/502\/revisions\/860"}],"wp:featuredmedia":[{"embeddable":true,"href":"https:\/\/exposicoes.abc.org.br\/100anos\/wp-json\/wp\/v2\/media\/503"}],"wp:attachment":[{"href":"https:\/\/exposicoes.abc.org.br\/100anos\/wp-json\/wp\/v2\/media?parent=502"}],"wp:term":[{"taxonomy":"periodo-de-presidencia","embeddable":true,"href":"https:\/\/exposicoes.abc.org.br\/100anos\/wp-json\/wp\/v2\/periodo-de-presidencia?post=502"},{"taxonomy":"periodo-de-vida","embeddable":true,"href":"https:\/\/exposicoes.abc.org.br\/100anos\/wp-json\/wp\/v2\/periodo-de-vida?post=502"},{"taxonomy":"tipo-de-academico","embeddable":true,"href":"https:\/\/exposicoes.abc.org.br\/100anos\/wp-json\/wp\/v2\/tipo-de-academico?post=502"}],"curies":[{"name":"wp","href":"https:\/\/api.w.org\/{rel}","templated":true}]}}