{"id":496,"date":"2026-01-15T16:51:08","date_gmt":"2026-01-15T19:51:08","guid":{"rendered":"https:\/\/exposicoes.abc.org.br\/100anos\/?post_type=academico&#038;p=496"},"modified":"2026-01-15T16:51:08","modified_gmt":"2026-01-15T19:51:08","slug":"luiz-davidovich","status":"publish","type":"academico","link":"https:\/\/exposicoes.abc.org.br\/100anos\/academico\/luiz-davidovich\/","title":{"rendered":"Luiz Davidovich"},"content":{"rendered":"\n<div class=\"wp-block-columns is-layout-flex wp-container-core-columns-is-layout-9d6595d7 wp-block-columns-is-layout-flex\">\n<div class=\"wp-block-column is-layout-flow wp-block-column-is-layout-flow\">\n<h2 class=\"wp-block-heading\">Sobre o Presidente<\/h2>\n\n\n\n<p>O f\u00edsico carioca se formou na Pontif\u00edcia Universidade Cat\u00f3lica do Rio de Janeiro (PUC-Rio) e cursou o doutorado na Universidade de Rochester, nos Estados Unidos. Entre 1976 e 1977, foi professor assistente do Instituto de F\u00edsica Te\u00f3rica em Zurique, na Su\u00ed\u00e7a. Retornou em seguida ao Brasil, para o Departamento de F\u00edsica da PUC-Rio, onde trabalhou at\u00e9 1994. Nesse mesmo ano, ingressou no Instituto de F\u00edsica da Universidade Federal do Rio de Janeiro (UFRJ), onde lidera o Laborat\u00f3rio de \u00d3tica Qu\u00e2ntica e conduz estudos de alto n\u00edvel e reconhecimento internacional. Mant\u00e9m, desde a d\u00e9cada de 1980, parceria com grupo de f\u00edsicos da Escola Normal Superior, em Paris, na Fran\u00e7a, com quem fez importantes contribui\u00e7\u00f5es ao campo da mec\u00e2nica qu\u00e2ntica. Coordenou o Instituto do Mil\u00eanio de Informa\u00e7\u00e3o Qu\u00e2ntica entre 2001 e 2006 e a 4a Confer\u00eancia Nacional de Ci\u00eancia, Tecnologia e Inova\u00e7\u00e3o, em 2010. Ingressou na ABC em 1996. Comp\u00f5e a dire\u00e7\u00e3o da Academia desde 2004 e foi eleito presidente para o bi\u00eanio 2016-2018.\u00a0<\/p>\n<\/div>\n\n\n\n<div class=\"wp-block-column is-layout-flow wp-block-column-is-layout-flow\">\n<figure class=\"wp-block-image size-full\"><img loading=\"lazy\" decoding=\"async\" width=\"542\" height=\"632\" src=\"https:\/\/exposicoes.abc.org.br\/100anos\/wp-content\/uploads\/2026\/01\/davidovich-01.png\" alt=\"\" class=\"wp-image-498\" srcset=\"https:\/\/exposicoes.abc.org.br\/100anos\/wp-content\/uploads\/2026\/01\/davidovich-01.png 542w, https:\/\/exposicoes.abc.org.br\/100anos\/wp-content\/uploads\/2026\/01\/davidovich-01-257x300.png 257w\" sizes=\"auto, (max-width: 542px) 100vw, 542px\" \/><figcaption class=\"wp-element-caption\">davidovich entrega a medalha henrique morize a helena nader, presidente da sbpc. &#8211; cristina lacerda<\/figcaption><\/figure>\n<\/div>\n<\/div>\n\n\n\n<div style=\"height:100px\" aria-hidden=\"true\" class=\"wp-block-spacer\"><\/div>\n\n\n\n<hr class=\"wp-block-separator has-alpha-channel-opacity\"\/>\n\n\n\n<div style=\"height:100px\" aria-hidden=\"true\" class=\"wp-block-spacer\"><\/div>\n\n\n\n<h2 class=\"wp-block-heading\">Movido pela curiosidade \u2013 e pela luz<\/h2>\n\n\n\n<p>Motivado por uma imensa curiosidade e vontade de entender a natureza, Luiz Davidovich enveredou pela f\u00edsica te\u00f3rica e se estabeleceu em uma \u00e1rea que, desde os tempos de Einstein, n\u00e3o para de causar perplexidade: a mec\u00e2nica qu\u00e2ntica.\u00a0<br><br>Esse campo da f\u00edsica lida com o mundo microsc\u00f3pico dos \u00e1tomos, part\u00edculas subat\u00f4micas e outros entes min\u00fasculos, onde fen\u00f4menos surpreendentes, como objetos ocupando dois lugares ao mesmo tempo, s\u00e3o comuns. Nesse mundo, Davidovich procura entender como o ambiente, em especial a luz, altera os efeitos qu\u00e2nticos.<br><br>Essa busca o tem levado a desenvolver trabalhos com pesquisadores de diversos pa\u00edses, em especial a Fran\u00e7a, onde estabeleceu uma parceria de mais de duas d\u00e9cadas com o grupo da Escola Normal Superior liderado pelo Pr\u00eamio Nobel Serge Haroche. Dessa colabora\u00e7\u00e3o resultaram trabalhos importantes sobre as propriedades fundamentais do mundo qu\u00e2ntico e o limite cl\u00e1ssico da f\u00edsica qu\u00e2ntica.<br><br>A forte intera\u00e7\u00e3o entre f\u00edsicos te\u00f3ricos e experimentais que vivenciou em suas estadias em Paris o inspirou na cria\u00e7\u00e3o, na d\u00e9cada de 1990, do Laborat\u00f3rio de \u00d3tica Qu\u00e2ntica, no Instituto de F\u00edsica da UFRJ. Ali, teoria e pr\u00e1tica se complementam de maneira simbi\u00f3tica.\u00a0<br>Embora ainda motivado pela curiosidade a respeito do funcionamento do mundo, sem focar as potenciais aplica\u00e7\u00f5es de seu trabalho, Davidovich e seu grupo t\u00eam se dedicado ao ramo da informa\u00e7\u00e3o qu\u00e2ntica, que, acredita-se, ir\u00e1 gerar dados fundamentais para a cria\u00e7\u00e3o do t\u00e3o sonhado computador qu\u00e2ntico.\u00a0<br><br>No mundo macro da pol\u00edtica cient\u00edfica, o f\u00edsico coordenou a 4a Confer\u00eancia Nacional de Ci\u00eancia, Tecnologia e Inova\u00e7\u00e3o, em maio de 2010, que resultou em propostas para o setor, conjugando inova\u00e7\u00e3o e sustentabilidade. Na dire\u00e7\u00e3o da ABC entre 2004 a 2016, Davidovich deixou o cargo para assumir a presid\u00eancia da entidade, abrindo, com vigor, o segundo centen\u00e1rio da Academia.\u00a0<\/p>\n\n\n\n<div style=\"height:100px\" aria-hidden=\"true\" class=\"wp-block-spacer\"><\/div>\n\n\n\n<div class=\"wp-block-columns is-layout-flex wp-container-core-columns-is-layout-9d6595d7 wp-block-columns-is-layout-flex\">\n<div class=\"wp-block-column is-layout-flow wp-block-column-is-layout-flow\">\n<figure class=\"wp-block-image size-large\"><img loading=\"lazy\" decoding=\"async\" width=\"1024\" height=\"508\" src=\"https:\/\/exposicoes.abc.org.br\/100anos\/wp-content\/uploads\/2026\/01\/davidovich-02-1024x508.png\" alt=\"\" class=\"wp-image-499\" srcset=\"https:\/\/exposicoes.abc.org.br\/100anos\/wp-content\/uploads\/2026\/01\/davidovich-02-1024x508.png 1024w, https:\/\/exposicoes.abc.org.br\/100anos\/wp-content\/uploads\/2026\/01\/davidovich-02-300x149.png 300w, https:\/\/exposicoes.abc.org.br\/100anos\/wp-content\/uploads\/2026\/01\/davidovich-02-768x381.png 768w, https:\/\/exposicoes.abc.org.br\/100anos\/wp-content\/uploads\/2026\/01\/davidovich-02.png 1116w\" sizes=\"auto, (max-width: 1024px) 100vw, 1024px\" \/><figcaption class=\"wp-element-caption\">o cientista entre os acad\u00eamicos jos\u00e9 galizia tundisi (\u00e0 esquerda) e jerson lima, l\u00edderes da iniciativa \u201cum projeto de ci\u00eancia para o brasil\u201d, durante a reuni\u00e3o magna da abc em 2017. &#8211; bruno ribeiro\/ abc<\/figcaption><\/figure>\n<\/div>\n<\/div>\n\n\n\n<div style=\"height:100px\" aria-hidden=\"true\" class=\"wp-block-spacer\"><\/div>\n","protected":false},"excerpt":{"rendered":"<p>Sobre o Presidente O f\u00edsico carioca se formou na Pontif\u00edcia Universidade Cat\u00f3lica do Rio de Janeiro (PUC-Rio) e cursou o doutorado na Universidade de Rochester, nos Estados Unidos. Entre 1976 e 1977, foi professor assistente do Instituto de F\u00edsica Te\u00f3rica em Zurique, na Su\u00ed\u00e7a. Retornou em seguida ao Brasil, para o Departamento de F\u00edsica da&#8230;<\/p>\n","protected":false},"featured_media":497,"parent":0,"template":"","meta":{"_acf_changed":false,"footnotes":""},"periodo-de-presidencia":[60],"periodo-de-vida":[59],"tipo-de-academico":[3],"class_list":["post-496","academico","type-academico","status-publish","has-post-thumbnail","hentry","periodo-de-presidencia-2016-a-2018","periodo-de-vida-59","tipo-de-academico-presidentes-da-abc"],"acf":[],"yoast_head":"<!-- This site is optimized with the Yoast SEO plugin v26.8 - https:\/\/yoast.com\/product\/yoast-seo-wordpress\/ -->\n<title>Luiz Davidovich | Cem Anos de Ci\u00eancia<\/title>\n<meta name=\"robots\" content=\"index, follow, max-snippet:-1, max-image-preview:large, max-video-preview:-1\" \/>\n<link rel=\"canonical\" href=\"https:\/\/exposicoes.abc.org.br\/100anos\/academico\/luiz-davidovich\/\" \/>\n<meta property=\"og:locale\" content=\"pt_BR\" \/>\n<meta property=\"og:type\" content=\"article\" \/>\n<meta property=\"og:title\" content=\"Luiz Davidovich | Cem Anos de Ci\u00eancia\" \/>\n<meta property=\"og:description\" content=\"Sobre o Presidente O f\u00edsico carioca se formou na Pontif\u00edcia Universidade Cat\u00f3lica do Rio de Janeiro (PUC-Rio) e cursou o doutorado na Universidade de Rochester, nos Estados Unidos. Entre 1976 e 1977, foi professor assistente do Instituto de F\u00edsica Te\u00f3rica em Zurique, na Su\u00ed\u00e7a. Retornou em seguida ao Brasil, para o Departamento de F\u00edsica da...\" \/>\n<meta property=\"og:url\" content=\"https:\/\/exposicoes.abc.org.br\/100anos\/academico\/luiz-davidovich\/\" \/>\n<meta property=\"og:site_name\" content=\"Cem Anos de Ci\u00eancia\" \/>\n<meta property=\"og:image\" content=\"https:\/\/exposicoes.abc.org.br\/100anos\/wp-content\/uploads\/2026\/01\/davidovich-hero.png\" \/>\n\t<meta property=\"og:image:width\" content=\"334\" \/>\n\t<meta property=\"og:image:height\" content=\"552\" \/>\n\t<meta property=\"og:image:type\" content=\"image\/png\" \/>\n<meta name=\"twitter:card\" content=\"summary_large_image\" \/>\n<meta name=\"twitter:label1\" content=\"Est. tempo de leitura\" \/>\n\t<meta name=\"twitter:data1\" content=\"3 minutos\" \/>\n<script type=\"application\/ld+json\" class=\"yoast-schema-graph\">{\"@context\":\"https:\/\/schema.org\",\"@graph\":[{\"@type\":\"WebPage\",\"@id\":\"https:\/\/exposicoes.abc.org.br\/100anos\/academico\/luiz-davidovich\/\",\"url\":\"https:\/\/exposicoes.abc.org.br\/100anos\/academico\/luiz-davidovich\/\",\"name\":\"Luiz Davidovich | Cem Anos de Ci\u00eancia\",\"isPartOf\":{\"@id\":\"https:\/\/exposicoes.abc.org.br\/100anos\/#website\"},\"primaryImageOfPage\":{\"@id\":\"https:\/\/exposicoes.abc.org.br\/100anos\/academico\/luiz-davidovich\/#primaryimage\"},\"image\":{\"@id\":\"https:\/\/exposicoes.abc.org.br\/100anos\/academico\/luiz-davidovich\/#primaryimage\"},\"thumbnailUrl\":\"https:\/\/exposicoes.abc.org.br\/100anos\/wp-content\/uploads\/2026\/01\/davidovich-hero.png\",\"datePublished\":\"2026-01-15T19:51:08+00:00\",\"breadcrumb\":{\"@id\":\"https:\/\/exposicoes.abc.org.br\/100anos\/academico\/luiz-davidovich\/#breadcrumb\"},\"inLanguage\":\"pt-BR\",\"potentialAction\":[{\"@type\":\"ReadAction\",\"target\":[\"https:\/\/exposicoes.abc.org.br\/100anos\/academico\/luiz-davidovich\/\"]}]},{\"@type\":\"ImageObject\",\"inLanguage\":\"pt-BR\",\"@id\":\"https:\/\/exposicoes.abc.org.br\/100anos\/academico\/luiz-davidovich\/#primaryimage\",\"url\":\"https:\/\/exposicoes.abc.org.br\/100anos\/wp-content\/uploads\/2026\/01\/davidovich-hero.png\",\"contentUrl\":\"https:\/\/exposicoes.abc.org.br\/100anos\/wp-content\/uploads\/2026\/01\/davidovich-hero.png\",\"width\":334,\"height\":552},{\"@type\":\"BreadcrumbList\",\"@id\":\"https:\/\/exposicoes.abc.org.br\/100anos\/academico\/luiz-davidovich\/#breadcrumb\",\"itemListElement\":[{\"@type\":\"ListItem\",\"position\":1,\"name\":\"In\u00edcio\",\"item\":\"https:\/\/exposicoes.abc.org.br\/100anos\/\"},{\"@type\":\"ListItem\",\"position\":2,\"name\":\"Luiz Davidovich\"}]},{\"@type\":\"WebSite\",\"@id\":\"https:\/\/exposicoes.abc.org.br\/100anos\/#website\",\"url\":\"https:\/\/exposicoes.abc.org.br\/100anos\/\",\"name\":\"Cem Anos de Ci\u00eancia\",\"description\":\"\",\"publisher\":{\"@id\":\"https:\/\/exposicoes.abc.org.br\/100anos\/#organization\"},\"potentialAction\":[{\"@type\":\"SearchAction\",\"target\":{\"@type\":\"EntryPoint\",\"urlTemplate\":\"https:\/\/exposicoes.abc.org.br\/100anos\/?s={search_term_string}\"},\"query-input\":{\"@type\":\"PropertyValueSpecification\",\"valueRequired\":true,\"valueName\":\"search_term_string\"}}],\"inLanguage\":\"pt-BR\"},{\"@type\":\"Organization\",\"@id\":\"https:\/\/exposicoes.abc.org.br\/100anos\/#organization\",\"name\":\"Academia Brasileira de Ci\u00eancias\",\"url\":\"https:\/\/exposicoes.abc.org.br\/100anos\/\",\"logo\":{\"@type\":\"ImageObject\",\"inLanguage\":\"pt-BR\",\"@id\":\"https:\/\/exposicoes.abc.org.br\/100anos\/#\/schema\/logo\/image\/\",\"url\":\"https:\/\/exposicoes.abc.org.br\/100anos\/wp-content\/uploads\/2025\/12\/logo-100-abc.png\",\"contentUrl\":\"https:\/\/exposicoes.abc.org.br\/100anos\/wp-content\/uploads\/2025\/12\/logo-100-abc.png\",\"width\":511,\"height\":116,\"caption\":\"Academia Brasileira de Ci\u00eancias\"},\"image\":{\"@id\":\"https:\/\/exposicoes.abc.org.br\/100anos\/#\/schema\/logo\/image\/\"}}]}<\/script>\n<!-- \/ Yoast SEO plugin. -->","yoast_head_json":{"title":"Luiz Davidovich | Cem Anos de Ci\u00eancia","robots":{"index":"index","follow":"follow","max-snippet":"max-snippet:-1","max-image-preview":"max-image-preview:large","max-video-preview":"max-video-preview:-1"},"canonical":"https:\/\/exposicoes.abc.org.br\/100anos\/academico\/luiz-davidovich\/","og_locale":"pt_BR","og_type":"article","og_title":"Luiz Davidovich | Cem Anos de Ci\u00eancia","og_description":"Sobre o Presidente O f\u00edsico carioca se formou na Pontif\u00edcia Universidade Cat\u00f3lica do Rio de Janeiro (PUC-Rio) e cursou o doutorado na Universidade de Rochester, nos Estados Unidos. Entre 1976 e 1977, foi professor assistente do Instituto de F\u00edsica Te\u00f3rica em Zurique, na Su\u00ed\u00e7a. Retornou em seguida ao Brasil, para o Departamento de F\u00edsica da...","og_url":"https:\/\/exposicoes.abc.org.br\/100anos\/academico\/luiz-davidovich\/","og_site_name":"Cem Anos de Ci\u00eancia","og_image":[{"width":334,"height":552,"url":"https:\/\/exposicoes.abc.org.br\/100anos\/wp-content\/uploads\/2026\/01\/davidovich-hero.png","type":"image\/png"}],"twitter_card":"summary_large_image","twitter_misc":{"Est. tempo de leitura":"3 minutos"},"schema":{"@context":"https:\/\/schema.org","@graph":[{"@type":"WebPage","@id":"https:\/\/exposicoes.abc.org.br\/100anos\/academico\/luiz-davidovich\/","url":"https:\/\/exposicoes.abc.org.br\/100anos\/academico\/luiz-davidovich\/","name":"Luiz Davidovich | Cem Anos de Ci\u00eancia","isPartOf":{"@id":"https:\/\/exposicoes.abc.org.br\/100anos\/#website"},"primaryImageOfPage":{"@id":"https:\/\/exposicoes.abc.org.br\/100anos\/academico\/luiz-davidovich\/#primaryimage"},"image":{"@id":"https:\/\/exposicoes.abc.org.br\/100anos\/academico\/luiz-davidovich\/#primaryimage"},"thumbnailUrl":"https:\/\/exposicoes.abc.org.br\/100anos\/wp-content\/uploads\/2026\/01\/davidovich-hero.png","datePublished":"2026-01-15T19:51:08+00:00","breadcrumb":{"@id":"https:\/\/exposicoes.abc.org.br\/100anos\/academico\/luiz-davidovich\/#breadcrumb"},"inLanguage":"pt-BR","potentialAction":[{"@type":"ReadAction","target":["https:\/\/exposicoes.abc.org.br\/100anos\/academico\/luiz-davidovich\/"]}]},{"@type":"ImageObject","inLanguage":"pt-BR","@id":"https:\/\/exposicoes.abc.org.br\/100anos\/academico\/luiz-davidovich\/#primaryimage","url":"https:\/\/exposicoes.abc.org.br\/100anos\/wp-content\/uploads\/2026\/01\/davidovich-hero.png","contentUrl":"https:\/\/exposicoes.abc.org.br\/100anos\/wp-content\/uploads\/2026\/01\/davidovich-hero.png","width":334,"height":552},{"@type":"BreadcrumbList","@id":"https:\/\/exposicoes.abc.org.br\/100anos\/academico\/luiz-davidovich\/#breadcrumb","itemListElement":[{"@type":"ListItem","position":1,"name":"In\u00edcio","item":"https:\/\/exposicoes.abc.org.br\/100anos\/"},{"@type":"ListItem","position":2,"name":"Luiz Davidovich"}]},{"@type":"WebSite","@id":"https:\/\/exposicoes.abc.org.br\/100anos\/#website","url":"https:\/\/exposicoes.abc.org.br\/100anos\/","name":"Cem Anos de Ci\u00eancia","description":"","publisher":{"@id":"https:\/\/exposicoes.abc.org.br\/100anos\/#organization"},"potentialAction":[{"@type":"SearchAction","target":{"@type":"EntryPoint","urlTemplate":"https:\/\/exposicoes.abc.org.br\/100anos\/?s={search_term_string}"},"query-input":{"@type":"PropertyValueSpecification","valueRequired":true,"valueName":"search_term_string"}}],"inLanguage":"pt-BR"},{"@type":"Organization","@id":"https:\/\/exposicoes.abc.org.br\/100anos\/#organization","name":"Academia Brasileira de Ci\u00eancias","url":"https:\/\/exposicoes.abc.org.br\/100anos\/","logo":{"@type":"ImageObject","inLanguage":"pt-BR","@id":"https:\/\/exposicoes.abc.org.br\/100anos\/#\/schema\/logo\/image\/","url":"https:\/\/exposicoes.abc.org.br\/100anos\/wp-content\/uploads\/2025\/12\/logo-100-abc.png","contentUrl":"https:\/\/exposicoes.abc.org.br\/100anos\/wp-content\/uploads\/2025\/12\/logo-100-abc.png","width":511,"height":116,"caption":"Academia Brasileira de Ci\u00eancias"},"image":{"@id":"https:\/\/exposicoes.abc.org.br\/100anos\/#\/schema\/logo\/image\/"}}]}},"_links":{"self":[{"href":"https:\/\/exposicoes.abc.org.br\/100anos\/wp-json\/wp\/v2\/academico\/496","targetHints":{"allow":["GET"]}}],"collection":[{"href":"https:\/\/exposicoes.abc.org.br\/100anos\/wp-json\/wp\/v2\/academico"}],"about":[{"href":"https:\/\/exposicoes.abc.org.br\/100anos\/wp-json\/wp\/v2\/types\/academico"}],"version-history":[{"count":1,"href":"https:\/\/exposicoes.abc.org.br\/100anos\/wp-json\/wp\/v2\/academico\/496\/revisions"}],"predecessor-version":[{"id":500,"href":"https:\/\/exposicoes.abc.org.br\/100anos\/wp-json\/wp\/v2\/academico\/496\/revisions\/500"}],"wp:featuredmedia":[{"embeddable":true,"href":"https:\/\/exposicoes.abc.org.br\/100anos\/wp-json\/wp\/v2\/media\/497"}],"wp:attachment":[{"href":"https:\/\/exposicoes.abc.org.br\/100anos\/wp-json\/wp\/v2\/media?parent=496"}],"wp:term":[{"taxonomy":"periodo-de-presidencia","embeddable":true,"href":"https:\/\/exposicoes.abc.org.br\/100anos\/wp-json\/wp\/v2\/periodo-de-presidencia?post=496"},{"taxonomy":"periodo-de-vida","embeddable":true,"href":"https:\/\/exposicoes.abc.org.br\/100anos\/wp-json\/wp\/v2\/periodo-de-vida?post=496"},{"taxonomy":"tipo-de-academico","embeddable":true,"href":"https:\/\/exposicoes.abc.org.br\/100anos\/wp-json\/wp\/v2\/tipo-de-academico?post=496"}],"curies":[{"name":"wp","href":"https:\/\/api.w.org\/{rel}","templated":true}]}}