{"id":492,"date":"2026-01-15T16:46:40","date_gmt":"2026-01-15T19:46:40","guid":{"rendered":"https:\/\/exposicoes.abc.org.br\/100anos\/?post_type=academico&#038;p=492"},"modified":"2026-01-15T16:47:47","modified_gmt":"2026-01-15T19:47:47","slug":"jacob-palis-junior","status":"publish","type":"academico","link":"https:\/\/exposicoes.abc.org.br\/100anos\/academico\/jacob-palis-junior\/","title":{"rendered":"Jacob Palis Junior"},"content":{"rendered":"\n<div class=\"wp-block-columns is-layout-flex wp-container-core-columns-is-layout-9d6595d7 wp-block-columns-is-layout-flex\">\n<div class=\"wp-block-column is-layout-flow wp-block-column-is-layout-flow\">\n<h2 class=\"wp-block-heading\">Sobre o Presidente<\/h2>\n\n\n\n<p>Filho de pai liban\u00eas e m\u00e3e s\u00edria, nasceu em Uberaba, Minas Gerais, em 1940. Aos 16 anos, mudou-se para o Rio de Janeiro, onde formou-se engenheiro pela Universidade do Brasil. Fez mestrado e doutorado na Universidade da Calif\u00f3rnia em Berkeley, nos Estados Unidos. L\u00e1, iniciou seus estudos com sistemas din\u00e2micos, que modelam fen\u00f4menos da natureza que evoluem com o tempo. Em 1968, tornou-se pesquisador do Instituto Nacional de Matem\u00e1tica Pura e Aplicada (Impa), que dirigiu por dez anos, fomentando interc\u00e2mbio de jovens matem\u00e1ticos na Am\u00e9rica Latina. Foi presidente da Uni\u00e3o Internacional de Matem\u00e1tica (IMU) e da Academia de Ci\u00eancias dos Pa\u00edses em Desenvolvimento (TWAS). Nesses cargos, contribuiu para projetar a matem\u00e1tica e a ci\u00eancia do Brasil internacionalmente. Ingressou na ABC em 1970. Foi primeiro secret\u00e1rio, vice-presidente e, em 2007, tornou-se presidente da entidade, cargo que ocupou at\u00e9 2016, ano do Centen\u00e1rio da Academia. Uma das marcas de sua gest\u00e3o foi a cria\u00e7\u00e3o da categoria de membros afiliados, constitu\u00edda por jovens cientistas selecionados pelas vice-presid\u00eancias regionais da ABC para ingressar na entidade.<\/p>\n<\/div>\n\n\n\n<div class=\"wp-block-column is-layout-flow wp-block-column-is-layout-flow\">\n<figure class=\"wp-block-image size-full\"><img loading=\"lazy\" decoding=\"async\" width=\"546\" height=\"636\" src=\"https:\/\/exposicoes.abc.org.br\/100anos\/wp-content\/uploads\/2026\/01\/palis-01.png\" alt=\"\" class=\"wp-image-494\" srcset=\"https:\/\/exposicoes.abc.org.br\/100anos\/wp-content\/uploads\/2026\/01\/palis-01.png 546w, https:\/\/exposicoes.abc.org.br\/100anos\/wp-content\/uploads\/2026\/01\/palis-01-258x300.png 258w\" sizes=\"auto, (max-width: 546px) 100vw, 546px\" \/><figcaption class=\"wp-element-caption\">Acima, palis na sede da abc no rio de janeiro. \u00e0 esquerda, o matem\u00e1tico recebe, em 2010, o pr\u00eamio balzan em reconhecimento aos seus estudos sobre sistemas din\u00e2micos. abaixo, o cientista recebe o t\u00edtulo de doutor honoris causa na ufrj. todas as imagens: acervo abc<\/figcaption><\/figure>\n<\/div>\n<\/div>\n\n\n\n<div style=\"height:100px\" aria-hidden=\"true\" class=\"wp-block-spacer\"><\/div>\n\n\n\n<hr class=\"wp-block-separator has-alpha-channel-opacity\"\/>\n\n\n\n<div style=\"height:100px\" aria-hidden=\"true\" class=\"wp-block-spacer\"><\/div>\n\n\n\n<h2 class=\"wp-block-heading\">Ousadia a servi\u00e7o da matem\u00e1tica<\/h2>\n\n\n\n<p>Jacob Palis \u00e9 um dos matem\u00e1ticos mais respeitados do Brasil. No campo dos sistemas din\u00e2micos, formulou um programa global para caracterizar seu comportamento t\u00edpico e estimar incertezas de previs\u00f5es futuras. Mas seu reconhecimento vai al\u00e9m da ci\u00eancia dos n\u00fameros. Como dirigente de diversos \u00f3rg\u00e3os, o matem\u00e1tico tem prestado um importante servi\u00e7o \u00e0 ci\u00eancia brasileira.\u00a0<br><br>Palis cursou engenharia por influ\u00eancia de um dos oito irm\u00e3os, que era engenheiro e o estimulou a seguir carreira na \u00e1rea. Mas seu gosto pela matem\u00e1tica prevaleceu. Assim que se formou, foi para os Estados Unidos estudar com o Medalhista Fields Stephen Smale, que o orientou em seu doutorado na Universidade da Calif\u00f3rnia. J\u00e1 doutor, foi contratado como professor assistente pela institui\u00e7\u00e3o, mas ficou pouco tempo no cargo.\u00a0<br><br>Em atitude ousada para um jovem matem\u00e1tico com carreira garantida no exterior, voltou ao Brasil com o objetivo de revolucionar a matem\u00e1tica nacional. Depois de uma r\u00e1pida passagem pela Universidade Federal do Rio de Janeiro, se instalou no Impa, onde alavancou sua \u00e1rea de pesquisa, formou uma gera\u00e7\u00e3o de matem\u00e1ticos not\u00e1veis, foi diretor e ao qual est\u00e1 vinculado at\u00e9 hoje.\u00a0<br><br>Paralelamente \u00e0 trajet\u00f3ria acad\u00eamica, Palis mant\u00e9m uma importante atua\u00e7\u00e3o como gestor. Foi o primeiro brasileiro a integrar o conselho executivo da IMU, entidade da qual se tornou presidente em 1999. Presidiu, tamb\u00e9m, entre 2007 e 2012, a TWAS. Seu envolvimento administrativo nestas institui\u00e7\u00f5es ajudou a conferir proje\u00e7\u00e3o internacional \u00e0 ABC, a qual passou a dirigir em 2007.\u00a0<br><br>Como presidente da Academia, criou vice-presid\u00eancias regionais, com o objetivo de descentralizar a entidade. Foi durante sua gest\u00e3o, em 2013, que a ABC organizou, em parceria com a Academia de Ci\u00eancias da Hungria, o F\u00f3rum Mundial de Ci\u00eancia, realizado pela primeira vez fora da Hungria. O encontro envolveu cerca de mil pesquisadores para debater o papel e as responsabilidades da ci\u00eancia no s\u00e9culo XXI.\u00a0<\/p>\n\n\n\n<div style=\"height:100px\" aria-hidden=\"true\" class=\"wp-block-spacer\"><\/div>\n\n\n\n<blockquote class=\"wp-block-quote is-layout-flow wp-block-quote-is-layout-flow\">\n<p>\u201cEsperamos chegar aos 200 anos com muito mais for\u00e7a do que temos agora. Al\u00e9m de defender a ci\u00eancia brasileira, \u00e9 muito importante a Academia ser propositiva, propor caminhos para a ci\u00eancia brasileira crescer cada vez mais, ser vis\u00edvel no mundo todo. Isto \u00e9 de primeira import\u00e2ncia para o pa\u00eds, porque aumenta sua credibilidade. E tudo isso \u00e9 feito por amor, por convic\u00e7\u00e3o de que a ci\u00eancia \u00e9 o caminho do pa\u00eds.\u201d<\/p>\n<cite>Em entrevista \u00e0 equipe do Centen\u00e1rio da ABC)<\/cite><\/blockquote>\n","protected":false},"excerpt":{"rendered":"<p>Sobre o Presidente Filho de pai liban\u00eas e m\u00e3e s\u00edria, nasceu em Uberaba, Minas Gerais, em 1940. Aos 16 anos, mudou-se para o Rio de Janeiro, onde formou-se engenheiro pela Universidade do Brasil. Fez mestrado e doutorado na Universidade da Calif\u00f3rnia em Berkeley, nos Estados Unidos. L\u00e1, iniciou seus estudos com sistemas din\u00e2micos, que modelam&#8230;<\/p>\n","protected":false},"featured_media":493,"parent":0,"template":"","meta":{"_acf_changed":false,"footnotes":""},"periodo-de-presidencia":[58],"periodo-de-vida":[57],"tipo-de-academico":[3],"class_list":["post-492","academico","type-academico","status-publish","has-post-thumbnail","hentry","periodo-de-presidencia-2007-a-2016","periodo-de-vida-57","tipo-de-academico-presidentes-da-abc"],"acf":[],"yoast_head":"<!-- This site is optimized with the Yoast SEO plugin v26.8 - https:\/\/yoast.com\/product\/yoast-seo-wordpress\/ -->\n<title>Jacob Palis Junior | Cem Anos de Ci\u00eancia<\/title>\n<meta name=\"robots\" content=\"index, follow, max-snippet:-1, max-image-preview:large, max-video-preview:-1\" \/>\n<link rel=\"canonical\" href=\"https:\/\/exposicoes.abc.org.br\/100anos\/academico\/jacob-palis-junior\/\" \/>\n<meta property=\"og:locale\" content=\"pt_BR\" \/>\n<meta property=\"og:type\" content=\"article\" \/>\n<meta property=\"og:title\" content=\"Jacob Palis Junior | Cem Anos de Ci\u00eancia\" \/>\n<meta property=\"og:description\" content=\"Sobre o Presidente Filho de pai liban\u00eas e m\u00e3e s\u00edria, nasceu em Uberaba, Minas Gerais, em 1940. Aos 16 anos, mudou-se para o Rio de Janeiro, onde formou-se engenheiro pela Universidade do Brasil. Fez mestrado e doutorado na Universidade da Calif\u00f3rnia em Berkeley, nos Estados Unidos. L\u00e1, iniciou seus estudos com sistemas din\u00e2micos, que modelam...\" \/>\n<meta property=\"og:url\" content=\"https:\/\/exposicoes.abc.org.br\/100anos\/academico\/jacob-palis-junior\/\" \/>\n<meta property=\"og:site_name\" content=\"Cem Anos de Ci\u00eancia\" \/>\n<meta property=\"article:modified_time\" content=\"2026-01-15T19:47:47+00:00\" \/>\n<meta property=\"og:image\" content=\"https:\/\/exposicoes.abc.org.br\/100anos\/wp-content\/uploads\/2026\/01\/palis-hero.png\" \/>\n\t<meta property=\"og:image:width\" content=\"334\" \/>\n\t<meta property=\"og:image:height\" content=\"552\" \/>\n\t<meta property=\"og:image:type\" content=\"image\/png\" \/>\n<meta name=\"twitter:card\" content=\"summary_large_image\" \/>\n<meta name=\"twitter:label1\" content=\"Est. tempo de leitura\" \/>\n\t<meta name=\"twitter:data1\" content=\"3 minutos\" \/>\n<script type=\"application\/ld+json\" class=\"yoast-schema-graph\">{\"@context\":\"https:\/\/schema.org\",\"@graph\":[{\"@type\":\"WebPage\",\"@id\":\"https:\/\/exposicoes.abc.org.br\/100anos\/academico\/jacob-palis-junior\/\",\"url\":\"https:\/\/exposicoes.abc.org.br\/100anos\/academico\/jacob-palis-junior\/\",\"name\":\"Jacob Palis Junior | Cem Anos de Ci\u00eancia\",\"isPartOf\":{\"@id\":\"https:\/\/exposicoes.abc.org.br\/100anos\/#website\"},\"primaryImageOfPage\":{\"@id\":\"https:\/\/exposicoes.abc.org.br\/100anos\/academico\/jacob-palis-junior\/#primaryimage\"},\"image\":{\"@id\":\"https:\/\/exposicoes.abc.org.br\/100anos\/academico\/jacob-palis-junior\/#primaryimage\"},\"thumbnailUrl\":\"https:\/\/exposicoes.abc.org.br\/100anos\/wp-content\/uploads\/2026\/01\/palis-hero.png\",\"datePublished\":\"2026-01-15T19:46:40+00:00\",\"dateModified\":\"2026-01-15T19:47:47+00:00\",\"breadcrumb\":{\"@id\":\"https:\/\/exposicoes.abc.org.br\/100anos\/academico\/jacob-palis-junior\/#breadcrumb\"},\"inLanguage\":\"pt-BR\",\"potentialAction\":[{\"@type\":\"ReadAction\",\"target\":[\"https:\/\/exposicoes.abc.org.br\/100anos\/academico\/jacob-palis-junior\/\"]}]},{\"@type\":\"ImageObject\",\"inLanguage\":\"pt-BR\",\"@id\":\"https:\/\/exposicoes.abc.org.br\/100anos\/academico\/jacob-palis-junior\/#primaryimage\",\"url\":\"https:\/\/exposicoes.abc.org.br\/100anos\/wp-content\/uploads\/2026\/01\/palis-hero.png\",\"contentUrl\":\"https:\/\/exposicoes.abc.org.br\/100anos\/wp-content\/uploads\/2026\/01\/palis-hero.png\",\"width\":334,\"height\":552},{\"@type\":\"BreadcrumbList\",\"@id\":\"https:\/\/exposicoes.abc.org.br\/100anos\/academico\/jacob-palis-junior\/#breadcrumb\",\"itemListElement\":[{\"@type\":\"ListItem\",\"position\":1,\"name\":\"In\u00edcio\",\"item\":\"https:\/\/exposicoes.abc.org.br\/100anos\/\"},{\"@type\":\"ListItem\",\"position\":2,\"name\":\"Jacob Palis Junior\"}]},{\"@type\":\"WebSite\",\"@id\":\"https:\/\/exposicoes.abc.org.br\/100anos\/#website\",\"url\":\"https:\/\/exposicoes.abc.org.br\/100anos\/\",\"name\":\"Cem Anos de Ci\u00eancia\",\"description\":\"\",\"publisher\":{\"@id\":\"https:\/\/exposicoes.abc.org.br\/100anos\/#organization\"},\"potentialAction\":[{\"@type\":\"SearchAction\",\"target\":{\"@type\":\"EntryPoint\",\"urlTemplate\":\"https:\/\/exposicoes.abc.org.br\/100anos\/?s={search_term_string}\"},\"query-input\":{\"@type\":\"PropertyValueSpecification\",\"valueRequired\":true,\"valueName\":\"search_term_string\"}}],\"inLanguage\":\"pt-BR\"},{\"@type\":\"Organization\",\"@id\":\"https:\/\/exposicoes.abc.org.br\/100anos\/#organization\",\"name\":\"Academia Brasileira de Ci\u00eancias\",\"url\":\"https:\/\/exposicoes.abc.org.br\/100anos\/\",\"logo\":{\"@type\":\"ImageObject\",\"inLanguage\":\"pt-BR\",\"@id\":\"https:\/\/exposicoes.abc.org.br\/100anos\/#\/schema\/logo\/image\/\",\"url\":\"https:\/\/exposicoes.abc.org.br\/100anos\/wp-content\/uploads\/2025\/12\/logo-100-abc.png\",\"contentUrl\":\"https:\/\/exposicoes.abc.org.br\/100anos\/wp-content\/uploads\/2025\/12\/logo-100-abc.png\",\"width\":511,\"height\":116,\"caption\":\"Academia Brasileira de Ci\u00eancias\"},\"image\":{\"@id\":\"https:\/\/exposicoes.abc.org.br\/100anos\/#\/schema\/logo\/image\/\"}}]}<\/script>\n<!-- \/ Yoast SEO plugin. -->","yoast_head_json":{"title":"Jacob Palis Junior | Cem Anos de Ci\u00eancia","robots":{"index":"index","follow":"follow","max-snippet":"max-snippet:-1","max-image-preview":"max-image-preview:large","max-video-preview":"max-video-preview:-1"},"canonical":"https:\/\/exposicoes.abc.org.br\/100anos\/academico\/jacob-palis-junior\/","og_locale":"pt_BR","og_type":"article","og_title":"Jacob Palis Junior | Cem Anos de Ci\u00eancia","og_description":"Sobre o Presidente Filho de pai liban\u00eas e m\u00e3e s\u00edria, nasceu em Uberaba, Minas Gerais, em 1940. Aos 16 anos, mudou-se para o Rio de Janeiro, onde formou-se engenheiro pela Universidade do Brasil. Fez mestrado e doutorado na Universidade da Calif\u00f3rnia em Berkeley, nos Estados Unidos. L\u00e1, iniciou seus estudos com sistemas din\u00e2micos, que modelam...","og_url":"https:\/\/exposicoes.abc.org.br\/100anos\/academico\/jacob-palis-junior\/","og_site_name":"Cem Anos de Ci\u00eancia","article_modified_time":"2026-01-15T19:47:47+00:00","og_image":[{"width":334,"height":552,"url":"https:\/\/exposicoes.abc.org.br\/100anos\/wp-content\/uploads\/2026\/01\/palis-hero.png","type":"image\/png"}],"twitter_card":"summary_large_image","twitter_misc":{"Est. tempo de leitura":"3 minutos"},"schema":{"@context":"https:\/\/schema.org","@graph":[{"@type":"WebPage","@id":"https:\/\/exposicoes.abc.org.br\/100anos\/academico\/jacob-palis-junior\/","url":"https:\/\/exposicoes.abc.org.br\/100anos\/academico\/jacob-palis-junior\/","name":"Jacob Palis Junior | Cem Anos de Ci\u00eancia","isPartOf":{"@id":"https:\/\/exposicoes.abc.org.br\/100anos\/#website"},"primaryImageOfPage":{"@id":"https:\/\/exposicoes.abc.org.br\/100anos\/academico\/jacob-palis-junior\/#primaryimage"},"image":{"@id":"https:\/\/exposicoes.abc.org.br\/100anos\/academico\/jacob-palis-junior\/#primaryimage"},"thumbnailUrl":"https:\/\/exposicoes.abc.org.br\/100anos\/wp-content\/uploads\/2026\/01\/palis-hero.png","datePublished":"2026-01-15T19:46:40+00:00","dateModified":"2026-01-15T19:47:47+00:00","breadcrumb":{"@id":"https:\/\/exposicoes.abc.org.br\/100anos\/academico\/jacob-palis-junior\/#breadcrumb"},"inLanguage":"pt-BR","potentialAction":[{"@type":"ReadAction","target":["https:\/\/exposicoes.abc.org.br\/100anos\/academico\/jacob-palis-junior\/"]}]},{"@type":"ImageObject","inLanguage":"pt-BR","@id":"https:\/\/exposicoes.abc.org.br\/100anos\/academico\/jacob-palis-junior\/#primaryimage","url":"https:\/\/exposicoes.abc.org.br\/100anos\/wp-content\/uploads\/2026\/01\/palis-hero.png","contentUrl":"https:\/\/exposicoes.abc.org.br\/100anos\/wp-content\/uploads\/2026\/01\/palis-hero.png","width":334,"height":552},{"@type":"BreadcrumbList","@id":"https:\/\/exposicoes.abc.org.br\/100anos\/academico\/jacob-palis-junior\/#breadcrumb","itemListElement":[{"@type":"ListItem","position":1,"name":"In\u00edcio","item":"https:\/\/exposicoes.abc.org.br\/100anos\/"},{"@type":"ListItem","position":2,"name":"Jacob Palis Junior"}]},{"@type":"WebSite","@id":"https:\/\/exposicoes.abc.org.br\/100anos\/#website","url":"https:\/\/exposicoes.abc.org.br\/100anos\/","name":"Cem Anos de Ci\u00eancia","description":"","publisher":{"@id":"https:\/\/exposicoes.abc.org.br\/100anos\/#organization"},"potentialAction":[{"@type":"SearchAction","target":{"@type":"EntryPoint","urlTemplate":"https:\/\/exposicoes.abc.org.br\/100anos\/?s={search_term_string}"},"query-input":{"@type":"PropertyValueSpecification","valueRequired":true,"valueName":"search_term_string"}}],"inLanguage":"pt-BR"},{"@type":"Organization","@id":"https:\/\/exposicoes.abc.org.br\/100anos\/#organization","name":"Academia Brasileira de Ci\u00eancias","url":"https:\/\/exposicoes.abc.org.br\/100anos\/","logo":{"@type":"ImageObject","inLanguage":"pt-BR","@id":"https:\/\/exposicoes.abc.org.br\/100anos\/#\/schema\/logo\/image\/","url":"https:\/\/exposicoes.abc.org.br\/100anos\/wp-content\/uploads\/2025\/12\/logo-100-abc.png","contentUrl":"https:\/\/exposicoes.abc.org.br\/100anos\/wp-content\/uploads\/2025\/12\/logo-100-abc.png","width":511,"height":116,"caption":"Academia Brasileira de Ci\u00eancias"},"image":{"@id":"https:\/\/exposicoes.abc.org.br\/100anos\/#\/schema\/logo\/image\/"}}]}},"_links":{"self":[{"href":"https:\/\/exposicoes.abc.org.br\/100anos\/wp-json\/wp\/v2\/academico\/492","targetHints":{"allow":["GET"]}}],"collection":[{"href":"https:\/\/exposicoes.abc.org.br\/100anos\/wp-json\/wp\/v2\/academico"}],"about":[{"href":"https:\/\/exposicoes.abc.org.br\/100anos\/wp-json\/wp\/v2\/types\/academico"}],"version-history":[{"count":1,"href":"https:\/\/exposicoes.abc.org.br\/100anos\/wp-json\/wp\/v2\/academico\/492\/revisions"}],"predecessor-version":[{"id":495,"href":"https:\/\/exposicoes.abc.org.br\/100anos\/wp-json\/wp\/v2\/academico\/492\/revisions\/495"}],"wp:featuredmedia":[{"embeddable":true,"href":"https:\/\/exposicoes.abc.org.br\/100anos\/wp-json\/wp\/v2\/media\/493"}],"wp:attachment":[{"href":"https:\/\/exposicoes.abc.org.br\/100anos\/wp-json\/wp\/v2\/media?parent=492"}],"wp:term":[{"taxonomy":"periodo-de-presidencia","embeddable":true,"href":"https:\/\/exposicoes.abc.org.br\/100anos\/wp-json\/wp\/v2\/periodo-de-presidencia?post=492"},{"taxonomy":"periodo-de-vida","embeddable":true,"href":"https:\/\/exposicoes.abc.org.br\/100anos\/wp-json\/wp\/v2\/periodo-de-vida?post=492"},{"taxonomy":"tipo-de-academico","embeddable":true,"href":"https:\/\/exposicoes.abc.org.br\/100anos\/wp-json\/wp\/v2\/tipo-de-academico?post=492"}],"curies":[{"name":"wp","href":"https:\/\/api.w.org\/{rel}","templated":true}]}}