{"id":486,"date":"2026-01-15T16:42:41","date_gmt":"2026-01-15T19:42:41","guid":{"rendered":"https:\/\/exposicoes.abc.org.br\/100anos\/?post_type=academico&#038;p=486"},"modified":"2026-01-15T16:43:26","modified_gmt":"2026-01-15T19:43:26","slug":"eduardo-moacyr-krieger","status":"publish","type":"academico","link":"https:\/\/exposicoes.abc.org.br\/100anos\/academico\/eduardo-moacyr-krieger\/","title":{"rendered":"Eduardo Moacyr Krieger"},"content":{"rendered":"\n<div class=\"wp-block-columns is-layout-flex wp-container-core-columns-is-layout-9d6595d7 wp-block-columns-is-layout-flex\">\n<div class=\"wp-block-column is-layout-flow wp-block-column-is-layout-flow\">\n<h2 class=\"wp-block-heading\">Sobre o Presidente<\/h2>\n\n\n\n<p>Ga\u00facho nascido em Cerro Largo, estudou na Faculdade de Medicina de Porto Alegre, onde teve contato com o grupo de fisiologistas argentinos liderado pelo m\u00e9dico e pr\u00eamio Nobel Bernardo Houssay. Passou uma temporada em Buenos Aires trabalhando com Eduardo Braun-Menendez, que integrava o grupo, e na Ge\u00f3rgia, nos Estados Unidos, estagiando nas \u00e1reas de farmacologia e hipertens\u00e3o experimental. Doutorou-se em fisiologia cardiovascular pela Faculdade de Medicina de Ribeir\u00e3o Preto da Universidade de S\u00e3o Paulo (USP), da qual veio a tornar-se professor. Foi pioneiro no uso de ratos como modelo de estudo da regula\u00e7\u00e3o da press\u00e3o arterial no sono e no exerc\u00edcio, tendo descrito mecanismos amplamente aceitos atualmente. Em 1980, ingressou na ABC e foi vice-presidente e presidente da entidade, cargo no qual permaneceu por 14 anos. Foi convidado, em 1985, para trabalhar no Instituto do Cora\u00e7\u00e3o do Hospital das Cl\u00ednicas da USP, onde dirigiu, at\u00e9 2010, uma equipe multidisciplinar de pesquisa sobre hipertens\u00e3o.<\/p>\n<\/div>\n\n\n\n<div class=\"wp-block-column is-layout-flow wp-block-column-is-layout-flow\">\n<figure class=\"wp-block-image size-full\"><img loading=\"lazy\" decoding=\"async\" width=\"546\" height=\"481\" src=\"https:\/\/exposicoes.abc.org.br\/100anos\/wp-content\/uploads\/2026\/01\/moacyr-01.png\" alt=\"\" class=\"wp-image-488\" srcset=\"https:\/\/exposicoes.abc.org.br\/100anos\/wp-content\/uploads\/2026\/01\/moacyr-01.png 546w, https:\/\/exposicoes.abc.org.br\/100anos\/wp-content\/uploads\/2026\/01\/moacyr-01-300x264.png 300w\" sizes=\"auto, (max-width: 546px) 100vw, 546px\" \/><figcaption class=\"wp-element-caption\">no alto, eduardo moacyr krieger e outros durante recep\u00e7\u00e3o no jap\u00e3o. abaixo, \u00e0 esquerda, krieger recebe a gr\u00e3-cruz da ordem nacional do m\u00e9rito cient\u00edfico das m\u00e3os do presidente fernando henrique<br>cardoso em 1994. \u00e0 direita, krieger e outros especialistas durante o 8\u00ba congresso da sociedade brasileira de hipertens\u00e3o em 1999. todas as imagens: acervo abc<\/figcaption><\/figure>\n<\/div>\n<\/div>\n\n\n\n<div style=\"height:100px\" aria-hidden=\"true\" class=\"wp-block-spacer\"><\/div>\n\n\n\n<hr class=\"wp-block-separator has-alpha-channel-opacity\"\/>\n\n\n\n<div style=\"height:100px\" aria-hidden=\"true\" class=\"wp-block-spacer\"><\/div>\n\n\n\n<h2 class=\"wp-block-heading\">Entre a pol\u00edtica e a hipertens\u00e3o<\/h2>\n\n\n\n<p>Seja na bancada de laborat\u00f3rio, seja na gest\u00e3o de institui\u00e7\u00f5es cient\u00edficas, Eduardo Moacyr Krieger sempre lutou para que a ci\u00eancia nacional fosse devidamente valorizada e financiada. \u00c0 frente da ABC durante sete mandatos consecutivos, testemunhou e participou ativamente de conquistas importantes nesse sentido.\u00a0<br><br>Durante sua gest\u00e3o como presidente, Krieger projetou a ABC nacional e internacionalmente. No Brasil, com o Acad\u00eamico Jos\u00e9 Israel Vargas no cargo de ministro da Ci\u00eancia e Tecnologia, teve oportunidade de inserir a Academia no centro da pol\u00edtica nacional e, assim, transformar a entidade em um \u00f3rg\u00e3o de assessoramento do governo.\u00a0<br>No plano internacional, estabeleceu conex\u00f5es e refor\u00e7ou interc\u00e2mbios e conv\u00eanios com entidades cient\u00edficas estrangeiras e academias cong\u00eaneres. Articulou a entrada da ABC no Painel InterAcademias e foi eleito presidente para representar, no \u00f3rg\u00e3o, os pa\u00edses em desenvolvimento.\u00a0<br><br>Krieger integrou e dirigiu outras academias e sociedades cient\u00edficas, tais como a Sociedade Brasileira de Hipertens\u00e3o e a Federa\u00e7\u00e3o de Sociedades de Biologia Experimental. Tamb\u00e9m se envolveu na administra\u00e7\u00e3o de importantes \u00f3rg\u00e3os ligados \u00e0 pol\u00edtica cient\u00edfica nacional, entre eles o Conselho Nacional de Desenvolvimento Cient\u00edfico e Tecnol\u00f3gico e o Minist\u00e9rio de Ci\u00eancia e Tecnologia.\u00a0<br><br>Sua contribui\u00e7\u00e3o cient\u00edfica permitiu incluir o Brasil no radar internacional de pesquisas cl\u00ednicas e experimentais relacionadas \u00e0 hipertens\u00e3o arterial. Estudou particularmente os mecanismos de regula\u00e7\u00e3o da press\u00e3o arterial relacionados ao sistema nervoso, tendo feito descobertas importantes nesse campo. Com seu grupo da USP de Ribeir\u00e3o Preto, realizou tamb\u00e9m trabalhos pioneiros sobre a influ\u00eancia do sono na press\u00e3o arterial.\u00a0 \u00a0<\/p>\n\n\n\n<div style=\"height:100px\" aria-hidden=\"true\" class=\"wp-block-spacer\"><\/div>\n\n\n\n<div class=\"wp-block-columns is-layout-flex wp-container-core-columns-is-layout-9d6595d7 wp-block-columns-is-layout-flex\">\n<div class=\"wp-block-column is-layout-flow wp-block-column-is-layout-flow\">\n<figure class=\"wp-block-image size-large\"><img loading=\"lazy\" decoding=\"async\" width=\"1024\" height=\"614\" src=\"https:\/\/exposicoes.abc.org.br\/100anos\/wp-content\/uploads\/2026\/01\/Frame-146-1024x614.png\" alt=\"\" class=\"wp-image-489\" srcset=\"https:\/\/exposicoes.abc.org.br\/100anos\/wp-content\/uploads\/2026\/01\/Frame-146-1024x614.png 1024w, https:\/\/exposicoes.abc.org.br\/100anos\/wp-content\/uploads\/2026\/01\/Frame-146-300x180.png 300w, https:\/\/exposicoes.abc.org.br\/100anos\/wp-content\/uploads\/2026\/01\/Frame-146-768x460.png 768w, https:\/\/exposicoes.abc.org.br\/100anos\/wp-content\/uploads\/2026\/01\/Frame-146.png 1116w\" sizes=\"auto, (max-width: 1024px) 100vw, 1024px\" \/><figcaption class=\"wp-element-caption\">acima, da esquerda para a direita, eduardo oswaldo cruz, ant\u00f4nio brito da cunha, ilya prigogine, maur\u00edcio matos peixoto, waldyr muniz oliva, jos\u00e9 israel vargas, oscar sala e crodowaldo pavan. &#8211; acervo abc<br><br>reprodu\u00e7\u00e3o de carta enviada por fernando henrique cardoso a krieger, cumprimentando-o pelo bom trabalho desempenhado pela abc.<\/figcaption><\/figure>\n<\/div>\n<\/div>\n\n\n\n<div style=\"height:100px\" aria-hidden=\"true\" class=\"wp-block-spacer\"><\/div>\n","protected":false},"excerpt":{"rendered":"<p>Sobre o Presidente Ga\u00facho nascido em Cerro Largo, estudou na Faculdade de Medicina de Porto Alegre, onde teve contato com o grupo de fisiologistas argentinos liderado pelo m\u00e9dico e pr\u00eamio Nobel Bernardo Houssay. Passou uma temporada em Buenos Aires trabalhando com Eduardo Braun-Menendez, que integrava o grupo, e na Ge\u00f3rgia, nos Estados Unidos, estagiando nas&#8230;<\/p>\n","protected":false},"featured_media":487,"parent":0,"template":"","meta":{"_acf_changed":false,"footnotes":""},"periodo-de-presidencia":[56],"periodo-de-vida":[55],"tipo-de-academico":[3],"class_list":["post-486","academico","type-academico","status-publish","has-post-thumbnail","hentry","periodo-de-presidencia-1993-a-2007","periodo-de-vida-55","tipo-de-academico-presidentes-da-abc"],"acf":[],"yoast_head":"<!-- This site is optimized with the Yoast SEO plugin v26.8 - https:\/\/yoast.com\/product\/yoast-seo-wordpress\/ -->\n<title>Eduardo Moacyr Krieger | Cem Anos de Ci\u00eancia<\/title>\n<meta name=\"robots\" content=\"index, follow, max-snippet:-1, max-image-preview:large, max-video-preview:-1\" \/>\n<link rel=\"canonical\" href=\"https:\/\/exposicoes.abc.org.br\/100anos\/academico\/eduardo-moacyr-krieger\/\" \/>\n<meta property=\"og:locale\" content=\"pt_BR\" \/>\n<meta property=\"og:type\" content=\"article\" \/>\n<meta property=\"og:title\" content=\"Eduardo Moacyr Krieger | Cem Anos de Ci\u00eancia\" \/>\n<meta property=\"og:description\" content=\"Sobre o Presidente Ga\u00facho nascido em Cerro Largo, estudou na Faculdade de Medicina de Porto Alegre, onde teve contato com o grupo de fisiologistas argentinos liderado pelo m\u00e9dico e pr\u00eamio Nobel Bernardo Houssay. Passou uma temporada em Buenos Aires trabalhando com Eduardo Braun-Menendez, que integrava o grupo, e na Ge\u00f3rgia, nos Estados Unidos, estagiando nas...\" \/>\n<meta property=\"og:url\" content=\"https:\/\/exposicoes.abc.org.br\/100anos\/academico\/eduardo-moacyr-krieger\/\" \/>\n<meta property=\"og:site_name\" content=\"Cem Anos de Ci\u00eancia\" \/>\n<meta property=\"article:modified_time\" content=\"2026-01-15T19:43:26+00:00\" \/>\n<meta property=\"og:image\" content=\"https:\/\/exposicoes.abc.org.br\/100anos\/wp-content\/uploads\/2026\/01\/moacyr-hero.png\" \/>\n\t<meta property=\"og:image:width\" content=\"334\" \/>\n\t<meta property=\"og:image:height\" content=\"552\" \/>\n\t<meta property=\"og:image:type\" content=\"image\/png\" \/>\n<meta name=\"twitter:card\" content=\"summary_large_image\" \/>\n<meta name=\"twitter:label1\" content=\"Est. tempo de leitura\" \/>\n\t<meta name=\"twitter:data1\" content=\"3 minutos\" \/>\n<script type=\"application\/ld+json\" class=\"yoast-schema-graph\">{\"@context\":\"https:\/\/schema.org\",\"@graph\":[{\"@type\":\"WebPage\",\"@id\":\"https:\/\/exposicoes.abc.org.br\/100anos\/academico\/eduardo-moacyr-krieger\/\",\"url\":\"https:\/\/exposicoes.abc.org.br\/100anos\/academico\/eduardo-moacyr-krieger\/\",\"name\":\"Eduardo Moacyr Krieger | Cem Anos de Ci\u00eancia\",\"isPartOf\":{\"@id\":\"https:\/\/exposicoes.abc.org.br\/100anos\/#website\"},\"primaryImageOfPage\":{\"@id\":\"https:\/\/exposicoes.abc.org.br\/100anos\/academico\/eduardo-moacyr-krieger\/#primaryimage\"},\"image\":{\"@id\":\"https:\/\/exposicoes.abc.org.br\/100anos\/academico\/eduardo-moacyr-krieger\/#primaryimage\"},\"thumbnailUrl\":\"https:\/\/exposicoes.abc.org.br\/100anos\/wp-content\/uploads\/2026\/01\/moacyr-hero.png\",\"datePublished\":\"2026-01-15T19:42:41+00:00\",\"dateModified\":\"2026-01-15T19:43:26+00:00\",\"breadcrumb\":{\"@id\":\"https:\/\/exposicoes.abc.org.br\/100anos\/academico\/eduardo-moacyr-krieger\/#breadcrumb\"},\"inLanguage\":\"pt-BR\",\"potentialAction\":[{\"@type\":\"ReadAction\",\"target\":[\"https:\/\/exposicoes.abc.org.br\/100anos\/academico\/eduardo-moacyr-krieger\/\"]}]},{\"@type\":\"ImageObject\",\"inLanguage\":\"pt-BR\",\"@id\":\"https:\/\/exposicoes.abc.org.br\/100anos\/academico\/eduardo-moacyr-krieger\/#primaryimage\",\"url\":\"https:\/\/exposicoes.abc.org.br\/100anos\/wp-content\/uploads\/2026\/01\/moacyr-hero.png\",\"contentUrl\":\"https:\/\/exposicoes.abc.org.br\/100anos\/wp-content\/uploads\/2026\/01\/moacyr-hero.png\",\"width\":334,\"height\":552},{\"@type\":\"BreadcrumbList\",\"@id\":\"https:\/\/exposicoes.abc.org.br\/100anos\/academico\/eduardo-moacyr-krieger\/#breadcrumb\",\"itemListElement\":[{\"@type\":\"ListItem\",\"position\":1,\"name\":\"In\u00edcio\",\"item\":\"https:\/\/exposicoes.abc.org.br\/100anos\/\"},{\"@type\":\"ListItem\",\"position\":2,\"name\":\"Eduardo Moacyr Krieger\"}]},{\"@type\":\"WebSite\",\"@id\":\"https:\/\/exposicoes.abc.org.br\/100anos\/#website\",\"url\":\"https:\/\/exposicoes.abc.org.br\/100anos\/\",\"name\":\"Cem Anos de Ci\u00eancia\",\"description\":\"\",\"publisher\":{\"@id\":\"https:\/\/exposicoes.abc.org.br\/100anos\/#organization\"},\"potentialAction\":[{\"@type\":\"SearchAction\",\"target\":{\"@type\":\"EntryPoint\",\"urlTemplate\":\"https:\/\/exposicoes.abc.org.br\/100anos\/?s={search_term_string}\"},\"query-input\":{\"@type\":\"PropertyValueSpecification\",\"valueRequired\":true,\"valueName\":\"search_term_string\"}}],\"inLanguage\":\"pt-BR\"},{\"@type\":\"Organization\",\"@id\":\"https:\/\/exposicoes.abc.org.br\/100anos\/#organization\",\"name\":\"Academia Brasileira de Ci\u00eancias\",\"url\":\"https:\/\/exposicoes.abc.org.br\/100anos\/\",\"logo\":{\"@type\":\"ImageObject\",\"inLanguage\":\"pt-BR\",\"@id\":\"https:\/\/exposicoes.abc.org.br\/100anos\/#\/schema\/logo\/image\/\",\"url\":\"https:\/\/exposicoes.abc.org.br\/100anos\/wp-content\/uploads\/2025\/12\/logo-100-abc.png\",\"contentUrl\":\"https:\/\/exposicoes.abc.org.br\/100anos\/wp-content\/uploads\/2025\/12\/logo-100-abc.png\",\"width\":511,\"height\":116,\"caption\":\"Academia Brasileira de Ci\u00eancias\"},\"image\":{\"@id\":\"https:\/\/exposicoes.abc.org.br\/100anos\/#\/schema\/logo\/image\/\"}}]}<\/script>\n<!-- \/ Yoast SEO plugin. -->","yoast_head_json":{"title":"Eduardo Moacyr Krieger | Cem Anos de Ci\u00eancia","robots":{"index":"index","follow":"follow","max-snippet":"max-snippet:-1","max-image-preview":"max-image-preview:large","max-video-preview":"max-video-preview:-1"},"canonical":"https:\/\/exposicoes.abc.org.br\/100anos\/academico\/eduardo-moacyr-krieger\/","og_locale":"pt_BR","og_type":"article","og_title":"Eduardo Moacyr Krieger | Cem Anos de Ci\u00eancia","og_description":"Sobre o Presidente Ga\u00facho nascido em Cerro Largo, estudou na Faculdade de Medicina de Porto Alegre, onde teve contato com o grupo de fisiologistas argentinos liderado pelo m\u00e9dico e pr\u00eamio Nobel Bernardo Houssay. Passou uma temporada em Buenos Aires trabalhando com Eduardo Braun-Menendez, que integrava o grupo, e na Ge\u00f3rgia, nos Estados Unidos, estagiando nas...","og_url":"https:\/\/exposicoes.abc.org.br\/100anos\/academico\/eduardo-moacyr-krieger\/","og_site_name":"Cem Anos de Ci\u00eancia","article_modified_time":"2026-01-15T19:43:26+00:00","og_image":[{"width":334,"height":552,"url":"https:\/\/exposicoes.abc.org.br\/100anos\/wp-content\/uploads\/2026\/01\/moacyr-hero.png","type":"image\/png"}],"twitter_card":"summary_large_image","twitter_misc":{"Est. tempo de leitura":"3 minutos"},"schema":{"@context":"https:\/\/schema.org","@graph":[{"@type":"WebPage","@id":"https:\/\/exposicoes.abc.org.br\/100anos\/academico\/eduardo-moacyr-krieger\/","url":"https:\/\/exposicoes.abc.org.br\/100anos\/academico\/eduardo-moacyr-krieger\/","name":"Eduardo Moacyr Krieger | Cem Anos de Ci\u00eancia","isPartOf":{"@id":"https:\/\/exposicoes.abc.org.br\/100anos\/#website"},"primaryImageOfPage":{"@id":"https:\/\/exposicoes.abc.org.br\/100anos\/academico\/eduardo-moacyr-krieger\/#primaryimage"},"image":{"@id":"https:\/\/exposicoes.abc.org.br\/100anos\/academico\/eduardo-moacyr-krieger\/#primaryimage"},"thumbnailUrl":"https:\/\/exposicoes.abc.org.br\/100anos\/wp-content\/uploads\/2026\/01\/moacyr-hero.png","datePublished":"2026-01-15T19:42:41+00:00","dateModified":"2026-01-15T19:43:26+00:00","breadcrumb":{"@id":"https:\/\/exposicoes.abc.org.br\/100anos\/academico\/eduardo-moacyr-krieger\/#breadcrumb"},"inLanguage":"pt-BR","potentialAction":[{"@type":"ReadAction","target":["https:\/\/exposicoes.abc.org.br\/100anos\/academico\/eduardo-moacyr-krieger\/"]}]},{"@type":"ImageObject","inLanguage":"pt-BR","@id":"https:\/\/exposicoes.abc.org.br\/100anos\/academico\/eduardo-moacyr-krieger\/#primaryimage","url":"https:\/\/exposicoes.abc.org.br\/100anos\/wp-content\/uploads\/2026\/01\/moacyr-hero.png","contentUrl":"https:\/\/exposicoes.abc.org.br\/100anos\/wp-content\/uploads\/2026\/01\/moacyr-hero.png","width":334,"height":552},{"@type":"BreadcrumbList","@id":"https:\/\/exposicoes.abc.org.br\/100anos\/academico\/eduardo-moacyr-krieger\/#breadcrumb","itemListElement":[{"@type":"ListItem","position":1,"name":"In\u00edcio","item":"https:\/\/exposicoes.abc.org.br\/100anos\/"},{"@type":"ListItem","position":2,"name":"Eduardo Moacyr Krieger"}]},{"@type":"WebSite","@id":"https:\/\/exposicoes.abc.org.br\/100anos\/#website","url":"https:\/\/exposicoes.abc.org.br\/100anos\/","name":"Cem Anos de Ci\u00eancia","description":"","publisher":{"@id":"https:\/\/exposicoes.abc.org.br\/100anos\/#organization"},"potentialAction":[{"@type":"SearchAction","target":{"@type":"EntryPoint","urlTemplate":"https:\/\/exposicoes.abc.org.br\/100anos\/?s={search_term_string}"},"query-input":{"@type":"PropertyValueSpecification","valueRequired":true,"valueName":"search_term_string"}}],"inLanguage":"pt-BR"},{"@type":"Organization","@id":"https:\/\/exposicoes.abc.org.br\/100anos\/#organization","name":"Academia Brasileira de Ci\u00eancias","url":"https:\/\/exposicoes.abc.org.br\/100anos\/","logo":{"@type":"ImageObject","inLanguage":"pt-BR","@id":"https:\/\/exposicoes.abc.org.br\/100anos\/#\/schema\/logo\/image\/","url":"https:\/\/exposicoes.abc.org.br\/100anos\/wp-content\/uploads\/2025\/12\/logo-100-abc.png","contentUrl":"https:\/\/exposicoes.abc.org.br\/100anos\/wp-content\/uploads\/2025\/12\/logo-100-abc.png","width":511,"height":116,"caption":"Academia Brasileira de Ci\u00eancias"},"image":{"@id":"https:\/\/exposicoes.abc.org.br\/100anos\/#\/schema\/logo\/image\/"}}]}},"_links":{"self":[{"href":"https:\/\/exposicoes.abc.org.br\/100anos\/wp-json\/wp\/v2\/academico\/486","targetHints":{"allow":["GET"]}}],"collection":[{"href":"https:\/\/exposicoes.abc.org.br\/100anos\/wp-json\/wp\/v2\/academico"}],"about":[{"href":"https:\/\/exposicoes.abc.org.br\/100anos\/wp-json\/wp\/v2\/types\/academico"}],"version-history":[{"count":2,"href":"https:\/\/exposicoes.abc.org.br\/100anos\/wp-json\/wp\/v2\/academico\/486\/revisions"}],"predecessor-version":[{"id":491,"href":"https:\/\/exposicoes.abc.org.br\/100anos\/wp-json\/wp\/v2\/academico\/486\/revisions\/491"}],"wp:featuredmedia":[{"embeddable":true,"href":"https:\/\/exposicoes.abc.org.br\/100anos\/wp-json\/wp\/v2\/media\/487"}],"wp:attachment":[{"href":"https:\/\/exposicoes.abc.org.br\/100anos\/wp-json\/wp\/v2\/media?parent=486"}],"wp:term":[{"taxonomy":"periodo-de-presidencia","embeddable":true,"href":"https:\/\/exposicoes.abc.org.br\/100anos\/wp-json\/wp\/v2\/periodo-de-presidencia?post=486"},{"taxonomy":"periodo-de-vida","embeddable":true,"href":"https:\/\/exposicoes.abc.org.br\/100anos\/wp-json\/wp\/v2\/periodo-de-vida?post=486"},{"taxonomy":"tipo-de-academico","embeddable":true,"href":"https:\/\/exposicoes.abc.org.br\/100anos\/wp-json\/wp\/v2\/tipo-de-academico?post=486"}],"curies":[{"name":"wp","href":"https:\/\/api.w.org\/{rel}","templated":true}]}}