{"id":482,"date":"2026-01-15T16:38:55","date_gmt":"2026-01-15T19:38:55","guid":{"rendered":"https:\/\/exposicoes.abc.org.br\/100anos\/?post_type=academico&#038;p=482"},"modified":"2026-01-15T16:38:55","modified_gmt":"2026-01-15T19:38:55","slug":"jose-israel-vargas","status":"publish","type":"academico","link":"https:\/\/exposicoes.abc.org.br\/100anos\/academico\/jose-israel-vargas\/","title":{"rendered":"Jos\u00e9 Israel Vargas"},"content":{"rendered":"\n<div class=\"wp-block-columns is-layout-flex wp-container-core-columns-is-layout-9d6595d7 wp-block-columns-is-layout-flex\">\n<div class=\"wp-block-column is-layout-flow wp-block-column-is-layout-flow\">\n<h2 class=\"wp-block-heading\">Sobre o Presidente<\/h2>\n\n\n\n<p>Nasceu em Paracatu, Minas Gerais, em 1928. Formou-se qu\u00edmico pela Universidade Federal de Minas Gerais (UFMG), estudou f\u00edsica no Instituto Tecnol\u00f3gico de Aeron\u00e1utica e fez doutorado em ci\u00eancias nucleares na Universidade de Cambridge, no Reino Unido. De volta ao Brasil, tornou-se professor da UFMG, onde dirigiu o Instituto de Pesquisas Radioativas, e foi assessor t\u00e9cnico da Comiss\u00e3o Nacional de Energia Nuclear (CNEN). Deu in\u00edcio \u00e0 formula\u00e7\u00e3o da pol\u00edtica de energia nuclear no Brasil, trabalho interrompido quando seu laborat\u00f3rio foi tomado pelo ex\u00e9rcito durante a ditadura. Nesse per\u00edodo, foi demitido do CNEN e afastado da UFMG. Partiu em ex\u00edlio volunt\u00e1rio para a Fran\u00e7a, onde trabalhou como pesquisador do Centro de Estudos Nucleares do Comissariado de Energia At\u00f4mica, em Grenoble. Em 1972, regressou ao Brasil. Fez carreira pol\u00edtica, atuando como secret\u00e1rio e ministro da Ci\u00eancia e Tecnologia e presidente do Conselho Executivo da Unesco. Ingressou na ABC em 1975 e foi vice-presidente e presidente da entidade, cargos que tamb\u00e9m exerceu junto \u00e0 Academia de Ci\u00eancias do Terceiro Mundo.<\/p>\n<\/div>\n\n\n\n<div class=\"wp-block-column is-layout-flow wp-block-column-is-layout-flow\">\n<figure class=\"wp-block-image size-full\"><img loading=\"lazy\" decoding=\"async\" width=\"546\" height=\"542\" src=\"https:\/\/exposicoes.abc.org.br\/100anos\/wp-content\/uploads\/2026\/01\/israel-01.png\" alt=\"\" class=\"wp-image-484\" srcset=\"https:\/\/exposicoes.abc.org.br\/100anos\/wp-content\/uploads\/2026\/01\/israel-01.png 546w, https:\/\/exposicoes.abc.org.br\/100anos\/wp-content\/uploads\/2026\/01\/israel-01-300x298.png 300w, https:\/\/exposicoes.abc.org.br\/100anos\/wp-content\/uploads\/2026\/01\/israel-01-150x150.png 150w\" sizes=\"auto, (max-width: 546px) 100vw, 546px\" \/><figcaption class=\"wp-element-caption\">acima, \u00e0 esquerda, l\u00edderes da abc e participantes da comiss\u00e3o mundial independente sobre os oceanos. da esquerda para a direita: di\u00f3genes de almeida campos, eduardo krieger, mario soares, johanna d\u00f6bereiner e jos\u00e9 israel vargas. abaixo, \u00e0 esquerda, jos\u00e9 israel vargas entre jos\u00e9 goldemberg (no canto direito) e jos\u00e9<br>pel\u00facio ferreira. \u00e0 direita, vargas e walter mors em evento na academia brasileira de ci\u00eancias.<\/figcaption><\/figure>\n<\/div>\n<\/div>\n\n\n\n<div style=\"height:100px\" aria-hidden=\"true\" class=\"wp-block-spacer\"><\/div>\n\n\n\n<hr class=\"wp-block-separator has-alpha-channel-opacity\"\/>\n\n\n\n<div style=\"height:100px\" aria-hidden=\"true\" class=\"wp-block-spacer\"><\/div>\n\n\n\n<h2 class=\"wp-block-heading\">Do n\u00facleo at\u00f4mico ao Minist\u00e9rio da Ci\u00eancia<\/h2>\n\n\n\n<p>Jos\u00e9 Israel Vargas contribuiu fortemente para o processo de consolida\u00e7\u00e3o da ci\u00eancia brasileira no s\u00e9culo XX, tanto do ponto de vista cient\u00edfico quanto pol\u00edtico, tendo ocupado os mais altos cargos do sistema de ci\u00eancia e tecnologia nacional, inclusive o de ministro da pasta.<br><br>Como muitos de sua gera\u00e7\u00e3o, formada no p\u00f3s-guerra, Vargas foi atra\u00eddo pela f\u00edsica nuclear. Nessa \u00e1rea, desenvolveu trabalhos sobre as transforma\u00e7\u00f5es nucleares nos s\u00f3lidos observadas por meio das intera\u00e7\u00f5es hiperfinas. Nesse tipo de intera\u00e7\u00e3o, a radia\u00e7\u00e3o emitida pelo n\u00facleo \u00e9 usada para descrever o estado do pr\u00f3prio \u00e1tomo. Seu objetivo era entender o que acontece com o \u00e1tomo que sofre uma transforma\u00e7\u00e3o nuclear.\u00a0<br><br>Na pol\u00edtica, o engajamento come\u00e7ou cedo, quando ainda era universit\u00e1rio. Mas foi na volta do ex\u00edlio volunt\u00e1rio na Fran\u00e7a que esse lado de sua trajet\u00f3ria ganhou maior peso. De secret\u00e1rio de Ci\u00eancia e Tecnologia de Minas Gerais no fim da d\u00e9cada de 1970, foi a ministro da Ci\u00eancia Tecnologia em 1992, permanecendo no cargo at\u00e9 1998.\u00a0<br><br>Esteve \u00e0 frente de realiza\u00e7\u00f5es relevantes nesse campo, como, por exemplo, a expans\u00e3o e consolida\u00e7\u00e3o da Rede Nacional de Ensino e Pesquisa (RNP), al\u00e9m de ter trabalhado para aprimorar a qualidade da produ\u00e7\u00e3o nacional, aperfei\u00e7oando o Sistema Nacional de Propriedade Intelectual e a Metrologia e a Normatiza\u00e7\u00e3o.<br><br>Ocupou tamb\u00e9m cargos importantes no exterior. Foi membro da Comiss\u00e3o Assessora para as Pol\u00edticas de Coopera\u00e7\u00e3o Intelectual Internacional da Organiza\u00e7\u00e3o das Na\u00e7\u00f5es Unidas para a Educa\u00e7\u00e3o, a Ci\u00eancia e a Cultura (Unesco) e integrou o Conselho do Instituto de Estudos Avan\u00e7ados da Universidade das Na\u00e7\u00f5es Unidas, onde ajudou a desenvolver projeto para a pesquisa de uma linguagem entre computadores que permitisse a tradu\u00e7\u00e3o autom\u00e1tica de l\u00ednguas.\u00a0<\/p>\n\n\n\n<div style=\"height:100px\" aria-hidden=\"true\" class=\"wp-block-spacer\"><\/div>\n","protected":false},"excerpt":{"rendered":"<p>Sobre o Presidente Nasceu em Paracatu, Minas Gerais, em 1928. Formou-se qu\u00edmico pela Universidade Federal de Minas Gerais (UFMG), estudou f\u00edsica no Instituto Tecnol\u00f3gico de Aeron\u00e1utica e fez doutorado em ci\u00eancias nucleares na Universidade de Cambridge, no Reino Unido. De volta ao Brasil, tornou-se professor da UFMG, onde dirigiu o Instituto de Pesquisas Radioativas, e&#8230;<\/p>\n","protected":false},"featured_media":483,"parent":0,"template":"","meta":{"_acf_changed":false,"footnotes":""},"periodo-de-presidencia":[54],"periodo-de-vida":[53],"tipo-de-academico":[3],"class_list":["post-482","academico","type-academico","status-publish","has-post-thumbnail","hentry","periodo-de-presidencia-1991-1993","periodo-de-vida-1928-2025","tipo-de-academico-presidentes-da-abc"],"acf":[],"yoast_head":"<!-- This site is optimized with the Yoast SEO plugin v26.8 - https:\/\/yoast.com\/product\/yoast-seo-wordpress\/ -->\n<title>Jos\u00e9 Israel Vargas | Cem Anos de Ci\u00eancia<\/title>\n<meta name=\"robots\" content=\"index, follow, max-snippet:-1, max-image-preview:large, max-video-preview:-1\" \/>\n<link rel=\"canonical\" href=\"https:\/\/exposicoes.abc.org.br\/100anos\/academico\/jose-israel-vargas\/\" \/>\n<meta property=\"og:locale\" content=\"pt_BR\" \/>\n<meta property=\"og:type\" content=\"article\" \/>\n<meta property=\"og:title\" content=\"Jos\u00e9 Israel Vargas | Cem Anos de Ci\u00eancia\" \/>\n<meta property=\"og:description\" content=\"Sobre o Presidente Nasceu em Paracatu, Minas Gerais, em 1928. Formou-se qu\u00edmico pela Universidade Federal de Minas Gerais (UFMG), estudou f\u00edsica no Instituto Tecnol\u00f3gico de Aeron\u00e1utica e fez doutorado em ci\u00eancias nucleares na Universidade de Cambridge, no Reino Unido. De volta ao Brasil, tornou-se professor da UFMG, onde dirigiu o Instituto de Pesquisas Radioativas, e...\" \/>\n<meta property=\"og:url\" content=\"https:\/\/exposicoes.abc.org.br\/100anos\/academico\/jose-israel-vargas\/\" \/>\n<meta property=\"og:site_name\" content=\"Cem Anos de Ci\u00eancia\" \/>\n<meta property=\"og:image\" content=\"https:\/\/exposicoes.abc.org.br\/100anos\/wp-content\/uploads\/2026\/01\/israel-hero.png\" \/>\n\t<meta property=\"og:image:width\" content=\"334\" \/>\n\t<meta property=\"og:image:height\" content=\"552\" \/>\n\t<meta property=\"og:image:type\" content=\"image\/png\" \/>\n<meta name=\"twitter:card\" content=\"summary_large_image\" \/>\n<meta name=\"twitter:label1\" content=\"Est. tempo de leitura\" \/>\n\t<meta name=\"twitter:data1\" content=\"3 minutos\" \/>\n<script type=\"application\/ld+json\" class=\"yoast-schema-graph\">{\"@context\":\"https:\/\/schema.org\",\"@graph\":[{\"@type\":\"WebPage\",\"@id\":\"https:\/\/exposicoes.abc.org.br\/100anos\/academico\/jose-israel-vargas\/\",\"url\":\"https:\/\/exposicoes.abc.org.br\/100anos\/academico\/jose-israel-vargas\/\",\"name\":\"Jos\u00e9 Israel Vargas | Cem Anos de Ci\u00eancia\",\"isPartOf\":{\"@id\":\"https:\/\/exposicoes.abc.org.br\/100anos\/#website\"},\"primaryImageOfPage\":{\"@id\":\"https:\/\/exposicoes.abc.org.br\/100anos\/academico\/jose-israel-vargas\/#primaryimage\"},\"image\":{\"@id\":\"https:\/\/exposicoes.abc.org.br\/100anos\/academico\/jose-israel-vargas\/#primaryimage\"},\"thumbnailUrl\":\"https:\/\/exposicoes.abc.org.br\/100anos\/wp-content\/uploads\/2026\/01\/israel-hero.png\",\"datePublished\":\"2026-01-15T19:38:55+00:00\",\"breadcrumb\":{\"@id\":\"https:\/\/exposicoes.abc.org.br\/100anos\/academico\/jose-israel-vargas\/#breadcrumb\"},\"inLanguage\":\"pt-BR\",\"potentialAction\":[{\"@type\":\"ReadAction\",\"target\":[\"https:\/\/exposicoes.abc.org.br\/100anos\/academico\/jose-israel-vargas\/\"]}]},{\"@type\":\"ImageObject\",\"inLanguage\":\"pt-BR\",\"@id\":\"https:\/\/exposicoes.abc.org.br\/100anos\/academico\/jose-israel-vargas\/#primaryimage\",\"url\":\"https:\/\/exposicoes.abc.org.br\/100anos\/wp-content\/uploads\/2026\/01\/israel-hero.png\",\"contentUrl\":\"https:\/\/exposicoes.abc.org.br\/100anos\/wp-content\/uploads\/2026\/01\/israel-hero.png\",\"width\":334,\"height\":552},{\"@type\":\"BreadcrumbList\",\"@id\":\"https:\/\/exposicoes.abc.org.br\/100anos\/academico\/jose-israel-vargas\/#breadcrumb\",\"itemListElement\":[{\"@type\":\"ListItem\",\"position\":1,\"name\":\"In\u00edcio\",\"item\":\"https:\/\/exposicoes.abc.org.br\/100anos\/\"},{\"@type\":\"ListItem\",\"position\":2,\"name\":\"Jos\u00e9 Israel Vargas\"}]},{\"@type\":\"WebSite\",\"@id\":\"https:\/\/exposicoes.abc.org.br\/100anos\/#website\",\"url\":\"https:\/\/exposicoes.abc.org.br\/100anos\/\",\"name\":\"Cem Anos de Ci\u00eancia\",\"description\":\"\",\"publisher\":{\"@id\":\"https:\/\/exposicoes.abc.org.br\/100anos\/#organization\"},\"potentialAction\":[{\"@type\":\"SearchAction\",\"target\":{\"@type\":\"EntryPoint\",\"urlTemplate\":\"https:\/\/exposicoes.abc.org.br\/100anos\/?s={search_term_string}\"},\"query-input\":{\"@type\":\"PropertyValueSpecification\",\"valueRequired\":true,\"valueName\":\"search_term_string\"}}],\"inLanguage\":\"pt-BR\"},{\"@type\":\"Organization\",\"@id\":\"https:\/\/exposicoes.abc.org.br\/100anos\/#organization\",\"name\":\"Academia Brasileira de Ci\u00eancias\",\"url\":\"https:\/\/exposicoes.abc.org.br\/100anos\/\",\"logo\":{\"@type\":\"ImageObject\",\"inLanguage\":\"pt-BR\",\"@id\":\"https:\/\/exposicoes.abc.org.br\/100anos\/#\/schema\/logo\/image\/\",\"url\":\"https:\/\/exposicoes.abc.org.br\/100anos\/wp-content\/uploads\/2025\/12\/logo-100-abc.png\",\"contentUrl\":\"https:\/\/exposicoes.abc.org.br\/100anos\/wp-content\/uploads\/2025\/12\/logo-100-abc.png\",\"width\":511,\"height\":116,\"caption\":\"Academia Brasileira de Ci\u00eancias\"},\"image\":{\"@id\":\"https:\/\/exposicoes.abc.org.br\/100anos\/#\/schema\/logo\/image\/\"}}]}<\/script>\n<!-- \/ Yoast SEO plugin. -->","yoast_head_json":{"title":"Jos\u00e9 Israel Vargas | Cem Anos de Ci\u00eancia","robots":{"index":"index","follow":"follow","max-snippet":"max-snippet:-1","max-image-preview":"max-image-preview:large","max-video-preview":"max-video-preview:-1"},"canonical":"https:\/\/exposicoes.abc.org.br\/100anos\/academico\/jose-israel-vargas\/","og_locale":"pt_BR","og_type":"article","og_title":"Jos\u00e9 Israel Vargas | Cem Anos de Ci\u00eancia","og_description":"Sobre o Presidente Nasceu em Paracatu, Minas Gerais, em 1928. Formou-se qu\u00edmico pela Universidade Federal de Minas Gerais (UFMG), estudou f\u00edsica no Instituto Tecnol\u00f3gico de Aeron\u00e1utica e fez doutorado em ci\u00eancias nucleares na Universidade de Cambridge, no Reino Unido. De volta ao Brasil, tornou-se professor da UFMG, onde dirigiu o Instituto de Pesquisas Radioativas, e...","og_url":"https:\/\/exposicoes.abc.org.br\/100anos\/academico\/jose-israel-vargas\/","og_site_name":"Cem Anos de Ci\u00eancia","og_image":[{"width":334,"height":552,"url":"https:\/\/exposicoes.abc.org.br\/100anos\/wp-content\/uploads\/2026\/01\/israel-hero.png","type":"image\/png"}],"twitter_card":"summary_large_image","twitter_misc":{"Est. tempo de leitura":"3 minutos"},"schema":{"@context":"https:\/\/schema.org","@graph":[{"@type":"WebPage","@id":"https:\/\/exposicoes.abc.org.br\/100anos\/academico\/jose-israel-vargas\/","url":"https:\/\/exposicoes.abc.org.br\/100anos\/academico\/jose-israel-vargas\/","name":"Jos\u00e9 Israel Vargas | Cem Anos de Ci\u00eancia","isPartOf":{"@id":"https:\/\/exposicoes.abc.org.br\/100anos\/#website"},"primaryImageOfPage":{"@id":"https:\/\/exposicoes.abc.org.br\/100anos\/academico\/jose-israel-vargas\/#primaryimage"},"image":{"@id":"https:\/\/exposicoes.abc.org.br\/100anos\/academico\/jose-israel-vargas\/#primaryimage"},"thumbnailUrl":"https:\/\/exposicoes.abc.org.br\/100anos\/wp-content\/uploads\/2026\/01\/israel-hero.png","datePublished":"2026-01-15T19:38:55+00:00","breadcrumb":{"@id":"https:\/\/exposicoes.abc.org.br\/100anos\/academico\/jose-israel-vargas\/#breadcrumb"},"inLanguage":"pt-BR","potentialAction":[{"@type":"ReadAction","target":["https:\/\/exposicoes.abc.org.br\/100anos\/academico\/jose-israel-vargas\/"]}]},{"@type":"ImageObject","inLanguage":"pt-BR","@id":"https:\/\/exposicoes.abc.org.br\/100anos\/academico\/jose-israel-vargas\/#primaryimage","url":"https:\/\/exposicoes.abc.org.br\/100anos\/wp-content\/uploads\/2026\/01\/israel-hero.png","contentUrl":"https:\/\/exposicoes.abc.org.br\/100anos\/wp-content\/uploads\/2026\/01\/israel-hero.png","width":334,"height":552},{"@type":"BreadcrumbList","@id":"https:\/\/exposicoes.abc.org.br\/100anos\/academico\/jose-israel-vargas\/#breadcrumb","itemListElement":[{"@type":"ListItem","position":1,"name":"In\u00edcio","item":"https:\/\/exposicoes.abc.org.br\/100anos\/"},{"@type":"ListItem","position":2,"name":"Jos\u00e9 Israel Vargas"}]},{"@type":"WebSite","@id":"https:\/\/exposicoes.abc.org.br\/100anos\/#website","url":"https:\/\/exposicoes.abc.org.br\/100anos\/","name":"Cem Anos de Ci\u00eancia","description":"","publisher":{"@id":"https:\/\/exposicoes.abc.org.br\/100anos\/#organization"},"potentialAction":[{"@type":"SearchAction","target":{"@type":"EntryPoint","urlTemplate":"https:\/\/exposicoes.abc.org.br\/100anos\/?s={search_term_string}"},"query-input":{"@type":"PropertyValueSpecification","valueRequired":true,"valueName":"search_term_string"}}],"inLanguage":"pt-BR"},{"@type":"Organization","@id":"https:\/\/exposicoes.abc.org.br\/100anos\/#organization","name":"Academia Brasileira de Ci\u00eancias","url":"https:\/\/exposicoes.abc.org.br\/100anos\/","logo":{"@type":"ImageObject","inLanguage":"pt-BR","@id":"https:\/\/exposicoes.abc.org.br\/100anos\/#\/schema\/logo\/image\/","url":"https:\/\/exposicoes.abc.org.br\/100anos\/wp-content\/uploads\/2025\/12\/logo-100-abc.png","contentUrl":"https:\/\/exposicoes.abc.org.br\/100anos\/wp-content\/uploads\/2025\/12\/logo-100-abc.png","width":511,"height":116,"caption":"Academia Brasileira de Ci\u00eancias"},"image":{"@id":"https:\/\/exposicoes.abc.org.br\/100anos\/#\/schema\/logo\/image\/"}}]}},"_links":{"self":[{"href":"https:\/\/exposicoes.abc.org.br\/100anos\/wp-json\/wp\/v2\/academico\/482","targetHints":{"allow":["GET"]}}],"collection":[{"href":"https:\/\/exposicoes.abc.org.br\/100anos\/wp-json\/wp\/v2\/academico"}],"about":[{"href":"https:\/\/exposicoes.abc.org.br\/100anos\/wp-json\/wp\/v2\/types\/academico"}],"version-history":[{"count":1,"href":"https:\/\/exposicoes.abc.org.br\/100anos\/wp-json\/wp\/v2\/academico\/482\/revisions"}],"predecessor-version":[{"id":485,"href":"https:\/\/exposicoes.abc.org.br\/100anos\/wp-json\/wp\/v2\/academico\/482\/revisions\/485"}],"wp:featuredmedia":[{"embeddable":true,"href":"https:\/\/exposicoes.abc.org.br\/100anos\/wp-json\/wp\/v2\/media\/483"}],"wp:attachment":[{"href":"https:\/\/exposicoes.abc.org.br\/100anos\/wp-json\/wp\/v2\/media?parent=482"}],"wp:term":[{"taxonomy":"periodo-de-presidencia","embeddable":true,"href":"https:\/\/exposicoes.abc.org.br\/100anos\/wp-json\/wp\/v2\/periodo-de-presidencia?post=482"},{"taxonomy":"periodo-de-vida","embeddable":true,"href":"https:\/\/exposicoes.abc.org.br\/100anos\/wp-json\/wp\/v2\/periodo-de-vida?post=482"},{"taxonomy":"tipo-de-academico","embeddable":true,"href":"https:\/\/exposicoes.abc.org.br\/100anos\/wp-json\/wp\/v2\/tipo-de-academico?post=482"}],"curies":[{"name":"wp","href":"https:\/\/api.w.org\/{rel}","templated":true}]}}