{"id":477,"date":"2026-01-15T16:35:09","date_gmt":"2026-01-15T19:35:09","guid":{"rendered":"https:\/\/exposicoes.abc.org.br\/100anos\/?post_type=academico&#038;p=477"},"modified":"2026-01-15T16:35:09","modified_gmt":"2026-01-15T19:35:09","slug":"oscar-sala","status":"publish","type":"academico","link":"https:\/\/exposicoes.abc.org.br\/100anos\/academico\/oscar-sala\/","title":{"rendered":"Oscar Sala"},"content":{"rendered":"\n<div class=\"wp-block-columns is-layout-flex wp-container-core-columns-is-layout-9d6595d7 wp-block-columns-is-layout-flex\">\n<div class=\"wp-block-column is-layout-flow wp-block-column-is-layout-flow\">\n<h2 class=\"wp-block-heading\">Sobre o Presidente<\/h2>\n\n\n\n<p>Italiano nascido em 1922, mudou-se para o Brasil com dois anos de idade. Formou-se na primeira turma de f\u00edsicos do pa\u00eds, em 1945. Trabalhava com raios c\u00f3smicos quando se envolveu na constru\u00e7\u00e3o de transmissores de r\u00e1dio port\u00e1teis para o ex\u00e9rcito brasileiro durante a Segunda Guerra Mundial. Estagiou nos Estados Unidos, onde iniciou o projeto de desenvolvimento do acelerador eletrost\u00e1tico encomendado pela Universidade de S\u00e3o Paulo (USP), do tipo Van de Graaff, importante para pesquisas em energia nuclear. Foi professor e pesquisador de f\u00edsica nuclear na Faculdade de Filosofia, Ci\u00eancia e Letras da USP. Com a dissolu\u00e7\u00e3o da faculdade em 1969, seu departamento foi integrado ao Instituto de F\u00edsica da universidade. Foi presidente da Sociedade Brasileira para o Progresso da Ci\u00eancia e diretor-cient\u00edfico da Funda\u00e7\u00e3o de Amparo \u00e0 Pesquisa do Estado de S\u00e3o Paulo. Ingressou na ABC em 1951. Foi vice-presidente da entidade de 1981 a 1991 e presidente entre 1991 e 1993. Sua gest\u00e3o na presid\u00eancia foi interrompida por problemas de sa\u00fade e exercida por seu vice, Jos\u00e9 Israel Vargas.\u00a0<\/p>\n<\/div>\n\n\n\n<div class=\"wp-block-column is-layout-flow wp-block-column-is-layout-flow\">\n<figure class=\"wp-block-image size-full\"><img loading=\"lazy\" decoding=\"async\" width=\"546\" height=\"610\" src=\"https:\/\/exposicoes.abc.org.br\/100anos\/wp-content\/uploads\/2026\/01\/oscar-01.png\" alt=\"\" class=\"wp-image-479\" srcset=\"https:\/\/exposicoes.abc.org.br\/100anos\/wp-content\/uploads\/2026\/01\/oscar-01.png 546w, https:\/\/exposicoes.abc.org.br\/100anos\/wp-content\/uploads\/2026\/01\/oscar-01-269x300.png 269w\" sizes=\"auto, (max-width: 546px) 100vw, 546px\" \/><figcaption class=\"wp-element-caption\">na foto menor, 29\u00ba reuni\u00e3o anual da sbpc, realizada em s\u00e3o paulo em 1977. na foto est\u00e3o maur\u00edcio rocha e silva, douglas teixeira monteiro, oscar sala (sentado, sem gravata), luis edmundo de magalh\u00e3es, carolina m. bori e renato basile. &#8211; acervo fapesp<\/figcaption><\/figure>\n<\/div>\n<\/div>\n\n\n\n<div style=\"height:100px\" aria-hidden=\"true\" class=\"wp-block-spacer\"><\/div>\n\n\n\n<hr class=\"wp-block-separator has-alpha-channel-opacity\"\/>\n\n\n\n<div style=\"height:100px\" aria-hidden=\"true\" class=\"wp-block-spacer\"><\/div>\n\n\n\n<h2 class=\"wp-block-heading\">Sala e o Van de Graaff paulista<\/h2>\n\n\n\n<p>Oscar Sala construiu uma s\u00f3lida carreira de f\u00edsico nuclear no momento em que a \u00e1rea vivia seu \u00e1pice, com a detona\u00e7\u00e3o das bombas at\u00f4micas no Jap\u00e3o e o fim da Segunda Guerra Mundial.\u00a0<br><br>Trabalhando com raios c\u00f3smicos antes do conflito, sob orienta\u00e7\u00e3o do f\u00edsico Gleb Wataghin, passou a se dedicar \u00e0 f\u00edsica nuclear experimental com o fim da guerra e o interesse crescente da USP pelos aceleradores de part\u00edculas. \u00a0<br><br>Para se especializar na \u00e1rea, realizou est\u00e1gios em universidades norte-americanas no fim da d\u00e9cada de 1940, fazendo contribui\u00e7\u00f5es importantes nesse per\u00edodo. Na Universidade de Illinois, participou do desenvolvimento de uma nova t\u00e9cnica para medidas de tempos curt\u00edssimos de fen\u00f4menos nucleares.<br><br>Na Universidade de Wisconsin, come\u00e7ou a trabalhar no projeto do acelerador eletrost\u00e1tico encomendado pela USP, do tipo Van de Graaff. Esses equipamentos eram usados \u00e0 \u00e9poca em experimentos de f\u00edsica nuclear, pois t\u00eam capacidade de produzir tens\u00f5es elevadas e, assim, acelerar part\u00edculas, conferindo-lhes altas energias. Lan\u00e7adas sobre o n\u00facleo at\u00f4mico, as part\u00edculas aceleradas provocam rea\u00e7\u00f5es que levaram, por exemplo, a melhor compreens\u00e3o da estrutura nuclear.<br><br>De volta \u00e0 USP, o f\u00edsico continuou se dedicando ao projeto de constru\u00e7\u00e3o do acelerador eletrost\u00e1tico. Conclu\u00eddo em 1954, foi o primeiro a utilizar feixes pulsados para estudos sobre rea\u00e7\u00f5es nucleares com n\u00eautrons r\u00e1pidos.<br><br>Embora esses equipamentos n\u00e3o sejam mais usados nas pesquisas de fronteira da f\u00edsica nuclear, o acelerador Van de Graaff paulista teve importante papel no desenvolvimento da \u00e1rea no Brasil e envolveu a forma\u00e7\u00e3o de uma gera\u00e7\u00e3o de f\u00edsicos brasileiros de alta qualidade.<\/p>\n\n\n\n<div style=\"height:100px\" aria-hidden=\"true\" class=\"wp-block-spacer\"><\/div>\n\n\n\n<div class=\"wp-block-columns is-layout-flex wp-container-core-columns-is-layout-9d6595d7 wp-block-columns-is-layout-flex\">\n<div class=\"wp-block-column is-layout-flow wp-block-column-is-layout-flow\">\n<figure class=\"wp-block-image size-large\"><img loading=\"lazy\" decoding=\"async\" width=\"1024\" height=\"614\" src=\"https:\/\/exposicoes.abc.org.br\/100anos\/wp-content\/uploads\/2026\/01\/oscar-02-1024x614.png\" alt=\"\" class=\"wp-image-480\" srcset=\"https:\/\/exposicoes.abc.org.br\/100anos\/wp-content\/uploads\/2026\/01\/oscar-02-1024x614.png 1024w, https:\/\/exposicoes.abc.org.br\/100anos\/wp-content\/uploads\/2026\/01\/oscar-02-300x180.png 300w, https:\/\/exposicoes.abc.org.br\/100anos\/wp-content\/uploads\/2026\/01\/oscar-02-768x460.png 768w, https:\/\/exposicoes.abc.org.br\/100anos\/wp-content\/uploads\/2026\/01\/oscar-02.png 1116w\" sizes=\"auto, (max-width: 1024px) 100vw, 1024px\" \/><figcaption class=\"wp-element-caption\">acima, da esquerda para a direita, eduardo oswaldo cruz, ant\u00f4nio brito da cunha, ilya prigogine, maur\u00edcio matos peixoto, waldyr muniz oliva, jos\u00e9 israel vargas, oscar sala e crodowaldo pavan. &#8211; acervo abc<\/figcaption><\/figure>\n<\/div>\n<\/div>\n\n\n\n<div style=\"height:100px\" aria-hidden=\"true\" class=\"wp-block-spacer\"><\/div>\n\n\n\n<blockquote class=\"wp-block-quote is-layout-flow wp-block-quote-is-layout-flow\">\n<p>Antes de ingressar no mundo da f\u00edsica, Oscar Sala tinha um reconhecido talento musical, tendo inclusive ganhado uma bolsa para se aperfei\u00e7oar em piano. No entanto, seu interesse pela ci\u00eancia e tecnologia acabou prevalecendo em suas escolhas profissionais.\u00a0<\/p>\n<cite>Curiosidade<\/cite><\/blockquote>\n","protected":false},"excerpt":{"rendered":"<p>Sobre o Presidente Italiano nascido em 1922, mudou-se para o Brasil com dois anos de idade. Formou-se na primeira turma de f\u00edsicos do pa\u00eds, em 1945. Trabalhava com raios c\u00f3smicos quando se envolveu na constru\u00e7\u00e3o de transmissores de r\u00e1dio port\u00e1teis para o ex\u00e9rcito brasileiro durante a Segunda Guerra Mundial. Estagiou nos Estados Unidos, onde iniciou&#8230;<\/p>\n","protected":false},"featured_media":478,"parent":0,"template":"","meta":{"_acf_changed":false,"footnotes":""},"periodo-de-presidencia":[52],"periodo-de-vida":[51],"tipo-de-academico":[3],"class_list":["post-477","academico","type-academico","status-publish","has-post-thumbnail","hentry","periodo-de-presidencia-1991-a-1993","periodo-de-vida-1922-2010","tipo-de-academico-presidentes-da-abc"],"acf":[],"yoast_head":"<!-- This site is optimized with the Yoast SEO plugin v26.8 - https:\/\/yoast.com\/product\/yoast-seo-wordpress\/ -->\n<title>Oscar Sala | Cem Anos de Ci\u00eancia<\/title>\n<meta name=\"robots\" content=\"index, follow, max-snippet:-1, max-image-preview:large, max-video-preview:-1\" \/>\n<link rel=\"canonical\" href=\"https:\/\/exposicoes.abc.org.br\/100anos\/academico\/oscar-sala\/\" \/>\n<meta property=\"og:locale\" content=\"pt_BR\" \/>\n<meta property=\"og:type\" content=\"article\" \/>\n<meta property=\"og:title\" content=\"Oscar Sala | Cem Anos de Ci\u00eancia\" \/>\n<meta property=\"og:description\" content=\"Sobre o Presidente Italiano nascido em 1922, mudou-se para o Brasil com dois anos de idade. Formou-se na primeira turma de f\u00edsicos do pa\u00eds, em 1945. Trabalhava com raios c\u00f3smicos quando se envolveu na constru\u00e7\u00e3o de transmissores de r\u00e1dio port\u00e1teis para o ex\u00e9rcito brasileiro durante a Segunda Guerra Mundial. Estagiou nos Estados Unidos, onde iniciou...\" \/>\n<meta property=\"og:url\" content=\"https:\/\/exposicoes.abc.org.br\/100anos\/academico\/oscar-sala\/\" \/>\n<meta property=\"og:site_name\" content=\"Cem Anos de Ci\u00eancia\" \/>\n<meta property=\"og:image\" content=\"https:\/\/exposicoes.abc.org.br\/100anos\/wp-content\/uploads\/2026\/01\/oscar-hero.png\" \/>\n\t<meta property=\"og:image:width\" content=\"334\" \/>\n\t<meta property=\"og:image:height\" content=\"552\" \/>\n\t<meta property=\"og:image:type\" content=\"image\/png\" \/>\n<meta name=\"twitter:card\" content=\"summary_large_image\" \/>\n<meta name=\"twitter:label1\" content=\"Est. tempo de leitura\" \/>\n\t<meta name=\"twitter:data1\" content=\"3 minutos\" \/>\n<script type=\"application\/ld+json\" class=\"yoast-schema-graph\">{\"@context\":\"https:\/\/schema.org\",\"@graph\":[{\"@type\":\"WebPage\",\"@id\":\"https:\/\/exposicoes.abc.org.br\/100anos\/academico\/oscar-sala\/\",\"url\":\"https:\/\/exposicoes.abc.org.br\/100anos\/academico\/oscar-sala\/\",\"name\":\"Oscar Sala | Cem Anos de Ci\u00eancia\",\"isPartOf\":{\"@id\":\"https:\/\/exposicoes.abc.org.br\/100anos\/#website\"},\"primaryImageOfPage\":{\"@id\":\"https:\/\/exposicoes.abc.org.br\/100anos\/academico\/oscar-sala\/#primaryimage\"},\"image\":{\"@id\":\"https:\/\/exposicoes.abc.org.br\/100anos\/academico\/oscar-sala\/#primaryimage\"},\"thumbnailUrl\":\"https:\/\/exposicoes.abc.org.br\/100anos\/wp-content\/uploads\/2026\/01\/oscar-hero.png\",\"datePublished\":\"2026-01-15T19:35:09+00:00\",\"breadcrumb\":{\"@id\":\"https:\/\/exposicoes.abc.org.br\/100anos\/academico\/oscar-sala\/#breadcrumb\"},\"inLanguage\":\"pt-BR\",\"potentialAction\":[{\"@type\":\"ReadAction\",\"target\":[\"https:\/\/exposicoes.abc.org.br\/100anos\/academico\/oscar-sala\/\"]}]},{\"@type\":\"ImageObject\",\"inLanguage\":\"pt-BR\",\"@id\":\"https:\/\/exposicoes.abc.org.br\/100anos\/academico\/oscar-sala\/#primaryimage\",\"url\":\"https:\/\/exposicoes.abc.org.br\/100anos\/wp-content\/uploads\/2026\/01\/oscar-hero.png\",\"contentUrl\":\"https:\/\/exposicoes.abc.org.br\/100anos\/wp-content\/uploads\/2026\/01\/oscar-hero.png\",\"width\":334,\"height\":552},{\"@type\":\"BreadcrumbList\",\"@id\":\"https:\/\/exposicoes.abc.org.br\/100anos\/academico\/oscar-sala\/#breadcrumb\",\"itemListElement\":[{\"@type\":\"ListItem\",\"position\":1,\"name\":\"In\u00edcio\",\"item\":\"https:\/\/exposicoes.abc.org.br\/100anos\/\"},{\"@type\":\"ListItem\",\"position\":2,\"name\":\"Oscar Sala\"}]},{\"@type\":\"WebSite\",\"@id\":\"https:\/\/exposicoes.abc.org.br\/100anos\/#website\",\"url\":\"https:\/\/exposicoes.abc.org.br\/100anos\/\",\"name\":\"Cem Anos de Ci\u00eancia\",\"description\":\"\",\"publisher\":{\"@id\":\"https:\/\/exposicoes.abc.org.br\/100anos\/#organization\"},\"potentialAction\":[{\"@type\":\"SearchAction\",\"target\":{\"@type\":\"EntryPoint\",\"urlTemplate\":\"https:\/\/exposicoes.abc.org.br\/100anos\/?s={search_term_string}\"},\"query-input\":{\"@type\":\"PropertyValueSpecification\",\"valueRequired\":true,\"valueName\":\"search_term_string\"}}],\"inLanguage\":\"pt-BR\"},{\"@type\":\"Organization\",\"@id\":\"https:\/\/exposicoes.abc.org.br\/100anos\/#organization\",\"name\":\"Academia Brasileira de Ci\u00eancias\",\"url\":\"https:\/\/exposicoes.abc.org.br\/100anos\/\",\"logo\":{\"@type\":\"ImageObject\",\"inLanguage\":\"pt-BR\",\"@id\":\"https:\/\/exposicoes.abc.org.br\/100anos\/#\/schema\/logo\/image\/\",\"url\":\"https:\/\/exposicoes.abc.org.br\/100anos\/wp-content\/uploads\/2025\/12\/logo-100-abc.png\",\"contentUrl\":\"https:\/\/exposicoes.abc.org.br\/100anos\/wp-content\/uploads\/2025\/12\/logo-100-abc.png\",\"width\":511,\"height\":116,\"caption\":\"Academia Brasileira de Ci\u00eancias\"},\"image\":{\"@id\":\"https:\/\/exposicoes.abc.org.br\/100anos\/#\/schema\/logo\/image\/\"}}]}<\/script>\n<!-- \/ Yoast SEO plugin. -->","yoast_head_json":{"title":"Oscar Sala | Cem Anos de Ci\u00eancia","robots":{"index":"index","follow":"follow","max-snippet":"max-snippet:-1","max-image-preview":"max-image-preview:large","max-video-preview":"max-video-preview:-1"},"canonical":"https:\/\/exposicoes.abc.org.br\/100anos\/academico\/oscar-sala\/","og_locale":"pt_BR","og_type":"article","og_title":"Oscar Sala | Cem Anos de Ci\u00eancia","og_description":"Sobre o Presidente Italiano nascido em 1922, mudou-se para o Brasil com dois anos de idade. Formou-se na primeira turma de f\u00edsicos do pa\u00eds, em 1945. Trabalhava com raios c\u00f3smicos quando se envolveu na constru\u00e7\u00e3o de transmissores de r\u00e1dio port\u00e1teis para o ex\u00e9rcito brasileiro durante a Segunda Guerra Mundial. Estagiou nos Estados Unidos, onde iniciou...","og_url":"https:\/\/exposicoes.abc.org.br\/100anos\/academico\/oscar-sala\/","og_site_name":"Cem Anos de Ci\u00eancia","og_image":[{"width":334,"height":552,"url":"https:\/\/exposicoes.abc.org.br\/100anos\/wp-content\/uploads\/2026\/01\/oscar-hero.png","type":"image\/png"}],"twitter_card":"summary_large_image","twitter_misc":{"Est. tempo de leitura":"3 minutos"},"schema":{"@context":"https:\/\/schema.org","@graph":[{"@type":"WebPage","@id":"https:\/\/exposicoes.abc.org.br\/100anos\/academico\/oscar-sala\/","url":"https:\/\/exposicoes.abc.org.br\/100anos\/academico\/oscar-sala\/","name":"Oscar Sala | Cem Anos de Ci\u00eancia","isPartOf":{"@id":"https:\/\/exposicoes.abc.org.br\/100anos\/#website"},"primaryImageOfPage":{"@id":"https:\/\/exposicoes.abc.org.br\/100anos\/academico\/oscar-sala\/#primaryimage"},"image":{"@id":"https:\/\/exposicoes.abc.org.br\/100anos\/academico\/oscar-sala\/#primaryimage"},"thumbnailUrl":"https:\/\/exposicoes.abc.org.br\/100anos\/wp-content\/uploads\/2026\/01\/oscar-hero.png","datePublished":"2026-01-15T19:35:09+00:00","breadcrumb":{"@id":"https:\/\/exposicoes.abc.org.br\/100anos\/academico\/oscar-sala\/#breadcrumb"},"inLanguage":"pt-BR","potentialAction":[{"@type":"ReadAction","target":["https:\/\/exposicoes.abc.org.br\/100anos\/academico\/oscar-sala\/"]}]},{"@type":"ImageObject","inLanguage":"pt-BR","@id":"https:\/\/exposicoes.abc.org.br\/100anos\/academico\/oscar-sala\/#primaryimage","url":"https:\/\/exposicoes.abc.org.br\/100anos\/wp-content\/uploads\/2026\/01\/oscar-hero.png","contentUrl":"https:\/\/exposicoes.abc.org.br\/100anos\/wp-content\/uploads\/2026\/01\/oscar-hero.png","width":334,"height":552},{"@type":"BreadcrumbList","@id":"https:\/\/exposicoes.abc.org.br\/100anos\/academico\/oscar-sala\/#breadcrumb","itemListElement":[{"@type":"ListItem","position":1,"name":"In\u00edcio","item":"https:\/\/exposicoes.abc.org.br\/100anos\/"},{"@type":"ListItem","position":2,"name":"Oscar Sala"}]},{"@type":"WebSite","@id":"https:\/\/exposicoes.abc.org.br\/100anos\/#website","url":"https:\/\/exposicoes.abc.org.br\/100anos\/","name":"Cem Anos de Ci\u00eancia","description":"","publisher":{"@id":"https:\/\/exposicoes.abc.org.br\/100anos\/#organization"},"potentialAction":[{"@type":"SearchAction","target":{"@type":"EntryPoint","urlTemplate":"https:\/\/exposicoes.abc.org.br\/100anos\/?s={search_term_string}"},"query-input":{"@type":"PropertyValueSpecification","valueRequired":true,"valueName":"search_term_string"}}],"inLanguage":"pt-BR"},{"@type":"Organization","@id":"https:\/\/exposicoes.abc.org.br\/100anos\/#organization","name":"Academia Brasileira de Ci\u00eancias","url":"https:\/\/exposicoes.abc.org.br\/100anos\/","logo":{"@type":"ImageObject","inLanguage":"pt-BR","@id":"https:\/\/exposicoes.abc.org.br\/100anos\/#\/schema\/logo\/image\/","url":"https:\/\/exposicoes.abc.org.br\/100anos\/wp-content\/uploads\/2025\/12\/logo-100-abc.png","contentUrl":"https:\/\/exposicoes.abc.org.br\/100anos\/wp-content\/uploads\/2025\/12\/logo-100-abc.png","width":511,"height":116,"caption":"Academia Brasileira de Ci\u00eancias"},"image":{"@id":"https:\/\/exposicoes.abc.org.br\/100anos\/#\/schema\/logo\/image\/"}}]}},"_links":{"self":[{"href":"https:\/\/exposicoes.abc.org.br\/100anos\/wp-json\/wp\/v2\/academico\/477","targetHints":{"allow":["GET"]}}],"collection":[{"href":"https:\/\/exposicoes.abc.org.br\/100anos\/wp-json\/wp\/v2\/academico"}],"about":[{"href":"https:\/\/exposicoes.abc.org.br\/100anos\/wp-json\/wp\/v2\/types\/academico"}],"version-history":[{"count":1,"href":"https:\/\/exposicoes.abc.org.br\/100anos\/wp-json\/wp\/v2\/academico\/477\/revisions"}],"predecessor-version":[{"id":481,"href":"https:\/\/exposicoes.abc.org.br\/100anos\/wp-json\/wp\/v2\/academico\/477\/revisions\/481"}],"wp:featuredmedia":[{"embeddable":true,"href":"https:\/\/exposicoes.abc.org.br\/100anos\/wp-json\/wp\/v2\/media\/478"}],"wp:attachment":[{"href":"https:\/\/exposicoes.abc.org.br\/100anos\/wp-json\/wp\/v2\/media?parent=477"}],"wp:term":[{"taxonomy":"periodo-de-presidencia","embeddable":true,"href":"https:\/\/exposicoes.abc.org.br\/100anos\/wp-json\/wp\/v2\/periodo-de-presidencia?post=477"},{"taxonomy":"periodo-de-vida","embeddable":true,"href":"https:\/\/exposicoes.abc.org.br\/100anos\/wp-json\/wp\/v2\/periodo-de-vida?post=477"},{"taxonomy":"tipo-de-academico","embeddable":true,"href":"https:\/\/exposicoes.abc.org.br\/100anos\/wp-json\/wp\/v2\/tipo-de-academico?post=477"}],"curies":[{"name":"wp","href":"https:\/\/api.w.org\/{rel}","templated":true}]}}