{"id":470,"date":"2026-01-15T16:29:23","date_gmt":"2026-01-15T19:29:23","guid":{"rendered":"https:\/\/exposicoes.abc.org.br\/100anos\/?post_type=academico&#038;p=470"},"modified":"2026-01-15T16:30:46","modified_gmt":"2026-01-15T19:30:46","slug":"mauricio-matos-peixoto","status":"publish","type":"academico","link":"https:\/\/exposicoes.abc.org.br\/100anos\/academico\/mauricio-matos-peixoto\/","title":{"rendered":"Mauricio Matos Peixoto\u00a0"},"content":{"rendered":"\n<div class=\"wp-block-columns is-layout-flex wp-container-core-columns-is-layout-9d6595d7 wp-block-columns-is-layout-flex\">\n<div class=\"wp-block-column is-layout-flow wp-block-column-is-layout-flow\">\n<h2 class=\"wp-block-heading\">Sobre o Presidente<\/h2>\n\n\n\n<p>Cearense de Fortaleza, nasceu em 1921 e formou-se na Escola Nacional de Engenharia da Universidade do Brasil. Foi estudar nos Estados Unidos, onde come\u00e7ou a se interessar pela pesquisa sobre sistemas din\u00e2micos e lan\u00e7ou um teorema matem\u00e1tico que hoje \u00e9 conhecido como Teorema de Peixoto. De volta ao Brasil, foi um dos fundadores do Instituto de Matem\u00e1tica Pura e Aplicada, onde trabalhou at\u00e9 se aposentar aos 70 anos. Premiados, seus estudos foram fundamentais para o desenvolvimento de uma escola de matem\u00e1tica no Brasil. Fez parte da diretoria do CNPq, exercendo o cargo de vice-presidente entre 1971 e 1974 e assumindo a presid\u00eancia por um ano em 1979. Foi tamb\u00e9m presidente da Sociedade Brasileira de Matem\u00e1tica entre 1975 e 1977. Ingressou na ABC em 1949. Na entidade, foi secret\u00e1rio-geral de 1969 a 1977, vice-presidente nos bi\u00eanios 1977-1979 e 1979-1981 e presidente entre 1981 e 1991. Em seu discurso de posse como presidente da entidade, defendeu a inclus\u00e3o das ci\u00eancias humanas na ABC, reivindica\u00e7\u00e3o que foi atendida posteriormente.\u00a0<\/p>\n<\/div>\n\n\n\n<div class=\"wp-block-column is-layout-flow wp-block-column-is-layout-flow\">\n<figure class=\"wp-block-image size-full\"><img loading=\"lazy\" decoding=\"async\" width=\"542\" height=\"610\" src=\"https:\/\/exposicoes.abc.org.br\/100anos\/wp-content\/uploads\/2026\/01\/mauricio-01.png\" alt=\"\" class=\"wp-image-472\" srcset=\"https:\/\/exposicoes.abc.org.br\/100anos\/wp-content\/uploads\/2026\/01\/mauricio-01.png 542w, https:\/\/exposicoes.abc.org.br\/100anos\/wp-content\/uploads\/2026\/01\/mauricio-01-267x300.png 267w\" sizes=\"auto, (max-width: 542px) 100vw, 542px\" \/><figcaption class=\"wp-element-caption\">ao lado, correspond\u00eancias enviadas a peixoto pelo presidente do cnpq, crodowaldo pavan, e pelo senador marco maciel, sobre temas de pol\u00edtica cient\u00edfica. &#8211; acervo abc<\/figcaption><\/figure>\n<\/div>\n<\/div>\n\n\n\n<div style=\"height:100px\" aria-hidden=\"true\" class=\"wp-block-spacer\"><\/div>\n\n\n\n<hr class=\"wp-block-separator has-alpha-channel-opacity\"\/>\n\n\n\n<div style=\"height:100px\" aria-hidden=\"true\" class=\"wp-block-spacer\"><\/div>\n\n\n\n<h2 class=\"wp-block-heading\">Matem\u00e1tica brasileira de excel\u00eancia<\/h2>\n\n\n\n<p>Apesar da forma\u00e7\u00e3o em engenharia, foi na matem\u00e1tica que Peixoto realizou suas principais contribui\u00e7\u00f5es cient\u00edficas, tornando-se especialista na \u00e1rea de sistemas din\u00e2micos. Os pesquisadores que trabalham com esses sistemas procuram teorias matem\u00e1ticas capazes de compreender e prever sua evolu\u00e7\u00e3o. Esse conhecimento \u00e9 usado, por exemplo, na previs\u00e3o do tempo, na evolu\u00e7\u00e3o de epidemias e na programa\u00e7\u00e3o de computadores.<br><br>O grande feito de Peixoto foi descrever um teorema que hoje leva seu nome. O trabalho, que teve a participa\u00e7\u00e3o de sua esposa Mar\u00edlia Peixoto, rendeu-lhe, em 1987, o pr\u00eamio da ent\u00e3o Academia de Ci\u00eancias do Terceiro Mundo, \u201cpor seu estudo fundamental e pioneiro sobre estabilidade estrutural de sistemas din\u00e2micos, em particular por provar que os fluxos em superf\u00edcies s\u00e3o gen\u00e9rica e estruturalmente est\u00e1veis\u201d.<br><br>Al\u00e9m da import\u00e2ncia cient\u00edfica do feito em si, o Teorema de Peixoto inspirou o matem\u00e1tico norte-americano Stephen Smale, vencedor, em 1966, da Medalha Fields \u2013 pr\u00eamio m\u00e1ximo da matem\u00e1tica \u2013, a criar a teoria geral dos sistemas din\u00e2micos, o que resultou em uma revitaliza\u00e7\u00e3o desse campo da matem\u00e1tica.\u00a0<br><br>Os estudos de Peixoto tamb\u00e9m foram centrais para a cria\u00e7\u00e3o, em 1953, do Instituto de Matem\u00e1tica Pura e Aplicada (Impa), idealizado por ele, L\u00e9lio Gama e Leopoldo Nachbin. O objetivo do trio era estabelecer no Brasil um centro de excel\u00eancia em matem\u00e1tica, um projeto t\u00e3o ambicioso quanto bem-sucedido. \u00a0 \u00a0<br><br>A institui\u00e7\u00e3o se tornou uma refer\u00eancia para as pesquisas matem\u00e1ticas na Am\u00e9rica Latina e \u00e9 respons\u00e1vel pela forma\u00e7\u00e3o de v\u00e1rias gera\u00e7\u00f5es de matem\u00e1ticos, alguns dos quais reconhecidos mundialmente pela qualidade de seus trabalhos. Exemplo disso \u00e9 o carioca Artur Avila, formado pelo Impa e vencedor da Medalha Fields em 2014.\u00a0<\/p>\n\n\n\n<div style=\"height:100px\" aria-hidden=\"true\" class=\"wp-block-spacer\"><\/div>\n\n\n\n<div class=\"wp-block-columns is-layout-flex wp-container-core-columns-is-layout-9d6595d7 wp-block-columns-is-layout-flex\">\n<div class=\"wp-block-column is-layout-flow wp-block-column-is-layout-flow\">\n<figure class=\"wp-block-image size-large\"><img loading=\"lazy\" decoding=\"async\" width=\"1024\" height=\"614\" src=\"https:\/\/exposicoes.abc.org.br\/100anos\/wp-content\/uploads\/2026\/01\/mauricio-02-1024x614.png\" alt=\"\" class=\"wp-image-473\" srcset=\"https:\/\/exposicoes.abc.org.br\/100anos\/wp-content\/uploads\/2026\/01\/mauricio-02-1024x614.png 1024w, https:\/\/exposicoes.abc.org.br\/100anos\/wp-content\/uploads\/2026\/01\/mauricio-02-300x180.png 300w, https:\/\/exposicoes.abc.org.br\/100anos\/wp-content\/uploads\/2026\/01\/mauricio-02-768x460.png 768w, https:\/\/exposicoes.abc.org.br\/100anos\/wp-content\/uploads\/2026\/01\/mauricio-02.png 1116w\" sizes=\"auto, (max-width: 1024px) 100vw, 1024px\" \/><figcaption class=\"wp-element-caption\">no alto, \u00e0 esquerda, o presidente jo\u00e3o figueiredo, maur\u00edcio peixoto e outras autoridades em bras\u00edlia, durante a cerim\u00f4nia de doa\u00e7\u00e3o de terreno \u00e0 abc em 1984. -acervo abc<\/figcaption><\/figure>\n<\/div>\n<\/div>\n\n\n\n<div style=\"height:100px\" aria-hidden=\"true\" class=\"wp-block-spacer\"><\/div>\n\n\n\n<blockquote class=\"wp-block-quote is-layout-flow wp-block-quote-is-layout-flow\">\n<p>Maur\u00edcio Matos Peixoto foi reprovado em matem\u00e1tica no Col\u00e9gio Pedro II. Embora amarga, a experi\u00eancia foi decisiva para que o pesquisador se apaixonasse por essa ci\u00eancia.<\/p>\n<cite>Curiosidade<\/cite><\/blockquote>\n","protected":false},"excerpt":{"rendered":"<p>Sobre o Presidente Cearense de Fortaleza, nasceu em 1921 e formou-se na Escola Nacional de Engenharia da Universidade do Brasil. Foi estudar nos Estados Unidos, onde come\u00e7ou a se interessar pela pesquisa sobre sistemas din\u00e2micos e lan\u00e7ou um teorema matem\u00e1tico que hoje \u00e9 conhecido como Teorema de Peixoto. De volta ao Brasil, foi um dos&#8230;<\/p>\n","protected":false},"featured_media":471,"parent":0,"template":"","meta":{"_acf_changed":false,"footnotes":""},"periodo-de-presidencia":[50],"periodo-de-vida":[49],"tipo-de-academico":[3],"class_list":["post-470","academico","type-academico","status-publish","has-post-thumbnail","hentry","periodo-de-presidencia-1981-a-1991","periodo-de-vida-1921-2019","tipo-de-academico-presidentes-da-abc"],"acf":[],"yoast_head":"<!-- This site is optimized with the Yoast SEO plugin v26.8 - https:\/\/yoast.com\/product\/yoast-seo-wordpress\/ -->\n<title>Mauricio Matos Peixoto\u00a0 | Cem Anos de Ci\u00eancia<\/title>\n<meta name=\"robots\" content=\"index, follow, max-snippet:-1, max-image-preview:large, max-video-preview:-1\" \/>\n<link rel=\"canonical\" href=\"https:\/\/exposicoes.abc.org.br\/100anos\/academico\/mauricio-matos-peixoto\/\" \/>\n<meta property=\"og:locale\" content=\"pt_BR\" \/>\n<meta property=\"og:type\" content=\"article\" \/>\n<meta property=\"og:title\" content=\"Mauricio Matos Peixoto\u00a0 | Cem Anos de Ci\u00eancia\" \/>\n<meta property=\"og:description\" content=\"Sobre o Presidente Cearense de Fortaleza, nasceu em 1921 e formou-se na Escola Nacional de Engenharia da Universidade do Brasil. Foi estudar nos Estados Unidos, onde come\u00e7ou a se interessar pela pesquisa sobre sistemas din\u00e2micos e lan\u00e7ou um teorema matem\u00e1tico que hoje \u00e9 conhecido como Teorema de Peixoto. De volta ao Brasil, foi um dos...\" \/>\n<meta property=\"og:url\" content=\"https:\/\/exposicoes.abc.org.br\/100anos\/academico\/mauricio-matos-peixoto\/\" \/>\n<meta property=\"og:site_name\" content=\"Cem Anos de Ci\u00eancia\" \/>\n<meta property=\"article:modified_time\" content=\"2026-01-15T19:30:46+00:00\" \/>\n<meta property=\"og:image\" content=\"https:\/\/exposicoes.abc.org.br\/100anos\/wp-content\/uploads\/2026\/01\/aristides-hero-1.png\" \/>\n\t<meta property=\"og:image:width\" content=\"334\" \/>\n\t<meta property=\"og:image:height\" content=\"552\" \/>\n\t<meta property=\"og:image:type\" content=\"image\/png\" \/>\n<meta name=\"twitter:card\" content=\"summary_large_image\" \/>\n<meta name=\"twitter:label1\" content=\"Est. tempo de leitura\" \/>\n\t<meta name=\"twitter:data1\" content=\"3 minutos\" \/>\n<script type=\"application\/ld+json\" class=\"yoast-schema-graph\">{\"@context\":\"https:\/\/schema.org\",\"@graph\":[{\"@type\":\"WebPage\",\"@id\":\"https:\/\/exposicoes.abc.org.br\/100anos\/academico\/mauricio-matos-peixoto\/\",\"url\":\"https:\/\/exposicoes.abc.org.br\/100anos\/academico\/mauricio-matos-peixoto\/\",\"name\":\"Mauricio Matos Peixoto\u00a0 | Cem Anos de Ci\u00eancia\",\"isPartOf\":{\"@id\":\"https:\/\/exposicoes.abc.org.br\/100anos\/#website\"},\"primaryImageOfPage\":{\"@id\":\"https:\/\/exposicoes.abc.org.br\/100anos\/academico\/mauricio-matos-peixoto\/#primaryimage\"},\"image\":{\"@id\":\"https:\/\/exposicoes.abc.org.br\/100anos\/academico\/mauricio-matos-peixoto\/#primaryimage\"},\"thumbnailUrl\":\"https:\/\/exposicoes.abc.org.br\/100anos\/wp-content\/uploads\/2026\/01\/aristides-hero-1.png\",\"datePublished\":\"2026-01-15T19:29:23+00:00\",\"dateModified\":\"2026-01-15T19:30:46+00:00\",\"breadcrumb\":{\"@id\":\"https:\/\/exposicoes.abc.org.br\/100anos\/academico\/mauricio-matos-peixoto\/#breadcrumb\"},\"inLanguage\":\"pt-BR\",\"potentialAction\":[{\"@type\":\"ReadAction\",\"target\":[\"https:\/\/exposicoes.abc.org.br\/100anos\/academico\/mauricio-matos-peixoto\/\"]}]},{\"@type\":\"ImageObject\",\"inLanguage\":\"pt-BR\",\"@id\":\"https:\/\/exposicoes.abc.org.br\/100anos\/academico\/mauricio-matos-peixoto\/#primaryimage\",\"url\":\"https:\/\/exposicoes.abc.org.br\/100anos\/wp-content\/uploads\/2026\/01\/aristides-hero-1.png\",\"contentUrl\":\"https:\/\/exposicoes.abc.org.br\/100anos\/wp-content\/uploads\/2026\/01\/aristides-hero-1.png\",\"width\":334,\"height\":552},{\"@type\":\"BreadcrumbList\",\"@id\":\"https:\/\/exposicoes.abc.org.br\/100anos\/academico\/mauricio-matos-peixoto\/#breadcrumb\",\"itemListElement\":[{\"@type\":\"ListItem\",\"position\":1,\"name\":\"In\u00edcio\",\"item\":\"https:\/\/exposicoes.abc.org.br\/100anos\/\"},{\"@type\":\"ListItem\",\"position\":2,\"name\":\"Mauricio Matos Peixoto\u00a0\"}]},{\"@type\":\"WebSite\",\"@id\":\"https:\/\/exposicoes.abc.org.br\/100anos\/#website\",\"url\":\"https:\/\/exposicoes.abc.org.br\/100anos\/\",\"name\":\"Cem Anos de Ci\u00eancia\",\"description\":\"\",\"publisher\":{\"@id\":\"https:\/\/exposicoes.abc.org.br\/100anos\/#organization\"},\"potentialAction\":[{\"@type\":\"SearchAction\",\"target\":{\"@type\":\"EntryPoint\",\"urlTemplate\":\"https:\/\/exposicoes.abc.org.br\/100anos\/?s={search_term_string}\"},\"query-input\":{\"@type\":\"PropertyValueSpecification\",\"valueRequired\":true,\"valueName\":\"search_term_string\"}}],\"inLanguage\":\"pt-BR\"},{\"@type\":\"Organization\",\"@id\":\"https:\/\/exposicoes.abc.org.br\/100anos\/#organization\",\"name\":\"Academia Brasileira de Ci\u00eancias\",\"url\":\"https:\/\/exposicoes.abc.org.br\/100anos\/\",\"logo\":{\"@type\":\"ImageObject\",\"inLanguage\":\"pt-BR\",\"@id\":\"https:\/\/exposicoes.abc.org.br\/100anos\/#\/schema\/logo\/image\/\",\"url\":\"https:\/\/exposicoes.abc.org.br\/100anos\/wp-content\/uploads\/2025\/12\/logo-100-abc.png\",\"contentUrl\":\"https:\/\/exposicoes.abc.org.br\/100anos\/wp-content\/uploads\/2025\/12\/logo-100-abc.png\",\"width\":511,\"height\":116,\"caption\":\"Academia Brasileira de Ci\u00eancias\"},\"image\":{\"@id\":\"https:\/\/exposicoes.abc.org.br\/100anos\/#\/schema\/logo\/image\/\"}}]}<\/script>\n<!-- \/ Yoast SEO plugin. -->","yoast_head_json":{"title":"Mauricio Matos Peixoto\u00a0 | Cem Anos de Ci\u00eancia","robots":{"index":"index","follow":"follow","max-snippet":"max-snippet:-1","max-image-preview":"max-image-preview:large","max-video-preview":"max-video-preview:-1"},"canonical":"https:\/\/exposicoes.abc.org.br\/100anos\/academico\/mauricio-matos-peixoto\/","og_locale":"pt_BR","og_type":"article","og_title":"Mauricio Matos Peixoto\u00a0 | Cem Anos de Ci\u00eancia","og_description":"Sobre o Presidente Cearense de Fortaleza, nasceu em 1921 e formou-se na Escola Nacional de Engenharia da Universidade do Brasil. Foi estudar nos Estados Unidos, onde come\u00e7ou a se interessar pela pesquisa sobre sistemas din\u00e2micos e lan\u00e7ou um teorema matem\u00e1tico que hoje \u00e9 conhecido como Teorema de Peixoto. De volta ao Brasil, foi um dos...","og_url":"https:\/\/exposicoes.abc.org.br\/100anos\/academico\/mauricio-matos-peixoto\/","og_site_name":"Cem Anos de Ci\u00eancia","article_modified_time":"2026-01-15T19:30:46+00:00","og_image":[{"width":334,"height":552,"url":"https:\/\/exposicoes.abc.org.br\/100anos\/wp-content\/uploads\/2026\/01\/aristides-hero-1.png","type":"image\/png"}],"twitter_card":"summary_large_image","twitter_misc":{"Est. tempo de leitura":"3 minutos"},"schema":{"@context":"https:\/\/schema.org","@graph":[{"@type":"WebPage","@id":"https:\/\/exposicoes.abc.org.br\/100anos\/academico\/mauricio-matos-peixoto\/","url":"https:\/\/exposicoes.abc.org.br\/100anos\/academico\/mauricio-matos-peixoto\/","name":"Mauricio Matos Peixoto\u00a0 | Cem Anos de Ci\u00eancia","isPartOf":{"@id":"https:\/\/exposicoes.abc.org.br\/100anos\/#website"},"primaryImageOfPage":{"@id":"https:\/\/exposicoes.abc.org.br\/100anos\/academico\/mauricio-matos-peixoto\/#primaryimage"},"image":{"@id":"https:\/\/exposicoes.abc.org.br\/100anos\/academico\/mauricio-matos-peixoto\/#primaryimage"},"thumbnailUrl":"https:\/\/exposicoes.abc.org.br\/100anos\/wp-content\/uploads\/2026\/01\/aristides-hero-1.png","datePublished":"2026-01-15T19:29:23+00:00","dateModified":"2026-01-15T19:30:46+00:00","breadcrumb":{"@id":"https:\/\/exposicoes.abc.org.br\/100anos\/academico\/mauricio-matos-peixoto\/#breadcrumb"},"inLanguage":"pt-BR","potentialAction":[{"@type":"ReadAction","target":["https:\/\/exposicoes.abc.org.br\/100anos\/academico\/mauricio-matos-peixoto\/"]}]},{"@type":"ImageObject","inLanguage":"pt-BR","@id":"https:\/\/exposicoes.abc.org.br\/100anos\/academico\/mauricio-matos-peixoto\/#primaryimage","url":"https:\/\/exposicoes.abc.org.br\/100anos\/wp-content\/uploads\/2026\/01\/aristides-hero-1.png","contentUrl":"https:\/\/exposicoes.abc.org.br\/100anos\/wp-content\/uploads\/2026\/01\/aristides-hero-1.png","width":334,"height":552},{"@type":"BreadcrumbList","@id":"https:\/\/exposicoes.abc.org.br\/100anos\/academico\/mauricio-matos-peixoto\/#breadcrumb","itemListElement":[{"@type":"ListItem","position":1,"name":"In\u00edcio","item":"https:\/\/exposicoes.abc.org.br\/100anos\/"},{"@type":"ListItem","position":2,"name":"Mauricio Matos Peixoto\u00a0"}]},{"@type":"WebSite","@id":"https:\/\/exposicoes.abc.org.br\/100anos\/#website","url":"https:\/\/exposicoes.abc.org.br\/100anos\/","name":"Cem Anos de Ci\u00eancia","description":"","publisher":{"@id":"https:\/\/exposicoes.abc.org.br\/100anos\/#organization"},"potentialAction":[{"@type":"SearchAction","target":{"@type":"EntryPoint","urlTemplate":"https:\/\/exposicoes.abc.org.br\/100anos\/?s={search_term_string}"},"query-input":{"@type":"PropertyValueSpecification","valueRequired":true,"valueName":"search_term_string"}}],"inLanguage":"pt-BR"},{"@type":"Organization","@id":"https:\/\/exposicoes.abc.org.br\/100anos\/#organization","name":"Academia Brasileira de Ci\u00eancias","url":"https:\/\/exposicoes.abc.org.br\/100anos\/","logo":{"@type":"ImageObject","inLanguage":"pt-BR","@id":"https:\/\/exposicoes.abc.org.br\/100anos\/#\/schema\/logo\/image\/","url":"https:\/\/exposicoes.abc.org.br\/100anos\/wp-content\/uploads\/2025\/12\/logo-100-abc.png","contentUrl":"https:\/\/exposicoes.abc.org.br\/100anos\/wp-content\/uploads\/2025\/12\/logo-100-abc.png","width":511,"height":116,"caption":"Academia Brasileira de Ci\u00eancias"},"image":{"@id":"https:\/\/exposicoes.abc.org.br\/100anos\/#\/schema\/logo\/image\/"}}]}},"_links":{"self":[{"href":"https:\/\/exposicoes.abc.org.br\/100anos\/wp-json\/wp\/v2\/academico\/470","targetHints":{"allow":["GET"]}}],"collection":[{"href":"https:\/\/exposicoes.abc.org.br\/100anos\/wp-json\/wp\/v2\/academico"}],"about":[{"href":"https:\/\/exposicoes.abc.org.br\/100anos\/wp-json\/wp\/v2\/types\/academico"}],"version-history":[{"count":3,"href":"https:\/\/exposicoes.abc.org.br\/100anos\/wp-json\/wp\/v2\/academico\/470\/revisions"}],"predecessor-version":[{"id":475,"href":"https:\/\/exposicoes.abc.org.br\/100anos\/wp-json\/wp\/v2\/academico\/470\/revisions\/475"}],"wp:featuredmedia":[{"embeddable":true,"href":"https:\/\/exposicoes.abc.org.br\/100anos\/wp-json\/wp\/v2\/media\/471"}],"wp:attachment":[{"href":"https:\/\/exposicoes.abc.org.br\/100anos\/wp-json\/wp\/v2\/media?parent=470"}],"wp:term":[{"taxonomy":"periodo-de-presidencia","embeddable":true,"href":"https:\/\/exposicoes.abc.org.br\/100anos\/wp-json\/wp\/v2\/periodo-de-presidencia?post=470"},{"taxonomy":"periodo-de-vida","embeddable":true,"href":"https:\/\/exposicoes.abc.org.br\/100anos\/wp-json\/wp\/v2\/periodo-de-vida?post=470"},{"taxonomy":"tipo-de-academico","embeddable":true,"href":"https:\/\/exposicoes.abc.org.br\/100anos\/wp-json\/wp\/v2\/tipo-de-academico?post=470"}],"curies":[{"name":"wp","href":"https:\/\/api.w.org\/{rel}","templated":true}]}}