{"id":465,"date":"2026-01-15T16:24:33","date_gmt":"2026-01-15T19:24:33","guid":{"rendered":"https:\/\/exposicoes.abc.org.br\/100anos\/?post_type=academico&#038;p=465"},"modified":"2026-01-15T16:24:33","modified_gmt":"2026-01-15T19:24:33","slug":"aristides-azevedo-pacheco-leao","status":"publish","type":"academico","link":"https:\/\/exposicoes.abc.org.br\/100anos\/academico\/aristides-azevedo-pacheco-leao\/","title":{"rendered":"Aristides Azevedo Pacheco Le\u00e3o"},"content":{"rendered":"\n<div class=\"wp-block-columns is-layout-flex wp-container-core-columns-is-layout-9d6595d7 wp-block-columns-is-layout-flex\">\n<div class=\"wp-block-column is-layout-flow wp-block-column-is-layout-flow\">\n<h2 class=\"wp-block-heading\">Sobre o Presidente<\/h2>\n\n\n\n<p>Nasceu em 1914, no Rio de Janeiro. Ingressou na Faculdade de Medicina de S\u00e3o Paulo em 1932, mas, em fun\u00e7\u00e3o de uma tuberculose, teve que se afastar do curso. J\u00e1 curado, em 1940, viajou para os Estados Unidos e obteve graus de mestre e doutor pela Universidade de Harvard. De volta ao Brasil, tornou-se professor da Faculdade Nacional de Medicina da Universidade do Brasil. Posteriormente, foi transferido para o Instituto de Biof\u00edsica da universidade, onde foi pesquisador e professor, al\u00e9m de diretor entre os anos de 1966 e 1970. Ingressou na ABC em 1948 e foi vice-presidente nos per\u00edodos de 1955-57 e 1965-67 e presidente de 1967 a 1981.\u00a0Seu mandato como presidente ocorreu durante o dif\u00edcil per\u00edodo de ditadura militar e, gra\u00e7as a seus esfor\u00e7os, a Revista Brasileira de Biologia continuou sendo publicada mesmo ap\u00f3s a cassa\u00e7\u00e3o dos editores. Conseguiu, ainda, que o governo federal reconhecesse a ABC como parte do setor de ci\u00eancia e tecnologia, gerando recursos para a entidade. Suas pesquisas foram fundamentais para a compreens\u00e3o de doen\u00e7as como a epilepsia e a enxaqueca.\u00a0<\/p>\n<\/div>\n\n\n\n<div class=\"wp-block-column is-layout-flow wp-block-column-is-layout-flow\">\n<figure class=\"wp-block-image size-full\"><img loading=\"lazy\" decoding=\"async\" width=\"546\" height=\"609\" src=\"https:\/\/exposicoes.abc.org.br\/100anos\/wp-content\/uploads\/2026\/01\/aristides-01.png\" alt=\"\" class=\"wp-image-467\" srcset=\"https:\/\/exposicoes.abc.org.br\/100anos\/wp-content\/uploads\/2026\/01\/aristides-01.png 546w, https:\/\/exposicoes.abc.org.br\/100anos\/wp-content\/uploads\/2026\/01\/aristides-01-269x300.png 269w\" sizes=\"auto, (max-width: 546px) 100vw, 546px\" \/><figcaption class=\"wp-element-caption\">ao lado, pacheco le\u00e3o em reuni\u00e3o com o l\u00edder da sociedade f\u00edsica do jap\u00e3o, em 1981. &#8211; acervo abc<\/figcaption><\/figure>\n<\/div>\n<\/div>\n\n\n\n<div style=\"height:100px\" aria-hidden=\"true\" class=\"wp-block-spacer\"><\/div>\n\n\n\n<hr class=\"wp-block-separator has-alpha-channel-opacity\"\/>\n\n\n\n<div style=\"height:100px\" aria-hidden=\"true\" class=\"wp-block-spacer\"><\/div>\n\n\n\n<h2 class=\"wp-block-heading\">Pol\u00edtica cient\u00edfica, c\u00e9rebros e p\u00e1ssaros<\/h2>\n\n\n\n<p>Pacheco Le\u00e3o dividiu sua carreira entre a pesquisa e a pol\u00edtica cient\u00edfica, tendo feito importantes descobertas na bancada e participado de diversos organismos e institui\u00e7\u00f5es.<br><br>Na presid\u00eancia da ABC, logrou conquistas importantes, apesar do complexo contexto da ditadura militar. Conseguiu, por exemplo, que o governo federal reconhecesse a entidade como parte integrante do sistema de ci\u00eancia e tecnologia, com capacidade de emitir pareceres nessas \u00e1reas. Esta medida gerou recursos para a Academia que possibilitaram o desenvolvimento de projetos multidisciplinares de relev\u00e2ncia nacional e internacional.<br><br>No escopo mais amplo do sistema nacional de C&amp;T, teve, entre 1985 e 1991, intensa atua\u00e7\u00e3o nas secretarias de Planejamento e de Ci\u00eancia e Tecnologia da presid\u00eancia da Rep\u00fablica, como membro e presidente do Grupo Especial de Acompanhamento do Programa de Apoio ao Desenvolvimento Cient\u00edfico.\u00a0<br><br>Na pesquisa, Pacheco Le\u00e3o fez contribui\u00e7\u00f5es importantes para a neuroci\u00eancia. Em sua tese de doutorado, descreveu um fen\u00f4meno que se tornou internacionalmente conhecido como Le\u00e3o\u2019s spreading depression, em portugu\u00eas, depress\u00e3o alastrante de Le\u00e3o. Trata-se de uma queda de atividade el\u00e9trica do c\u00f3rtex cerebral ao ser estimulado de maneira artificial. A descoberta foi fundamental para a compreens\u00e3o de doen\u00e7as como a\u00a0epilepsia\u00a0e a\u00a0enxaqueca.<br><br>Enquanto estudava fen\u00f4menos relacionados ao c\u00e9rebro no laborat\u00f3rio, dedicava seu tempo fora dele aos p\u00e1ssaros, tornando-se um ornit\u00f3logo amador com contribui\u00e7\u00f5es tamb\u00e9m para essa \u00e1rea. Suas grava\u00e7\u00f5es de canto de p\u00e1ssaros brasileiros, por exemplo, ajudaram a mapear diferentes habitats no cerrado e a delimitar zonas de prote\u00e7\u00e3o ambiental. Seus trabalhos nesse campo tamb\u00e9m serviram de est\u00edmulo para a publica\u00e7\u00e3o do livro Ornitologia brasileira, do cientista alem\u00e3o Helmut Sick, ornit\u00f3logo do Museu Nacional.<\/p>\n\n\n\n<div style=\"height:100px\" aria-hidden=\"true\" class=\"wp-block-spacer\"><\/div>\n\n\n\n<div class=\"wp-block-columns is-layout-flex wp-container-core-columns-is-layout-9d6595d7 wp-block-columns-is-layout-flex\">\n<div class=\"wp-block-column is-layout-flow wp-block-column-is-layout-flow\">\n<figure class=\"wp-block-image size-large\"><img loading=\"lazy\" decoding=\"async\" width=\"1024\" height=\"614\" src=\"https:\/\/exposicoes.abc.org.br\/100anos\/wp-content\/uploads\/2026\/01\/aristides-02-1024x614.png\" alt=\"\" class=\"wp-image-468\" srcset=\"https:\/\/exposicoes.abc.org.br\/100anos\/wp-content\/uploads\/2026\/01\/aristides-02-1024x614.png 1024w, https:\/\/exposicoes.abc.org.br\/100anos\/wp-content\/uploads\/2026\/01\/aristides-02-300x180.png 300w, https:\/\/exposicoes.abc.org.br\/100anos\/wp-content\/uploads\/2026\/01\/aristides-02-768x460.png 768w, https:\/\/exposicoes.abc.org.br\/100anos\/wp-content\/uploads\/2026\/01\/aristides-02.png 1116w\" sizes=\"auto, (max-width: 1024px) 100vw, 1024px\" \/><figcaption class=\"wp-element-caption\">uma das paix\u00f5es do cientista: a ornitologia. apesar de n\u00e3o ser sua \u00e1rea de expertise, pacheco le\u00e3o dedicava o tempo livre \u00e0 observa\u00e7\u00e3o dos p\u00e1ssaros. &#8211; wikimedia commons ( juniorgirotto e pedro del vale)<br>artigo que descreve a depress\u00e3o alastrante de le\u00e3o, publicado no journal of neurophysiology em 1944. &#8211; reprodu\u00e7\u00e3o\/ le\u00e3o aap. spreading depression of activity in the cerebral cortex. jneurophysiol 7: 359\u2013390, 1944.<\/figcaption><\/figure>\n<\/div>\n<\/div>\n\n\n\n<div style=\"height:100px\" aria-hidden=\"true\" class=\"wp-block-spacer\"><\/div>\n","protected":false},"excerpt":{"rendered":"<p>Sobre o Presidente Nasceu em 1914, no Rio de Janeiro. Ingressou na Faculdade de Medicina de S\u00e3o Paulo em 1932, mas, em fun\u00e7\u00e3o de uma tuberculose, teve que se afastar do curso. J\u00e1 curado, em 1940, viajou para os Estados Unidos e obteve graus de mestre e doutor pela Universidade de Harvard. De volta ao&#8230;<\/p>\n","protected":false},"featured_media":466,"parent":0,"template":"","meta":{"_acf_changed":false,"footnotes":""},"periodo-de-presidencia":[48],"periodo-de-vida":[47],"tipo-de-academico":[3],"class_list":["post-465","academico","type-academico","status-publish","has-post-thumbnail","hentry","periodo-de-presidencia-1967-a-1981","periodo-de-vida-1914-1993","tipo-de-academico-presidentes-da-abc"],"acf":[],"yoast_head":"<!-- This site is optimized with the Yoast SEO plugin v26.8 - https:\/\/yoast.com\/product\/yoast-seo-wordpress\/ -->\n<title>Aristides Azevedo Pacheco Le\u00e3o | Cem Anos de Ci\u00eancia<\/title>\n<meta name=\"robots\" content=\"index, follow, max-snippet:-1, max-image-preview:large, max-video-preview:-1\" \/>\n<link rel=\"canonical\" href=\"https:\/\/exposicoes.abc.org.br\/100anos\/academico\/aristides-azevedo-pacheco-leao\/\" \/>\n<meta property=\"og:locale\" content=\"pt_BR\" \/>\n<meta property=\"og:type\" content=\"article\" \/>\n<meta property=\"og:title\" content=\"Aristides Azevedo Pacheco Le\u00e3o | Cem Anos de Ci\u00eancia\" \/>\n<meta property=\"og:description\" content=\"Sobre o Presidente Nasceu em 1914, no Rio de Janeiro. Ingressou na Faculdade de Medicina de S\u00e3o Paulo em 1932, mas, em fun\u00e7\u00e3o de uma tuberculose, teve que se afastar do curso. J\u00e1 curado, em 1940, viajou para os Estados Unidos e obteve graus de mestre e doutor pela Universidade de Harvard. De volta ao...\" \/>\n<meta property=\"og:url\" content=\"https:\/\/exposicoes.abc.org.br\/100anos\/academico\/aristides-azevedo-pacheco-leao\/\" \/>\n<meta property=\"og:site_name\" content=\"Cem Anos de Ci\u00eancia\" \/>\n<meta property=\"og:image\" content=\"https:\/\/exposicoes.abc.org.br\/100anos\/wp-content\/uploads\/2026\/01\/aristides-hero.png\" \/>\n\t<meta property=\"og:image:width\" content=\"334\" \/>\n\t<meta property=\"og:image:height\" content=\"552\" \/>\n\t<meta property=\"og:image:type\" content=\"image\/png\" \/>\n<meta name=\"twitter:card\" content=\"summary_large_image\" \/>\n<meta name=\"twitter:label1\" content=\"Est. tempo de leitura\" \/>\n\t<meta name=\"twitter:data1\" content=\"3 minutos\" \/>\n<script type=\"application\/ld+json\" class=\"yoast-schema-graph\">{\"@context\":\"https:\/\/schema.org\",\"@graph\":[{\"@type\":\"WebPage\",\"@id\":\"https:\/\/exposicoes.abc.org.br\/100anos\/academico\/aristides-azevedo-pacheco-leao\/\",\"url\":\"https:\/\/exposicoes.abc.org.br\/100anos\/academico\/aristides-azevedo-pacheco-leao\/\",\"name\":\"Aristides Azevedo Pacheco Le\u00e3o | Cem Anos de Ci\u00eancia\",\"isPartOf\":{\"@id\":\"https:\/\/exposicoes.abc.org.br\/100anos\/#website\"},\"primaryImageOfPage\":{\"@id\":\"https:\/\/exposicoes.abc.org.br\/100anos\/academico\/aristides-azevedo-pacheco-leao\/#primaryimage\"},\"image\":{\"@id\":\"https:\/\/exposicoes.abc.org.br\/100anos\/academico\/aristides-azevedo-pacheco-leao\/#primaryimage\"},\"thumbnailUrl\":\"https:\/\/exposicoes.abc.org.br\/100anos\/wp-content\/uploads\/2026\/01\/aristides-hero.png\",\"datePublished\":\"2026-01-15T19:24:33+00:00\",\"breadcrumb\":{\"@id\":\"https:\/\/exposicoes.abc.org.br\/100anos\/academico\/aristides-azevedo-pacheco-leao\/#breadcrumb\"},\"inLanguage\":\"pt-BR\",\"potentialAction\":[{\"@type\":\"ReadAction\",\"target\":[\"https:\/\/exposicoes.abc.org.br\/100anos\/academico\/aristides-azevedo-pacheco-leao\/\"]}]},{\"@type\":\"ImageObject\",\"inLanguage\":\"pt-BR\",\"@id\":\"https:\/\/exposicoes.abc.org.br\/100anos\/academico\/aristides-azevedo-pacheco-leao\/#primaryimage\",\"url\":\"https:\/\/exposicoes.abc.org.br\/100anos\/wp-content\/uploads\/2026\/01\/aristides-hero.png\",\"contentUrl\":\"https:\/\/exposicoes.abc.org.br\/100anos\/wp-content\/uploads\/2026\/01\/aristides-hero.png\",\"width\":334,\"height\":552},{\"@type\":\"BreadcrumbList\",\"@id\":\"https:\/\/exposicoes.abc.org.br\/100anos\/academico\/aristides-azevedo-pacheco-leao\/#breadcrumb\",\"itemListElement\":[{\"@type\":\"ListItem\",\"position\":1,\"name\":\"In\u00edcio\",\"item\":\"https:\/\/exposicoes.abc.org.br\/100anos\/\"},{\"@type\":\"ListItem\",\"position\":2,\"name\":\"Aristides Azevedo Pacheco Le\u00e3o\"}]},{\"@type\":\"WebSite\",\"@id\":\"https:\/\/exposicoes.abc.org.br\/100anos\/#website\",\"url\":\"https:\/\/exposicoes.abc.org.br\/100anos\/\",\"name\":\"Cem Anos de Ci\u00eancia\",\"description\":\"\",\"publisher\":{\"@id\":\"https:\/\/exposicoes.abc.org.br\/100anos\/#organization\"},\"potentialAction\":[{\"@type\":\"SearchAction\",\"target\":{\"@type\":\"EntryPoint\",\"urlTemplate\":\"https:\/\/exposicoes.abc.org.br\/100anos\/?s={search_term_string}\"},\"query-input\":{\"@type\":\"PropertyValueSpecification\",\"valueRequired\":true,\"valueName\":\"search_term_string\"}}],\"inLanguage\":\"pt-BR\"},{\"@type\":\"Organization\",\"@id\":\"https:\/\/exposicoes.abc.org.br\/100anos\/#organization\",\"name\":\"Academia Brasileira de Ci\u00eancias\",\"url\":\"https:\/\/exposicoes.abc.org.br\/100anos\/\",\"logo\":{\"@type\":\"ImageObject\",\"inLanguage\":\"pt-BR\",\"@id\":\"https:\/\/exposicoes.abc.org.br\/100anos\/#\/schema\/logo\/image\/\",\"url\":\"https:\/\/exposicoes.abc.org.br\/100anos\/wp-content\/uploads\/2025\/12\/logo-100-abc.png\",\"contentUrl\":\"https:\/\/exposicoes.abc.org.br\/100anos\/wp-content\/uploads\/2025\/12\/logo-100-abc.png\",\"width\":511,\"height\":116,\"caption\":\"Academia Brasileira de Ci\u00eancias\"},\"image\":{\"@id\":\"https:\/\/exposicoes.abc.org.br\/100anos\/#\/schema\/logo\/image\/\"}}]}<\/script>\n<!-- \/ Yoast SEO plugin. -->","yoast_head_json":{"title":"Aristides Azevedo Pacheco Le\u00e3o | Cem Anos de Ci\u00eancia","robots":{"index":"index","follow":"follow","max-snippet":"max-snippet:-1","max-image-preview":"max-image-preview:large","max-video-preview":"max-video-preview:-1"},"canonical":"https:\/\/exposicoes.abc.org.br\/100anos\/academico\/aristides-azevedo-pacheco-leao\/","og_locale":"pt_BR","og_type":"article","og_title":"Aristides Azevedo Pacheco Le\u00e3o | Cem Anos de Ci\u00eancia","og_description":"Sobre o Presidente Nasceu em 1914, no Rio de Janeiro. Ingressou na Faculdade de Medicina de S\u00e3o Paulo em 1932, mas, em fun\u00e7\u00e3o de uma tuberculose, teve que se afastar do curso. J\u00e1 curado, em 1940, viajou para os Estados Unidos e obteve graus de mestre e doutor pela Universidade de Harvard. De volta ao...","og_url":"https:\/\/exposicoes.abc.org.br\/100anos\/academico\/aristides-azevedo-pacheco-leao\/","og_site_name":"Cem Anos de Ci\u00eancia","og_image":[{"width":334,"height":552,"url":"https:\/\/exposicoes.abc.org.br\/100anos\/wp-content\/uploads\/2026\/01\/aristides-hero.png","type":"image\/png"}],"twitter_card":"summary_large_image","twitter_misc":{"Est. tempo de leitura":"3 minutos"},"schema":{"@context":"https:\/\/schema.org","@graph":[{"@type":"WebPage","@id":"https:\/\/exposicoes.abc.org.br\/100anos\/academico\/aristides-azevedo-pacheco-leao\/","url":"https:\/\/exposicoes.abc.org.br\/100anos\/academico\/aristides-azevedo-pacheco-leao\/","name":"Aristides Azevedo Pacheco Le\u00e3o | Cem Anos de Ci\u00eancia","isPartOf":{"@id":"https:\/\/exposicoes.abc.org.br\/100anos\/#website"},"primaryImageOfPage":{"@id":"https:\/\/exposicoes.abc.org.br\/100anos\/academico\/aristides-azevedo-pacheco-leao\/#primaryimage"},"image":{"@id":"https:\/\/exposicoes.abc.org.br\/100anos\/academico\/aristides-azevedo-pacheco-leao\/#primaryimage"},"thumbnailUrl":"https:\/\/exposicoes.abc.org.br\/100anos\/wp-content\/uploads\/2026\/01\/aristides-hero.png","datePublished":"2026-01-15T19:24:33+00:00","breadcrumb":{"@id":"https:\/\/exposicoes.abc.org.br\/100anos\/academico\/aristides-azevedo-pacheco-leao\/#breadcrumb"},"inLanguage":"pt-BR","potentialAction":[{"@type":"ReadAction","target":["https:\/\/exposicoes.abc.org.br\/100anos\/academico\/aristides-azevedo-pacheco-leao\/"]}]},{"@type":"ImageObject","inLanguage":"pt-BR","@id":"https:\/\/exposicoes.abc.org.br\/100anos\/academico\/aristides-azevedo-pacheco-leao\/#primaryimage","url":"https:\/\/exposicoes.abc.org.br\/100anos\/wp-content\/uploads\/2026\/01\/aristides-hero.png","contentUrl":"https:\/\/exposicoes.abc.org.br\/100anos\/wp-content\/uploads\/2026\/01\/aristides-hero.png","width":334,"height":552},{"@type":"BreadcrumbList","@id":"https:\/\/exposicoes.abc.org.br\/100anos\/academico\/aristides-azevedo-pacheco-leao\/#breadcrumb","itemListElement":[{"@type":"ListItem","position":1,"name":"In\u00edcio","item":"https:\/\/exposicoes.abc.org.br\/100anos\/"},{"@type":"ListItem","position":2,"name":"Aristides Azevedo Pacheco Le\u00e3o"}]},{"@type":"WebSite","@id":"https:\/\/exposicoes.abc.org.br\/100anos\/#website","url":"https:\/\/exposicoes.abc.org.br\/100anos\/","name":"Cem Anos de Ci\u00eancia","description":"","publisher":{"@id":"https:\/\/exposicoes.abc.org.br\/100anos\/#organization"},"potentialAction":[{"@type":"SearchAction","target":{"@type":"EntryPoint","urlTemplate":"https:\/\/exposicoes.abc.org.br\/100anos\/?s={search_term_string}"},"query-input":{"@type":"PropertyValueSpecification","valueRequired":true,"valueName":"search_term_string"}}],"inLanguage":"pt-BR"},{"@type":"Organization","@id":"https:\/\/exposicoes.abc.org.br\/100anos\/#organization","name":"Academia Brasileira de Ci\u00eancias","url":"https:\/\/exposicoes.abc.org.br\/100anos\/","logo":{"@type":"ImageObject","inLanguage":"pt-BR","@id":"https:\/\/exposicoes.abc.org.br\/100anos\/#\/schema\/logo\/image\/","url":"https:\/\/exposicoes.abc.org.br\/100anos\/wp-content\/uploads\/2025\/12\/logo-100-abc.png","contentUrl":"https:\/\/exposicoes.abc.org.br\/100anos\/wp-content\/uploads\/2025\/12\/logo-100-abc.png","width":511,"height":116,"caption":"Academia Brasileira de Ci\u00eancias"},"image":{"@id":"https:\/\/exposicoes.abc.org.br\/100anos\/#\/schema\/logo\/image\/"}}]}},"_links":{"self":[{"href":"https:\/\/exposicoes.abc.org.br\/100anos\/wp-json\/wp\/v2\/academico\/465","targetHints":{"allow":["GET"]}}],"collection":[{"href":"https:\/\/exposicoes.abc.org.br\/100anos\/wp-json\/wp\/v2\/academico"}],"about":[{"href":"https:\/\/exposicoes.abc.org.br\/100anos\/wp-json\/wp\/v2\/types\/academico"}],"version-history":[{"count":1,"href":"https:\/\/exposicoes.abc.org.br\/100anos\/wp-json\/wp\/v2\/academico\/465\/revisions"}],"predecessor-version":[{"id":469,"href":"https:\/\/exposicoes.abc.org.br\/100anos\/wp-json\/wp\/v2\/academico\/465\/revisions\/469"}],"wp:featuredmedia":[{"embeddable":true,"href":"https:\/\/exposicoes.abc.org.br\/100anos\/wp-json\/wp\/v2\/media\/466"}],"wp:attachment":[{"href":"https:\/\/exposicoes.abc.org.br\/100anos\/wp-json\/wp\/v2\/media?parent=465"}],"wp:term":[{"taxonomy":"periodo-de-presidencia","embeddable":true,"href":"https:\/\/exposicoes.abc.org.br\/100anos\/wp-json\/wp\/v2\/periodo-de-presidencia?post=465"},{"taxonomy":"periodo-de-vida","embeddable":true,"href":"https:\/\/exposicoes.abc.org.br\/100anos\/wp-json\/wp\/v2\/periodo-de-vida?post=465"},{"taxonomy":"tipo-de-academico","embeddable":true,"href":"https:\/\/exposicoes.abc.org.br\/100anos\/wp-json\/wp\/v2\/tipo-de-academico?post=465"}],"curies":[{"name":"wp","href":"https:\/\/api.w.org\/{rel}","templated":true}]}}