{"id":459,"date":"2026-01-15T15:34:20","date_gmt":"2026-01-15T18:34:20","guid":{"rendered":"https:\/\/exposicoes.abc.org.br\/100anos\/?post_type=academico&#038;p=459"},"modified":"2026-01-15T15:34:39","modified_gmt":"2026-01-15T18:34:39","slug":"carlos-chagas-filho","status":"publish","type":"academico","link":"https:\/\/exposicoes.abc.org.br\/100anos\/academico\/carlos-chagas-filho\/","title":{"rendered":"Carlos Chagas Filho"},"content":{"rendered":"\n<div class=\"wp-block-columns is-layout-flex wp-container-core-columns-is-layout-9d6595d7 wp-block-columns-is-layout-flex\">\n<div class=\"wp-block-column is-layout-flow wp-block-column-is-layout-flow\">\n<h2 class=\"wp-block-heading\">Sobre o Presidente<\/h2>\n\n\n\n<p>Nasceu no Rio de Janeiro, em 1910, um ano ap\u00f3s a descoberta da doen\u00e7a de Chagas, feito que transformou Carlos Chagas, seu pai, em um dos maiores cientistas brasileiros. Estudou na Faculdade Nacional de Medicina, da qual tamb\u00e9m foi professor. Completou a forma\u00e7\u00e3o no Instituto Oswaldo Cruz e na Universidade de Paris, especializando-se em biof\u00edsica, farmacologia e diferencia\u00e7\u00e3o celular. Na Universidade do Brasil, fundou o Instituto de Biof\u00edsica, que hoje leva seu nome. Adotou o peixe el\u00e9trico como modelo de estudo neurofisiol\u00f3gico em suas pesquisas e, a partir delas, contribuiu para o melhor entendimento dos mecanismos de transmiss\u00e3o neuromuscular em seres vivos. Ingressou na ABC em 1941, assumiu a vice-presid\u00eancia entre 1951 e 1953 e foi eleito presidente para o bi\u00eanio 1965-1967. Durante sua gest\u00e3o, conseguiu a promulga\u00e7\u00e3o da lei que autorizava o Poder Executivo a doar para a ABC Obriga\u00e7\u00f5es Reajust\u00e1veis do Tesouro Nacional. Foi membro da Academia Brasileira de Letras, embaixador do Brasil junto \u00e0 Unesco e presidente da Academia de Ci\u00eancias do Vaticano.&nbsp;<\/p>\n<\/div>\n\n\n\n<div class=\"wp-block-column is-layout-flow wp-block-column-is-layout-flow\">\n<figure class=\"wp-block-image size-full\"><img loading=\"lazy\" decoding=\"async\" width=\"546\" height=\"610\" src=\"https:\/\/exposicoes.abc.org.br\/100anos\/wp-content\/uploads\/2026\/01\/chagas-01.png\" alt=\"\" class=\"wp-image-461\" srcset=\"https:\/\/exposicoes.abc.org.br\/100anos\/wp-content\/uploads\/2026\/01\/chagas-01.png 546w, https:\/\/exposicoes.abc.org.br\/100anos\/wp-content\/uploads\/2026\/01\/chagas-01-269x300.png 269w\" sizes=\"auto, (max-width: 546px) 100vw, 546px\" \/><figcaption class=\"wp-element-caption\">chagas filho na xiii confer\u00eancia geral da unesco, realizada em paris em 1964. &#8211; acervo abc<\/figcaption><\/figure>\n<\/div>\n<\/div>\n\n\n\n<div style=\"height:100px\" aria-hidden=\"true\" class=\"wp-block-spacer\"><\/div>\n\n\n\n<hr class=\"wp-block-separator has-alpha-channel-opacity\"\/>\n\n\n\n<div style=\"height:100px\" aria-hidden=\"true\" class=\"wp-block-spacer\"><\/div>\n\n\n\n<h2 class=\"wp-block-heading\">Pesquisa de qualidade na universidade<\/h2>\n\n\n\n<p>Filho de um expoente da ci\u00eancia brasileira, Carlos Chagas Filho recebeu uma heran\u00e7a cient\u00edfica de peso. No entanto, seguiu trajet\u00f3ria diferente da do pai, privilegiando a carreira acad\u00eamica na universidade e assumindo posi\u00e7\u00f5es importantes em organismos nacionais e internacionais. &nbsp;<br><br>Ao criar, em 1945, o Instituto de Biof\u00edsica na ent\u00e3o Universidade do Brasil, o cientista inaugurou a tradi\u00e7\u00e3o de pesquisa na universidade brasileira e estabeleceu novos padr\u00f5es profissionais para a pr\u00e1tica cient\u00edfica no pa\u00eds.<br><br>O instituto tinha um perfil inovador para a \u00e9poca. Caracterizado pela articula\u00e7\u00e3o entre pesquisa e doc\u00eancia, pelo regime de trabalho em tempo integral, pela possibilidade de ascens\u00e3o na carreira via titula\u00e7\u00e3o e pelo intenso interc\u00e2mbio cient\u00edfico com outras institui\u00e7\u00f5es, tornou-se uma refer\u00eancia para os centros fundados posteriormente.<br>Outra marca do instituto foi a \u00eanfase na ci\u00eancia b\u00e1sica e o estabelecimento de linhas de pesquisa calcadas em objetos nacionais, como o peixe-el\u00e9trico e o curare \u2013 subst\u00e2ncia com a\u00e7\u00e3o farmacol\u00f3gica extra\u00edda de esp\u00e9cies vegetais da Amaz\u00f4nia.&nbsp;<br><br>Legitimava, assim, tanto a produ\u00e7\u00e3o do conhecimento pelo conhecimento quanto a import\u00e2ncia de uma ci\u00eancia nacional e de qualidade, ideais que defendeu ao longo da carreira, inclusive como presidente da ABC e como representante de outros \u00f3rg\u00e3os nacionais voltados \u00e0 ci\u00eancia.&nbsp;<br><br>Paralelamente \u00e0s iniciativas desenvolvidas nas institui\u00e7\u00f5es brasileiras, Chagas Filho teve uma atua\u00e7\u00e3o pol\u00edtica importante junto a organiza\u00e7\u00f5es internacionais. Destacam-se, nessa esfera, sua posi\u00e7\u00e3o como embaixador do Brasil junto \u00e0 Organiza\u00e7\u00e3o das Na\u00e7\u00f5es Unidas para Educa\u00e7\u00e3o, Ci\u00eancia e Cultura (Unesco) e a nomea\u00e7\u00e3o, pelo Papa Paulo VI, como presidente da Pontif\u00edcia Academia de Ci\u00eancias, no Vaticano, cargo em que defendeu a aproxima\u00e7\u00e3o entre f\u00e9 e ci\u00eancia.&nbsp;<\/p>\n\n\n\n<div style=\"height:100px\" aria-hidden=\"true\" class=\"wp-block-spacer\"><\/div>\n\n\n\n<div class=\"wp-block-columns is-layout-flex wp-container-core-columns-is-layout-9d6595d7 wp-block-columns-is-layout-flex\">\n<div class=\"wp-block-column is-layout-flow wp-block-column-is-layout-flow\">\n<figure class=\"wp-block-image size-large\"><img loading=\"lazy\" decoding=\"async\" width=\"1024\" height=\"614\" src=\"https:\/\/exposicoes.abc.org.br\/100anos\/wp-content\/uploads\/2026\/01\/chagas-02-1024x614.png\" alt=\"\" class=\"wp-image-462\" srcset=\"https:\/\/exposicoes.abc.org.br\/100anos\/wp-content\/uploads\/2026\/01\/chagas-02-1024x614.png 1024w, https:\/\/exposicoes.abc.org.br\/100anos\/wp-content\/uploads\/2026\/01\/chagas-02-300x180.png 300w, https:\/\/exposicoes.abc.org.br\/100anos\/wp-content\/uploads\/2026\/01\/chagas-02-768x460.png 768w, https:\/\/exposicoes.abc.org.br\/100anos\/wp-content\/uploads\/2026\/01\/chagas-02.png 1116w\" sizes=\"auto, (max-width: 1024px) 100vw, 1024px\" \/><figcaption class=\"wp-element-caption\">uma das paix\u00f5es do cientista: a ornitologia. apesar de n\u00e3o ser sua \u00e1rea de expertise, pacheco le\u00e3o dedicava o tempo livre \u00e0 observa\u00e7\u00e3o dos p\u00e1ssaros. &#8211; wikimedia commons ( juniorgirotto e pedro del vale)<br>artigo que descreve a depress\u00e3o alastrante de le\u00e3o, publicado no journal of neurophysiology em 1944. &#8211; reprodu\u00e7\u00e3o\/ le\u00e3o aap. spreading depression of activity in the cerebral cortex. jneurophysiol 7: 359\u2013390, 1944.<\/figcaption><\/figure>\n<\/div>\n<\/div>\n\n\n\n<div style=\"height:100px\" aria-hidden=\"true\" class=\"wp-block-spacer\"><\/div>\n","protected":false},"excerpt":{"rendered":"<p>Sobre o Presidente Nasceu no Rio de Janeiro, em 1910, um ano ap\u00f3s a descoberta da doen\u00e7a de Chagas, feito que transformou Carlos Chagas, seu pai, em um dos maiores cientistas brasileiros. Estudou na Faculdade Nacional de Medicina, da qual tamb\u00e9m foi professor. Completou a forma\u00e7\u00e3o no Instituto Oswaldo Cruz e na Universidade de Paris,&#8230;<\/p>\n","protected":false},"featured_media":460,"parent":0,"template":"","meta":{"_acf_changed":false,"footnotes":""},"periodo-de-presidencia":[45],"periodo-de-vida":[46],"tipo-de-academico":[3],"class_list":["post-459","academico","type-academico","status-publish","has-post-thumbnail","hentry","periodo-de-presidencia-1965-1967","periodo-de-vida-1910-2000","tipo-de-academico-presidentes-da-abc"],"acf":[],"yoast_head":"<!-- This site is optimized with the Yoast SEO plugin v26.8 - https:\/\/yoast.com\/product\/yoast-seo-wordpress\/ -->\n<title>Carlos Chagas Filho | Cem Anos de Ci\u00eancia<\/title>\n<meta name=\"robots\" content=\"index, follow, max-snippet:-1, max-image-preview:large, max-video-preview:-1\" \/>\n<link rel=\"canonical\" href=\"https:\/\/exposicoes.abc.org.br\/100anos\/academico\/carlos-chagas-filho\/\" \/>\n<meta property=\"og:locale\" content=\"pt_BR\" \/>\n<meta property=\"og:type\" content=\"article\" \/>\n<meta property=\"og:title\" content=\"Carlos Chagas Filho | Cem Anos de Ci\u00eancia\" \/>\n<meta property=\"og:description\" content=\"Sobre o Presidente Nasceu no Rio de Janeiro, em 1910, um ano ap\u00f3s a descoberta da doen\u00e7a de Chagas, feito que transformou Carlos Chagas, seu pai, em um dos maiores cientistas brasileiros. Estudou na Faculdade Nacional de Medicina, da qual tamb\u00e9m foi professor. Completou a forma\u00e7\u00e3o no Instituto Oswaldo Cruz e na Universidade de Paris,...\" \/>\n<meta property=\"og:url\" content=\"https:\/\/exposicoes.abc.org.br\/100anos\/academico\/carlos-chagas-filho\/\" \/>\n<meta property=\"og:site_name\" content=\"Cem Anos de Ci\u00eancia\" \/>\n<meta property=\"article:modified_time\" content=\"2026-01-15T18:34:39+00:00\" \/>\n<meta property=\"og:image\" content=\"https:\/\/exposicoes.abc.org.br\/100anos\/wp-content\/uploads\/2026\/01\/chagas-hero.png\" \/>\n\t<meta property=\"og:image:width\" content=\"334\" \/>\n\t<meta property=\"og:image:height\" content=\"552\" \/>\n\t<meta property=\"og:image:type\" content=\"image\/png\" \/>\n<meta name=\"twitter:card\" content=\"summary_large_image\" \/>\n<meta name=\"twitter:label1\" content=\"Est. tempo de leitura\" \/>\n\t<meta name=\"twitter:data1\" content=\"3 minutos\" \/>\n<script type=\"application\/ld+json\" class=\"yoast-schema-graph\">{\"@context\":\"https:\/\/schema.org\",\"@graph\":[{\"@type\":\"WebPage\",\"@id\":\"https:\/\/exposicoes.abc.org.br\/100anos\/academico\/carlos-chagas-filho\/\",\"url\":\"https:\/\/exposicoes.abc.org.br\/100anos\/academico\/carlos-chagas-filho\/\",\"name\":\"Carlos Chagas Filho | Cem Anos de Ci\u00eancia\",\"isPartOf\":{\"@id\":\"https:\/\/exposicoes.abc.org.br\/100anos\/#website\"},\"primaryImageOfPage\":{\"@id\":\"https:\/\/exposicoes.abc.org.br\/100anos\/academico\/carlos-chagas-filho\/#primaryimage\"},\"image\":{\"@id\":\"https:\/\/exposicoes.abc.org.br\/100anos\/academico\/carlos-chagas-filho\/#primaryimage\"},\"thumbnailUrl\":\"https:\/\/exposicoes.abc.org.br\/100anos\/wp-content\/uploads\/2026\/01\/chagas-hero.png\",\"datePublished\":\"2026-01-15T18:34:20+00:00\",\"dateModified\":\"2026-01-15T18:34:39+00:00\",\"breadcrumb\":{\"@id\":\"https:\/\/exposicoes.abc.org.br\/100anos\/academico\/carlos-chagas-filho\/#breadcrumb\"},\"inLanguage\":\"pt-BR\",\"potentialAction\":[{\"@type\":\"ReadAction\",\"target\":[\"https:\/\/exposicoes.abc.org.br\/100anos\/academico\/carlos-chagas-filho\/\"]}]},{\"@type\":\"ImageObject\",\"inLanguage\":\"pt-BR\",\"@id\":\"https:\/\/exposicoes.abc.org.br\/100anos\/academico\/carlos-chagas-filho\/#primaryimage\",\"url\":\"https:\/\/exposicoes.abc.org.br\/100anos\/wp-content\/uploads\/2026\/01\/chagas-hero.png\",\"contentUrl\":\"https:\/\/exposicoes.abc.org.br\/100anos\/wp-content\/uploads\/2026\/01\/chagas-hero.png\",\"width\":334,\"height\":552},{\"@type\":\"BreadcrumbList\",\"@id\":\"https:\/\/exposicoes.abc.org.br\/100anos\/academico\/carlos-chagas-filho\/#breadcrumb\",\"itemListElement\":[{\"@type\":\"ListItem\",\"position\":1,\"name\":\"In\u00edcio\",\"item\":\"https:\/\/exposicoes.abc.org.br\/100anos\/\"},{\"@type\":\"ListItem\",\"position\":2,\"name\":\"Carlos Chagas Filho\"}]},{\"@type\":\"WebSite\",\"@id\":\"https:\/\/exposicoes.abc.org.br\/100anos\/#website\",\"url\":\"https:\/\/exposicoes.abc.org.br\/100anos\/\",\"name\":\"Cem Anos de Ci\u00eancia\",\"description\":\"\",\"publisher\":{\"@id\":\"https:\/\/exposicoes.abc.org.br\/100anos\/#organization\"},\"potentialAction\":[{\"@type\":\"SearchAction\",\"target\":{\"@type\":\"EntryPoint\",\"urlTemplate\":\"https:\/\/exposicoes.abc.org.br\/100anos\/?s={search_term_string}\"},\"query-input\":{\"@type\":\"PropertyValueSpecification\",\"valueRequired\":true,\"valueName\":\"search_term_string\"}}],\"inLanguage\":\"pt-BR\"},{\"@type\":\"Organization\",\"@id\":\"https:\/\/exposicoes.abc.org.br\/100anos\/#organization\",\"name\":\"Academia Brasileira de Ci\u00eancias\",\"url\":\"https:\/\/exposicoes.abc.org.br\/100anos\/\",\"logo\":{\"@type\":\"ImageObject\",\"inLanguage\":\"pt-BR\",\"@id\":\"https:\/\/exposicoes.abc.org.br\/100anos\/#\/schema\/logo\/image\/\",\"url\":\"https:\/\/exposicoes.abc.org.br\/100anos\/wp-content\/uploads\/2025\/12\/logo-100-abc.png\",\"contentUrl\":\"https:\/\/exposicoes.abc.org.br\/100anos\/wp-content\/uploads\/2025\/12\/logo-100-abc.png\",\"width\":511,\"height\":116,\"caption\":\"Academia Brasileira de Ci\u00eancias\"},\"image\":{\"@id\":\"https:\/\/exposicoes.abc.org.br\/100anos\/#\/schema\/logo\/image\/\"}}]}<\/script>\n<!-- \/ Yoast SEO plugin. -->","yoast_head_json":{"title":"Carlos Chagas Filho | Cem Anos de Ci\u00eancia","robots":{"index":"index","follow":"follow","max-snippet":"max-snippet:-1","max-image-preview":"max-image-preview:large","max-video-preview":"max-video-preview:-1"},"canonical":"https:\/\/exposicoes.abc.org.br\/100anos\/academico\/carlos-chagas-filho\/","og_locale":"pt_BR","og_type":"article","og_title":"Carlos Chagas Filho | Cem Anos de Ci\u00eancia","og_description":"Sobre o Presidente Nasceu no Rio de Janeiro, em 1910, um ano ap\u00f3s a descoberta da doen\u00e7a de Chagas, feito que transformou Carlos Chagas, seu pai, em um dos maiores cientistas brasileiros. Estudou na Faculdade Nacional de Medicina, da qual tamb\u00e9m foi professor. Completou a forma\u00e7\u00e3o no Instituto Oswaldo Cruz e na Universidade de Paris,...","og_url":"https:\/\/exposicoes.abc.org.br\/100anos\/academico\/carlos-chagas-filho\/","og_site_name":"Cem Anos de Ci\u00eancia","article_modified_time":"2026-01-15T18:34:39+00:00","og_image":[{"width":334,"height":552,"url":"https:\/\/exposicoes.abc.org.br\/100anos\/wp-content\/uploads\/2026\/01\/chagas-hero.png","type":"image\/png"}],"twitter_card":"summary_large_image","twitter_misc":{"Est. tempo de leitura":"3 minutos"},"schema":{"@context":"https:\/\/schema.org","@graph":[{"@type":"WebPage","@id":"https:\/\/exposicoes.abc.org.br\/100anos\/academico\/carlos-chagas-filho\/","url":"https:\/\/exposicoes.abc.org.br\/100anos\/academico\/carlos-chagas-filho\/","name":"Carlos Chagas Filho | Cem Anos de Ci\u00eancia","isPartOf":{"@id":"https:\/\/exposicoes.abc.org.br\/100anos\/#website"},"primaryImageOfPage":{"@id":"https:\/\/exposicoes.abc.org.br\/100anos\/academico\/carlos-chagas-filho\/#primaryimage"},"image":{"@id":"https:\/\/exposicoes.abc.org.br\/100anos\/academico\/carlos-chagas-filho\/#primaryimage"},"thumbnailUrl":"https:\/\/exposicoes.abc.org.br\/100anos\/wp-content\/uploads\/2026\/01\/chagas-hero.png","datePublished":"2026-01-15T18:34:20+00:00","dateModified":"2026-01-15T18:34:39+00:00","breadcrumb":{"@id":"https:\/\/exposicoes.abc.org.br\/100anos\/academico\/carlos-chagas-filho\/#breadcrumb"},"inLanguage":"pt-BR","potentialAction":[{"@type":"ReadAction","target":["https:\/\/exposicoes.abc.org.br\/100anos\/academico\/carlos-chagas-filho\/"]}]},{"@type":"ImageObject","inLanguage":"pt-BR","@id":"https:\/\/exposicoes.abc.org.br\/100anos\/academico\/carlos-chagas-filho\/#primaryimage","url":"https:\/\/exposicoes.abc.org.br\/100anos\/wp-content\/uploads\/2026\/01\/chagas-hero.png","contentUrl":"https:\/\/exposicoes.abc.org.br\/100anos\/wp-content\/uploads\/2026\/01\/chagas-hero.png","width":334,"height":552},{"@type":"BreadcrumbList","@id":"https:\/\/exposicoes.abc.org.br\/100anos\/academico\/carlos-chagas-filho\/#breadcrumb","itemListElement":[{"@type":"ListItem","position":1,"name":"In\u00edcio","item":"https:\/\/exposicoes.abc.org.br\/100anos\/"},{"@type":"ListItem","position":2,"name":"Carlos Chagas Filho"}]},{"@type":"WebSite","@id":"https:\/\/exposicoes.abc.org.br\/100anos\/#website","url":"https:\/\/exposicoes.abc.org.br\/100anos\/","name":"Cem Anos de Ci\u00eancia","description":"","publisher":{"@id":"https:\/\/exposicoes.abc.org.br\/100anos\/#organization"},"potentialAction":[{"@type":"SearchAction","target":{"@type":"EntryPoint","urlTemplate":"https:\/\/exposicoes.abc.org.br\/100anos\/?s={search_term_string}"},"query-input":{"@type":"PropertyValueSpecification","valueRequired":true,"valueName":"search_term_string"}}],"inLanguage":"pt-BR"},{"@type":"Organization","@id":"https:\/\/exposicoes.abc.org.br\/100anos\/#organization","name":"Academia Brasileira de Ci\u00eancias","url":"https:\/\/exposicoes.abc.org.br\/100anos\/","logo":{"@type":"ImageObject","inLanguage":"pt-BR","@id":"https:\/\/exposicoes.abc.org.br\/100anos\/#\/schema\/logo\/image\/","url":"https:\/\/exposicoes.abc.org.br\/100anos\/wp-content\/uploads\/2025\/12\/logo-100-abc.png","contentUrl":"https:\/\/exposicoes.abc.org.br\/100anos\/wp-content\/uploads\/2025\/12\/logo-100-abc.png","width":511,"height":116,"caption":"Academia Brasileira de Ci\u00eancias"},"image":{"@id":"https:\/\/exposicoes.abc.org.br\/100anos\/#\/schema\/logo\/image\/"}}]}},"_links":{"self":[{"href":"https:\/\/exposicoes.abc.org.br\/100anos\/wp-json\/wp\/v2\/academico\/459","targetHints":{"allow":["GET"]}}],"collection":[{"href":"https:\/\/exposicoes.abc.org.br\/100anos\/wp-json\/wp\/v2\/academico"}],"about":[{"href":"https:\/\/exposicoes.abc.org.br\/100anos\/wp-json\/wp\/v2\/types\/academico"}],"version-history":[{"count":2,"href":"https:\/\/exposicoes.abc.org.br\/100anos\/wp-json\/wp\/v2\/academico\/459\/revisions"}],"predecessor-version":[{"id":464,"href":"https:\/\/exposicoes.abc.org.br\/100anos\/wp-json\/wp\/v2\/academico\/459\/revisions\/464"}],"wp:featuredmedia":[{"embeddable":true,"href":"https:\/\/exposicoes.abc.org.br\/100anos\/wp-json\/wp\/v2\/media\/460"}],"wp:attachment":[{"href":"https:\/\/exposicoes.abc.org.br\/100anos\/wp-json\/wp\/v2\/media?parent=459"}],"wp:term":[{"taxonomy":"periodo-de-presidencia","embeddable":true,"href":"https:\/\/exposicoes.abc.org.br\/100anos\/wp-json\/wp\/v2\/periodo-de-presidencia?post=459"},{"taxonomy":"periodo-de-vida","embeddable":true,"href":"https:\/\/exposicoes.abc.org.br\/100anos\/wp-json\/wp\/v2\/periodo-de-vida?post=459"},{"taxonomy":"tipo-de-academico","embeddable":true,"href":"https:\/\/exposicoes.abc.org.br\/100anos\/wp-json\/wp\/v2\/tipo-de-academico?post=459"}],"curies":[{"name":"wp","href":"https:\/\/api.w.org\/{rel}","templated":true}]}}